{"id":2477,"date":"2022-05-18T16:25:55","date_gmt":"2022-05-18T14:25:55","guid":{"rendered":"https:\/\/voile-escalade.com\/vertigoblue\/?page_id=2477"},"modified":"2024-11-25T17:55:20","modified_gmt":"2024-11-25T16:55:20","slug":"grecevoileescalade","status":"publish","type":"page","link":"https:\/\/voile-escalade.com\/vertigoblue\/grecevoileescalade\/","title":{"rendered":"Gr\u00e8ce Voile Escalade"},"content":{"rendered":"<p>[et_pb_section fb_built=\u00a0\u00bb1&Prime; fullwidth=\u00a0\u00bbon\u00a0\u00bb _builder_version=\u00a0\u00bb4.16&Prime; global_colors_info=\u00a0\u00bb{}\u00a0\u00bb][et_pb_fullwidth_header title=\u00a0\u00bbGr\u00e8ce &#8211; Voile &#038; Escalade\u00a0\u00bb subhead=\u00a0\u00bbMars\/Avril et Octobre\/Novembre\u00a0\u00bb text_orientation=\u00a0\u00bbcenter\u00a0\u00bb button_one_url=\u00a0\u00bb#destinations-corse\u00a0\u00bb button_two_url=\u00a0\u00bb#destinationseurope\u00a0\u00bb _builder_version=\u00a0\u00bb4.16&Prime; title_font=\u00a0\u00bb|700|||||||\u00a0\u00bb subhead_font_size=\u00a0\u00bb22px\u00a0\u00bb background_enable_color=\u00a0\u00bboff\u00a0\u00bb background_image=\u00a0\u00bbhttps:\/\/voile-escalade.com\/vertigoblue\/wp-content\/uploads\/2022\/05\/Leonidio-baie-2.jpg\u00a0\u00bb global_colors_info=\u00a0\u00bb{}\u00a0\u00bb][\/et_pb_fullwidth_header][\/et_pb_section][et_pb_section fb_built=\u00a0\u00bb1&Prime; custom_padding_last_edited=\u00a0\u00bbon|tablet\u00a0\u00bb admin_label=\u00a0\u00bbImage sejour gr\u00e9ce voile escalade\u00a0\u00bb _builder_version=\u00a0\u00bb4.16&Prime; custom_padding=\u00a0\u00bb59px||29px|||\u00a0\u00bb custom_padding_tablet=\u00a0\u00bb60px|||\u00a0\u00bb custom_padding_phone=\u00a0\u00bb\u00a0\u00bb global_colors_info=\u00a0\u00bb{}\u00a0\u00bb][et_pb_row column_structure=\u00a0\u00bb1_2,1_2&Prime; _builder_version=\u00a0\u00bb4.16&Prime; global_colors_info=\u00a0\u00bb{}\u00a0\u00bb][et_pb_column type=\u00a0\u00bb1_2&Prime; _builder_version=\u00a0\u00bb4.16&Prime; global_colors_info=\u00a0\u00bb{}\u00a0\u00bb][et_pb_image src=\u00a0\u00bbhttps:\/\/voile-escalade.com\/vertigoblue\/wp-content\/uploads\/2022\/05\/ancelin-falaise.jpg\u00a0\u00bb align=\u00a0\u00bbright\u00a0\u00bb _builder_version=\u00a0\u00bb4.16&Prime; global_colors_info=\u00a0\u00bb{}\u00a0\u00bb][\/et_pb_image][\/et_pb_column][et_pb_column type=\u00a0\u00bb1_2&Prime; _builder_version=\u00a0\u00bb4.16&Prime; global_colors_info=\u00a0\u00bb{}\u00a0\u00bb][et_pb_image src=\u00a0\u00bbhttps:\/\/voile-escalade.com\/vertigoblue\/wp-content\/uploads\/2022\/05\/nav-grece.jpg\u00a0\u00bb _builder_version=\u00a0\u00bb4.16&Prime; global_colors_info=\u00a0\u00bb{}\u00a0\u00bb][\/et_pb_image][\/et_pb_column][\/et_pb_row][\/et_pb_section][et_pb_section fb_built=\u00a0\u00bb1&Prime; custom_padding_last_edited=\u00a0\u00bbon|tablet\u00a0\u00bb admin_label=\u00a0\u00bbGr\u00e9ce Voile Escalade d\u00e9tails \u00a0\u00bb module_id=\u00a0\u00bbdestinationseurope\u00a0\u00bb module_class=\u00a0\u00bbdc_inverser_colonnes-section\u00a0\u00bb _builder_version=\u00a0\u00bb4.16&Prime; custom_padding=\u00a0\u00bb59px||29px|||\u00a0\u00bb custom_padding_tablet=\u00a0\u00bb60px|||\u00a0\u00bb custom_padding_phone=\u00a0\u00bb\u00a0\u00bb global_colors_info=\u00a0\u00bb{}\u00a0\u00bb][et_pb_row column_structure=\u00a0\u00bb1_2,1_2&Prime; admin_label=\u00a0\u00bbprogramme\u00a0\u00bb module_id=\u00a0\u00bbdestinationssardaigne\u00a0\u00bb _builder_version=\u00a0\u00bb4.16&Prime; background_size=\u00a0\u00bbinitial\u00a0\u00bb background_position=\u00a0\u00bbtop_left\u00a0\u00bb background_repeat=\u00a0\u00bbrepeat\u00a0\u00bb module_alignment=\u00a0\u00bbcenter\u00a0\u00bb global_colors_info=\u00a0\u00bb{}\u00a0\u00bb][et_pb_column type=\u00a0\u00bb1_2&Prime; _builder_version=\u00a0\u00bb4.16&Prime; custom_padding=\u00a0\u00bb|||\u00a0\u00bb global_colors_info=\u00a0\u00bb{}\u00a0\u00bb custom_padding__hover=\u00a0\u00bb|||\u00a0\u00bb][et_pb_text admin_label=\u00a0\u00bbTitre programme\u00a0\u00bb _builder_version=\u00a0\u00bb4.16&Prime; text_font=\u00a0\u00bb||||\u00a0\u00bb text_text_color=\u00a0\u00bb#1a1a1a\u00a0\u00bb header_font=\u00a0\u00bbOswald|on||on|\u00a0\u00bb header_text_align=\u00a0\u00bbleft\u00a0\u00bb header_font_size=\u00a0\u00bb44px\u00a0\u00bb header_line_height=\u00a0\u00bb1.3em\u00a0\u00bb background_size=\u00a0\u00bbinitial\u00a0\u00bb background_position=\u00a0\u00bbtop_left\u00a0\u00bb background_repeat=\u00a0\u00bbrepeat\u00a0\u00bb max_width=\u00a0\u00bb450px\u00a0\u00bb custom_margin=\u00a0\u00bb|||\u00a0\u00bb custom_padding=\u00a0\u00bb|||\u00a0\u00bb animation_style=\u00a0\u00bbslide\u00a0\u00bb animation_direction=\u00a0\u00bbtop\u00a0\u00bb animation_intensity_slide=\u00a0\u00bb10%\u00a0\u00bb header_font_size_tablet=\u00a0\u00bb39px\u00a0\u00bb header_font_size_phone=\u00a0\u00bb35px\u00a0\u00bb header_font_size_last_edited=\u00a0\u00bbon|phone\u00a0\u00bb locked=\u00a0\u00bboff\u00a0\u00bb global_colors_info=\u00a0\u00bb{}\u00a0\u00bb]<\/p>\n<h1>Le Programme <\/h1>\n<p>[\/et_pb_text][et_pb_divider color=\u00a0\u00bb#0c71c3&Prime; divider_position=\u00a0\u00bbcenter\u00a0\u00bb divider_weight=\u00a0\u00bb3px\u00a0\u00bb disabled_on=\u00a0\u00bboff|off|off%22&Prime; admin_label=\u00a0\u00bbS\u00e9parateur\u00a0\u00bb _builder_version=\u00a0\u00bb4.16&Prime; max_width=\u00a0\u00bb150px\u00a0\u00bb height=\u00a0\u00bbfalse\u00a0\u00bb custom_margin=\u00a0\u00bb30px|||\u00a0\u00bb animation_style=\u00a0\u00bbslide\u00a0\u00bb animation_direction=\u00a0\u00bbtop\u00a0\u00bb animation_delay=\u00a0\u00bb100ms\u00a0\u00bb animation_intensity_slide=\u00a0\u00bb10%\u00a0\u00bb locked=\u00a0\u00bboff\u00a0\u00bb global_colors_info=\u00a0\u00bb{}\u00a0\u00bb][\/et_pb_divider][et_pb_text admin_label=\u00a0\u00bbTexte programme \u00a0\u00bb _builder_version=\u00a0\u00bb4.20.2&Prime; text_font=\u00a0\u00bbRoboto|300|||||||\u00a0\u00bb text_font_size=\u00a0\u00bb16px\u00a0\u00bb text_line_height=\u00a0\u00bb1.9em\u00a0\u00bb background_size=\u00a0\u00bbinitial\u00a0\u00bb background_position=\u00a0\u00bbtop_left\u00a0\u00bb background_repeat=\u00a0\u00bbrepeat\u00a0\u00bb max_width=\u00a0\u00bb450px\u00a0\u00bb custom_margin=\u00a0\u00bb17px||2px|||\u00a0\u00bb custom_padding=\u00a0\u00bb||0px|||\u00a0\u00bb animation_style=\u00a0\u00bbslide\u00a0\u00bb animation_direction=\u00a0\u00bbtop\u00a0\u00bb animation_delay=\u00a0\u00bb400ms\u00a0\u00bb animation_intensity_slide=\u00a0\u00bb4%\u00a0\u00bb hover_enabled=\u00a0\u00bb0&Prime; locked=\u00a0\u00bboff\u00a0\u00bb global_colors_info=\u00a0\u00bb{}\u00a0\u00bb sticky_enabled=\u00a0\u00bb0&Prime;]<\/p>\n<p><strong>Mettez les voiles avec nous en direction de la c\u00f4te Est du P\u00e9loponn\u00e8se<\/strong>, et d\u00e9couvrez le <strong>golfe Argolique<\/strong> en mode sportif : Tant\u00f4t depuis la mer en vous initiant ou vous perfectionnant \u00e0 la pratique de la voile \u00e0 bord d&rsquo;un Oceanis 390 ; tant\u00f4t depuis la terre, en partant \u00e0 la d\u00e9couverte des falaises du bord de mer pour apprendre l\u2019escalade en site naturel.<\/p>\n<p>Au sein d\u2019un petit groupe encadr\u00e9 par des guides passionn\u00e9s, nous partons<strong> au gr\u00e9 des vents et de la m\u00e9t\u00e9o rejoindre les plus belles falaises du coin.<\/strong><\/p>\n<p>Pour toute la dur\u00e9e du s\u00e9jour, vous \u00eates h\u00e9berg\u00e9s et vivez \u00e0 bord du voilier. Le programme alterne entre journ\u00e9es de navigations et sessions d\u2019escalade en falaise.<\/p>\n<p>Ouvert \u00e0 tous les niveaux, public sportif et dynamique. Aucun niveau minimal en voile n\u2019est n\u00e9cessaire. Le session d&rsquo;escalade se font en autonomie (possibilit\u00e9 de contracter une guide local). Savoir ouvrir et assurer en s\u00e9curit\u00e9 dans son niveau est n\u00e9cessaire pour pouvoir profiter des sessions autonomes.<\/p>\n<p>Une bonne condition physique est n\u00e9cessaire pour participer \u00e0 ce s\u00e9jour.<\/p>\n<p>[\/et_pb_text][\/et_pb_column][et_pb_column type=\u00a0\u00bb1_2&Prime; _builder_version=\u00a0\u00bb4.16&Prime; global_colors_info=\u00a0\u00bb{}\u00a0\u00bb][et_pb_text admin_label=\u00a0\u00bbTexte infos cl\u00e9s\u00a0\u00bb _builder_version=\u00a0\u00bb4.20.2&Prime; background_color=\u00a0\u00bb#6fc8ce\u00a0\u00bb custom_padding=\u00a0\u00bb||0px|21px||\u00a0\u00bb global_colors_info=\u00a0\u00bb{}\u00a0\u00bb]<\/p>\n<h4>\u00a0<\/h4>\n<h4 style=\"text-align: center;\"><span style=\"text-decoration: underline;\"><strong>Infos Cl\u00e9s<\/strong><\/span><\/h4>\n<ul>\n<li style=\"text-align: left;\">\n<h5>S\u00e9jours de 7 jours<\/h5>\n<\/li>\n<li style=\"text-align: left;\">\n<h5>Printemps et automne<\/h5>\n<\/li>\n<li style=\"text-align: left;\">\n<h5>1425\u20ac par personne (nourriture non comprise)<\/h5>\n<\/li>\n<li style=\"text-align: left;\">\n<h5>Privatisation 5700\u20ac<br \/>(nourriture non comprise)<\/h5>\n<\/li>\n<li style=\"text-align: left;\">\n<h5>Niveau voile: d\u00e9butant \u00e0 initi\u00e9 \/ rythme mod\u00e9r\u00e9<\/h5>\n<\/li>\n<li>\n<h5><strong>Niveau escalade souhait\u00e9:<br \/>ouvrir et assurer en s\u00e9curit\u00e9<br \/><\/strong>(\u00c9quivalent passeport vert FFME)<\/h5>\n<\/li>\n<li style=\"text-align: left;\">\n<h5>Groupe de 4 \u00e0 6 personnes maximum<\/h5>\n<\/li>\n<li style=\"text-align: left;\">\n<h5>H\u00e9bergement \u00e0 bord du voilier, en cabine partag\u00e9e<\/h5>\n<\/li>\n<li style=\"text-align: left;\">\n<h5>Repas pr\u00e9par\u00e9s \u00e0 bord<\/h5>\n<\/li>\n<\/ul>\n<p>[\/et_pb_text][et_pb_text admin_label=\u00a0\u00bbTexte terrain de jeu\u00a0\u00bb _builder_version=\u00a0\u00bb4.16&Prime; background_color=\u00a0\u00bb#6fc8ce\u00a0\u00bb custom_padding=\u00a0\u00bb|19px|0px|21px||\u00a0\u00bb global_colors_info=\u00a0\u00bb{}\u00a0\u00bb]<\/p>\n<h4>\u00a0<\/h4>\n<h4 style=\"text-align: center;\"><span style=\"text-decoration: underline;\"><strong>Le Terrain de jeu<br \/><\/strong><\/span><\/h4>\n<p style=\"text-align: center;\"><strong>le Golfe Argolique<br \/><\/strong><\/p>\n<ul>\n<li style=\"text-align: left;\">\n<h5>Port de d\u00e9part: Nafplio<\/h5>\n<\/li>\n<li style=\"text-align: left;\">\n<h5>Les immense falaises de Leonidio<\/h5>\n<\/li>\n<li style=\"text-align: left;\">\n<h5>Les baies de Karathona, Tolo et Kondili beach<\/h5>\n<\/li>\n<li style=\"text-align: left;\">\n<h5>Kiparissi<\/h5>\n<\/li>\n<\/ul>\n<p>[\/et_pb_text][et_pb_button button_url=\u00a0\u00bbhttps:\/\/voile-escalade.com\/vertigoblue\/contact\/\u00a0\u00bb url_new_window=\u00a0\u00bbon\u00a0\u00bb button_text=\u00a0\u00bbPoser une option \/ R\u00e9server\u00a0\u00bb button_alignment=\u00a0\u00bbcenter\u00a0\u00bb admin_label=\u00a0\u00bbBouton reserver option\u00a0\u00bb _builder_version=\u00a0\u00bb4.16&Prime; global_colors_info=\u00a0\u00bb{}\u00a0\u00bb][\/et_pb_button][et_pb_button button_url=\u00a0\u00bbhttps:\/\/voile-escalade.com\/vertigoblue\/prochains-departs\/\u00a0\u00bb url_new_window=\u00a0\u00bbon\u00a0\u00bb button_text=\u00a0\u00bbdates &#038; tarifs\u00a0\u00bb button_alignment=\u00a0\u00bbcenter\u00a0\u00bb _builder_version=\u00a0\u00bb4.16&Prime; global_colors_info=\u00a0\u00bb{}\u00a0\u00bb][\/et_pb_button][\/et_pb_column][\/et_pb_row][et_pb_row _builder_version=\u00a0\u00bb4.16&Prime; global_colors_info=\u00a0\u00bb{}\u00a0\u00bb][et_pb_column type=\u00a0\u00bb4_4&Prime; _builder_version=\u00a0\u00bb4.16&Prime; global_colors_info=\u00a0\u00bb{}\u00a0\u00bb][et_pb_image src=\u00a0\u00bbhttps:\/\/voile-escalade.com\/vertigoblue\/wp-content\/uploads\/2022\/05\/Ancelin-Douvari.jpg\u00a0\u00bb _builder_version=\u00a0\u00bb4.16&Prime; global_colors_info=\u00a0\u00bb{}\u00a0\u00bb][\/et_pb_image][\/et_pb_column][\/et_pb_row][et_pb_row column_structure=\u00a0\u00bb1_2,1_2&Prime; disabled_on=\u00a0\u00bboff|off|off\u00a0\u00bb admin_label=\u00a0\u00bbItineraire titre\u00a0\u00bb module_id=\u00a0\u00bb#destinations-sicile\u00a0\u00bb module_class=\u00a0\u00bbdc_inverser_colonnes-ligne\u00a0\u00bb _builder_version=\u00a0\u00bb4.16&Prime; background_size=\u00a0\u00bbinitial\u00a0\u00bb background_position=\u00a0\u00bbtop_left\u00a0\u00bb background_repeat=\u00a0\u00bbrepeat\u00a0\u00bb module_alignment=\u00a0\u00bbcenter\u00a0\u00bb global_colors_info=\u00a0\u00bb{}\u00a0\u00bb][et_pb_column type=\u00a0\u00bb1_2&Prime; _builder_version=\u00a0\u00bb4.16&Prime; custom_padding=\u00a0\u00bb|||\u00a0\u00bb global_colors_info=\u00a0\u00bb{}\u00a0\u00bb custom_padding__hover=\u00a0\u00bb|||\u00a0\u00bb][et_pb_text admin_label=\u00a0\u00bbtitre itin\u00e9raire\u00a0\u00bb _builder_version=\u00a0\u00bb4.16&Prime; text_font=\u00a0\u00bb||||\u00a0\u00bb text_text_color=\u00a0\u00bb#1a1a1a\u00a0\u00bb header_font=\u00a0\u00bbOswald|on||on|\u00a0\u00bb header_text_align=\u00a0\u00bbleft\u00a0\u00bb header_font_size=\u00a0\u00bb44px\u00a0\u00bb header_line_height=\u00a0\u00bb1.3em\u00a0\u00bb background_size=\u00a0\u00bbinitial\u00a0\u00bb background_position=\u00a0\u00bbtop_left\u00a0\u00bb background_repeat=\u00a0\u00bbrepeat\u00a0\u00bb max_width=\u00a0\u00bb450px\u00a0\u00bb custom_margin=\u00a0\u00bb|||\u00a0\u00bb custom_padding=\u00a0\u00bb|||\u00a0\u00bb animation_style=\u00a0\u00bbslide\u00a0\u00bb animation_direction=\u00a0\u00bbtop\u00a0\u00bb animation_intensity_slide=\u00a0\u00bb10%\u00a0\u00bb header_font_size_tablet=\u00a0\u00bb39px\u00a0\u00bb header_font_size_phone=\u00a0\u00bb35px\u00a0\u00bb header_font_size_last_edited=\u00a0\u00bbon|phone\u00a0\u00bb locked=\u00a0\u00bboff\u00a0\u00bb global_colors_info=\u00a0\u00bb{}\u00a0\u00bb]<\/p>\n<h1>L&rsquo;Itin\u00e9raire<\/h1>\n<p>[\/et_pb_text][et_pb_divider color=\u00a0\u00bb#0c71c3&Prime; divider_position=\u00a0\u00bbcenter\u00a0\u00bb divider_weight=\u00a0\u00bb3px\u00a0\u00bb disabled_on=\u00a0\u00bboff|off|off%22&Prime; admin_label=\u00a0\u00bbS\u00e9parateur\u00a0\u00bb _builder_version=\u00a0\u00bb4.16&Prime; max_width=\u00a0\u00bb150px\u00a0\u00bb height=\u00a0\u00bbfalse\u00a0\u00bb custom_margin=\u00a0\u00bb30px|||\u00a0\u00bb animation_style=\u00a0\u00bbslide\u00a0\u00bb animation_direction=\u00a0\u00bbtop\u00a0\u00bb animation_delay=\u00a0\u00bb100ms\u00a0\u00bb animation_intensity_slide=\u00a0\u00bb10%\u00a0\u00bb locked=\u00a0\u00bboff\u00a0\u00bb global_colors_info=\u00a0\u00bb{}\u00a0\u00bb][\/et_pb_divider][\/et_pb_column][et_pb_column type=\u00a0\u00bb1_2&Prime; _builder_version=\u00a0\u00bb4.16&Prime; global_colors_info=\u00a0\u00bb{}\u00a0\u00bb][\/et_pb_column][\/et_pb_row][et_pb_row _builder_version=\u00a0\u00bb4.16&Prime; width=\u00a0\u00bb100%\u00a0\u00bb global_colors_info=\u00a0\u00bb{}\u00a0\u00bb][et_pb_column type=\u00a0\u00bb4_4&Prime; _builder_version=\u00a0\u00bb4.16&Prime; global_colors_info=\u00a0\u00bb{}\u00a0\u00bb][et_pb_text admin_label=\u00a0\u00bbTexte itin\u00e9raire\u00a0\u00bb _builder_version=\u00a0\u00bb4.16&Prime; text_font=\u00a0\u00bbRoboto|300|||||||\u00a0\u00bb text_font_size=\u00a0\u00bb16px\u00a0\u00bb global_colors_info=\u00a0\u00bb{}\u00a0\u00bb]<\/p>\n<p>Le golfe Argolique repr\u00e9sente un terrain de jeu particuli\u00e8rement adapt\u00e9 pour m\u00ealer la pratique de la voile \u00e0 celle de l\u2019escalade, avec de nombreuses falaises en bord de mer diss\u00e9min\u00e9es sur la c\u00f4te Est et sur la c\u00f4te Ouest. Cette derni\u00e8re offre l\u2019un des plus grands spots de grimpe de Gr\u00e8ce, <strong>Leonidio<\/strong>. Des milliers de voies parfaitement \u00e9quip\u00e9es vous y attendent.<\/p>\n<p>Le d\u00e9part se fait depuis <strong>Nafplio<\/strong>, ce qui permet de se rendre c\u00f4t\u00e9 Est dans la belle baie de <strong>Karathona<\/strong>, contourn\u00e9e de plusieurs falaises\u00a0; ainsi que dans le paisible golfe de<strong> Vivari<\/strong>, qui abrite la petite falaise de <strong>Kondili beach<\/strong>, litt\u00e9ralement pos\u00e9e sur la plage.<br \/>Vers l\u2019Ouest, les innombrables falaises de <strong>Leonidio<\/strong> et de <strong>Kiparissi<\/strong> nous attendent, \u00e0 peu de distance de jolis petits ports de p\u00eacheurs ou de mouillages aux paysages extraordinaires.<\/p>\n<p>Les journ\u00e9es \u00e0 bord du voilier sont consacr\u00e9es \u00e0 l\u2019apprentissage des <strong>man\u0153uvres<\/strong> et de la <strong>navigation<\/strong>.<\/p>\n<p>Lors des escales, la diversit\u00e9 et la<strong> grande qualit\u00e9 des falaises <\/strong>(souvent presque trop adh\u00e9rentes\u00a0!) nous ouvre des perspectives de grimpe multiples, et pour tous les niveaux.<\/p>\n<p>[\/et_pb_text][\/et_pb_column][\/et_pb_row][et_pb_row column_structure=\u00a0\u00bb1_2,1_2&Prime; disabled_on=\u00a0\u00bboff|off|off\u00a0\u00bb admin_label=\u00a0\u00bbAu jour le jour titre\u00a0\u00bb module_id=\u00a0\u00bb#destinations-sicile\u00a0\u00bb module_class=\u00a0\u00bbdc_inverser_colonnes-ligne\u00a0\u00bb _builder_version=\u00a0\u00bb4.16&Prime; background_size=\u00a0\u00bbinitial\u00a0\u00bb background_position=\u00a0\u00bbtop_left\u00a0\u00bb background_repeat=\u00a0\u00bbrepeat\u00a0\u00bb module_alignment=\u00a0\u00bbcenter\u00a0\u00bb global_colors_info=\u00a0\u00bb{}\u00a0\u00bb][et_pb_column type=\u00a0\u00bb1_2&Prime; _builder_version=\u00a0\u00bb4.16&Prime; custom_padding=\u00a0\u00bb|||\u00a0\u00bb global_colors_info=\u00a0\u00bb{}\u00a0\u00bb custom_padding__hover=\u00a0\u00bb|||\u00a0\u00bb][et_pb_text admin_label=\u00a0\u00bbtitre au jour le jour\u00a0\u00bb _builder_version=\u00a0\u00bb4.16&Prime; text_font=\u00a0\u00bb||||\u00a0\u00bb text_text_color=\u00a0\u00bb#1a1a1a\u00a0\u00bb header_font=\u00a0\u00bbOswald|on||on|\u00a0\u00bb header_text_align=\u00a0\u00bbleft\u00a0\u00bb header_font_size=\u00a0\u00bb44px\u00a0\u00bb header_line_height=\u00a0\u00bb1.3em\u00a0\u00bb background_size=\u00a0\u00bbinitial\u00a0\u00bb background_position=\u00a0\u00bbtop_left\u00a0\u00bb background_repeat=\u00a0\u00bbrepeat\u00a0\u00bb max_width=\u00a0\u00bb450px\u00a0\u00bb custom_margin=\u00a0\u00bb|||\u00a0\u00bb custom_padding=\u00a0\u00bb|||\u00a0\u00bb animation_style=\u00a0\u00bbslide\u00a0\u00bb animation_direction=\u00a0\u00bbtop\u00a0\u00bb animation_intensity_slide=\u00a0\u00bb10%\u00a0\u00bb header_font_size_tablet=\u00a0\u00bb39px\u00a0\u00bb header_font_size_phone=\u00a0\u00bb35px\u00a0\u00bb header_font_size_last_edited=\u00a0\u00bbon|phone\u00a0\u00bb locked=\u00a0\u00bboff\u00a0\u00bb global_colors_info=\u00a0\u00bb{}\u00a0\u00bb]<\/p>\n<h1>Au jour le jour<\/h1>\n<p>[\/et_pb_text][et_pb_divider color=\u00a0\u00bb#0c71c3&Prime; divider_position=\u00a0\u00bbcenter\u00a0\u00bb divider_weight=\u00a0\u00bb3px\u00a0\u00bb disabled_on=\u00a0\u00bboff|off|off%22&Prime; admin_label=\u00a0\u00bbS\u00e9parateur\u00a0\u00bb _builder_version=\u00a0\u00bb4.16&Prime; max_width=\u00a0\u00bb150px\u00a0\u00bb height=\u00a0\u00bbfalse\u00a0\u00bb custom_margin=\u00a0\u00bb30px|||\u00a0\u00bb animation_style=\u00a0\u00bbslide\u00a0\u00bb animation_direction=\u00a0\u00bbtop\u00a0\u00bb animation_delay=\u00a0\u00bb100ms\u00a0\u00bb animation_intensity_slide=\u00a0\u00bb10%\u00a0\u00bb locked=\u00a0\u00bboff\u00a0\u00bb global_colors_info=\u00a0\u00bb{}\u00a0\u00bb][\/et_pb_divider][\/et_pb_column][et_pb_column type=\u00a0\u00bb1_2&Prime; _builder_version=\u00a0\u00bb4.16&Prime; global_colors_info=\u00a0\u00bb{}\u00a0\u00bb][\/et_pb_column][\/et_pb_row][et_pb_row _builder_version=\u00a0\u00bb4.16&Prime; width=\u00a0\u00bb100%\u00a0\u00bb global_colors_info=\u00a0\u00bb{}\u00a0\u00bb][et_pb_column type=\u00a0\u00bb4_4&Prime; _builder_version=\u00a0\u00bb4.16&Prime; global_colors_info=\u00a0\u00bb{}\u00a0\u00bb][et_pb_text admin_label=\u00a0\u00bbTexte au jour le jour\u00a0\u00bb _builder_version=\u00a0\u00bb4.16&Prime; text_font=\u00a0\u00bbRoboto|300|||||||\u00a0\u00bb text_font_size=\u00a0\u00bb16px\u00a0\u00bb global_colors_info=\u00a0\u00bb{}\u00a0\u00bb]<\/p>\n<p>Les journ\u00e9es d\u00e9marrent vers 9 heures et se terminent vers 18 heures. <strong>En navigation comme en falaise, le temps est d\u00e9di\u00e9 au maximum \u00e0 la pratique<\/strong>, sans oublier quelques points d\u2019apports th\u00e9oriques essentiels pour progresser.<\/p>\n<p><strong>Un programme p\u00e9dagogique est mis en place par Andrea au d\u00e9but du s\u00e9jour<\/strong> en fonction du niveau et des attentes de chacun.<\/p>\n<p><strong>Voici un exemple de programme et d&rsquo;itin\u00e9raire :<br \/><\/strong><\/p>\n<p><strong><em>J1\u00a0:<\/em><\/strong> Accueil \u00e0 bord du voilier \u00e0 partir de 19h, au port de Nafplio. Ap\u00e9ritif de bienvenue, installation \u00e0 bord et point sur le programme de la semaine.<\/p>\n<p><strong><em>J2\u00a0:<\/em><\/strong> D\u00e9part du port direction\u00a0: la Baie de Karathona, \u00e0 petite distance au sud du port. Cette petite navigation sera l\u2019occasion de vous familiariser avec le bateau et de commencer \u00e0 d\u00e9couvrir la beaut\u00e9 du Golfe Argolique. Nous jetons l\u2019ancre devant la plage, pour d\u00e9barquer \u00e0 l\u2019aide de l\u2019annexe avec notre mat\u00e9riel d\u2019escalade pour la journ\u00e9e. Une petite marche d\u2019une vingtaine de minutes seulement est n\u00e9cessaire pour rejoindre la falaise qui surplombe la baie. Pique-nique au pied des voies et rythme d\u00e9tendu pour cette premi\u00e8re journ\u00e9e en autonomie, sur un secteur id\u00e9al pour se mettre en confiance\u00a0: \u00e9quipement irr\u00e9prochable et quantit\u00e9 de jolies voies dans le 5<sup>e<\/sup> et 6<sup>e<\/sup> degr\u00e9.<\/p>\n<p>En fin d\u2019apr\u00e8s-midi, retour au bateau pour un ap\u00e9ro et un d\u00eener seuls au monde au milieu de la baie.<\/p>\n<p><strong><em>J3:<\/em><\/strong> \u00a0Aujourd\u2019hui, une belle journ\u00e9e de navigation nous attend. Apr\u00e8s un petit d\u00e9jeuner copieux, nous levons l\u2019ancre et hissons les voiles direction\u00a0: Sampatiki. Une vingtaine de milles \u00e0 parcourir pour nous rendre de l\u2019autre c\u00f4t\u00e9 du Golfe Argolique. Cela nous laissera le temps de vous faire tourner aux diff\u00e9rents postes de conduite du bateau (gouvernail, r\u00e9glage des voiles, suivi de la m\u00e9t\u00e9o et de la carte marine). D\u00e9jeuner en navigation.<\/p>\n<p>Arriv\u00e9e au port en fin d\u2019apr\u00e8s-midi, nous nous amarrons au milieu des petits bateaux de p\u00eacheurs traditionnels. Pour les plus courageux, petite baignade revigorante sur la plage juste en face du port avant le coucher du soleil. D\u00eener \u00e0 bord du bateau et nuit au port.<\/p>\n<p><strong><em>J4:<\/em><\/strong> Ce matin, nous retrouvons Simon, guide d\u2019escalade passionn\u00e9 et passionnant, qui nous emm\u00e8ne grimper sur l\u2019un des tr\u00e8s nombreux secteurs de Leonidio. Choisi par lui en fonction du niveau du groupe et de la m\u00e9t\u00e9o du jour, il saura vous coacher pour vous amener doucement \u00e0 vous d\u00e9passer, tout en profitant d\u2019un rocher exceptionnel et d\u2019une vue \u00e0 couper le souffle. Une bonne dose d\u2019\u00e9nergie sera n\u00e9cessaire pour profiter pleinement de cette journ\u00e9e. Pique-nique le midi, au pied des voies. Possibilit\u00e9 de d\u00eener au restaurant le soir, dans une taverne grecque traditionnelle, avant de regagner le bateau au port de Sampatiki.<\/p>\n<p><strong><em>J5\u00a0:<\/em><\/strong> Deuxi\u00e8me journ\u00e9e d\u2019escalade sur les falaises de Leonidio. Le programme et le secteur d\u00e9pendront de la journ\u00e9e de la veille et des attentes du groupe.<\/p>\n<p><strong><em>J6\u00a0:<\/em><\/strong> \u00a0D\u00e9part du port t\u00f4t le matin pour profiter d\u2019une belle journ\u00e9e de navigation en direction de la petite baie de Vivari. Au programme de cette journ\u00e9e\u00a0: pratiquer le plus possible pour que chacun commence \u00e0 se sentir \u00e0 l\u2019aise avec le bateau. Nuit au mouillage.<\/p>\n<p><strong><em>J7:<\/em><\/strong> \u00a0D\u00e9part de Vivari pour rentrer \u00e0 Nafplio. Bilan de la semaine \u00e0 l\u2019arriv\u00e9e puis, pour ceux qui le souhaitent, une derni\u00e8re session grimpe est possible sur un secteur \u00e0 une petite demi-heure de marche du port, en autonomie. Programme alternatif\u00a0: mont\u00e9e \u00e0 la forteresse de Nafplio. Le soir, organisation libre pour chacun, rangement des affaires et d\u00eener au restaurant. D\u00e9barquement le lendemain matin \u00e0 8 heures.<\/p>\n<p>&nbsp;<\/p>\n<p>[\/et_pb_text][\/et_pb_column][\/et_pb_row][et_pb_row column_structure=\u00a0\u00bb1_2,1_2&Prime; admin_label=\u00a0\u00bbtitre equipe\u00a0\u00bb module_id=\u00a0\u00bbdestinationssicile\u00a0\u00bb module_class=\u00a0\u00bbdc_inverser_colonnes-ligne\u00a0\u00bb _builder_version=\u00a0\u00bb4.16&Prime; background_size=\u00a0\u00bbinitial\u00a0\u00bb background_position=\u00a0\u00bbtop_left\u00a0\u00bb background_repeat=\u00a0\u00bbrepeat\u00a0\u00bb module_alignment=\u00a0\u00bbcenter\u00a0\u00bb global_colors_info=\u00a0\u00bb{}\u00a0\u00bb][et_pb_column type=\u00a0\u00bb1_2&Prime; _builder_version=\u00a0\u00bb4.16&Prime; custom_padding=\u00a0\u00bb|||\u00a0\u00bb global_colors_info=\u00a0\u00bb{}\u00a0\u00bb custom_padding__hover=\u00a0\u00bb|||\u00a0\u00bb][et_pb_text admin_label=\u00a0\u00bbTitre equipe\u00a0\u00bb _builder_version=\u00a0\u00bb4.16&Prime; text_font=\u00a0\u00bb||||\u00a0\u00bb text_text_color=\u00a0\u00bb#1a1a1a\u00a0\u00bb header_font=\u00a0\u00bbOswald|on||on|\u00a0\u00bb header_text_align=\u00a0\u00bbleft\u00a0\u00bb header_font_size=\u00a0\u00bb44px\u00a0\u00bb header_line_height=\u00a0\u00bb1.3em\u00a0\u00bb background_size=\u00a0\u00bbinitial\u00a0\u00bb background_position=\u00a0\u00bbtop_left\u00a0\u00bb background_repeat=\u00a0\u00bbrepeat\u00a0\u00bb max_width=\u00a0\u00bb450px\u00a0\u00bb custom_margin=\u00a0\u00bb|||\u00a0\u00bb custom_padding=\u00a0\u00bb|||\u00a0\u00bb animation_style=\u00a0\u00bbslide\u00a0\u00bb animation_direction=\u00a0\u00bbtop\u00a0\u00bb animation_intensity_slide=\u00a0\u00bb10%\u00a0\u00bb header_font_size_tablet=\u00a0\u00bb39px\u00a0\u00bb header_font_size_phone=\u00a0\u00bb35px\u00a0\u00bb header_font_size_last_edited=\u00a0\u00bbon|phone\u00a0\u00bb locked=\u00a0\u00bboff\u00a0\u00bb global_colors_info=\u00a0\u00bb{}\u00a0\u00bb]<\/p>\n<h1>L&rsquo;Equipe<\/h1>\n<p>[\/et_pb_text][et_pb_divider color=\u00a0\u00bb#0c71c3&Prime; divider_position=\u00a0\u00bbcenter\u00a0\u00bb divider_weight=\u00a0\u00bb3px\u00a0\u00bb disabled_on=\u00a0\u00bboff|off|off%22&Prime; admin_label=\u00a0\u00bbS\u00e9parateur\u00a0\u00bb _builder_version=\u00a0\u00bb4.16&Prime; max_width=\u00a0\u00bb150px\u00a0\u00bb height=\u00a0\u00bbfalse\u00a0\u00bb custom_margin=\u00a0\u00bb30px|||\u00a0\u00bb animation_style=\u00a0\u00bbslide\u00a0\u00bb animation_direction=\u00a0\u00bbtop\u00a0\u00bb animation_delay=\u00a0\u00bb100ms\u00a0\u00bb animation_intensity_slide=\u00a0\u00bb10%\u00a0\u00bb locked=\u00a0\u00bboff\u00a0\u00bb global_colors_info=\u00a0\u00bb{}\u00a0\u00bb][\/et_pb_divider][\/et_pb_column][et_pb_column type=\u00a0\u00bb1_2&Prime; _builder_version=\u00a0\u00bb4.16&Prime; global_colors_info=\u00a0\u00bb{}\u00a0\u00bb][\/et_pb_column][\/et_pb_row][et_pb_row column_structure=\u00a0\u00bb1_2,1_2&Prime; admin_label=\u00a0\u00bbequipe andrea et sarah\u00a0\u00bb module_id=\u00a0\u00bbdestinationscorse\u00a0\u00bb _builder_version=\u00a0\u00bb4.16&Prime; background_size=\u00a0\u00bbinitial\u00a0\u00bb background_position=\u00a0\u00bbtop_left\u00a0\u00bb background_repeat=\u00a0\u00bbrepeat\u00a0\u00bb module_alignment=\u00a0\u00bbcenter\u00a0\u00bb global_colors_info=\u00a0\u00bb{}\u00a0\u00bb][et_pb_column type=\u00a0\u00bb1_2&Prime; _builder_version=\u00a0\u00bb4.16&Prime; custom_padding=\u00a0\u00bb|||\u00a0\u00bb global_colors_info=\u00a0\u00bb{}\u00a0\u00bb custom_padding__hover=\u00a0\u00bb|||\u00a0\u00bb][et_pb_image src=\u00a0\u00bbhttps:\/\/voile-escalade.com\/vertigoblue\/wp-content\/uploads\/2020\/12\/grande-voie-calanques-de-marseille.jpg\u00a0\u00bb _builder_version=\u00a0\u00bb4.16&Prime; global_colors_info=\u00a0\u00bb{}\u00a0\u00bb][\/et_pb_image][\/et_pb_column][et_pb_column type=\u00a0\u00bb1_2&Prime; _builder_version=\u00a0\u00bb4.16&Prime; global_colors_info=\u00a0\u00bb{}\u00a0\u00bb][et_pb_text _builder_version=\u00a0\u00bb4.16&Prime; global_colors_info=\u00a0\u00bb{}\u00a0\u00bb]<\/p>\n<h2><strong>Andrea et Sarah<\/strong><\/h2>\n<h2><strong>Formateur et monitrice de voile<\/strong><\/h2>\n<p>[\/et_pb_text][et_pb_text admin_label=\u00a0\u00bbTexte equipe \u00a0\u00bb _builder_version=\u00a0\u00bb4.16&Prime; text_font=\u00a0\u00bbRoboto|300|||||||\u00a0\u00bb text_font_size=\u00a0\u00bb16px\u00a0\u00bb text_line_height=\u00a0\u00bb1.9em\u00a0\u00bb background_size=\u00a0\u00bbinitial\u00a0\u00bb background_position=\u00a0\u00bbtop_left\u00a0\u00bb background_repeat=\u00a0\u00bbrepeat\u00a0\u00bb max_width=\u00a0\u00bb450px\u00a0\u00bb custom_margin=\u00a0\u00bb17px||2px|||\u00a0\u00bb custom_padding=\u00a0\u00bb||0px|||\u00a0\u00bb animation_style=\u00a0\u00bbslide\u00a0\u00bb animation_direction=\u00a0\u00bbtop\u00a0\u00bb animation_delay=\u00a0\u00bb400ms\u00a0\u00bb animation_intensity_slide=\u00a0\u00bb4%\u00a0\u00bb locked=\u00a0\u00bboff\u00a0\u00bb global_colors_info=\u00a0\u00bb{}\u00a0\u00bb]<\/p>\n<p>Originaire d&rsquo;Ancona, sur la c\u00f4te Est de l&rsquo;Italie au bord de l&rsquo;Adriatique, <strong>Andrea<\/strong> s&rsquo;est form\u00e9 \u00e0 la voile en M\u00e9diterran\u00e9e, principalement en Corse du Sud. Depuis 2014 il a encadr\u00e9 une bonne\u00a0 soixantaine de stages de voile en croisi\u00e8re, entre France, Italie et Croatie, et form\u00e9 de futurs moniteurs \u00e0 la pratique et \u00e0 l&rsquo;enseignement de la voile.<\/p>\n<p><strong>Sarah<\/strong> est monitrice de voile depuis 2017. Elle s&rsquo;est form\u00e9 et a enseign\u00e9 \u00e0 Bonifacio, en Corse du Sud, o\u00f9 elle a ensuite \u00e9t\u00e9 assistante administrative de son \u00e9cole de voile pendant deux ans.<\/p>\n<p>&nbsp;<\/p>\n<p>[\/et_pb_text][\/et_pb_column][\/et_pb_row][et_pb_row column_structure=\u00a0\u00bb1_2,1_2&Prime; disabled_on=\u00a0\u00bbon|on|on\u00a0\u00bb admin_label=\u00a0\u00bbequipe Simon Montmory\u00a0\u00bb module_id=\u00a0\u00bbdestinationscorse\u00a0\u00bb module_class=\u00a0\u00bbdc_inverser_colonnes-ligne\u00a0\u00bb _builder_version=\u00a0\u00bb4.20.2&Prime; background_size=\u00a0\u00bbinitial\u00a0\u00bb background_position=\u00a0\u00bbtop_left\u00a0\u00bb background_repeat=\u00a0\u00bbrepeat\u00a0\u00bb module_alignment=\u00a0\u00bbcenter\u00a0\u00bb disabled=\u00a0\u00bbon\u00a0\u00bb global_colors_info=\u00a0\u00bb{}\u00a0\u00bb][et_pb_column type=\u00a0\u00bb1_2&Prime; _builder_version=\u00a0\u00bb4.16&Prime; custom_padding=\u00a0\u00bb|||\u00a0\u00bb global_colors_info=\u00a0\u00bb{}\u00a0\u00bb custom_padding__hover=\u00a0\u00bb|||\u00a0\u00bb][et_pb_text _builder_version=\u00a0\u00bb4.16&Prime; global_colors_info=\u00a0\u00bb{}\u00a0\u00bb]<\/p>\n<h2><strong>Simon<\/strong><\/h2>\n<h2><strong>Moniteur d&rsquo;escalade<\/strong><\/h2>\n<p>[\/et_pb_text][et_pb_text admin_label=\u00a0\u00bbTexte equipe \u00a0\u00bb _builder_version=\u00a0\u00bb4.16&Prime; text_font=\u00a0\u00bbRoboto|300|||||||\u00a0\u00bb text_font_size=\u00a0\u00bb16px\u00a0\u00bb text_line_height=\u00a0\u00bb1.9em\u00a0\u00bb background_size=\u00a0\u00bbinitial\u00a0\u00bb background_position=\u00a0\u00bbtop_left\u00a0\u00bb background_repeat=\u00a0\u00bbrepeat\u00a0\u00bb max_width=\u00a0\u00bb450px\u00a0\u00bb custom_margin=\u00a0\u00bb17px||2px|||\u00a0\u00bb custom_padding=\u00a0\u00bb||0px|||\u00a0\u00bb animation_style=\u00a0\u00bbslide\u00a0\u00bb animation_direction=\u00a0\u00bbtop\u00a0\u00bb animation_delay=\u00a0\u00bb400ms\u00a0\u00bb animation_intensity_slide=\u00a0\u00bb4%\u00a0\u00bb locked=\u00a0\u00bboff\u00a0\u00bb global_colors_info=\u00a0\u00bb{}\u00a0\u00bb]<\/p>\n<p>dipl\u00f4m\u00e9 d\u2019\u00e9tat en France depuis 2005. (BEES escalade-canyon) Apr\u00e8s des ann\u00e9es d\u2019alpinisme \u00e0 Chamonix, Simon s\u2019est d\u00e9di\u00e9 \u00e0 l\u2019escalade sportive et en a fait son mode de vie. Son envie de libert\u00e9 et sa recherche constante des plus belles lignes \u00e0 grimper l\u2019ont emmen\u00e9 en Chine, en France, en Italie, en Espagne, au Canada et en Suisse.<br \/>D\u00e8s son arriv\u00e9e en Gr\u00e8ce, Simon a su qu\u2019il avait trouv\u00e9 l\u2019endroit parfait pour vivre sa passion de grimpeur et d\u2019\u00e9quipeur.<br \/>Chaque ann\u00e9e il partage sa passion avec des grimpeurs du monde entier qui viennent profiter de son exp\u00e9rience. Simon les aide \u00e0 progresser tout en se faisant plaisir dans les plus belles voies.<\/p>\n<p>[\/et_pb_text][\/et_pb_column][et_pb_column type=\u00a0\u00bb1_2&Prime; _builder_version=\u00a0\u00bb4.16&Prime; global_colors_info=\u00a0\u00bb{}\u00a0\u00bb][et_pb_image src=\u00a0\u00bbhttps:\/\/voile-escalade.com\/vertigoblue\/wp-content\/uploads\/2022\/05\/Simon-Montmory-11.19.jpg\u00a0\u00bb _builder_version=\u00a0\u00bb4.16&Prime; global_colors_info=\u00a0\u00bb{}\u00a0\u00bb][\/et_pb_image][\/et_pb_column][\/et_pb_row][et_pb_row _builder_version=\u00a0\u00bb4.16&Prime; global_colors_info=\u00a0\u00bb{}\u00a0\u00bb][et_pb_column type=\u00a0\u00bb4_4&Prime; _builder_version=\u00a0\u00bb4.16&Prime; global_colors_info=\u00a0\u00bb{}\u00a0\u00bb][et_pb_text _builder_version=\u00a0\u00bb4.16&Prime; text_orientation=\u00a0\u00bbcenter\u00a0\u00bb locked=\u00a0\u00bboff\u00a0\u00bb global_colors_info=\u00a0\u00bb{}\u00a0\u00bb]<\/p>\n<p><strong>Sejour organis\u00e9 en partenariat avec <a href=\"https:\/\/vertikal-voyages.fr\/sejour\/voile-escalade-dans-le-peloponnese\/\">Vertikal Voyages<\/a><\/strong><\/p>\n<p>[\/et_pb_text][\/et_pb_column][\/et_pb_row][et_pb_row column_structure=\u00a0\u00bb1_2,1_2&Prime; _builder_version=\u00a0\u00bb4.16&Prime; global_colors_info=\u00a0\u00bb{}\u00a0\u00bb][et_pb_column type=\u00a0\u00bb1_2&Prime; _builder_version=\u00a0\u00bb4.16&Prime; global_colors_info=\u00a0\u00bb{}\u00a0\u00bb][et_pb_button button_url=\u00a0\u00bbhttps:\/\/voile-escalade.com\/vertigoblue\/contact\/\u00a0\u00bb url_new_window=\u00a0\u00bbon\u00a0\u00bb button_text=\u00a0\u00bbPoser une option \/ R\u00e9server\u00a0\u00bb button_alignment=\u00a0\u00bbcenter\u00a0\u00bb admin_label=\u00a0\u00bbBouton reserver option\u00a0\u00bb _builder_version=\u00a0\u00bb4.16&Prime; global_colors_info=\u00a0\u00bb{}\u00a0\u00bb][\/et_pb_button][\/et_pb_column][et_pb_column type=\u00a0\u00bb1_2&Prime; _builder_version=\u00a0\u00bb4.16&Prime; global_colors_info=\u00a0\u00bb{}\u00a0\u00bb][et_pb_button button_url=\u00a0\u00bbhttps:\/\/voile-escalade.com\/vertigoblue\/prochains-departs\/\u00a0\u00bb url_new_window=\u00a0\u00bbon\u00a0\u00bb button_text=\u00a0\u00bbDates &#038; tarifs\u00a0\u00bb button_alignment=\u00a0\u00bbcenter\u00a0\u00bb admin_label=\u00a0\u00bbBouton dates et tarifs\u00a0\u00bb _builder_version=\u00a0\u00bb4.16&Prime; global_colors_info=\u00a0\u00bb{}\u00a0\u00bb][\/et_pb_button][\/et_pb_column][\/et_pb_row][et_pb_row column_structure=\u00a0\u00bb1_2,1_2&Prime; disabled_on=\u00a0\u00bbon|on|on\u00a0\u00bb admin_label=\u00a0\u00bbInformations pratiques\u00a0\u00bb module_id=\u00a0\u00bb#destinations-sicile\u00a0\u00bb module_class=\u00a0\u00bbdc_inverser_colonnes-ligne\u00a0\u00bb _builder_version=\u00a0\u00bb4.16&Prime; background_size=\u00a0\u00bbinitial\u00a0\u00bb background_position=\u00a0\u00bbtop_left\u00a0\u00bb background_repeat=\u00a0\u00bbrepeat\u00a0\u00bb module_alignment=\u00a0\u00bbcenter\u00a0\u00bb disabled=\u00a0\u00bbon\u00a0\u00bb global_colors_info=\u00a0\u00bb{}\u00a0\u00bb][et_pb_column type=\u00a0\u00bb1_2&Prime; _builder_version=\u00a0\u00bb4.16&Prime; custom_padding=\u00a0\u00bb|||\u00a0\u00bb global_colors_info=\u00a0\u00bb{}\u00a0\u00bb custom_padding__hover=\u00a0\u00bb|||\u00a0\u00bb][et_pb_text admin_label=\u00a0\u00bbtitre autres destinations\u00a0\u00bb _builder_version=\u00a0\u00bb4.16&Prime; text_font=\u00a0\u00bb||||\u00a0\u00bb text_text_color=\u00a0\u00bb#1a1a1a\u00a0\u00bb header_font=\u00a0\u00bbOswald|on||on|\u00a0\u00bb header_text_align=\u00a0\u00bbleft\u00a0\u00bb header_font_size=\u00a0\u00bb44px\u00a0\u00bb header_line_height=\u00a0\u00bb1.3em\u00a0\u00bb background_size=\u00a0\u00bbinitial\u00a0\u00bb background_position=\u00a0\u00bbtop_left\u00a0\u00bb background_repeat=\u00a0\u00bbrepeat\u00a0\u00bb max_width=\u00a0\u00bb450px\u00a0\u00bb custom_margin=\u00a0\u00bb|||\u00a0\u00bb custom_padding=\u00a0\u00bb|||\u00a0\u00bb animation_style=\u00a0\u00bbslide\u00a0\u00bb animation_direction=\u00a0\u00bbtop\u00a0\u00bb animation_intensity_slide=\u00a0\u00bb10%\u00a0\u00bb header_font_size_tablet=\u00a0\u00bb39px\u00a0\u00bb header_font_size_phone=\u00a0\u00bb35px\u00a0\u00bb header_font_size_last_edited=\u00a0\u00bbon|phone\u00a0\u00bb locked=\u00a0\u00bboff\u00a0\u00bb global_colors_info=\u00a0\u00bb{}\u00a0\u00bb]<\/p>\n<h1>Informations pratiques<\/h1>\n<p>[\/et_pb_text][et_pb_divider color=\u00a0\u00bb#0c71c3&Prime; divider_position=\u00a0\u00bbcenter\u00a0\u00bb divider_weight=\u00a0\u00bb3px\u00a0\u00bb disabled_on=\u00a0\u00bboff|off|off%22&Prime; admin_label=\u00a0\u00bbS\u00e9parateur\u00a0\u00bb _builder_version=\u00a0\u00bb4.16&Prime; max_width=\u00a0\u00bb150px\u00a0\u00bb height=\u00a0\u00bbfalse\u00a0\u00bb custom_margin=\u00a0\u00bb30px|||\u00a0\u00bb animation_style=\u00a0\u00bbslide\u00a0\u00bb animation_direction=\u00a0\u00bbtop\u00a0\u00bb animation_delay=\u00a0\u00bb100ms\u00a0\u00bb animation_intensity_slide=\u00a0\u00bb10%\u00a0\u00bb locked=\u00a0\u00bboff\u00a0\u00bb global_colors_info=\u00a0\u00bb{}\u00a0\u00bb][\/et_pb_divider][\/et_pb_column][et_pb_column type=\u00a0\u00bb1_2&Prime; _builder_version=\u00a0\u00bb4.16&Prime; global_colors_info=\u00a0\u00bb{}\u00a0\u00bb][\/et_pb_column][\/et_pb_row][et_pb_row disabled_on=\u00a0\u00bbon|on|on\u00a0\u00bb _builder_version=\u00a0\u00bb4.16&Prime; disabled=\u00a0\u00bbon\u00a0\u00bb global_colors_info=\u00a0\u00bb{}\u00a0\u00bb][et_pb_column type=\u00a0\u00bb4_4&Prime; _builder_version=\u00a0\u00bb4.16&Prime; global_colors_info=\u00a0\u00bb{}\u00a0\u00bb][et_pb_text _builder_version=\u00a0\u00bb4.16&Prime; global_colors_info=\u00a0\u00bb{}\u00a0\u00bb][\/et_pb_text][\/et_pb_column][\/et_pb_row][\/et_pb_section]<\/p>\n","protected":false},"excerpt":{"rendered":"<p>Le Programme Mettez les voiles avec nous en direction de la c\u00f4te Est du P\u00e9loponn\u00e8se, et d\u00e9couvrez le golfe Argolique en mode sportif : Tant\u00f4t depuis la mer en vous initiant ou vous perfectionnant \u00e0 la pratique de la voile \u00e0 bord d&rsquo;un Oceanis 390 ; tant\u00f4t depuis la terre, en partant \u00e0 la d\u00e9couverte [&hellip;]<\/p>\n","protected":false},"author":2,"featured_media":0,"parent":0,"menu_order":0,"comment_status":"closed","ping_status":"closed","template":"","meta":{"_et_pb_use_builder":"on","_et_pb_old_content":"","_et_gb_content_width":""},"yoast_head":"<!-- This site is optimized with the Yoast SEO plugin v20.2.1 - https:\/\/yoast.com\/wordpress\/plugins\/seo\/ -->\n<title>Gr\u00e8ce Voile Escalade - Voile et escalade en M\u00e9diterran\u00e9e<\/title>\n<meta name=\"robots\" content=\"index, follow, max-snippet:-1, max-image-preview:large, max-video-preview:-1\" \/>\n<link rel=\"canonical\" href=\"https:\/\/voile-escalade.com\/vertigoblue\/grecevoileescalade\/\" \/>\n<meta property=\"og:locale\" content=\"fr_FR\" \/>\n<meta property=\"og:type\" content=\"article\" \/>\n<meta property=\"og:title\" content=\"Gr\u00e8ce Voile Escalade - Voile et escalade en M\u00e9diterran\u00e9e\" \/>\n<meta property=\"og:description\" content=\"Le Programme Mettez les voiles avec nous en direction de la c\u00f4te Est du P\u00e9loponn\u00e8se, et d\u00e9couvrez le golfe Argolique en mode sportif : Tant\u00f4t depuis la mer en vous initiant ou vous perfectionnant \u00e0 la pratique de la voile \u00e0 bord d&#039;un Oceanis 390 ; tant\u00f4t depuis la terre, en partant \u00e0 la d\u00e9couverte [&hellip;]\" \/>\n<meta property=\"og:url\" content=\"https:\/\/voile-escalade.com\/vertigoblue\/grecevoileescalade\/\" \/>\n<meta property=\"og:site_name\" content=\"Voile et escalade en M\u00e9diterran\u00e9e\" \/>\n<meta property=\"article:modified_time\" content=\"2024-11-25T16:55:20+00:00\" \/>\n<meta name=\"twitter:card\" content=\"summary_large_image\" \/>\n<meta name=\"twitter:label1\" content=\"Dur\u00e9e de lecture estim\u00e9e\" \/>\n\t<meta name=\"twitter:data1\" content=\"10 minutes\" \/>\n<script type=\"application\/ld+json\" class=\"yoast-schema-graph\">{\"@context\":\"https:\/\/schema.org\",\"@graph\":[{\"@type\":\"WebPage\",\"@id\":\"https:\/\/voile-escalade.com\/vertigoblue\/grecevoileescalade\/\",\"url\":\"https:\/\/voile-escalade.com\/vertigoblue\/grecevoileescalade\/\",\"name\":\"Gr\u00e8ce Voile Escalade - Voile et escalade en M\u00e9diterran\u00e9e\",\"isPartOf\":{\"@id\":\"https:\/\/voile-escalade.com\/vertigoblue\/#website\"},\"datePublished\":\"2022-05-18T14:25:55+00:00\",\"dateModified\":\"2024-11-25T16:55:20+00:00\",\"breadcrumb\":{\"@id\":\"https:\/\/voile-escalade.com\/vertigoblue\/grecevoileescalade\/#breadcrumb\"},\"inLanguage\":\"fr-FR\",\"potentialAction\":[{\"@type\":\"ReadAction\",\"target\":[\"https:\/\/voile-escalade.com\/vertigoblue\/grecevoileescalade\/\"]}]},{\"@type\":\"BreadcrumbList\",\"@id\":\"https:\/\/voile-escalade.com\/vertigoblue\/grecevoileescalade\/#breadcrumb\",\"itemListElement\":[{\"@type\":\"ListItem\",\"position\":1,\"name\":\"Accueil\",\"item\":\"https:\/\/voile-escalade.com\/vertigoblue\/\"},{\"@type\":\"ListItem\",\"position\":2,\"name\":\"Gr\u00e8ce Voile Escalade\"}]},{\"@type\":\"WebSite\",\"@id\":\"https:\/\/voile-escalade.com\/vertigoblue\/#website\",\"url\":\"https:\/\/voile-escalade.com\/vertigoblue\/\",\"name\":\"Voile et escalade en M\u00e9diterran\u00e9e\",\"description\":\"Voyages sportifs voile et escalade\",\"potentialAction\":[{\"@type\":\"SearchAction\",\"target\":{\"@type\":\"EntryPoint\",\"urlTemplate\":\"https:\/\/voile-escalade.com\/vertigoblue\/?s={search_term_string}\"},\"query-input\":\"required name=search_term_string\"}],\"inLanguage\":\"fr-FR\"}]}<\/script>\n<!-- \/ Yoast SEO plugin. -->","yoast_head_json":{"title":"Gr\u00e8ce Voile Escalade - Voile et escalade en M\u00e9diterran\u00e9e","robots":{"index":"index","follow":"follow","max-snippet":"max-snippet:-1","max-image-preview":"max-image-preview:large","max-video-preview":"max-video-preview:-1"},"canonical":"https:\/\/voile-escalade.com\/vertigoblue\/grecevoileescalade\/","og_locale":"fr_FR","og_type":"article","og_title":"Gr\u00e8ce Voile Escalade - Voile et escalade en M\u00e9diterran\u00e9e","og_description":"Le Programme Mettez les voiles avec nous en direction de la c\u00f4te Est du P\u00e9loponn\u00e8se, et d\u00e9couvrez le golfe Argolique en mode sportif : Tant\u00f4t depuis la mer en vous initiant ou vous perfectionnant \u00e0 la pratique de la voile \u00e0 bord d'un Oceanis 390 ; tant\u00f4t depuis la terre, en partant \u00e0 la d\u00e9couverte [&hellip;]","og_url":"https:\/\/voile-escalade.com\/vertigoblue\/grecevoileescalade\/","og_site_name":"Voile et escalade en M\u00e9diterran\u00e9e","article_modified_time":"2024-11-25T16:55:20+00:00","twitter_card":"summary_large_image","twitter_misc":{"Dur\u00e9e de lecture estim\u00e9e":"10 minutes"},"schema":{"@context":"https:\/\/schema.org","@graph":[{"@type":"WebPage","@id":"https:\/\/voile-escalade.com\/vertigoblue\/grecevoileescalade\/","url":"https:\/\/voile-escalade.com\/vertigoblue\/grecevoileescalade\/","name":"Gr\u00e8ce Voile Escalade - Voile et escalade en M\u00e9diterran\u00e9e","isPartOf":{"@id":"https:\/\/voile-escalade.com\/vertigoblue\/#website"},"datePublished":"2022-05-18T14:25:55+00:00","dateModified":"2024-11-25T16:55:20+00:00","breadcrumb":{"@id":"https:\/\/voile-escalade.com\/vertigoblue\/grecevoileescalade\/#breadcrumb"},"inLanguage":"fr-FR","potentialAction":[{"@type":"ReadAction","target":["https:\/\/voile-escalade.com\/vertigoblue\/grecevoileescalade\/"]}]},{"@type":"BreadcrumbList","@id":"https:\/\/voile-escalade.com\/vertigoblue\/grecevoileescalade\/#breadcrumb","itemListElement":[{"@type":"ListItem","position":1,"name":"Accueil","item":"https:\/\/voile-escalade.com\/vertigoblue\/"},{"@type":"ListItem","position":2,"name":"Gr\u00e8ce Voile Escalade"}]},{"@type":"WebSite","@id":"https:\/\/voile-escalade.com\/vertigoblue\/#website","url":"https:\/\/voile-escalade.com\/vertigoblue\/","name":"Voile et escalade en M\u00e9diterran\u00e9e","description":"Voyages sportifs voile et escalade","potentialAction":[{"@type":"SearchAction","target":{"@type":"EntryPoint","urlTemplate":"https:\/\/voile-escalade.com\/vertigoblue\/?s={search_term_string}"},"query-input":"required name=search_term_string"}],"inLanguage":"fr-FR"}]}},"_links":{"self":[{"href":"https:\/\/voile-escalade.com\/vertigoblue\/wp-json\/wp\/v2\/pages\/2477"}],"collection":[{"href":"https:\/\/voile-escalade.com\/vertigoblue\/wp-json\/wp\/v2\/pages"}],"about":[{"href":"https:\/\/voile-escalade.com\/vertigoblue\/wp-json\/wp\/v2\/types\/page"}],"author":[{"embeddable":true,"href":"https:\/\/voile-escalade.com\/vertigoblue\/wp-json\/wp\/v2\/users\/2"}],"replies":[{"embeddable":true,"href":"https:\/\/voile-escalade.com\/vertigoblue\/wp-json\/wp\/v2\/comments?post=2477"}],"version-history":[{"count":43,"href":"https:\/\/voile-escalade.com\/vertigoblue\/wp-json\/wp\/v2\/pages\/2477\/revisions"}],"predecessor-version":[{"id":2960,"href":"https:\/\/voile-escalade.com\/vertigoblue\/wp-json\/wp\/v2\/pages\/2477\/revisions\/2960"}],"wp:attachment":[{"href":"https:\/\/voile-escalade.com\/vertigoblue\/wp-json\/wp\/v2\/media?parent=2477"}],"curies":[{"name":"wp","href":"https:\/\/api.w.org\/{rel}","templated":true}]}}