{"id":1586,"date":"2021-02-22T13:07:25","date_gmt":"2021-02-22T12:07:25","guid":{"rendered":"https:\/\/voile-escalade.com\/vertigoblue\/?page_id=1586"},"modified":"2024-11-25T18:41:47","modified_gmt":"2024-11-25T17:41:47","slug":"qui-sommes-nous","status":"publish","type":"page","link":"https:\/\/voile-escalade.com\/vertigoblue\/qui-sommes-nous\/","title":{"rendered":"Qui sommes-nous?"},"content":{"rendered":"<p>[et_pb_section fb_built=\u00a0\u00bb1&Prime; fullwidth=\u00a0\u00bbon\u00a0\u00bb _builder_version=\u00a0\u00bb4.16&Prime; global_colors_info=\u00a0\u00bb{}\u00a0\u00bb][et_pb_fullwidth_header title=\u00a0\u00bbQui sommes-nous?\u00a0\u00bb text_orientation=\u00a0\u00bbcenter\u00a0\u00bb button_one_text=\u00a0\u00bbLes Partenaires locaux\u00a0\u00bb button_one_url=\u00a0\u00bb#partenaireslocaux\u00a0\u00bb button_two_text=\u00a0\u00bbLes Agences partenaires\u00a0\u00bb button_two_url=\u00a0\u00bb#agencespartenaires\u00a0\u00bb _builder_version=\u00a0\u00bb4.16&Prime; title_font=\u00a0\u00bb|700|||||||\u00a0\u00bb subhead_font_size=\u00a0\u00bb22px\u00a0\u00bb background_enable_color=\u00a0\u00bboff\u00a0\u00bb background_image=\u00a0\u00bbhttps:\/\/voile-escalade.com\/vertigoblue\/wp-content\/uploads\/2021\/02\/vertigo-blue-qui-sommes-nous.jpg\u00a0\u00bb global_colors_info=\u00a0\u00bb{}\u00a0\u00bb][\/et_pb_fullwidth_header][\/et_pb_section][et_pb_section fb_built=\u00a0\u00bb1&Prime; custom_padding_last_edited=\u00a0\u00bbon|tablet\u00a0\u00bb admin_label=\u00a0\u00bbTeam Vertigo Blue\u00a0\u00bb _builder_version=\u00a0\u00bb4.16&Prime; custom_padding=\u00a0\u00bb59px||29px|||\u00a0\u00bb custom_padding_tablet=\u00a0\u00bb60px|||\u00a0\u00bb custom_padding_phone=\u00a0\u00bb\u00a0\u00bb global_colors_info=\u00a0\u00bb{}\u00a0\u00bb][et_pb_row admin_label=\u00a0\u00bbteam vertigo blue\u00a0\u00bb _builder_version=\u00a0\u00bb4.16&Prime; global_colors_info=\u00a0\u00bb{}\u00a0\u00bb][et_pb_column type=\u00a0\u00bb4_4&Prime; _builder_version=\u00a0\u00bb4.16&Prime; global_colors_info=\u00a0\u00bb{}\u00a0\u00bb][et_pb_text admin_label=\u00a0\u00bbTitre vertigo blue\u00a0\u00bb _builder_version=\u00a0\u00bb4.16&Prime; text_font=\u00a0\u00bb||||\u00a0\u00bb text_text_color=\u00a0\u00bb#1a1a1a\u00a0\u00bb header_font=\u00a0\u00bbOswald|on||on|\u00a0\u00bb header_text_align=\u00a0\u00bbleft\u00a0\u00bb header_font_size=\u00a0\u00bb44px\u00a0\u00bb header_line_height=\u00a0\u00bb1.3em\u00a0\u00bb background_size=\u00a0\u00bbinitial\u00a0\u00bb background_position=\u00a0\u00bbtop_left\u00a0\u00bb background_repeat=\u00a0\u00bbrepeat\u00a0\u00bb max_width=\u00a0\u00bb450px\u00a0\u00bb custom_margin=\u00a0\u00bb|||\u00a0\u00bb custom_padding=\u00a0\u00bb|||\u00a0\u00bb animation_style=\u00a0\u00bbslide\u00a0\u00bb animation_direction=\u00a0\u00bbtop\u00a0\u00bb animation_intensity_slide=\u00a0\u00bb10%\u00a0\u00bb header_font_size_tablet=\u00a0\u00bb39px\u00a0\u00bb header_font_size_phone=\u00a0\u00bb35px\u00a0\u00bb header_font_size_last_edited=\u00a0\u00bbon|phone\u00a0\u00bb locked=\u00a0\u00bboff\u00a0\u00bb global_colors_info=\u00a0\u00bb{}\u00a0\u00bb]<\/p>\n<h1>La team Vertigo Blue<\/h1>\n<p>[\/et_pb_text][et_pb_divider color=\u00a0\u00bb#0c71c3&Prime; divider_position=\u00a0\u00bbcenter\u00a0\u00bb divider_weight=\u00a0\u00bb3px\u00a0\u00bb disabled_on=\u00a0\u00bboff|off|off%22&Prime; admin_label=\u00a0\u00bbS\u00e9parateur\u00a0\u00bb _builder_version=\u00a0\u00bb4.16&Prime; max_width=\u00a0\u00bb150px\u00a0\u00bb height=\u00a0\u00bbfalse\u00a0\u00bb custom_margin=\u00a0\u00bb30px|||\u00a0\u00bb animation_style=\u00a0\u00bbslide\u00a0\u00bb animation_direction=\u00a0\u00bbtop\u00a0\u00bb animation_delay=\u00a0\u00bb100ms\u00a0\u00bb animation_intensity_slide=\u00a0\u00bb10%\u00a0\u00bb locked=\u00a0\u00bboff\u00a0\u00bb global_colors_info=\u00a0\u00bb{}\u00a0\u00bb][\/et_pb_divider][et_pb_blurb title=\u00a0\u00bbAndrea &#8211; Moniteur et formateur voile, initiateur escalade\u00a0\u00bb image=\u00a0\u00bbhttps:\/\/voile-escalade.com\/vertigoblue\/wp-content\/uploads\/2020\/04\/andrea-vertigo-blue.jpg\u00a0\u00bb alt=\u00a0\u00bbAndrea, un sourire radieux, sous le soleil chaud de la tomb\u00e9e du soir en Sicile, \u00e0 San Vito Lo Capo. Photo: Vertigo Blue\u00a0\u00bb image_icon_width_tablet=\u00a0\u00bb100%\u00a0\u00bb image_icon_width_phone=\u00a0\u00bb100%\u00a0\u00bb image_icon_width_last_edited=\u00a0\u00bbon|tablet\u00a0\u00bb content_max_width_tablet=\u00a0\u00bb604px\u00a0\u00bb content_max_width_phone=\u00a0\u00bb\u00a0\u00bb content_max_width_last_edited=\u00a0\u00bbon|tablet\u00a0\u00bb admin_label=\u00a0\u00bbAndrea img + txt\u00a0\u00bb _builder_version=\u00a0\u00bb4.16&Prime; header_font=\u00a0\u00bbOswald|on||on|\u00a0\u00bb header_font_size=\u00a0\u00bb24px\u00a0\u00bb body_font=\u00a0\u00bbRoboto||||\u00a0\u00bb body_text_align=\u00a0\u00bbleft\u00a0\u00bb body_text_color=\u00a0\u00bbrgba(0,0,0,0.38)\u00a0\u00bb body_font_size=\u00a0\u00bb16px\u00a0\u00bb text_orientation=\u00a0\u00bbcenter\u00a0\u00bb width_tablet=\u00a0\u00bb\u00a0\u00bb width_phone=\u00a0\u00bb\u00a0\u00bb width_last_edited=\u00a0\u00bbon|tablet\u00a0\u00bb max_width_tablet=\u00a0\u00bb\u00a0\u00bb max_width_phone=\u00a0\u00bb\u00a0\u00bb max_width_last_edited=\u00a0\u00bbon|tablet\u00a0\u00bb custom_margin=\u00a0\u00bb|4px|||false|false\u00a0\u00bb custom_margin_tablet=\u00a0\u00bb|4px|||false|false\u00a0\u00bb custom_margin_phone=\u00a0\u00bb\u00a0\u00bb custom_margin_last_edited=\u00a0\u00bbon|tablet\u00a0\u00bb custom_padding=\u00a0\u00bb|1px|||false|false\u00a0\u00bb animation_style=\u00a0\u00bbzoom\u00a0\u00bb animation_duration=\u00a0\u00bb0ms\u00a0\u00bb animation_intensity_zoom=\u00a0\u00bb0%\u00a0\u00bb animation_speed_curve=\u00a0\u00bblinear\u00a0\u00bb animation=\u00a0\u00bboff\u00a0\u00bb box_shadow_style=\u00a0\u00bbpreset3&Prime; image_max_width_tablet=\u00a0\u00bb100%\u00a0\u00bb image_max_width_phone=\u00a0\u00bb\u00a0\u00bb image_max_width_last_edited=\u00a0\u00bbon|tablet\u00a0\u00bb locked=\u00a0\u00bboff\u00a0\u00bb global_colors_info=\u00a0\u00bb{}\u00a0\u00bb]<\/p>\n<p>N\u00e9 en 1985 \u00e0 sur la c\u00f4te italienne de l\u2019Adriatique, il s\u2019expatrie en Allemagne puis \u00e0 Barcelone pour suivre des \u00e9tudes scientifiques. L\u00e0-bas, il d\u00e9couvre simultan\u00e9ment la voile et l\u2019escalade. De premi\u00e8res petites croisi\u00e8res vers les Bal\u00e9ares en sorties grimpe sur le Montserrat, ses passions grandissent et l\u2019am\u00e8ne \u00e0 voyager de plus en plus loin: au Maroc, Sicile et Turquie pour l\u2019escalade, en Sardaigne et Corse pour la voile. C\u2019est ainsi qu\u2019il quitte les sciences et l\u2019Espagne fin 2014 pour s\u2019installer \u00e0 Bonifacio, \u00e0 l\u2019extr\u00eame Sud de la Corse. Il y apprend et y enseigne la voile pendant 5 ans. Aujourd\u2019hui, il souhaite proposer au public des s\u00e9jours qui m\u00ealent la navigation et le voyage, la d\u00e9couverte et les sports de nature. Capitaine avant tout, il s\u2019entoure de guides de montagne pour vous amener sur les plus jolis spots de grimpe de M\u00e9diterran\u00e9e.<\/p>\n<p style=\"padding-left: 30px; text-align: left;\">[\/et_pb_blurb][et_pb_blurb title=\u00a0\u00bbSarah &#8211; Monitrice de voile et intendante\u00a0\u00bb image=\u00a0\u00bbhttps:\/\/voile-escalade.com\/vertigoblue\/wp-content\/uploads\/2020\/04\/sarah-vertigo-blue-1.jpg\u00a0\u00bb alt=\u00a0\u00bbSarah, sourit en tenant la barre \u00e0 roue d&rsquo;un voilier dans un port, sous un ciel gris\u00e9. Photo: Vertigo Blue\u00a0\u00bb image_icon_width_tablet=\u00a0\u00bb100%\u00a0\u00bb image_icon_width_phone=\u00a0\u00bb100%\u00a0\u00bb image_icon_width_last_edited=\u00a0\u00bbon|tablet\u00a0\u00bb content_max_width_tablet=\u00a0\u00bb604px\u00a0\u00bb content_max_width_phone=\u00a0\u00bb\u00a0\u00bb content_max_width_last_edited=\u00a0\u00bbon|tablet\u00a0\u00bb admin_label=\u00a0\u00bbSarah img +txt\u00a0\u00bb _builder_version=\u00a0\u00bb4.20.2&Prime; header_font=\u00a0\u00bbOswald|on||on|\u00a0\u00bb header_font_size=\u00a0\u00bb24px\u00a0\u00bb body_font=\u00a0\u00bbRoboto||||\u00a0\u00bb body_text_align=\u00a0\u00bbleft\u00a0\u00bb body_text_color=\u00a0\u00bbrgba(0,0,0,0.38)\u00a0\u00bb body_font_size=\u00a0\u00bb16px\u00a0\u00bb text_orientation=\u00a0\u00bbcenter\u00a0\u00bb width_tablet=\u00a0\u00bb\u00a0\u00bb width_phone=\u00a0\u00bb\u00a0\u00bb width_last_edited=\u00a0\u00bbon|tablet\u00a0\u00bb max_width_tablet=\u00a0\u00bb\u00a0\u00bb max_width_phone=\u00a0\u00bb\u00a0\u00bb max_width_last_edited=\u00a0\u00bbon|tablet\u00a0\u00bb custom_margin=\u00a0\u00bb|4px|||false|false\u00a0\u00bb custom_margin_tablet=\u00a0\u00bb|4px|||false|false\u00a0\u00bb custom_margin_phone=\u00a0\u00bb\u00a0\u00bb custom_margin_last_edited=\u00a0\u00bbon|tablet\u00a0\u00bb custom_padding=\u00a0\u00bb|1px|||false|false\u00a0\u00bb animation_style=\u00a0\u00bbzoom\u00a0\u00bb animation_duration=\u00a0\u00bb0ms\u00a0\u00bb animation_intensity_zoom=\u00a0\u00bb0%\u00a0\u00bb animation_speed_curve=\u00a0\u00bblinear\u00a0\u00bb animation=\u00a0\u00bboff\u00a0\u00bb box_shadow_style=\u00a0\u00bbpreset3&Prime; image_max_width_tablet=\u00a0\u00bb100%\u00a0\u00bb image_max_width_phone=\u00a0\u00bb\u00a0\u00bb image_max_width_last_edited=\u00a0\u00bbon|tablet\u00a0\u00bb locked=\u00a0\u00bboff\u00a0\u00bb global_colors_info=\u00a0\u00bb{}\u00a0\u00bb]N\u00e9e en 1990 en r\u00e9gion parisienne, sa passion pour la mer lui vient de l\u2019enfance. Comme beaucoup, elle d\u00e9bute par des stages d\u2019optimist en Bretagne\u2026 Ce n\u2019est qu\u2019en 2015 qu\u2019elle se lance vraiment dans l\u2019apprentissage, au sein d\u2019une \u00e9cole de croisi\u00e8re en Corse du Sud. En tant que stagiaire, puis b\u00e9n\u00e9vole, puis salari\u00e9e\u2026 trois ans plus tard, d\u00e9but 2020, elle d\u00e9cide de suivre Andrea dans son projet. Ses sp\u00e9cialit\u00e9s? Les cours de navigation sur carte, l\u2019apprentissage des bases de la voile pour les d\u00e9butants\u2026 et l\u2019\u00e9laboration des menus du bord !<\/p>\n<p style=\"padding-left: 30px; text-align: left;\">[\/et_pb_blurb][\/et_pb_column][\/et_pb_row][\/et_pb_section][et_pb_section fb_built=\u00a0\u00bb1&Prime; custom_padding_last_edited=\u00a0\u00bbon|tablet\u00a0\u00bb admin_label=\u00a0\u00bbles partenaires locaux\u00a0\u00bb module_id=\u00a0\u00bbpartenaireslocaux\u00a0\u00bb _builder_version=\u00a0\u00bb4.16&Prime; custom_padding=\u00a0\u00bb59px||29px|||\u00a0\u00bb custom_padding_tablet=\u00a0\u00bb60px|||\u00a0\u00bb custom_padding_phone=\u00a0\u00bb\u00a0\u00bb global_colors_info=\u00a0\u00bb{}\u00a0\u00bb][et_pb_row _builder_version=\u00a0\u00bb4.16&Prime; global_colors_info=\u00a0\u00bb{}\u00a0\u00bb][et_pb_column type=\u00a0\u00bb4_4&Prime; _builder_version=\u00a0\u00bb4.16&Prime; global_colors_info=\u00a0\u00bb{}\u00a0\u00bb][et_pb_text admin_label=\u00a0\u00bbTitre partenaires locaux\u00a0\u00bb _builder_version=\u00a0\u00bb4.16&Prime; text_font=\u00a0\u00bb||||\u00a0\u00bb text_text_color=\u00a0\u00bb#1a1a1a\u00a0\u00bb header_font=\u00a0\u00bbOswald|on||on|\u00a0\u00bb header_text_align=\u00a0\u00bbleft\u00a0\u00bb header_font_size=\u00a0\u00bb44px\u00a0\u00bb header_line_height=\u00a0\u00bb1.3em\u00a0\u00bb background_size=\u00a0\u00bbinitial\u00a0\u00bb background_position=\u00a0\u00bbtop_left\u00a0\u00bb background_repeat=\u00a0\u00bbrepeat\u00a0\u00bb max_width=\u00a0\u00bb450px\u00a0\u00bb custom_margin=\u00a0\u00bb|||\u00a0\u00bb custom_padding=\u00a0\u00bb|||\u00a0\u00bb animation_style=\u00a0\u00bbslide\u00a0\u00bb animation_direction=\u00a0\u00bbtop\u00a0\u00bb animation_intensity_slide=\u00a0\u00bb10%\u00a0\u00bb header_font_size_tablet=\u00a0\u00bb39px\u00a0\u00bb header_font_size_phone=\u00a0\u00bb35px\u00a0\u00bb header_font_size_last_edited=\u00a0\u00bbon|phone\u00a0\u00bb locked=\u00a0\u00bboff\u00a0\u00bb global_colors_info=\u00a0\u00bb{}\u00a0\u00bb]<\/p>\n<h1>Les partenaires locaux<\/h1>\n<p>[\/et_pb_text][et_pb_divider color=\u00a0\u00bb#0c71c3&Prime; divider_position=\u00a0\u00bbcenter\u00a0\u00bb divider_weight=\u00a0\u00bb3px\u00a0\u00bb disabled_on=\u00a0\u00bboff|off|off%22&Prime; admin_label=\u00a0\u00bbS\u00e9parateur\u00a0\u00bb _builder_version=\u00a0\u00bb4.16&Prime; max_width=\u00a0\u00bb150px\u00a0\u00bb height=\u00a0\u00bbfalse\u00a0\u00bb custom_margin=\u00a0\u00bb30px|||\u00a0\u00bb animation_style=\u00a0\u00bbslide\u00a0\u00bb animation_direction=\u00a0\u00bbtop\u00a0\u00bb animation_delay=\u00a0\u00bb100ms\u00a0\u00bb animation_intensity_slide=\u00a0\u00bb10%\u00a0\u00bb locked=\u00a0\u00bboff\u00a0\u00bb global_colors_info=\u00a0\u00bb{}\u00a0\u00bb][\/et_pb_divider][et_pb_blurb title=\u00a0\u00bbRoberto &#8211; Guide de montagne Sarde\u00a0\u00bb image=\u00a0\u00bbhttps:\/\/voile-escalade.com\/vertigoblue\/wp-content\/uploads\/2021\/02\/Roberto-Pau.jpg\u00a0\u00bb alt=\u00a0\u00bbAndrea, un sourire radieux, sous le soleil chaud de la tomb\u00e9e du soir en Sicile, \u00e0 San Vito Lo Capo. Photo: Vertigo Blue\u00a0\u00bb image_icon_width_tablet=\u00a0\u00bb100%\u00a0\u00bb image_icon_width_phone=\u00a0\u00bb100%\u00a0\u00bb image_icon_width_last_edited=\u00a0\u00bbon|tablet\u00a0\u00bb content_max_width_tablet=\u00a0\u00bb604px\u00a0\u00bb content_max_width_phone=\u00a0\u00bb\u00a0\u00bb content_max_width_last_edited=\u00a0\u00bbon|tablet\u00a0\u00bb admin_label=\u00a0\u00bbRoberto img + txt\u00a0\u00bb _builder_version=\u00a0\u00bb4.16&Prime; header_font=\u00a0\u00bbOswald|on||on|\u00a0\u00bb header_font_size=\u00a0\u00bb24px\u00a0\u00bb body_font=\u00a0\u00bbRoboto||||\u00a0\u00bb body_text_align=\u00a0\u00bbleft\u00a0\u00bb body_text_color=\u00a0\u00bbrgba(0,0,0,0.38)\u00a0\u00bb body_font_size=\u00a0\u00bb16px\u00a0\u00bb text_orientation=\u00a0\u00bbcenter\u00a0\u00bb width_tablet=\u00a0\u00bb\u00a0\u00bb width_phone=\u00a0\u00bb\u00a0\u00bb width_last_edited=\u00a0\u00bbon|tablet\u00a0\u00bb max_width_tablet=\u00a0\u00bb\u00a0\u00bb max_width_phone=\u00a0\u00bb\u00a0\u00bb max_width_last_edited=\u00a0\u00bbon|tablet\u00a0\u00bb custom_margin=\u00a0\u00bb|4px|||false|false\u00a0\u00bb custom_margin_tablet=\u00a0\u00bb|4px|||false|false\u00a0\u00bb custom_margin_phone=\u00a0\u00bb\u00a0\u00bb custom_margin_last_edited=\u00a0\u00bbon|tablet\u00a0\u00bb custom_padding=\u00a0\u00bb|1px|||false|false\u00a0\u00bb animation_style=\u00a0\u00bbzoom\u00a0\u00bb animation_duration=\u00a0\u00bb0ms\u00a0\u00bb animation_intensity_zoom=\u00a0\u00bb0%\u00a0\u00bb animation_speed_curve=\u00a0\u00bblinear\u00a0\u00bb animation=\u00a0\u00bboff\u00a0\u00bb box_shadow_style=\u00a0\u00bbpreset3&Prime; image_max_width_tablet=\u00a0\u00bb100%\u00a0\u00bb image_max_width_phone=\u00a0\u00bb\u00a0\u00bb image_max_width_last_edited=\u00a0\u00bbon|tablet\u00a0\u00bb locked=\u00a0\u00bboff\u00a0\u00bb global_colors_info=\u00a0\u00bb{}\u00a0\u00bb]<\/p>\n<p>N\u00e9 en Sardaigne, o\u00f9 il a v\u00e9cu jusqu&rsquo;\u00e0 l&rsquo;\u00e2ge de 27 ans, il s\u2019est ensuite install\u00e9 sur le versant italien du Mont Rose : \u00ab\u00a0C\u2019est l\u00e0-haut que j&rsquo;ai pouss\u00e9 ma passion pour l&rsquo;escalade en falaise vers un terrain mixte de montagne o\u00f9 je me suis initi\u00e9 \u00e0 l&rsquo;alpinisme et au ski.<br \/>Entreprendre les d\u00e9marches pour devenir guide de haute montagne, c&rsquo;\u00e9tait la suite naturelle. \u00bb<\/p>\n<p>En 2015, il a d\u00e9m\u00e9nag\u00e9 \u00e0 Chamonix, au pied du Mont Blanc o\u00f9 il vit et exerce sa profession : guide d\u2019alpinisme et escalade en \u00e9t\u00e9, cascade de glace et ski hors-piste l&rsquo;hiver. Sans jamais oublier son \u00eele natale : \u00ab Normalement, je passe l\u2019automne en Sardaigne, en profitant pour pratiquer l&rsquo;escalade et \u00e9quiper de nouvelles voies. \u00bb<\/p>\n<p>[\/et_pb_blurb][et_pb_blurb title=\u00a0\u00bbSimon &#8211; BEES escalade en Gr\u00e8ce\u00a0\u00bb image=\u00a0\u00bbhttps:\/\/voile-escalade.com\/vertigoblue\/wp-content\/uploads\/2022\/05\/Simon-Montmory-11.19.jpg\u00a0\u00bb alt=\u00a0\u00bbAndrea, un sourire radieux, sous le soleil chaud de la tomb\u00e9e du soir en Sicile, \u00e0 San Vito Lo Capo. Photo: Vertigo Blue\u00a0\u00bb image_icon_width_tablet=\u00a0\u00bb100%\u00a0\u00bb image_icon_width_phone=\u00a0\u00bb100%\u00a0\u00bb image_icon_width_last_edited=\u00a0\u00bbon|tablet\u00a0\u00bb content_max_width_tablet=\u00a0\u00bb604px\u00a0\u00bb content_max_width_phone=\u00a0\u00bb\u00a0\u00bb content_max_width_last_edited=\u00a0\u00bbon|tablet\u00a0\u00bb admin_label=\u00a0\u00bbSimon img + txt\u00a0\u00bb _builder_version=\u00a0\u00bb4.16&Prime; header_font=\u00a0\u00bbOswald|on||on|\u00a0\u00bb header_font_size=\u00a0\u00bb24px\u00a0\u00bb body_font=\u00a0\u00bbRoboto||||\u00a0\u00bb body_text_align=\u00a0\u00bbleft\u00a0\u00bb body_text_color=\u00a0\u00bbrgba(0,0,0,0.38)\u00a0\u00bb body_font_size=\u00a0\u00bb16px\u00a0\u00bb text_orientation=\u00a0\u00bbcenter\u00a0\u00bb width_tablet=\u00a0\u00bb\u00a0\u00bb width_phone=\u00a0\u00bb\u00a0\u00bb width_last_edited=\u00a0\u00bbon|tablet\u00a0\u00bb max_width_tablet=\u00a0\u00bb\u00a0\u00bb max_width_phone=\u00a0\u00bb\u00a0\u00bb max_width_last_edited=\u00a0\u00bbon|tablet\u00a0\u00bb custom_margin=\u00a0\u00bb|4px|||false|false\u00a0\u00bb custom_margin_tablet=\u00a0\u00bb|4px|||false|false\u00a0\u00bb custom_margin_phone=\u00a0\u00bb\u00a0\u00bb custom_margin_last_edited=\u00a0\u00bbon|tablet\u00a0\u00bb custom_padding=\u00a0\u00bb|1px|||false|false\u00a0\u00bb animation_style=\u00a0\u00bbzoom\u00a0\u00bb animation_duration=\u00a0\u00bb0ms\u00a0\u00bb animation_intensity_zoom=\u00a0\u00bb0%\u00a0\u00bb animation_speed_curve=\u00a0\u00bblinear\u00a0\u00bb animation=\u00a0\u00bboff\u00a0\u00bb box_shadow_style=\u00a0\u00bbpreset3&Prime; image_max_width_tablet=\u00a0\u00bb100%\u00a0\u00bb image_max_width_phone=\u00a0\u00bb\u00a0\u00bb image_max_width_last_edited=\u00a0\u00bbon|tablet\u00a0\u00bb locked=\u00a0\u00bboff\u00a0\u00bb global_colors_info=\u00a0\u00bb{}\u00a0\u00bb]<\/p>\n<p>Dipl\u00f4m\u00e9 d\u2019\u00e9tat en France depuis 2005. (BEES escalade-canyon) Apr\u00e8s des ann\u00e9es d\u2019alpinisme \u00e0 Chamonix, Simon s\u2019est d\u00e9di\u00e9 \u00e0 l\u2019escalade sportive et en a fait son mode de vie. Son envie de libert\u00e9 et sa recherche constante des plus belles lignes \u00e0 grimper l\u2019ont emmen\u00e9 en Chine, en France, en Italie, en Espagne, au Canada et en Suisse.<br \/>D\u00e8s son arriv\u00e9e en Gr\u00e8ce, Simon a su qu\u2019il avait trouv\u00e9 l\u2019endroit parfait pour vivre sa passion de grimpeur et d\u2019\u00e9quipeur.<br \/>Chaque ann\u00e9e il partage sa passion avec des grimpeurs du monde entier qui viennent profiter de son exp\u00e9rience. Simon les aide \u00e0 progresser tout en se faisant plaisir dans les plus belles voies.<\/p>\n<p>[\/et_pb_blurb][et_pb_blurb title=\u00a0\u00bbDaniele &#8211; Moniteur d&rsquo;escalade Sicilien\u00a0\u00bb image=\u00a0\u00bbhttps:\/\/voile-escalade.com\/vertigoblue\/wp-content\/uploads\/2021\/02\/Daniele-Arena-sicile.jpg\u00a0\u00bb alt=\u00a0\u00bbSarah, sourit en tenant la barre \u00e0 roue d&rsquo;un voilier dans un port, sous un ciel gris\u00e9. Photo: Vertigo Blue\u00a0\u00bb image_icon_width_tablet=\u00a0\u00bb100%\u00a0\u00bb image_icon_width_phone=\u00a0\u00bb100%\u00a0\u00bb image_icon_width_last_edited=\u00a0\u00bbon|tablet\u00a0\u00bb content_max_width_tablet=\u00a0\u00bb604px\u00a0\u00bb content_max_width_phone=\u00a0\u00bb\u00a0\u00bb content_max_width_last_edited=\u00a0\u00bbon|tablet\u00a0\u00bb admin_label=\u00a0\u00bbDaniele img +txt\u00a0\u00bb _builder_version=\u00a0\u00bb4.16&Prime; header_font=\u00a0\u00bbOswald|on||on|\u00a0\u00bb header_font_size=\u00a0\u00bb24px\u00a0\u00bb body_font=\u00a0\u00bbRoboto||||\u00a0\u00bb body_text_align=\u00a0\u00bbleft\u00a0\u00bb body_text_color=\u00a0\u00bbrgba(0,0,0,0.38)\u00a0\u00bb body_font_size=\u00a0\u00bb16px\u00a0\u00bb text_orientation=\u00a0\u00bbcenter\u00a0\u00bb width_tablet=\u00a0\u00bb\u00a0\u00bb width_phone=\u00a0\u00bb\u00a0\u00bb width_last_edited=\u00a0\u00bbon|tablet\u00a0\u00bb max_width_tablet=\u00a0\u00bb\u00a0\u00bb max_width_phone=\u00a0\u00bb\u00a0\u00bb max_width_last_edited=\u00a0\u00bbon|tablet\u00a0\u00bb custom_margin=\u00a0\u00bb|4px|||false|false\u00a0\u00bb custom_margin_tablet=\u00a0\u00bb|4px|||false|false\u00a0\u00bb custom_margin_phone=\u00a0\u00bb\u00a0\u00bb custom_margin_last_edited=\u00a0\u00bbon|tablet\u00a0\u00bb custom_padding=\u00a0\u00bb|1px|||false|false\u00a0\u00bb animation_style=\u00a0\u00bbzoom\u00a0\u00bb animation_duration=\u00a0\u00bb0ms\u00a0\u00bb animation_intensity_zoom=\u00a0\u00bb0%\u00a0\u00bb animation_speed_curve=\u00a0\u00bblinear\u00a0\u00bb animation=\u00a0\u00bboff\u00a0\u00bb box_shadow_style=\u00a0\u00bbpreset3&Prime; image_max_width_tablet=\u00a0\u00bb100%\u00a0\u00bb image_max_width_phone=\u00a0\u00bb\u00a0\u00bb image_max_width_last_edited=\u00a0\u00bbon|tablet\u00a0\u00bb locked=\u00a0\u00bboff\u00a0\u00bb global_colors_info=\u00a0\u00bb{}\u00a0\u00bb]<\/p>\n<p style=\"padding-left: 30px; text-align: left;\">Daniele Arena, voyageur et sportif aguerri, n\u00e9 \u00e0 Catane en Sicile. Il est un des premiers grimpeurs \u00e0 s&rsquo;\u00eatre install\u00e9 \u00e0 San Vito Lo Capo, o\u00f9 il a ouvert de nombreuses voies d&rsquo;escalade. Il y g\u00e8re aujourd&rsquo;hui la Climbing House et est aussi moniteur de VTT.<\/p>\n<p style=\"padding-left: 30px; text-align: left;\">[\/et_pb_blurb][et_pb_blurb title=\u00a0\u00bbCamping \u00e9cologique El Bahira **** &#8211; Sicile\u00a0\u00bb image=\u00a0\u00bbhttps:\/\/voile-escalade.com\/vertigoblue\/wp-content\/uploads\/2022\/08\/el-bahira-campeggio.jpg\u00a0\u00bb alt=\u00a0\u00bbSarah, sourit en tenant la barre \u00e0 roue d&rsquo;un voilier dans un port, sous un ciel gris\u00e9. Photo: Vertigo Blue\u00a0\u00bb image_icon_width_tablet=\u00a0\u00bb100%\u00a0\u00bb image_icon_width_phone=\u00a0\u00bb100%\u00a0\u00bb image_icon_width_last_edited=\u00a0\u00bbon|tablet\u00a0\u00bb content_max_width_tablet=\u00a0\u00bb604px\u00a0\u00bb content_max_width_phone=\u00a0\u00bb\u00a0\u00bb content_max_width_last_edited=\u00a0\u00bbon|tablet\u00a0\u00bb admin_label=\u00a0\u00bbCamping El Bahira img +txt\u00a0\u00bb _builder_version=\u00a0\u00bb4.16&Prime; header_font=\u00a0\u00bbOswald|on||on|\u00a0\u00bb header_font_size=\u00a0\u00bb24px\u00a0\u00bb body_font=\u00a0\u00bbRoboto||||\u00a0\u00bb body_text_align=\u00a0\u00bbleft\u00a0\u00bb body_text_color=\u00a0\u00bbrgba(0,0,0,0.38)\u00a0\u00bb body_font_size=\u00a0\u00bb16px\u00a0\u00bb text_orientation=\u00a0\u00bbcenter\u00a0\u00bb width_tablet=\u00a0\u00bb\u00a0\u00bb width_phone=\u00a0\u00bb\u00a0\u00bb width_last_edited=\u00a0\u00bbon|tablet\u00a0\u00bb max_width_tablet=\u00a0\u00bb\u00a0\u00bb max_width_phone=\u00a0\u00bb\u00a0\u00bb max_width_last_edited=\u00a0\u00bbon|tablet\u00a0\u00bb custom_margin=\u00a0\u00bb|4px|||false|false\u00a0\u00bb custom_margin_tablet=\u00a0\u00bb|4px|||false|false\u00a0\u00bb custom_margin_phone=\u00a0\u00bb\u00a0\u00bb custom_margin_last_edited=\u00a0\u00bbon|tablet\u00a0\u00bb custom_padding=\u00a0\u00bb|1px|||false|false\u00a0\u00bb animation_style=\u00a0\u00bbzoom\u00a0\u00bb animation_duration=\u00a0\u00bb0ms\u00a0\u00bb animation_intensity_zoom=\u00a0\u00bb0%\u00a0\u00bb animation_speed_curve=\u00a0\u00bblinear\u00a0\u00bb animation=\u00a0\u00bboff\u00a0\u00bb box_shadow_style=\u00a0\u00bbpreset3&Prime; image_max_width_tablet=\u00a0\u00bb100%\u00a0\u00bb image_max_width_phone=\u00a0\u00bb\u00a0\u00bb image_max_width_last_edited=\u00a0\u00bbon|tablet\u00a0\u00bb locked=\u00a0\u00bboff\u00a0\u00bb global_colors_info=\u00a0\u00bb{}\u00a0\u00bb]<\/p>\n<p style=\"padding-left: 30px; text-align: left;\">Le camping El Bahira est situ\u00e9 au coeur de la r\u00e9serve naturelle dello Zingaro, \u00e0 c\u00f4t\u00e9 du village de San Vito Lo Capo au Nord Ouest de la c\u00f4te sicilienne. C&rsquo;est un camping **** \u00e9cologique ouvert toute l&rsquo;ann\u00e9e. Il accueille de nombreux grimpeurs qui viennent profiter des incroyables falaises de San Vito. On y trouve m\u00eame un petit magasin d&rsquo;escalade et quelques voies directement au coeur du site.<\/p>\n<p style=\"padding-left: 30px; text-align: left;\">[\/et_pb_blurb][et_pb_blurb title=\u00a0\u00bbCala Mancina Climbing House &#8211; Sicile\u00a0\u00bb image=\u00a0\u00bbhttps:\/\/voile-escalade.com\/vertigoblue\/wp-content\/uploads\/2022\/08\/cala-mancina-climbing-house.jpg\u00a0\u00bb alt=\u00a0\u00bbSarah, sourit en tenant la barre \u00e0 roue d&rsquo;un voilier dans un port, sous un ciel gris\u00e9. Photo: Vertigo Blue\u00a0\u00bb image_icon_width_tablet=\u00a0\u00bb100%\u00a0\u00bb image_icon_width_phone=\u00a0\u00bb100%\u00a0\u00bb image_icon_width_last_edited=\u00a0\u00bbon|tablet\u00a0\u00bb content_max_width_tablet=\u00a0\u00bb604px\u00a0\u00bb content_max_width_phone=\u00a0\u00bb\u00a0\u00bb content_max_width_last_edited=\u00a0\u00bbon|tablet\u00a0\u00bb admin_label=\u00a0\u00bbCala mancina climbing house img +txt\u00a0\u00bb _builder_version=\u00a0\u00bb4.16&Prime; header_font=\u00a0\u00bbOswald|on||on|\u00a0\u00bb header_font_size=\u00a0\u00bb24px\u00a0\u00bb body_font=\u00a0\u00bbRoboto||||\u00a0\u00bb body_text_align=\u00a0\u00bbleft\u00a0\u00bb body_text_color=\u00a0\u00bbrgba(0,0,0,0.38)\u00a0\u00bb body_font_size=\u00a0\u00bb16px\u00a0\u00bb text_orientation=\u00a0\u00bbcenter\u00a0\u00bb width_tablet=\u00a0\u00bb\u00a0\u00bb width_phone=\u00a0\u00bb\u00a0\u00bb width_last_edited=\u00a0\u00bbon|tablet\u00a0\u00bb max_width_tablet=\u00a0\u00bb\u00a0\u00bb max_width_phone=\u00a0\u00bb\u00a0\u00bb max_width_last_edited=\u00a0\u00bbon|tablet\u00a0\u00bb custom_margin=\u00a0\u00bb|4px|||false|false\u00a0\u00bb custom_margin_tablet=\u00a0\u00bb|4px|||false|false\u00a0\u00bb custom_margin_phone=\u00a0\u00bb\u00a0\u00bb custom_margin_last_edited=\u00a0\u00bbon|tablet\u00a0\u00bb custom_padding=\u00a0\u00bb|1px|||false|false\u00a0\u00bb animation_style=\u00a0\u00bbzoom\u00a0\u00bb animation_duration=\u00a0\u00bb0ms\u00a0\u00bb animation_intensity_zoom=\u00a0\u00bb0%\u00a0\u00bb animation_speed_curve=\u00a0\u00bblinear\u00a0\u00bb animation=\u00a0\u00bboff\u00a0\u00bb box_shadow_style=\u00a0\u00bbpreset3&Prime; image_max_width_tablet=\u00a0\u00bb100%\u00a0\u00bb image_max_width_phone=\u00a0\u00bb\u00a0\u00bb image_max_width_last_edited=\u00a0\u00bbon|tablet\u00a0\u00bb locked=\u00a0\u00bboff\u00a0\u00bb global_colors_info=\u00a0\u00bb{}\u00a0\u00bb]<\/p>\n<p style=\"padding-left: 30px; text-align: left;\">Perch\u00e9e sur les falaises de San Vito, dans un cadre exceptionnel \u00e0 deux pas du village mais en pleine nature, avec une vue \u00e0 couper le souffle. La Climbing house est tenue par notre guide partenaire sur place, Daniele. Un logement simple avec juste ce qu&rsquo;il faut de confort, pour les amoureux de la nature.<\/p>\n<p style=\"padding-left: 30px; text-align: left;\">[\/et_pb_blurb][\/et_pb_column][\/et_pb_row][\/et_pb_section][et_pb_section fb_built=\u00a0\u00bb1&Prime; custom_padding_last_edited=\u00a0\u00bbon|tablet\u00a0\u00bb admin_label=\u00a0\u00bbLes agences partenaires\u00a0\u00bb module_id=\u00a0\u00bbagencespartenaires\u00a0\u00bb _builder_version=\u00a0\u00bb4.16&Prime; custom_padding=\u00a0\u00bb59px||29px|||\u00a0\u00bb custom_padding_tablet=\u00a0\u00bb60px|||\u00a0\u00bb custom_padding_phone=\u00a0\u00bb\u00a0\u00bb global_colors_info=\u00a0\u00bb{}\u00a0\u00bb][et_pb_row admin_label=\u00a0\u00bbles agences partenaires\u00a0\u00bb _builder_version=\u00a0\u00bb4.16&Prime; global_colors_info=\u00a0\u00bb{}\u00a0\u00bb][et_pb_column type=\u00a0\u00bb4_4&Prime; _builder_version=\u00a0\u00bb4.16&Prime; global_colors_info=\u00a0\u00bb{}\u00a0\u00bb][et_pb_text admin_label=\u00a0\u00bbTitre agences\u00a0\u00bb _builder_version=\u00a0\u00bb4.16&Prime; text_font=\u00a0\u00bb||||\u00a0\u00bb text_text_color=\u00a0\u00bb#1a1a1a\u00a0\u00bb header_font=\u00a0\u00bbOswald|on||on|\u00a0\u00bb header_text_align=\u00a0\u00bbleft\u00a0\u00bb header_font_size=\u00a0\u00bb44px\u00a0\u00bb header_line_height=\u00a0\u00bb1.3em\u00a0\u00bb background_size=\u00a0\u00bbinitial\u00a0\u00bb background_position=\u00a0\u00bbtop_left\u00a0\u00bb background_repeat=\u00a0\u00bbrepeat\u00a0\u00bb max_width=\u00a0\u00bb450px\u00a0\u00bb custom_margin=\u00a0\u00bb|||\u00a0\u00bb custom_padding=\u00a0\u00bb|||\u00a0\u00bb animation_style=\u00a0\u00bbslide\u00a0\u00bb animation_direction=\u00a0\u00bbtop\u00a0\u00bb animation_intensity_slide=\u00a0\u00bb10%\u00a0\u00bb header_font_size_tablet=\u00a0\u00bb39px\u00a0\u00bb header_font_size_phone=\u00a0\u00bb35px\u00a0\u00bb header_font_size_last_edited=\u00a0\u00bbon|phone\u00a0\u00bb locked=\u00a0\u00bboff\u00a0\u00bb global_colors_info=\u00a0\u00bb{}\u00a0\u00bb]<\/p>\n<h1>Les agences partenaires<\/h1>\n<p>[\/et_pb_text][et_pb_divider color=\u00a0\u00bb#0c71c3&Prime; divider_position=\u00a0\u00bbcenter\u00a0\u00bb divider_weight=\u00a0\u00bb3px\u00a0\u00bb disabled_on=\u00a0\u00bboff|off|off%22&Prime; admin_label=\u00a0\u00bbS\u00e9parateur\u00a0\u00bb _builder_version=\u00a0\u00bb4.16&Prime; max_width=\u00a0\u00bb150px\u00a0\u00bb height=\u00a0\u00bbfalse\u00a0\u00bb custom_margin=\u00a0\u00bb30px|||\u00a0\u00bb animation_style=\u00a0\u00bbslide\u00a0\u00bb animation_direction=\u00a0\u00bbtop\u00a0\u00bb animation_delay=\u00a0\u00bb100ms\u00a0\u00bb animation_intensity_slide=\u00a0\u00bb10%\u00a0\u00bb locked=\u00a0\u00bboff\u00a0\u00bb global_colors_info=\u00a0\u00bb{}\u00a0\u00bb][\/et_pb_divider][et_pb_blurb title=\u00a0\u00bbVialala &#8211; agence pour cr\u00e9ateurs de voyages ind\u00e9pendants\u00a0\u00bb image=\u00a0\u00bbhttps:\/\/voile-escalade.com\/vertigoblue\/wp-content\/uploads\/2021\/02\/Logo-Vialala-FR-34px.png\u00a0\u00bb alt=\u00a0\u00bbSarah, sourit en tenant la barre \u00e0 roue d&rsquo;un voilier dans un port, sous un ciel gris\u00e9. Photo: Vertigo Blue\u00a0\u00bb image_icon_width_tablet=\u00a0\u00bb100%\u00a0\u00bb image_icon_width_phone=\u00a0\u00bb100%\u00a0\u00bb image_icon_width_last_edited=\u00a0\u00bbon|tablet\u00a0\u00bb content_max_width_tablet=\u00a0\u00bb604px\u00a0\u00bb content_max_width_phone=\u00a0\u00bb\u00a0\u00bb content_max_width_last_edited=\u00a0\u00bbon|tablet\u00a0\u00bb admin_label=\u00a0\u00bbVialala img +txt\u00a0\u00bb _builder_version=\u00a0\u00bb4.16&Prime; header_font=\u00a0\u00bbOswald|on||on|\u00a0\u00bb header_font_size=\u00a0\u00bb24px\u00a0\u00bb body_font=\u00a0\u00bbRoboto||||\u00a0\u00bb body_text_align=\u00a0\u00bbleft\u00a0\u00bb body_text_color=\u00a0\u00bbrgba(0,0,0,0.38)\u00a0\u00bb body_font_size=\u00a0\u00bb16px\u00a0\u00bb text_orientation=\u00a0\u00bbcenter\u00a0\u00bb width_tablet=\u00a0\u00bb\u00a0\u00bb width_phone=\u00a0\u00bb\u00a0\u00bb width_last_edited=\u00a0\u00bbon|tablet\u00a0\u00bb max_width_tablet=\u00a0\u00bb\u00a0\u00bb max_width_phone=\u00a0\u00bb\u00a0\u00bb max_width_last_edited=\u00a0\u00bbon|tablet\u00a0\u00bb custom_margin=\u00a0\u00bb|4px|||false|false\u00a0\u00bb custom_margin_tablet=\u00a0\u00bb|4px|||false|false\u00a0\u00bb custom_margin_phone=\u00a0\u00bb\u00a0\u00bb custom_margin_last_edited=\u00a0\u00bbon|tablet\u00a0\u00bb custom_padding=\u00a0\u00bb|1px|||false|false\u00a0\u00bb animation_style=\u00a0\u00bbzoom\u00a0\u00bb animation_duration=\u00a0\u00bb0ms\u00a0\u00bb animation_intensity_zoom=\u00a0\u00bb0%\u00a0\u00bb animation_speed_curve=\u00a0\u00bblinear\u00a0\u00bb animation=\u00a0\u00bboff\u00a0\u00bb box_shadow_style=\u00a0\u00bbpreset3&Prime; image_max_width_tablet=\u00a0\u00bb100%\u00a0\u00bb image_max_width_phone=\u00a0\u00bb\u00a0\u00bb image_max_width_last_edited=\u00a0\u00bbon|tablet\u00a0\u00bb locked=\u00a0\u00bboff\u00a0\u00bb global_colors_info=\u00a0\u00bb{}\u00a0\u00bb]<\/p>\n<p>Vialala est une agence pour cr\u00e9ateurs de voyages ind\u00e9pendants. Elle nous permet de commercialiser nos s\u00e9jours en b\u00e9n\u00e9ficiant de toutes les garanties n\u00e9cessaires \u00e0 l&rsquo;organisation d&rsquo;un voyage (immatriculation Atout France et Garantie Financi\u00e8re)<\/p>\n<p><a href=\"https:\/\/www.vialala.fr\/travel-planner\/sarah-marquina\" target=\"_blank\" rel=\"noopener noreferrer\">En savoir plus<\/a><\/p>\n<p style=\"padding-left: 30px; text-align: left;\">[\/et_pb_blurb][et_pb_blurb title=\u00a0\u00bbVertikal &#038; Quentin Hoarau\u00a0\u00bb image=\u00a0\u00bbhttps:\/\/voile-escalade.com\/vertigoblue\/wp-content\/uploads\/2021\/02\/quentin-hoarau.jpg\u00a0\u00bb alt=\u00a0\u00bbAndrea, un sourire radieux, sous le soleil chaud de la tomb\u00e9e du soir en Sicile, \u00e0 San Vito Lo Capo. Photo: Vertigo Blue\u00a0\u00bb image_icon_width_tablet=\u00a0\u00bb100%\u00a0\u00bb image_icon_width_phone=\u00a0\u00bb100%\u00a0\u00bb image_icon_width_last_edited=\u00a0\u00bbon|tablet\u00a0\u00bb content_max_width_tablet=\u00a0\u00bb604px\u00a0\u00bb content_max_width_phone=\u00a0\u00bb\u00a0\u00bb content_max_width_last_edited=\u00a0\u00bbon|tablet\u00a0\u00bb disabled_on=\u00a0\u00bbon|on|on\u00a0\u00bb admin_label=\u00a0\u00bbvertikal img + txt\u00a0\u00bb _builder_version=\u00a0\u00bb4.16&Prime; header_font=\u00a0\u00bbOswald|on||on|\u00a0\u00bb header_font_size=\u00a0\u00bb24px\u00a0\u00bb body_font=\u00a0\u00bbRoboto||||\u00a0\u00bb body_text_align=\u00a0\u00bbleft\u00a0\u00bb body_text_color=\u00a0\u00bbrgba(0,0,0,0.38)\u00a0\u00bb body_font_size=\u00a0\u00bb16px\u00a0\u00bb text_orientation=\u00a0\u00bbcenter\u00a0\u00bb width_tablet=\u00a0\u00bb\u00a0\u00bb width_phone=\u00a0\u00bb\u00a0\u00bb width_last_edited=\u00a0\u00bbon|tablet\u00a0\u00bb max_width_tablet=\u00a0\u00bb\u00a0\u00bb max_width_phone=\u00a0\u00bb\u00a0\u00bb max_width_last_edited=\u00a0\u00bbon|tablet\u00a0\u00bb custom_margin=\u00a0\u00bb|4px|||false|false\u00a0\u00bb custom_margin_tablet=\u00a0\u00bb|4px|||false|false\u00a0\u00bb custom_margin_phone=\u00a0\u00bb\u00a0\u00bb custom_margin_last_edited=\u00a0\u00bbon|tablet\u00a0\u00bb custom_padding=\u00a0\u00bb|1px|||false|false\u00a0\u00bb animation_style=\u00a0\u00bbzoom\u00a0\u00bb animation_duration=\u00a0\u00bb0ms\u00a0\u00bb animation_intensity_zoom=\u00a0\u00bb0%\u00a0\u00bb animation_speed_curve=\u00a0\u00bblinear\u00a0\u00bb animation=\u00a0\u00bboff\u00a0\u00bb box_shadow_style=\u00a0\u00bbpreset3&Prime; image_max_width_tablet=\u00a0\u00bb100%\u00a0\u00bb image_max_width_phone=\u00a0\u00bb\u00a0\u00bb image_max_width_last_edited=\u00a0\u00bbon|tablet\u00a0\u00bb disabled=\u00a0\u00bbon\u00a0\u00bb locked=\u00a0\u00bboff\u00a0\u00bb global_colors_info=\u00a0\u00bb{}\u00a0\u00bb]<\/p>\n<p>Vertikal Voyages est une petite agence fond\u00e9e par Quentin Hoarau, passion\u00e9 de sport et de voyages. Elle propose des s\u00e9jours dans le monde entier autour de 4 activit\u00e9s: Le VTT, le ski, le kayak&#8230; et l&rsquo;escalade bien s\u00fbr.<\/p>\n<p>Nous avons co-cr\u00e9\u00e9 avec Vertikal le s\u00e9jour voile &amp; escalade en Gr\u00e8ce.<\/p>\n<p>L&rsquo;agence nous accompagne aussi sur la commercialisation du s\u00e9jour voile &amp; escalade en Sardaigne.<\/p>\n<p><a href=\"https:\/\/vertikal-voyages.fr\/sejour\/voile-escalade-dans-le-peloponnese\/\" target=\"_blank\" rel=\"noopener noreferrer\">En savoir plus<\/a><\/p>\n<p style=\"padding-left: 30px; text-align: left;\">[\/et_pb_blurb][\/et_pb_column][\/et_pb_row][et_pb_row column_structure=\u00a0\u00bb1_2,1_2&Prime; _builder_version=\u00a0\u00bb4.16&Prime; global_colors_info=\u00a0\u00bb{}\u00a0\u00bb][et_pb_column type=\u00a0\u00bb1_2&Prime; _builder_version=\u00a0\u00bb4.16&Prime; global_colors_info=\u00a0\u00bb{}\u00a0\u00bb][et_pb_blurb title=\u00a0\u00bbGlobe Sailor\u00a0\u00bb image=\u00a0\u00bbhttps:\/\/voile-escalade.com\/vertigoblue\/wp-content\/uploads\/2022\/08\/logo_globesailor.jpg\u00a0\u00bb alt=\u00a0\u00bbAndrea, un sourire radieux, sous le soleil chaud de la tomb\u00e9e du soir en Sicile, \u00e0 San Vito Lo Capo. Photo: Vertigo Blue\u00a0\u00bb image_icon_width_tablet=\u00a0\u00bb100%\u00a0\u00bb image_icon_width_phone=\u00a0\u00bb100%\u00a0\u00bb image_icon_width_last_edited=\u00a0\u00bbon|tablet\u00a0\u00bb content_max_width_tablet=\u00a0\u00bb604px\u00a0\u00bb content_max_width_phone=\u00a0\u00bb\u00a0\u00bb content_max_width_last_edited=\u00a0\u00bbon|tablet\u00a0\u00bb admin_label=\u00a0\u00bbGlobe Sailor img + txt\u00a0\u00bb _builder_version=\u00a0\u00bb4.20.2&Prime; header_font=\u00a0\u00bbOswald|on||on|\u00a0\u00bb header_font_size=\u00a0\u00bb24px\u00a0\u00bb body_font=\u00a0\u00bbRoboto||||\u00a0\u00bb body_text_align=\u00a0\u00bbleft\u00a0\u00bb body_text_color=\u00a0\u00bbrgba(0,0,0,0.38)\u00a0\u00bb body_font_size=\u00a0\u00bb16px\u00a0\u00bb text_orientation=\u00a0\u00bbcenter\u00a0\u00bb width_tablet=\u00a0\u00bb\u00a0\u00bb width_phone=\u00a0\u00bb\u00a0\u00bb width_last_edited=\u00a0\u00bbon|tablet\u00a0\u00bb max_width_tablet=\u00a0\u00bb\u00a0\u00bb max_width_phone=\u00a0\u00bb\u00a0\u00bb max_width_last_edited=\u00a0\u00bbon|tablet\u00a0\u00bb custom_margin=\u00a0\u00bb|4px||0px|false|false\u00a0\u00bb custom_margin_tablet=\u00a0\u00bb|4px|||false|false\u00a0\u00bb custom_margin_phone=\u00a0\u00bb\u00a0\u00bb custom_margin_last_edited=\u00a0\u00bbon|tablet\u00a0\u00bb custom_padding=\u00a0\u00bb|1px||13px|false|false\u00a0\u00bb animation_style=\u00a0\u00bbzoom\u00a0\u00bb animation_duration=\u00a0\u00bb0ms\u00a0\u00bb animation_intensity_zoom=\u00a0\u00bb0%\u00a0\u00bb animation_speed_curve=\u00a0\u00bblinear\u00a0\u00bb animation=\u00a0\u00bboff\u00a0\u00bb box_shadow_style=\u00a0\u00bbpreset3&Prime; image_max_width_tablet=\u00a0\u00bb100%\u00a0\u00bb image_max_width_phone=\u00a0\u00bb\u00a0\u00bb image_max_width_last_edited=\u00a0\u00bbon|tablet\u00a0\u00bb locked=\u00a0\u00bboff\u00a0\u00bb global_colors_info=\u00a0\u00bb{}\u00a0\u00bb]<\/p>\n<p>Acteur majeur de la location de voilier, Globe Sailor revend nos s\u00e9jours en Sardaigne.<\/p>\n<p><a href=\"https:\/\/www.globesailor.fr\/croisiere-rando-sardaigne-cp259.html?p=683\" target=\"_blank\" rel=\"noopener noreferrer\">En savoir plus<\/a><\/p>\n<p style=\"padding-left: 30px; text-align: left;\">[\/et_pb_blurb][et_pb_blurb title=\u00a0\u00bbExp\u00e93&Prime; image=\u00a0\u00bbhttps:\/\/voile-escalade.com\/vertigoblue\/wp-content\/uploads\/2022\/08\/logo-expe3.png\u00a0\u00bb alt=\u00a0\u00bbAndrea, un sourire radieux, sous le soleil chaud de la tomb\u00e9e du soir en Sicile, \u00e0 San Vito Lo Capo. Photo: Vertigo Blue\u00a0\u00bb image_icon_width_tablet=\u00a0\u00bb100%\u00a0\u00bb image_icon_width_phone=\u00a0\u00bb100%\u00a0\u00bb image_icon_width_last_edited=\u00a0\u00bbon|tablet\u00a0\u00bb content_max_width_tablet=\u00a0\u00bb604px\u00a0\u00bb content_max_width_phone=\u00a0\u00bb\u00a0\u00bb content_max_width_last_edited=\u00a0\u00bbon|tablet\u00a0\u00bb disabled_on=\u00a0\u00bbon|on|on\u00a0\u00bb admin_label=\u00a0\u00bbExpe3 img + txt\u00a0\u00bb _builder_version=\u00a0\u00bb4.16&Prime; header_font=\u00a0\u00bbOswald|on||on|\u00a0\u00bb header_font_size=\u00a0\u00bb24px\u00a0\u00bb body_font=\u00a0\u00bbRoboto||||\u00a0\u00bb body_text_align=\u00a0\u00bbleft\u00a0\u00bb body_text_color=\u00a0\u00bbrgba(0,0,0,0.38)\u00a0\u00bb body_font_size=\u00a0\u00bb16px\u00a0\u00bb text_orientation=\u00a0\u00bbcenter\u00a0\u00bb width_tablet=\u00a0\u00bb\u00a0\u00bb width_phone=\u00a0\u00bb\u00a0\u00bb width_last_edited=\u00a0\u00bbon|tablet\u00a0\u00bb max_width_tablet=\u00a0\u00bb\u00a0\u00bb max_width_phone=\u00a0\u00bb\u00a0\u00bb max_width_last_edited=\u00a0\u00bbon|tablet\u00a0\u00bb custom_margin=\u00a0\u00bb|4px|||false|false\u00a0\u00bb custom_margin_tablet=\u00a0\u00bb|4px|||false|false\u00a0\u00bb custom_margin_phone=\u00a0\u00bb\u00a0\u00bb custom_margin_last_edited=\u00a0\u00bbon|tablet\u00a0\u00bb custom_padding=\u00a0\u00bb|1px||8px|false|false\u00a0\u00bb animation_style=\u00a0\u00bbzoom\u00a0\u00bb animation_duration=\u00a0\u00bb0ms\u00a0\u00bb animation_intensity_zoom=\u00a0\u00bb0%\u00a0\u00bb animation_speed_curve=\u00a0\u00bblinear\u00a0\u00bb animation=\u00a0\u00bboff\u00a0\u00bb box_shadow_style=\u00a0\u00bbpreset3&Prime; image_max_width_tablet=\u00a0\u00bb100%\u00a0\u00bb image_max_width_phone=\u00a0\u00bb\u00a0\u00bb image_max_width_last_edited=\u00a0\u00bbon|tablet\u00a0\u00bb disabled=\u00a0\u00bbon\u00a0\u00bb locked=\u00a0\u00bboff\u00a0\u00bb global_colors_info=\u00a0\u00bb{}\u00a0\u00bb]<\/p>\n<p>Agence sp\u00e9cialis\u00e9e dans les voyages d&rsquo;aventure, Exp\u00e93 revend tous nos s\u00e9jours depuis 2022<\/p>\n<p><a href=\"https:\/\/www.expe3.com\/fr\/product\/expe3-explorer-la-sicile-autrement-voile-escalade-1610.html\" target=\"_blank\" rel=\"noopener noreferrer\">En savoir plus<\/a><\/p>\n<p style=\"padding-left: 30px; text-align: left;\">[\/et_pb_blurb][\/et_pb_column][et_pb_column type=\u00a0\u00bb1_2&Prime; _builder_version=\u00a0\u00bb4.16&Prime; global_colors_info=\u00a0\u00bb{}\u00a0\u00bb][et_pb_blurb title=\u00a0\u00bbChilowe\u00a0\u00bb alt=\u00a0\u00bbAndrea, un sourire radieux, sous le soleil chaud de la tomb\u00e9e du soir en Sicile, \u00e0 San Vito Lo Capo. Photo: Vertigo Blue\u00a0\u00bb image_icon_width_tablet=\u00a0\u00bb100%\u00a0\u00bb image_icon_width_phone=\u00a0\u00bb100%\u00a0\u00bb image_icon_width_last_edited=\u00a0\u00bbon|tablet\u00a0\u00bb content_max_width_tablet=\u00a0\u00bb604px\u00a0\u00bb content_max_width_phone=\u00a0\u00bb\u00a0\u00bb content_max_width_last_edited=\u00a0\u00bbon|tablet\u00a0\u00bb disabled_on=\u00a0\u00bboff|off|off\u00a0\u00bb admin_label=\u00a0\u00bbChilowe img + txt\u00a0\u00bb _builder_version=\u00a0\u00bb4.20.2&Prime; header_font=\u00a0\u00bbOswald|on||on|\u00a0\u00bb header_font_size=\u00a0\u00bb24px\u00a0\u00bb body_font=\u00a0\u00bbRoboto||||\u00a0\u00bb body_text_align=\u00a0\u00bbleft\u00a0\u00bb body_text_color=\u00a0\u00bbrgba(0,0,0,0.38)\u00a0\u00bb body_font_size=\u00a0\u00bb16px\u00a0\u00bb text_orientation=\u00a0\u00bbcenter\u00a0\u00bb width_tablet=\u00a0\u00bb\u00a0\u00bb width_phone=\u00a0\u00bb\u00a0\u00bb width_last_edited=\u00a0\u00bbon|tablet\u00a0\u00bb max_width_tablet=\u00a0\u00bb\u00a0\u00bb max_width_phone=\u00a0\u00bb\u00a0\u00bb max_width_last_edited=\u00a0\u00bbon|tablet\u00a0\u00bb custom_margin=\u00a0\u00bb|4px|||false|false\u00a0\u00bb custom_margin_tablet=\u00a0\u00bb|4px|||false|false\u00a0\u00bb custom_margin_phone=\u00a0\u00bb\u00a0\u00bb custom_margin_last_edited=\u00a0\u00bbon|tablet\u00a0\u00bb custom_padding=\u00a0\u00bb|1px||9px|false|false\u00a0\u00bb animation_style=\u00a0\u00bbzoom\u00a0\u00bb animation_duration=\u00a0\u00bb0ms\u00a0\u00bb animation_intensity_zoom=\u00a0\u00bb0%\u00a0\u00bb animation_speed_curve=\u00a0\u00bblinear\u00a0\u00bb animation=\u00a0\u00bboff\u00a0\u00bb hover_enabled=\u00a0\u00bb0&Prime; box_shadow_style=\u00a0\u00bbpreset3&Prime; image_max_width_tablet=\u00a0\u00bb100%\u00a0\u00bb image_max_width_phone=\u00a0\u00bb\u00a0\u00bb image_max_width_last_edited=\u00a0\u00bbon|tablet\u00a0\u00bb locked=\u00a0\u00bboff\u00a0\u00bb global_colors_info=\u00a0\u00bb{}\u00a0\u00bb title_text=\u00a0\u00bbchilowe\u00a0\u00bb image=\u00a0\u00bbhttps:\/\/voile-escalade.com\/vertigoblue\/wp-content\/uploads\/2024\/11\/chilowe.png\u00a0\u00bb sticky_enabled=\u00a0\u00bb0&Prime;]<\/p>\n<p>Le Club Chilow\u00e9, notre partenaire depuis 2023, est un&rsquo;agence de voyages d\u2019aventure pour tous les amoureux de nature qui souhaitent vivre des aventures hors-du-commun sans prendre l\u2019avion. Il proposent des aventures en petits groupes et accompagn\u00e9s d\u2019un guide local, dans les plus belles r\u00e9gions de France, et d\u2019Europe, tant que cela reste facilement accessible en train.<\/p>\n<p><a href=\"https:\/\/club.chilowe.com\/voyages\/activites\/escalade\/voile-et-escalade-dans-les-calanques\/\" target=\"_blank\" rel=\"noopener noreferrer\">En savoir plus<\/a><\/p>\n<p style=\"padding-left: 30px; text-align: left;\">[\/et_pb_blurb][\/et_pb_column][\/et_pb_row][\/et_pb_section]<\/p>\n","protected":false},"excerpt":{"rendered":"<p>La team Vertigo BlueN\u00e9 en 1985 \u00e0 sur la c\u00f4te italienne de l\u2019Adriatique, il s\u2019expatrie en Allemagne puis \u00e0 Barcelone pour suivre des \u00e9tudes scientifiques. L\u00e0-bas, il d\u00e9couvre simultan\u00e9ment la voile et l\u2019escalade. De premi\u00e8res petites croisi\u00e8res vers les Bal\u00e9ares en sorties grimpe sur le Montserrat, ses passions grandissent et l\u2019am\u00e8ne \u00e0 voyager de plus [&hellip;]<\/p>\n","protected":false},"author":2,"featured_media":0,"parent":0,"menu_order":0,"comment_status":"closed","ping_status":"closed","template":"","meta":{"_et_pb_use_builder":"on","_et_pb_old_content":"","_et_gb_content_width":""},"yoast_head":"<!-- This site is optimized with the Yoast SEO plugin v20.2.1 - https:\/\/yoast.com\/wordpress\/plugins\/seo\/ -->\n<title>Qui sommes-nous? - Voile et escalade en M\u00e9diterran\u00e9e<\/title>\n<meta name=\"robots\" content=\"index, follow, max-snippet:-1, max-image-preview:large, max-video-preview:-1\" \/>\n<link rel=\"canonical\" href=\"https:\/\/voile-escalade.com\/vertigoblue\/qui-sommes-nous\/\" \/>\n<meta property=\"og:locale\" content=\"fr_FR\" \/>\n<meta property=\"og:type\" content=\"article\" \/>\n<meta property=\"og:title\" content=\"Qui sommes-nous? - Voile et escalade en M\u00e9diterran\u00e9e\" \/>\n<meta property=\"og:description\" content=\"La team Vertigo BlueN\u00e9 en 1985 \u00e0 sur la c\u00f4te italienne de l\u2019Adriatique, il s\u2019expatrie en Allemagne puis \u00e0 Barcelone pour suivre des \u00e9tudes scientifiques. L\u00e0-bas, il d\u00e9couvre simultan\u00e9ment la voile et l\u2019escalade. De premi\u00e8res petites croisi\u00e8res vers les Bal\u00e9ares en sorties grimpe sur le Montserrat, ses passions grandissent et l\u2019am\u00e8ne \u00e0 voyager de plus [&hellip;]\" \/>\n<meta property=\"og:url\" content=\"https:\/\/voile-escalade.com\/vertigoblue\/qui-sommes-nous\/\" \/>\n<meta property=\"og:site_name\" content=\"Voile et escalade en M\u00e9diterran\u00e9e\" \/>\n<meta property=\"article:modified_time\" content=\"2024-11-25T17:41:47+00:00\" \/>\n<meta name=\"twitter:card\" content=\"summary_large_image\" \/>\n<meta name=\"twitter:label1\" content=\"Dur\u00e9e de lecture estim\u00e9e\" \/>\n\t<meta name=\"twitter:data1\" content=\"10 minutes\" \/>\n<script type=\"application\/ld+json\" class=\"yoast-schema-graph\">{\"@context\":\"https:\/\/schema.org\",\"@graph\":[{\"@type\":\"WebPage\",\"@id\":\"https:\/\/voile-escalade.com\/vertigoblue\/qui-sommes-nous\/\",\"url\":\"https:\/\/voile-escalade.com\/vertigoblue\/qui-sommes-nous\/\",\"name\":\"Qui sommes-nous? - Voile et escalade en M\u00e9diterran\u00e9e\",\"isPartOf\":{\"@id\":\"https:\/\/voile-escalade.com\/vertigoblue\/#website\"},\"datePublished\":\"2021-02-22T12:07:25+00:00\",\"dateModified\":\"2024-11-25T17:41:47+00:00\",\"breadcrumb\":{\"@id\":\"https:\/\/voile-escalade.com\/vertigoblue\/qui-sommes-nous\/#breadcrumb\"},\"inLanguage\":\"fr-FR\",\"potentialAction\":[{\"@type\":\"ReadAction\",\"target\":[\"https:\/\/voile-escalade.com\/vertigoblue\/qui-sommes-nous\/\"]}]},{\"@type\":\"BreadcrumbList\",\"@id\":\"https:\/\/voile-escalade.com\/vertigoblue\/qui-sommes-nous\/#breadcrumb\",\"itemListElement\":[{\"@type\":\"ListItem\",\"position\":1,\"name\":\"Accueil\",\"item\":\"https:\/\/voile-escalade.com\/vertigoblue\/\"},{\"@type\":\"ListItem\",\"position\":2,\"name\":\"Qui sommes-nous?\"}]},{\"@type\":\"WebSite\",\"@id\":\"https:\/\/voile-escalade.com\/vertigoblue\/#website\",\"url\":\"https:\/\/voile-escalade.com\/vertigoblue\/\",\"name\":\"Voile et escalade en M\u00e9diterran\u00e9e\",\"description\":\"Voyages sportifs voile et escalade\",\"potentialAction\":[{\"@type\":\"SearchAction\",\"target\":{\"@type\":\"EntryPoint\",\"urlTemplate\":\"https:\/\/voile-escalade.com\/vertigoblue\/?s={search_term_string}\"},\"query-input\":\"required name=search_term_string\"}],\"inLanguage\":\"fr-FR\"}]}<\/script>\n<!-- \/ Yoast SEO plugin. -->","yoast_head_json":{"title":"Qui sommes-nous? - Voile et escalade en M\u00e9diterran\u00e9e","robots":{"index":"index","follow":"follow","max-snippet":"max-snippet:-1","max-image-preview":"max-image-preview:large","max-video-preview":"max-video-preview:-1"},"canonical":"https:\/\/voile-escalade.com\/vertigoblue\/qui-sommes-nous\/","og_locale":"fr_FR","og_type":"article","og_title":"Qui sommes-nous? - Voile et escalade en M\u00e9diterran\u00e9e","og_description":"La team Vertigo BlueN\u00e9 en 1985 \u00e0 sur la c\u00f4te italienne de l\u2019Adriatique, il s\u2019expatrie en Allemagne puis \u00e0 Barcelone pour suivre des \u00e9tudes scientifiques. L\u00e0-bas, il d\u00e9couvre simultan\u00e9ment la voile et l\u2019escalade. De premi\u00e8res petites croisi\u00e8res vers les Bal\u00e9ares en sorties grimpe sur le Montserrat, ses passions grandissent et l\u2019am\u00e8ne \u00e0 voyager de plus [&hellip;]","og_url":"https:\/\/voile-escalade.com\/vertigoblue\/qui-sommes-nous\/","og_site_name":"Voile et escalade en M\u00e9diterran\u00e9e","article_modified_time":"2024-11-25T17:41:47+00:00","twitter_card":"summary_large_image","twitter_misc":{"Dur\u00e9e de lecture estim\u00e9e":"10 minutes"},"schema":{"@context":"https:\/\/schema.org","@graph":[{"@type":"WebPage","@id":"https:\/\/voile-escalade.com\/vertigoblue\/qui-sommes-nous\/","url":"https:\/\/voile-escalade.com\/vertigoblue\/qui-sommes-nous\/","name":"Qui sommes-nous? - Voile et escalade en M\u00e9diterran\u00e9e","isPartOf":{"@id":"https:\/\/voile-escalade.com\/vertigoblue\/#website"},"datePublished":"2021-02-22T12:07:25+00:00","dateModified":"2024-11-25T17:41:47+00:00","breadcrumb":{"@id":"https:\/\/voile-escalade.com\/vertigoblue\/qui-sommes-nous\/#breadcrumb"},"inLanguage":"fr-FR","potentialAction":[{"@type":"ReadAction","target":["https:\/\/voile-escalade.com\/vertigoblue\/qui-sommes-nous\/"]}]},{"@type":"BreadcrumbList","@id":"https:\/\/voile-escalade.com\/vertigoblue\/qui-sommes-nous\/#breadcrumb","itemListElement":[{"@type":"ListItem","position":1,"name":"Accueil","item":"https:\/\/voile-escalade.com\/vertigoblue\/"},{"@type":"ListItem","position":2,"name":"Qui sommes-nous?"}]},{"@type":"WebSite","@id":"https:\/\/voile-escalade.com\/vertigoblue\/#website","url":"https:\/\/voile-escalade.com\/vertigoblue\/","name":"Voile et escalade en M\u00e9diterran\u00e9e","description":"Voyages sportifs voile et escalade","potentialAction":[{"@type":"SearchAction","target":{"@type":"EntryPoint","urlTemplate":"https:\/\/voile-escalade.com\/vertigoblue\/?s={search_term_string}"},"query-input":"required name=search_term_string"}],"inLanguage":"fr-FR"}]}},"_links":{"self":[{"href":"https:\/\/voile-escalade.com\/vertigoblue\/wp-json\/wp\/v2\/pages\/1586"}],"collection":[{"href":"https:\/\/voile-escalade.com\/vertigoblue\/wp-json\/wp\/v2\/pages"}],"about":[{"href":"https:\/\/voile-escalade.com\/vertigoblue\/wp-json\/wp\/v2\/types\/page"}],"author":[{"embeddable":true,"href":"https:\/\/voile-escalade.com\/vertigoblue\/wp-json\/wp\/v2\/users\/2"}],"replies":[{"embeddable":true,"href":"https:\/\/voile-escalade.com\/vertigoblue\/wp-json\/wp\/v2\/comments?post=1586"}],"version-history":[{"count":61,"href":"https:\/\/voile-escalade.com\/vertigoblue\/wp-json\/wp\/v2\/pages\/1586\/revisions"}],"predecessor-version":[{"id":2988,"href":"https:\/\/voile-escalade.com\/vertigoblue\/wp-json\/wp\/v2\/pages\/1586\/revisions\/2988"}],"wp:attachment":[{"href":"https:\/\/voile-escalade.com\/vertigoblue\/wp-json\/wp\/v2\/media?parent=1586"}],"curies":[{"name":"wp","href":"https:\/\/api.w.org\/{rel}","templated":true}]}}