{"id":1463,"date":"2020-12-20T15:15:28","date_gmt":"2020-12-20T14:15:28","guid":{"rendered":"https:\/\/voile-escalade.com\/vertigoblue\/?page_id=1463"},"modified":"2022-10-29T14:50:51","modified_gmt":"2022-10-29T12:50:51","slug":"voile-sport-et-nature","status":"publish","type":"page","link":"https:\/\/voile-escalade.com\/vertigoblue\/voile-sport-et-nature\/","title":{"rendered":"Voile sport et nature"},"content":{"rendered":"<p>[et_pb_section fb_built=\u00a0\u00bb1&Prime; fullwidth=\u00a0\u00bbon\u00a0\u00bb admin_label=\u00a0\u00bbSection\u00a0\u00bb _builder_version=\u00a0\u00bb4.3.4&Prime;][et_pb_fullwidth_header title=\u00a0\u00bbVoile, Sport &#038; Nature\u00a0\u00bb subhead=\u00a0\u00bbUn s\u00e9jour en voilier privatis\u00e9, 100% personnalisable!\u00a0\u00bb text_orientation=\u00a0\u00bbcenter\u00a0\u00bb button_one_url=\u00a0\u00bb#destinations-corse\u00a0\u00bb button_two_url=\u00a0\u00bb#destinationseurope\u00a0\u00bb admin_label=\u00a0\u00bbEn-t\u00eate plein \u00e9cran\u00a0\u00bb _builder_version=\u00a0\u00bb4.3.4&Prime; title_font=\u00a0\u00bb|700|||||||\u00a0\u00bb subhead_font_size=\u00a0\u00bb22px\u00a0\u00bb background_enable_color=\u00a0\u00bboff\u00a0\u00bb background_image=\u00a0\u00bbhttps:\/\/voile-escalade.com\/vertigoblue\/wp-content\/uploads\/2021\/01\/Rocca-Pina-Corsica-vela.jpg\u00a0\u00bb][\/et_pb_fullwidth_header][\/et_pb_section][et_pb_section fb_built=\u00a0\u00bb1&Prime; custom_padding_last_edited=\u00a0\u00bbon|tablet\u00a0\u00bb admin_label=\u00a0\u00bbImage sejour sardaigne voile escalade\u00a0\u00bb _builder_version=\u00a0\u00bb4.3.4&Prime; custom_padding=\u00a0\u00bb59px||29px|||\u00a0\u00bb custom_padding_tablet=\u00a0\u00bb60px|||\u00a0\u00bb custom_padding_phone=\u00a0\u00bb\u00a0\u00bb][et_pb_row column_structure=\u00a0\u00bb1_2,1_2&Prime; _builder_version=\u00a0\u00bb4.3.4&Prime;][et_pb_column type=\u00a0\u00bb1_2&Prime; _builder_version=\u00a0\u00bb4.3.4&Prime;][et_pb_image src=\u00a0\u00bbhttps:\/\/voile-escalade.com\/vertigoblue\/wp-content\/uploads\/2021\/01\/Corse-en-voilier.jpg\u00a0\u00bb _builder_version=\u00a0\u00bb4.3.4&Prime;][\/et_pb_image][\/et_pb_column][et_pb_column type=\u00a0\u00bb1_2&Prime; _builder_version=\u00a0\u00bb4.3.4&Prime;][et_pb_image src=\u00a0\u00bbhttps:\/\/voile-escalade.com\/vertigoblue\/wp-content\/uploads\/2021\/01\/corse-crique-sauvage-eau-turquoise-vertigo-blue.jpg\u00a0\u00bb align=\u00a0\u00bbright\u00a0\u00bb _builder_version=\u00a0\u00bb4.3.4&Prime;][\/et_pb_image][\/et_pb_column][\/et_pb_row][\/et_pb_section][et_pb_section fb_built=\u00a0\u00bb1&Prime; custom_padding_last_edited=\u00a0\u00bbon|tablet\u00a0\u00bb admin_label=\u00a0\u00bbsardaigne Voile Escalade d\u00e9tails \u00a0\u00bb module_id=\u00a0\u00bbdestinationseurope\u00a0\u00bb module_class=\u00a0\u00bbdc_inverser_colonnes-section\u00a0\u00bb _builder_version=\u00a0\u00bb4.3.4&Prime; custom_padding=\u00a0\u00bb59px||29px|||\u00a0\u00bb custom_padding_tablet=\u00a0\u00bb60px|||\u00a0\u00bb custom_padding_phone=\u00a0\u00bb\u00a0\u00bb][et_pb_row column_structure=\u00a0\u00bb1_2,1_2&Prime; admin_label=\u00a0\u00bbprogramme\u00a0\u00bb module_id=\u00a0\u00bbdestinationssardaigne\u00a0\u00bb _builder_version=\u00a0\u00bb4.3.4&Prime; background_size=\u00a0\u00bbinitial\u00a0\u00bb background_position=\u00a0\u00bbtop_left\u00a0\u00bb background_repeat=\u00a0\u00bbrepeat\u00a0\u00bb module_alignment=\u00a0\u00bbcenter\u00a0\u00bb][et_pb_column type=\u00a0\u00bb1_2&Prime; _builder_version=\u00a0\u00bb4.3.4&Prime; custom_padding=\u00a0\u00bb|||\u00a0\u00bb custom_padding__hover=\u00a0\u00bb|||\u00a0\u00bb][et_pb_text admin_label=\u00a0\u00bbTitre programme\u00a0\u00bb _builder_version=\u00a0\u00bb4.3.4&Prime; text_font=\u00a0\u00bb||||\u00a0\u00bb text_text_color=\u00a0\u00bb#1a1a1a\u00a0\u00bb header_font=\u00a0\u00bbOswald|on||on|\u00a0\u00bb header_text_align=\u00a0\u00bbleft\u00a0\u00bb header_font_size=\u00a0\u00bb44px\u00a0\u00bb header_line_height=\u00a0\u00bb1.3em\u00a0\u00bb background_size=\u00a0\u00bbinitial\u00a0\u00bb background_position=\u00a0\u00bbtop_left\u00a0\u00bb background_repeat=\u00a0\u00bbrepeat\u00a0\u00bb max_width=\u00a0\u00bb450px\u00a0\u00bb custom_margin=\u00a0\u00bb|||\u00a0\u00bb custom_padding=\u00a0\u00bb|||\u00a0\u00bb animation_style=\u00a0\u00bbslide\u00a0\u00bb animation_direction=\u00a0\u00bbtop\u00a0\u00bb animation_intensity_slide=\u00a0\u00bb10%\u00a0\u00bb header_font_size_tablet=\u00a0\u00bb39px\u00a0\u00bb header_font_size_phone=\u00a0\u00bb35px\u00a0\u00bb header_font_size_last_edited=\u00a0\u00bbon|phone\u00a0\u00bb locked=\u00a0\u00bboff\u00a0\u00bb]<\/p>\n<h1>Le Programme <\/h1>\n<p>[\/et_pb_text][et_pb_divider color=\u00a0\u00bb#0c71c3&Prime; divider_position=\u00a0\u00bbcenter\u00a0\u00bb divider_weight=\u00a0\u00bb3px\u00a0\u00bb disabled_on=\u00a0\u00bboff|off|off%22&Prime; admin_label=\u00a0\u00bbS\u00e9parateur\u00a0\u00bb _builder_version=\u00a0\u00bb4.3.4&Prime; max_width=\u00a0\u00bb150px\u00a0\u00bb height=\u00a0\u00bbfalse\u00a0\u00bb custom_margin=\u00a0\u00bb30px|||\u00a0\u00bb animation_style=\u00a0\u00bbslide\u00a0\u00bb animation_direction=\u00a0\u00bbtop\u00a0\u00bb animation_delay=\u00a0\u00bb100ms\u00a0\u00bb animation_intensity_slide=\u00a0\u00bb10%\u00a0\u00bb locked=\u00a0\u00bboff\u00a0\u00bb][\/et_pb_divider][et_pb_text admin_label=\u00a0\u00bbTexte programme \u00a0\u00bb _builder_version=\u00a0\u00bb4.3.4&Prime; text_font=\u00a0\u00bbRoboto|300|||||||\u00a0\u00bb text_font_size=\u00a0\u00bb16px\u00a0\u00bb text_line_height=\u00a0\u00bb1.9em\u00a0\u00bb background_size=\u00a0\u00bbinitial\u00a0\u00bb background_position=\u00a0\u00bbtop_left\u00a0\u00bb background_repeat=\u00a0\u00bbrepeat\u00a0\u00bb max_width=\u00a0\u00bb450px\u00a0\u00bb custom_margin=\u00a0\u00bb17px||2px|||\u00a0\u00bb custom_padding=\u00a0\u00bb||0px|||\u00a0\u00bb animation_style=\u00a0\u00bbslide\u00a0\u00bb animation_direction=\u00a0\u00bbtop\u00a0\u00bb animation_delay=\u00a0\u00bb400ms\u00a0\u00bb animation_intensity_slide=\u00a0\u00bb4%\u00a0\u00bb locked=\u00a0\u00bboff\u00a0\u00bb]<\/p>\n<p><strong>D\u00e9couvrez la M\u00e9diterran\u00e9e \u00e0 bord d&rsquo;un voilier durant une semaine de croisi\u00e8re d\u00e9couverte, sportive et en pleine nature !<\/strong><\/p>\n<p>Nous nous adaptons \u00e0 vos attentes et \u00e0 votre niveau, en construisant ensemble l&rsquo;itin\u00e9raire et le programme de votre s\u00e9jour.<\/p>\n<p>Nous choisissons avec vous une destination adapt\u00e9e \u00e0 vos attentes, \u00e0 la saison de votre d\u00e9part et aux activit\u00e9s que vous souhaitez pratiquer lors des escales \u00e0 terre: randonn\u00e9e, v\u00e9lo, baignade, plong\u00e9e, escalade, canyoning, windsurf, kayak, d\u00e9tente\u2026.<\/p>\n<p><strong>Ce voyage vous invite \u00e0 d\u00e9couvrir ou red\u00e9couvrir la M\u00e9diterran\u00e9e, de mani\u00e8re active depuis la mer comme \u00e0 terre.<\/strong><\/p>\n<p>[\/et_pb_text][\/et_pb_column][et_pb_column type=\u00a0\u00bb1_2&Prime; _builder_version=\u00a0\u00bb4.3.4&Prime;][et_pb_text admin_label=\u00a0\u00bbTexte infos cl\u00e9s\u00a0\u00bb _builder_version=\u00a0\u00bb4.3.4&Prime; background_color=\u00a0\u00bb#6fc8ce\u00a0\u00bb custom_padding=\u00a0\u00bb||0px|21px||\u00a0\u00bb link_option_url_new_window=\u00a0\u00bbon\u00a0\u00bb]<\/p>\n<h4>\u00a0<\/h4>\n<h4 style=\"text-align: center;\"><span style=\"text-decoration: underline;\"><strong>Infos Cl\u00e9s<br \/><\/strong><\/span><\/h4>\n<p style=\"text-align: center;\"><strong>D\u00e9parts sur demande<\/strong><\/p>\n<ul>\n<li style=\"text-align: left;\">\n<h5>S\u00e9jours de 7 ou 14 jours<\/h5>\n<\/li>\n<li style=\"text-align: left;\">\n<h5>A partir de 3400\u20ac \/ semaine (bateau entier)<\/h5>\n<\/li>\n<li style=\"text-align: left;\">\n<h5>Multi-activit\u00e9s<\/h5>\n<\/li>\n<\/ul>\n<ul>\n<li style=\"text-align: left;\">\n<h5>Jusqu&rsquo;\u00e0 6 personnes<\/h5>\n<\/li>\n<li style=\"text-align: left;\">\n<h5>H\u00e9bergement \u00e0 bord du voilier, en cabine partag\u00e9e<\/h5>\n<\/li>\n<li style=\"text-align: left;\">\n<h5>Repas pr\u00e9par\u00e9s \u00e0 bord<\/h5>\n<\/li>\n<\/ul>\n<p style=\"text-align: center;\">\n<p>[\/et_pb_text][et_pb_text admin_label=\u00a0\u00bbTexte terrain de jeu\u00a0\u00bb _builder_version=\u00a0\u00bb4.3.4&Prime; background_color=\u00a0\u00bb#6fc8ce\u00a0\u00bb custom_padding=\u00a0\u00bb|19px|0px|21px||\u00a0\u00bb]<\/p>\n<h4>\u00a0<\/h4>\n<h4 style=\"text-align: center;\"><span style=\"text-decoration: underline;\"><strong>Le Terrain de jeu<br \/><\/strong><\/span><\/h4>\n<p style=\"text-align: center;\"><strong>Plusieurs zones de navigations possibles:<\/strong><\/p>\n<ul>\n<li style=\"text-align: left;\">\n<h5>La Corse<\/h5>\n<\/li>\n<li style=\"text-align: left;\">\n<h5>La Sardaigne<\/h5>\n<\/li>\n<li style=\"text-align: left;\">\n<h5>La Gr\u00e8ce<\/h5>\n<\/li>\n<li>\n<h5>La Croatie<\/h5>\n<\/li>\n<\/ul>\n<ul>\n<li style=\"text-align: left;\">\n<h5>L&rsquo;\u00cele d&rsquo;Elbe<\/h5>\n<\/li>\n<li>\n<h5>La Sicile<\/h5>\n<\/li>\n<li>\n<h5>Et toute autre destination en M\u00e9diterran\u00e9e, sur demande.<\/h5>\n<\/li>\n<\/ul>\n<p style=\"text-align: center;\">[\/et_pb_text][et_pb_button button_url=\u00a0\u00bbhttps:\/\/voile-escalade.com\/vertigoblue\/contact\/\u00a0\u00bb url_new_window=\u00a0\u00bbon\u00a0\u00bb button_text=\u00a0\u00bbConstruire votre s\u00e9jour\u00a0\u00bb button_alignment=\u00a0\u00bbcenter\u00a0\u00bb admin_label=\u00a0\u00bbBouton reserver option\u00a0\u00bb _builder_version=\u00a0\u00bb4.3.4&Prime; hover_enabled=\u00a0\u00bb0&Prime;][\/et_pb_button][et_pb_button button_url=\u00a0\u00bbhttps:\/\/voile-escalade.com\/vertigoblue\/prochains-departs\/\u00a0\u00bb url_new_window=\u00a0\u00bbon\u00a0\u00bb button_text=\u00a0\u00bbDates &#038; disponibilit\u00e9s\u00a0\u00bb button_alignment=\u00a0\u00bbcenter\u00a0\u00bb admin_label=\u00a0\u00bbBouton dates et tarifs\u00a0\u00bb _builder_version=\u00a0\u00bb4.3.4&Prime; hover_enabled=\u00a0\u00bb0&Prime;][\/et_pb_button][\/et_pb_column][\/et_pb_row][et_pb_row _builder_version=\u00a0\u00bb4.3.4&Prime;][et_pb_column type=\u00a0\u00bb4_4&Prime; _builder_version=\u00a0\u00bb4.3.4&Prime;][et_pb_image src=\u00a0\u00bbhttps:\/\/voile-escalade.com\/vertigoblue\/wp-content\/uploads\/2021\/01\/Bonifacio-voilier-coucher-de-soleil.jpg\u00a0\u00bb _builder_version=\u00a0\u00bb4.3.4&Prime;][\/et_pb_image][\/et_pb_column][\/et_pb_row][et_pb_row column_structure=\u00a0\u00bb1_2,1_2&Prime; disabled_on=\u00a0\u00bboff|off|off\u00a0\u00bb admin_label=\u00a0\u00bbAu jour le jour titre\u00a0\u00bb module_id=\u00a0\u00bb#destinations-sicile\u00a0\u00bb module_class=\u00a0\u00bbdc_inverser_colonnes-ligne\u00a0\u00bb _builder_version=\u00a0\u00bb4.3.4&Prime; background_size=\u00a0\u00bbinitial\u00a0\u00bb background_position=\u00a0\u00bbtop_left\u00a0\u00bb background_repeat=\u00a0\u00bbrepeat\u00a0\u00bb module_alignment=\u00a0\u00bbcenter\u00a0\u00bb][et_pb_column type=\u00a0\u00bb1_2&Prime; _builder_version=\u00a0\u00bb4.3.4&Prime; custom_padding=\u00a0\u00bb|||\u00a0\u00bb custom_padding__hover=\u00a0\u00bb|||\u00a0\u00bb][et_pb_text admin_label=\u00a0\u00bbtitre au jour le jour\u00a0\u00bb _builder_version=\u00a0\u00bb4.3.4&Prime; text_font=\u00a0\u00bb||||\u00a0\u00bb text_text_color=\u00a0\u00bb#1a1a1a\u00a0\u00bb header_font=\u00a0\u00bbOswald|on||on|\u00a0\u00bb header_text_align=\u00a0\u00bbleft\u00a0\u00bb header_font_size=\u00a0\u00bb44px\u00a0\u00bb header_line_height=\u00a0\u00bb1.3em\u00a0\u00bb background_size=\u00a0\u00bbinitial\u00a0\u00bb background_position=\u00a0\u00bbtop_left\u00a0\u00bb background_repeat=\u00a0\u00bbrepeat\u00a0\u00bb max_width=\u00a0\u00bb450px\u00a0\u00bb custom_margin=\u00a0\u00bb|||\u00a0\u00bb custom_padding=\u00a0\u00bb|||\u00a0\u00bb animation_style=\u00a0\u00bbslide\u00a0\u00bb animation_direction=\u00a0\u00bbtop\u00a0\u00bb animation_intensity_slide=\u00a0\u00bb10%\u00a0\u00bb header_font_size_tablet=\u00a0\u00bb39px\u00a0\u00bb header_font_size_phone=\u00a0\u00bb35px\u00a0\u00bb header_font_size_last_edited=\u00a0\u00bbon|phone\u00a0\u00bb locked=\u00a0\u00bboff\u00a0\u00bb]<\/p>\n<h1>Au jour le jour<\/h1>\n<p>[\/et_pb_text][et_pb_divider color=\u00a0\u00bb#0c71c3&Prime; divider_position=\u00a0\u00bbcenter\u00a0\u00bb divider_weight=\u00a0\u00bb3px\u00a0\u00bb disabled_on=\u00a0\u00bboff|off|off%22&Prime; admin_label=\u00a0\u00bbS\u00e9parateur\u00a0\u00bb _builder_version=\u00a0\u00bb4.3.4&Prime; max_width=\u00a0\u00bb150px\u00a0\u00bb height=\u00a0\u00bbfalse\u00a0\u00bb custom_margin=\u00a0\u00bb30px|||\u00a0\u00bb animation_style=\u00a0\u00bbslide\u00a0\u00bb animation_direction=\u00a0\u00bbtop\u00a0\u00bb animation_delay=\u00a0\u00bb100ms\u00a0\u00bb animation_intensity_slide=\u00a0\u00bb10%\u00a0\u00bb locked=\u00a0\u00bboff\u00a0\u00bb][\/et_pb_divider][\/et_pb_column][et_pb_column type=\u00a0\u00bb1_2&Prime; _builder_version=\u00a0\u00bb4.3.4&Prime;][\/et_pb_column][\/et_pb_row][et_pb_row _builder_version=\u00a0\u00bb4.3.4&Prime; width=\u00a0\u00bb100%\u00a0\u00bb][et_pb_column type=\u00a0\u00bb4_4&Prime; _builder_version=\u00a0\u00bb4.3.4&Prime;][et_pb_text admin_label=\u00a0\u00bbTexte au jour le jour\u00a0\u00bb _builder_version=\u00a0\u00bb4.3.4&Prime; text_font=\u00a0\u00bbRoboto|300|||||||\u00a0\u00bb text_font_size=\u00a0\u00bb16px\u00a0\u00bb]<\/p>\n<p><strong>Le programme est d\u00e9fini en fonction de votre projet de voyage<\/strong>, que nous construisons ensemble d\u00e8s notre premier contact et que nous affinons jusqu&rsquo;au jour du d\u00e9part.<\/p>\n<p><strong>Nous vous proposons d&rsquo;alterner les temps de navigation avec des escales \u00e0 terre<\/strong> pour vous permettre de d\u00e9couvrir la zone \u00e0 votre rythme et selon vos envies.<\/p>\n<p><strong>A bord du voilier, l\u2019objectif est de vous faire participer \u00e0 la mesure de votre niveau et de votre motivation<\/strong>. Nous ne vous laisserons en tous cas pas repartir sans vous avoir appris de nouvelles choses!<\/p>\n<p><strong>A terre, vous partez en autonomie mais nous vous conseillons sur toutes les activit\u00e9s de nature<\/strong> avant et pendant le s\u00e9jour, notamment selon les conditions m\u00e9t\u00e9os (recherche de prestataires et d&rsquo;itin\u00e9raires, organisation et logistique, \u00e9quipement \u00e0 pr\u00e9voir, etc).<\/p>\n<p>Au port comme en navigation, <strong>nous nous occupons de superviser l&rsquo;organisation de la vie quotidienne, les avitaillements<\/strong>, etc.<\/p>\n<p><strong>Voici un exemple de programme et d&rsquo;itin\u00e9raire pour un s\u00e9jour de 7 jours au d\u00e9part d&rsquo;Olbia, en Sardaigne:<\/strong><\/p>\n<p><strong><em>J1\u00a0:<\/em><\/strong> Accueil \u00e0 bord du voilier \u00e0 partir de 19h, au port de d\u00e9part. Ap\u00e9ritif de bienvenue, installation \u00e0 bord et point sur le programme de la semaine.<\/p>\n<p><strong><em>J2\u00a0:<\/em><\/strong> D\u00e9part du port le matin apr\u00e8s un petit brief s\u00e9curit\u00e9. Premi\u00e8re journ\u00e9e de navigation, l\u2019occasion pour chacun de se familiariser avec le bateau, de participer aux man\u0153uvres, de s\u2019essayer \u00e0 la barre et de d\u00e9couvrir les diff\u00e9rents outils de navigation (carte, compas, GPS \u2026). D\u00e9jeuner en navigation, arriv\u00e9e au port de La Caletta en fin de journ\u00e9e. Petit ap\u00e9ro \u00e0 terre pour ceux qui le souhaitent, et point sur cette premi\u00e8re journ\u00e9e, pour affiner les attentes de chacun pour le reste de la semaine. (30 NM)<\/p>\n<p><strong><em>J3:<\/em><\/strong> Le matin, balade et visite du village m\u00e9di\u00e9val de Posada, \u00e0 quelques kilom\u00e8tres du port seulement. Retour sur le bord de mer vers midi pour un pique-nique sur la plage. L\u2019apr\u00e8s -midi, sports nautiques au choix et selon les conditions m\u00e9t\u00e9o\u00a0: Windsurf, Kite, Stand up paddle ou encore kayak. Nuit au port.<\/p>\n<p><strong><em>J4:<\/em><\/strong> Journ\u00e9e de navigation en direction de l\u2019\u00eele de Tavolara. Conduite, r\u00e9glages des voiles ou encore suivi de la carte et exercices de positionnement\u00a0: chacun pourra s\u2019exercer aux postes souhait\u00e9s durant le trajet. Le soir, nuit au mouillage dans une crique sauvage. (20 NM)<\/p>\n<p><strong><em>J5\u00a0:<\/em><\/strong> Journ\u00e9e d\u2019excursion \u00e0 Tavolara, encadr\u00e9e par un guide local. Au programme, randonn\u00e9e et Via Ferrata sur les hauteurs de l\u2019\u00eele\u00a0! Pique nique le midi et retour au bateau en fin de journ\u00e9e. Nuit au mouillage<\/p>\n<p><strong><em>J6\u00a0:<\/em><\/strong> \u00a0Journ\u00e9e de navigation pour nous rapprocher du port de retour. Pour cette troisi\u00e8me journ\u00e9e, nous affinerons les apprentissages de chacun avec l\u2019objectif de r\u00e9aliser une partie des t\u00e2ches en autonomie\u00a0: hissage des voiles, man\u0153uvres en \u00e9quipage, r\u00e9glages des voiles ou suivi de la route et du livre de bord\u2026 le soir, nuit dans un mouillage choisi selon la m\u00e9t\u00e9o du jour, \u00e0 proximit\u00e9 du port (20 NM)<\/p>\n<p><strong><em>J7:<\/em><\/strong> D\u00e9part matinal pour une arriv\u00e9e au port avant midi. Repas \u00e0 bord et bilan de la semaine. D\u00e9barquement entre 14h et 15h. (5NM)<\/p>\n<p>[\/et_pb_text][\/et_pb_column][\/et_pb_row][et_pb_row column_structure=\u00a0\u00bb1_2,1_2&Prime; admin_label=\u00a0\u00bbtitre equipe\u00a0\u00bb module_id=\u00a0\u00bbdestinationssicile\u00a0\u00bb module_class=\u00a0\u00bbdc_inverser_colonnes-ligne\u00a0\u00bb _builder_version=\u00a0\u00bb4.3.4&Prime; background_size=\u00a0\u00bbinitial\u00a0\u00bb background_position=\u00a0\u00bbtop_left\u00a0\u00bb background_repeat=\u00a0\u00bbrepeat\u00a0\u00bb module_alignment=\u00a0\u00bbcenter\u00a0\u00bb][et_pb_column type=\u00a0\u00bb1_2&Prime; _builder_version=\u00a0\u00bb4.3.4&Prime; custom_padding=\u00a0\u00bb|||\u00a0\u00bb custom_padding__hover=\u00a0\u00bb|||\u00a0\u00bb][et_pb_text admin_label=\u00a0\u00bbTitre equipe\u00a0\u00bb _builder_version=\u00a0\u00bb4.3.4&Prime; text_font=\u00a0\u00bb||||\u00a0\u00bb text_text_color=\u00a0\u00bb#1a1a1a\u00a0\u00bb header_font=\u00a0\u00bbOswald|on||on|\u00a0\u00bb header_text_align=\u00a0\u00bbleft\u00a0\u00bb header_font_size=\u00a0\u00bb44px\u00a0\u00bb header_line_height=\u00a0\u00bb1.3em\u00a0\u00bb background_size=\u00a0\u00bbinitial\u00a0\u00bb background_position=\u00a0\u00bbtop_left\u00a0\u00bb background_repeat=\u00a0\u00bbrepeat\u00a0\u00bb max_width=\u00a0\u00bb450px\u00a0\u00bb custom_margin=\u00a0\u00bb|||\u00a0\u00bb custom_padding=\u00a0\u00bb|||\u00a0\u00bb animation_style=\u00a0\u00bbslide\u00a0\u00bb animation_direction=\u00a0\u00bbtop\u00a0\u00bb animation_intensity_slide=\u00a0\u00bb10%\u00a0\u00bb header_font_size_tablet=\u00a0\u00bb39px\u00a0\u00bb header_font_size_phone=\u00a0\u00bb35px\u00a0\u00bb header_font_size_last_edited=\u00a0\u00bbon|phone\u00a0\u00bb locked=\u00a0\u00bboff\u00a0\u00bb]<\/p>\n<h1>L&rsquo;Equipe<\/h1>\n<p>[\/et_pb_text][et_pb_divider color=\u00a0\u00bb#0c71c3&Prime; divider_position=\u00a0\u00bbcenter\u00a0\u00bb divider_weight=\u00a0\u00bb3px\u00a0\u00bb disabled_on=\u00a0\u00bboff|off|off%22&Prime; admin_label=\u00a0\u00bbS\u00e9parateur\u00a0\u00bb _builder_version=\u00a0\u00bb4.3.4&Prime; max_width=\u00a0\u00bb150px\u00a0\u00bb height=\u00a0\u00bbfalse\u00a0\u00bb custom_margin=\u00a0\u00bb30px|||\u00a0\u00bb animation_style=\u00a0\u00bbslide\u00a0\u00bb animation_direction=\u00a0\u00bbtop\u00a0\u00bb animation_delay=\u00a0\u00bb100ms\u00a0\u00bb animation_intensity_slide=\u00a0\u00bb10%\u00a0\u00bb locked=\u00a0\u00bboff\u00a0\u00bb][\/et_pb_divider][\/et_pb_column][et_pb_column type=\u00a0\u00bb1_2&Prime; _builder_version=\u00a0\u00bb4.3.4&Prime;][\/et_pb_column][\/et_pb_row][et_pb_row column_structure=\u00a0\u00bb1_2,1_2&Prime; admin_label=\u00a0\u00bbequipe andrea et sarah\u00a0\u00bb module_id=\u00a0\u00bbdestinationscorse\u00a0\u00bb _builder_version=\u00a0\u00bb4.3.4&Prime; background_size=\u00a0\u00bbinitial\u00a0\u00bb background_position=\u00a0\u00bbtop_left\u00a0\u00bb background_repeat=\u00a0\u00bbrepeat\u00a0\u00bb module_alignment=\u00a0\u00bbcenter\u00a0\u00bb][et_pb_column type=\u00a0\u00bb1_2&Prime; _builder_version=\u00a0\u00bb4.3.4&Prime; custom_padding=\u00a0\u00bb|||\u00a0\u00bb custom_padding__hover=\u00a0\u00bb|||\u00a0\u00bb][et_pb_image src=\u00a0\u00bbhttps:\/\/voile-escalade.com\/vertigoblue\/wp-content\/uploads\/2020\/12\/grande-voie-calanques-de-marseille.jpg\u00a0\u00bb _builder_version=\u00a0\u00bb4.3.4&Prime;][\/et_pb_image][\/et_pb_column][et_pb_column type=\u00a0\u00bb1_2&Prime; _builder_version=\u00a0\u00bb4.3.4&Prime;][et_pb_text _builder_version=\u00a0\u00bb4.3.4&Prime;]<\/p>\n<h2><strong>Andrea et Sarah<\/strong><\/h2>\n<h2><strong>Formateur et monitrice de voile<\/strong><\/h2>\n<p>[\/et_pb_text][et_pb_text admin_label=\u00a0\u00bbTexte equipe \u00a0\u00bb _builder_version=\u00a0\u00bb4.3.4&Prime; text_font=\u00a0\u00bbRoboto|300|||||||\u00a0\u00bb text_font_size=\u00a0\u00bb16px\u00a0\u00bb text_line_height=\u00a0\u00bb1.9em\u00a0\u00bb background_size=\u00a0\u00bbinitial\u00a0\u00bb background_position=\u00a0\u00bbtop_left\u00a0\u00bb background_repeat=\u00a0\u00bbrepeat\u00a0\u00bb max_width=\u00a0\u00bb450px\u00a0\u00bb custom_margin=\u00a0\u00bb17px||2px|||\u00a0\u00bb custom_padding=\u00a0\u00bb||0px|||\u00a0\u00bb animation_style=\u00a0\u00bbslide\u00a0\u00bb animation_direction=\u00a0\u00bbtop\u00a0\u00bb animation_delay=\u00a0\u00bb400ms\u00a0\u00bb animation_intensity_slide=\u00a0\u00bb4%\u00a0\u00bb locked=\u00a0\u00bboff\u00a0\u00bb]<\/p>\n<p>Originaire d&rsquo;Ancona, sur la c\u00f4te Est de l&rsquo;Italie au bord de l&rsquo;Adriatique, <strong>Andrea<\/strong> s&rsquo;est form\u00e9 \u00e0 la voile en M\u00e9diterran\u00e9e, principalement en Corse du Sud. Depuis 2014 il a encadr\u00e9 une bonne\u00a0 soixantaine de stages de voile en croisi\u00e8re, entre France, Italie, Croatie, Gr\u00e8ce et Sicile, et a form\u00e9 de futurs moniteurs \u00e0 la pratique et \u00e0 l\u2019enseignement de la voile.<\/p>\n<p><strong>Sarah<\/strong> est monitrice de voile depuis 2017. Elle s\u2019est form\u00e9e \u00e0 Bonifacio, en Corse du Sud, puis a navigu\u00e9 principalement en M\u00e9diterran\u00e9e (Gr\u00e8ce, Sicile, Golfe du Lion\u2026).<\/p>\n<p>[\/et_pb_text][\/et_pb_column][\/et_pb_row][et_pb_row _builder_version=\u00a0\u00bb4.3.4&Prime;][et_pb_column type=\u00a0\u00bb4_4&Prime; _builder_version=\u00a0\u00bb4.3.4&Prime;][et_pb_button button_url=\u00a0\u00bbhttps:\/\/voile-escalade.com\/vertigoblue\/contact\/\u00a0\u00bb url_new_window=\u00a0\u00bbon\u00a0\u00bb button_text=\u00a0\u00bbConstruire votre s\u00e9jour\u00a0\u00bb button_alignment=\u00a0\u00bbcenter\u00a0\u00bb admin_label=\u00a0\u00bbBouton reserver option\u00a0\u00bb _builder_version=\u00a0\u00bb4.3.4&Prime; hover_enabled=\u00a0\u00bb0&Prime;][\/et_pb_button][\/et_pb_column][\/et_pb_row][\/et_pb_section]<\/p>\n","protected":false},"excerpt":{"rendered":"<p>Le Programme D\u00e9couvrez la M\u00e9diterran\u00e9e \u00e0 bord d&rsquo;un voilier durant une semaine de croisi\u00e8re d\u00e9couverte, sportive et en pleine nature ! Nous nous adaptons \u00e0 vos attentes et \u00e0 votre niveau, en construisant ensemble l&rsquo;itin\u00e9raire et le programme de votre s\u00e9jour. Nous choisissons avec vous une destination adapt\u00e9e \u00e0 vos attentes, \u00e0 la saison de [&hellip;]<\/p>\n","protected":false},"author":2,"featured_media":0,"parent":0,"menu_order":0,"comment_status":"closed","ping_status":"closed","template":"","meta":{"_et_pb_use_builder":"on","_et_pb_old_content":"","_et_gb_content_width":""},"yoast_head":"<!-- This site is optimized with the Yoast SEO plugin v20.2.1 - https:\/\/yoast.com\/wordpress\/plugins\/seo\/ -->\n<title>Voile sport et nature - Voile et escalade en M\u00e9diterran\u00e9e<\/title>\n<meta name=\"robots\" content=\"index, follow, max-snippet:-1, max-image-preview:large, max-video-preview:-1\" \/>\n<link rel=\"canonical\" href=\"https:\/\/voile-escalade.com\/vertigoblue\/voile-sport-et-nature\/\" \/>\n<meta property=\"og:locale\" content=\"fr_FR\" \/>\n<meta property=\"og:type\" content=\"article\" \/>\n<meta property=\"og:title\" content=\"Voile sport et nature - Voile et escalade en M\u00e9diterran\u00e9e\" \/>\n<meta property=\"og:description\" content=\"Le Programme D\u00e9couvrez la M\u00e9diterran\u00e9e \u00e0 bord d&#039;un voilier durant une semaine de croisi\u00e8re d\u00e9couverte, sportive et en pleine nature ! Nous nous adaptons \u00e0 vos attentes et \u00e0 votre niveau, en construisant ensemble l&#039;itin\u00e9raire et le programme de votre s\u00e9jour. Nous choisissons avec vous une destination adapt\u00e9e \u00e0 vos attentes, \u00e0 la saison de [&hellip;]\" \/>\n<meta property=\"og:url\" content=\"https:\/\/voile-escalade.com\/vertigoblue\/voile-sport-et-nature\/\" \/>\n<meta property=\"og:site_name\" content=\"Voile et escalade en M\u00e9diterran\u00e9e\" \/>\n<meta property=\"article:modified_time\" content=\"2022-10-29T12:50:51+00:00\" \/>\n<meta name=\"twitter:card\" content=\"summary_large_image\" \/>\n<meta name=\"twitter:label1\" content=\"Dur\u00e9e de lecture estim\u00e9e\" \/>\n\t<meta name=\"twitter:data1\" content=\"10 minutes\" \/>\n<script type=\"application\/ld+json\" class=\"yoast-schema-graph\">{\"@context\":\"https:\/\/schema.org\",\"@graph\":[{\"@type\":\"WebPage\",\"@id\":\"https:\/\/voile-escalade.com\/vertigoblue\/voile-sport-et-nature\/\",\"url\":\"https:\/\/voile-escalade.com\/vertigoblue\/voile-sport-et-nature\/\",\"name\":\"Voile sport et nature - Voile et escalade en M\u00e9diterran\u00e9e\",\"isPartOf\":{\"@id\":\"https:\/\/voile-escalade.com\/vertigoblue\/#website\"},\"datePublished\":\"2020-12-20T14:15:28+00:00\",\"dateModified\":\"2022-10-29T12:50:51+00:00\",\"breadcrumb\":{\"@id\":\"https:\/\/voile-escalade.com\/vertigoblue\/voile-sport-et-nature\/#breadcrumb\"},\"inLanguage\":\"fr-FR\",\"potentialAction\":[{\"@type\":\"ReadAction\",\"target\":[\"https:\/\/voile-escalade.com\/vertigoblue\/voile-sport-et-nature\/\"]}]},{\"@type\":\"BreadcrumbList\",\"@id\":\"https:\/\/voile-escalade.com\/vertigoblue\/voile-sport-et-nature\/#breadcrumb\",\"itemListElement\":[{\"@type\":\"ListItem\",\"position\":1,\"name\":\"Accueil\",\"item\":\"https:\/\/voile-escalade.com\/vertigoblue\/\"},{\"@type\":\"ListItem\",\"position\":2,\"name\":\"Voile sport et nature\"}]},{\"@type\":\"WebSite\",\"@id\":\"https:\/\/voile-escalade.com\/vertigoblue\/#website\",\"url\":\"https:\/\/voile-escalade.com\/vertigoblue\/\",\"name\":\"Voile et escalade en M\u00e9diterran\u00e9e\",\"description\":\"Voyages sportifs voile et escalade\",\"potentialAction\":[{\"@type\":\"SearchAction\",\"target\":{\"@type\":\"EntryPoint\",\"urlTemplate\":\"https:\/\/voile-escalade.com\/vertigoblue\/?s={search_term_string}\"},\"query-input\":\"required name=search_term_string\"}],\"inLanguage\":\"fr-FR\"}]}<\/script>\n<!-- \/ Yoast SEO plugin. -->","yoast_head_json":{"title":"Voile sport et nature - Voile et escalade en M\u00e9diterran\u00e9e","robots":{"index":"index","follow":"follow","max-snippet":"max-snippet:-1","max-image-preview":"max-image-preview:large","max-video-preview":"max-video-preview:-1"},"canonical":"https:\/\/voile-escalade.com\/vertigoblue\/voile-sport-et-nature\/","og_locale":"fr_FR","og_type":"article","og_title":"Voile sport et nature - Voile et escalade en M\u00e9diterran\u00e9e","og_description":"Le Programme D\u00e9couvrez la M\u00e9diterran\u00e9e \u00e0 bord d'un voilier durant une semaine de croisi\u00e8re d\u00e9couverte, sportive et en pleine nature ! Nous nous adaptons \u00e0 vos attentes et \u00e0 votre niveau, en construisant ensemble l'itin\u00e9raire et le programme de votre s\u00e9jour. Nous choisissons avec vous une destination adapt\u00e9e \u00e0 vos attentes, \u00e0 la saison de [&hellip;]","og_url":"https:\/\/voile-escalade.com\/vertigoblue\/voile-sport-et-nature\/","og_site_name":"Voile et escalade en M\u00e9diterran\u00e9e","article_modified_time":"2022-10-29T12:50:51+00:00","twitter_card":"summary_large_image","twitter_misc":{"Dur\u00e9e de lecture estim\u00e9e":"10 minutes"},"schema":{"@context":"https:\/\/schema.org","@graph":[{"@type":"WebPage","@id":"https:\/\/voile-escalade.com\/vertigoblue\/voile-sport-et-nature\/","url":"https:\/\/voile-escalade.com\/vertigoblue\/voile-sport-et-nature\/","name":"Voile sport et nature - Voile et escalade en M\u00e9diterran\u00e9e","isPartOf":{"@id":"https:\/\/voile-escalade.com\/vertigoblue\/#website"},"datePublished":"2020-12-20T14:15:28+00:00","dateModified":"2022-10-29T12:50:51+00:00","breadcrumb":{"@id":"https:\/\/voile-escalade.com\/vertigoblue\/voile-sport-et-nature\/#breadcrumb"},"inLanguage":"fr-FR","potentialAction":[{"@type":"ReadAction","target":["https:\/\/voile-escalade.com\/vertigoblue\/voile-sport-et-nature\/"]}]},{"@type":"BreadcrumbList","@id":"https:\/\/voile-escalade.com\/vertigoblue\/voile-sport-et-nature\/#breadcrumb","itemListElement":[{"@type":"ListItem","position":1,"name":"Accueil","item":"https:\/\/voile-escalade.com\/vertigoblue\/"},{"@type":"ListItem","position":2,"name":"Voile sport et nature"}]},{"@type":"WebSite","@id":"https:\/\/voile-escalade.com\/vertigoblue\/#website","url":"https:\/\/voile-escalade.com\/vertigoblue\/","name":"Voile et escalade en M\u00e9diterran\u00e9e","description":"Voyages sportifs voile et escalade","potentialAction":[{"@type":"SearchAction","target":{"@type":"EntryPoint","urlTemplate":"https:\/\/voile-escalade.com\/vertigoblue\/?s={search_term_string}"},"query-input":"required name=search_term_string"}],"inLanguage":"fr-FR"}]}},"_links":{"self":[{"href":"https:\/\/voile-escalade.com\/vertigoblue\/wp-json\/wp\/v2\/pages\/1463"}],"collection":[{"href":"https:\/\/voile-escalade.com\/vertigoblue\/wp-json\/wp\/v2\/pages"}],"about":[{"href":"https:\/\/voile-escalade.com\/vertigoblue\/wp-json\/wp\/v2\/types\/page"}],"author":[{"embeddable":true,"href":"https:\/\/voile-escalade.com\/vertigoblue\/wp-json\/wp\/v2\/users\/2"}],"replies":[{"embeddable":true,"href":"https:\/\/voile-escalade.com\/vertigoblue\/wp-json\/wp\/v2\/comments?post=1463"}],"version-history":[{"count":49,"href":"https:\/\/voile-escalade.com\/vertigoblue\/wp-json\/wp\/v2\/pages\/1463\/revisions"}],"predecessor-version":[{"id":2765,"href":"https:\/\/voile-escalade.com\/vertigoblue\/wp-json\/wp\/v2\/pages\/1463\/revisions\/2765"}],"wp:attachment":[{"href":"https:\/\/voile-escalade.com\/vertigoblue\/wp-json\/wp\/v2\/media?parent=1463"}],"curies":[{"name":"wp","href":"https:\/\/api.w.org\/{rel}","templated":true}]}}