{"id":1407,"date":"2020-12-20T10:47:47","date_gmt":"2020-12-20T09:47:47","guid":{"rendered":"https:\/\/voile-escalade.com\/vertigoblue\/?page_id=1407"},"modified":"2022-08-02T15:14:52","modified_gmt":"2022-08-02T13:14:52","slug":"sicile-voile-et-escalade","status":"publish","type":"page","link":"https:\/\/voile-escalade.com\/vertigoblue\/sicile-voile-et-escalade\/","title":{"rendered":"Sicile voile et escalade"},"content":{"rendered":"<p>[et_pb_section fb_built=\u00a0\u00bb1&Prime; fullwidth=\u00a0\u00bbon\u00a0\u00bb _builder_version=\u00a0\u00bb4.3.4&Prime;][et_pb_fullwidth_header title=\u00a0\u00bbSicile &#8211; Voile &#038; Escalade\u00a0\u00bb subhead=\u00a0\u00bbS\u00e9jour de 14 jours, au printemps et \u00e0 l&rsquo;automne\u00a0\u00bb text_orientation=\u00a0\u00bbcenter\u00a0\u00bb button_one_url=\u00a0\u00bb#destinations-corse\u00a0\u00bb button_two_url=\u00a0\u00bb#destinationseurope\u00a0\u00bb _builder_version=\u00a0\u00bb4.3.4&Prime; title_font=\u00a0\u00bb|700|||||||\u00a0\u00bb title_text_color=\u00a0\u00bb#000000&Prime; subhead_font=\u00a0\u00bb|600|||||||\u00a0\u00bb subhead_text_color=\u00a0\u00bb#000000&Prime; subhead_font_size=\u00a0\u00bb22px\u00a0\u00bb background_enable_color=\u00a0\u00bboff\u00a0\u00bb background_image=\u00a0\u00bbhttps:\/\/voile-escalade.com\/vertigoblue\/wp-content\/uploads\/2020\/12\/San-Vito-Lo-Capo-climbing-hill-scaled.jpg\u00a0\u00bb background_layout=\u00a0\u00bblight\u00a0\u00bb][\/et_pb_fullwidth_header][\/et_pb_section][et_pb_section fb_built=\u00a0\u00bb1&Prime; custom_padding_last_edited=\u00a0\u00bbon|tablet\u00a0\u00bb admin_label=\u00a0\u00bbImage sejour sicile voile escalade\u00a0\u00bb _builder_version=\u00a0\u00bb4.3.4&Prime; custom_padding=\u00a0\u00bb59px||29px|||\u00a0\u00bb custom_padding_tablet=\u00a0\u00bb60px|||\u00a0\u00bb custom_padding_phone=\u00a0\u00bb\u00a0\u00bb][et_pb_row column_structure=\u00a0\u00bb1_2,1_2&Prime; _builder_version=\u00a0\u00bb4.3.4&Prime;][et_pb_column type=\u00a0\u00bb1_2&Prime; _builder_version=\u00a0\u00bb4.3.4&Prime;][et_pb_image src=\u00a0\u00bbhttps:\/\/voile-escalade.com\/vertigoblue\/wp-content\/uploads\/2020\/12\/san-vito-lo-capo-spaggia-baia-santa-margharita-vertigo-blue.jpg\u00a0\u00bb _builder_version=\u00a0\u00bb4.3.4&Prime;][\/et_pb_image][\/et_pb_column][et_pb_column type=\u00a0\u00bb1_2&Prime; _builder_version=\u00a0\u00bb4.3.4&Prime;][et_pb_image src=\u00a0\u00bbhttps:\/\/voile-escalade.com\/vertigoblue\/wp-content\/uploads\/2020\/12\/vertigo-blue-escalade-san-vito-lo-capo-torre-isulida.jpg\u00a0\u00bb align=\u00a0\u00bbright\u00a0\u00bb _builder_version=\u00a0\u00bb4.3.4&Prime;][\/et_pb_image][\/et_pb_column][\/et_pb_row][\/et_pb_section][et_pb_section fb_built=\u00a0\u00bb1&Prime; custom_padding_last_edited=\u00a0\u00bbon|tablet\u00a0\u00bb admin_label=\u00a0\u00bbsicile Voile Escalade d\u00e9tails \u00a0\u00bb module_id=\u00a0\u00bbdestinationseurope\u00a0\u00bb module_class=\u00a0\u00bbdc_inverser_colonnes-section\u00a0\u00bb _builder_version=\u00a0\u00bb4.3.4&Prime; custom_padding=\u00a0\u00bb59px||29px|||\u00a0\u00bb custom_padding_tablet=\u00a0\u00bb60px|||\u00a0\u00bb custom_padding_phone=\u00a0\u00bb\u00a0\u00bb][et_pb_row column_structure=\u00a0\u00bb1_2,1_2&Prime; admin_label=\u00a0\u00bbprogramme\u00a0\u00bb module_id=\u00a0\u00bbdestinationssardaigne\u00a0\u00bb _builder_version=\u00a0\u00bb4.3.4&Prime; background_size=\u00a0\u00bbinitial\u00a0\u00bb background_position=\u00a0\u00bbtop_left\u00a0\u00bb background_repeat=\u00a0\u00bbrepeat\u00a0\u00bb module_alignment=\u00a0\u00bbcenter\u00a0\u00bb][et_pb_column type=\u00a0\u00bb1_2&Prime; _builder_version=\u00a0\u00bb4.3.4&Prime; custom_padding=\u00a0\u00bb|||\u00a0\u00bb custom_padding__hover=\u00a0\u00bb|||\u00a0\u00bb][et_pb_text admin_label=\u00a0\u00bbTitre programme\u00a0\u00bb _builder_version=\u00a0\u00bb4.3.4&Prime; text_font=\u00a0\u00bb||||\u00a0\u00bb text_text_color=\u00a0\u00bb#1a1a1a\u00a0\u00bb header_font=\u00a0\u00bbOswald|on||on|\u00a0\u00bb header_text_align=\u00a0\u00bbleft\u00a0\u00bb header_font_size=\u00a0\u00bb44px\u00a0\u00bb header_line_height=\u00a0\u00bb1.3em\u00a0\u00bb background_size=\u00a0\u00bbinitial\u00a0\u00bb background_position=\u00a0\u00bbtop_left\u00a0\u00bb background_repeat=\u00a0\u00bbrepeat\u00a0\u00bb max_width=\u00a0\u00bb450px\u00a0\u00bb custom_margin=\u00a0\u00bb|||\u00a0\u00bb custom_padding=\u00a0\u00bb|||\u00a0\u00bb animation_style=\u00a0\u00bbslide\u00a0\u00bb animation_direction=\u00a0\u00bbtop\u00a0\u00bb animation_intensity_slide=\u00a0\u00bb10%\u00a0\u00bb header_font_size_tablet=\u00a0\u00bb39px\u00a0\u00bb header_font_size_phone=\u00a0\u00bb35px\u00a0\u00bb header_font_size_last_edited=\u00a0\u00bbon|phone\u00a0\u00bb locked=\u00a0\u00bboff\u00a0\u00bb]<\/p>\n<h1>Le Programme <\/h1>\n<p>[\/et_pb_text][et_pb_divider color=\u00a0\u00bb#0c71c3&Prime; divider_position=\u00a0\u00bbcenter\u00a0\u00bb divider_weight=\u00a0\u00bb3px\u00a0\u00bb disabled_on=\u00a0\u00bboff|off|off%22&Prime; admin_label=\u00a0\u00bbS\u00e9parateur\u00a0\u00bb _builder_version=\u00a0\u00bb4.3.4&Prime; max_width=\u00a0\u00bb150px\u00a0\u00bb height=\u00a0\u00bbfalse\u00a0\u00bb custom_margin=\u00a0\u00bb30px|||\u00a0\u00bb animation_style=\u00a0\u00bbslide\u00a0\u00bb animation_direction=\u00a0\u00bbtop\u00a0\u00bb animation_delay=\u00a0\u00bb100ms\u00a0\u00bb animation_intensity_slide=\u00a0\u00bb10%\u00a0\u00bb locked=\u00a0\u00bboff\u00a0\u00bb][\/et_pb_divider][et_pb_text admin_label=\u00a0\u00bbTexte programme \u00a0\u00bb _builder_version=\u00a0\u00bb4.3.4&Prime; text_font=\u00a0\u00bbRoboto|300|||||||\u00a0\u00bb text_font_size=\u00a0\u00bb16px\u00a0\u00bb text_line_height=\u00a0\u00bb1.9em\u00a0\u00bb background_size=\u00a0\u00bbinitial\u00a0\u00bb background_position=\u00a0\u00bbtop_left\u00a0\u00bb background_repeat=\u00a0\u00bbrepeat\u00a0\u00bb max_width=\u00a0\u00bb450px\u00a0\u00bb custom_margin=\u00a0\u00bb17px||2px|||\u00a0\u00bb custom_padding=\u00a0\u00bb||0px|||\u00a0\u00bb animation_style=\u00a0\u00bbslide\u00a0\u00bb animation_direction=\u00a0\u00bbtop\u00a0\u00bb animation_delay=\u00a0\u00bb400ms\u00a0\u00bb animation_intensity_slide=\u00a0\u00bb4%\u00a0\u00bb locked=\u00a0\u00bboff\u00a0\u00bb]<\/p>\n<p><strong>Un s\u00e9jour en deux temps, pour d\u00e9couvrir la Sicile sous ses plus beaux visages<\/strong>:<\/p>\n<p><strong>La premi\u00e8re semaine est d\u00e9di\u00e9e \u00e0 la d\u00e9couverte en voilier de la c\u00f4te nord-ouest Sicilienne et de l\u2019archipel des iles Egadi<\/strong>. Le soir, nous dormons \u00e0 bord du bateau, au port ou au mouillage.<\/p>\n<p><strong>La deuxi\u00e8me semaine est consacr\u00e9e \u00e0 l\u2019escalade sur les falaises de San Vito Lo capo<\/strong>. L\u2019h\u00e9bergement est pr\u00e9vu en bungalow au c\u0153ur d\u2019une zone naturelle pr\u00e9serv\u00e9e.<\/p>\n<p><strong>Un programme id\u00e9al pour d\u00e9couvrir la beaut\u00e9 de l\u2019\u00eele de mani\u00e8re active<\/strong>, au sein d\u2019un petit groupe encadr\u00e9 par des guides passionn\u00e9s!<\/p>\n<p>Ouvert \u00e0 tous les niveaux, public sportif et dynamique, pratiquant d\u00e9j\u00e0 la voile et\/ ou l\u2019escalade, ou ayant l\u2019envie d\u2019apprendre!<\/p>\n<p><strong>Toutes les activit\u00e9s sont encadr\u00e9es par des moniteurs dipl\u00f4m\u00e9s.<\/strong><\/p>\n<p>Une bonne condition physique est n\u00e9cessaire pour participer \u00e0 ce s\u00e9jour.<\/p>\n<p>[\/et_pb_text][\/et_pb_column][et_pb_column type=\u00a0\u00bb1_2&Prime; _builder_version=\u00a0\u00bb4.3.4&Prime;][et_pb_text admin_label=\u00a0\u00bbTexte infos cl\u00e9s\u00a0\u00bb _builder_version=\u00a0\u00bb4.3.4&Prime; background_color=\u00a0\u00bb#6fc8ce\u00a0\u00bb custom_padding=\u00a0\u00bb||0px|21px||\u00a0\u00bb]<\/p>\n<h4>\u00a0<\/h4>\n<h4 style=\"text-align: center;\"><span style=\"text-decoration: underline;\"><strong>Infos Cl\u00e9s<\/strong><\/span><\/h4>\n<ul>\n<li style=\"text-align: left;\">\n<h5>S\u00e9jour de 14 jours<\/h5>\n<\/li>\n<li style=\"text-align: left;\">\n<h5>A partir de 1320\u20ac par personne<\/h5>\n<\/li>\n<li style=\"text-align: left;\">\n<h5>Niveau d\u00e9butant \u00e0 initi\u00e9 \/ rythme mod\u00e9r\u00e9<\/h5>\n<\/li>\n<\/ul>\n<ul>\n<li style=\"text-align: left;\">\n<h5>Groupe de 4 \u00e0 6 personnes maximum<\/h5>\n<\/li>\n<li style=\"text-align: left;\">\n<h5>H\u00e9bergement \u00e0 bord du voilier et en bungalow (en cabine\/ chambre partag\u00e9e)<\/h5>\n<\/li>\n<li style=\"text-align: left;\">\n<h5>Repas pr\u00e9par\u00e9s \u00e0 bord\/ au bungalow<\/h5>\n<\/li>\n<\/ul>\n<p style=\"text-align: center;\">[\/et_pb_text][et_pb_text admin_label=\u00a0\u00bbTexte terrain de jeu\u00a0\u00bb _builder_version=\u00a0\u00bb4.3.4&Prime; background_color=\u00a0\u00bb#6fc8ce\u00a0\u00bb custom_padding=\u00a0\u00bb|19px|0px|21px||\u00a0\u00bb]<\/p>\n<h4>\u00a0<\/h4>\n<h4 style=\"text-align: center;\"><span style=\"text-decoration: underline;\"><strong>Le Terrain de jeu<\/strong><\/span><\/h4>\n<p style=\"text-align: center;\"><strong>Marsala et les Iles Egades<\/strong><\/p>\n<p style=\"text-align: center;\"><strong>San Vito Lo Capo et la Baia Santa Margharita<\/strong><\/p>\n<ul>\n<li style=\"text-align: left;\">\n<h5>Port de d\u00e9part: Marsala<\/h5>\n<\/li>\n<li style=\"text-align: left;\">\n<h5>L&rsquo;Archipel des Iles Egades<\/h5>\n<\/li>\n<li style=\"text-align: left;\">\n<h5>Le petit village de San Vito Lo Capo<\/h5>\n<\/li>\n<\/ul>\n<ul>\n<li style=\"text-align: left;\">\n<h5>La Baia Santa Margharita<\/h5>\n<\/li>\n<\/ul>\n<p style=\"text-align: center;\">[\/et_pb_text][et_pb_button button_url=\u00a0\u00bbhttps:\/\/voile-escalade.com\/vertigoblue\/contact\/\u00a0\u00bb url_new_window=\u00a0\u00bbon\u00a0\u00bb button_text=\u00a0\u00bbPoser une option \/ R\u00e9server\u00a0\u00bb button_alignment=\u00a0\u00bbcenter\u00a0\u00bb admin_label=\u00a0\u00bbBouton reserver option\u00a0\u00bb _builder_version=\u00a0\u00bb4.3.4&Prime;][\/et_pb_button][et_pb_button button_url=\u00a0\u00bbhttps:\/\/voile-escalade.com\/vertigoblue\/prochains-departs\/\u00a0\u00bb url_new_window=\u00a0\u00bbon\u00a0\u00bb button_text=\u00a0\u00bbDates &#038; tarifs\u00a0\u00bb button_alignment=\u00a0\u00bbcenter\u00a0\u00bb admin_label=\u00a0\u00bbBouton dates et tarifs\u00a0\u00bb _builder_version=\u00a0\u00bb4.3.4&Prime;][\/et_pb_button][\/et_pb_column][\/et_pb_row][et_pb_row _builder_version=\u00a0\u00bb4.3.4&Prime;][et_pb_column type=\u00a0\u00bb4_4&Prime; _builder_version=\u00a0\u00bb4.3.4&Prime;][et_pb_image src=\u00a0\u00bbhttps:\/\/voile-escalade.com\/vertigoblue\/wp-content\/uploads\/2020\/12\/san-vito-lo-capo-falesie-sul-mare.jpg\u00a0\u00bb _builder_version=\u00a0\u00bb4.3.4&Prime;][\/et_pb_image][\/et_pb_column][\/et_pb_row][et_pb_row column_structure=\u00a0\u00bb1_2,1_2&Prime; disabled_on=\u00a0\u00bboff|off|off\u00a0\u00bb admin_label=\u00a0\u00bbItineraire titre\u00a0\u00bb module_id=\u00a0\u00bb#destinations-sicile\u00a0\u00bb module_class=\u00a0\u00bbdc_inverser_colonnes-ligne\u00a0\u00bb _builder_version=\u00a0\u00bb4.3.4&Prime; background_size=\u00a0\u00bbinitial\u00a0\u00bb background_position=\u00a0\u00bbtop_left\u00a0\u00bb background_repeat=\u00a0\u00bbrepeat\u00a0\u00bb module_alignment=\u00a0\u00bbcenter\u00a0\u00bb][et_pb_column type=\u00a0\u00bb1_2&Prime; _builder_version=\u00a0\u00bb4.3.4&Prime; custom_padding=\u00a0\u00bb|||\u00a0\u00bb custom_padding__hover=\u00a0\u00bb|||\u00a0\u00bb][et_pb_text admin_label=\u00a0\u00bbtitre itin\u00e9raire\u00a0\u00bb _builder_version=\u00a0\u00bb4.3.4&Prime; text_font=\u00a0\u00bb||||\u00a0\u00bb text_text_color=\u00a0\u00bb#1a1a1a\u00a0\u00bb header_font=\u00a0\u00bbOswald|on||on|\u00a0\u00bb header_text_align=\u00a0\u00bbleft\u00a0\u00bb header_font_size=\u00a0\u00bb44px\u00a0\u00bb header_line_height=\u00a0\u00bb1.3em\u00a0\u00bb background_size=\u00a0\u00bbinitial\u00a0\u00bb background_position=\u00a0\u00bbtop_left\u00a0\u00bb background_repeat=\u00a0\u00bbrepeat\u00a0\u00bb max_width=\u00a0\u00bb450px\u00a0\u00bb custom_margin=\u00a0\u00bb|||\u00a0\u00bb custom_padding=\u00a0\u00bb|||\u00a0\u00bb animation_style=\u00a0\u00bbslide\u00a0\u00bb animation_direction=\u00a0\u00bbtop\u00a0\u00bb animation_intensity_slide=\u00a0\u00bb10%\u00a0\u00bb header_font_size_tablet=\u00a0\u00bb39px\u00a0\u00bb header_font_size_phone=\u00a0\u00bb35px\u00a0\u00bb header_font_size_last_edited=\u00a0\u00bbon|phone\u00a0\u00bb locked=\u00a0\u00bboff\u00a0\u00bb]<\/p>\n<h1>L&rsquo;Itin\u00e9raire<\/h1>\n<p>[\/et_pb_text][et_pb_divider color=\u00a0\u00bb#0c71c3&Prime; divider_position=\u00a0\u00bbcenter\u00a0\u00bb divider_weight=\u00a0\u00bb3px\u00a0\u00bb disabled_on=\u00a0\u00bboff|off|off%22&Prime; admin_label=\u00a0\u00bbS\u00e9parateur\u00a0\u00bb _builder_version=\u00a0\u00bb4.3.4&Prime; max_width=\u00a0\u00bb150px\u00a0\u00bb height=\u00a0\u00bbfalse\u00a0\u00bb custom_margin=\u00a0\u00bb30px|||\u00a0\u00bb animation_style=\u00a0\u00bbslide\u00a0\u00bb animation_direction=\u00a0\u00bbtop\u00a0\u00bb animation_delay=\u00a0\u00bb100ms\u00a0\u00bb animation_intensity_slide=\u00a0\u00bb10%\u00a0\u00bb locked=\u00a0\u00bboff\u00a0\u00bb][\/et_pb_divider][\/et_pb_column][et_pb_column type=\u00a0\u00bb1_2&Prime; _builder_version=\u00a0\u00bb4.3.4&Prime;][\/et_pb_column][\/et_pb_row][et_pb_row _builder_version=\u00a0\u00bb4.3.4&Prime; width=\u00a0\u00bbauto\u00a0\u00bb][et_pb_column type=\u00a0\u00bb4_4&Prime; _builder_version=\u00a0\u00bb4.3.4&Prime;][et_pb_text admin_label=\u00a0\u00bbTexte itin\u00e9raire\u00a0\u00bb _builder_version=\u00a0\u00bb4.3.4&Prime; text_font=\u00a0\u00bbRoboto|300|||||||\u00a0\u00bb text_font_size=\u00a0\u00bb16px\u00a0\u00bb custom_margin_tablet=\u00a0\u00bb|20px||20px|false|false\u00a0\u00bb custom_margin_phone=\u00a0\u00bb|20px||20px|false|false\u00a0\u00bb custom_margin_last_edited=\u00a0\u00bbon|tablet\u00a0\u00bb]<\/p>\n<p><strong>Le p\u00e9rim\u00e8tre des s\u00e9jours s\u2019\u00e9tend le long de la c\u00f4te Nord Ouest Sicilienne<\/strong>.<\/p>\n<p>Au d\u00e9part de <strong>Trapani<\/strong> ou <strong>Marsala,<\/strong> les objectifs principaux du voyage sont <strong>les iles Egadi, San Vito Lo Capo et l\u2019incroyable Baia Santa Margherita<\/strong> : un cadre d\u2019une rare beaut\u00e9, exceptionnellement pr\u00e9serv\u00e9 et sauvage, o\u00f9 des kilom\u00e8tres de falaises se dessinent un peu en retrait de plages paradisiaques.<\/p>\n<p>Les journ\u00e9es \u00e0 bord du voilier sont consacr\u00e9es \u00e0 l\u2019apprentissage des man\u0153uvres et de la navigation.<\/p>\n<p>A San Vito, des milliers de voies d\u2019escalade nous attendent, pour tous les styles et tous les niveaux. Il ne faudra pas cependant oublier la d\u00e9couverte de la gastronomie locale!<\/p>\n<p>[\/et_pb_text][\/et_pb_column][\/et_pb_row][et_pb_row column_structure=\u00a0\u00bb1_2,1_2&Prime; disabled_on=\u00a0\u00bboff|off|off\u00a0\u00bb admin_label=\u00a0\u00bbAu jour le jour titre\u00a0\u00bb module_id=\u00a0\u00bb#destinations-sicile\u00a0\u00bb module_class=\u00a0\u00bbdc_inverser_colonnes-ligne\u00a0\u00bb _builder_version=\u00a0\u00bb4.3.4&Prime; background_size=\u00a0\u00bbinitial\u00a0\u00bb background_position=\u00a0\u00bbtop_left\u00a0\u00bb background_repeat=\u00a0\u00bbrepeat\u00a0\u00bb module_alignment=\u00a0\u00bbcenter\u00a0\u00bb][et_pb_column type=\u00a0\u00bb1_2&Prime; _builder_version=\u00a0\u00bb4.3.4&Prime; custom_padding=\u00a0\u00bb|||\u00a0\u00bb custom_padding__hover=\u00a0\u00bb|||\u00a0\u00bb][et_pb_text admin_label=\u00a0\u00bbtitre au jour le jour\u00a0\u00bb _builder_version=\u00a0\u00bb4.3.4&Prime; text_font=\u00a0\u00bb||||\u00a0\u00bb text_text_color=\u00a0\u00bb#1a1a1a\u00a0\u00bb header_font=\u00a0\u00bbOswald|on||on|\u00a0\u00bb header_text_align=\u00a0\u00bbleft\u00a0\u00bb header_font_size=\u00a0\u00bb44px\u00a0\u00bb header_line_height=\u00a0\u00bb1.3em\u00a0\u00bb background_size=\u00a0\u00bbinitial\u00a0\u00bb background_position=\u00a0\u00bbtop_left\u00a0\u00bb background_repeat=\u00a0\u00bbrepeat\u00a0\u00bb max_width=\u00a0\u00bb450px\u00a0\u00bb custom_margin=\u00a0\u00bb|||\u00a0\u00bb custom_padding=\u00a0\u00bb|||\u00a0\u00bb animation_style=\u00a0\u00bbslide\u00a0\u00bb animation_direction=\u00a0\u00bbtop\u00a0\u00bb animation_intensity_slide=\u00a0\u00bb10%\u00a0\u00bb header_font_size_tablet=\u00a0\u00bb39px\u00a0\u00bb header_font_size_phone=\u00a0\u00bb35px\u00a0\u00bb header_font_size_last_edited=\u00a0\u00bbon|phone\u00a0\u00bb locked=\u00a0\u00bboff\u00a0\u00bb]<\/p>\n<h1>Au jour le jour<\/h1>\n<p>[\/et_pb_text][et_pb_divider color=\u00a0\u00bb#0c71c3&Prime; divider_position=\u00a0\u00bbcenter\u00a0\u00bb divider_weight=\u00a0\u00bb3px\u00a0\u00bb disabled_on=\u00a0\u00bboff|off|off%22&Prime; admin_label=\u00a0\u00bbS\u00e9parateur\u00a0\u00bb _builder_version=\u00a0\u00bb4.3.4&Prime; max_width=\u00a0\u00bb150px\u00a0\u00bb height=\u00a0\u00bbfalse\u00a0\u00bb custom_margin=\u00a0\u00bb30px|||\u00a0\u00bb animation_style=\u00a0\u00bbslide\u00a0\u00bb animation_direction=\u00a0\u00bbtop\u00a0\u00bb animation_delay=\u00a0\u00bb100ms\u00a0\u00bb animation_intensity_slide=\u00a0\u00bb10%\u00a0\u00bb locked=\u00a0\u00bboff\u00a0\u00bb][\/et_pb_divider][\/et_pb_column][et_pb_column type=\u00a0\u00bb1_2&Prime; _builder_version=\u00a0\u00bb4.3.4&Prime;][\/et_pb_column][\/et_pb_row][et_pb_row _builder_version=\u00a0\u00bb4.3.4&Prime; width=\u00a0\u00bb100%\u00a0\u00bb][et_pb_column type=\u00a0\u00bb4_4&Prime; _builder_version=\u00a0\u00bb4.3.4&Prime;][et_pb_text admin_label=\u00a0\u00bbTexte au jour le jour\u00a0\u00bb _builder_version=\u00a0\u00bb4.3.4&Prime; text_font=\u00a0\u00bbRoboto|300|||||||\u00a0\u00bb text_font_size=\u00a0\u00bb16px\u00a0\u00bb custom_margin_tablet=\u00a0\u00bb|20px||20px|false|false\u00a0\u00bb custom_margin_phone=\u00a0\u00bb\u00a0\u00bb custom_margin_last_edited=\u00a0\u00bbon|desktop\u00a0\u00bb hover_enabled=\u00a0\u00bb0&Prime;]<\/p>\n<p>Les journ\u00e9es d\u00e9marrent vers 9 heures et se terminent vers 18 heures.<strong> En navigation comme en falaise, le temps est d\u00e9di\u00e9 au maximum \u00e0 la pratique<\/strong>, sans oublier quelques points d\u2019apports th\u00e9oriques essentiels pour progresser.<\/p>\n<p><strong>Un programme p\u00e9dagogique est mis en place par Andrea au d\u00e9but du s\u00e9jour<\/strong> en fonction du niveau et des attentes de chacun.<\/p>\n<p><strong>Voici un exemple de programme et d&rsquo;itin\u00e9raire :<\/strong><\/p>\n<p><strong><em>J1\u00a0:<\/em><\/strong> Accueil \u00e0 bord du voilier \u00e0 partir de 19h, au port de Marsala. Ap\u00e9ritif de bienvenue, installation \u00e0 bord et point sur le programme de la semaine.<\/p>\n<p><strong><em>J2\u00a0:<\/em><\/strong> D\u00e9part de Marsala le matin apr\u00e8s un petit brief s\u00e9curit\u00e9. Premi\u00e8re journ\u00e9e de navigation, l\u2019occasion pour chacun de se familiariser avec le bateau, de participer aux man\u0153uvres, de s\u2019essayer \u00e0 la barre et de d\u00e9couvrir les diff\u00e9rents outils de navigation (carte, compas, GPS \u2026). Arriv\u00e9e au petit port de p\u00eacheur de Marettimo en fin d\u2019apr\u00e8s-midi. Petit ap\u00e9ro \u00e0 terre pour ceux qui le souhaitent, et point sur cette premi\u00e8re journ\u00e9e, pour affiner les attentes de chacun pour le reste de la semaine. (20 NM)<\/p>\n<p><strong><em>J3:<\/em><\/strong> Journ\u00e9e randonn\u00e9e \u00e0 Marettimo. C\u2019est la plus lointaine, la plus sauvage et la plus montagneuse des \u00eeles Egadi (et peut \u00eatre aussi la plus belle\u00a0?). Vous pouvez partir explorer ses sentiers \u00e0 pied, et profiter de quelques criques sauvages pour une baignade dans un environnement privil\u00e9gi\u00e9. Le sommet culmine \u00e0 plus de 600 m\u00e8tres pour les plus courageux, mais des balades faciles sont aussi possibles. Autre option\u00a0: embarquer \u00e0 bord d\u2019un bateau de promenade locale pour aller d\u00e9couvrir la c\u00f4te sauvage \u00e0 l\u2019Ouest de l\u2019\u00eele, class\u00e9e r\u00e9serve naturelle int\u00e9grale et accessible seulement aux r\u00e9sidents de l\u2019\u00eele (sortie \u00e0 la demi-journ\u00e9e).<\/p>\n<p><strong><em>J4:<\/em><\/strong> Journ\u00e9e de navigation en direction de l\u2019\u00eele de Levanzo. Conduite, r\u00e9glages des voiles ou encore suivi de la carte et exercices de positionnement\u00a0: chacun pourra s\u2019exercer aux postes souhait\u00e9s durant le trajet. Le soir, nuit au mouillage \u00e0 Levanzo. (15 NM)<\/p>\n<p><strong><em>J5\u00a0:<\/em><\/strong> D\u00e9part du mouillage vers 11 heures apr\u00e8s une matin\u00e9e de d\u00e9tente et de baignade. Objectif du jour\u00a0: faire le tour de l\u2019\u00eele de Levanzo, pour en admirer les c\u00f4tes et s\u2019exercer aux man\u0153uvres \u00e0 la voile. En milieu d\u2019apr\u00e8s-midi, nous rentrons au port de l\u2019\u00eele de Favignana, juste en face de Favignana. L\u2019occasion de savourer une bonne glace sur la place du village ou de go\u00fbter aux p\u00e2tisseries siciliennes. D\u00eener au restaurant le soir.<\/p>\n<p><strong><em>J6\u00a0:<\/em><\/strong> Balade \u00e0 Favignana, \u00e0 pied ou en v\u00e9lo. Mont\u00e9e au ch\u00e2teau pour un pique-nique avec vue panoramique sur l\u2019archipel des \u00eeles Egadi et la c\u00f4te Sicilienne, ou location de v\u00e9lo pour partir \u00e0 la d\u00e9couverte des petites plages sauvages de l\u2019\u00eele. Rendez-vous au bateau pour 16h pour un d\u00e9part en direction du mouillage de Cala Rossa et de ses incroyables eaux cristallines. Nuit au mouillage (2NM)<\/p>\n<p><strong><em>J7:<\/em><\/strong> Il est d\u00e9j\u00e0 temps de rentrer \u00e0 Marsala. D\u00e9part matinal pour une arriv\u00e9e au port pour midi. Repas \u00e0 bord et bilan de la semaine.<\/p>\n<p><em>(D\u00e9barquement \u00e0 14h pour ceux qui partent, et derni\u00e8re nuit \u00e0 bord puis d\u00e9barquement \u00e0 8h30 pour ceux qui encha\u00eenent sur la deuxi\u00e8me semaine. Le repas du vendredi soir n\u2019est pas pr\u00e9vu)<\/em><\/p>\n<p><strong><em>J8\u00a0:<\/em><\/strong><em> Transfert vers San Vito Lo Capo dans la matin\u00e9e. Installation dans votre h\u00e9bergement, non loin de San Vito Lo Capo, en pleine nature.\u00a0 Avitaillement pour la semaine, et apr\u00e8s-midi libre.<\/em><\/p>\n<p><strong><em>J9\u00a0:<\/em><\/strong> Randonn\u00e9e dans la r\u00e9serve naturelle dello Zingaro. Plusieurs itin\u00e9raires sont possibles, plus ou moins faciles. Acc\u00e8s \u00e0 de petites criques sauvages, panoramas sur la Baia Santa Margharita\u2026<\/p>\n<p><strong><em>J10, 11, 13 et 14\u00a0:<\/em><\/strong> 4 sessions d\u2019escalade sur la semaine, encadr\u00e9es par votre guide local (chaque session dure 4 heures environ, les horaires sont d\u00e9finis avec lui selon la m\u00e9t\u00e9o\u00a0: s\u2019il fait chaud ce sera plut\u00f4t le matin). La deuxi\u00e8me partie de la journ\u00e9e est libre, possibilit\u00e9 de continuer \u00e0 grimper si vous \u00eates autonomes ou de profiter des plages \u00e0 proximit\u00e9.<\/p>\n<p><strong><em>J12\u00a0:<\/em><\/strong> Petite pause sans escalade pour reposer un peu vos muscles, journ\u00e9e VTT encadr\u00e9e par votre guide, ou farniente pour ceux qui pr\u00e9f\u00e8rent se reposer pour de bon\u00a0!<\/p>\n<p><strong><em>J15\u00a0:<\/em><\/strong> lib\u00e9ration de l\u2019h\u00e9bergement le matin et transfert vers l\u2019a\u00e9roport de Palerme.<\/p>\n<p>[\/et_pb_text][\/et_pb_column][\/et_pb_row][et_pb_row column_structure=\u00a0\u00bb1_2,1_2&Prime; admin_label=\u00a0\u00bbtitre equipe\u00a0\u00bb module_id=\u00a0\u00bbdestinationssicile\u00a0\u00bb module_class=\u00a0\u00bbdc_inverser_colonnes-ligne\u00a0\u00bb _builder_version=\u00a0\u00bb4.3.4&Prime; background_size=\u00a0\u00bbinitial\u00a0\u00bb background_position=\u00a0\u00bbtop_left\u00a0\u00bb background_repeat=\u00a0\u00bbrepeat\u00a0\u00bb module_alignment=\u00a0\u00bbcenter\u00a0\u00bb][et_pb_column type=\u00a0\u00bb1_2&Prime; _builder_version=\u00a0\u00bb4.3.4&Prime; custom_padding=\u00a0\u00bb|||\u00a0\u00bb custom_padding__hover=\u00a0\u00bb|||\u00a0\u00bb][et_pb_text admin_label=\u00a0\u00bbTitre equipe\u00a0\u00bb _builder_version=\u00a0\u00bb4.3.4&Prime; text_font=\u00a0\u00bb||||\u00a0\u00bb text_text_color=\u00a0\u00bb#1a1a1a\u00a0\u00bb header_font=\u00a0\u00bbOswald|on||on|\u00a0\u00bb header_text_align=\u00a0\u00bbleft\u00a0\u00bb header_font_size=\u00a0\u00bb44px\u00a0\u00bb header_line_height=\u00a0\u00bb1.3em\u00a0\u00bb background_size=\u00a0\u00bbinitial\u00a0\u00bb background_position=\u00a0\u00bbtop_left\u00a0\u00bb background_repeat=\u00a0\u00bbrepeat\u00a0\u00bb max_width=\u00a0\u00bb450px\u00a0\u00bb custom_margin=\u00a0\u00bb|||\u00a0\u00bb custom_padding=\u00a0\u00bb|||\u00a0\u00bb animation_style=\u00a0\u00bbslide\u00a0\u00bb animation_direction=\u00a0\u00bbtop\u00a0\u00bb animation_intensity_slide=\u00a0\u00bb10%\u00a0\u00bb header_font_size_tablet=\u00a0\u00bb39px\u00a0\u00bb header_font_size_phone=\u00a0\u00bb35px\u00a0\u00bb header_font_size_last_edited=\u00a0\u00bbon|phone\u00a0\u00bb locked=\u00a0\u00bboff\u00a0\u00bb]<\/p>\n<h1>L&rsquo;Equipe<\/h1>\n<p>[\/et_pb_text][et_pb_divider color=\u00a0\u00bb#0c71c3&Prime; divider_position=\u00a0\u00bbcenter\u00a0\u00bb divider_weight=\u00a0\u00bb3px\u00a0\u00bb disabled_on=\u00a0\u00bboff|off|off%22&Prime; admin_label=\u00a0\u00bbS\u00e9parateur\u00a0\u00bb _builder_version=\u00a0\u00bb4.3.4&Prime; max_width=\u00a0\u00bb150px\u00a0\u00bb height=\u00a0\u00bbfalse\u00a0\u00bb custom_margin=\u00a0\u00bb30px|||\u00a0\u00bb animation_style=\u00a0\u00bbslide\u00a0\u00bb animation_direction=\u00a0\u00bbtop\u00a0\u00bb animation_delay=\u00a0\u00bb100ms\u00a0\u00bb animation_intensity_slide=\u00a0\u00bb10%\u00a0\u00bb locked=\u00a0\u00bboff\u00a0\u00bb][\/et_pb_divider][\/et_pb_column][et_pb_column type=\u00a0\u00bb1_2&Prime; _builder_version=\u00a0\u00bb4.3.4&Prime;][\/et_pb_column][\/et_pb_row][et_pb_row column_structure=\u00a0\u00bb1_2,1_2&Prime; admin_label=\u00a0\u00bbequipe andrea et sarah\u00a0\u00bb module_id=\u00a0\u00bbdestinationscorse\u00a0\u00bb _builder_version=\u00a0\u00bb4.3.4&Prime; background_size=\u00a0\u00bbinitial\u00a0\u00bb background_position=\u00a0\u00bbtop_left\u00a0\u00bb background_repeat=\u00a0\u00bbrepeat\u00a0\u00bb module_alignment=\u00a0\u00bbcenter\u00a0\u00bb][et_pb_column type=\u00a0\u00bb1_2&Prime; _builder_version=\u00a0\u00bb4.3.4&Prime; custom_padding=\u00a0\u00bb|||\u00a0\u00bb custom_padding__hover=\u00a0\u00bb|||\u00a0\u00bb][et_pb_image src=\u00a0\u00bbhttps:\/\/voile-escalade.com\/vertigoblue\/wp-content\/uploads\/2020\/12\/grande-voie-calanques-de-marseille.jpg\u00a0\u00bb _builder_version=\u00a0\u00bb4.3.4&Prime;][\/et_pb_image][\/et_pb_column][et_pb_column type=\u00a0\u00bb1_2&Prime; _builder_version=\u00a0\u00bb4.3.4&Prime;][et_pb_text _builder_version=\u00a0\u00bb4.3.4&Prime;]<\/p>\n<h2><strong>Andrea et Sarah<\/strong><\/h2>\n<h2><strong>Formateur et monitrice de voile<\/strong><\/h2>\n<p>[\/et_pb_text][et_pb_text admin_label=\u00a0\u00bbTexte equipe \u00a0\u00bb _builder_version=\u00a0\u00bb4.3.4&Prime; text_font=\u00a0\u00bbRoboto|300|||||||\u00a0\u00bb text_font_size=\u00a0\u00bb16px\u00a0\u00bb text_line_height=\u00a0\u00bb1.9em\u00a0\u00bb background_size=\u00a0\u00bbinitial\u00a0\u00bb background_position=\u00a0\u00bbtop_left\u00a0\u00bb background_repeat=\u00a0\u00bbrepeat\u00a0\u00bb max_width=\u00a0\u00bb450px\u00a0\u00bb custom_margin=\u00a0\u00bb17px||2px|||\u00a0\u00bb custom_padding=\u00a0\u00bb||0px|||\u00a0\u00bb animation_style=\u00a0\u00bbslide\u00a0\u00bb animation_direction=\u00a0\u00bbtop\u00a0\u00bb animation_delay=\u00a0\u00bb400ms\u00a0\u00bb animation_intensity_slide=\u00a0\u00bb4%\u00a0\u00bb locked=\u00a0\u00bboff\u00a0\u00bb]<\/p>\n<p>Originaire d&rsquo;Ancona, sur la c\u00f4te Est de l&rsquo;Italie au bord de l&rsquo;Adriatique, <strong>Andrea<\/strong> s&rsquo;est form\u00e9 \u00e0 la voile en M\u00e9diterran\u00e9e, principalement en Corse du Sud. Depuis 2014 il a encadr\u00e9 une bonne\u00a0 soixantaine de stages de voile en croisi\u00e8re, entre France, Italie et Croatie, et form\u00e9 de futurs moniteurs \u00e0 la pratique et \u00e0 l&rsquo;enseignement de la voile.<\/p>\n<p><strong>Sarah<\/strong> est monitrice de voile depuis 2017. Elle s&rsquo;est form\u00e9 et a enseign\u00e9 \u00e0 Bonifacio, en Corse du Sud, o\u00f9 elle a ensuite \u00e9t\u00e9 assistante administrative de son \u00e9cole de voile pendant deux ans.<\/p>\n<p>&nbsp;<\/p>\n<p>[\/et_pb_text][\/et_pb_column][\/et_pb_row][et_pb_row column_structure=\u00a0\u00bb1_2,1_2&Prime; admin_label=\u00a0\u00bbequipe Daniele Arena\u00a0\u00bb module_id=\u00a0\u00bbdestinationscorse\u00a0\u00bb module_class=\u00a0\u00bbdc_inverser_colonnes-ligne\u00a0\u00bb _builder_version=\u00a0\u00bb4.3.4&Prime; background_size=\u00a0\u00bbinitial\u00a0\u00bb background_position=\u00a0\u00bbtop_left\u00a0\u00bb background_repeat=\u00a0\u00bbrepeat\u00a0\u00bb module_alignment=\u00a0\u00bbcenter\u00a0\u00bb][et_pb_column type=\u00a0\u00bb1_2&Prime; _builder_version=\u00a0\u00bb4.3.4&Prime; custom_padding=\u00a0\u00bb|||\u00a0\u00bb custom_padding__hover=\u00a0\u00bb|||\u00a0\u00bb][et_pb_text _builder_version=\u00a0\u00bb4.3.4&Prime;]<\/p>\n<h2><strong>Daniele<\/strong><\/h2>\n<h2><strong>Moniteur d&rsquo;escalade<\/strong><\/h2>\n<p>[\/et_pb_text][et_pb_text admin_label=\u00a0\u00bbTexte equipe \u00a0\u00bb _builder_version=\u00a0\u00bb4.3.4&Prime; text_font=\u00a0\u00bbRoboto|300|||||||\u00a0\u00bb text_font_size=\u00a0\u00bb16px\u00a0\u00bb text_line_height=\u00a0\u00bb1.9em\u00a0\u00bb background_size=\u00a0\u00bbinitial\u00a0\u00bb background_position=\u00a0\u00bbtop_left\u00a0\u00bb background_repeat=\u00a0\u00bbrepeat\u00a0\u00bb max_width=\u00a0\u00bb450px\u00a0\u00bb custom_margin=\u00a0\u00bb17px||2px|||\u00a0\u00bb custom_padding=\u00a0\u00bb||0px|||\u00a0\u00bb animation_style=\u00a0\u00bbslide\u00a0\u00bb animation_direction=\u00a0\u00bbtop\u00a0\u00bb animation_delay=\u00a0\u00bb400ms\u00a0\u00bb animation_intensity_slide=\u00a0\u00bb4%\u00a0\u00bb locked=\u00a0\u00bboff\u00a0\u00bb]<\/p>\n<p><strong>Daniele<\/strong> Arena, grand voyageur, n\u00e9 \u00e0 Catane. Il commence tr\u00e8s jeune \u00e0 parcourir le monde.<\/p>\n<p>Il fait partie des premiers grimpeurs \u00e0 s&rsquo;\u00eatre install\u00e9 \u00e0 San Vito Lo Capo, o\u00f9 il a vu le potentiel pour la cr\u00e9ation de nombreuses voies d&rsquo;escalade.<\/p>\n<p>Moniteur de VTT, ancien g\u00e9rant de la Climbing House, il vit \u00e0 San Vito et s&rsquo;occupe r\u00e9guli\u00e8rement de l&rsquo;entretien des spots de grimpes existants ou de l&rsquo;ouverture de nouvelles voies.<\/p>\n<p>[\/et_pb_text][\/et_pb_column][et_pb_column type=\u00a0\u00bb1_2&Prime; _builder_version=\u00a0\u00bb4.3.4&Prime;][et_pb_image src=\u00a0\u00bbhttps:\/\/voile-escalade.com\/vertigoblue\/wp-content\/uploads\/2020\/12\/Daniele-Arena.jpg\u00a0\u00bb _builder_version=\u00a0\u00bb4.3.4&Prime;][\/et_pb_image][\/et_pb_column][\/et_pb_row][et_pb_row _builder_version=\u00a0\u00bb4.3.4&Prime;][et_pb_column type=\u00a0\u00bb4_4&Prime; _builder_version=\u00a0\u00bb4.3.4&Prime;][et_pb_button button_url=\u00a0\u00bbhttps:\/\/voile-escalade.com\/vertigoblue\/contact\/\u00a0\u00bb url_new_window=\u00a0\u00bbon\u00a0\u00bb button_text=\u00a0\u00bbPoser une option \/ R\u00e9server\u00a0\u00bb button_alignment=\u00a0\u00bbcenter\u00a0\u00bb admin_label=\u00a0\u00bbBouton reserver option\u00a0\u00bb _builder_version=\u00a0\u00bb4.3.4&Prime;][\/et_pb_button][\/et_pb_column][\/et_pb_row][et_pb_row column_structure=\u00a0\u00bb1_2,1_2&Prime; disabled_on=\u00a0\u00bbon|on|on\u00a0\u00bb admin_label=\u00a0\u00bbInformations pratiques\u00a0\u00bb module_id=\u00a0\u00bb#destinations-sicile\u00a0\u00bb module_class=\u00a0\u00bbdc_inverser_colonnes-ligne\u00a0\u00bb _builder_version=\u00a0\u00bb4.3.4&Prime; background_size=\u00a0\u00bbinitial\u00a0\u00bb background_position=\u00a0\u00bbtop_left\u00a0\u00bb background_repeat=\u00a0\u00bbrepeat\u00a0\u00bb module_alignment=\u00a0\u00bbcenter\u00a0\u00bb disabled=\u00a0\u00bbon\u00a0\u00bb][et_pb_column type=\u00a0\u00bb1_2&Prime; _builder_version=\u00a0\u00bb4.3.4&Prime; custom_padding=\u00a0\u00bb|||\u00a0\u00bb custom_padding__hover=\u00a0\u00bb|||\u00a0\u00bb][et_pb_text admin_label=\u00a0\u00bbtitre autres destinations\u00a0\u00bb _builder_version=\u00a0\u00bb4.3.4&Prime; text_font=\u00a0\u00bb||||\u00a0\u00bb text_text_color=\u00a0\u00bb#1a1a1a\u00a0\u00bb header_font=\u00a0\u00bbOswald|on||on|\u00a0\u00bb header_text_align=\u00a0\u00bbleft\u00a0\u00bb header_font_size=\u00a0\u00bb44px\u00a0\u00bb header_line_height=\u00a0\u00bb1.3em\u00a0\u00bb background_size=\u00a0\u00bbinitial\u00a0\u00bb background_position=\u00a0\u00bbtop_left\u00a0\u00bb background_repeat=\u00a0\u00bbrepeat\u00a0\u00bb max_width=\u00a0\u00bb450px\u00a0\u00bb custom_margin=\u00a0\u00bb|||\u00a0\u00bb custom_padding=\u00a0\u00bb|||\u00a0\u00bb animation_style=\u00a0\u00bbslide\u00a0\u00bb animation_direction=\u00a0\u00bbtop\u00a0\u00bb animation_intensity_slide=\u00a0\u00bb10%\u00a0\u00bb header_font_size_tablet=\u00a0\u00bb39px\u00a0\u00bb header_font_size_phone=\u00a0\u00bb35px\u00a0\u00bb header_font_size_last_edited=\u00a0\u00bbon|phone\u00a0\u00bb locked=\u00a0\u00bboff\u00a0\u00bb]<\/p>\n<h1>Informations pratiques<\/h1>\n<p>[\/et_pb_text][et_pb_divider color=\u00a0\u00bb#0c71c3&Prime; divider_position=\u00a0\u00bbcenter\u00a0\u00bb divider_weight=\u00a0\u00bb3px\u00a0\u00bb disabled_on=\u00a0\u00bboff|off|off%22&Prime; admin_label=\u00a0\u00bbS\u00e9parateur\u00a0\u00bb _builder_version=\u00a0\u00bb4.3.4&Prime; max_width=\u00a0\u00bb150px\u00a0\u00bb height=\u00a0\u00bbfalse\u00a0\u00bb custom_margin=\u00a0\u00bb30px|||\u00a0\u00bb animation_style=\u00a0\u00bbslide\u00a0\u00bb animation_direction=\u00a0\u00bbtop\u00a0\u00bb animation_delay=\u00a0\u00bb100ms\u00a0\u00bb animation_intensity_slide=\u00a0\u00bb10%\u00a0\u00bb locked=\u00a0\u00bboff\u00a0\u00bb][\/et_pb_divider][\/et_pb_column][et_pb_column type=\u00a0\u00bb1_2&Prime; _builder_version=\u00a0\u00bb4.3.4&Prime;][\/et_pb_column][\/et_pb_row][et_pb_row disabled_on=\u00a0\u00bbon|on|on\u00a0\u00bb _builder_version=\u00a0\u00bb4.3.4&Prime; disabled=\u00a0\u00bbon\u00a0\u00bb][et_pb_column type=\u00a0\u00bb4_4&Prime; _builder_version=\u00a0\u00bb4.3.4&Prime;][et_pb_text _builder_version=\u00a0\u00bb4.3.4&Prime;][\/et_pb_text][\/et_pb_column][\/et_pb_row][\/et_pb_section]<\/p>\n","protected":false},"excerpt":{"rendered":"<p>Le Programme Un s\u00e9jour en deux temps, pour d\u00e9couvrir la Sicile sous ses plus beaux visages: La premi\u00e8re semaine est d\u00e9di\u00e9e \u00e0 la d\u00e9couverte en voilier de la c\u00f4te nord-ouest Sicilienne et de l\u2019archipel des iles Egadi. Le soir, nous dormons \u00e0 bord du bateau, au port ou au mouillage. La deuxi\u00e8me semaine est consacr\u00e9e [&hellip;]<\/p>\n","protected":false},"author":2,"featured_media":0,"parent":0,"menu_order":0,"comment_status":"closed","ping_status":"closed","template":"","meta":{"_et_pb_use_builder":"on","_et_pb_old_content":"","_et_gb_content_width":""},"yoast_head":"<!-- This site is optimized with the Yoast SEO plugin v20.2.1 - https:\/\/yoast.com\/wordpress\/plugins\/seo\/ -->\n<title>Sicile voile et escalade - Voile et escalade en M\u00e9diterran\u00e9e<\/title>\n<meta name=\"robots\" content=\"index, follow, max-snippet:-1, max-image-preview:large, max-video-preview:-1\" \/>\n<link rel=\"canonical\" href=\"https:\/\/voile-escalade.com\/vertigoblue\/sicile-voile-et-escalade\/\" \/>\n<meta property=\"og:locale\" content=\"fr_FR\" \/>\n<meta property=\"og:type\" content=\"article\" \/>\n<meta property=\"og:title\" content=\"Sicile voile et escalade - Voile et escalade en M\u00e9diterran\u00e9e\" \/>\n<meta property=\"og:description\" content=\"Le Programme Un s\u00e9jour en deux temps, pour d\u00e9couvrir la Sicile sous ses plus beaux visages: La premi\u00e8re semaine est d\u00e9di\u00e9e \u00e0 la d\u00e9couverte en voilier de la c\u00f4te nord-ouest Sicilienne et de l\u2019archipel des iles Egadi. Le soir, nous dormons \u00e0 bord du bateau, au port ou au mouillage. La deuxi\u00e8me semaine est consacr\u00e9e [&hellip;]\" \/>\n<meta property=\"og:url\" content=\"https:\/\/voile-escalade.com\/vertigoblue\/sicile-voile-et-escalade\/\" \/>\n<meta property=\"og:site_name\" content=\"Voile et escalade en M\u00e9diterran\u00e9e\" \/>\n<meta property=\"article:modified_time\" content=\"2022-08-02T13:14:52+00:00\" \/>\n<meta name=\"twitter:card\" content=\"summary_large_image\" \/>\n<meta name=\"twitter:label1\" content=\"Dur\u00e9e de lecture estim\u00e9e\" \/>\n\t<meta name=\"twitter:data1\" content=\"16 minutes\" \/>\n<script type=\"application\/ld+json\" class=\"yoast-schema-graph\">{\"@context\":\"https:\/\/schema.org\",\"@graph\":[{\"@type\":\"WebPage\",\"@id\":\"https:\/\/voile-escalade.com\/vertigoblue\/sicile-voile-et-escalade\/\",\"url\":\"https:\/\/voile-escalade.com\/vertigoblue\/sicile-voile-et-escalade\/\",\"name\":\"Sicile voile et escalade - Voile et escalade en M\u00e9diterran\u00e9e\",\"isPartOf\":{\"@id\":\"https:\/\/voile-escalade.com\/vertigoblue\/#website\"},\"datePublished\":\"2020-12-20T09:47:47+00:00\",\"dateModified\":\"2022-08-02T13:14:52+00:00\",\"breadcrumb\":{\"@id\":\"https:\/\/voile-escalade.com\/vertigoblue\/sicile-voile-et-escalade\/#breadcrumb\"},\"inLanguage\":\"fr-FR\",\"potentialAction\":[{\"@type\":\"ReadAction\",\"target\":[\"https:\/\/voile-escalade.com\/vertigoblue\/sicile-voile-et-escalade\/\"]}]},{\"@type\":\"BreadcrumbList\",\"@id\":\"https:\/\/voile-escalade.com\/vertigoblue\/sicile-voile-et-escalade\/#breadcrumb\",\"itemListElement\":[{\"@type\":\"ListItem\",\"position\":1,\"name\":\"Accueil\",\"item\":\"https:\/\/voile-escalade.com\/vertigoblue\/\"},{\"@type\":\"ListItem\",\"position\":2,\"name\":\"Sicile voile et escalade\"}]},{\"@type\":\"WebSite\",\"@id\":\"https:\/\/voile-escalade.com\/vertigoblue\/#website\",\"url\":\"https:\/\/voile-escalade.com\/vertigoblue\/\",\"name\":\"Voile et escalade en M\u00e9diterran\u00e9e\",\"description\":\"Voyages sportifs voile et escalade\",\"potentialAction\":[{\"@type\":\"SearchAction\",\"target\":{\"@type\":\"EntryPoint\",\"urlTemplate\":\"https:\/\/voile-escalade.com\/vertigoblue\/?s={search_term_string}\"},\"query-input\":\"required name=search_term_string\"}],\"inLanguage\":\"fr-FR\"}]}<\/script>\n<!-- \/ Yoast SEO plugin. -->","yoast_head_json":{"title":"Sicile voile et escalade - Voile et escalade en M\u00e9diterran\u00e9e","robots":{"index":"index","follow":"follow","max-snippet":"max-snippet:-1","max-image-preview":"max-image-preview:large","max-video-preview":"max-video-preview:-1"},"canonical":"https:\/\/voile-escalade.com\/vertigoblue\/sicile-voile-et-escalade\/","og_locale":"fr_FR","og_type":"article","og_title":"Sicile voile et escalade - Voile et escalade en M\u00e9diterran\u00e9e","og_description":"Le Programme Un s\u00e9jour en deux temps, pour d\u00e9couvrir la Sicile sous ses plus beaux visages: La premi\u00e8re semaine est d\u00e9di\u00e9e \u00e0 la d\u00e9couverte en voilier de la c\u00f4te nord-ouest Sicilienne et de l\u2019archipel des iles Egadi. Le soir, nous dormons \u00e0 bord du bateau, au port ou au mouillage. La deuxi\u00e8me semaine est consacr\u00e9e [&hellip;]","og_url":"https:\/\/voile-escalade.com\/vertigoblue\/sicile-voile-et-escalade\/","og_site_name":"Voile et escalade en M\u00e9diterran\u00e9e","article_modified_time":"2022-08-02T13:14:52+00:00","twitter_card":"summary_large_image","twitter_misc":{"Dur\u00e9e de lecture estim\u00e9e":"16 minutes"},"schema":{"@context":"https:\/\/schema.org","@graph":[{"@type":"WebPage","@id":"https:\/\/voile-escalade.com\/vertigoblue\/sicile-voile-et-escalade\/","url":"https:\/\/voile-escalade.com\/vertigoblue\/sicile-voile-et-escalade\/","name":"Sicile voile et escalade - Voile et escalade en M\u00e9diterran\u00e9e","isPartOf":{"@id":"https:\/\/voile-escalade.com\/vertigoblue\/#website"},"datePublished":"2020-12-20T09:47:47+00:00","dateModified":"2022-08-02T13:14:52+00:00","breadcrumb":{"@id":"https:\/\/voile-escalade.com\/vertigoblue\/sicile-voile-et-escalade\/#breadcrumb"},"inLanguage":"fr-FR","potentialAction":[{"@type":"ReadAction","target":["https:\/\/voile-escalade.com\/vertigoblue\/sicile-voile-et-escalade\/"]}]},{"@type":"BreadcrumbList","@id":"https:\/\/voile-escalade.com\/vertigoblue\/sicile-voile-et-escalade\/#breadcrumb","itemListElement":[{"@type":"ListItem","position":1,"name":"Accueil","item":"https:\/\/voile-escalade.com\/vertigoblue\/"},{"@type":"ListItem","position":2,"name":"Sicile voile et escalade"}]},{"@type":"WebSite","@id":"https:\/\/voile-escalade.com\/vertigoblue\/#website","url":"https:\/\/voile-escalade.com\/vertigoblue\/","name":"Voile et escalade en M\u00e9diterran\u00e9e","description":"Voyages sportifs voile et escalade","potentialAction":[{"@type":"SearchAction","target":{"@type":"EntryPoint","urlTemplate":"https:\/\/voile-escalade.com\/vertigoblue\/?s={search_term_string}"},"query-input":"required name=search_term_string"}],"inLanguage":"fr-FR"}]}},"_links":{"self":[{"href":"https:\/\/voile-escalade.com\/vertigoblue\/wp-json\/wp\/v2\/pages\/1407"}],"collection":[{"href":"https:\/\/voile-escalade.com\/vertigoblue\/wp-json\/wp\/v2\/pages"}],"about":[{"href":"https:\/\/voile-escalade.com\/vertigoblue\/wp-json\/wp\/v2\/types\/page"}],"author":[{"embeddable":true,"href":"https:\/\/voile-escalade.com\/vertigoblue\/wp-json\/wp\/v2\/users\/2"}],"replies":[{"embeddable":true,"href":"https:\/\/voile-escalade.com\/vertigoblue\/wp-json\/wp\/v2\/comments?post=1407"}],"version-history":[{"count":37,"href":"https:\/\/voile-escalade.com\/vertigoblue\/wp-json\/wp\/v2\/pages\/1407\/revisions"}],"predecessor-version":[{"id":2642,"href":"https:\/\/voile-escalade.com\/vertigoblue\/wp-json\/wp\/v2\/pages\/1407\/revisions\/2642"}],"wp:attachment":[{"href":"https:\/\/voile-escalade.com\/vertigoblue\/wp-json\/wp\/v2\/media?parent=1407"}],"curies":[{"name":"wp","href":"https:\/\/api.w.org\/{rel}","templated":true}]}}