{"id":999,"date":"2021-01-10T19:27:32","date_gmt":"2021-01-10T18:27:32","guid":{"rendered":"https:\/\/voile-escalade.com\/vertigoblue\/vela-escalada\/?page_id=999"},"modified":"2022-08-14T18:15:39","modified_gmt":"2022-08-14T16:15:39","slug":"sicilia-vela-y-escalada","status":"publish","type":"page","link":"https:\/\/voile-escalade.com\/vertigoblue\/vela-escalada\/sicilia-vela-y-escalada\/","title":{"rendered":"Sicilia &#8211; Vela y escalada"},"content":{"rendered":"<p>[et_pb_section fb_built=\u00bb1&#8243; fullwidth=\u00bbon\u00bb _builder_version=\u00bb4.3.4&#8243;][et_pb_fullwidth_header title=\u00bbSicilia &#8211; Vela &#038; Escalada\u00bb subhead=\u00bbEstancia de 14 d\u00edas, en primavera y oto\u00f1o\u00bb text_orientation=\u00bbcenter\u00bb button_one_url=\u00bb#destinations-corse\u00bb button_two_url=\u00bb#destinationseurope\u00bb _builder_version=\u00bb4.3.4&#8243; title_font=\u00bb|700|||||||\u00bb title_text_color=\u00bb#000000&#8243; subhead_font=\u00bb|600|||||||\u00bb subhead_text_color=\u00bb#000000&#8243; subhead_font_size=\u00bb22px\u00bb background_enable_color=\u00bboff\u00bb background_image=\u00bbhttps:\/\/voile-escalade.com\/vertigoblue\/vela-escalada\/wp-content\/uploads\/sites\/4\/2021\/01\/San-Vito-Lo-Capo-climbing-hill-scaled-1.jpg\u00bb background_layout=\u00bblight\u00bb][\/et_pb_fullwidth_header][\/et_pb_section][et_pb_section fb_built=\u00bb1&#8243; custom_padding_last_edited=\u00bbon|tablet\u00bb admin_label=\u00bbImage sejour sicile voile escalade\u00bb _builder_version=\u00bb4.3.4&#8243; custom_padding=\u00bb59px||29px|||\u00bb custom_padding_tablet=\u00bb60px|||\u00bb custom_padding_phone=\u00bb\u00bb top_divider_height=\u00bb60px\u00bb][et_pb_row column_structure=\u00bb1_2,1_2&#8243; _builder_version=\u00bb4.3.4&#8243;][et_pb_column type=\u00bb1_2&#8243; _builder_version=\u00bb4.3.4&#8243;][et_pb_image src=\u00bbhttps:\/\/voile-escalade.com\/vertigoblue\/vela-escalada\/wp-content\/uploads\/sites\/4\/2021\/01\/san-vito-lo-capo-spaggia-baia-santa-margharita-vertigo-blue.jpg\u00bb _builder_version=\u00bb4.3.4&#8243;][\/et_pb_image][\/et_pb_column][et_pb_column type=\u00bb1_2&#8243; _builder_version=\u00bb4.3.4&#8243;][et_pb_image src=\u00bbhttps:\/\/voile-escalade.com\/vertigoblue\/vela-escalada\/wp-content\/uploads\/sites\/4\/2021\/01\/vertigo-blue-escalade-san-vito-lo-capo-torre-isulida.jpg\u00bb align=\u00bbright\u00bb _builder_version=\u00bb4.3.4&#8243;][\/et_pb_image][\/et_pb_column][\/et_pb_row][\/et_pb_section][et_pb_section fb_built=\u00bb1&#8243; custom_padding_last_edited=\u00bbon|tablet\u00bb admin_label=\u00bbsicile Voile Escalade d\u00e9tails \u00bb module_id=\u00bbdestinationseurope\u00bb module_class=\u00bbdc_inverser_colonnes-section\u00bb _builder_version=\u00bb4.3.4&#8243; custom_padding=\u00bb59px||29px|||\u00bb custom_padding_tablet=\u00bb60px|||\u00bb custom_padding_phone=\u00bb\u00bb top_divider_height=\u00bb60px\u00bb][et_pb_row column_structure=\u00bb1_2,1_2&#8243; admin_label=\u00bbprogramme\u00bb module_id=\u00bbdestinationssardaigne\u00bb _builder_version=\u00bb4.3.4&#8243; background_size=\u00bbinitial\u00bb background_position=\u00bbtop_left\u00bb background_repeat=\u00bbrepeat\u00bb module_alignment=\u00bbcenter\u00bb][et_pb_column type=\u00bb1_2&#8243; _builder_version=\u00bb4.3.4&#8243; custom_padding=\u00bb|||\u00bb custom_padding__hover=\u00bb|||\u00bb][et_pb_text admin_label=\u00bbTitre programme\u00bb _builder_version=\u00bb4.3.4&#8243; text_font=\u00bb||||\u00bb text_text_color=\u00bb#1a1a1a\u00bb header_font=\u00bbOswald|on||on|\u00bb header_text_align=\u00bbleft\u00bb header_font_size=\u00bb44px\u00bb header_line_height=\u00bb1.3em\u00bb background_size=\u00bbinitial\u00bb background_position=\u00bbtop_left\u00bb background_repeat=\u00bbrepeat\u00bb max_width=\u00bb450px\u00bb custom_margin=\u00bb|||\u00bb custom_padding=\u00bb|||\u00bb animation_style=\u00bbslide\u00bb animation_direction=\u00bbtop\u00bb animation_intensity_slide=\u00bb10%\u00bb header_font_size_tablet=\u00bb39px\u00bb header_font_size_phone=\u00bb35px\u00bb header_font_size_last_edited=\u00bbon|phone\u00bb locked=\u00bboff\u00bb]<\/p>\n<h1>El Programa<\/h1>\n<p>[\/et_pb_text][et_pb_divider color=\u00bb#0c71c3&#8243; divider_position=\u00bbcenter\u00bb divider_weight=\u00bb3px\u00bb disabled_on=\u00bboff|off|off%22&#8243; admin_label=\u00bbS\u00e9parateur\u00bb _builder_version=\u00bb4.3.4&#8243; max_width=\u00bb150px\u00bb height=\u00bbfalse\u00bb custom_margin=\u00bb30px|||\u00bb animation_style=\u00bbslide\u00bb animation_direction=\u00bbtop\u00bb animation_delay=\u00bb100ms\u00bb animation_intensity_slide=\u00bb10%\u00bb locked=\u00bboff\u00bb][\/et_pb_divider][et_pb_text admin_label=\u00bbTexte programme \u00bb _builder_version=\u00bb4.3.4&#8243; text_font=\u00bbRoboto|300|||||||\u00bb text_font_size=\u00bb16px\u00bb text_line_height=\u00bb1.9em\u00bb background_size=\u00bbinitial\u00bb background_position=\u00bbtop_left\u00bb background_repeat=\u00bbrepeat\u00bb max_width=\u00bb450px\u00bb custom_margin=\u00bb17px||2px|||\u00bb custom_padding=\u00bb||0px|||\u00bb animation_style=\u00bbslide\u00bb animation_direction=\u00bbtop\u00bb animation_delay=\u00bb400ms\u00bb animation_intensity_slide=\u00bb4%\u00bb locked=\u00bboff\u00bb]<\/p>\n<p><strong>Una estancia en dos tiempos, para descubrir Sicilia en sus m\u00e1s bellas facetas:<\/strong><\/p>\n<p><strong>La primera semana se dedicar\u00e1 a descubrir la costa noroeste de Sicilia y el archipi\u00e9lago de las Islas Egadi en velero<\/strong>. Por la noche, dormiremos a bordo, en puerto o fondeados.<\/p>\n<p><strong>La segunda semana estar\u00e0 consagrada a la escalada en los acantilados de San Vito Lo Capo<\/strong>. El alojamiento ser\u00e0 en un bungalow en el coraz\u00f3n de un territorio natural preservado.<\/p>\n<p><strong>Un programa ideal para explorar la belleza natural de la isla de forma din\u00e1mica<\/strong>, en peque\u00f1os grupos y acompa\u00f1ado por gu\u00edas apasionados!<\/p>\n<p>Abierto a todos los niveles, adecuado para un p\u00fablico deportivo y din\u00e1mico que ya practica la vela y\/o la escalada \u00a1o que simplemente quiere aprender!<\/p>\n<p><strong>Todas las actividades son supervisadas por instructores calificados<\/strong>.<\/p>\n<p>Es necesario tener una buena condici\u00f3n f\u00edsica para participar en este curso.<\/p>\n<p>\u200b<\/p>\n<p>[\/et_pb_text][\/et_pb_column][et_pb_column type=\u00bb1_2&#8243; _builder_version=\u00bb4.3.4&#8243;][et_pb_text admin_label=\u00bbTexte infos cl\u00e9s\u00bb _builder_version=\u00bb4.3.4&#8243; background_color=\u00bb#6fc8ce\u00bb custom_padding=\u00bb||0px|21px||\u00bb]<\/p>\n<h4>\u00a0<\/h4>\n<h4 style=\"text-align: center;\"><span style=\"text-decoration: underline;\"><strong>Informaciones \u00fatiles<br \/><\/strong><\/span><\/h4>\n<ul>\n<li style=\"text-align: left;\">\n<h5>Estancia de 14 d\u00edas<\/h5>\n<\/li>\n<li style=\"text-align: left;\">\n<h5>A partir de 1320 euros por persona<\/h5>\n<\/li>\n<li style=\"text-align: left;\">\n<h5>Nivel: principiante a avanzado<\/h5>\n<\/li>\n<li style=\"text-align: left;\">\n<h5>Ritmo: moderado<\/h5>\n<\/li>\n<li style=\"text-align: left;\">\n<h5>Grupo de 4 a 6 personas<\/h5>\n<\/li>\n<li style=\"text-align: left;\">\n<h5>Alojamiento a bordo del velero y en bungalow (en camarotes\/habitaci\u00f3n compartidos)<\/h5>\n<\/li>\n<li style=\"text-align: left;\">\n<h5>Comidas preparadas a bordo\/ en bungalow<\/h5>\n<\/li>\n<\/ul>\n<p style=\"text-align: center;\">[\/et_pb_text][et_pb_text admin_label=\u00bbTexte terrain de jeu\u00bb _builder_version=\u00bb4.3.4&#8243; background_color=\u00bb#6fc8ce\u00bb custom_padding=\u00bb|19px|0px|21px||\u00bb]<\/p>\n<h4>\u00a0<\/h4>\n<h4 style=\"text-align: center;\"><span style=\"text-decoration: underline;\"><strong>El terreno de juego<br \/><\/strong><\/span><\/h4>\n<p style=\"text-align: center;\"><strong>Marsala y las Islas Egadi<\/strong><\/p>\n<p style=\"text-align: center;\"><strong>San Vito Lo Capo y la Baia Santa Marghaerita<\/strong><\/p>\n<ul>\n<li style=\"text-align: left;\">\n<h5>Puerto de embarque: Marsala<\/h5>\n<\/li>\n<li style=\"text-align: left;\">\n<h5>El Arcipelago de las Islas Egadi<\/h5>\n<\/li>\n<li style=\"text-align: left;\">\n<h5>El pueblo de San Vito Lo Capo y sus acantilados<\/h5>\n<\/li>\n<\/ul>\n<ul>\n<li style=\"text-align: left;\">\n<h5>La Baia Santa Margherita<\/h5>\n<\/li>\n<\/ul>\n<p style=\"text-align: center;\">[\/et_pb_text][et_pb_button button_url=\u00bbhttps:\/\/voile-escalade.com\/vertigoblue\/vela-escalada\/contacto\/\u00bb url_new_window=\u00bbon\u00bb button_text=\u00bbInfo y Reservaci\u00f3nes\u00bb button_alignment=\u00bbcenter\u00bb admin_label=\u00bbBouton reserver option\u00bb _builder_version=\u00bb4.3.4&#8243;][\/et_pb_button][\/et_pb_column][\/et_pb_row][et_pb_row _builder_version=\u00bb4.3.4&#8243;][et_pb_column type=\u00bb4_4&#8243; _builder_version=\u00bb4.3.4&#8243;][et_pb_image src=\u00bbhttps:\/\/voile-escalade.com\/vertigoblue\/vela-escalada\/wp-content\/uploads\/sites\/4\/2021\/01\/san-vito-lo-capo-falesie-sul-mare.jpg\u00bb _builder_version=\u00bb4.3.4&#8243;][\/et_pb_image][\/et_pb_column][\/et_pb_row][et_pb_row column_structure=\u00bb1_2,1_2&#8243; disabled_on=\u00bboff|off|off\u00bb admin_label=\u00bbItineraire titre\u00bb module_id=\u00bb#destinations-sicile\u00bb module_class=\u00bbdc_inverser_colonnes-ligne\u00bb _builder_version=\u00bb4.3.4&#8243; background_size=\u00bbinitial\u00bb background_position=\u00bbtop_left\u00bb background_repeat=\u00bbrepeat\u00bb module_alignment=\u00bbcenter\u00bb][et_pb_column type=\u00bb1_2&#8243; _builder_version=\u00bb4.3.4&#8243; custom_padding=\u00bb|||\u00bb custom_padding__hover=\u00bb|||\u00bb][et_pb_text admin_label=\u00bbtitre itin\u00e9raire\u00bb _builder_version=\u00bb4.3.4&#8243; text_font=\u00bb||||\u00bb text_text_color=\u00bb#1a1a1a\u00bb header_font=\u00bbOswald|on||on|\u00bb header_text_align=\u00bbleft\u00bb header_font_size=\u00bb44px\u00bb header_line_height=\u00bb1.3em\u00bb background_size=\u00bbinitial\u00bb background_position=\u00bbtop_left\u00bb background_repeat=\u00bbrepeat\u00bb max_width=\u00bb450px\u00bb custom_margin=\u00bb|||\u00bb custom_padding=\u00bb|||\u00bb animation_style=\u00bbslide\u00bb animation_direction=\u00bbtop\u00bb animation_intensity_slide=\u00bb10%\u00bb header_font_size_tablet=\u00bb39px\u00bb header_font_size_phone=\u00bb35px\u00bb header_font_size_last_edited=\u00bbon|phone\u00bb locked=\u00bboff\u00bb]<\/p>\n<h1>El Itinerario<\/h1>\n<p>[\/et_pb_text][et_pb_divider color=\u00bb#0c71c3&#8243; divider_position=\u00bbcenter\u00bb divider_weight=\u00bb3px\u00bb disabled_on=\u00bboff|off|off%22&#8243; admin_label=\u00bbS\u00e9parateur\u00bb _builder_version=\u00bb4.3.4&#8243; max_width=\u00bb150px\u00bb height=\u00bbfalse\u00bb custom_margin=\u00bb30px|||\u00bb animation_style=\u00bbslide\u00bb animation_direction=\u00bbtop\u00bb animation_delay=\u00bb100ms\u00bb animation_intensity_slide=\u00bb10%\u00bb locked=\u00bboff\u00bb][\/et_pb_divider][\/et_pb_column][et_pb_column type=\u00bb1_2&#8243; _builder_version=\u00bb4.3.4&#8243;][\/et_pb_column][\/et_pb_row][et_pb_row _builder_version=\u00bb4.3.4&#8243; width=\u00bbauto\u00bb][et_pb_column type=\u00bb4_4&#8243; _builder_version=\u00bb4.3.4&#8243;][et_pb_text admin_label=\u00bbTexte itin\u00e9raire\u00bb _builder_version=\u00bb4.3.4&#8243; text_font=\u00bbRoboto|300|||||||\u00bb text_font_size=\u00bb16px\u00bb custom_margin_tablet=\u00bb|20px||20px|false|false\u00bb custom_margin_phone=\u00bb|20px||20px|false|false\u00bb custom_margin_last_edited=\u00bbon|tablet\u00bb]<\/p>\n<p><strong>El per\u00edmetro de las estancias se extiende lo largo de la costa noroeste de Sicilia.<\/strong><\/p>\n<p>Desde Trapani o Marsala, los objetivos principales del viaje son las <strong>Islas Egadi, San Vito Lo Capo y la incre\u00edble Bah\u00eda Santa Margherita<\/strong>: un entorno de extraordinaria belleza, excepcionalmente conservado y salvaje, donde se destacan<strong> kil\u00f3metros de acantilados frente a playas paradis\u00edacas<\/strong>.<\/p>\n<p>Los d\u00edas de navegaci\u00f3n se dedicar\u00e1n a aprender las maniobras y t\u00e9cnicas de la navegaci\u00f3n costera.<\/p>\n<p>En San Vito nos esperan miles de v\u00edas de escalada, para todos los estilos y niveles.<br \/>\u00a1Pero no hay que olvidarse de descubrir la gastronom\u00eda local!<\/p>\n<p>[\/et_pb_text][\/et_pb_column][\/et_pb_row][et_pb_row column_structure=\u00bb1_2,1_2&#8243; disabled_on=\u00bboff|off|off\u00bb admin_label=\u00bbAu jour le jour titre\u00bb module_id=\u00bb#destinations-sicile\u00bb module_class=\u00bbdc_inverser_colonnes-ligne\u00bb _builder_version=\u00bb4.3.4&#8243; background_size=\u00bbinitial\u00bb background_position=\u00bbtop_left\u00bb background_repeat=\u00bbrepeat\u00bb module_alignment=\u00bbcenter\u00bb][et_pb_column type=\u00bb1_2&#8243; _builder_version=\u00bb4.3.4&#8243; custom_padding=\u00bb|||\u00bb custom_padding__hover=\u00bb|||\u00bb][et_pb_text admin_label=\u00bbtitre au jour le jour\u00bb _builder_version=\u00bb4.3.4&#8243; text_font=\u00bb||||\u00bb text_text_color=\u00bb#1a1a1a\u00bb header_font=\u00bbOswald|on||on|\u00bb header_text_align=\u00bbleft\u00bb header_font_size=\u00bb44px\u00bb header_line_height=\u00bb1.3em\u00bb background_size=\u00bbinitial\u00bb background_position=\u00bbtop_left\u00bb background_repeat=\u00bbrepeat\u00bb max_width=\u00bb450px\u00bb custom_margin=\u00bb|||\u00bb custom_padding=\u00bb|||\u00bb animation_style=\u00bbslide\u00bb animation_direction=\u00bbtop\u00bb animation_intensity_slide=\u00bb10%\u00bb header_font_size_tablet=\u00bb39px\u00bb header_font_size_phone=\u00bb35px\u00bb header_font_size_last_edited=\u00bbon|phone\u00bb locked=\u00bboff\u00bb]<\/p>\n<h1>El dia a dia<\/h1>\n<p>[\/et_pb_text][et_pb_divider color=\u00bb#0c71c3&#8243; divider_position=\u00bbcenter\u00bb divider_weight=\u00bb3px\u00bb disabled_on=\u00bboff|off|off%22&#8243; admin_label=\u00bbS\u00e9parateur\u00bb _builder_version=\u00bb4.3.4&#8243; max_width=\u00bb150px\u00bb height=\u00bbfalse\u00bb custom_margin=\u00bb30px|||\u00bb animation_style=\u00bbslide\u00bb animation_direction=\u00bbtop\u00bb animation_delay=\u00bb100ms\u00bb animation_intensity_slide=\u00bb10%\u00bb locked=\u00bboff\u00bb][\/et_pb_divider][\/et_pb_column][et_pb_column type=\u00bb1_2&#8243; _builder_version=\u00bb4.3.4&#8243;][\/et_pb_column][\/et_pb_row][et_pb_row _builder_version=\u00bb4.3.4&#8243; width=\u00bb100%\u00bb][et_pb_column type=\u00bb4_4&#8243; _builder_version=\u00bb4.3.4&#8243;][et_pb_text admin_label=\u00bbTexte au jour le jour\u00bb _builder_version=\u00bb4.3.4&#8243; text_font=\u00bbRoboto|300|||||||\u00bb text_font_size=\u00bb16px\u00bb custom_margin_tablet=\u00bb|20px||20px|false|false\u00bb custom_margin_phone=\u00bb\u00bb custom_margin_last_edited=\u00bbon|desktop\u00bb]<\/p>\n<p>Los d\u00edas empiezan alrededor de las 9 de la ma\u00f1ana y terminan alrededor de las 6 de la tarde.<br \/><strong>Tanto en la navegaci\u00f3n como en acantilado, el tiempo se dedicar\u00e1, en primer lugar a la pr\u00e1ctica<\/strong> deportiva, sin olvidar los aportes te\u00f3ricos indispensables para una mejor progresi\u00f3n t\u00e9cnica.<\/p>\n<p><strong>El programa pedag\u00f3gico es elaborado por Andrea al comenzar del viaje <\/strong>de acuerdo con la previsiones metereologicas y al nivel y expectativas de la tripulaci\u00f3n.<\/p>\n<p><strong> Los participantes ser\u00e1n acogidos a bordo la v\u00edspera de la salida al final de la tarde<\/strong> y se habr\u00e1 la oportunidad de romper el hielo para organizar los d\u00edas siguientes y familiarizarse con el material.<\/p>\n<p>El primer d\u00eda se destinar\u00e0 a familiarizarse con el barco y a evaluar el nivel y las expectativas de cada participante.<\/p>\n<p><strong> La primera semana las navegaciones se suceder\u00e1n con el objetivo de descubrir el archipi\u00e9lago de las islas Egadi.<\/strong><\/p>\n<p>La mayoria de las navegaciones tendr\u00e1n lugar durante el d\u00eda con el objetivo de fondear o llegar a puerto antes del anochecer.<\/p>\n<p><strong>La segunda semana se dedicar\u00e1 a escalar los innumerables acantilados de San Vito lo Capo.<\/strong><\/p>\n<p>Para los d\u00edas de escalada se realizar\u00e1 un picnic debajo de las rutas. Los acantilados est\u00e1n situados a proximidad del alojamiento.<\/p>\n<p>El \u00faltimo d\u00eda ser\u00e1 dedicado a ordenar el barco y a los preparativos de regreso<\/p>\n<p>[\/et_pb_text][\/et_pb_column][\/et_pb_row][et_pb_row column_structure=\u00bb1_2,1_2&#8243; admin_label=\u00bbtitre equipe\u00bb module_id=\u00bbdestinationssicile\u00bb module_class=\u00bbdc_inverser_colonnes-ligne\u00bb _builder_version=\u00bb4.3.4&#8243; background_size=\u00bbinitial\u00bb background_position=\u00bbtop_left\u00bb background_repeat=\u00bbrepeat\u00bb module_alignment=\u00bbcenter\u00bb][et_pb_column type=\u00bb1_2&#8243; _builder_version=\u00bb4.3.4&#8243; custom_padding=\u00bb|||\u00bb custom_padding__hover=\u00bb|||\u00bb][et_pb_text admin_label=\u00bbTitre equipe\u00bb _builder_version=\u00bb4.3.4&#8243; text_font=\u00bb||||\u00bb text_text_color=\u00bb#1a1a1a\u00bb header_font=\u00bbOswald|on||on|\u00bb header_text_align=\u00bbleft\u00bb header_font_size=\u00bb44px\u00bb header_line_height=\u00bb1.3em\u00bb background_size=\u00bbinitial\u00bb background_position=\u00bbtop_left\u00bb background_repeat=\u00bbrepeat\u00bb max_width=\u00bb450px\u00bb custom_margin=\u00bb|||\u00bb custom_padding=\u00bb|||\u00bb animation_style=\u00bbslide\u00bb animation_direction=\u00bbtop\u00bb animation_intensity_slide=\u00bb10%\u00bb header_font_size_tablet=\u00bb39px\u00bb header_font_size_phone=\u00bb35px\u00bb header_font_size_last_edited=\u00bbon|phone\u00bb locked=\u00bboff\u00bb]<\/p>\n<h1>El Equipo\u00a0<\/h1>\n<p>[\/et_pb_text][et_pb_divider color=\u00bb#0c71c3&#8243; divider_position=\u00bbcenter\u00bb divider_weight=\u00bb3px\u00bb disabled_on=\u00bboff|off|off%22&#8243; admin_label=\u00bbS\u00e9parateur\u00bb _builder_version=\u00bb4.3.4&#8243; max_width=\u00bb150px\u00bb height=\u00bbfalse\u00bb custom_margin=\u00bb30px|||\u00bb animation_style=\u00bbslide\u00bb animation_direction=\u00bbtop\u00bb animation_delay=\u00bb100ms\u00bb animation_intensity_slide=\u00bb10%\u00bb locked=\u00bboff\u00bb][\/et_pb_divider][\/et_pb_column][et_pb_column type=\u00bb1_2&#8243; _builder_version=\u00bb4.3.4&#8243;][\/et_pb_column][\/et_pb_row][et_pb_row column_structure=\u00bb1_2,1_2&#8243; admin_label=\u00bbequipe andrea et sarah\u00bb module_id=\u00bbdestinationscorse\u00bb _builder_version=\u00bb4.3.4&#8243; background_size=\u00bbinitial\u00bb background_position=\u00bbtop_left\u00bb background_repeat=\u00bbrepeat\u00bb module_alignment=\u00bbcenter\u00bb][et_pb_column type=\u00bb1_2&#8243; _builder_version=\u00bb4.3.4&#8243; custom_padding=\u00bb|||\u00bb custom_padding__hover=\u00bb|||\u00bb][et_pb_image src=\u00bbhttps:\/\/voile-escalade.com\/vertigoblue\/vela-escalada\/wp-content\/uploads\/sites\/4\/2021\/01\/grande-voie-calanques-de-marseille.jpg\u00bb _builder_version=\u00bb4.3.4&#8243;][\/et_pb_image][\/et_pb_column][et_pb_column type=\u00bb1_2&#8243; _builder_version=\u00bb4.3.4&#8243;][et_pb_text _builder_version=\u00bb4.3.4&#8243;]<\/p>\n<h2><strong>Andrea y Sarah<\/strong><\/h2>\n<h2><strong>Formador e instructora de vela<\/strong><\/h2>\n<p>[\/et_pb_text][et_pb_text admin_label=\u00bbTexte equipe \u00bb _builder_version=\u00bb4.3.4&#8243; text_font=\u00bbRoboto|300|||||||\u00bb text_font_size=\u00bb16px\u00bb text_line_height=\u00bb1.9em\u00bb background_size=\u00bbinitial\u00bb background_position=\u00bbtop_left\u00bb background_repeat=\u00bbrepeat\u00bb max_width=\u00bb450px\u00bb custom_margin=\u00bb17px||2px|||\u00bb custom_padding=\u00bb||0px|||\u00bb animation_style=\u00bbslide\u00bb animation_direction=\u00bbtop\u00bb animation_delay=\u00bb400ms\u00bb animation_intensity_slide=\u00bb4%\u00bb locked=\u00bboff\u00bb]<\/p>\n<p>Originario de Ancona, en la costa este de Italia frente al Mar Adri\u00e1tico, <strong>Andrea<\/strong> se form\u00f3 en la navegaci\u00f3n en el Mediterr\u00e1neo, inicialmente en la costa espa\u00f1ola y luego principalmente en C\u00f3rcega y Cerde\u00f1a. <strong>Desde 2014 ha ense\u00f1ado m\u00e1s de sesenta cursos de vela navegando entre Francia, Italia, Croacia y Grecia<\/strong>. Tambi\u00e9n ha formado a varios instructores en la pr\u00e1ctica y la did\u00e1ctica de la navegaci\u00f3n.<\/p>\n<p><strong>Sarah ha sido instructora de vela desde 2017<\/strong>.<br \/>Se form\u00f3 y ense\u00f1\u00f3 en Bonifacio, C\u00f3rcega, donde luego permaneci\u00f3 como asistente administrativa en la misma escuela de vela durante dos a\u00f1os.<\/p>\n<p>&nbsp;<\/p>\n<p>[\/et_pb_text][\/et_pb_column][\/et_pb_row][et_pb_row column_structure=\u00bb1_2,1_2&#8243; admin_label=\u00bbequipe Daniele Arena\u00bb module_id=\u00bbdestinationscorse\u00bb module_class=\u00bbdc_inverser_colonnes-ligne\u00bb _builder_version=\u00bb4.3.4&#8243; background_size=\u00bbinitial\u00bb background_position=\u00bbtop_left\u00bb background_repeat=\u00bbrepeat\u00bb module_alignment=\u00bbcenter\u00bb][et_pb_column type=\u00bb1_2&#8243; _builder_version=\u00bb4.3.4&#8243; custom_padding=\u00bb|||\u00bb custom_padding__hover=\u00bb|||\u00bb][et_pb_text _builder_version=\u00bb4.3.4&#8243;]<\/p>\n<h2><strong>Daniele<\/strong><\/h2>\n<h2><strong>Instructor de escalada<\/strong><\/h2>\n<p>[\/et_pb_text][et_pb_text admin_label=\u00bbTexte equipe \u00bb _builder_version=\u00bb4.3.4&#8243; text_font=\u00bbRoboto|300|||||||\u00bb text_font_size=\u00bb16px\u00bb text_line_height=\u00bb1.9em\u00bb background_size=\u00bbinitial\u00bb background_position=\u00bbtop_left\u00bb background_repeat=\u00bbrepeat\u00bb max_width=\u00bb450px\u00bb custom_margin=\u00bb17px||2px|||\u00bb custom_padding=\u00bb||0px|||\u00bb animation_style=\u00bbslide\u00bb animation_direction=\u00bbtop\u00bb animation_delay=\u00bb400ms\u00bb animation_intensity_slide=\u00bb4%\u00bb locked=\u00bboff\u00bb]<\/p>\n<p><strong>Daniele<\/strong> Arena, gran viajero, nacido en Catania. Empez\u00f3 a recorrer el mundo a muy joven.<\/p>\n<p>Fue <strong>uno de los primeros escaladores en establecerse en San Vito Lo Capo<\/strong>, donde se dio cuenta del potencial existente para crear innumerables rutas de escalada.<\/p>\n<p>Instructor de mountain bike y antiguo director de la Climbing house, vive en San Vito y <strong>se ocupa regularmente de cuidar los sitios de escalada existentes o de abrir nuevas rutas<\/strong>.<\/p>\n<p>[\/et_pb_text][\/et_pb_column][et_pb_column type=\u00bb1_2&#8243; _builder_version=\u00bb4.3.4&#8243;][et_pb_image src=\u00bbhttps:\/\/voile-escalade.com\/vertigoblue\/vela-escalada\/wp-content\/uploads\/sites\/4\/2021\/01\/Daniele-Arena.jpg\u00bb _builder_version=\u00bb4.3.4&#8243;][\/et_pb_image][\/et_pb_column][\/et_pb_row][et_pb_row column_structure=\u00bb1_2,1_2&#8243; _builder_version=\u00bb4.3.4&#8243; background_size=\u00bbinitial\u00bb background_position=\u00bbtop_left\u00bb background_repeat=\u00bbrepeat\u00bb module_alignment=\u00bbcenter\u00bb locked=\u00bboff\u00bb][et_pb_column type=\u00bb1_2&#8243; _builder_version=\u00bb4.3.4&#8243; custom_padding=\u00bb|||\u00bb custom_padding__hover=\u00bb|||\u00bb][et_pb_button button_url=\u00bbhttps:\/\/voile-escalade.com\/vertigoblue\/vela-escalada\/contacto\/\u00bb url_new_window=\u00bbon\u00bb button_text=\u00bbInfo y Reservas\u00bb button_alignment=\u00bbcenter\u00bb admin_label=\u00bbBouton r\u00e9server\u00bb _builder_version=\u00bb4.3.4&#8243; hover_enabled=\u00bb0&#8243;][\/et_pb_button][\/et_pb_column][et_pb_column type=\u00bb1_2&#8243; _builder_version=\u00bb4.3.4&#8243; custom_padding=\u00bb|||\u00bb custom_padding__hover=\u00bb|||\u00bb][et_pb_button button_url=\u00bbhttps:\/\/voile-escalade.com\/vertigoblue\/vela-escalada\/proximas-salidas\/\u00bb url_new_window=\u00bbon\u00bb button_text=\u00bbFechas y precios\u00bb button_alignment=\u00bbcenter\u00bb admin_label=\u00bbBouton fechas y precios\u00bb _builder_version=\u00bb4.3.4&#8243; hover_enabled=\u00bb0&#8243;][\/et_pb_button][\/et_pb_column][\/et_pb_row][et_pb_row column_structure=\u00bb1_2,1_2&#8243; disabled_on=\u00bbon|on|on\u00bb admin_label=\u00bbInformations pratiques\u00bb module_id=\u00bb#destinations-sicile\u00bb module_class=\u00bbdc_inverser_colonnes-ligne\u00bb _builder_version=\u00bb4.3.4&#8243; background_size=\u00bbinitial\u00bb background_position=\u00bbtop_left\u00bb background_repeat=\u00bbrepeat\u00bb module_alignment=\u00bbcenter\u00bb disabled=\u00bbon\u00bb][et_pb_column type=\u00bb1_2&#8243; _builder_version=\u00bb4.3.4&#8243; custom_padding=\u00bb|||\u00bb custom_padding__hover=\u00bb|||\u00bb][et_pb_text admin_label=\u00bbtitre autres destinations\u00bb _builder_version=\u00bb4.3.4&#8243; text_font=\u00bb||||\u00bb text_text_color=\u00bb#1a1a1a\u00bb header_font=\u00bbOswald|on||on|\u00bb header_text_align=\u00bbleft\u00bb header_font_size=\u00bb44px\u00bb header_line_height=\u00bb1.3em\u00bb background_size=\u00bbinitial\u00bb background_position=\u00bbtop_left\u00bb background_repeat=\u00bbrepeat\u00bb max_width=\u00bb450px\u00bb custom_margin=\u00bb|||\u00bb custom_padding=\u00bb|||\u00bb animation_style=\u00bbslide\u00bb animation_direction=\u00bbtop\u00bb animation_intensity_slide=\u00bb10%\u00bb header_font_size_tablet=\u00bb39px\u00bb header_font_size_phone=\u00bb35px\u00bb header_font_size_last_edited=\u00bbon|phone\u00bb locked=\u00bboff\u00bb]<\/p>\n<h1>Informations pratiques<\/h1>\n<p>[\/et_pb_text][et_pb_divider color=\u00bb#0c71c3&#8243; divider_position=\u00bbcenter\u00bb divider_weight=\u00bb3px\u00bb disabled_on=\u00bboff|off|off%22&#8243; admin_label=\u00bbS\u00e9parateur\u00bb _builder_version=\u00bb4.3.4&#8243; max_width=\u00bb150px\u00bb height=\u00bbfalse\u00bb custom_margin=\u00bb30px|||\u00bb animation_style=\u00bbslide\u00bb animation_direction=\u00bbtop\u00bb animation_delay=\u00bb100ms\u00bb animation_intensity_slide=\u00bb10%\u00bb locked=\u00bboff\u00bb][\/et_pb_divider][\/et_pb_column][et_pb_column type=\u00bb1_2&#8243; _builder_version=\u00bb4.3.4&#8243;][\/et_pb_column][\/et_pb_row][et_pb_row disabled_on=\u00bbon|on|on\u00bb _builder_version=\u00bb4.3.4&#8243; disabled=\u00bbon\u00bb][et_pb_column type=\u00bb4_4&#8243; _builder_version=\u00bb4.3.4&#8243;][et_pb_text _builder_version=\u00bb4.3.4&#8243;][\/et_pb_text][\/et_pb_column][\/et_pb_row][\/et_pb_section]<\/p>\n","protected":false},"excerpt":{"rendered":"<p>El ProgramaUna estancia en dos tiempos, para descubrir Sicilia en sus m\u00e1s bellas facetas: La primera semana se dedicar\u00e1 a descubrir la costa noroeste de Sicilia y el archipi\u00e9lago de las Islas Egadi en velero. Por la noche, dormiremos a bordo, en puerto o fondeados. La segunda semana estar\u00e0 consagrada a la escalada en los [&hellip;]<\/p>\n","protected":false},"author":2,"featured_media":0,"parent":0,"menu_order":0,"comment_status":"closed","ping_status":"closed","template":"","meta":{"_et_pb_use_builder":"on","_et_pb_old_content":"","_et_gb_content_width":""},"yoast_head":"<!-- This site is optimized with the Yoast SEO plugin v20.2.1 - https:\/\/yoast.com\/wordpress\/plugins\/seo\/ -->\n<title>Sicilia - Vela y escalada - Vela y escalada en Mediterraneo<\/title>\n<meta name=\"robots\" content=\"index, follow, max-snippet:-1, max-image-preview:large, max-video-preview:-1\" \/>\n<link rel=\"canonical\" href=\"https:\/\/voile-escalade.com\/vertigoblue\/vela-escalada\/sicilia-vela-y-escalada\/\" \/>\n<meta property=\"og:locale\" content=\"es_ES\" \/>\n<meta property=\"og:type\" content=\"article\" \/>\n<meta property=\"og:title\" content=\"Sicilia - Vela y escalada - Vela y escalada en Mediterraneo\" \/>\n<meta property=\"og:description\" content=\"El ProgramaUna estancia en dos tiempos, para descubrir Sicilia en sus m\u00e1s bellas facetas: La primera semana se dedicar\u00e1 a descubrir la costa noroeste de Sicilia y el archipi\u00e9lago de las Islas Egadi en velero. Por la noche, dormiremos a bordo, en puerto o fondeados. La segunda semana estar\u00e0 consagrada a la escalada en los [&hellip;]\" \/>\n<meta property=\"og:url\" content=\"https:\/\/voile-escalade.com\/vertigoblue\/vela-escalada\/sicilia-vela-y-escalada\/\" \/>\n<meta property=\"og:site_name\" content=\"Vela y escalada en Mediterraneo\" \/>\n<meta property=\"article:modified_time\" content=\"2022-08-14T16:15:39+00:00\" \/>\n<meta name=\"twitter:card\" content=\"summary_large_image\" \/>\n<meta name=\"twitter:label1\" content=\"Tiempo de lectura\" \/>\n\t<meta name=\"twitter:data1\" content=\"14 minutos\" \/>\n<script type=\"application\/ld+json\" class=\"yoast-schema-graph\">{\"@context\":\"https:\/\/schema.org\",\"@graph\":[{\"@type\":\"WebPage\",\"@id\":\"https:\/\/voile-escalade.com\/vertigoblue\/vela-escalada\/sicilia-vela-y-escalada\/\",\"url\":\"https:\/\/voile-escalade.com\/vertigoblue\/vela-escalada\/sicilia-vela-y-escalada\/\",\"name\":\"Sicilia - Vela y escalada - Vela y escalada en Mediterraneo\",\"isPartOf\":{\"@id\":\"https:\/\/voile-escalade.com\/vertigoblue\/vela-escalada\/#website\"},\"datePublished\":\"2021-01-10T18:27:32+00:00\",\"dateModified\":\"2022-08-14T16:15:39+00:00\",\"breadcrumb\":{\"@id\":\"https:\/\/voile-escalade.com\/vertigoblue\/vela-escalada\/sicilia-vela-y-escalada\/#breadcrumb\"},\"inLanguage\":\"es\",\"potentialAction\":[{\"@type\":\"ReadAction\",\"target\":[\"https:\/\/voile-escalade.com\/vertigoblue\/vela-escalada\/sicilia-vela-y-escalada\/\"]}]},{\"@type\":\"BreadcrumbList\",\"@id\":\"https:\/\/voile-escalade.com\/vertigoblue\/vela-escalada\/sicilia-vela-y-escalada\/#breadcrumb\",\"itemListElement\":[{\"@type\":\"ListItem\",\"position\":1,\"name\":\"Accueil\",\"item\":\"https:\/\/voile-escalade.com\/vertigoblue\/vela-escalada\/\"},{\"@type\":\"ListItem\",\"position\":2,\"name\":\"Sicilia &#8211; Vela y escalada\"}]},{\"@type\":\"WebSite\",\"@id\":\"https:\/\/voile-escalade.com\/vertigoblue\/vela-escalada\/#website\",\"url\":\"https:\/\/voile-escalade.com\/vertigoblue\/vela-escalada\/\",\"name\":\"Vela y escalada en Mediterraneo\",\"description\":\"Viajes deportivos vela y escalada\",\"potentialAction\":[{\"@type\":\"SearchAction\",\"target\":{\"@type\":\"EntryPoint\",\"urlTemplate\":\"https:\/\/voile-escalade.com\/vertigoblue\/vela-escalada\/?s={search_term_string}\"},\"query-input\":\"required name=search_term_string\"}],\"inLanguage\":\"es\"}]}<\/script>\n<!-- \/ Yoast SEO plugin. -->","yoast_head_json":{"title":"Sicilia - Vela y escalada - Vela y escalada en Mediterraneo","robots":{"index":"index","follow":"follow","max-snippet":"max-snippet:-1","max-image-preview":"max-image-preview:large","max-video-preview":"max-video-preview:-1"},"canonical":"https:\/\/voile-escalade.com\/vertigoblue\/vela-escalada\/sicilia-vela-y-escalada\/","og_locale":"es_ES","og_type":"article","og_title":"Sicilia - Vela y escalada - Vela y escalada en Mediterraneo","og_description":"El ProgramaUna estancia en dos tiempos, para descubrir Sicilia en sus m\u00e1s bellas facetas: La primera semana se dedicar\u00e1 a descubrir la costa noroeste de Sicilia y el archipi\u00e9lago de las Islas Egadi en velero. Por la noche, dormiremos a bordo, en puerto o fondeados. La segunda semana estar\u00e0 consagrada a la escalada en los [&hellip;]","og_url":"https:\/\/voile-escalade.com\/vertigoblue\/vela-escalada\/sicilia-vela-y-escalada\/","og_site_name":"Vela y escalada en Mediterraneo","article_modified_time":"2022-08-14T16:15:39+00:00","twitter_card":"summary_large_image","twitter_misc":{"Tiempo de lectura":"14 minutos"},"schema":{"@context":"https:\/\/schema.org","@graph":[{"@type":"WebPage","@id":"https:\/\/voile-escalade.com\/vertigoblue\/vela-escalada\/sicilia-vela-y-escalada\/","url":"https:\/\/voile-escalade.com\/vertigoblue\/vela-escalada\/sicilia-vela-y-escalada\/","name":"Sicilia - Vela y escalada - Vela y escalada en Mediterraneo","isPartOf":{"@id":"https:\/\/voile-escalade.com\/vertigoblue\/vela-escalada\/#website"},"datePublished":"2021-01-10T18:27:32+00:00","dateModified":"2022-08-14T16:15:39+00:00","breadcrumb":{"@id":"https:\/\/voile-escalade.com\/vertigoblue\/vela-escalada\/sicilia-vela-y-escalada\/#breadcrumb"},"inLanguage":"es","potentialAction":[{"@type":"ReadAction","target":["https:\/\/voile-escalade.com\/vertigoblue\/vela-escalada\/sicilia-vela-y-escalada\/"]}]},{"@type":"BreadcrumbList","@id":"https:\/\/voile-escalade.com\/vertigoblue\/vela-escalada\/sicilia-vela-y-escalada\/#breadcrumb","itemListElement":[{"@type":"ListItem","position":1,"name":"Accueil","item":"https:\/\/voile-escalade.com\/vertigoblue\/vela-escalada\/"},{"@type":"ListItem","position":2,"name":"Sicilia &#8211; Vela y escalada"}]},{"@type":"WebSite","@id":"https:\/\/voile-escalade.com\/vertigoblue\/vela-escalada\/#website","url":"https:\/\/voile-escalade.com\/vertigoblue\/vela-escalada\/","name":"Vela y escalada en Mediterraneo","description":"Viajes deportivos vela y escalada","potentialAction":[{"@type":"SearchAction","target":{"@type":"EntryPoint","urlTemplate":"https:\/\/voile-escalade.com\/vertigoblue\/vela-escalada\/?s={search_term_string}"},"query-input":"required name=search_term_string"}],"inLanguage":"es"}]}},"_links":{"self":[{"href":"https:\/\/voile-escalade.com\/vertigoblue\/vela-escalada\/wp-json\/wp\/v2\/pages\/999"}],"collection":[{"href":"https:\/\/voile-escalade.com\/vertigoblue\/vela-escalada\/wp-json\/wp\/v2\/pages"}],"about":[{"href":"https:\/\/voile-escalade.com\/vertigoblue\/vela-escalada\/wp-json\/wp\/v2\/types\/page"}],"author":[{"embeddable":true,"href":"https:\/\/voile-escalade.com\/vertigoblue\/vela-escalada\/wp-json\/wp\/v2\/users\/2"}],"replies":[{"embeddable":true,"href":"https:\/\/voile-escalade.com\/vertigoblue\/vela-escalada\/wp-json\/wp\/v2\/comments?post=999"}],"version-history":[{"count":27,"href":"https:\/\/voile-escalade.com\/vertigoblue\/vela-escalada\/wp-json\/wp\/v2\/pages\/999\/revisions"}],"predecessor-version":[{"id":1529,"href":"https:\/\/voile-escalade.com\/vertigoblue\/vela-escalada\/wp-json\/wp\/v2\/pages\/999\/revisions\/1529"}],"wp:attachment":[{"href":"https:\/\/voile-escalade.com\/vertigoblue\/vela-escalada\/wp-json\/wp\/v2\/media?parent=999"}],"curies":[{"name":"wp","href":"https:\/\/api.w.org\/{rel}","templated":true}]}}