{"id":990,"date":"2021-01-07T20:04:04","date_gmt":"2021-01-07T19:04:04","guid":{"rendered":"https:\/\/voile-escalade.com\/vertigoblue\/vela-escalada\/?page_id=990"},"modified":"2022-08-07T18:16:49","modified_gmt":"2022-08-07T16:16:49","slug":"cerdena-vela-y-escalada","status":"publish","type":"page","link":"https:\/\/voile-escalade.com\/vertigoblue\/vela-escalada\/cerdena-vela-y-escalada\/","title":{"rendered":"Cerde\u00f1a &#8211; vela y escalada"},"content":{"rendered":"<p>[et_pb_section fb_built=\u00bb1&#8243; fullwidth=\u00bbon\u00bb _builder_version=\u00bb4.3.4&#8243;][et_pb_fullwidth_header title=\u00bbCerde\u00f1a &#8211; vela y escalada\u00bb subhead=\u00bbEn abril y octubre\u00bb text_orientation=\u00bbcenter\u00bb button_one_url=\u00bb#destinations-corse\u00bb button_two_url=\u00bb#destinationseurope\u00bb _builder_version=\u00bb4.3.4&#8243; title_font=\u00bb|700|||||||\u00bb subhead_font_size=\u00bb22px\u00bb background_enable_color=\u00bboff\u00bb background_image=\u00bbhttps:\/\/voile-escalade.com\/vertigoblue\/vela-escalada\/wp-content\/uploads\/sites\/4\/2020\/05\/Sardaigne-Cala-Gonone-vertigo-blue-climbing-above-the-sea-andrea.jpg\u00bb][\/et_pb_fullwidth_header][\/et_pb_section][et_pb_section fb_built=\u00bb1&#8243; custom_padding_last_edited=\u00bbon|tablet\u00bb admin_label=\u00bbImage sejour sardaigne voile escalade\u00bb _builder_version=\u00bb4.3.4&#8243; custom_padding=\u00bb59px||29px|||\u00bb custom_padding_tablet=\u00bb60px|||\u00bb custom_padding_phone=\u00bb\u00bb top_divider_height=\u00bb60px\u00bb][et_pb_row column_structure=\u00bb1_2,1_2&#8243; _builder_version=\u00bb4.3.4&#8243;][et_pb_column type=\u00bb1_2&#8243; _builder_version=\u00bb4.3.4&#8243;][et_pb_image src=\u00bbhttps:\/\/voile-escalade.com\/vertigoblue\/vela-escalada\/wp-content\/uploads\/sites\/4\/2021\/01\/Sardaigne-Ile-de-Tavolara-navigation-voilier-sous-spi.jpg\u00bb _builder_version=\u00bb4.3.4&#8243;][\/et_pb_image][\/et_pb_column][et_pb_column type=\u00bb1_2&#8243; _builder_version=\u00bb4.3.4&#8243;][et_pb_image src=\u00bbhttps:\/\/voile-escalade.com\/vertigoblue\/vela-escalada\/wp-content\/uploads\/sites\/4\/2021\/01\/vertigo-blue-sardaigne-escalade-siniscola.jpg\u00bb align=\u00bbright\u00bb _builder_version=\u00bb4.3.4&#8243;][\/et_pb_image][\/et_pb_column][\/et_pb_row][\/et_pb_section][et_pb_section fb_built=\u00bb1&#8243; custom_padding_last_edited=\u00bbon|tablet\u00bb admin_label=\u00bbsardaigne Voile Escalade d\u00e9tails \u00bb module_id=\u00bbdestinationseurope\u00bb module_class=\u00bbdc_inverser_colonnes-section\u00bb _builder_version=\u00bb4.3.4&#8243; custom_padding=\u00bb59px||29px|||\u00bb custom_padding_tablet=\u00bb60px|||\u00bb custom_padding_phone=\u00bb\u00bb top_divider_height=\u00bb60px\u00bb][et_pb_row column_structure=\u00bb1_2,1_2&#8243; admin_label=\u00bbprogramme\u00bb module_id=\u00bbdestinationssardaigne\u00bb _builder_version=\u00bb4.3.4&#8243; background_size=\u00bbinitial\u00bb background_position=\u00bbtop_left\u00bb background_repeat=\u00bbrepeat\u00bb module_alignment=\u00bbcenter\u00bb][et_pb_column type=\u00bb1_2&#8243; _builder_version=\u00bb4.3.4&#8243; custom_padding=\u00bb|||\u00bb custom_padding__hover=\u00bb|||\u00bb][et_pb_text admin_label=\u00bbTitre programme\u00bb _builder_version=\u00bb4.3.4&#8243; text_font=\u00bb||||\u00bb text_text_color=\u00bb#1a1a1a\u00bb header_font=\u00bbOswald|on||on|\u00bb header_text_align=\u00bbleft\u00bb header_font_size=\u00bb44px\u00bb header_line_height=\u00bb1.3em\u00bb background_size=\u00bbinitial\u00bb background_position=\u00bbtop_left\u00bb background_repeat=\u00bbrepeat\u00bb max_width=\u00bb450px\u00bb custom_margin=\u00bb|||\u00bb custom_padding=\u00bb|||\u00bb animation_style=\u00bbslide\u00bb animation_direction=\u00bbtop\u00bb animation_intensity_slide=\u00bb10%\u00bb header_font_size_tablet=\u00bb39px\u00bb header_font_size_phone=\u00bb35px\u00bb header_font_size_last_edited=\u00bbon|phone\u00bb locked=\u00bboff\u00bb]<\/p>\n<h1>El Programa<\/h1>\n<p>[\/et_pb_text][et_pb_divider color=\u00bb#0c71c3&#8243; divider_position=\u00bbcenter\u00bb divider_weight=\u00bb3px\u00bb disabled_on=\u00bboff|off|off%22&#8243; admin_label=\u00bbS\u00e9parateur\u00bb _builder_version=\u00bb4.3.4&#8243; max_width=\u00bb150px\u00bb height=\u00bbfalse\u00bb custom_margin=\u00bb30px|||\u00bb animation_style=\u00bbslide\u00bb animation_direction=\u00bbtop\u00bb animation_delay=\u00bb100ms\u00bb animation_intensity_slide=\u00bb10%\u00bb locked=\u00bboff\u00bb][\/et_pb_divider][et_pb_text admin_label=\u00bbTexte programme \u00bb _builder_version=\u00bb4.3.4&#8243; text_font=\u00bbRoboto|300|||||||\u00bb text_font_size=\u00bb16px\u00bb text_line_height=\u00bb1.9em\u00bb background_size=\u00bbinitial\u00bb background_position=\u00bbtop_left\u00bb background_repeat=\u00bbrepeat\u00bb max_width=\u00bb450px\u00bb custom_margin=\u00bb17px||2px|||\u00bb custom_padding=\u00bb||0px|||\u00bb animation_style=\u00bbslide\u00bb animation_direction=\u00bbtop\u00bb animation_delay=\u00bb400ms\u00bb animation_intensity_slide=\u00bb4%\u00bb locked=\u00bboff\u00bb]<\/p>\n<p><strong>Emb\u00e1rcate por un crucero a Io largo de la costa este de Cerde\u00f1a<\/strong> y descubre la isla de una manera activa:<br \/>&#8211; en la mar, aprendiendo o perfeccionando tus habilidades de navegaci\u00f3n en un velero entre 10 y 13 metros<br \/>&#8211; en tierras, descubriendo los muchos acantilados situados lo largo de la costa y aprendiendo a escalar en roca.<\/p>\n<p><strong>Un programa ideal para explorar la belleza natural de la isla de forma din\u00e1mica<\/strong>, en peque\u00f1os grupos y acompa\u00f1ado por gu\u00edas apasionados!<\/p>\n<p>Durante toda su estancia, vivir\u00e1s a bordo del velero. El programa alterna entre d\u00edas de navegaci\u00f3n y sesiones de escalada.<\/p>\n<p>Abierto a todos los niveles, adecuado para un p\u00fablico deportivo y din\u00e1mico que ya practica la vela y\/o la escalada \u00a1o que simplemente quiere aprender!<\/p>\n<p><strong>Todas las actividades son supervisadas por instructores calificados.<\/strong><\/p>\n<p>Es necesario tener una buena condici\u00f3n f\u00edsica para participar en este curso.<\/p>\n<p>[\/et_pb_text][\/et_pb_column][et_pb_column type=\u00bb1_2&#8243; _builder_version=\u00bb4.3.4&#8243;][et_pb_text admin_label=\u00bbTexte infos cl\u00e9s\u00bb _builder_version=\u00bb4.3.4&#8243; background_color=\u00bb#6fc8ce\u00bb custom_padding=\u00bb||0px|21px||\u00bb]<\/p>\n<h4>\u00a0<\/h4>\n<h4 style=\"text-align: center;\"><span style=\"text-decoration: underline;\"><strong>Informaciones \u00fatiles<br \/><\/strong><\/span><\/h4>\n<p style=\"text-align: center;\"><strong>En abril y octubre<\/strong><\/p>\n<ul>\n<li style=\"text-align: left;\">\n<h5>Estancia de 14 d\u00edas<\/h5>\n<\/li>\n<li style=\"text-align: left;\">\n<h5>2350\u20ac por persona (comida inclusa)<\/h5>\n<\/li>\n<li style=\"text-align: left;\">\n<h5>Nivel: principiante a avanzado<\/h5>\n<\/li>\n<li style=\"text-align: left;\">\n<h5>Ritmo: moderado<\/h5>\n<\/li>\n<li style=\"text-align: left;\">\n<h5>Grupo de 4 a 6 personas<\/h5>\n<\/li>\n<li style=\"text-align: left;\">\n<h5>Alojamiento a bordo del velero, en camarotes compartidos<\/h5>\n<\/li>\n<li style=\"text-align: left;\">\n<h5>Comidas preparadas a bordo<\/h5>\n<\/li>\n<\/ul>\n<p style=\"text-align: center;\">[\/et_pb_text][et_pb_text admin_label=\u00bbTexte terrain de jeu\u00bb _builder_version=\u00bb4.3.4&#8243; background_color=\u00bb#6fc8ce\u00bb custom_padding=\u00bb|19px|0px|21px||\u00bb]<\/p>\n<h4>\u00a0<\/h4>\n<h4 style=\"text-align: center;\"><span style=\"text-decoration: underline;\"><strong>El terreno de juego<br \/><\/strong><\/span><\/h4>\n<p>&nbsp;<\/p>\n<p style=\"text-align: center;\"><strong>Desde Olbia hasta Santa Mar\u00eda Navarrese, la costa este de Cerde\u00f1a<\/strong><\/p>\n<ul>\n<li style=\"text-align: left;\">\n<h5>Puerto de embarque: Olbia<\/h5>\n<\/li>\n<li style=\"text-align: left;\">\n<h5>La majestuosa isla de Tavolara<\/h5>\n<\/li>\n<li style=\"text-align: left;\">\n<h5>Siniscola y el puerto de la Caletta<\/h5>\n<\/li>\n<\/ul>\n<ul>\n<li style=\"text-align: left;\">\n<h5>El magnifico Golfe d&#8217;Orosei: Cala di Luna y Cala Goloritze, el peque\u00f1o puerto\u00a0de Cala Gonone<\/h5>\n<\/li>\n<\/ul>\n<p style=\"text-align: center;\">[\/et_pb_text][et_pb_button button_url=\u00bbhttps:\/\/voile-escalade.com\/vertigoblue\/vela-escalada\/contacto\/\u00bb url_new_window=\u00bbon\u00bb button_text=\u00bbInfo y Reservaci\u00f3nes\u00bb button_alignment=\u00bbcenter\u00bb admin_label=\u00bbBouton reserver option\u00bb _builder_version=\u00bb4.3.4&#8243; hover_enabled=\u00bb0&#8243;][\/et_pb_button][\/et_pb_column][\/et_pb_row][et_pb_row _builder_version=\u00bb4.3.4&#8243;][et_pb_column type=\u00bb4_4&#8243; _builder_version=\u00bb4.3.4&#8243;][et_pb_image src=\u00bbhttps:\/\/voile-escalade.com\/vertigoblue\/vela-escalada\/wp-content\/uploads\/sites\/4\/2021\/01\/Sardaigne-Castelsardo-La-Caletta-isola-tavolara.jpg\u00bb _builder_version=\u00bb4.3.4&#8243;][\/et_pb_image][\/et_pb_column][\/et_pb_row][et_pb_row column_structure=\u00bb1_2,1_2&#8243; disabled_on=\u00bboff|off|off\u00bb admin_label=\u00bbItineraire titre\u00bb module_id=\u00bb#destinations-sicile\u00bb module_class=\u00bbdc_inverser_colonnes-ligne\u00bb _builder_version=\u00bb4.3.4&#8243; background_size=\u00bbinitial\u00bb background_position=\u00bbtop_left\u00bb background_repeat=\u00bbrepeat\u00bb module_alignment=\u00bbcenter\u00bb][et_pb_column type=\u00bb1_2&#8243; _builder_version=\u00bb4.3.4&#8243; custom_padding=\u00bb|||\u00bb custom_padding__hover=\u00bb|||\u00bb][et_pb_text admin_label=\u00bbtitre itin\u00e9raire\u00bb _builder_version=\u00bb4.3.4&#8243; text_font=\u00bb||||\u00bb text_text_color=\u00bb#1a1a1a\u00bb header_font=\u00bbOswald|on||on|\u00bb header_text_align=\u00bbleft\u00bb header_font_size=\u00bb44px\u00bb header_line_height=\u00bb1.3em\u00bb background_size=\u00bbinitial\u00bb background_position=\u00bbtop_left\u00bb background_repeat=\u00bbrepeat\u00bb max_width=\u00bb450px\u00bb custom_margin=\u00bb|||\u00bb custom_padding=\u00bb|||\u00bb animation_style=\u00bbslide\u00bb animation_direction=\u00bbtop\u00bb animation_intensity_slide=\u00bb10%\u00bb header_font_size_tablet=\u00bb39px\u00bb header_font_size_phone=\u00bb35px\u00bb header_font_size_last_edited=\u00bbon|phone\u00bb locked=\u00bboff\u00bb]<\/p>\n<h1>El Itinerario<\/h1>\n<p>[\/et_pb_text][et_pb_divider color=\u00bb#0c71c3&#8243; divider_position=\u00bbcenter\u00bb divider_weight=\u00bb3px\u00bb disabled_on=\u00bboff|off|off%22&#8243; admin_label=\u00bbS\u00e9parateur\u00bb _builder_version=\u00bb4.3.4&#8243; max_width=\u00bb150px\u00bb height=\u00bbfalse\u00bb custom_margin=\u00bb30px|||\u00bb animation_style=\u00bbslide\u00bb animation_direction=\u00bbtop\u00bb animation_delay=\u00bb100ms\u00bb animation_intensity_slide=\u00bb10%\u00bb locked=\u00bboff\u00bb][\/et_pb_divider][\/et_pb_column][et_pb_column type=\u00bb1_2&#8243; _builder_version=\u00bb4.3.4&#8243;][\/et_pb_column][\/et_pb_row][et_pb_row _builder_version=\u00bb4.3.4&#8243; width=\u00bb100%\u00bb][et_pb_column type=\u00bb4_4&#8243; _builder_version=\u00bb4.3.4&#8243;][et_pb_text admin_label=\u00bbTexte itin\u00e9raire\u00bb _builder_version=\u00bb4.3.4&#8243; text_font=\u00bbRoboto|300|||||||\u00bb text_font_size=\u00bb16px\u00bb]<\/p>\n<p>El per\u00edmetro de las estancias se extiende a lo largo de la costa este de Cerde\u00f1a desde <strong>Olbia<\/strong> hasta <strong>Santa Maria Navarrese<\/strong>. Los fondeos de aguas turquesas de la <strong>Costa Esmeralda<\/strong>, la majestuosa isla <strong>deTavolara<\/strong>, el pueblo medieval de <strong>Posada<\/strong>, los acantilados del parque natural de <strong>Montalbo<\/strong> y el imperdible <strong>Golfo de Orosei<\/strong> son las principales paradas del itinerario.<\/p>\n<p><strong> Siguiendo el viento, navegaremos para alcanzar los m\u00e1s bellos acantilados de la zona<\/strong>.<\/p>\n<p>Los d\u00edas de navegaci\u00f3n se consagrar\u00e1n al aprendizaje de las maniobras y t\u00e9cnicas dela navegaci\u00f3n costera.<\/p>\n<p>Durante las escalas, la gran variedad, cantidad y calidad de los acantilados sardos abren m\u00faltiples perspectivas de pr\u00e1ctica de escalada para todos los niveles.<\/p>\n<p>[\/et_pb_text][\/et_pb_column][\/et_pb_row][et_pb_row column_structure=\u00bb1_2,1_2&#8243; disabled_on=\u00bboff|off|off\u00bb admin_label=\u00bbAu jour le jour titre\u00bb module_id=\u00bb#destinations-sicile\u00bb module_class=\u00bbdc_inverser_colonnes-ligne\u00bb _builder_version=\u00bb4.3.4&#8243; background_size=\u00bbinitial\u00bb background_position=\u00bbtop_left\u00bb background_repeat=\u00bbrepeat\u00bb module_alignment=\u00bbcenter\u00bb][et_pb_column type=\u00bb1_2&#8243; _builder_version=\u00bb4.3.4&#8243; custom_padding=\u00bb|||\u00bb custom_padding__hover=\u00bb|||\u00bb][et_pb_text admin_label=\u00bbtitre au jour le jour\u00bb _builder_version=\u00bb4.3.4&#8243; text_font=\u00bb||||\u00bb text_text_color=\u00bb#1a1a1a\u00bb header_font=\u00bbOswald|on||on|\u00bb header_text_align=\u00bbleft\u00bb header_font_size=\u00bb44px\u00bb header_line_height=\u00bb1.3em\u00bb background_size=\u00bbinitial\u00bb background_position=\u00bbtop_left\u00bb background_repeat=\u00bbrepeat\u00bb max_width=\u00bb450px\u00bb custom_margin=\u00bb|||\u00bb custom_padding=\u00bb|||\u00bb animation_style=\u00bbslide\u00bb animation_direction=\u00bbtop\u00bb animation_intensity_slide=\u00bb10%\u00bb header_font_size_tablet=\u00bb39px\u00bb header_font_size_phone=\u00bb35px\u00bb header_font_size_last_edited=\u00bbon|phone\u00bb locked=\u00bboff\u00bb]<\/p>\n<h1>El dia a dia<\/h1>\n<p>[\/et_pb_text][et_pb_divider color=\u00bb#0c71c3&#8243; divider_position=\u00bbcenter\u00bb divider_weight=\u00bb3px\u00bb disabled_on=\u00bboff|off|off%22&#8243; admin_label=\u00bbS\u00e9parateur\u00bb _builder_version=\u00bb4.3.4&#8243; max_width=\u00bb150px\u00bb height=\u00bbfalse\u00bb custom_margin=\u00bb30px|||\u00bb animation_style=\u00bbslide\u00bb animation_direction=\u00bbtop\u00bb animation_delay=\u00bb100ms\u00bb animation_intensity_slide=\u00bb10%\u00bb locked=\u00bboff\u00bb][\/et_pb_divider][\/et_pb_column][et_pb_column type=\u00bb1_2&#8243; _builder_version=\u00bb4.3.4&#8243;][\/et_pb_column][\/et_pb_row][et_pb_row _builder_version=\u00bb4.3.4&#8243; width=\u00bb100%\u00bb][et_pb_column type=\u00bb4_4&#8243; _builder_version=\u00bb4.3.4&#8243;][et_pb_text admin_label=\u00bbTexte au jour le jour\u00bb _builder_version=\u00bb4.3.4&#8243; text_font=\u00bbRoboto|300|||||||\u00bb text_font_size=\u00bb16px\u00bb]<\/p>\n<p>Los d\u00edas empiezan alrededor de las 9 de la ma\u00f1ana y terminan alrededor de las 6 de la tarde. <strong>Tanto en la navegaci\u00f3n como en acantilado, el tiempo se dedicar\u00e1, en primer lugar a la pr\u00e1ctica<\/strong> deportiva, sin olvidar los aportes te\u00f3ricos indispensables para una mejor progresi\u00f3n t\u00e9cnica.<\/p>\n<p><strong>El programa pedag\u00f3gico es elaborado por Andrea al comenzar la estancia<\/strong> de acuerdo al pron\u00f3stico del tiempo y al nivel y expectativas de la tripulaci\u00f3n.<\/p>\n<p><strong>Los participantes ser\u00e1n acogidos a bordo la v\u00edspera de la salida al final de la tarde <\/strong>y se habr\u00e1 la oportunidad de romper el hielo para organizar los d\u00edas siguientes y familiarizarse con el material.<\/p>\n<p>Los dos primeros d\u00edas se dedicar\u00e1n al descubrimiento o a la retomada de la escalada o se dedicar\u00e1n a familiarizarse con el barco y a evaluar el nivel y las expectativas de cada uno de los participantes.<\/p>\n<p>A partir del tercer d\u00eda, <strong>se alternar\u00e1n sesiones de navegaci\u00f3n y de escalada<\/strong>.<\/p>\n<p>La mayor\u00eda de las sesiones de navegaci\u00f3n tendr\u00e1n lugar durante el d\u00eda con el objetivo de fondear o entrar a puerto antes de que caiga la noche.<\/p>\n<p>Para los d\u00edas de escalada se realizar\u00e1 un picnic debajo de las rutas. Para llegar a los acantilados generalmente se necesita entre 30 minutos y una hora de marcha.<\/p>\n<p>El \u00faltimo d\u00eda ser\u00e1 dedicado a ordenar el barco y a los preparativos de regreso.<\/p>\n<p>[\/et_pb_text][\/et_pb_column][\/et_pb_row][et_pb_row column_structure=\u00bb1_2,1_2&#8243; admin_label=\u00bbtitre equipe\u00bb module_id=\u00bbdestinationssicile\u00bb module_class=\u00bbdc_inverser_colonnes-ligne\u00bb _builder_version=\u00bb4.3.4&#8243; background_size=\u00bbinitial\u00bb background_position=\u00bbtop_left\u00bb background_repeat=\u00bbrepeat\u00bb module_alignment=\u00bbcenter\u00bb][et_pb_column type=\u00bb1_2&#8243; _builder_version=\u00bb4.3.4&#8243; custom_padding=\u00bb|||\u00bb custom_padding__hover=\u00bb|||\u00bb][et_pb_text admin_label=\u00bbTitre equipe\u00bb _builder_version=\u00bb4.3.4&#8243; text_font=\u00bb||||\u00bb text_text_color=\u00bb#1a1a1a\u00bb header_font=\u00bbOswald|on||on|\u00bb header_text_align=\u00bbleft\u00bb header_font_size=\u00bb44px\u00bb header_line_height=\u00bb1.3em\u00bb background_size=\u00bbinitial\u00bb background_position=\u00bbtop_left\u00bb background_repeat=\u00bbrepeat\u00bb max_width=\u00bb450px\u00bb custom_margin=\u00bb|||\u00bb custom_padding=\u00bb|||\u00bb animation_style=\u00bbslide\u00bb animation_direction=\u00bbtop\u00bb animation_intensity_slide=\u00bb10%\u00bb header_font_size_tablet=\u00bb39px\u00bb header_font_size_phone=\u00bb35px\u00bb header_font_size_last_edited=\u00bbon|phone\u00bb locked=\u00bboff\u00bb]<\/p>\n<h1>El Equipo<\/h1>\n<p>[\/et_pb_text][et_pb_divider color=\u00bb#0c71c3&#8243; divider_position=\u00bbcenter\u00bb divider_weight=\u00bb3px\u00bb disabled_on=\u00bboff|off|off%22&#8243; admin_label=\u00bbS\u00e9parateur\u00bb _builder_version=\u00bb4.3.4&#8243; max_width=\u00bb150px\u00bb height=\u00bbfalse\u00bb custom_margin=\u00bb30px|||\u00bb animation_style=\u00bbslide\u00bb animation_direction=\u00bbtop\u00bb animation_delay=\u00bb100ms\u00bb animation_intensity_slide=\u00bb10%\u00bb locked=\u00bboff\u00bb][\/et_pb_divider][\/et_pb_column][et_pb_column type=\u00bb1_2&#8243; _builder_version=\u00bb4.3.4&#8243;][\/et_pb_column][\/et_pb_row][et_pb_row column_structure=\u00bb1_2,1_2&#8243; admin_label=\u00bbequipe andrea et sarah\u00bb module_id=\u00bbdestinationscorse\u00bb _builder_version=\u00bb4.3.4&#8243; background_size=\u00bbinitial\u00bb background_position=\u00bbtop_left\u00bb background_repeat=\u00bbrepeat\u00bb module_alignment=\u00bbcenter\u00bb][et_pb_column type=\u00bb1_2&#8243; _builder_version=\u00bb4.3.4&#8243; custom_padding=\u00bb|||\u00bb custom_padding__hover=\u00bb|||\u00bb][et_pb_image src=\u00bbhttps:\/\/voile-escalade.com\/vertigoblue\/vela-escalada\/wp-content\/uploads\/sites\/4\/2021\/01\/grande-voie-calanques-de-marseille.jpg\u00bb _builder_version=\u00bb4.3.4&#8243;][\/et_pb_image][\/et_pb_column][et_pb_column type=\u00bb1_2&#8243; _builder_version=\u00bb4.3.4&#8243;][et_pb_text _builder_version=\u00bb4.3.4&#8243;]<\/p>\n<h2><strong>Andrea y Sarah<\/strong><\/h2>\n<h2><strong>Formador e instructora de vela<br \/><\/strong><\/h2>\n<p>[\/et_pb_text][et_pb_text admin_label=\u00bbTexte equipe \u00bb _builder_version=\u00bb4.3.4&#8243; text_font=\u00bbRoboto|300|||||||\u00bb text_font_size=\u00bb16px\u00bb text_line_height=\u00bb1.9em\u00bb background_size=\u00bbinitial\u00bb background_position=\u00bbtop_left\u00bb background_repeat=\u00bbrepeat\u00bb max_width=\u00bb450px\u00bb custom_margin=\u00bb17px||2px|||\u00bb custom_padding=\u00bb||0px|||\u00bb animation_style=\u00bbslide\u00bb animation_direction=\u00bbtop\u00bb animation_delay=\u00bb400ms\u00bb animation_intensity_slide=\u00bb4%\u00bb locked=\u00bboff\u00bb]<\/p>\n<p>Originario de Ancona, en la costa este de Italia frente al Mar Adri\u00e1tico, <strong>Andrea<\/strong> se form\u00f3 en la navegaci\u00f3n en el Mediterr\u00e1neo, inicialmente en la costa espa\u00f1ola y luego principalmente en C\u00f3rcega y Cerde\u00f1a.<strong> Desde 2014<\/strong> <strong>ha realizado m\u00e1s de sesenta cursos de vela <\/strong>navegando entre Francia, Italia y Croacia. Tambi\u00e9n ha formado a varios instructores en la pr\u00e1ctica y la did\u00e1ctica de la navegaci\u00f3n.<\/p>\n<p><strong>Sarah<\/strong> es<strong> instructora de vela desde 2017<\/strong>.<br \/>Se form\u00f3 y ense\u00f1\u00f3 en Bonifacio, C\u00f3rcega, donde luego permaneci\u00f3 como asistente administrativa en la misma escuela de vela durante dos a\u00f1os.<\/p>\n<p>[\/et_pb_text][\/et_pb_column][\/et_pb_row][et_pb_row column_structure=\u00bb1_2,1_2&#8243; admin_label=\u00bbequipe roberto pau\u00bb module_id=\u00bbdestinationscorse\u00bb module_class=\u00bbdc_inverser_colonnes-ligne\u00bb _builder_version=\u00bb4.3.4&#8243; background_size=\u00bbinitial\u00bb background_position=\u00bbtop_left\u00bb background_repeat=\u00bbrepeat\u00bb module_alignment=\u00bbcenter\u00bb][et_pb_column type=\u00bb1_2&#8243; _builder_version=\u00bb4.3.4&#8243; custom_padding=\u00bb|||\u00bb custom_padding__hover=\u00bb|||\u00bb][et_pb_text _builder_version=\u00bb4.3.4&#8243;]<\/p>\n<h2><strong>Roberto<\/strong><\/h2>\n<h2><strong>Instructor de escalada<\/strong><\/h2>\n<p>[\/et_pb_text][et_pb_text admin_label=\u00bbTexte equipe \u00bb _builder_version=\u00bb4.3.4&#8243; text_font=\u00bbRoboto|300|||||||\u00bb text_font_size=\u00bb16px\u00bb text_line_height=\u00bb1.9em\u00bb background_size=\u00bbinitial\u00bb background_position=\u00bbtop_left\u00bb background_repeat=\u00bbrepeat\u00bb max_width=\u00bb450px\u00bb custom_margin=\u00bb17px||2px|||\u00bb custom_padding=\u00bb||0px|||\u00bb animation_style=\u00bbslide\u00bb animation_direction=\u00bbtop\u00bb animation_delay=\u00bb400ms\u00bb animation_intensity_slide=\u00bb4%\u00bb locked=\u00bboff\u00bb]<\/p>\n<p>Nacido en Cerde\u00f1a, donde vivi\u00f3 hasta los 27 a\u00f1os cuando se mud\u00f3 al Monte Rosa para hacerse gu\u00eda de monta\u00f1a.<\/p>\n<p>En 2015 se instal\u00f3 en Chamonix, bajo el Monte Bianco, donde vive y trabaja como gu\u00eda de monta\u00f1a en verano y como gu\u00eda de escalada en hielo y de esqu\u00ed fuera de pista en invierno.<\/p>\n<p>\u200b<\/p>\n<p>[\/et_pb_text][\/et_pb_column][et_pb_column type=\u00bb1_2&#8243; _builder_version=\u00bb4.3.4&#8243;][et_pb_image src=\u00bbhttps:\/\/voile-escalade.com\/vertigoblue\/vela-escalada\/wp-content\/uploads\/sites\/4\/2021\/01\/Roberto-Pau-guide-de-montagne-sarde.jpg\u00bb _builder_version=\u00bb4.3.4&#8243;][\/et_pb_image][\/et_pb_column][\/et_pb_row][et_pb_row _builder_version=\u00bb4.3.4&#8243;][et_pb_column type=\u00bb4_4&#8243; _builder_version=\u00bb4.3.4&#8243;][et_pb_button button_url=\u00bbhttps:\/\/voile-escalade.com\/vertigoblue\/vela-escalada\/contacto\/\u00bb url_new_window=\u00bbon\u00bb button_text=\u00bbInfo y Reservaci\u00f3nes\u00bb button_alignment=\u00bbcenter\u00bb admin_label=\u00bbBouton reserver option\u00bb _builder_version=\u00bb4.3.4&#8243; hover_enabled=\u00bb0&#8243;][\/et_pb_button][\/et_pb_column][\/et_pb_row][et_pb_row column_structure=\u00bb1_2,1_2&#8243; disabled_on=\u00bbon|on|on\u00bb admin_label=\u00bbInformations pratiques\u00bb module_id=\u00bb#destinations-sicile\u00bb module_class=\u00bbdc_inverser_colonnes-ligne\u00bb _builder_version=\u00bb4.3.4&#8243; background_size=\u00bbinitial\u00bb background_position=\u00bbtop_left\u00bb background_repeat=\u00bbrepeat\u00bb module_alignment=\u00bbcenter\u00bb disabled=\u00bbon\u00bb][et_pb_column type=\u00bb1_2&#8243; _builder_version=\u00bb4.3.4&#8243; custom_padding=\u00bb|||\u00bb custom_padding__hover=\u00bb|||\u00bb][et_pb_text admin_label=\u00bbtitre autres destinations\u00bb _builder_version=\u00bb4.3.4&#8243; text_font=\u00bb||||\u00bb text_text_color=\u00bb#1a1a1a\u00bb header_font=\u00bbOswald|on||on|\u00bb header_text_align=\u00bbleft\u00bb header_font_size=\u00bb44px\u00bb header_line_height=\u00bb1.3em\u00bb background_size=\u00bbinitial\u00bb background_position=\u00bbtop_left\u00bb background_repeat=\u00bbrepeat\u00bb max_width=\u00bb450px\u00bb custom_margin=\u00bb|||\u00bb custom_padding=\u00bb|||\u00bb animation_style=\u00bbslide\u00bb animation_direction=\u00bbtop\u00bb animation_intensity_slide=\u00bb10%\u00bb header_font_size_tablet=\u00bb39px\u00bb header_font_size_phone=\u00bb35px\u00bb header_font_size_last_edited=\u00bbon|phone\u00bb locked=\u00bboff\u00bb]<\/p>\n<h1>Informations pratiques<\/h1>\n<p>[\/et_pb_text][et_pb_divider color=\u00bb#0c71c3&#8243; divider_position=\u00bbcenter\u00bb divider_weight=\u00bb3px\u00bb disabled_on=\u00bboff|off|off%22&#8243; admin_label=\u00bbS\u00e9parateur\u00bb _builder_version=\u00bb4.3.4&#8243; max_width=\u00bb150px\u00bb height=\u00bbfalse\u00bb custom_margin=\u00bb30px|||\u00bb animation_style=\u00bbslide\u00bb animation_direction=\u00bbtop\u00bb animation_delay=\u00bb100ms\u00bb animation_intensity_slide=\u00bb10%\u00bb locked=\u00bboff\u00bb][\/et_pb_divider][\/et_pb_column][et_pb_column type=\u00bb1_2&#8243; _builder_version=\u00bb4.3.4&#8243;][\/et_pb_column][\/et_pb_row][et_pb_row disabled_on=\u00bbon|on|on\u00bb _builder_version=\u00bb4.3.4&#8243; disabled=\u00bbon\u00bb][et_pb_column type=\u00bb4_4&#8243; _builder_version=\u00bb4.3.4&#8243;][et_pb_text _builder_version=\u00bb4.3.4&#8243;][\/et_pb_text][\/et_pb_column][\/et_pb_row][\/et_pb_section]<\/p>\n","protected":false},"excerpt":{"rendered":"<p>El ProgramaEmb\u00e1rcate por un crucero a Io largo de la costa este de Cerde\u00f1a y descubre la isla de una manera activa:- en la mar, aprendiendo o perfeccionando tus habilidades de navegaci\u00f3n en un velero entre 10 y 13 metros- en tierras, descubriendo los muchos acantilados situados lo largo de la costa y aprendiendo a [&hellip;]<\/p>\n","protected":false},"author":2,"featured_media":0,"parent":0,"menu_order":0,"comment_status":"closed","ping_status":"closed","template":"","meta":{"_et_pb_use_builder":"on","_et_pb_old_content":"","_et_gb_content_width":""},"yoast_head":"<!-- This site is optimized with the Yoast SEO plugin v20.2.1 - https:\/\/yoast.com\/wordpress\/plugins\/seo\/ -->\n<title>Cerde\u00f1a - vela y escalada - Vela y escalada en Mediterraneo<\/title>\n<meta name=\"robots\" content=\"index, follow, max-snippet:-1, max-image-preview:large, max-video-preview:-1\" \/>\n<link rel=\"canonical\" href=\"https:\/\/voile-escalade.com\/vertigoblue\/vela-escalada\/cerdena-vela-y-escalada\/\" \/>\n<meta property=\"og:locale\" content=\"es_ES\" \/>\n<meta property=\"og:type\" content=\"article\" \/>\n<meta property=\"og:title\" content=\"Cerde\u00f1a - vela y escalada - Vela y escalada en Mediterraneo\" \/>\n<meta property=\"og:description\" content=\"El ProgramaEmb\u00e1rcate por un crucero a Io largo de la costa este de Cerde\u00f1a y descubre la isla de una manera activa:- en la mar, aprendiendo o perfeccionando tus habilidades de navegaci\u00f3n en un velero entre 10 y 13 metros- en tierras, descubriendo los muchos acantilados situados lo largo de la costa y aprendiendo a [&hellip;]\" \/>\n<meta property=\"og:url\" content=\"https:\/\/voile-escalade.com\/vertigoblue\/vela-escalada\/cerdena-vela-y-escalada\/\" \/>\n<meta property=\"og:site_name\" content=\"Vela y escalada en Mediterraneo\" \/>\n<meta property=\"article:modified_time\" content=\"2022-08-07T16:16:49+00:00\" \/>\n<meta name=\"twitter:card\" content=\"summary_large_image\" \/>\n<meta name=\"twitter:label1\" content=\"Tiempo de lectura\" \/>\n\t<meta name=\"twitter:data1\" content=\"13 minutos\" \/>\n<script type=\"application\/ld+json\" class=\"yoast-schema-graph\">{\"@context\":\"https:\/\/schema.org\",\"@graph\":[{\"@type\":\"WebPage\",\"@id\":\"https:\/\/voile-escalade.com\/vertigoblue\/vela-escalada\/cerdena-vela-y-escalada\/\",\"url\":\"https:\/\/voile-escalade.com\/vertigoblue\/vela-escalada\/cerdena-vela-y-escalada\/\",\"name\":\"Cerde\u00f1a - vela y escalada - Vela y escalada en Mediterraneo\",\"isPartOf\":{\"@id\":\"https:\/\/voile-escalade.com\/vertigoblue\/vela-escalada\/#website\"},\"datePublished\":\"2021-01-07T19:04:04+00:00\",\"dateModified\":\"2022-08-07T16:16:49+00:00\",\"breadcrumb\":{\"@id\":\"https:\/\/voile-escalade.com\/vertigoblue\/vela-escalada\/cerdena-vela-y-escalada\/#breadcrumb\"},\"inLanguage\":\"es\",\"potentialAction\":[{\"@type\":\"ReadAction\",\"target\":[\"https:\/\/voile-escalade.com\/vertigoblue\/vela-escalada\/cerdena-vela-y-escalada\/\"]}]},{\"@type\":\"BreadcrumbList\",\"@id\":\"https:\/\/voile-escalade.com\/vertigoblue\/vela-escalada\/cerdena-vela-y-escalada\/#breadcrumb\",\"itemListElement\":[{\"@type\":\"ListItem\",\"position\":1,\"name\":\"Accueil\",\"item\":\"https:\/\/voile-escalade.com\/vertigoblue\/vela-escalada\/\"},{\"@type\":\"ListItem\",\"position\":2,\"name\":\"Cerde\u00f1a &#8211; vela y escalada\"}]},{\"@type\":\"WebSite\",\"@id\":\"https:\/\/voile-escalade.com\/vertigoblue\/vela-escalada\/#website\",\"url\":\"https:\/\/voile-escalade.com\/vertigoblue\/vela-escalada\/\",\"name\":\"Vela y escalada en Mediterraneo\",\"description\":\"Viajes deportivos vela y escalada\",\"potentialAction\":[{\"@type\":\"SearchAction\",\"target\":{\"@type\":\"EntryPoint\",\"urlTemplate\":\"https:\/\/voile-escalade.com\/vertigoblue\/vela-escalada\/?s={search_term_string}\"},\"query-input\":\"required name=search_term_string\"}],\"inLanguage\":\"es\"}]}<\/script>\n<!-- \/ Yoast SEO plugin. -->","yoast_head_json":{"title":"Cerde\u00f1a - vela y escalada - Vela y escalada en Mediterraneo","robots":{"index":"index","follow":"follow","max-snippet":"max-snippet:-1","max-image-preview":"max-image-preview:large","max-video-preview":"max-video-preview:-1"},"canonical":"https:\/\/voile-escalade.com\/vertigoblue\/vela-escalada\/cerdena-vela-y-escalada\/","og_locale":"es_ES","og_type":"article","og_title":"Cerde\u00f1a - vela y escalada - Vela y escalada en Mediterraneo","og_description":"El ProgramaEmb\u00e1rcate por un crucero a Io largo de la costa este de Cerde\u00f1a y descubre la isla de una manera activa:- en la mar, aprendiendo o perfeccionando tus habilidades de navegaci\u00f3n en un velero entre 10 y 13 metros- en tierras, descubriendo los muchos acantilados situados lo largo de la costa y aprendiendo a [&hellip;]","og_url":"https:\/\/voile-escalade.com\/vertigoblue\/vela-escalada\/cerdena-vela-y-escalada\/","og_site_name":"Vela y escalada en Mediterraneo","article_modified_time":"2022-08-07T16:16:49+00:00","twitter_card":"summary_large_image","twitter_misc":{"Tiempo de lectura":"13 minutos"},"schema":{"@context":"https:\/\/schema.org","@graph":[{"@type":"WebPage","@id":"https:\/\/voile-escalade.com\/vertigoblue\/vela-escalada\/cerdena-vela-y-escalada\/","url":"https:\/\/voile-escalade.com\/vertigoblue\/vela-escalada\/cerdena-vela-y-escalada\/","name":"Cerde\u00f1a - vela y escalada - Vela y escalada en Mediterraneo","isPartOf":{"@id":"https:\/\/voile-escalade.com\/vertigoblue\/vela-escalada\/#website"},"datePublished":"2021-01-07T19:04:04+00:00","dateModified":"2022-08-07T16:16:49+00:00","breadcrumb":{"@id":"https:\/\/voile-escalade.com\/vertigoblue\/vela-escalada\/cerdena-vela-y-escalada\/#breadcrumb"},"inLanguage":"es","potentialAction":[{"@type":"ReadAction","target":["https:\/\/voile-escalade.com\/vertigoblue\/vela-escalada\/cerdena-vela-y-escalada\/"]}]},{"@type":"BreadcrumbList","@id":"https:\/\/voile-escalade.com\/vertigoblue\/vela-escalada\/cerdena-vela-y-escalada\/#breadcrumb","itemListElement":[{"@type":"ListItem","position":1,"name":"Accueil","item":"https:\/\/voile-escalade.com\/vertigoblue\/vela-escalada\/"},{"@type":"ListItem","position":2,"name":"Cerde\u00f1a &#8211; vela y escalada"}]},{"@type":"WebSite","@id":"https:\/\/voile-escalade.com\/vertigoblue\/vela-escalada\/#website","url":"https:\/\/voile-escalade.com\/vertigoblue\/vela-escalada\/","name":"Vela y escalada en Mediterraneo","description":"Viajes deportivos vela y escalada","potentialAction":[{"@type":"SearchAction","target":{"@type":"EntryPoint","urlTemplate":"https:\/\/voile-escalade.com\/vertigoblue\/vela-escalada\/?s={search_term_string}"},"query-input":"required name=search_term_string"}],"inLanguage":"es"}]}},"_links":{"self":[{"href":"https:\/\/voile-escalade.com\/vertigoblue\/vela-escalada\/wp-json\/wp\/v2\/pages\/990"}],"collection":[{"href":"https:\/\/voile-escalade.com\/vertigoblue\/vela-escalada\/wp-json\/wp\/v2\/pages"}],"about":[{"href":"https:\/\/voile-escalade.com\/vertigoblue\/vela-escalada\/wp-json\/wp\/v2\/types\/page"}],"author":[{"embeddable":true,"href":"https:\/\/voile-escalade.com\/vertigoblue\/vela-escalada\/wp-json\/wp\/v2\/users\/2"}],"replies":[{"embeddable":true,"href":"https:\/\/voile-escalade.com\/vertigoblue\/vela-escalada\/wp-json\/wp\/v2\/comments?post=990"}],"version-history":[{"count":16,"href":"https:\/\/voile-escalade.com\/vertigoblue\/vela-escalada\/wp-json\/wp\/v2\/pages\/990\/revisions"}],"predecessor-version":[{"id":1500,"href":"https:\/\/voile-escalade.com\/vertigoblue\/vela-escalada\/wp-json\/wp\/v2\/pages\/990\/revisions\/1500"}],"wp:attachment":[{"href":"https:\/\/voile-escalade.com\/vertigoblue\/vela-escalada\/wp-json\/wp\/v2\/media?parent=990"}],"curies":[{"name":"wp","href":"https:\/\/api.w.org\/{rel}","templated":true}]}}