{"id":3,"date":"2019-11-11T14:40:06","date_gmt":"2019-11-11T13:40:06","guid":{"rendered":"https:\/\/voile-escalade.com\/vertigoblue\/?page_id=3"},"modified":"2020-05-10T14:02:18","modified_gmt":"2020-05-10T12:02:18","slug":"politica-de-privacidad","status":"publish","type":"page","link":"https:\/\/voile-escalade.com\/vertigoblue\/vela-escalada\/politica-de-privacidad\/","title":{"rendered":"Pol\u00edtica de Privacidad"},"content":{"rendered":"<p>[et_pb_section fb_built=\u00bb1&#8243; fullwidth=\u00bbon\u00bb _builder_version=\u00bb4.3.4&#8243;][et_pb_fullwidth_header title=\u00bbPOLITICA DE PRIVACIDAD\u00bb _builder_version=\u00bb4.3.4&#8243; background_enable_color=\u00bboff\u00bb background_image=\u00bbhttps:\/\/voile-escalade.com\/vertigoblue\/vela-escalada\/wp-content\/uploads\/sites\/4\/2020\/05\/mention-legales-vertigoblue.jpg\u00bb background_size=\u00bbinitial\u00bb custom_padding=\u00bb127px||175px|||\u00bb hover_enabled=\u00bb0&#8243;][\/et_pb_fullwidth_header][\/et_pb_section][et_pb_section fb_built=\u00bb1&#8243; _builder_version=\u00bb4.3.4&#8243; top_divider_height=\u00bb60px\u00bb][et_pb_row _builder_version=\u00bb4.3.4&#8243;][et_pb_column type=\u00bb4_4&#8243; _builder_version=\u00bb4.3.4&#8243;][et_pb_text _builder_version=\u00bb4.3.4&#8243; text_font=\u00bbRoboto|300|||||||\u00bb hover_enabled=\u00bb0&#8243;]<\/p>\n<p><strong>T\u00e9rminos y condiciones generales de uso (GTCU)<\/strong><\/p>\n<p><strong>Pol\u00edtica de privacidad &#8211; RGPD \/ GDPR<\/strong><\/p>\n<p>Informaci\u00f3n para los usuarios de vertigoblue.fr y voile-escalade.com sobre nuestras condiciones de uso y las disposiciones relativas al reglamento de la RGPD.<\/p>\n<p><strong>Definiciones y terminolog\u00eda<\/strong><\/p>\n<p><strong>El sitio<\/strong>: El sitio web vertigoblue.fr y voile-escalade.com accesibles por el URL https:\/\/vertigoblue.fr y voile-escalade.com citados en el presente documento como \u00abel sitio\u00bb o \u00abdel sitio\u00bb o \u00abel sitio web\u00bb.<br \/>\n<strong>Usuario:<\/strong> toda persona f\u00edsica capaz en el sentido de los art\u00edculos 1123 y siguientes del C\u00f3digo Civil, o persona jur\u00eddica, que visite el sitio objeto de las presentes condiciones.<br \/>\n<strong>Contenidos, beneficios y servicios:<\/strong> el sitio pone a disposici\u00f3n de los visitantes y\/o clientes : Informaci\u00f3n sobre las actividades de la empresa V\u00e9rtigo Blue.<br \/>\n<strong>Informaci\u00f3n sobre el cliente:<\/strong> en lo sucesivo denominada \u00abInformaci\u00f3n(es)\u00bb, que corresponde a todos los datos personales que puede tener el sitio para la gesti\u00f3n de las relaciones con los visitantes y el buen funcionamiento del sitio.<br \/>\n<strong>Usuario:<\/strong> Usuario de Internet que se conecta, utilizando el sitio mencionado.<br \/>\n<strong>Informaci\u00f3n personal<\/strong>: \u00abInformaci\u00f3n que permite, en cualquier forma, directa o indirectamente, la identificaci\u00f3n de las personas f\u00edsicas a las que se aplica\u00bb (art\u00edculo 4 de la Ley N\u00ba 78-17, de 6 de enero de 1978).<br \/>\nLos t\u00e9rminos \u00abdatos personales\u00bb, \u00abpersona interesada\u00bb, \u00absubcontratista\u00bb y \u00abdatos sensibles\u00bb tienen el significado definido por el Reglamento General de Protecci\u00f3n de Datos (RGPD: n\u00b0 2016-679).<\/p>\n<p><strong>1. Presentaci\u00f3n del sitio web.<\/strong><\/p>\n<p>De conformidad con el art\u00edculo 6 de la Ley N\u00ba 2004-575, de 21 de junio de 2004, relativa a la confianza en la econom\u00eda digital, se informa a los usuarios del sitio web de la identidad de las distintas partes que participan en su creaci\u00f3n y seguimiento:<br \/>\n<strong>Propietario\/Editorial:<\/strong> Sarah Marquina y Andrea Zecca, R\u00e9sidence Le Muscat, Rue Michel Clerc, 34110 La Peyrade-Frontignan<br \/>\n<strong>Responsable de la publicaci\u00f3n:<\/strong> Sarah Marquina &#8211; contact[arobas]vertigoblue.fr<br \/>\n<strong>Dise\u00f1ador\/integrador<\/strong> :Mediapluriel\/Infoweb &#8211; contact[arobas]mediapluriel.fr<br \/>\n<strong>Anfitri\u00f3n<\/strong>: Infoweb &#8211; contact[arobas]mediapluriel.fr<br \/>\n<strong>Oficial de Protecci\u00f3n de Datos (DPD\/DPO):<\/strong> Sarah Marquina &#8211; contact[arobas]vertigoblue.fr<\/p>\n<p><strong>2. Condiciones generales de uso del sitio y servicios ofrecidos.<\/strong><\/p>\n<p>El Sitio es una obra intelectual protegida por las disposiciones del C\u00f3digo de la Propiedad Intelectual y el Reglamento Internacional aplicable.<br \/>\nEl Cliente no podr\u00e1 en ning\u00fan caso reutilizar, transferir o explotar por cuenta propia la totalidad o parte de los elementos u obras del sitio.<br \/>\nEl uso del sitio implica la aceptaci\u00f3n plena y total de las condiciones generales de uso que se describen a continuaci\u00f3n. Las presentes condiciones de uso pueden modificarse o complementarse en cualquier momento, por lo que se invita a los usuarios del sitio a que las consulten peri\u00f3dicamente.<br \/>\nLos usuarios pueden acceder a este sitio web en todo momento. Sin embargo, puede ser necesaria una interrupci\u00f3n para el mantenimiento t\u00e9cnico.<\/p>\n<p><strong>3. Descripci\u00f3n de los servicios prestados.<\/strong><\/p>\n<p>El prop\u00f3sito del sitio web es proporcionar informaci\u00f3n sobre todas las actividades de la empresa.<br \/>\nNos esforzamos por proporcionar la informaci\u00f3n m\u00e1s precisa posible en el sitio. Sin embargo, no podemos ser responsables de las omisiones, inexactitudes o imprecisiones del contenido, ya sean causadas por nosotros o por terceros asociados que proporcionen o integren esta informaci\u00f3n.<br \/>\nToda la informaci\u00f3n del sitio se da a t\u00edtulo indicativo y est\u00e1 sujeta a cambios. Adem\u00e1s, la informaci\u00f3n del sitio no es exhaustiva. Est\u00e1 sujeto a los cambios que se han hecho desde que se puso en l\u00ednea.<\/p>\n<p><strong>4. Limitaciones contractuales de los datos t\u00e9cnicos.<\/strong><\/p>\n<p>El sitio utiliza la tecnolog\u00eda JavaScript.<br \/>\nEl sitio web no puede ser considerado responsable de ning\u00fan da\u00f1o material relacionado con el uso del sitio. Adem\u00e1s, el usuario del sitio se compromete a acceder al mismo con un equipo reciente, libre de virus y con un navegador actualizado de \u00faltima generaci\u00f3n. El<br \/>\nsitio est\u00e1 alojado en el territorio de la Uni\u00f3n Europea (Francia) de conformidad con las disposiciones del Reglamento General de Protecci\u00f3n de Datos (RGPD: N\u00ba 2016-679).<br \/>\nEl objetivo es proporcionar un servicio que asegure la mejor tasa de accesibilidad. El anfitri\u00f3n asegura la continuidad de su servicio las 24 horas del d\u00eda, todos los d\u00edas del a\u00f1o. Sin embargo, se reserva el derecho de interrumpir el servicio de hospedaje por el menor tiempo posible, en particular para el mantenimiento, la mejora de sus infraestructuras, el fallo de sus infraestructuras o si los Servicios y los Servicios generan un tr\u00e1fico que se considera anormal.<br \/>\nMediapluriel\/Infoweb y el anfitri\u00f3n no pueden ser considerados responsables en caso de mal funcionamiento de la red de Internet, de las l\u00edneas telef\u00f3nicas o del equipo inform\u00e1tico y telef\u00f3nico relacionado en particular con la congesti\u00f3n de la red que impide el acceso al servidor.<\/p>\n<p><strong>5. Propiedad intelectual y falsificaciones.<\/strong><\/p>\n<p>El dise\u00f1ador del sitio es el titular de los derechos de propiedad intelectual y posee los derechos de uso sobre todos los elementos accesibles en el sitio web, en particular los textos, im\u00e1genes, gr\u00e1ficos, logotipos, v\u00eddeos, iconos y sonidos.<br \/>\nQueda prohibida toda reproducci\u00f3n, representaci\u00f3n, modificaci\u00f3n, publicaci\u00f3n, adaptaci\u00f3n de todo o parte de los elementos del sitio, cualquiera que sea el medio o el procedimiento utilizado, salvo autorizaci\u00f3n previa por escrito de : V\u00e9rtigo Blue\/Mediapluriel\/Infoweb.<br \/>\nCualquier uso no autorizado del sitio o de cualquiera de los elementos que contiene ser\u00e1 considerado como una infracci\u00f3n y ser\u00e1 perseguido de acuerdo con las disposiciones de los art\u00edculos L.335-2 y siguientes del C\u00f3digo de la Propiedad Intelectual.<\/p>\n<p><strong>6. Limitaciones de la responsabilidad.<\/strong><\/p>\n<p>El propietario del sitio, como editor del mismo, es responsable de la calidad y la veracidad del contenido publicado con sujeci\u00f3n a su buena fe.<br \/>\nNo se le puede considerar responsable de los da\u00f1os directos e indirectos causados al equipo del usuario, al acceder al sitio web, y que resulten ya sea del uso de un equipo que no cumpla las especificaciones habituales o de la aparici\u00f3n de un error o incompatibilidad.<br \/>\nNi el propietario\/editor ni el anfitri\u00f3n del sitio pueden ser considerados responsables de los da\u00f1os indirectos resultantes del uso del sitio.<br \/>\nSiempre hay un formulario de apoyo o una direcci\u00f3n de correo electr\u00f3nico a disposici\u00f3n de los visitantes. El editor se reserva el derecho de suprimir, sin previo aviso, cualquier contenido depositado en este espacio que contravenga la legislaci\u00f3n aplicable en Francia, en particular las disposiciones relativas a la protecci\u00f3n de datos. Si es necesario, tambi\u00e9n se reserva el derecho de cuestionar la responsabilidad civil y\/o penal del usuario, en particular en el caso de un mensaje de car\u00e1cter racista, insultante, difamatorio o ped\u00f3filo, sea cual sea el medio utilizado (texto, fotograf\u00eda, etc.).<\/p>\n<p><strong>7. Gesti\u00f3n de los datos personales.<\/strong><\/p>\n<p>Se informa al Cliente de la normativa relativa a la comunicaci\u00f3n comercial, la ley de 21 de junio de 2014 de confianza en la Econom\u00eda Digital, la Ley de Protecci\u00f3n de Datos de 6 de agosto de 2004 y el Reglamento General de Protecci\u00f3n de Datos (RGPD: n\u00ba 2016-679).<\/p>\n<p><strong>7.1 Personas responsables de la recopilaci\u00f3n de datos personales<\/strong><br \/>\nSi se recogen datos personales, la persona responsable del tratamiento de los datos personales se menciona en el encabezamiento de este documento en la l\u00ednea: Oficial de Protecci\u00f3n de Datos<br \/>\nComo responsable del tratamiento de los datos recogidos, se compromete a respetar el marco de las disposiciones legales vigentes. En particular, le incumbe establecer los fines del tratamiento de sus datos, proporcionar a sus posibles clientes, sobre la base de la recopilaci\u00f3n de sus consentimientos, una informaci\u00f3n completa sobre el tratamiento de sus datos personales y mantener un registro del tratamiento de acuerdo con la realidad.<br \/>\nSiempre que el sitio procesa Datos Personales, el RPD toma todas las medidas razonables para garantizar la exactitud y la pertinencia de los Datos Personales con respecto a los fines para los que el sitio los procesa.<\/p>\n<p><strong>7.2 Finalidad de los datos reunidos<\/strong><br \/>\nEs probable que el sitio procese todos o parte de los datos:<br \/>\n\u2022 para permitir la navegaci\u00f3n en el Sitio y la gesti\u00f3n y trazabilidad de los servicios pedidos por el usuario: datos de conexi\u00f3n y de utilizaci\u00f3n del Sitio, facturaci\u00f3n, historial de pedidos, etc.<br \/>\n\u2022 para prevenir y luchar contra el fraude inform\u00e1tico (spamming, hacking&#8230;): hardware inform\u00e1tico utilizado para la navegaci\u00f3n, direcci\u00f3n IP, contrase\u00f1a (hash)<br \/>\n\u2022 para mejorar la navegaci\u00f3n en el sitio: datos de conexi\u00f3n y uso<br \/>\n\u2022 para llevar a cabo campa\u00f1as de comunicaci\u00f3n: n\u00famero de tel\u00e9fono, direcci\u00f3n de correo electr\u00f3nico<br \/>\nEl sitio no comercializa sus datos personales, que por lo tanto s\u00f3lo se utilizan por necesidad o con fines t\u00e9cnicos, estad\u00edsticos y anal\u00edticos.<\/p>\n<p><strong>7.3 Derecho de acceso, rectificaci\u00f3n y oposici\u00f3n<\/strong><br \/>\nDe acuerdo con la normativa europea vigente, los usuarios del citado sitio tienen los siguientes derechos:<br \/>\n\u2022 derecho de acceso (art\u00edculo 15 DPMR) y rectificaci\u00f3n (art\u00edculo 16 DPMR), actualizaci\u00f3n, exhaustividad de los datos de los usuarios, derecho a bloquear o borrar los datos personales de los usuarios (art\u00edculo 17 DPMR), cuando sean inexactos, incompletos, equ\u00edvocos, obsoletos o cuya recopilaci\u00f3n, utilizaci\u00f3n, comunicaci\u00f3n o almacenamiento est\u00e9 prohibida<br \/>\n\u2022 derecho a retirar el consentimiento en cualquier momento (art\u00edculo 13-2c del PMGF)<br \/>\n\u2022 derecho a limitar el tratamiento de los datos de los usuarios (Art\u00edculo 18 DPMR)<br \/>\n\u2022 derecho a oponerse al tratamiento de los datos de los usuarios (Art\u00edculo 21 RGPD)<br \/>\n\u2022 el derecho a la portabilidad de los datos facilitados por los usuarios, cuando dichos datos sean objeto de un tratamiento automatizado basado en su consentimiento o en un contrato (art\u00edculo 20 de la RDA)<br \/>\n\u2022 el derecho a determinar el destino de los datos de los usuarios despu\u00e9s de su muerte y a elegir a qui\u00e9n deben (o no) comunicarse dichos datos a un tercero previamente designado<\/p>\n<p>Tan pronto como el sitio tenga conocimiento del fallecimiento de un usuario y en ausencia de instrucciones de \u00e9ste, se compromete a destruir sus datos, a menos que sea necesario conservarlos con fines probatorios o para cumplir una obligaci\u00f3n legal.<br \/>\nSi el usuario desea saber c\u00f3mo utiliza el sitio sus datos personales, para pedir correcciones u oponerse a su tratamiento, puede ponerse en contacto con el RPD\/DPD por correo electr\u00f3nico en la siguiente direcci\u00f3n:<br \/>\n\u2022 contact[arobas]vertigoblue.fr<br \/>\nEn este caso, el Usuario debe indicar los datos personales que desea que se corrijan, actualicen o supriman, la direcci\u00f3n URL en la que se encuentran e identificarse de forma precisa con una copia de un documento de identidad (documento de identidad o pasaporte v\u00e1lidos).<br \/>\nLas solicitudes de supresi\u00f3n de datos personales estar\u00e1n sujetas a las obligaciones que la ley impone a los responsables del sitio, en particular en lo que respecta a la conservaci\u00f3n o el archivo de documentos. Por \u00faltimo, los usuarios del sitio pueden presentar una denuncia ante las autoridades de control, en particular la CNIL (https:\/\/www.cnil.fr\/fr\/plaintes).<\/p>\n<p><strong>7.4 No divulgaci\u00f3n de datos personales<\/strong><br \/>\nSe proh\u00edbe al sitio procesar, alojar o transferir la informaci\u00f3n recopilada sobre sus usuarios y\/o clientes a un pa\u00eds fuera de la Uni\u00f3n Europea o reconocido como \u00abinadecuado\u00bb por la Comisi\u00f3n Europea sin informar al cliente con antelaci\u00f3n. Sin embargo, el sitio sigue siendo libre de elegir a sus subcontratistas t\u00e9cnicos y comerciales a condici\u00f3n de que presenten garant\u00edas suficientes con respecto a las exigencias del Reglamento General de Protecci\u00f3n de Datos (RGPD: n\u00b0 2016-679).<br \/>\nEl sitio se compromete a tomar todas las precauciones necesarias para preservar la seguridad de la informaci\u00f3n y, en particular, a no comunicarla a personas no autorizadas. Sin embargo, si se se\u00f1ala a la atenci\u00f3n del sitio un incidente que afecte a la integridad o la confidencialidad de la informaci\u00f3n del cliente, el sitio debe informar a los usuarios lo antes posible si tiene sus datos de contacto y comunicarles las medidas correctivas adoptadas.<br \/>\nDentro de los l\u00edmites de sus atribuciones respectivas y para los fines mencionados anteriormente, las principales personas que pueden tener acceso a los datos de los usuarios del sitio son principalmente los t\u00e9cnicos autorizados que trabajan en el sitio.<\/p>\n<p><strong>8. Notificaci\u00f3n de incidentes<\/strong><\/p>\n<p>A pesar del cuidado puesto en nuestras pol\u00edticas de seguridad inform\u00e1tica, ning\u00fan m\u00e9todo de transmisi\u00f3n por Internet y ning\u00fan m\u00e9todo de almacenamiento electr\u00f3nico es completamente seguro. Como resultado, no podemos garantizar una seguridad absoluta.<br \/>\nSi tenemos conocimiento de una violaci\u00f3n de la seguridad, notificaremos a los usuarios afectados para que puedan tomar las medidas adecuadas. Nuestros procedimientos de notificaci\u00f3n de incidentes tienen en cuenta nuestras obligaciones legales, ya sea a nivel nacional o europeo. Nos comprometemos a mantener a nuestros clientes plenamente informados de todos los asuntos relacionados con la seguridad de sus cuentas y a proporcionarles toda la informaci\u00f3n necesaria para ayudarles a cumplir sus propias obligaciones reglamentarias de presentaci\u00f3n de informes.<br \/>\nNo se publica ninguna informaci\u00f3n personal del usuario del sitio sin su conocimiento, ni se intercambia, transfiere, cede o vende en ning\u00fan medio a terceros. S\u00f3lo las personas autorizadas tienen acceso seguro a los datos de los usuarios.<\/p>\n<p><strong>Seguridad<\/strong><br \/>\nPara garantizar la seguridad y la confidencialidad de los datos personales, el sitio utiliza redes protegidas por dispositivos de alto rendimiento como cortafuegos, seudonimizaci\u00f3n, cifrado y contrase\u00f1as s\u00f3lidas, adem\u00e1s de otros procedimientos no divulgables.<br \/>\nAl procesar los datos personales, el sitio toma todas las medidas razonables para protegerlos de la p\u00e9rdida, el uso indebido, el acceso no autorizado, la divulgaci\u00f3n, la alteraci\u00f3n o la destrucci\u00f3n.<\/p>\n<p><strong>9. Enlaces de hipertexto \u00abcookies\u00bb y etiquetas de Internet<\/strong><\/p>\n<p>El sitio contiene un cierto n\u00famero de enlaces de hipertexto a otros sitios, establecidos con su aprobaci\u00f3n. Sin embargo, el sitio no tiene la posibilidad de verificar el contenido de los sitios as\u00ed visitados y, por consiguiente, no asume ninguna responsabilidad por este hecho.<br \/>\nA menos que decida deshabilitar las cookies, est\u00e1 de acuerdo en que el sitio pueda usarlas. Usted podr\u00e1 desactivar estas cookies en cualquier momento, de forma gratuita, utilizando las opciones de desactivaci\u00f3n que se le ofrecen y que se recuerdan a continuaci\u00f3n, teniendo en cuenta que ello puede reducir o impedir el acceso a la totalidad o parte de los Servicios ofrecidos por los sitios web en general.<\/p>\n<p><strong>9.1. \u00abCOOKIES\u00bb<\/strong><br \/>\nUna \u00abcookie\u00bb es un peque\u00f1o archivo de informaci\u00f3n que se env\u00eda al navegador del usuario y se almacena en el terminal del usuario (por ejemplo, el ordenador o el tel\u00e9fono inteligente), (en adelante \u00abCookies\u00bb). Este archivo incluye informaci\u00f3n como el nombre de dominio del usuario, el proveedor de servicios de Internet del usuario, el sistema operativo del usuario y la fecha y hora de acceso. Las cookies no suponen en modo alguno un riesgo de da\u00f1ar el terminal del usuario.<br \/>\nEs probable que el Sitio procese la informaci\u00f3n del usuario relativa a su visita al Sitio, como las p\u00e1ginas consultadas, las b\u00fasquedas realizadas. Esta informaci\u00f3n permite a los sitios mejorar el contenido del sitio y la navegaci\u00f3n del usuario.<br \/>\nDado que las Cookies facilitan la navegaci\u00f3n y\/o la prestaci\u00f3n de los servicios ofrecidos por el Sitio, el Usuario puede configurar su navegador para que le permita decidir si las acepta o no, de manera que las Cookies se almacenen en el terminal o, por el contrario, las rechaza, ya sea sistem\u00e1ticamente o seg\u00fan su remitente. El usuario tambi\u00e9n puede configurar su software de navegaci\u00f3n para que se le ofrezca la posibilidad de aceptar o rechazar las cookies de vez en cuando, antes de que sea probable que una cookie se almacene en su terminal. El sitio informa al usuario que, en este caso, es posible que no est\u00e9n disponibles todas las funcionalidades de su software de navegaci\u00f3n.<br \/>\nSi el usuario se niega a guardar las cookies en su terminal o navegador, o si las borra, se le informa de que su navegaci\u00f3n y experiencia en el sitio puede ser limitada. Esto tambi\u00e9n puede ocurrir cuando el sitio o uno de sus proveedores de servicios no puede reconocer, a efectos de compatibilidad t\u00e9cnica, el tipo de navegador utilizado por la terminal, el idioma y la configuraci\u00f3n de la pantalla o el pa\u00eds desde el que la terminal parece estar conectada a la Internet.<br \/>\nEn su caso, el sitio declina toda responsabilidad por las consecuencias relacionadas con el funcionamiento degradado del sitio y de los servicios eventualmente ofrecidos por el sitio que resulten del rechazo de los Cookies por parte del Usuario debido a la imposibilidad de que el sitio registre o consulte los Cookies necesarios para su funcionamiento debido a la elecci\u00f3n del Usuario. La configuraci\u00f3n de cada navegador es diferente para la gesti\u00f3n de las Cookies y las opciones del usuario. Se describe en el men\u00fa de ayuda del navegador, lo que permitir\u00e1 saber c\u00f3mo el usuario puede modificar sus deseos en relaci\u00f3n con las cookies.<br \/>\nPor \u00faltimo, haciendo clic en los iconos dedicados a las redes sociales Twitter, Facebook, Linkedin, Youtube y Google Plus que aparecen en el sitio web o en su aplicaci\u00f3n m\u00f3vil, y si el usuario ha aceptado el dep\u00f3sito de cookies continuando su navegaci\u00f3n en el sitio web o en la aplicaci\u00f3n m\u00f3vil vinculada al sitio web, Twitter, Facebook, Linkedin, Youtube y Google Plus tambi\u00e9n podr\u00e1n depositar cookies en sus terminales (computadora, tableta, tel\u00e9fono m\u00f3vil).<br \/>\nEste tipo de cookies se depositan en sus terminales s\u00f3lo si usted lo consiente al continuar su navegaci\u00f3n en el sitio web o la aplicaci\u00f3n m\u00f3vil del sitio. No obstante, el usuario puede revocar en cualquier momento su consentimiento para que el sitio deposite este tipo de cookies.<br \/>\nInstrucciones para gestionar o desactivar las cookies en su terminal:<br \/>\nhttps:\/\/www.cnil.fr\/fr\/cookies-les-outils-pour-les-maitriser<\/p>\n<p><strong>9.2. ETIQUETAS DE INTERNET<\/strong><br \/>\nEl Sitio puede utilizar ocasionalmente etiquetas de Internet (tambi\u00e9n conocidas como \u00abetiquetas\u00bb, o etiquetas de acci\u00f3n, GIF de un solo p\u00edxel, GIF transparentes, GIF invisibles y GIF de uno a uno) y desplegarlas a trav\u00e9s de un socio de an\u00e1lisis de la web que puede estar ubicado (y as\u00ed almacenar la informaci\u00f3n correspondiente, incluida la direcci\u00f3n IP del usuario) en un pa\u00eds extranjero.<br \/>\nEstas etiquetas se colocan tanto en los anuncios en l\u00ednea que permiten a los usuarios de Internet acceder al sitio, como en las diversas p\u00e1ginas del mismo.<br \/>\nEsta tecnolog\u00eda permite que ciertos sitios eval\u00faen las respuestas de los visitantes del Sitio y la eficacia de sus acciones (por ejemplo, el n\u00famero de veces que se abre una p\u00e1gina y la informaci\u00f3n que se consulta), as\u00ed como la utilizaci\u00f3n del Sitio por el usuario.<br \/>\nEl proveedor de servicios externos podr\u00e1 reunir informaci\u00f3n sobre los visitantes del Sitio y otros sitios web utilizando estas etiquetas, recopilar informes sobre la actividad del Sitio para el Sitio y prestar otros servicios relacionados con el uso del Sitio y de Internet.<\/p>\n<p><strong>10. Ley aplicable y jurisdicci\u00f3n.<\/strong><\/p>\n<p>Toda controversia relacionada con el uso del mencionado sitio est\u00e1 sujeta a la legislaci\u00f3n francesa.<br \/>\nSalvo en los casos en que la ley no lo permita, la competencia exclusiva se atribuye a los tribunales competentes de Montpellier (Francia).<\/p>\n<p>\u200b<\/p>\n<p>[\/et_pb_text][\/et_pb_column][\/et_pb_row][\/et_pb_section]<\/p>\n","protected":false},"excerpt":{"rendered":"<p>T\u00e9rminos y condiciones generales de uso (GTCU) Pol\u00edtica de privacidad &#8211; RGPD \/ GDPR Informaci\u00f3n para los usuarios de vertigoblue.fr y voile-escalade.com sobre nuestras condiciones de uso y las disposiciones relativas al reglamento de la RGPD. Definiciones y terminolog\u00eda El sitio: El sitio web vertigoblue.fr y voile-escalade.com accesibles por el URL https:\/\/vertigoblue.fr y voile-escalade.com citados [&hellip;]<\/p>\n","protected":false},"author":1,"featured_media":0,"parent":0,"menu_order":0,"comment_status":"closed","ping_status":"open","template":"","meta":{"_et_pb_use_builder":"on","_et_pb_old_content":"<!-- wp:heading -->\r\n<h2>Qui sommes-nous\u00a0?<\/h2>\r\n<!-- \/wp:heading --><!-- wp:paragraph -->\r\n<p>L\u2019adresse de notre site Web est\u00a0: https:\/\/voile-escalade.com\/vertigoblue.<\/p>\r\n<!-- \/wp:paragraph --><!-- wp:heading -->\r\n<h2>Utilisation des donn\u00e9es personnelles collect\u00e9es<\/h2>\r\n<!-- \/wp:heading --><!-- wp:heading {\"level\":3} -->\r\n<h3>Commentaires<\/h3>\r\n<!-- \/wp:heading --><!-- wp:paragraph -->\r\n<p>Quand vous laissez un commentaire sur notre site web, les donn\u00e9es inscrites dans le formulaire de commentaire, mais aussi votre adresse IP et l\u2019agent utilisateur de votre navigateur sont collect\u00e9s pour nous aider \u00e0 la d\u00e9tection des commentaires ind\u00e9sirables.<\/p>\r\n<!-- \/wp:paragraph --><!-- wp:paragraph -->\r\n<p>Une cha\u00eene anonymis\u00e9e cr\u00e9\u00e9e \u00e0 partir de votre adresse de messagerie (\u00e9galement appel\u00e9e hash) peut \u00eatre envoy\u00e9e au service Gravatar pour v\u00e9rifier si vous utilisez ce dernier. Les clauses de confidentialit\u00e9 du service Gravatar sont disponibles ici\u00a0: https:\/\/automattic.com\/privacy\/. Apr\u00e8s validation de votre commentaire, votre photo de profil sera visible publiquement \u00e0 cot\u00e9 de votre commentaire.<\/p>\r\n<!-- \/wp:paragraph --><!-- wp:heading {\"level\":3} -->\r\n<h3>M\u00e9dias<\/h3>\r\n<!-- \/wp:heading --><!-- wp:paragraph -->\r\n<p>Si vous \u00eates un utilisateur ou une utilisatrice enregistr\u00e9\u00b7e et que vous t\u00e9l\u00e9versez des images sur le site web, nous vous conseillons d\u2019\u00e9viter de t\u00e9l\u00e9verser des images contenant des donn\u00e9es EXIF de coordonn\u00e9es GPS. Les visiteurs de votre site web peuvent t\u00e9l\u00e9charger et extraire des donn\u00e9es de localisation depuis ces images.<\/p>\r\n<!-- \/wp:paragraph --><!-- wp:heading {\"level\":3} -->\r\n<h3>Formulaires de contact<\/h3>\r\n<!-- \/wp:heading --><!-- wp:heading {\"level\":3} -->\r\n<h3>Cookies<\/h3>\r\n<!-- \/wp:heading --><!-- wp:paragraph -->\r\n<p>Si vous d\u00e9posez un commentaire sur notre site, il vous sera propos\u00e9 d\u2019enregistrer votre nom, adresse de messagerie et site web dans des cookies. C\u2019est uniquement pour votre confort afin de ne pas avoir \u00e0 saisir ces informations si vous d\u00e9posez un autre commentaire plus tard. Ces cookies expirent au bout d\u2019un an.<\/p>\r\n<!-- \/wp:paragraph --><!-- wp:paragraph -->\r\n<p>Si vous vous rendez sur la page de connexion, un cookie temporaire sera cr\u00e9\u00e9 afin de d\u00e9terminer si votre navigateur accepte les cookies. Il ne contient pas de donn\u00e9es personnelles et sera supprim\u00e9 automatiquement \u00e0 la fermeture de votre navigateur.<\/p>\r\n<!-- \/wp:paragraph --><!-- wp:paragraph -->\r\n<p>Lorsque vous vous connecterez, nous mettrons en place un certain nombre de cookies pour enregistrer vos informations de connexion et vos pr\u00e9f\u00e9rences d\u2019\u00e9cran. La dur\u00e9e de vie d\u2019un cookie de connexion est de deux jours, celle d\u2019un cookie d\u2019option d\u2019\u00e9cran est d\u2019un an. Si vous cochez \u00ab\u00a0Se souvenir de moi\u00a0\u00bb, votre cookie de connexion sera conserv\u00e9 pendant deux semaines. Si vous vous d\u00e9connectez de votre compte, le cookie de connexion sera effac\u00e9.<\/p>\r\n<!-- \/wp:paragraph --><!-- wp:paragraph -->\r\n<p>En modifiant ou en publiant une publication, un cookie suppl\u00e9mentaire sera enregistr\u00e9 dans votre navigateur. Ce cookie ne comprend aucune donn\u00e9e personnelle. Il indique simplement l\u2019ID de la publication que vous venez de modifier. Il expire au bout d\u2019un jour.<\/p>\r\n<!-- \/wp:paragraph --><!-- wp:heading {\"level\":3} -->\r\n<h3>Contenu embarqu\u00e9 depuis d\u2019autres sites<\/h3>\r\n<!-- \/wp:heading --><!-- wp:paragraph -->\r\n<p>Les articles de ce site peuvent inclure des contenus int\u00e9gr\u00e9s (par exemple des vid\u00e9os, images, articles\u2026). Le contenu int\u00e9gr\u00e9 depuis d\u2019autres sites se comporte de la m\u00eame mani\u00e8re que si le visiteur se rendait sur cet autre site.<\/p>\r\n<!-- \/wp:paragraph --><!-- wp:paragraph -->\r\n<p>Ces sites web pourraient collecter des donn\u00e9es sur vous, utiliser des cookies, embarquer des outils de suivis tiers, suivre vos interactions avec ces contenus embarqu\u00e9s si vous disposez d\u2019un compte connect\u00e9 sur leur site web.<\/p>\r\n<!-- \/wp:paragraph --><!-- wp:heading {\"level\":3} -->\r\n<h3>Statistiques et mesures d\u2019audience<\/h3>\r\n<!-- \/wp:heading --><!-- wp:heading -->\r\n<h2>Utilisation et transmission de vos donn\u00e9es personnelles<\/h2>\r\n<!-- \/wp:heading --><!-- wp:heading -->\r\n<h2>Dur\u00e9es de stockage de vos donn\u00e9es<\/h2>\r\n<!-- \/wp:heading --><!-- wp:paragraph -->\r\n<p>Si vous laissez un commentaire, le commentaire et ses m\u00e9tadonn\u00e9es sont conserv\u00e9s ind\u00e9finiment. Cela permet de reconna\u00eetre et approuver automatiquement les commentaires suivants au lieu de les laisser dans la file de mod\u00e9ration.<\/p>\r\n<!-- \/wp:paragraph --><!-- wp:paragraph -->\r\n<p>Pour les utilisateurs et utilisatrices qui s\u2019enregistrent sur notre site (si cela est possible), nous stockons \u00e9galement les donn\u00e9es personnelles indiqu\u00e9es dans leur profil. Tous les utilisateurs et utilisatrices peuvent voir, modifier ou supprimer leurs informations personnelles \u00e0 tout moment (\u00e0 l\u2019exception de leur nom d\u2019utilisateur\u00b7ice). Les gestionnaires du site peuvent aussi voir et modifier ces informations.<\/p>\r\n<!-- \/wp:paragraph --><!-- wp:heading -->\r\n<h2>Les droits que vous avez sur vos donn\u00e9es<\/h2>\r\n<!-- \/wp:heading --><!-- wp:paragraph -->\r\n<p>Si vous avez un compte ou si vous avez laiss\u00e9 des commentaires sur le site, vous pouvez demander \u00e0 recevoir un fichier contenant toutes les donn\u00e9es personnelles que nous poss\u00e9dons \u00e0 votre sujet, incluant celles que vous nous avez fournies. Vous pouvez \u00e9galement demander la suppression des donn\u00e9es personnelles vous concernant. Cela ne prend pas en compte les donn\u00e9es stock\u00e9es \u00e0 des fins administratives, l\u00e9gales ou pour des raisons de s\u00e9curit\u00e9.<\/p>\r\n<!-- \/wp:paragraph --><!-- wp:heading -->\r\n<h2>Transmission de vos donn\u00e9es personnelles<\/h2>\r\n<!-- \/wp:heading --><!-- wp:paragraph -->\r\n<p>Les commentaires des visiteurs peuvent \u00eatre v\u00e9rifi\u00e9s \u00e0 l\u2019aide d\u2019un service automatis\u00e9 de d\u00e9tection des commentaires ind\u00e9sirables.<\/p>\r\n<!-- \/wp:paragraph --><!-- wp:heading -->\r\n<h2>Informations de contact<\/h2>\r\n<!-- \/wp:heading --><!-- wp:heading -->\r\n<h2>Informations suppl\u00e9mentaires<\/h2>\r\n<!-- \/wp:heading --><!-- wp:heading {\"level\":3} -->\r\n<h3>Comment nous prot\u00e9geons vos donn\u00e9es<\/h3>\r\n<!-- \/wp:heading --><!-- wp:heading {\"level\":3} -->\r\n<h3>Proc\u00e9dures mises en \u0153uvre en cas de fuite de donn\u00e9es<\/h3>\r\n<!-- \/wp:heading --><!-- wp:heading {\"level\":3} -->\r\n<h3>Les services tiers qui nous transmettent des donn\u00e9es<\/h3>\r\n<!-- \/wp:heading --><!-- wp:heading {\"level\":3} -->\r\n<h3>Op\u00e9rations de marketing automatis\u00e9 et\/ou de profilage r\u00e9alis\u00e9es \u00e0 l\u2019aide des donn\u00e9es personnelles<\/h3>\r\n<!-- \/wp:heading --><!-- wp:heading {\"level\":3} -->\r\n<h3>Affichage des informations li\u00e9es aux secteurs soumis \u00e0 des r\u00e9gulations sp\u00e9cifiques<\/h3>\r\n<!-- \/wp:heading -->","_et_gb_content_width":""},"yoast_head":"<!-- This site is optimized with the Yoast SEO plugin v20.2.1 - https:\/\/yoast.com\/wordpress\/plugins\/seo\/ -->\n<title>Pol\u00edtica de Privacidad - Vela y escalada en Mediterraneo<\/title>\n<meta name=\"robots\" content=\"index, follow, max-snippet:-1, max-image-preview:large, max-video-preview:-1\" \/>\n<link rel=\"canonical\" href=\"https:\/\/voile-escalade.com\/vertigoblue\/vela-escalada\/politica-de-privacidad\/\" \/>\n<meta property=\"og:locale\" content=\"es_ES\" \/>\n<meta property=\"og:type\" content=\"article\" \/>\n<meta property=\"og:title\" content=\"Pol\u00edtica de Privacidad - Vela y escalada en Mediterraneo\" \/>\n<meta property=\"og:description\" content=\"T\u00e9rminos y condiciones generales de uso (GTCU) Pol\u00edtica de privacidad - RGPD \/ GDPR Informaci\u00f3n para los usuarios de vertigoblue.fr y voile-escalade.com sobre nuestras condiciones de uso y las disposiciones relativas al reglamento de la RGPD. Definiciones y terminolog\u00eda El sitio: El sitio web vertigoblue.fr y voile-escalade.com accesibles por el URL https:\/\/vertigoblue.fr y voile-escalade.com citados [&hellip;]\" \/>\n<meta property=\"og:url\" content=\"https:\/\/voile-escalade.com\/vertigoblue\/vela-escalada\/politica-de-privacidad\/\" \/>\n<meta property=\"og:site_name\" content=\"Vela y escalada en Mediterraneo\" \/>\n<meta property=\"article:modified_time\" content=\"2020-05-10T12:02:18+00:00\" \/>\n<meta name=\"twitter:card\" content=\"summary_large_image\" \/>\n<meta name=\"twitter:label1\" content=\"Tiempo de lectura\" \/>\n\t<meta name=\"twitter:data1\" content=\"17 minutos\" \/>\n<script type=\"application\/ld+json\" class=\"yoast-schema-graph\">{\"@context\":\"https:\/\/schema.org\",\"@graph\":[{\"@type\":\"WebPage\",\"@id\":\"https:\/\/voile-escalade.com\/vertigoblue\/vela-escalada\/politica-de-privacidad\/\",\"url\":\"https:\/\/voile-escalade.com\/vertigoblue\/vela-escalada\/politica-de-privacidad\/\",\"name\":\"Pol\u00edtica de Privacidad - Vela y escalada en Mediterraneo\",\"isPartOf\":{\"@id\":\"https:\/\/voile-escalade.com\/vertigoblue\/vela-escalada\/#website\"},\"datePublished\":\"2019-11-11T13:40:06+00:00\",\"dateModified\":\"2020-05-10T12:02:18+00:00\",\"breadcrumb\":{\"@id\":\"https:\/\/voile-escalade.com\/vertigoblue\/vela-escalada\/politica-de-privacidad\/#breadcrumb\"},\"inLanguage\":\"es\",\"potentialAction\":[{\"@type\":\"ReadAction\",\"target\":[\"https:\/\/voile-escalade.com\/vertigoblue\/vela-escalada\/politica-de-privacidad\/\"]}]},{\"@type\":\"BreadcrumbList\",\"@id\":\"https:\/\/voile-escalade.com\/vertigoblue\/vela-escalada\/politica-de-privacidad\/#breadcrumb\",\"itemListElement\":[{\"@type\":\"ListItem\",\"position\":1,\"name\":\"Accueil\",\"item\":\"https:\/\/voile-escalade.com\/vertigoblue\/vela-escalada\/\"},{\"@type\":\"ListItem\",\"position\":2,\"name\":\"Pol\u00edtica de Privacidad\"}]},{\"@type\":\"WebSite\",\"@id\":\"https:\/\/voile-escalade.com\/vertigoblue\/vela-escalada\/#website\",\"url\":\"https:\/\/voile-escalade.com\/vertigoblue\/vela-escalada\/\",\"name\":\"Vela y escalada en Mediterraneo\",\"description\":\"Viajes deportivos vela y escalada\",\"potentialAction\":[{\"@type\":\"SearchAction\",\"target\":{\"@type\":\"EntryPoint\",\"urlTemplate\":\"https:\/\/voile-escalade.com\/vertigoblue\/vela-escalada\/?s={search_term_string}\"},\"query-input\":\"required name=search_term_string\"}],\"inLanguage\":\"es\"}]}<\/script>\n<!-- \/ Yoast SEO plugin. -->","yoast_head_json":{"title":"Pol\u00edtica de Privacidad - Vela y escalada en Mediterraneo","robots":{"index":"index","follow":"follow","max-snippet":"max-snippet:-1","max-image-preview":"max-image-preview:large","max-video-preview":"max-video-preview:-1"},"canonical":"https:\/\/voile-escalade.com\/vertigoblue\/vela-escalada\/politica-de-privacidad\/","og_locale":"es_ES","og_type":"article","og_title":"Pol\u00edtica de Privacidad - Vela y escalada en Mediterraneo","og_description":"T\u00e9rminos y condiciones generales de uso (GTCU) Pol\u00edtica de privacidad - RGPD \/ GDPR Informaci\u00f3n para los usuarios de vertigoblue.fr y voile-escalade.com sobre nuestras condiciones de uso y las disposiciones relativas al reglamento de la RGPD. Definiciones y terminolog\u00eda El sitio: El sitio web vertigoblue.fr y voile-escalade.com accesibles por el URL https:\/\/vertigoblue.fr y voile-escalade.com citados [&hellip;]","og_url":"https:\/\/voile-escalade.com\/vertigoblue\/vela-escalada\/politica-de-privacidad\/","og_site_name":"Vela y escalada en Mediterraneo","article_modified_time":"2020-05-10T12:02:18+00:00","twitter_card":"summary_large_image","twitter_misc":{"Tiempo de lectura":"17 minutos"},"schema":{"@context":"https:\/\/schema.org","@graph":[{"@type":"WebPage","@id":"https:\/\/voile-escalade.com\/vertigoblue\/vela-escalada\/politica-de-privacidad\/","url":"https:\/\/voile-escalade.com\/vertigoblue\/vela-escalada\/politica-de-privacidad\/","name":"Pol\u00edtica de Privacidad - Vela y escalada en Mediterraneo","isPartOf":{"@id":"https:\/\/voile-escalade.com\/vertigoblue\/vela-escalada\/#website"},"datePublished":"2019-11-11T13:40:06+00:00","dateModified":"2020-05-10T12:02:18+00:00","breadcrumb":{"@id":"https:\/\/voile-escalade.com\/vertigoblue\/vela-escalada\/politica-de-privacidad\/#breadcrumb"},"inLanguage":"es","potentialAction":[{"@type":"ReadAction","target":["https:\/\/voile-escalade.com\/vertigoblue\/vela-escalada\/politica-de-privacidad\/"]}]},{"@type":"BreadcrumbList","@id":"https:\/\/voile-escalade.com\/vertigoblue\/vela-escalada\/politica-de-privacidad\/#breadcrumb","itemListElement":[{"@type":"ListItem","position":1,"name":"Accueil","item":"https:\/\/voile-escalade.com\/vertigoblue\/vela-escalada\/"},{"@type":"ListItem","position":2,"name":"Pol\u00edtica de Privacidad"}]},{"@type":"WebSite","@id":"https:\/\/voile-escalade.com\/vertigoblue\/vela-escalada\/#website","url":"https:\/\/voile-escalade.com\/vertigoblue\/vela-escalada\/","name":"Vela y escalada en Mediterraneo","description":"Viajes deportivos vela y escalada","potentialAction":[{"@type":"SearchAction","target":{"@type":"EntryPoint","urlTemplate":"https:\/\/voile-escalade.com\/vertigoblue\/vela-escalada\/?s={search_term_string}"},"query-input":"required name=search_term_string"}],"inLanguage":"es"}]}},"_links":{"self":[{"href":"https:\/\/voile-escalade.com\/vertigoblue\/vela-escalada\/wp-json\/wp\/v2\/pages\/3"}],"collection":[{"href":"https:\/\/voile-escalade.com\/vertigoblue\/vela-escalada\/wp-json\/wp\/v2\/pages"}],"about":[{"href":"https:\/\/voile-escalade.com\/vertigoblue\/vela-escalada\/wp-json\/wp\/v2\/types\/page"}],"author":[{"embeddable":true,"href":"https:\/\/voile-escalade.com\/vertigoblue\/vela-escalada\/wp-json\/wp\/v2\/users\/1"}],"replies":[{"embeddable":true,"href":"https:\/\/voile-escalade.com\/vertigoblue\/vela-escalada\/wp-json\/wp\/v2\/comments?post=3"}],"version-history":[{"count":6,"href":"https:\/\/voile-escalade.com\/vertigoblue\/vela-escalada\/wp-json\/wp\/v2\/pages\/3\/revisions"}],"predecessor-version":[{"id":422,"href":"https:\/\/voile-escalade.com\/vertigoblue\/vela-escalada\/wp-json\/wp\/v2\/pages\/3\/revisions\/422"}],"wp:attachment":[{"href":"https:\/\/voile-escalade.com\/vertigoblue\/vela-escalada\/wp-json\/wp\/v2\/media?parent=3"}],"curies":[{"name":"wp","href":"https:\/\/api.w.org\/{rel}","templated":true}]}}