{"id":1397,"date":"2022-07-31T15:33:05","date_gmt":"2022-07-31T13:33:05","guid":{"rendered":"https:\/\/voile-escalade.com\/vertigoblue\/vela-escalada\/?page_id=1397"},"modified":"2022-12-30T16:46:33","modified_gmt":"2022-12-30T15:46:33","slug":"grecia-vela-y-escalada","status":"publish","type":"page","link":"https:\/\/voile-escalade.com\/vertigoblue\/vela-escalada\/grecia-vela-y-escalada\/","title":{"rendered":"Grecia Vela y Escalada"},"content":{"rendered":"<p>[et_pb_section fb_built=\u00bb1&#8243; fullwidth=\u00bbon\u00bb _builder_version=\u00bb4.3.4&#8243;][et_pb_fullwidth_header title=\u00bbGrecia &#8211; Vela y escalada\u00bb subhead=\u00bbMarzo\/Abril y Octubre\/Noviembre\u00bb text_orientation=\u00bbcenter\u00bb button_one_url=\u00bb#destinations-corse\u00bb button_two_url=\u00bb#destinationseurope\u00bb _builder_version=\u00bb4.3.4&#8243; title_font=\u00bb|700|||||||\u00bb subhead_font_size=\u00bb22px\u00bb background_enable_color=\u00bboff\u00bb background_image=\u00bbhttps:\/\/voile-escalade.com\/vertigoblue\/vela-escalada\/wp-content\/uploads\/sites\/4\/2022\/05\/Leonidio-baie-2.jpg\u00bb][\/et_pb_fullwidth_header][\/et_pb_section][et_pb_section fb_built=\u00bb1&#8243; custom_padding_last_edited=\u00bbon|tablet\u00bb admin_label=\u00bbImage sejour gr\u00e9ce voile escalade\u00bb _builder_version=\u00bb4.3.4&#8243; custom_padding=\u00bb59px||29px|||\u00bb custom_padding_tablet=\u00bb60px|||\u00bb custom_padding_phone=\u00bb\u00bb top_divider_height=\u00bb60px\u00bb][et_pb_row column_structure=\u00bb1_2,1_2&#8243; _builder_version=\u00bb4.3.4&#8243;][et_pb_column type=\u00bb1_2&#8243; _builder_version=\u00bb4.3.4&#8243;][et_pb_image src=\u00bbhttps:\/\/voile-escalade.com\/vertigoblue\/vela-escalada\/wp-content\/uploads\/sites\/4\/2022\/05\/ancelin-falaise.jpg\u00bb align=\u00bbright\u00bb _builder_version=\u00bb4.3.4&#8243;][\/et_pb_image][\/et_pb_column][et_pb_column type=\u00bb1_2&#8243; _builder_version=\u00bb4.3.4&#8243;][et_pb_image src=\u00bbhttps:\/\/voile-escalade.com\/vertigoblue\/vela-escalada\/wp-content\/uploads\/sites\/4\/2022\/05\/nav-grece.jpg\u00bb _builder_version=\u00bb4.3.4&#8243;][\/et_pb_image][\/et_pb_column][\/et_pb_row][\/et_pb_section][et_pb_section fb_built=\u00bb1&#8243; custom_padding_last_edited=\u00bbon|tablet\u00bb admin_label=\u00bbGr\u00e9ce Voile Escalade d\u00e9tails \u00bb module_id=\u00bbdestinationseurope\u00bb module_class=\u00bbdc_inverser_colonnes-section\u00bb _builder_version=\u00bb4.3.4&#8243; custom_padding=\u00bb59px||29px|||\u00bb custom_padding_tablet=\u00bb60px|||\u00bb custom_padding_phone=\u00bb\u00bb top_divider_height=\u00bb60px\u00bb][et_pb_row column_structure=\u00bb1_2,1_2&#8243; admin_label=\u00bbprogramme\u00bb module_id=\u00bbdestinationssardaigne\u00bb _builder_version=\u00bb4.3.4&#8243; background_size=\u00bbinitial\u00bb background_position=\u00bbtop_left\u00bb background_repeat=\u00bbrepeat\u00bb module_alignment=\u00bbcenter\u00bb][et_pb_column type=\u00bb1_2&#8243; _builder_version=\u00bb4.3.4&#8243; custom_padding=\u00bb|||\u00bb custom_padding__hover=\u00bb|||\u00bb][et_pb_text admin_label=\u00bbTitre programme\u00bb _builder_version=\u00bb4.3.4&#8243; text_font=\u00bb||||\u00bb text_text_color=\u00bb#1a1a1a\u00bb header_font=\u00bbOswald|on||on|\u00bb header_text_align=\u00bbleft\u00bb header_font_size=\u00bb44px\u00bb header_line_height=\u00bb1.3em\u00bb background_size=\u00bbinitial\u00bb background_position=\u00bbtop_left\u00bb background_repeat=\u00bbrepeat\u00bb max_width=\u00bb450px\u00bb custom_margin=\u00bb|||\u00bb custom_padding=\u00bb|||\u00bb animation_style=\u00bbslide\u00bb animation_direction=\u00bbtop\u00bb animation_intensity_slide=\u00bb10%\u00bb header_font_size_tablet=\u00bb39px\u00bb header_font_size_phone=\u00bb35px\u00bb header_font_size_last_edited=\u00bbon|phone\u00bb locked=\u00bboff\u00bb]<\/p>\n<h1>El Programa<\/h1>\n<p>[\/et_pb_text][et_pb_divider color=\u00bb#0c71c3&#8243; divider_position=\u00bbcenter\u00bb divider_weight=\u00bb3px\u00bb disabled_on=\u00bboff|off|off%22&#8243; admin_label=\u00bbS\u00e9parateur\u00bb _builder_version=\u00bb4.3.4&#8243; max_width=\u00bb150px\u00bb height=\u00bbfalse\u00bb custom_margin=\u00bb30px|||\u00bb animation_style=\u00bbslide\u00bb animation_direction=\u00bbtop\u00bb animation_delay=\u00bb100ms\u00bb animation_intensity_slide=\u00bb10%\u00bb locked=\u00bboff\u00bb][\/et_pb_divider][et_pb_text admin_label=\u00bbTexte programme \u00bb _builder_version=\u00bb4.3.4&#8243; text_font=\u00bbRoboto|300|||||||\u00bb text_font_size=\u00bb16px\u00bb text_line_height=\u00bb1.9em\u00bb background_size=\u00bbinitial\u00bb background_position=\u00bbtop_left\u00bb background_repeat=\u00bbrepeat\u00bb max_width=\u00bb450px\u00bb custom_margin=\u00bb17px||2px|||\u00bb custom_padding=\u00bb||0px|||\u00bb animation_style=\u00bbslide\u00bb animation_direction=\u00bbtop\u00bb animation_delay=\u00bb400ms\u00bb animation_intensity_slide=\u00bb4%\u00bb locked=\u00bboff\u00bb]<\/p>\n<p><strong>Navegue con nosotros hacia la costa oriental del Peloponeso<\/strong> y descubra el <strong>Golfo Arg\u00f3lico<\/strong> de forma deportiva: a la vez desde el mar, donde podr\u00e1 aprender o perfeccionar sus habilidades de navegaci\u00f3n a bordo de un Oceanis 390; y desde la tierra, donde podr\u00e1 descubrir los acantilados de la costa y aprender a escalar en un entorno natural.<\/p>\n<p>En grupos reducidos, supervisado por gu\u00edas apasionados, nos dirigimos a <strong>los acantilados m\u00e1s bellos<\/strong> de la zona, seg\u00fan el viento y el estado del tiempo.<\/p>\n<p>Durante la duraci\u00f3n del viaje, se alojar\u00e1n y vivir\u00e1n a bordo del velero. El programa alterna entre jornadas de navegaci\u00f3n y sesiones de escalada en acantilados.<\/p>\n<p>Abierto a todos los niveles, p\u00fablico deportivo y din\u00e1mico. No es necesario un nivel m\u00ednimo de navegaci\u00f3n. En la escalada, algunas sesiones est\u00e1n supervisadas por un gu\u00eda local, otras se realizan de forma independiente. Ser capaz de abrir y garantizar la seguridad en su propio nivel es necesario para poder disfrutar de estas sesiones aut\u00f3nomas.<\/p>\n<p>Es necesaria una buena condici\u00f3n f\u00edsica para participar en este viaje.<\/p>\n<p>&nbsp;<\/p>\n<p>[\/et_pb_text][\/et_pb_column][et_pb_column type=\u00bb1_2&#8243; _builder_version=\u00bb4.3.4&#8243;][et_pb_text admin_label=\u00bbTexte infos cl\u00e9s\u00bb _builder_version=\u00bb4.3.4&#8243; background_color=\u00bb#6fc8ce\u00bb custom_padding=\u00bb||0px|21px||\u00bb]<\/p>\n<h4>\u00a0<\/h4>\n<h4 style=\"text-align: center;\"><span style=\"text-decoration: underline;\"><strong>Informaciones \u00f9tiles<br \/><\/strong><\/span><\/h4>\n<ul>\n<li style=\"text-align: left;\">\n<h5>Estancias de 7 d\u00edas<\/h5>\n<\/li>\n<li style=\"text-align: left;\">\n<h5>1525\u20ac por persona (incluye la comida)<\/h5>\n<\/li>\n<li style=\"text-align: left;\">\n<h5>Nivel de navegaci\u00f3n: de principiante a avanzado \/ ritmo moderado<\/h5>\n<\/li>\n<li>\n<h5><strong>Nivel deseable de escalada:<br \/>abrir y asegurar en seguredad<br \/><\/strong>(Equivalente al pasaporte verde FFME)<\/h5>\n<\/li>\n<li style=\"text-align: left;\">\n<h5>Grupo de 4 a 6 personas m\u00e1ximo<\/h5>\n<\/li>\n<li style=\"text-align: left;\">\n<h5>Acomodaci\u00f3n a bordo del barco, en camarote compartido<\/h5>\n<\/li>\n<li style=\"text-align: left;\">\n<h5>Comida preparada a bordo<\/h5>\n<\/li>\n<\/ul>\n<p>[\/et_pb_text][et_pb_text admin_label=\u00bbTexte terrain de jeu\u00bb _builder_version=\u00bb4.3.4&#8243; background_color=\u00bb#6fc8ce\u00bb custom_padding=\u00bb|19px|0px|21px||\u00bb]<\/p>\n<h4>\u00a0<\/h4>\n<h4 style=\"text-align: center;\"><span style=\"text-decoration: underline;\"><strong>El Terreno de juego<br \/><\/strong><\/span><\/h4>\n<p style=\"text-align: center;\"><strong>el Golfo Arg\u00f3lico<\/strong><\/p>\n<ul>\n<li style=\"text-align: left;\">\n<h5>Puerto de salida: Nafplio<\/h5>\n<\/li>\n<li style=\"text-align: left;\">\n<h5>Los inmensos acantilados de Leonidio<\/h5>\n<\/li>\n<li style=\"text-align: left;\">\n<h5>Las bah\u00edas de Karathona, Tolo y Kondili<\/h5>\n<\/li>\n<li style=\"text-align: left;\">\n<h5>Kiparissi<\/h5>\n<\/li>\n<\/ul>\n<p>[\/et_pb_text][et_pb_button button_url=\u00bbhttps:\/\/voile-escalade.com\/vertigoblue\/vela-escalada\/contacto\/\u00bb url_new_window=\u00bbon\u00bb button_text=\u00bbInfo y Reservaci\u00f3nes\u00bb button_alignment=\u00bbcenter\u00bb admin_label=\u00bbBouton reserver option\u00bb _builder_version=\u00bb4.3.4&#8243;][\/et_pb_button][et_pb_button button_url=\u00bbhttps:\/\/voile-escalade.com\/vertigoblue\/vela-escalada\/proximas-salidas\/\u00bb url_new_window=\u00bbon\u00bb button_text=\u00bbFechas y precios\u00bb button_alignment=\u00bbcenter\u00bb admin_label=\u00bbBouton fechas y precios\u00bb _builder_version=\u00bb4.3.4&#8243; locked=\u00bboff\u00bb][\/et_pb_button][\/et_pb_column][\/et_pb_row][et_pb_row _builder_version=\u00bb4.3.4&#8243;][et_pb_column type=\u00bb4_4&#8243; _builder_version=\u00bb4.3.4&#8243;][et_pb_image src=\u00bbhttps:\/\/voile-escalade.com\/vertigoblue\/vela-escalada\/wp-content\/uploads\/sites\/4\/2022\/05\/Ancelin-Douvari.jpg\u00bb _builder_version=\u00bb4.3.4&#8243;][\/et_pb_image][\/et_pb_column][\/et_pb_row][et_pb_row column_structure=\u00bb1_2,1_2&#8243; disabled_on=\u00bboff|off|off\u00bb admin_label=\u00bbItineraire titre\u00bb module_id=\u00bb#destinations-sicile\u00bb module_class=\u00bbdc_inverser_colonnes-ligne\u00bb _builder_version=\u00bb4.3.4&#8243; background_size=\u00bbinitial\u00bb background_position=\u00bbtop_left\u00bb background_repeat=\u00bbrepeat\u00bb module_alignment=\u00bbcenter\u00bb][et_pb_column type=\u00bb1_2&#8243; _builder_version=\u00bb4.3.4&#8243; custom_padding=\u00bb|||\u00bb custom_padding__hover=\u00bb|||\u00bb][et_pb_text admin_label=\u00bbtitre itin\u00e9raire\u00bb _builder_version=\u00bb4.3.4&#8243; text_font=\u00bb||||\u00bb text_text_color=\u00bb#1a1a1a\u00bb header_font=\u00bbOswald|on||on|\u00bb header_text_align=\u00bbleft\u00bb header_font_size=\u00bb44px\u00bb header_line_height=\u00bb1.3em\u00bb background_size=\u00bbinitial\u00bb background_position=\u00bbtop_left\u00bb background_repeat=\u00bbrepeat\u00bb max_width=\u00bb450px\u00bb custom_margin=\u00bb|||\u00bb custom_padding=\u00bb|||\u00bb animation_style=\u00bbslide\u00bb animation_direction=\u00bbtop\u00bb animation_intensity_slide=\u00bb10%\u00bb header_font_size_tablet=\u00bb39px\u00bb header_font_size_phone=\u00bb35px\u00bb header_font_size_last_edited=\u00bbon|phone\u00bb locked=\u00bboff\u00bb]<\/p>\n<h1>El itinerario<\/h1>\n<p>[\/et_pb_text][et_pb_divider color=\u00bb#0c71c3&#8243; divider_position=\u00bbcenter\u00bb divider_weight=\u00bb3px\u00bb disabled_on=\u00bboff|off|off%22&#8243; admin_label=\u00bbS\u00e9parateur\u00bb _builder_version=\u00bb4.3.4&#8243; max_width=\u00bb150px\u00bb height=\u00bbfalse\u00bb custom_margin=\u00bb30px|||\u00bb animation_style=\u00bbslide\u00bb animation_direction=\u00bbtop\u00bb animation_delay=\u00bb100ms\u00bb animation_intensity_slide=\u00bb10%\u00bb locked=\u00bboff\u00bb][\/et_pb_divider][\/et_pb_column][et_pb_column type=\u00bb1_2&#8243; _builder_version=\u00bb4.3.4&#8243;][\/et_pb_column][\/et_pb_row][et_pb_row _builder_version=\u00bb4.3.4&#8243; width=\u00bb100%\u00bb][et_pb_column type=\u00bb4_4&#8243; _builder_version=\u00bb4.3.4&#8243;][et_pb_text admin_label=\u00bbTexte itin\u00e9raire\u00bb _builder_version=\u00bb4.3.4&#8243; text_font=\u00bbRoboto|300|||||||\u00bb text_font_size=\u00bb16px\u00bb]<\/p>\n<p>El Golfo Arg\u00f3lico es un terreno de juego especialmente propicio para combinar la navegaci\u00f3n y la escalada, con numerosos acantilados diseminados a lo largo de las costas oriental y occidental. Este \u00faltima ofrece uno de los mayores sitios de escalada de Grecia, <strong>Leonidio<\/strong>. Le esperan miles de rutas perfectamente equipadas.<\/p>\n<p>La zona de navegaci\u00f3n desde <strong>Nafplio<\/strong> conduce a la hermosa bah\u00eda de <strong>Karathona<\/strong> en el lado oriental, que est\u00e1 rodeada por varios acantilados, as\u00ed como al tranquilo golfo de Vivari, donde los peque\u00f1os acantilados de la <strong>playa de Kondili<\/strong> se encuentran literalmente en la playa.<br \/>Al oeste, nos esperan los innumerables acantilados de <strong>Leonidio<\/strong> y <strong>Kiparissi<\/strong>, a poca distancia de peque\u00f1os y bonitos pueblos de pescadores o fondeaderos de extraordinarios paisajes.<\/p>\n<p>Los d\u00edas a bordo del barco se dedican a aprender las <strong>maniobras<\/strong> y la <strong>navegaci\u00f3n<\/strong>.<\/p>\n<p>Durante las escalas, la diversidad y la <strong>gran calidad de los acantilados<\/strong> (\u00a1a menudo casi demasiado adherente!) abre m\u00faltiples perspectivas de escalada, y para todos los niveles.<\/p>\n<p>[\/et_pb_text][\/et_pb_column][\/et_pb_row][et_pb_row column_structure=\u00bb1_2,1_2&#8243; disabled_on=\u00bboff|off|off\u00bb admin_label=\u00bbAu jour le jour titre\u00bb module_id=\u00bb#destinations-sicile\u00bb module_class=\u00bbdc_inverser_colonnes-ligne\u00bb _builder_version=\u00bb4.3.4&#8243; background_size=\u00bbinitial\u00bb background_position=\u00bbtop_left\u00bb background_repeat=\u00bbrepeat\u00bb module_alignment=\u00bbcenter\u00bb locked=\u00bboff\u00bb][et_pb_column type=\u00bb1_2&#8243; _builder_version=\u00bb4.3.4&#8243; custom_padding=\u00bb|||\u00bb custom_padding__hover=\u00bb|||\u00bb][et_pb_text admin_label=\u00bbtitre au jour le jour\u00bb _builder_version=\u00bb4.3.4&#8243; text_font=\u00bb||||\u00bb text_text_color=\u00bb#1a1a1a\u00bb header_font=\u00bbOswald|on||on|\u00bb header_text_align=\u00bbleft\u00bb header_font_size=\u00bb44px\u00bb header_line_height=\u00bb1.3em\u00bb background_size=\u00bbinitial\u00bb background_position=\u00bbtop_left\u00bb background_repeat=\u00bbrepeat\u00bb max_width=\u00bb450px\u00bb custom_margin=\u00bb|||\u00bb custom_padding=\u00bb|||\u00bb animation_style=\u00bbslide\u00bb animation_direction=\u00bbtop\u00bb animation_intensity_slide=\u00bb10%\u00bb header_font_size_tablet=\u00bb39px\u00bb header_font_size_phone=\u00bb35px\u00bb header_font_size_last_edited=\u00bbon|phone\u00bb locked=\u00bboff\u00bb]<\/p>\n<h1>El dia a dia<\/h1>\n<p>[\/et_pb_text][et_pb_divider color=\u00bb#0c71c3&#8243; divider_position=\u00bbcenter\u00bb divider_weight=\u00bb3px\u00bb disabled_on=\u00bboff|off|off%22&#8243; admin_label=\u00bbS\u00e9parateur\u00bb _builder_version=\u00bb4.3.4&#8243; max_width=\u00bb150px\u00bb height=\u00bbfalse\u00bb custom_margin=\u00bb30px|||\u00bb animation_style=\u00bbslide\u00bb animation_direction=\u00bbtop\u00bb animation_delay=\u00bb100ms\u00bb animation_intensity_slide=\u00bb10%\u00bb locked=\u00bboff\u00bb][\/et_pb_divider][\/et_pb_column][et_pb_column type=\u00bb1_2&#8243; _builder_version=\u00bb4.3.4&#8243;][\/et_pb_column][\/et_pb_row][et_pb_row _builder_version=\u00bb4.3.4&#8243; width=\u00bb100%\u00bb][et_pb_column type=\u00bb4_4&#8243; _builder_version=\u00bb4.3.4&#8243;][et_pb_text admin_label=\u00bbTexte au jour le jour\u00bb _builder_version=\u00bb4.3.4&#8243; text_font=\u00bbRoboto|300|||||||\u00bb text_font_size=\u00bb16px\u00bb]<\/p>\n<div class=\"et_pb_column et_pb_column_4_4 et_pb_column_10 et_pb_css_mix_blend_mode_passthrough et-last-child\">\n<div class=\"et_pb_module et_pb_text et_pb_text_7 et_pb_text_align_left et_pb_bg_layout_light\">\n<div class=\"et_pb_text_inner\">\n<p>Los d\u00edas empiezan alrededor de las 9 de la ma\u00f1ana y terminan alrededor de las 6 de la tarde. <strong>Tanto en la navegaci\u00f3n como en acantilado, el tiempo se dedicar\u00e1, en primer lugar a la pr\u00e1ctica<\/strong> deportiva, sin olvidar los aportes te\u00f3ricos indispensables para una mejor progresi\u00f3n t\u00e9cnica.<\/p>\n<p><strong>El programa pedag\u00f3gico es elaborado por Andrea al comenzar la estancia<\/strong> de acuerdo al pron\u00f3stico del tiempo y al nivel y expectativas de la tripulaci\u00f3n.<\/p>\n<p><strong>Los participantes ser\u00e1n acogidos a bordo la v\u00edspera de la salida al final de la tarde <\/strong>y se habr\u00e1 la oportunidad de romper el hielo para organizar los d\u00edas siguientes y familiarizarse con el material.<\/p>\n<p>El primer dia se dedicar\u00e1 al descubrimiento o a la retomada de la escalada o a familiarizarse con el barco y a evaluar el nivel y las expectativas de cada uno de los participantes.<\/p>\n<p>A partir del segundo d\u00eda, <strong>se alternar\u00e1n sesiones de navegaci\u00f3n y de escalada<\/strong>.<\/p>\n<p>La mayor\u00eda de las sesiones de navegaci\u00f3n tendr\u00e1n lugar durante el d\u00eda con el objetivo de fondear o entrar a puerto antes de que caiga la noche.<\/p>\n<p>Para los d\u00edas de escalada se realizar\u00e1 un picnic debajo de las rutas. Para llegar a los acantilados generalmente se necesita entre 15 minutos y una hora de marcha.<\/p>\n<\/div>\n<\/div>\n<\/div>\n<p>&nbsp;<\/p>\n<p>[\/et_pb_text][\/et_pb_column][\/et_pb_row][et_pb_row column_structure=\u00bb1_2,1_2&#8243; admin_label=\u00bbtitre equipe\u00bb module_id=\u00bbdestinationssicile\u00bb module_class=\u00bbdc_inverser_colonnes-ligne\u00bb _builder_version=\u00bb4.3.4&#8243; background_size=\u00bbinitial\u00bb background_position=\u00bbtop_left\u00bb background_repeat=\u00bbrepeat\u00bb module_alignment=\u00bbcenter\u00bb][et_pb_column type=\u00bb1_2&#8243; _builder_version=\u00bb4.3.4&#8243; custom_padding=\u00bb|||\u00bb custom_padding__hover=\u00bb|||\u00bb][et_pb_text admin_label=\u00bbTitre equipe\u00bb _builder_version=\u00bb4.3.4&#8243; text_font=\u00bb||||\u00bb text_text_color=\u00bb#1a1a1a\u00bb header_font=\u00bbOswald|on||on|\u00bb header_text_align=\u00bbleft\u00bb header_font_size=\u00bb44px\u00bb header_line_height=\u00bb1.3em\u00bb background_size=\u00bbinitial\u00bb background_position=\u00bbtop_left\u00bb background_repeat=\u00bbrepeat\u00bb max_width=\u00bb450px\u00bb custom_margin=\u00bb|||\u00bb custom_padding=\u00bb|||\u00bb animation_style=\u00bbslide\u00bb animation_direction=\u00bbtop\u00bb animation_intensity_slide=\u00bb10%\u00bb header_font_size_tablet=\u00bb39px\u00bb header_font_size_phone=\u00bb35px\u00bb header_font_size_last_edited=\u00bbon|phone\u00bb locked=\u00bboff\u00bb]<\/p>\n<h1>El Equipo<\/h1>\n<p>[\/et_pb_text][et_pb_divider color=\u00bb#0c71c3&#8243; divider_position=\u00bbcenter\u00bb divider_weight=\u00bb3px\u00bb disabled_on=\u00bboff|off|off%22&#8243; admin_label=\u00bbS\u00e9parateur\u00bb _builder_version=\u00bb4.3.4&#8243; max_width=\u00bb150px\u00bb height=\u00bbfalse\u00bb custom_margin=\u00bb30px|||\u00bb animation_style=\u00bbslide\u00bb animation_direction=\u00bbtop\u00bb animation_delay=\u00bb100ms\u00bb animation_intensity_slide=\u00bb10%\u00bb locked=\u00bboff\u00bb][\/et_pb_divider][\/et_pb_column][et_pb_column type=\u00bb1_2&#8243; _builder_version=\u00bb4.3.4&#8243;][\/et_pb_column][\/et_pb_row][et_pb_row column_structure=\u00bb1_2,1_2&#8243; admin_label=\u00bbequipe andrea et sarah\u00bb module_id=\u00bbdestinationscorse\u00bb _builder_version=\u00bb4.3.4&#8243; background_size=\u00bbinitial\u00bb background_position=\u00bbtop_left\u00bb background_repeat=\u00bbrepeat\u00bb module_alignment=\u00bbcenter\u00bb][et_pb_column type=\u00bb1_2&#8243; _builder_version=\u00bb4.3.4&#8243; custom_padding=\u00bb|||\u00bb custom_padding__hover=\u00bb|||\u00bb][et_pb_image src=\u00bbhttps:\/\/voile-escalade.com\/vertigoblue\/vela-escalada\/wp-content\/uploads\/sites\/4\/2021\/01\/grande-voie-calanques-de-marseille.jpg\u00bb _builder_version=\u00bb4.3.4&#8243;][\/et_pb_image][\/et_pb_column][et_pb_column type=\u00bb1_2&#8243; _builder_version=\u00bb4.3.4&#8243;][et_pb_text _builder_version=\u00bb4.3.4&#8243;]<\/p>\n<h2><strong>Andrea y Sarah<\/strong><\/h2>\n<h2><strong>Formador e instructora de vela<\/strong><\/h2>\n<p>[\/et_pb_text][et_pb_text admin_label=\u00bbTexte equipe \u00bb _builder_version=\u00bb4.3.4&#8243; text_font=\u00bbRoboto|300|||||||\u00bb text_font_size=\u00bb16px\u00bb text_line_height=\u00bb1.9em\u00bb background_size=\u00bbinitial\u00bb background_position=\u00bbtop_left\u00bb background_repeat=\u00bbrepeat\u00bb max_width=\u00bb450px\u00bb custom_margin=\u00bb17px||2px|||\u00bb custom_padding=\u00bb||0px|||\u00bb animation_style=\u00bbslide\u00bb animation_direction=\u00bbtop\u00bb animation_delay=\u00bb400ms\u00bb animation_intensity_slide=\u00bb4%\u00bb locked=\u00bboff\u00bb]<\/p>\n<div class=\"et_pb_module et_pb_text et_pb_text_10  et_pb_text_align_left et_pb_bg_layout_light et_had_animation\">\n<div class=\"et_pb_text_inner\">\n<p>Originario de Ancona, en la costa este de Italia frente al Mar Adri\u00e1tico, <strong>Andrea<\/strong> se form\u00f3 en la navegaci\u00f3n en el Mediterr\u00e1neo, inicialmente en la costa espa\u00f1ola y luego principalmente en C\u00f3rcega y Cerde\u00f1a.<strong> Desde 2014<\/strong> <strong>ha realizado m\u00e1s de sesenta cursos de vela <\/strong>navegando entre Francia, Italia y Croacia. Tambi\u00e9n ha formado a varios instructores en la pr\u00e1ctica y la did\u00e1ctica de la navegaci\u00f3n.<\/p>\n<p><strong>Sarah<\/strong> es<strong> instructora de vela desde 2017<\/strong>.<br \/>Se form\u00f3 y ense\u00f1\u00f3 en Bonifacio, C\u00f3rcega, donde luego permaneci\u00f3 como asistente administrativa en la misma escuela de vela durante dos a\u00f1os.<\/p>\n<\/div>\n<\/div>\n<p>[\/et_pb_text][\/et_pb_column][\/et_pb_row][et_pb_row column_structure=\u00bb1_2,1_2&#8243; admin_label=\u00bbequipe Simon Montmory\u00bb module_id=\u00bbdestinationscorse\u00bb module_class=\u00bbdc_inverser_colonnes-ligne\u00bb _builder_version=\u00bb4.3.4&#8243; background_size=\u00bbinitial\u00bb background_position=\u00bbtop_left\u00bb background_repeat=\u00bbrepeat\u00bb module_alignment=\u00bbcenter\u00bb][et_pb_column type=\u00bb1_2&#8243; _builder_version=\u00bb4.3.4&#8243; custom_padding=\u00bb|||\u00bb custom_padding__hover=\u00bb|||\u00bb][et_pb_text _builder_version=\u00bb4.3.4&#8243;]<\/p>\n<h2><strong>Simon<\/strong><\/h2>\n<h2><strong>Instructor Escalada<br \/><\/strong><\/h2>\n<p>[\/et_pb_text][et_pb_text admin_label=\u00bbTexte equipe \u00bb _builder_version=\u00bb4.3.4&#8243; text_font=\u00bbRoboto|300|||||||\u00bb text_font_size=\u00bb16px\u00bb text_line_height=\u00bb1.9em\u00bb background_size=\u00bbinitial\u00bb background_position=\u00bbtop_left\u00bb background_repeat=\u00bbrepeat\u00bb max_width=\u00bb450px\u00bb custom_margin=\u00bb17px||2px|||\u00bb custom_padding=\u00bb||0px|||\u00bb animation_style=\u00bbslide\u00bb animation_direction=\u00bbtop\u00bb animation_delay=\u00bb400ms\u00bb animation_intensity_slide=\u00bb4%\u00bb locked=\u00bboff\u00bb]<\/p>\n<p>Simon es instructor calificado por el Estado en Francia desde 2005. (Escalada de BEES-canyon) Tras a\u00f1os de alpinismo en Chamonix, Simon se dedic\u00f3 a la escalada deportiva y la convirti\u00f3 en su modo de vida. Su deseo de libertad y su constante b\u00fasqueda de las l\u00edneas m\u00e1s bellas para escalar le han llevado a China, Francia, Italia, Espa\u00f1a, Canad\u00e1 y Suiza.<br \/>Nada m\u00e1s llegar a Grecia, Simon supo que hab\u00eda encontrado el lugar perfecto para vivir su pasi\u00f3n como escalador y equipador.<br \/>Cada a\u00f1o comparte su pasi\u00f3n con escaladores de todo el mundo que vienen a beneficiarse de su experiencia. Simon les ayuda a progresar mientras se divierten en las rutas m\u00e1s bonitas.<\/p>\n<p>[\/et_pb_text][\/et_pb_column][et_pb_column type=\u00bb1_2&#8243; _builder_version=\u00bb4.3.4&#8243;][et_pb_image src=\u00bbhttps:\/\/voile-escalade.com\/vertigoblue\/vela-escalada\/wp-content\/uploads\/sites\/4\/2022\/05\/Simon-Montmory-11.19.jpg\u00bb _builder_version=\u00bb4.3.4&#8243;][\/et_pb_image][\/et_pb_column][\/et_pb_row][et_pb_row column_structure=\u00bb1_2,1_2&#8243; _builder_version=\u00bb4.3.4&#8243; background_size=\u00bbinitial\u00bb background_position=\u00bbtop_left\u00bb background_repeat=\u00bbrepeat\u00bb module_alignment=\u00bbcenter\u00bb locked=\u00bboff\u00bb][et_pb_column type=\u00bb1_2&#8243; _builder_version=\u00bb4.3.4&#8243; custom_padding=\u00bb|||\u00bb custom_padding__hover=\u00bb|||\u00bb][et_pb_button button_url=\u00bbhttps:\/\/voile-escalade.com\/vertigoblue\/vela-escalada\/contacto\/\u00bb url_new_window=\u00bbon\u00bb button_text=\u00bbInfo y Reservas\u00bb button_alignment=\u00bbcenter\u00bb admin_label=\u00bbBouton r\u00e9server\u00bb _builder_version=\u00bb4.3.4&#8243;][\/et_pb_button][\/et_pb_column][et_pb_column type=\u00bb1_2&#8243; _builder_version=\u00bb4.3.4&#8243; custom_padding=\u00bb|||\u00bb custom_padding__hover=\u00bb|||\u00bb][et_pb_button button_url=\u00bbhttps:\/\/voile-escalade.com\/vertigoblue\/vela-escalada\/proximas-salidas\/\u00bb url_new_window=\u00bbon\u00bb button_text=\u00bbFechas y precios\u00bb button_alignment=\u00bbcenter\u00bb admin_label=\u00bbBouton fechas y precios\u00bb _builder_version=\u00bb4.3.4&#8243;][\/et_pb_button][\/et_pb_column][\/et_pb_row][et_pb_row column_structure=\u00bb1_2,1_2&#8243; disabled_on=\u00bbon|on|on\u00bb admin_label=\u00bbInformations pratiques\u00bb module_id=\u00bb#destinations-sicile\u00bb module_class=\u00bbdc_inverser_colonnes-ligne\u00bb _builder_version=\u00bb4.3.4&#8243; background_size=\u00bbinitial\u00bb background_position=\u00bbtop_left\u00bb background_repeat=\u00bbrepeat\u00bb module_alignment=\u00bbcenter\u00bb disabled=\u00bbon\u00bb][et_pb_column type=\u00bb1_2&#8243; _builder_version=\u00bb4.3.4&#8243; custom_padding=\u00bb|||\u00bb custom_padding__hover=\u00bb|||\u00bb][et_pb_text admin_label=\u00bbtitre autres destinations\u00bb _builder_version=\u00bb4.3.4&#8243; text_font=\u00bb||||\u00bb text_text_color=\u00bb#1a1a1a\u00bb header_font=\u00bbOswald|on||on|\u00bb header_text_align=\u00bbleft\u00bb header_font_size=\u00bb44px\u00bb header_line_height=\u00bb1.3em\u00bb background_size=\u00bbinitial\u00bb background_position=\u00bbtop_left\u00bb background_repeat=\u00bbrepeat\u00bb max_width=\u00bb450px\u00bb custom_margin=\u00bb|||\u00bb custom_padding=\u00bb|||\u00bb animation_style=\u00bbslide\u00bb animation_direction=\u00bbtop\u00bb animation_intensity_slide=\u00bb10%\u00bb header_font_size_tablet=\u00bb39px\u00bb header_font_size_phone=\u00bb35px\u00bb header_font_size_last_edited=\u00bbon|phone\u00bb locked=\u00bboff\u00bb]<\/p>\n<h1>Informations pratiques<\/h1>\n<p>[\/et_pb_text][et_pb_divider color=\u00bb#0c71c3&#8243; divider_position=\u00bbcenter\u00bb divider_weight=\u00bb3px\u00bb disabled_on=\u00bboff|off|off%22&#8243; admin_label=\u00bbS\u00e9parateur\u00bb _builder_version=\u00bb4.3.4&#8243; max_width=\u00bb150px\u00bb height=\u00bbfalse\u00bb custom_margin=\u00bb30px|||\u00bb animation_style=\u00bbslide\u00bb animation_direction=\u00bbtop\u00bb animation_delay=\u00bb100ms\u00bb animation_intensity_slide=\u00bb10%\u00bb locked=\u00bboff\u00bb][\/et_pb_divider][\/et_pb_column][et_pb_column type=\u00bb1_2&#8243; _builder_version=\u00bb4.3.4&#8243;][\/et_pb_column][\/et_pb_row][et_pb_row disabled_on=\u00bbon|on|on\u00bb _builder_version=\u00bb4.3.4&#8243; disabled=\u00bbon\u00bb][et_pb_column type=\u00bb4_4&#8243; _builder_version=\u00bb4.3.4&#8243;][et_pb_text _builder_version=\u00bb4.3.4&#8243;][\/et_pb_text][\/et_pb_column][\/et_pb_row][\/et_pb_section]<\/p>\n","protected":false},"excerpt":{"rendered":"<p>El ProgramaNavegue con nosotros hacia la costa oriental del Peloponeso y descubra el Golfo Arg\u00f3lico de forma deportiva: a la vez desde el mar, donde podr\u00e1 aprender o perfeccionar sus habilidades de navegaci\u00f3n a bordo de un Oceanis 390; y desde la tierra, donde podr\u00e1 descubrir los acantilados de la costa y aprender a escalar [&hellip;]<\/p>\n","protected":false},"author":2,"featured_media":0,"parent":0,"menu_order":0,"comment_status":"closed","ping_status":"closed","template":"","meta":{"_et_pb_use_builder":"on","_et_pb_old_content":"","_et_gb_content_width":""},"yoast_head":"<!-- This site is optimized with the Yoast SEO plugin v20.2.1 - https:\/\/yoast.com\/wordpress\/plugins\/seo\/ -->\n<title>Grecia Vela y Escalada - Vela y escalada en Mediterraneo<\/title>\n<meta name=\"robots\" content=\"index, follow, max-snippet:-1, max-image-preview:large, max-video-preview:-1\" \/>\n<link rel=\"canonical\" href=\"https:\/\/voile-escalade.com\/vertigoblue\/vela-escalada\/grecia-vela-y-escalada\/\" \/>\n<meta property=\"og:locale\" content=\"es_ES\" \/>\n<meta property=\"og:type\" content=\"article\" \/>\n<meta property=\"og:title\" content=\"Grecia Vela y Escalada - Vela y escalada en Mediterraneo\" \/>\n<meta property=\"og:description\" content=\"El ProgramaNavegue con nosotros hacia la costa oriental del Peloponeso y descubra el Golfo Arg\u00f3lico de forma deportiva: a la vez desde el mar, donde podr\u00e1 aprender o perfeccionar sus habilidades de navegaci\u00f3n a bordo de un Oceanis 390; y desde la tierra, donde podr\u00e1 descubrir los acantilados de la costa y aprender a escalar [&hellip;]\" \/>\n<meta property=\"og:url\" content=\"https:\/\/voile-escalade.com\/vertigoblue\/vela-escalada\/grecia-vela-y-escalada\/\" \/>\n<meta property=\"og:site_name\" content=\"Vela y escalada en Mediterraneo\" \/>\n<meta property=\"article:modified_time\" content=\"2022-12-30T15:46:33+00:00\" \/>\n<meta name=\"twitter:card\" content=\"summary_large_image\" \/>\n<meta name=\"twitter:label1\" content=\"Tiempo de lectura\" \/>\n\t<meta name=\"twitter:data1\" content=\"14 minutos\" \/>\n<script type=\"application\/ld+json\" class=\"yoast-schema-graph\">{\"@context\":\"https:\/\/schema.org\",\"@graph\":[{\"@type\":\"WebPage\",\"@id\":\"https:\/\/voile-escalade.com\/vertigoblue\/vela-escalada\/grecia-vela-y-escalada\/\",\"url\":\"https:\/\/voile-escalade.com\/vertigoblue\/vela-escalada\/grecia-vela-y-escalada\/\",\"name\":\"Grecia Vela y Escalada - Vela y escalada en Mediterraneo\",\"isPartOf\":{\"@id\":\"https:\/\/voile-escalade.com\/vertigoblue\/vela-escalada\/#website\"},\"datePublished\":\"2022-07-31T13:33:05+00:00\",\"dateModified\":\"2022-12-30T15:46:33+00:00\",\"breadcrumb\":{\"@id\":\"https:\/\/voile-escalade.com\/vertigoblue\/vela-escalada\/grecia-vela-y-escalada\/#breadcrumb\"},\"inLanguage\":\"es\",\"potentialAction\":[{\"@type\":\"ReadAction\",\"target\":[\"https:\/\/voile-escalade.com\/vertigoblue\/vela-escalada\/grecia-vela-y-escalada\/\"]}]},{\"@type\":\"BreadcrumbList\",\"@id\":\"https:\/\/voile-escalade.com\/vertigoblue\/vela-escalada\/grecia-vela-y-escalada\/#breadcrumb\",\"itemListElement\":[{\"@type\":\"ListItem\",\"position\":1,\"name\":\"Accueil\",\"item\":\"https:\/\/voile-escalade.com\/vertigoblue\/vela-escalada\/\"},{\"@type\":\"ListItem\",\"position\":2,\"name\":\"Grecia Vela y Escalada\"}]},{\"@type\":\"WebSite\",\"@id\":\"https:\/\/voile-escalade.com\/vertigoblue\/vela-escalada\/#website\",\"url\":\"https:\/\/voile-escalade.com\/vertigoblue\/vela-escalada\/\",\"name\":\"Vela y escalada en Mediterraneo\",\"description\":\"Viajes deportivos vela y escalada\",\"potentialAction\":[{\"@type\":\"SearchAction\",\"target\":{\"@type\":\"EntryPoint\",\"urlTemplate\":\"https:\/\/voile-escalade.com\/vertigoblue\/vela-escalada\/?s={search_term_string}\"},\"query-input\":\"required name=search_term_string\"}],\"inLanguage\":\"es\"}]}<\/script>\n<!-- \/ Yoast SEO plugin. -->","yoast_head_json":{"title":"Grecia Vela y Escalada - Vela y escalada en Mediterraneo","robots":{"index":"index","follow":"follow","max-snippet":"max-snippet:-1","max-image-preview":"max-image-preview:large","max-video-preview":"max-video-preview:-1"},"canonical":"https:\/\/voile-escalade.com\/vertigoblue\/vela-escalada\/grecia-vela-y-escalada\/","og_locale":"es_ES","og_type":"article","og_title":"Grecia Vela y Escalada - Vela y escalada en Mediterraneo","og_description":"El ProgramaNavegue con nosotros hacia la costa oriental del Peloponeso y descubra el Golfo Arg\u00f3lico de forma deportiva: a la vez desde el mar, donde podr\u00e1 aprender o perfeccionar sus habilidades de navegaci\u00f3n a bordo de un Oceanis 390; y desde la tierra, donde podr\u00e1 descubrir los acantilados de la costa y aprender a escalar [&hellip;]","og_url":"https:\/\/voile-escalade.com\/vertigoblue\/vela-escalada\/grecia-vela-y-escalada\/","og_site_name":"Vela y escalada en Mediterraneo","article_modified_time":"2022-12-30T15:46:33+00:00","twitter_card":"summary_large_image","twitter_misc":{"Tiempo de lectura":"14 minutos"},"schema":{"@context":"https:\/\/schema.org","@graph":[{"@type":"WebPage","@id":"https:\/\/voile-escalade.com\/vertigoblue\/vela-escalada\/grecia-vela-y-escalada\/","url":"https:\/\/voile-escalade.com\/vertigoblue\/vela-escalada\/grecia-vela-y-escalada\/","name":"Grecia Vela y Escalada - Vela y escalada en Mediterraneo","isPartOf":{"@id":"https:\/\/voile-escalade.com\/vertigoblue\/vela-escalada\/#website"},"datePublished":"2022-07-31T13:33:05+00:00","dateModified":"2022-12-30T15:46:33+00:00","breadcrumb":{"@id":"https:\/\/voile-escalade.com\/vertigoblue\/vela-escalada\/grecia-vela-y-escalada\/#breadcrumb"},"inLanguage":"es","potentialAction":[{"@type":"ReadAction","target":["https:\/\/voile-escalade.com\/vertigoblue\/vela-escalada\/grecia-vela-y-escalada\/"]}]},{"@type":"BreadcrumbList","@id":"https:\/\/voile-escalade.com\/vertigoblue\/vela-escalada\/grecia-vela-y-escalada\/#breadcrumb","itemListElement":[{"@type":"ListItem","position":1,"name":"Accueil","item":"https:\/\/voile-escalade.com\/vertigoblue\/vela-escalada\/"},{"@type":"ListItem","position":2,"name":"Grecia Vela y Escalada"}]},{"@type":"WebSite","@id":"https:\/\/voile-escalade.com\/vertigoblue\/vela-escalada\/#website","url":"https:\/\/voile-escalade.com\/vertigoblue\/vela-escalada\/","name":"Vela y escalada en Mediterraneo","description":"Viajes deportivos vela y escalada","potentialAction":[{"@type":"SearchAction","target":{"@type":"EntryPoint","urlTemplate":"https:\/\/voile-escalade.com\/vertigoblue\/vela-escalada\/?s={search_term_string}"},"query-input":"required name=search_term_string"}],"inLanguage":"es"}]}},"_links":{"self":[{"href":"https:\/\/voile-escalade.com\/vertigoblue\/vela-escalada\/wp-json\/wp\/v2\/pages\/1397"}],"collection":[{"href":"https:\/\/voile-escalade.com\/vertigoblue\/vela-escalada\/wp-json\/wp\/v2\/pages"}],"about":[{"href":"https:\/\/voile-escalade.com\/vertigoblue\/vela-escalada\/wp-json\/wp\/v2\/types\/page"}],"author":[{"embeddable":true,"href":"https:\/\/voile-escalade.com\/vertigoblue\/vela-escalada\/wp-json\/wp\/v2\/users\/2"}],"replies":[{"embeddable":true,"href":"https:\/\/voile-escalade.com\/vertigoblue\/vela-escalada\/wp-json\/wp\/v2\/comments?post=1397"}],"version-history":[{"count":12,"href":"https:\/\/voile-escalade.com\/vertigoblue\/vela-escalada\/wp-json\/wp\/v2\/pages\/1397\/revisions"}],"predecessor-version":[{"id":1605,"href":"https:\/\/voile-escalade.com\/vertigoblue\/vela-escalada\/wp-json\/wp\/v2\/pages\/1397\/revisions\/1605"}],"wp:attachment":[{"href":"https:\/\/voile-escalade.com\/vertigoblue\/vela-escalada\/wp-json\/wp\/v2\/media?parent=1397"}],"curies":[{"name":"wp","href":"https:\/\/api.w.org\/{rel}","templated":true}]}}