{"id":1387,"date":"2022-07-09T19:25:40","date_gmt":"2022-07-09T17:25:40","guid":{"rendered":"https:\/\/voile-escalade.com\/vertigoblue\/vela-escalada\/?page_id=1387"},"modified":"2022-12-30T12:27:24","modified_gmt":"2022-12-30T11:27:24","slug":"vela-y-escalada","status":"publish","type":"page","link":"https:\/\/voile-escalade.com\/vertigoblue\/vela-escalada\/vela-y-escalada\/","title":{"rendered":"Vela y Escalada"},"content":{"rendered":"<p>[et_pb_section fb_built=\u00bb1&#8243; fullwidth=\u00bbon\u00bb admin_label=\u00bbSection\u00bb _builder_version=\u00bb4.3.4&#8243;][et_pb_fullwidth_header title=\u00bbVela y escalada \u00bb subhead=\u00bbDel mar a los acantilados\u00bb text_orientation=\u00bbcenter\u00bb button_one_url=\u00bb#destinations-corse\u00bb button_two_url=\u00bb#destinationseurope\u00bb admin_label=\u00bbEn-t\u00eate plein \u00e9cran\u00bb _builder_version=\u00bb4.3.4&#8243; title_font=\u00bb|700|||||||\u00bb subhead_font_size=\u00bb22px\u00bb background_enable_color=\u00bboff\u00bb background_image=\u00bbhttps:\/\/voile-escalade.com\/vertigoblue\/vela-escalada\/wp-content\/uploads\/sites\/4\/2022\/05\/bandeau-voile-escalade.jpg\u00bb][\/et_pb_fullwidth_header][\/et_pb_section][et_pb_section fb_built=\u00bb1&#8243; custom_padding_last_edited=\u00bbon|tablet\u00bb admin_label=\u00bbImage sejour sardaigne voile escalade\u00bb _builder_version=\u00bb4.3.4&#8243; custom_padding=\u00bb59px||29px|||\u00bb custom_padding_tablet=\u00bb60px|||\u00bb custom_padding_phone=\u00bb\u00bb top_divider_height=\u00bb60px\u00bb][et_pb_row column_structure=\u00bb1_2,1_2&#8243; _builder_version=\u00bb4.3.4&#8243;][et_pb_column type=\u00bb1_2&#8243; _builder_version=\u00bb4.3.4&#8243;][et_pb_image src=\u00bbhttps:\/\/voile-escalade.com\/vertigoblue\/vela-escalada\/wp-content\/uploads\/sites\/4\/2022\/05\/andrea-quentin-barre.jpg\u00bb _builder_version=\u00bb4.3.4&#8243;][\/et_pb_image][\/et_pb_column][et_pb_column type=\u00bb1_2&#8243; _builder_version=\u00bb4.3.4&#8243;][et_pb_image src=\u00bbhttps:\/\/voile-escalade.com\/vertigoblue\/vela-escalada\/wp-content\/uploads\/sites\/4\/2022\/05\/justine-falaise.jpg\u00bb align=\u00bbright\u00bb _builder_version=\u00bb4.3.4&#8243;][\/et_pb_image][\/et_pb_column][\/et_pb_row][\/et_pb_section][et_pb_section fb_built=\u00bb1&#8243; custom_padding_last_edited=\u00bbon|tablet\u00bb admin_label=\u00bbsardaigne Voile Escalade d\u00e9tails \u00bb module_id=\u00bbdestinationseurope\u00bb module_class=\u00bbdc_inverser_colonnes-section\u00bb _builder_version=\u00bb4.3.4&#8243; custom_padding=\u00bb59px||29px|||\u00bb custom_padding_tablet=\u00bb60px|||\u00bb custom_padding_phone=\u00bb\u00bb top_divider_height=\u00bb60px\u00bb][et_pb_row column_structure=\u00bb1_2,1_2&#8243; admin_label=\u00bbprogramme\u00bb module_id=\u00bbdestinationssardaigne\u00bb _builder_version=\u00bb4.3.4&#8243; background_size=\u00bbinitial\u00bb background_position=\u00bbtop_left\u00bb background_repeat=\u00bbrepeat\u00bb module_alignment=\u00bbcenter\u00bb][et_pb_column type=\u00bb1_2&#8243; _builder_version=\u00bb4.3.4&#8243; custom_padding=\u00bb|||\u00bb custom_padding__hover=\u00bb|||\u00bb][et_pb_text admin_label=\u00bbTitre programme\u00bb _builder_version=\u00bb4.3.4&#8243; text_font=\u00bb||||\u00bb text_text_color=\u00bb#1a1a1a\u00bb header_font=\u00bbOswald|on||on|\u00bb header_text_align=\u00bbleft\u00bb header_font_size=\u00bb40px\u00bb header_line_height=\u00bb1.3em\u00bb background_size=\u00bbinitial\u00bb background_position=\u00bbtop_left\u00bb background_repeat=\u00bbrepeat\u00bb max_width=\u00bb450px\u00bb custom_margin=\u00bb|||\u00bb custom_padding=\u00bb|||\u00bb animation_style=\u00bbslide\u00bb animation_direction=\u00bbtop\u00bb animation_intensity_slide=\u00bb10%\u00bb header_font_size_tablet=\u00bb39px\u00bb header_font_size_phone=\u00bb35px\u00bb header_font_size_last_edited=\u00bbon|phone\u00bb locked=\u00bboff\u00bb]<\/p>\n<h1>El programa<\/h1>\n<p>[\/et_pb_text][et_pb_divider color=\u00bb#0c71c3&#8243; divider_position=\u00bbcenter\u00bb divider_weight=\u00bb3px\u00bb disabled_on=\u00bboff|off|off%22&#8243; admin_label=\u00bbS\u00e9parateur\u00bb _builder_version=\u00bb4.3.4&#8243; max_width=\u00bb150px\u00bb height=\u00bbfalse\u00bb custom_margin=\u00bb30px|||\u00bb animation_style=\u00bbslide\u00bb animation_direction=\u00bbtop\u00bb animation_delay=\u00bb100ms\u00bb animation_intensity_slide=\u00bb10%\u00bb locked=\u00bboff\u00bb][\/et_pb_divider][et_pb_text admin_label=\u00bbTexte programme \u00bb _builder_version=\u00bb4.3.4&#8243; text_font=\u00bbRoboto|300|||||||\u00bb text_font_size=\u00bb16px\u00bb text_line_height=\u00bb1.9em\u00bb background_size=\u00bbinitial\u00bb background_position=\u00bbtop_left\u00bb background_repeat=\u00bbrepeat\u00bb max_width=\u00bb450px\u00bb custom_margin=\u00bb17px||2px|||\u00bb custom_padding=\u00bb||0px|||\u00bb animation_style=\u00bbslide\u00bb animation_direction=\u00bbtop\u00bb animation_delay=\u00bb400ms\u00bb animation_intensity_slide=\u00bb4%\u00bb locked=\u00bboff\u00bb]<\/p>\n<p><strong>Descubre el Mediterr\u00e1neo de una forma diferente con uno de nuestros cruceros vela y escalada:<\/strong> ya sea desde el mar, donde podr\u00e1s aprender o mejorar tus habilidades de navegaci\u00f3n en velero; o desde tierra, donde explorar\u00e1s los acantilados de la costa para aprender o practicar la escalada en un entorno natural.<\/p>\n<p>[\/et_pb_text][et_pb_accordion _builder_version=\u00bb4.3.4&#8243;][\/et_pb_accordion][\/et_pb_column][et_pb_column type=\u00bb1_2&#8243; _builder_version=\u00bb4.3.4&#8243; custom_padding=\u00bb|||\u00bb custom_padding__hover=\u00bb|||\u00bb][et_pb_divider show_divider=\u00bboff\u00bb disabled_on=\u00bboff|off|off%22&#8243; admin_label=\u00bbS\u00e9parateur\u00bb _builder_version=\u00bb4.3.4&#8243; max_width=\u00bb150px\u00bb height=\u00bbfalse\u00bb custom_margin=\u00bb30px|||\u00bb animation_style=\u00bbslide\u00bb animation_direction=\u00bbtop\u00bb animation_delay=\u00bb100ms\u00bb animation_intensity_slide=\u00bb10%\u00bb locked=\u00bboff\u00bb][\/et_pb_divider][et_pb_divider show_divider=\u00bboff\u00bb disabled_on=\u00bboff|off|off%22&#8243; admin_label=\u00bbS\u00e9parateur\u00bb _builder_version=\u00bb4.3.4&#8243; max_width=\u00bb150px\u00bb height=\u00bbfalse\u00bb custom_margin=\u00bb30px|||\u00bb animation_style=\u00bbslide\u00bb animation_direction=\u00bbtop\u00bb animation_delay=\u00bb100ms\u00bb animation_intensity_slide=\u00bb10%\u00bb locked=\u00bboff\u00bb][\/et_pb_divider][et_pb_text admin_label=\u00bbTexte infos cl\u00e9s\u00bb _builder_version=\u00bb4.3.4&#8243; background_color=\u00bb#6fc8ce\u00bb custom_padding=\u00bb||0px|21px||\u00bb link_option_url_new_window=\u00bbon\u00bb locked=\u00bboff\u00bb]<\/p>\n<h4>\u00a0<\/h4>\n<h4 style=\"text-align: center;\"><span style=\"text-decoration: underline;\"><strong>Informaciones <\/strong><\/span><strong>\u00fa<\/strong><span style=\"text-decoration: underline;\"><strong>tiles<br \/><\/strong><\/span><\/h4>\n<ul>\n<li style=\"text-align: left;\">\n<h5>Estancias de 7 o 14 d\u00edas seg\u00fan el destino<\/h5>\n<\/li>\n<li style=\"text-align: left;\">\n<h5>Escalada en autonom\u00eda: A partir de 3400\u20ac \/ semana (barco entero, hasta 6 participantes): tarifa personalizada seg\u00fan presupuesto<\/h5>\n<\/li>\n<li>\n<h5>Estancia todo incluido, escalada con gu\u00eda local: 1525\u20ac\/pers (7 d\u00edas), 2350\u20ac\/pers (14 d\u00edas)<\/h5>\n<\/li>\n<li>\n<h5>Hasta 6 personas<\/h5>\n<\/li>\n<\/ul>\n<p style=\"text-align: center;\">[\/et_pb_text][et_pb_text admin_label=\u00bbTexte terrain de jeu\u00bb _builder_version=\u00bb4.3.4&#8243; background_color=\u00bb#6fc8ce\u00bb custom_padding=\u00bb|19px|0px|21px||\u00bb locked=\u00bboff\u00bb]<\/p>\n<h4>\u00a0<\/h4>\n<h4 style=\"text-align: center;\"><span style=\"text-decoration: underline;\"><strong>El terreno de juego<br \/><\/strong><\/span><\/h4>\n<p style=\"text-align: center;\"><strong>Varias zonas de escalada disponibles:<\/strong><\/p>\n<ul>\n<li style=\"text-align: left;\">\n<h5>Este Cerde\u00f1a (Tavolara, Cala Gonone, Cala Goloritze&#8230;)<\/h5>\n<\/li>\n<li style=\"text-align: left;\">\n<h5>Grecia Arg\u00f3lica (Leonidio, Nafplio, Kiparissi)<\/h5>\n<\/li>\n<li>\n<h5>Noroeste de Sicilia (San Vito Lo Capo)<\/h5>\n<\/li>\n<\/ul>\n<p style=\"text-align: center;\">[\/et_pb_text][\/et_pb_column][\/et_pb_row][et_pb_row admin_label=\u00bbVoile escalade avec guide\u00bb module_id=\u00bbdestinationssardaigne\u00bb _builder_version=\u00bb4.3.4&#8243; background_size=\u00bbinitial\u00bb background_position=\u00bbtop_left\u00bb background_repeat=\u00bbrepeat\u00bb module_alignment=\u00bbcenter\u00bb locked=\u00bboff\u00bb][et_pb_column type=\u00bb4_4&#8243; _builder_version=\u00bb4.3.4&#8243; custom_padding=\u00bb|||\u00bb custom_padding__hover=\u00bb|||\u00bb][et_pb_text admin_label=\u00bbTitre Voile &#038; Escalade guide\u00bb _builder_version=\u00bb4.3.4&#8243; text_font=\u00bb||||\u00bb text_text_color=\u00bb#1a1a1a\u00bb header_font=\u00bbOswald|on||on|\u00bb header_text_align=\u00bbleft\u00bb header_font_size=\u00bb35px\u00bb header_line_height=\u00bb1.3em\u00bb background_size=\u00bbinitial\u00bb background_position=\u00bbtop_left\u00bb background_repeat=\u00bbrepeat\u00bb max_width=\u00bb450px\u00bb custom_margin=\u00bb|||\u00bb custom_padding=\u00bb|||\u00bb animation_style=\u00bbslide\u00bb animation_direction=\u00bbtop\u00bb animation_intensity_slide=\u00bb10%\u00bb header_font_size_tablet=\u00bb39px\u00bb header_font_size_phone=\u00bb35px\u00bb header_font_size_last_edited=\u00bbon|phone\u00bb locked=\u00bboff\u00bb]<\/p>\n<h1 style=\"text-align: left;\"><strong>Vela y escalada con gu\u00eda<\/strong><\/h1>\n<p>[\/et_pb_text][et_pb_divider color=\u00bb#0c71c3&#8243; divider_position=\u00bbcenter\u00bb divider_weight=\u00bb3px\u00bb disabled_on=\u00bboff|off|off%22&#8243; admin_label=\u00bbS\u00e9parateur\u00bb _builder_version=\u00bb4.3.4&#8243; max_width=\u00bb150px\u00bb height=\u00bbfalse\u00bb custom_margin=\u00bb30px|||\u00bb animation_style=\u00bbslide\u00bb animation_direction=\u00bbtop\u00bb animation_delay=\u00bb100ms\u00bb animation_intensity_slide=\u00bb10%\u00bb locked=\u00bboff\u00bb][\/et_pb_divider][et_pb_text admin_label=\u00bbTexte programme \u00bb _builder_version=\u00bb4.3.4&#8243; text_font=\u00bbRoboto|300|||||||\u00bb text_font_size=\u00bb16px\u00bb text_line_height=\u00bb1.9em\u00bb background_size=\u00bbinitial\u00bb background_position=\u00bbtop_left\u00bb background_repeat=\u00bbrepeat\u00bb max_width_tablet=\u00bb\u00bb max_width_phone=\u00bb\u00bb max_width_last_edited=\u00bbon|desktop\u00bb custom_margin=\u00bb17px||2px|||\u00bb custom_padding=\u00bb||0px|||\u00bb animation_style=\u00bbslide\u00bb animation_direction=\u00bbtop\u00bb animation_delay=\u00bb400ms\u00bb animation_intensity_slide=\u00bb4%\u00bb locked=\u00bboff\u00bb]<\/p>\n<p>\u00bfPor qu\u00e9 no <strong>viajar en barco y ser acompa\u00f1ado al acantilado por un gu\u00eda local<\/strong>? Esto te permitir\u00e1 conocer m\u00e1s a fondo los lugares donde vas a escalar, ser aconsejado sobre las <strong>mejores rutas<\/strong>, a la vez que <strong>mejoras<\/strong> tus habilidades de escalada o simplemente <strong>aprendes<\/strong> los fundamentos de esta actividad.<\/p>\n<p>Trabajamos con gu\u00edas de escalada locales, que conocen la zona a la perfecci\u00f3n y que a menudo incluso han equipado parte de los acantilados en los que va a escalar.<\/p>\n<p>[\/et_pb_text][\/et_pb_column][\/et_pb_row][et_pb_row column_structure=\u00bb1_3,1_3,1_3&#8243; _builder_version=\u00bb4.3.4&#8243; locked=\u00bboff\u00bb][et_pb_column type=\u00bb1_3&#8243; _builder_version=\u00bb4.3.4&#8243;][et_pb_image src=\u00bbhttps:\/\/voile-escalade.com\/vertigoblue\/wp-content\/uploads\/2022\/04\/Sailing-climbing-Greece.jpg\u00bb _builder_version=\u00bb4.3.4&#8243;][\/et_pb_image][et_pb_button button_url=\u00bbhttps:\/\/voile-escalade.com\/vertigoblue\/vela-escalada\/grecia-vela-y-escalada\/\u00bb url_new_window=\u00bbon\u00bb button_text=\u00bbVela y escalada en Grecia\u00bb _builder_version=\u00bb4.3.4&#8243; locked=\u00bboff\u00bb][\/et_pb_button][\/et_pb_column][et_pb_column type=\u00bb1_3&#8243; _builder_version=\u00bb4.3.4&#8243;][et_pb_image src=\u00bbhttps:\/\/voile-escalade.com\/vertigoblue\/wp-content\/uploads\/2020\/04\/destination-sardaigne-cala-gonone-voile-escalade-vertigo-blue.jpg\u00bb _builder_version=\u00bb4.3.4&#8243;][\/et_pb_image][et_pb_button button_url=\u00bbhttps:\/\/voile-escalade.com\/vertigoblue\/vela-escalada\/cerdena-vela-y-escalada\/\u00bb url_new_window=\u00bbon\u00bb button_text=\u00bbVela y escalada en Cerde\u00f1a\u00bb button_alignment=\u00bbcenter\u00bb _builder_version=\u00bb4.3.4&#8243; locked=\u00bboff\u00bb][\/et_pb_button][\/et_pb_column][et_pb_column type=\u00bb1_3&#8243; _builder_version=\u00bb4.3.4&#8243;][et_pb_image src=\u00bbhttps:\/\/voile-escalade.com\/vertigoblue\/wp-content\/uploads\/2020\/04\/destination-sicile-san-vito-lo-capo-voile-escalade-vertigo-blue.jpg\u00bb _builder_version=\u00bb4.3.4&#8243;][\/et_pb_image][et_pb_button button_url=\u00bbhttps:\/\/voile-escalade.com\/vertigoblue\/vela-escalada\/sicilia-vela-y-escalada\/\u00bb url_new_window=\u00bbon\u00bb button_text=\u00bbVela y escalada en Sicilia\u00bb admin_label=\u00bbBouton\u00bb _builder_version=\u00bb4.3.4&#8243; locked=\u00bboff\u00bb][\/et_pb_button][\/et_pb_column][\/et_pb_row][et_pb_row column_structure=\u00bb1_2,1_2&#8243; admin_label=\u00bbVoile &#038; Escalade en autonomie\u00bb module_id=\u00bbdestinationssardaigne\u00bb _builder_version=\u00bb4.3.4&#8243; background_size=\u00bbinitial\u00bb background_position=\u00bbtop_left\u00bb background_repeat=\u00bbrepeat\u00bb module_alignment=\u00bbcenter\u00bb][et_pb_column type=\u00bb1_2&#8243; _builder_version=\u00bb4.3.4&#8243; custom_padding=\u00bb|||\u00bb custom_padding__hover=\u00bb|||\u00bb][et_pb_text admin_label=\u00bbTitre Voile &#038; Escalade autonome\u00bb _builder_version=\u00bb4.3.4&#8243; text_font=\u00bb||||\u00bb text_text_color=\u00bb#1a1a1a\u00bb text_font_size=\u00bb10px\u00bb header_font=\u00bbOswald|on||on|\u00bb header_text_align=\u00bbleft\u00bb header_font_size=\u00bb32px\u00bb header_line_height=\u00bb1.3em\u00bb background_size=\u00bbinitial\u00bb background_position=\u00bbtop_left\u00bb background_repeat=\u00bbrepeat\u00bb max_width=\u00bb450px\u00bb custom_margin=\u00bb|||\u00bb custom_padding=\u00bb|||\u00bb animation_style=\u00bbslide\u00bb animation_direction=\u00bbtop\u00bb animation_intensity_slide=\u00bb10%\u00bb header_font_size_tablet=\u00bb39px\u00bb header_font_size_phone=\u00bb35px\u00bb header_font_size_last_edited=\u00bbon|phone\u00bb locked=\u00bboff\u00bb]<\/p>\n<h1>Vela y escalada en autonom\u00eda<\/h1>\n<p>[\/et_pb_text][et_pb_divider color=\u00bb#0c71c3&#8243; divider_position=\u00bbcenter\u00bb divider_weight=\u00bb3px\u00bb disabled_on=\u00bboff|off|off%22&#8243; admin_label=\u00bbS\u00e9parateur\u00bb _builder_version=\u00bb4.3.4&#8243; max_width=\u00bb150px\u00bb height=\u00bbfalse\u00bb custom_margin=\u00bb30px|||\u00bb animation_style=\u00bbslide\u00bb animation_direction=\u00bbtop\u00bb animation_delay=\u00bb100ms\u00bb animation_intensity_slide=\u00bb10%\u00bb locked=\u00bboff\u00bb][\/et_pb_divider][et_pb_text admin_label=\u00bbTexte programme \u00bb _builder_version=\u00bb4.3.4&#8243; text_font=\u00bbRoboto|300|||||||\u00bb text_font_size=\u00bb16px\u00bb text_line_height=\u00bb1.9em\u00bb background_size=\u00bbinitial\u00bb background_position=\u00bbtop_left\u00bb background_repeat=\u00bbrepeat\u00bb max_width=\u00bb450px\u00bb custom_margin=\u00bb17px||2px|||\u00bb custom_padding=\u00bb||0px|||\u00bb animation_style=\u00bbslide\u00bb animation_direction=\u00bbtop\u00bb animation_delay=\u00bb400ms\u00bb animation_intensity_slide=\u00bb4%\u00bb locked=\u00bboff\u00bb]<\/p>\n<p>\u00bfEres un <strong>escalador aut\u00f3nomo<\/strong> y te gustar\u00eda descubrir nuevos acantilados mientras <strong>viajas de una manera diferente<\/strong>?<\/p>\n<p>Nuestras<strong> estancias vela y escalada<\/strong> est\u00e1n hechas para ti.<\/p>\n<p>Hemos identificado los acantilados m\u00e1s bonitos del Mediterr\u00e1neo a los que se puede llegar navegando.<\/p>\n<p>Ya sea en<strong> Cerde\u00f1a, Croacia, Sicilia, Grecia o a las Calanques de Marsella<\/strong>, nos encargamos de toda la log\u00edstica y te proporcionamos el equipo para que puedas disfrutar de esta experiencia de forma relajada y sencilla.<\/p>\n<p>[\/et_pb_text][\/et_pb_column][et_pb_column type=\u00bb1_2&#8243; _builder_version=\u00bb4.3.4&#8243;][et_pb_divider show_divider=\u00bboff\u00bb disabled_on=\u00bboff|off|off%22&#8243; admin_label=\u00bbS\u00e9parateur\u00bb _builder_version=\u00bb4.3.4&#8243; max_width=\u00bb150px\u00bb height=\u00bbfalse\u00bb custom_margin=\u00bb30px|||\u00bb animation_style=\u00bbslide\u00bb animation_direction=\u00bbtop\u00bb animation_delay=\u00bb100ms\u00bb animation_intensity_slide=\u00bb10%\u00bb locked=\u00bboff\u00bb][\/et_pb_divider][et_pb_divider show_divider=\u00bboff\u00bb disabled_on=\u00bboff|off|off%22&#8243; admin_label=\u00bbS\u00e9parateur\u00bb _builder_version=\u00bb4.3.4&#8243; max_width=\u00bb150px\u00bb height=\u00bbfalse\u00bb custom_margin=\u00bb30px|||\u00bb animation_style=\u00bbslide\u00bb animation_direction=\u00bbtop\u00bb animation_delay=\u00bb100ms\u00bb animation_intensity_slide=\u00bb10%\u00bb locked=\u00bboff\u00bb][\/et_pb_divider][et_pb_button button_url=\u00bbhttps:\/\/voile-escalade.com\/vertigoblue\/vela-escalada\/contacto\/\u00bb url_new_window=\u00bbon\u00bb button_text=\u00bbInfo y reservaci\u00f3nes\u00bb button_alignment=\u00bbleft\u00bb admin_label=\u00bbBouton reserver option\u00bb _builder_version=\u00bb4.3.4&#8243;][\/et_pb_button][et_pb_button button_url=\u00bbhttps:\/\/voile-escalade.com\/vertigoblue\/vela-escalada\/proximas-salidas\/\u00bb url_new_window=\u00bbon\u00bb button_text=\u00bbconsultar disponibilidad\u00bb button_alignment=\u00bbleft\u00bb admin_label=\u00bbBouton mira dispo\u00bb _builder_version=\u00bb4.3.4&#8243;][\/et_pb_button][\/et_pb_column][\/et_pb_row][et_pb_row _builder_version=\u00bb4.3.4&#8243;][et_pb_column type=\u00bb4_4&#8243; _builder_version=\u00bb4.3.4&#8243;][et_pb_image src=\u00bbhttps:\/\/voile-escalade.com\/vertigoblue\/vela-escalada\/wp-content\/uploads\/sites\/4\/2022\/05\/Falaise-Douvari.jpg\u00bb _builder_version=\u00bb4.3.4&#8243;][\/et_pb_image][\/et_pb_column][\/et_pb_row][et_pb_row column_structure=\u00bb1_2,1_2&#8243; admin_label=\u00bbtitre equipe\u00bb module_id=\u00bbdestinationssicile\u00bb module_class=\u00bbdc_inverser_colonnes-ligne\u00bb _builder_version=\u00bb4.3.4&#8243; background_size=\u00bbinitial\u00bb background_position=\u00bbtop_left\u00bb background_repeat=\u00bbrepeat\u00bb module_alignment=\u00bbcenter\u00bb][et_pb_column type=\u00bb1_2&#8243; _builder_version=\u00bb4.3.4&#8243; custom_padding=\u00bb|||\u00bb custom_padding__hover=\u00bb|||\u00bb][et_pb_text admin_label=\u00bbTitre equipe\u00bb _builder_version=\u00bb4.3.4&#8243; text_font=\u00bb||||\u00bb text_text_color=\u00bb#1a1a1a\u00bb header_font=\u00bbOswald|on||on|\u00bb header_text_align=\u00bbleft\u00bb header_font_size=\u00bb44px\u00bb header_line_height=\u00bb1.3em\u00bb background_size=\u00bbinitial\u00bb background_position=\u00bbtop_left\u00bb background_repeat=\u00bbrepeat\u00bb max_width=\u00bb450px\u00bb custom_margin=\u00bb|||\u00bb custom_padding=\u00bb|||\u00bb animation_style=\u00bbslide\u00bb animation_direction=\u00bbtop\u00bb animation_intensity_slide=\u00bb10%\u00bb header_font_size_tablet=\u00bb39px\u00bb header_font_size_phone=\u00bb35px\u00bb header_font_size_last_edited=\u00bbon|phone\u00bb locked=\u00bboff\u00bb]<\/p>\n<h1>El Equipo\u00a0<\/h1>\n<p>[\/et_pb_text][et_pb_divider color=\u00bb#0c71c3&#8243; divider_position=\u00bbcenter\u00bb divider_weight=\u00bb3px\u00bb disabled_on=\u00bboff|off|off%22&#8243; admin_label=\u00bbS\u00e9parateur\u00bb _builder_version=\u00bb4.3.4&#8243; max_width=\u00bb150px\u00bb height=\u00bbfalse\u00bb custom_margin=\u00bb30px|||\u00bb animation_style=\u00bbslide\u00bb animation_direction=\u00bbtop\u00bb animation_delay=\u00bb100ms\u00bb animation_intensity_slide=\u00bb10%\u00bb locked=\u00bboff\u00bb][\/et_pb_divider][\/et_pb_column][et_pb_column type=\u00bb1_2&#8243; _builder_version=\u00bb4.3.4&#8243;][\/et_pb_column][\/et_pb_row][et_pb_row column_structure=\u00bb1_2,1_2&#8243; admin_label=\u00bbequipe andrea et sarah\u00bb module_id=\u00bbdestinationscorse\u00bb _builder_version=\u00bb4.3.4&#8243; background_size=\u00bbinitial\u00bb background_position=\u00bbtop_left\u00bb background_repeat=\u00bbrepeat\u00bb module_alignment=\u00bbcenter\u00bb][et_pb_column type=\u00bb1_2&#8243; _builder_version=\u00bb4.3.4&#8243; custom_padding=\u00bb|||\u00bb custom_padding__hover=\u00bb|||\u00bb][et_pb_image src=\u00bbhttps:\/\/voile-escalade.com\/vertigoblue\/vela-escalada\/wp-content\/uploads\/sites\/4\/2021\/01\/grande-voie-calanques-de-marseille.jpg\u00bb _builder_version=\u00bb4.3.4&#8243;][\/et_pb_image][\/et_pb_column][et_pb_column type=\u00bb1_2&#8243; _builder_version=\u00bb4.3.4&#8243;][et_pb_text _builder_version=\u00bb4.3.4&#8243;]<\/p>\n<h2><strong>Andrea y Sarah<\/strong><\/h2>\n<h2><strong>Formador y instructor de vela<\/strong><\/h2>\n<p>[\/et_pb_text][et_pb_text admin_label=\u00bbTexte equipe \u00bb _builder_version=\u00bb4.3.4&#8243; text_font=\u00bbRoboto|300|||||||\u00bb text_font_size=\u00bb16px\u00bb text_line_height=\u00bb1.9em\u00bb background_size=\u00bbinitial\u00bb background_position=\u00bbtop_left\u00bb background_repeat=\u00bbrepeat\u00bb max_width=\u00bb450px\u00bb custom_margin=\u00bb17px||2px|||\u00bb custom_padding=\u00bb||0px|||\u00bb animation_style=\u00bbslide\u00bb animation_direction=\u00bbtop\u00bb animation_delay=\u00bb400ms\u00bb animation_intensity_slide=\u00bb4%\u00bb locked=\u00bboff\u00bb]<\/p>\n<div class=\"et_pb_module et_pb_text et_pb_text_10 et_pb_text_align_left et_pb_bg_layout_light et_had_animation\">\n<div class=\"et_pb_text_inner\">\n<p>Originario de Ancona, en la costa este de Italia frente al Mar Adri\u00e1tico, <strong>Andrea<\/strong> se form\u00f3 en la navegaci\u00f3n en el Mediterr\u00e1neo, inicialmente en la costa espa\u00f1ola y luego principalmente en C\u00f3rcega y Cerde\u00f1a.<strong> Desde 2014<\/strong> <strong>ha realizado m\u00e1s de sesenta cursos de vela <\/strong>navegando entre Francia, Italia y Croacia. Tambi\u00e9n ha formado a varios instructores en la pr\u00e1ctica y la did\u00e1ctica de la navegaci\u00f3n.<\/p>\n<p><strong>Sarah<\/strong> es<strong> instructora de vela desde 2017<\/strong>. Se form\u00f3 en Bonifacio, C\u00f3rcega del Sur, y luego naveg\u00f3 principalmente por el Mediterr\u00e1neo (Grecia, Sicilia, Golfo de Le\u00f3n&#8230;).<\/p>\n<\/div>\n<\/div>\n<p>[\/et_pb_text][\/et_pb_column][\/et_pb_row][et_pb_row _builder_version=\u00bb4.3.4&#8243;][et_pb_column type=\u00bb4_4&#8243; _builder_version=\u00bb4.3.4&#8243;][\/et_pb_column][\/et_pb_row][et_pb_row column_structure=\u00bb1_3,1_3,1_3&#8243; admin_label=\u00bbequipe  guides\u00bb module_id=\u00bbdestinationscorse\u00bb module_class=\u00bbdc_inverser_colonnes-ligne\u00bb _builder_version=\u00bb4.3.4&#8243; background_size=\u00bbinitial\u00bb background_position=\u00bbtop_left\u00bb background_repeat=\u00bbrepeat\u00bb module_alignment=\u00bbcenter\u00bb locked=\u00bboff\u00bb][et_pb_column type=\u00bb1_3&#8243; _builder_version=\u00bb4.3.4&#8243; custom_padding=\u00bb|||\u00bb custom_padding__hover=\u00bb|||\u00bb][et_pb_text _builder_version=\u00bb4.3.4&#8243;]<\/p>\n<h2><strong>Roberto<\/strong><\/h2>\n<p>[\/et_pb_text][et_pb_image src=\u00bbhttps:\/\/voile-escalade.com\/vertigoblue\/vela-escalada\/wp-content\/uploads\/sites\/4\/2021\/01\/Roberto-Pau-guide-de-montagne-sarde.jpg\u00bb _builder_version=\u00bb4.3.4&#8243;][\/et_pb_image][et_pb_button button_url=\u00bbhttps:\/\/voile-escalade.com\/vertigoblue\/vela-escalada\/cerdena-vela-y-escalada\/\u00bb url_new_window=\u00bbon\u00bb button_text=\u00bbNuestra gu\u00eda partner en Cerde\u00f1a\u00bb _builder_version=\u00bb4.3.4&#8243; locked=\u00bboff\u00bb][\/et_pb_button][\/et_pb_column][et_pb_column type=\u00bb1_3&#8243; _builder_version=\u00bb4.3.4&#8243;][et_pb_text _builder_version=\u00bb4.3.4&#8243;]<\/p>\n<h2><strong>Daniele<\/strong><\/h2>\n<p>[\/et_pb_text][et_pb_image src=\u00bbhttps:\/\/voile-escalade.com\/vertigoblue\/vela-escalada\/wp-content\/uploads\/sites\/4\/2021\/01\/Daniele-Arena.jpg\u00bb _builder_version=\u00bb4.3.4&#8243;][\/et_pb_image][et_pb_button button_url=\u00bbhttps:\/\/voile-escalade.com\/vertigoblue\/vela-escalada\/sicilia-vela-y-escalada\/\u00bb url_new_window=\u00bbon\u00bb button_text=\u00bbNuestra gu\u00eda partner en Sicilia\u00bb admin_label=\u00bbBouton\u00bb _builder_version=\u00bb4.3.4&#8243; locked=\u00bboff\u00bb][\/et_pb_button][\/et_pb_column][et_pb_column type=\u00bb1_3&#8243; _builder_version=\u00bb4.3.4&#8243;][et_pb_text _builder_version=\u00bb4.3.4&#8243; text_orientation=\u00bbcenter\u00bb]<\/p>\n<h2><strong>Simon<\/strong><\/h2>\n<p>[\/et_pb_text][et_pb_image src=\u00bbhttps:\/\/voile-escalade.com\/vertigoblue\/vela-escalada\/wp-content\/uploads\/sites\/4\/2022\/05\/Simon-Montmory-11.19.jpg\u00bb align=\u00bbcenter\u00bb align_tablet=\u00bb\u00bb align_phone=\u00bb\u00bb align_last_edited=\u00bbon|phone\u00bb _builder_version=\u00bb4.3.4&#8243;][\/et_pb_image][et_pb_button button_url=\u00bbhttps:\/\/voile-escalade.com\/vertigoblue\/vela-escalada\/grecia-vela-y-escalada\/\u00bb url_new_window=\u00bbon\u00bb button_text=\u00bbNuestra gu\u00eda partner en Grecia\u00bb button_alignment=\u00bbcenter\u00bb admin_label=\u00bbBouton\u00bb _builder_version=\u00bb4.3.4&#8243; locked=\u00bboff\u00bb][\/et_pb_button][\/et_pb_column][\/et_pb_row][et_pb_row _builder_version=\u00bb4.3.4&#8243; background_size=\u00bbinitial\u00bb background_position=\u00bbtop_left\u00bb background_repeat=\u00bbrepeat\u00bb module_alignment=\u00bbcenter\u00bb locked=\u00bboff\u00bb][et_pb_column type=\u00bb4_4&#8243; _builder_version=\u00bb4.3.4&#8243; custom_padding=\u00bb|||\u00bb custom_padding__hover=\u00bb|||\u00bb][et_pb_button button_url=\u00bbhttps:\/\/voile-escalade.com\/vertigoblue\/vela-escalada\/contacto\/\u00bb url_new_window=\u00bbon\u00bb button_text=\u00bbInfo y Reservas\u00bb button_alignment=\u00bbcenter\u00bb admin_label=\u00bbBouton r\u00e9server\u00bb _builder_version=\u00bb4.3.4&#8243; hover_enabled=\u00bb0&#8243;][\/et_pb_button][\/et_pb_column][\/et_pb_row][\/et_pb_section]<\/p>\n","protected":false},"excerpt":{"rendered":"<p>El programaDescubre el Mediterr\u00e1neo de una forma diferente con uno de nuestros cruceros vela y escalada: ya sea desde el mar, donde podr\u00e1s aprender o mejorar tus habilidades de navegaci\u00f3n en velero; o desde tierra, donde explorar\u00e1s los acantilados de la costa para aprender o practicar la escalada en un entorno natural.\u00a0 Informaciones \u00fatiles Estancias [&hellip;]<\/p>\n","protected":false},"author":2,"featured_media":0,"parent":0,"menu_order":0,"comment_status":"closed","ping_status":"closed","template":"","meta":{"_et_pb_use_builder":"on","_et_pb_old_content":"","_et_gb_content_width":""},"yoast_head":"<!-- This site is optimized with the Yoast SEO plugin v20.2.1 - https:\/\/yoast.com\/wordpress\/plugins\/seo\/ -->\n<title>Vela y Escalada - Vela y escalada en Mediterraneo<\/title>\n<meta name=\"robots\" content=\"index, follow, max-snippet:-1, max-image-preview:large, max-video-preview:-1\" \/>\n<link rel=\"canonical\" href=\"https:\/\/voile-escalade.com\/vertigoblue\/vela-escalada\/vela-y-escalada\/\" \/>\n<meta property=\"og:locale\" content=\"es_ES\" \/>\n<meta property=\"og:type\" content=\"article\" \/>\n<meta property=\"og:title\" content=\"Vela y Escalada - Vela y escalada en Mediterraneo\" \/>\n<meta property=\"og:description\" content=\"El programaDescubre el Mediterr\u00e1neo de una forma diferente con uno de nuestros cruceros vela y escalada: ya sea desde el mar, donde podr\u00e1s aprender o mejorar tus habilidades de navegaci\u00f3n en velero; o desde tierra, donde explorar\u00e1s los acantilados de la costa para aprender o practicar la escalada en un entorno natural.\u00a0 Informaciones \u00fatiles Estancias [&hellip;]\" \/>\n<meta property=\"og:url\" content=\"https:\/\/voile-escalade.com\/vertigoblue\/vela-escalada\/vela-y-escalada\/\" \/>\n<meta property=\"og:site_name\" content=\"Vela y escalada en Mediterraneo\" \/>\n<meta property=\"article:modified_time\" content=\"2022-12-30T11:27:24+00:00\" \/>\n<meta name=\"twitter:card\" content=\"summary_large_image\" \/>\n<meta name=\"twitter:label1\" content=\"Tiempo de lectura\" \/>\n\t<meta name=\"twitter:data1\" content=\"13 minutos\" \/>\n<script type=\"application\/ld+json\" class=\"yoast-schema-graph\">{\"@context\":\"https:\/\/schema.org\",\"@graph\":[{\"@type\":\"WebPage\",\"@id\":\"https:\/\/voile-escalade.com\/vertigoblue\/vela-escalada\/vela-y-escalada\/\",\"url\":\"https:\/\/voile-escalade.com\/vertigoblue\/vela-escalada\/vela-y-escalada\/\",\"name\":\"Vela y Escalada - Vela y escalada en Mediterraneo\",\"isPartOf\":{\"@id\":\"https:\/\/voile-escalade.com\/vertigoblue\/vela-escalada\/#website\"},\"datePublished\":\"2022-07-09T17:25:40+00:00\",\"dateModified\":\"2022-12-30T11:27:24+00:00\",\"breadcrumb\":{\"@id\":\"https:\/\/voile-escalade.com\/vertigoblue\/vela-escalada\/vela-y-escalada\/#breadcrumb\"},\"inLanguage\":\"es\",\"potentialAction\":[{\"@type\":\"ReadAction\",\"target\":[\"https:\/\/voile-escalade.com\/vertigoblue\/vela-escalada\/vela-y-escalada\/\"]}]},{\"@type\":\"BreadcrumbList\",\"@id\":\"https:\/\/voile-escalade.com\/vertigoblue\/vela-escalada\/vela-y-escalada\/#breadcrumb\",\"itemListElement\":[{\"@type\":\"ListItem\",\"position\":1,\"name\":\"Accueil\",\"item\":\"https:\/\/voile-escalade.com\/vertigoblue\/vela-escalada\/\"},{\"@type\":\"ListItem\",\"position\":2,\"name\":\"Vela y Escalada\"}]},{\"@type\":\"WebSite\",\"@id\":\"https:\/\/voile-escalade.com\/vertigoblue\/vela-escalada\/#website\",\"url\":\"https:\/\/voile-escalade.com\/vertigoblue\/vela-escalada\/\",\"name\":\"Vela y escalada en Mediterraneo\",\"description\":\"Viajes deportivos vela y escalada\",\"potentialAction\":[{\"@type\":\"SearchAction\",\"target\":{\"@type\":\"EntryPoint\",\"urlTemplate\":\"https:\/\/voile-escalade.com\/vertigoblue\/vela-escalada\/?s={search_term_string}\"},\"query-input\":\"required name=search_term_string\"}],\"inLanguage\":\"es\"}]}<\/script>\n<!-- \/ Yoast SEO plugin. -->","yoast_head_json":{"title":"Vela y Escalada - Vela y escalada en Mediterraneo","robots":{"index":"index","follow":"follow","max-snippet":"max-snippet:-1","max-image-preview":"max-image-preview:large","max-video-preview":"max-video-preview:-1"},"canonical":"https:\/\/voile-escalade.com\/vertigoblue\/vela-escalada\/vela-y-escalada\/","og_locale":"es_ES","og_type":"article","og_title":"Vela y Escalada - Vela y escalada en Mediterraneo","og_description":"El programaDescubre el Mediterr\u00e1neo de una forma diferente con uno de nuestros cruceros vela y escalada: ya sea desde el mar, donde podr\u00e1s aprender o mejorar tus habilidades de navegaci\u00f3n en velero; o desde tierra, donde explorar\u00e1s los acantilados de la costa para aprender o practicar la escalada en un entorno natural.\u00a0 Informaciones \u00fatiles Estancias [&hellip;]","og_url":"https:\/\/voile-escalade.com\/vertigoblue\/vela-escalada\/vela-y-escalada\/","og_site_name":"Vela y escalada en Mediterraneo","article_modified_time":"2022-12-30T11:27:24+00:00","twitter_card":"summary_large_image","twitter_misc":{"Tiempo de lectura":"13 minutos"},"schema":{"@context":"https:\/\/schema.org","@graph":[{"@type":"WebPage","@id":"https:\/\/voile-escalade.com\/vertigoblue\/vela-escalada\/vela-y-escalada\/","url":"https:\/\/voile-escalade.com\/vertigoblue\/vela-escalada\/vela-y-escalada\/","name":"Vela y Escalada - Vela y escalada en Mediterraneo","isPartOf":{"@id":"https:\/\/voile-escalade.com\/vertigoblue\/vela-escalada\/#website"},"datePublished":"2022-07-09T17:25:40+00:00","dateModified":"2022-12-30T11:27:24+00:00","breadcrumb":{"@id":"https:\/\/voile-escalade.com\/vertigoblue\/vela-escalada\/vela-y-escalada\/#breadcrumb"},"inLanguage":"es","potentialAction":[{"@type":"ReadAction","target":["https:\/\/voile-escalade.com\/vertigoblue\/vela-escalada\/vela-y-escalada\/"]}]},{"@type":"BreadcrumbList","@id":"https:\/\/voile-escalade.com\/vertigoblue\/vela-escalada\/vela-y-escalada\/#breadcrumb","itemListElement":[{"@type":"ListItem","position":1,"name":"Accueil","item":"https:\/\/voile-escalade.com\/vertigoblue\/vela-escalada\/"},{"@type":"ListItem","position":2,"name":"Vela y Escalada"}]},{"@type":"WebSite","@id":"https:\/\/voile-escalade.com\/vertigoblue\/vela-escalada\/#website","url":"https:\/\/voile-escalade.com\/vertigoblue\/vela-escalada\/","name":"Vela y escalada en Mediterraneo","description":"Viajes deportivos vela y escalada","potentialAction":[{"@type":"SearchAction","target":{"@type":"EntryPoint","urlTemplate":"https:\/\/voile-escalade.com\/vertigoblue\/vela-escalada\/?s={search_term_string}"},"query-input":"required name=search_term_string"}],"inLanguage":"es"}]}},"_links":{"self":[{"href":"https:\/\/voile-escalade.com\/vertigoblue\/vela-escalada\/wp-json\/wp\/v2\/pages\/1387"}],"collection":[{"href":"https:\/\/voile-escalade.com\/vertigoblue\/vela-escalada\/wp-json\/wp\/v2\/pages"}],"about":[{"href":"https:\/\/voile-escalade.com\/vertigoblue\/vela-escalada\/wp-json\/wp\/v2\/types\/page"}],"author":[{"embeddable":true,"href":"https:\/\/voile-escalade.com\/vertigoblue\/vela-escalada\/wp-json\/wp\/v2\/users\/2"}],"replies":[{"embeddable":true,"href":"https:\/\/voile-escalade.com\/vertigoblue\/vela-escalada\/wp-json\/wp\/v2\/comments?post=1387"}],"version-history":[{"count":16,"href":"https:\/\/voile-escalade.com\/vertigoblue\/vela-escalada\/wp-json\/wp\/v2\/pages\/1387\/revisions"}],"predecessor-version":[{"id":1591,"href":"https:\/\/voile-escalade.com\/vertigoblue\/vela-escalada\/wp-json\/wp\/v2\/pages\/1387\/revisions\/1591"}],"wp:attachment":[{"href":"https:\/\/voile-escalade.com\/vertigoblue\/vela-escalada\/wp-json\/wp\/v2\/media?parent=1387"}],"curies":[{"name":"wp","href":"https:\/\/api.w.org\/{rel}","templated":true}]}}