{"id":1171,"date":"2022-01-03T18:50:29","date_gmt":"2022-01-03T17:50:29","guid":{"rendered":"https:\/\/voile-escalade.com\/vertigoblue\/vela-escalada\/?page_id=1171"},"modified":"2022-12-30T16:29:50","modified_gmt":"2022-12-30T15:29:50","slug":"vela-deporte-naturaleza","status":"publish","type":"page","link":"https:\/\/voile-escalade.com\/vertigoblue\/vela-escalada\/vela-deporte-naturaleza\/","title":{"rendered":"Vela Deporte y Naturaleza"},"content":{"rendered":"<p>[et_pb_section fb_built=\u00bb1&#8243; fullwidth=\u00bbon\u00bb admin_label=\u00bbSection\u00bb _builder_version=\u00bb4.3.4&#8243;][et_pb_fullwidth_header title=\u00bbVela, deporte y naturaleza\u00bb subhead=\u00bb\u00a1Unas vacaciones en velero 100% adaptable a sus planes de viaje!\u00bb text_orientation=\u00bbcenter\u00bb button_one_url=\u00bb#destinations-corse\u00bb button_two_url=\u00bb#destinationseurope\u00bb admin_label=\u00bbEn-t\u00eate plein \u00e9cran\u00bb _builder_version=\u00bb4.3.4&#8243; title_font=\u00bb|700|||||||\u00bb subhead_font_size=\u00bb22px\u00bb background_enable_color=\u00bboff\u00bb background_image=\u00bbhttps:\/\/voile-escalade.com\/vertigoblue\/vela-escalada\/wp-content\/uploads\/sites\/4\/2021\/01\/Rocca-Pina-Corsica-vela.jpg\u00bb][\/et_pb_fullwidth_header][\/et_pb_section][et_pb_section fb_built=\u00bb1&#8243; custom_padding_last_edited=\u00bbon|tablet\u00bb admin_label=\u00bbImage sejour sardaigne voile escalade\u00bb _builder_version=\u00bb4.3.4&#8243; custom_padding=\u00bb59px||29px|||\u00bb custom_padding_tablet=\u00bb60px|||\u00bb custom_padding_phone=\u00bb\u00bb top_divider_height=\u00bb60px\u00bb][et_pb_row column_structure=\u00bb1_2,1_2&#8243; _builder_version=\u00bb4.3.4&#8243;][et_pb_column type=\u00bb1_2&#8243; _builder_version=\u00bb4.3.4&#8243;][et_pb_image src=\u00bbhttps:\/\/voile-escalade.com\/vertigoblue\/vela-escalada\/wp-content\/uploads\/sites\/4\/2021\/01\/Corse-en-voilier.jpg\u00bb _builder_version=\u00bb4.3.4&#8243;][\/et_pb_image][\/et_pb_column][et_pb_column type=\u00bb1_2&#8243; _builder_version=\u00bb4.3.4&#8243;][et_pb_image src=\u00bbhttps:\/\/voile-escalade.com\/vertigoblue\/vela-escalada\/wp-content\/uploads\/sites\/4\/2021\/01\/corse-crique-sauvage-eau-turquoise-vertigo-blue.jpg\u00bb align=\u00bbright\u00bb _builder_version=\u00bb4.3.4&#8243;][\/et_pb_image][\/et_pb_column][\/et_pb_row][\/et_pb_section][et_pb_section fb_built=\u00bb1&#8243; custom_padding_last_edited=\u00bbon|tablet\u00bb admin_label=\u00bbsardaigne Voile Escalade d\u00e9tails \u00bb module_id=\u00bbdestinationseurope\u00bb module_class=\u00bbdc_inverser_colonnes-section\u00bb _builder_version=\u00bb4.3.4&#8243; custom_padding=\u00bb59px||29px|||\u00bb custom_padding_tablet=\u00bb60px|||\u00bb custom_padding_phone=\u00bb\u00bb top_divider_height=\u00bb60px\u00bb][et_pb_row column_structure=\u00bb1_2,1_2&#8243; admin_label=\u00bbprogramme\u00bb module_id=\u00bbdestinationssardaigne\u00bb _builder_version=\u00bb4.3.4&#8243; background_size=\u00bbinitial\u00bb background_position=\u00bbtop_left\u00bb background_repeat=\u00bbrepeat\u00bb module_alignment=\u00bbcenter\u00bb][et_pb_column type=\u00bb1_2&#8243; _builder_version=\u00bb4.3.4&#8243; custom_padding=\u00bb|||\u00bb custom_padding__hover=\u00bb|||\u00bb][et_pb_text admin_label=\u00bbTitre programme\u00bb _builder_version=\u00bb4.3.4&#8243; text_font=\u00bb||||\u00bb text_text_color=\u00bb#1a1a1a\u00bb header_font=\u00bbOswald|on||on|\u00bb header_text_align=\u00bbleft\u00bb header_font_size=\u00bb44px\u00bb header_line_height=\u00bb1.3em\u00bb background_size=\u00bbinitial\u00bb background_position=\u00bbtop_left\u00bb background_repeat=\u00bbrepeat\u00bb max_width=\u00bb450px\u00bb custom_margin=\u00bb|||\u00bb custom_padding=\u00bb|||\u00bb animation_style=\u00bbslide\u00bb animation_direction=\u00bbtop\u00bb animation_intensity_slide=\u00bb10%\u00bb header_font_size_tablet=\u00bb39px\u00bb header_font_size_phone=\u00bb35px\u00bb header_font_size_last_edited=\u00bbon|phone\u00bb locked=\u00bboff\u00bb]<\/p>\n<h1>El Programa<\/h1>\n<p>[\/et_pb_text][et_pb_divider color=\u00bb#0c71c3&#8243; divider_position=\u00bbcenter\u00bb divider_weight=\u00bb3px\u00bb disabled_on=\u00bboff|off|off%22&#8243; admin_label=\u00bbS\u00e9parateur\u00bb _builder_version=\u00bb4.3.4&#8243; max_width=\u00bb150px\u00bb height=\u00bbfalse\u00bb custom_margin=\u00bb30px|||\u00bb animation_style=\u00bbslide\u00bb animation_direction=\u00bbtop\u00bb animation_delay=\u00bb100ms\u00bb animation_intensity_slide=\u00bb10%\u00bb locked=\u00bboff\u00bb][\/et_pb_divider][et_pb_text admin_label=\u00bbTexte programme \u00bb _builder_version=\u00bb4.3.4&#8243; text_font=\u00bbRoboto|300|||||||\u00bb text_font_size=\u00bb16px\u00bb text_line_height=\u00bb1.9em\u00bb background_size=\u00bbinitial\u00bb background_position=\u00bbtop_left\u00bb background_repeat=\u00bbrepeat\u00bb max_width=\u00bb450px\u00bb custom_margin=\u00bb17px||2px|||\u00bb custom_padding=\u00bb||0px|||\u00bb animation_style=\u00bbslide\u00bb animation_direction=\u00bbtop\u00bb animation_delay=\u00bb400ms\u00bb animation_intensity_slide=\u00bb4%\u00bb hover_enabled=\u00bb0&#8243; locked=\u00bboff\u00bb]<\/p>\n<p><strong>Disfrute del Mediterr\u00e1neo a bordo de un velero durante una semana de descubrimientos, deporte y naturaleza.<\/strong><\/p>\n<p>Nos adaptamos a sus expectativas y a su nivel, construyendo juntos el itinerario y el programa de su estancia.<\/p>\n<p>Elegimos con usted un destino adaptado a sus expectativas, a la temporada de su llegada y a las actividades que desee practicar durante las paradas en tierra: senderismo, ciclismo, nataci\u00f3n, submarinismo, escalada, barranquismo, windsurf, kayak, relax&#8230;.<\/p>\n<p><strong>Este viaje le invita a descubrir o redescubrir el Mediterr\u00e1neo, activamente tanto desde el mar como desde tierra.<\/strong><\/p>\n<p>[\/et_pb_text][\/et_pb_column][et_pb_column type=\u00bb1_2&#8243; _builder_version=\u00bb4.3.4&#8243;][et_pb_text admin_label=\u00bbTexte infos cl\u00e9s\u00bb _builder_version=\u00bb4.3.4&#8243; background_color=\u00bb#6fc8ce\u00bb custom_padding=\u00bb||0px|21px||\u00bb]<\/p>\n<h4>\u00a0<\/h4>\n<h4 style=\"text-align: center;\"><span style=\"text-decoration: underline;\"><strong>Informaci\u00f3n destacada<\/strong><\/span><\/h4>\n<p style=\"text-align: center;\">Estancias bajo demanda<\/p>\n<ul>\n<li style=\"text-align: left;\">\n<h5>Estancias de 7 o 14 d\u00edas<\/h5>\n<\/li>\n<li style=\"text-align: left;\">\n<h5>Desde 3400\u20ac \/ semana<\/h5>\n<\/li>\n<li style=\"text-align: left;\">\n<h5>Multiactividades<\/h5>\n<\/li>\n<\/ul>\n<ul>\n<li style=\"text-align: left;\">\n<h5>Hasta 6 personas<\/h5>\n<\/li>\n<li style=\"text-align: left;\">\n<h5>Alojamiento a bordo del yate, en camarotes compartidos<\/h5>\n<\/li>\n<li style=\"text-align: left;\">\n<h5>C omida preparada a bordo<\/h5>\n<\/li>\n<\/ul>\n<p style=\"text-align: center;\">[\/et_pb_text][et_pb_text admin_label=\u00bbTexte terrain de jeu\u00bb _builder_version=\u00bb4.3.4&#8243; background_color=\u00bb#6fc8ce\u00bb custom_padding=\u00bb|19px|0px|21px||\u00bb]<\/p>\n<h4><\/h4>\n<h4 style=\"text-align: center;\"><span style=\"text-decoration: underline;\"><strong>El campo de juego<\/strong><\/span><\/h4>\n<p style=\"text-align: center;\">Varios destinos son disponibles:<\/p>\n<ul>\n<li style=\"text-align: left;\">\n<h5>C\u00f3rcega<\/h5>\n<\/li>\n<li style=\"text-align: left;\">\n<h5>Cerde\u00f1a<\/h5>\n<\/li>\n<\/ul>\n<ul>\n<li style=\"text-align: left;\">\n<h5>Isla de Elba<\/h5>\n<\/li>\n<li>\n<h5>Sicilia<\/h5>\n<\/li>\n<li>\n<h5>todo otro destino del Mediterr\u00e1neo, a discutir juntos seg\u00fan la temporada, su proyecto, su presupuesto&#8230;<\/h5>\n<\/li>\n<\/ul>\n<p style=\"text-align: center;\">[\/et_pb_text][et_pb_button button_url=\u00bbhttps:\/\/voile-escalade.com\/vertigoblue\/vela-escalada\/contacto\/\u00bb url_new_window=\u00bbon\u00bb button_text=\u00bbCrea tu estancia\u00bb button_alignment=\u00bbcenter\u00bb admin_label=\u00bbBouton reserver option\u00bb _builder_version=\u00bb4.3.4&#8243;][\/et_pb_button][et_pb_button button_url=\u00bbhttps:\/\/voile-escalade.com\/vertigoblue\/vela-escalada\/proximas-salidas\/\u00bb url_new_window=\u00bbon\u00bb button_text=\u00bbFechas y Disponibilidades\u00bb button_alignment=\u00bbcenter\u00bb admin_label=\u00bbBouton fechas y precios\u00bb _builder_version=\u00bb4.3.4&#8243; locked=\u00bboff\u00bb][\/et_pb_button][\/et_pb_column][\/et_pb_row][et_pb_row _builder_version=\u00bb4.3.4&#8243;][et_pb_column type=\u00bb4_4&#8243; _builder_version=\u00bb4.3.4&#8243;][et_pb_image src=\u00bbhttps:\/\/voile-escalade.com\/vertigoblue\/vela-escalada\/wp-content\/uploads\/sites\/4\/2021\/01\/Bonifacio-voilier-coucher-de-soleil.jpg\u00bb _builder_version=\u00bb4.3.4&#8243;][\/et_pb_image][\/et_pb_column][\/et_pb_row][et_pb_row column_structure=\u00bb1_2,1_2&#8243; disabled_on=\u00bboff|off|off\u00bb admin_label=\u00bbAu jour le jour titre\u00bb module_id=\u00bb#destinations-sicile\u00bb module_class=\u00bbdc_inverser_colonnes-ligne\u00bb _builder_version=\u00bb4.3.4&#8243; background_size=\u00bbinitial\u00bb background_position=\u00bbtop_left\u00bb background_repeat=\u00bbrepeat\u00bb module_alignment=\u00bbcenter\u00bb][et_pb_column type=\u00bb1_2&#8243; _builder_version=\u00bb4.3.4&#8243; custom_padding=\u00bb|||\u00bb custom_padding__hover=\u00bb|||\u00bb][et_pb_text admin_label=\u00bbtitre au jour le jour\u00bb _builder_version=\u00bb4.3.4&#8243; text_font=\u00bb||||\u00bb text_text_color=\u00bb#1a1a1a\u00bb header_font=\u00bbOswald|on||on|\u00bb header_text_align=\u00bbleft\u00bb header_font_size=\u00bb44px\u00bb header_line_height=\u00bb1.3em\u00bb background_size=\u00bbinitial\u00bb background_position=\u00bbtop_left\u00bb background_repeat=\u00bbrepeat\u00bb max_width=\u00bb450px\u00bb custom_margin=\u00bb|||\u00bb custom_padding=\u00bb|||\u00bb animation_style=\u00bbslide\u00bb animation_direction=\u00bbtop\u00bb animation_intensity_slide=\u00bb10%\u00bb header_font_size_tablet=\u00bb39px\u00bb header_font_size_phone=\u00bb35px\u00bb header_font_size_last_edited=\u00bbon|phone\u00bb locked=\u00bboff\u00bb]<\/p>\n<h1>D\u00eda a d\u00eda<\/h1>\n<p>[\/et_pb_text][et_pb_divider color=\u00bb#0c71c3&#8243; divider_position=\u00bbcenter\u00bb divider_weight=\u00bb3px\u00bb disabled_on=\u00bboff|off|off%22&#8243; admin_label=\u00bbS\u00e9parateur\u00bb _builder_version=\u00bb4.3.4&#8243; max_width=\u00bb150px\u00bb height=\u00bbfalse\u00bb custom_margin=\u00bb30px|||\u00bb animation_style=\u00bbslide\u00bb animation_direction=\u00bbtop\u00bb animation_delay=\u00bb100ms\u00bb animation_intensity_slide=\u00bb10%\u00bb locked=\u00bboff\u00bb][\/et_pb_divider][\/et_pb_column][et_pb_column type=\u00bb1_2&#8243; _builder_version=\u00bb4.3.4&#8243;][\/et_pb_column][\/et_pb_row][et_pb_row _builder_version=\u00bb4.3.4&#8243; width=\u00bb100%\u00bb][et_pb_column type=\u00bb4_4&#8243; _builder_version=\u00bb4.3.4&#8243;][et_pb_text admin_label=\u00bbTexte au jour le jour\u00bb _builder_version=\u00bb4.3.4&#8243; text_font=\u00bbRoboto|300|||||||\u00bb text_font_size=\u00bb16px\u00bb]<\/p>\n<p><strong>El programa se define en funci\u00f3n de sus planes de viaje,<\/strong> que construimos juntos desde nuestro primer contacto y que perfeccionamos hasta el d\u00eda de la llegada.<\/p>\n<p><strong>Le proponemos alternar tiempos de navegaci\u00f3n con paradas en tierra<\/strong> para que pueda descubrir la zona a su ritmo y seg\u00fan sus deseos.<\/p>\n<p><strong>A bordo del yate, el objetivo es que participes seg\u00fan tu nivel y motivaci\u00f3n.<\/strong> En cualquier caso, \u00a1no dejaremos que te vayas sin haberte ense\u00f1ado cosas nuevas!<\/p>\n<p><strong>En tierra, se encontrar\u00e1 en autonom\u00eda, pero le aconsejaremos sobre todas las posibles actividades<\/strong> antes y durante su estancia, en funci\u00f3n de las condiciones meteorol\u00f3gicas.<\/p>\n<p>Tanto en puerto como en mar, <strong>nos encargamos de la organizaci\u00f3n de la vida cotidiana, del aprovisionamiento de alimentos, etc.<\/strong><\/p>\n<p><strong>Aqu\u00ed tienen un ejemplo de programa y de itinerario para una estancia de 7 d\u00edas desde Olbia (Cerde\u00f1a):<\/strong><\/p>\n<p><strong>D\u00eda 1<\/strong>: Bienvenida a bordo del barco a partir de las 19:00, en el puerto de salida. Aperitivo de bienvenida, instalaci\u00f3n a bordo y resumen del programa de la semana.<\/p>\n<p><strong>D\u00eda 2<\/strong>: Salida del puerto por la ma\u00f1ana tras una breve sesi\u00f3n de informaci\u00f3n sobre seguridad. Primer d\u00eda de navegaci\u00f3n, oportunidad para que todos se familiaricen con el barco, participen en las maniobras, prueben el tim\u00f3n y descubran los diferentes instrumentos de navegaci\u00f3n (mapa, br\u00fajula, GPS, etc.).<br \/>Almuerzo en navegaci\u00f3n, llegada al puerto de La Caletta al final del d\u00eda. Un peque\u00f1o aperitivo en tierra para los que quieran y un balance de este primer d\u00eda, para perfilar las expectativas de todos para el resto de la semana. (30 NM)<\/p>\n<p><strong>D\u00eda 3<\/strong>: Por la ma\u00f1ana, un paseo hasta el pueblo medieval de Posada, a pocos kil\u00f3metros del puerto. Regreso hacia el mediod\u00eda para un picnic en la playa. Por la tarde, deportes n\u00e1uticos de su elecci\u00f3n, seg\u00fan las condiciones meteorol\u00f3gicas: windsurf, kite, stand-up paddle o kayak. Noche en puerto.<\/p>\n<p><strong>D\u00eda 4<\/strong>: D\u00eda de navegaci\u00f3n hacia la isla de Tavolara. Ejercicios de pilotaje, trimado de velas, trazado de cartas y posicionamiento: todos podr\u00e1n practicar las tareas deseadas durante la navegaci\u00f3n.<\/p>\n<p><strong>D\u00eda 5<\/strong>: Excursi\u00f3n a Tavolara, supervisada por un gu\u00eda local. En el programa, \u00a1senderismo y v\u00eda ferrata en las alturas de la isla! Almuerzo para llevar y regreso en barco al final del d\u00eda. Noche de fondeo<\/p>\n<p><strong>D\u00eda 6<\/strong>: D\u00eda de navegaci\u00f3n para volver al puerto de origen. Afinaremos lo aprendido con el objetivo de realizar ciertas funciones de forma aut\u00f3noma: izar velas, maniobrar con la tripulaci\u00f3n, ajustar las velas o seguir el rumbo y el cuaderno de bit\u00e1cora&#8230; Por la noche, noche en un fondeadero cercano al puerto, elegido seg\u00fan la previsi\u00f3n meteorol\u00f3gica (20 NM).<\/p>\n<p><strong>D\u00eda 7:<\/strong> salida temprana para llegar al puerto antes del mediod\u00eda. Comida a bordo y balance de la semana. Desembarco entre las 14h00 y las 15h00. (5NM)<\/p>\n<p>[\/et_pb_text][\/et_pb_column][\/et_pb_row][et_pb_row column_structure=\u00bb1_2,1_2&#8243; admin_label=\u00bbtitre equipe\u00bb module_id=\u00bbdestinationssicile\u00bb module_class=\u00bbdc_inverser_colonnes-ligne\u00bb _builder_version=\u00bb4.3.4&#8243; background_size=\u00bbinitial\u00bb background_position=\u00bbtop_left\u00bb background_repeat=\u00bbrepeat\u00bb module_alignment=\u00bbcenter\u00bb][et_pb_column type=\u00bb1_2&#8243; _builder_version=\u00bb4.3.4&#8243; custom_padding=\u00bb|||\u00bb custom_padding__hover=\u00bb|||\u00bb][et_pb_text admin_label=\u00bbTitre equipe\u00bb _builder_version=\u00bb4.3.4&#8243; text_font=\u00bb||||\u00bb text_text_color=\u00bb#1a1a1a\u00bb header_font=\u00bbOswald|on||on|\u00bb header_text_align=\u00bbleft\u00bb header_font_size=\u00bb44px\u00bb header_line_height=\u00bb1.3em\u00bb background_size=\u00bbinitial\u00bb background_position=\u00bbtop_left\u00bb background_repeat=\u00bbrepeat\u00bb max_width=\u00bb450px\u00bb custom_margin=\u00bb|||\u00bb custom_padding=\u00bb|||\u00bb animation_style=\u00bbslide\u00bb animation_direction=\u00bbtop\u00bb animation_intensity_slide=\u00bb10%\u00bb header_font_size_tablet=\u00bb39px\u00bb header_font_size_phone=\u00bb35px\u00bb header_font_size_last_edited=\u00bbon|phone\u00bb locked=\u00bboff\u00bb]<\/p>\n<h1>El Equipo<\/h1>\n<p>[\/et_pb_text][et_pb_divider color=\u00bb#0c71c3&#8243; divider_position=\u00bbcenter\u00bb divider_weight=\u00bb3px\u00bb disabled_on=\u00bboff|off|off%22&#8243; admin_label=\u00bbS\u00e9parateur\u00bb _builder_version=\u00bb4.3.4&#8243; max_width=\u00bb150px\u00bb height=\u00bbfalse\u00bb custom_margin=\u00bb30px|||\u00bb animation_style=\u00bbslide\u00bb animation_direction=\u00bbtop\u00bb animation_delay=\u00bb100ms\u00bb animation_intensity_slide=\u00bb10%\u00bb locked=\u00bboff\u00bb][\/et_pb_divider][\/et_pb_column][et_pb_column type=\u00bb1_2&#8243; _builder_version=\u00bb4.3.4&#8243;][\/et_pb_column][\/et_pb_row][et_pb_row column_structure=\u00bb1_2,1_2&#8243; admin_label=\u00bbequipe andrea et sarah\u00bb module_id=\u00bbdestinationscorse\u00bb _builder_version=\u00bb4.3.4&#8243; background_size=\u00bbinitial\u00bb background_position=\u00bbtop_left\u00bb background_repeat=\u00bbrepeat\u00bb module_alignment=\u00bbcenter\u00bb][et_pb_column type=\u00bb1_2&#8243; _builder_version=\u00bb4.3.4&#8243; custom_padding=\u00bb|||\u00bb custom_padding__hover=\u00bb|||\u00bb][et_pb_image src=\u00bbhttps:\/\/voile-escalade.com\/vertigoblue\/vela-escalada\/wp-content\/uploads\/sites\/4\/2021\/01\/grande-voie-calanques-de-marseille.jpg\u00bb _builder_version=\u00bb4.3.4&#8243;][\/et_pb_image][\/et_pb_column][et_pb_column type=\u00bb1_2&#8243; _builder_version=\u00bb4.3.4&#8243;][et_pb_text _builder_version=\u00bb4.3.4&#8243;]<\/p>\n<h2><strong>Andrea y Sarah<\/strong><\/h2>\n<h2><strong>Formador y instructora de vela<\/strong><\/h2>\n<p>[\/et_pb_text][et_pb_text admin_label=\u00bbTexte equipe \u00bb _builder_version=\u00bb4.3.4&#8243; text_font=\u00bbRoboto|300|||||||\u00bb text_font_size=\u00bb16px\u00bb text_line_height=\u00bb1.9em\u00bb background_size=\u00bbinitial\u00bb background_position=\u00bbtop_left\u00bb background_repeat=\u00bbrepeat\u00bb max_width=\u00bb450px\u00bb custom_margin=\u00bb17px||2px|||\u00bb custom_padding=\u00bb||0px|||\u00bb animation_style=\u00bbslide\u00bb animation_direction=\u00bbtop\u00bb animation_delay=\u00bb400ms\u00bb animation_intensity_slide=\u00bb4%\u00bb locked=\u00bboff\u00bb]<\/p>\n<p>Originario de Ancona, en la costa este de Italia frente al Mar Adri\u00e1tico, <strong>Andrea<\/strong> se form\u00f3 en la navegaci\u00f3n en el Mediterr\u00e1neo, inicialmente en la costa espa\u00f1ola y luego principalmente en C\u00f3rcega y Cerde\u00f1a.<strong> Desde 2014<\/strong> <strong>ha realizado m\u00e1s de sesenta cursos de vela <\/strong>navegando entre Francia, Italia y Croacia. Tambi\u00e9n ha formado a varios instructores en la pr\u00e1ctica y la did\u00e1ctica de la navegaci\u00f3n.<\/p>\n<p><strong>Sarah<\/strong> es<strong> instructora de vela desde 2017<\/strong>.<br \/>Se form\u00f3 y ense\u00f1\u00f3 en Bonifacio, C\u00f3rcega, donde luego permaneci\u00f3 como asistente administrativa en la misma escuela de vela durante dos a\u00f1os.<\/p>\n<p>[\/et_pb_text][\/et_pb_column][\/et_pb_row][et_pb_row _builder_version=\u00bb4.3.4&#8243; background_size=\u00bbinitial\u00bb background_position=\u00bbtop_left\u00bb background_repeat=\u00bbrepeat\u00bb module_alignment=\u00bbcenter\u00bb locked=\u00bboff\u00bb][et_pb_column type=\u00bb4_4&#8243; _builder_version=\u00bb4.3.4&#8243; custom_padding=\u00bb|||\u00bb custom_padding__hover=\u00bb|||\u00bb][et_pb_button button_url=\u00bbhttps:\/\/voile-escalade.com\/vertigoblue\/vela-escalada\/contacto\/\u00bb url_new_window=\u00bbon\u00bb button_text=\u00bbInfo y Reservas\u00bb button_alignment=\u00bbcenter\u00bb admin_label=\u00bbBouton r\u00e9server\u00bb _builder_version=\u00bb4.3.4&#8243;][\/et_pb_button][\/et_pb_column][\/et_pb_row][\/et_pb_section]<\/p>\n","protected":false},"excerpt":{"rendered":"<p>El ProgramaDisfrute del Mediterr\u00e1neo a bordo de un velero durante una semana de descubrimientos, deporte y naturaleza. Nos adaptamos a sus expectativas y a su nivel, construyendo juntos el itinerario y el programa de su estancia. Elegimos con usted un destino adaptado a sus expectativas, a la temporada de su llegada y a las actividades [&hellip;]<\/p>\n","protected":false},"author":2,"featured_media":0,"parent":0,"menu_order":0,"comment_status":"closed","ping_status":"closed","template":"","meta":{"_et_pb_use_builder":"on","_et_pb_old_content":"","_et_gb_content_width":""},"yoast_head":"<!-- This site is optimized with the Yoast SEO plugin v20.2.1 - https:\/\/yoast.com\/wordpress\/plugins\/seo\/ -->\n<title>Vela Deporte y Naturaleza - Vela y escalada en Mediterraneo<\/title>\n<meta name=\"robots\" content=\"index, follow, max-snippet:-1, max-image-preview:large, max-video-preview:-1\" \/>\n<link rel=\"canonical\" href=\"https:\/\/voile-escalade.com\/vertigoblue\/vela-escalada\/vela-deporte-naturaleza\/\" \/>\n<meta property=\"og:locale\" content=\"es_ES\" \/>\n<meta property=\"og:type\" content=\"article\" \/>\n<meta property=\"og:title\" content=\"Vela Deporte y Naturaleza - Vela y escalada en Mediterraneo\" \/>\n<meta property=\"og:description\" content=\"El ProgramaDisfrute del Mediterr\u00e1neo a bordo de un velero durante una semana de descubrimientos, deporte y naturaleza. Nos adaptamos a sus expectativas y a su nivel, construyendo juntos el itinerario y el programa de su estancia. Elegimos con usted un destino adaptado a sus expectativas, a la temporada de su llegada y a las actividades [&hellip;]\" \/>\n<meta property=\"og:url\" content=\"https:\/\/voile-escalade.com\/vertigoblue\/vela-escalada\/vela-deporte-naturaleza\/\" \/>\n<meta property=\"og:site_name\" content=\"Vela y escalada en Mediterraneo\" \/>\n<meta property=\"article:modified_time\" content=\"2022-12-30T15:29:50+00:00\" \/>\n<meta name=\"twitter:card\" content=\"summary_large_image\" \/>\n<meta name=\"twitter:label1\" content=\"Tiempo de lectura\" \/>\n\t<meta name=\"twitter:data1\" content=\"10 minutos\" \/>\n<script type=\"application\/ld+json\" class=\"yoast-schema-graph\">{\"@context\":\"https:\/\/schema.org\",\"@graph\":[{\"@type\":\"WebPage\",\"@id\":\"https:\/\/voile-escalade.com\/vertigoblue\/vela-escalada\/vela-deporte-naturaleza\/\",\"url\":\"https:\/\/voile-escalade.com\/vertigoblue\/vela-escalada\/vela-deporte-naturaleza\/\",\"name\":\"Vela Deporte y Naturaleza - Vela y escalada en Mediterraneo\",\"isPartOf\":{\"@id\":\"https:\/\/voile-escalade.com\/vertigoblue\/vela-escalada\/#website\"},\"datePublished\":\"2022-01-03T17:50:29+00:00\",\"dateModified\":\"2022-12-30T15:29:50+00:00\",\"breadcrumb\":{\"@id\":\"https:\/\/voile-escalade.com\/vertigoblue\/vela-escalada\/vela-deporte-naturaleza\/#breadcrumb\"},\"inLanguage\":\"es\",\"potentialAction\":[{\"@type\":\"ReadAction\",\"target\":[\"https:\/\/voile-escalade.com\/vertigoblue\/vela-escalada\/vela-deporte-naturaleza\/\"]}]},{\"@type\":\"BreadcrumbList\",\"@id\":\"https:\/\/voile-escalade.com\/vertigoblue\/vela-escalada\/vela-deporte-naturaleza\/#breadcrumb\",\"itemListElement\":[{\"@type\":\"ListItem\",\"position\":1,\"name\":\"Accueil\",\"item\":\"https:\/\/voile-escalade.com\/vertigoblue\/vela-escalada\/\"},{\"@type\":\"ListItem\",\"position\":2,\"name\":\"Vela Deporte y Naturaleza\"}]},{\"@type\":\"WebSite\",\"@id\":\"https:\/\/voile-escalade.com\/vertigoblue\/vela-escalada\/#website\",\"url\":\"https:\/\/voile-escalade.com\/vertigoblue\/vela-escalada\/\",\"name\":\"Vela y escalada en Mediterraneo\",\"description\":\"Viajes deportivos vela y escalada\",\"potentialAction\":[{\"@type\":\"SearchAction\",\"target\":{\"@type\":\"EntryPoint\",\"urlTemplate\":\"https:\/\/voile-escalade.com\/vertigoblue\/vela-escalada\/?s={search_term_string}\"},\"query-input\":\"required name=search_term_string\"}],\"inLanguage\":\"es\"}]}<\/script>\n<!-- \/ Yoast SEO plugin. -->","yoast_head_json":{"title":"Vela Deporte y Naturaleza - Vela y escalada en Mediterraneo","robots":{"index":"index","follow":"follow","max-snippet":"max-snippet:-1","max-image-preview":"max-image-preview:large","max-video-preview":"max-video-preview:-1"},"canonical":"https:\/\/voile-escalade.com\/vertigoblue\/vela-escalada\/vela-deporte-naturaleza\/","og_locale":"es_ES","og_type":"article","og_title":"Vela Deporte y Naturaleza - Vela y escalada en Mediterraneo","og_description":"El ProgramaDisfrute del Mediterr\u00e1neo a bordo de un velero durante una semana de descubrimientos, deporte y naturaleza. Nos adaptamos a sus expectativas y a su nivel, construyendo juntos el itinerario y el programa de su estancia. Elegimos con usted un destino adaptado a sus expectativas, a la temporada de su llegada y a las actividades [&hellip;]","og_url":"https:\/\/voile-escalade.com\/vertigoblue\/vela-escalada\/vela-deporte-naturaleza\/","og_site_name":"Vela y escalada en Mediterraneo","article_modified_time":"2022-12-30T15:29:50+00:00","twitter_card":"summary_large_image","twitter_misc":{"Tiempo de lectura":"10 minutos"},"schema":{"@context":"https:\/\/schema.org","@graph":[{"@type":"WebPage","@id":"https:\/\/voile-escalade.com\/vertigoblue\/vela-escalada\/vela-deporte-naturaleza\/","url":"https:\/\/voile-escalade.com\/vertigoblue\/vela-escalada\/vela-deporte-naturaleza\/","name":"Vela Deporte y Naturaleza - Vela y escalada en Mediterraneo","isPartOf":{"@id":"https:\/\/voile-escalade.com\/vertigoblue\/vela-escalada\/#website"},"datePublished":"2022-01-03T17:50:29+00:00","dateModified":"2022-12-30T15:29:50+00:00","breadcrumb":{"@id":"https:\/\/voile-escalade.com\/vertigoblue\/vela-escalada\/vela-deporte-naturaleza\/#breadcrumb"},"inLanguage":"es","potentialAction":[{"@type":"ReadAction","target":["https:\/\/voile-escalade.com\/vertigoblue\/vela-escalada\/vela-deporte-naturaleza\/"]}]},{"@type":"BreadcrumbList","@id":"https:\/\/voile-escalade.com\/vertigoblue\/vela-escalada\/vela-deporte-naturaleza\/#breadcrumb","itemListElement":[{"@type":"ListItem","position":1,"name":"Accueil","item":"https:\/\/voile-escalade.com\/vertigoblue\/vela-escalada\/"},{"@type":"ListItem","position":2,"name":"Vela Deporte y Naturaleza"}]},{"@type":"WebSite","@id":"https:\/\/voile-escalade.com\/vertigoblue\/vela-escalada\/#website","url":"https:\/\/voile-escalade.com\/vertigoblue\/vela-escalada\/","name":"Vela y escalada en Mediterraneo","description":"Viajes deportivos vela y escalada","potentialAction":[{"@type":"SearchAction","target":{"@type":"EntryPoint","urlTemplate":"https:\/\/voile-escalade.com\/vertigoblue\/vela-escalada\/?s={search_term_string}"},"query-input":"required name=search_term_string"}],"inLanguage":"es"}]}},"_links":{"self":[{"href":"https:\/\/voile-escalade.com\/vertigoblue\/vela-escalada\/wp-json\/wp\/v2\/pages\/1171"}],"collection":[{"href":"https:\/\/voile-escalade.com\/vertigoblue\/vela-escalada\/wp-json\/wp\/v2\/pages"}],"about":[{"href":"https:\/\/voile-escalade.com\/vertigoblue\/vela-escalada\/wp-json\/wp\/v2\/types\/page"}],"author":[{"embeddable":true,"href":"https:\/\/voile-escalade.com\/vertigoblue\/vela-escalada\/wp-json\/wp\/v2\/users\/2"}],"replies":[{"embeddable":true,"href":"https:\/\/voile-escalade.com\/vertigoblue\/vela-escalada\/wp-json\/wp\/v2\/comments?post=1171"}],"version-history":[{"count":20,"href":"https:\/\/voile-escalade.com\/vertigoblue\/vela-escalada\/wp-json\/wp\/v2\/pages\/1171\/revisions"}],"predecessor-version":[{"id":1598,"href":"https:\/\/voile-escalade.com\/vertigoblue\/vela-escalada\/wp-json\/wp\/v2\/pages\/1171\/revisions\/1598"}],"wp:attachment":[{"href":"https:\/\/voile-escalade.com\/vertigoblue\/vela-escalada\/wp-json\/wp\/v2\/media?parent=1171"}],"curies":[{"name":"wp","href":"https:\/\/api.w.org\/{rel}","templated":true}]}}