{"id":1137,"date":"2022-01-03T18:40:44","date_gmt":"2022-01-03T17:40:44","guid":{"rendered":"https:\/\/voile-escalade.com\/vertigoblue\/vela-escalada\/?page_id=1137"},"modified":"2022-12-30T12:46:26","modified_gmt":"2022-12-30T11:46:26","slug":"destinaciones","status":"publish","type":"page","link":"https:\/\/voile-escalade.com\/vertigoblue\/vela-escalada\/destinaciones\/","title":{"rendered":"Destinos"},"content":{"rendered":"<p>[et_pb_section fb_built=\u00bb1&#8243; fullwidth=\u00bbon\u00bb _builder_version=\u00bb4.3.4&#8243;][et_pb_fullwidth_header title=\u00bbLos destinos\u00bb subhead=\u00bbEl Mediterr\u00e1neo de isla en isla, acantilado despues acantilado&#8230;\u00bb text_orientation=\u00bbcenter\u00bb button_one_url=\u00bb#destinations-corse\u00bb button_two_url=\u00bb#destinationseurope\u00bb _builder_version=\u00bb4.3.4&#8243; title_font=\u00bb|700|||||||\u00bb subhead_font_size=\u00bb22px\u00bb background_enable_color=\u00bboff\u00bb background_image=\u00bbhttps:\/\/voile-escalade.com\/vertigoblue\/vela-escalada\/wp-content\/uploads\/sites\/4\/2019\/12\/vertigo-blue-carte-marine-mediterranee-occidentale.jpg\u00bb][\/et_pb_fullwidth_header][\/et_pb_section][et_pb_section fb_built=\u00bb1&#8243; custom_padding_last_edited=\u00bbon|tablet\u00bb admin_label=\u00bbDestinations\u00bb _builder_version=\u00bb4.3.4&#8243; custom_padding=\u00bb59px||29px|||\u00bb custom_padding_tablet=\u00bb60px|||\u00bb custom_padding_phone=\u00bb\u00bb top_divider_height=\u00bb60px\u00bb][et_pb_row _builder_version=\u00bb4.3.4&#8243; background_size=\u00bbinitial\u00bb background_position=\u00bbtop_left\u00bb background_repeat=\u00bbrepeat\u00bb module_alignment=\u00bbcenter\u00bb][et_pb_column type=\u00bb4_4&#8243; _builder_version=\u00bb4.3.4&#8243; custom_padding=\u00bb|||\u00bb custom_padding__hover=\u00bb|||\u00bb][et_pb_image src=\u00bbhttps:\/\/voile-escalade.com\/vertigoblue\/vela-escalada\/wp-content\/uploads\/sites\/4\/2021\/12\/destinations-vertigo-blue-mediterranee-voyage-voile.jpg\u00bb force_fullwidth=\u00bbon\u00bb src_tablet=\u00bb\u00bb src_phone=\u00bb\u00bb src_last_edited=\u00bbon|desktop\u00bb admin_label=\u00bbImage destinations\u00bb _builder_version=\u00bb4.3.4&#8243;][\/et_pb_image][et_pb_text admin_label=\u00bbnos s\u00e9jours se d\u00e9roulent en med\u00bb _builder_version=\u00bb4.3.4&#8243; text_font=\u00bbRoboto||||\u00bb text_text_color=\u00bb#1a1a1a\u00bb text_font_size=\u00bb24px\u00bb text_line_height=\u00bb1.4em\u00bb background_size=\u00bbinitial\u00bb background_position=\u00bbtop_left\u00bb background_repeat=\u00bbrepeat\u00bb max_width_tablet=\u00bb\u00bb max_width_phone=\u00bb\u00bb max_width_last_edited=\u00bbon|phone\u00bb custom_padding=\u00bb0px|||||\u00bb animation_style=\u00bbslide\u00bb animation_direction=\u00bbtop\u00bb animation_delay=\u00bb200ms\u00bb animation_intensity_slide=\u00bb10%\u00bb locked=\u00bboff\u00bb]Nuestros recorridos tienen lugar en el Mediterr\u00e1neo, a bordo de barcos de vela habitables.<br \/>\n[\/et_pb_text][et_pb_text admin_label=\u00bbTexte s\u00e9jours destinations \u00bb _builder_version=\u00bb4.3.4&#8243; text_font=\u00bbRoboto|300|||||||\u00bb text_font_size=\u00bb16px\u00bb text_line_height=\u00bb1.9em\u00bb background_size=\u00bbinitial\u00bb background_position=\u00bbtop_left\u00bb background_repeat=\u00bbrepeat\u00bb max_width_tablet=\u00bb\u00bb max_width_phone=\u00bb\u00bb max_width_last_edited=\u00bbon|phone\u00bb custom_margin=\u00bb60|||\u00bb custom_padding=\u00bb||60px|\u00bb animation_style=\u00bbslide\u00bb animation_direction=\u00bbtop\u00bb animation_delay=\u00bb400ms\u00bb animation_intensity_slide=\u00bb4%\u00bb locked=\u00bboff\u00bb]<\/p>\n<p>Las estancias de <strong>navegaci\u00f3n y escalada<\/strong> se ofrecen en primavera y oto\u00f1o, con salida desde <strong>Olbia (Cerde\u00f1a) o Marsala (Sicilia)<\/strong>.<\/p>\n<p>Se ofrecen <strong>cursos de vela<\/strong> y estancias <strong>\u00abnavegaci\u00f3n, deporte y naturaleza\u00bb a medida<\/strong> desde varios puertos del Mediterr\u00e1neo, bajo pedido. Somos expertos de <strong>C\u00f3rcega, Cerde\u00f1a, Sicilia y Elba<\/strong>, pero tambi\u00e9n ofrecemos viajes desde la <strong>Costa Azul, el Golfo de Le\u00f3n, Croacia, Barcelona y Islas Baleares<\/strong>.<\/p>\n<p>Ofrecemos excursiones durante todo el a\u00f1o.<\/p>\n<p>[\/et_pb_text][\/et_pb_column][\/et_pb_row][et_pb_row _builder_version=\u00bb4.3.4&#8243; column_structure=\u00bb1_2,1_2&#8243; hover_enabled=\u00bb0&#8243;][et_pb_column _builder_version=\u00bb4.3.4&#8243; type=\u00bb1_2&#8243;][et_pb_button button_url=\u00bbhttps:\/\/voile-escalade.com\/vertigoblue\/vela-escalada\/contacto\/\u00bb url_new_window=\u00bbon\u00bb button_text=\u00bbInfo y Reservaci\u00f3nes\u00bb button_alignment=\u00bbcenter\u00bb admin_label=\u00bbBouton r\u00e9server\u00bb _builder_version=\u00bb4.3.4&#8243;][\/et_pb_button][\/et_pb_column][et_pb_column _builder_version=\u00bb4.3.4&#8243; type=\u00bb1_2&#8243;][et_pb_button button_url=\u00bbhttps:\/\/voile-escalade.com\/vertigoblue\/vela-escalada\/proximas-salidas\/\u00bb url_new_window=\u00bbon\u00bb button_text=\u00bbProximas salidas\u00bb button_alignment=\u00bbcenter\u00bb admin_label=\u00bbBouton proximas salidas\u00bb _builder_version=\u00bb4.3.4&#8243; hover_enabled=\u00bb0&#8243;][\/et_pb_button][\/et_pb_column][\/et_pb_row][\/et_pb_section][et_pb_section fb_built=\u00bb1&#8243; custom_padding_last_edited=\u00bbon|tablet\u00bb admin_label=\u00bbdestinations d\u00e9tails\u00bb module_id=\u00bbdestinationseurope\u00bb module_class=\u00bbdc_inverser_colonnes-section\u00bb _builder_version=\u00bb4.3.4&#8243; custom_padding=\u00bb59px||29px|||\u00bb custom_padding_tablet=\u00bb60px|||\u00bb custom_padding_phone=\u00bb\u00bb top_divider_height=\u00bb60px\u00bb][et_pb_row column_structure=\u00bb1_2,1_2&#8243; admin_label=\u00bbSardaigne\u00bb module_id=\u00bbdestinationssardaigne\u00bb _builder_version=\u00bb4.3.4&#8243; background_size=\u00bbinitial\u00bb background_position=\u00bbtop_left\u00bb background_repeat=\u00bbrepeat\u00bb module_alignment=\u00bbcenter\u00bb][et_pb_column type=\u00bb1_2&#8243; _builder_version=\u00bb4.3.4&#8243; custom_padding=\u00bb|||\u00bb custom_padding__hover=\u00bb|||\u00bb][et_pb_text admin_label=\u00bbTitre Sardaigne\u00bb _builder_version=\u00bb4.3.4&#8243; text_font=\u00bb||||\u00bb text_text_color=\u00bb#1a1a1a\u00bb header_font=\u00bbOswald|on||on|\u00bb header_text_align=\u00bbleft\u00bb header_font_size=\u00bb44px\u00bb header_line_height=\u00bb1.3em\u00bb background_size=\u00bbinitial\u00bb background_position=\u00bbtop_left\u00bb background_repeat=\u00bbrepeat\u00bb max_width=\u00bb450px\u00bb custom_margin=\u00bb|||\u00bb custom_padding=\u00bb|||\u00bb animation_style=\u00bbslide\u00bb animation_direction=\u00bbtop\u00bb animation_intensity_slide=\u00bb10%\u00bb header_font_size_tablet=\u00bb39px\u00bb header_font_size_phone=\u00bb35px\u00bb header_font_size_last_edited=\u00bbon|phone\u00bb locked=\u00bboff\u00bb]<\/p>\n<h1>Cerde\u00f1a<\/h1>\n<p>[\/et_pb_text][et_pb_divider color=\u00bb#0c71c3&#8243; divider_position=\u00bbcenter\u00bb divider_weight=\u00bb3px\u00bb disabled_on=\u00bboff|off|off%22&#8243; admin_label=\u00bbS\u00e9parateur\u00bb _builder_version=\u00bb4.3.4&#8243; max_width=\u00bb150px\u00bb height=\u00bbfalse\u00bb custom_margin=\u00bb30px|||\u00bb animation_style=\u00bbslide\u00bb animation_direction=\u00bbtop\u00bb animation_delay=\u00bb100ms\u00bb animation_intensity_slide=\u00bb10%\u00bb locked=\u00bboff\u00bb][\/et_pb_divider][et_pb_text admin_label=\u00bbTexte Contact \u00bb _builder_version=\u00bb4.3.4&#8243; text_font=\u00bbRoboto|300|||||||\u00bb text_font_size=\u00bb16px\u00bb text_line_height=\u00bb1.9em\u00bb background_size=\u00bbinitial\u00bb background_position=\u00bbtop_left\u00bb background_repeat=\u00bbrepeat\u00bb max_width=\u00bb450px\u00bb custom_margin=\u00bb17px||2px|||\u00bb custom_padding=\u00bb||0px|||\u00bb animation_style=\u00bbslide\u00bb animation_direction=\u00bbtop\u00bb animation_delay=\u00bb400ms\u00bb animation_intensity_slide=\u00bb4%\u00bb locked=\u00bboff\u00bb]<\/p>\n<p><strong>Cerde\u00f1a<\/strong> es una isla monta\u00f1osa, salvaje y preservada, pero tambi\u00e9n viva y animada.<\/p>\n<p>Su costa de <strong>aguas turquesas<\/strong> est\u00e1 bordeada por numerosos islotes que ofrecen excelentes condiciones de navegaci\u00f3n y anclaje. <strong>Sus acantilados y su relieve invitan a practicar la escalada o el senderismo<\/strong> en un entorno de gran belleza: acantilados abruptos en el <strong>golfo de Orosei<\/strong>, costas rocosas de tonos rosados en el <strong>archipi\u00e9lago de la Maddalena<\/strong>, senderos escarpados en medio del matorral mediterr\u00e1neo&#8230;<\/p>\n<p>[\/et_pb_text][et_pb_text admin_label=\u00bbTexte Contact \u00bb _builder_version=\u00bb4.3.4&#8243; text_font=\u00bbRoboto|300|||||||\u00bb text_font_size=\u00bb16px\u00bb text_line_height=\u00bb1.9em\u00bb background_size=\u00bbinitial\u00bb background_position=\u00bbtop_left\u00bb background_repeat=\u00bbrepeat\u00bb max_width=\u00bb450px\u00bb custom_margin=\u00bb60||7px|||\u00bb custom_padding=\u00bb||0px|||\u00bb animation_style=\u00bbslide\u00bb animation_direction=\u00bbtop\u00bb animation_delay=\u00bb400ms\u00bb animation_intensity_slide=\u00bb4%\u00bb locked=\u00bboff\u00bb]<\/p>\n<h5>Nuestras estancias en Cerde\u00f1a:<\/h5>\n<p>[\/et_pb_text][et_pb_button button_url=\u00bbhttps:\/\/voile-escalade.com\/vertigoblue\/vela-escalada\/cerdena-vela-y-escalada\/\u00bb url_new_window=\u00bbon\u00bb button_text=\u00bbnavegaci\u00f3n y escalada\u00bb admin_label=\u00bbBouton voile escalade sardaigne\u00bb _builder_version=\u00bb4.3.4&#8243;][\/et_pb_button][et_pb_button button_url=\u00bbhttps:\/\/voile-escalade.com\/vertigoblue\/vela-escalada\/vela-deporte-naturaleza\/\u00bb url_new_window=\u00bbon\u00bb button_text=\u00bbnavegaci\u00f3n, deporte y naturaleza a medida\u00bb admin_label=\u00bbBouton voile sport nature\u00bb _builder_version=\u00bb4.3.4&#8243;][\/et_pb_button][et_pb_button button_url=\u00bbhttps:\/\/voile-escalade.com\/vertigoblue\/vela-escalada\/cursos-vela\/\u00bb url_new_window=\u00bbon\u00bb button_text=\u00bbCursos de navegaci\u00f3n\u00bb admin_label=\u00bbBouton stage de voile\u00bb _builder_version=\u00bb4.3.4&#8243;][\/et_pb_button][\/et_pb_column][et_pb_column type=\u00bb1_2&#8243; _builder_version=\u00bb4.3.4&#8243;][et_pb_image src=\u00bbhttps:\/\/voile-escalade.com\/vertigoblue\/vela-escalada\/wp-content\/uploads\/sites\/4\/2020\/05\/destination-sardaigne-cala-gonone-voile-escalade-vertigo-blue.jpg\u00bb _builder_version=\u00bb4.3.4&#8243;][\/et_pb_image][\/et_pb_column][\/et_pb_row][et_pb_row _builder_version=\u00bb4.3.4&#8243;][et_pb_column type=\u00bb4_4&#8243; _builder_version=\u00bb4.3.4&#8243;][et_pb_divider _builder_version=\u00bb4.3.4&#8243;][\/et_pb_divider][\/et_pb_column][\/et_pb_row][et_pb_row column_structure=\u00bb1_2,1_2&#8243; admin_label=\u00bbGr\u00e8ce\u00bb module_id=\u00bbdestinationsgrece\u00bb _builder_version=\u00bb4.3.4&#8243; background_size=\u00bbinitial\u00bb background_position=\u00bbtop_left\u00bb background_repeat=\u00bbrepeat\u00bb module_alignment=\u00bbcenter\u00bb locked=\u00bboff\u00bb][et_pb_column type=\u00bb1_2&#8243; _builder_version=\u00bb4.3.4&#8243; custom_padding=\u00bb|||\u00bb custom_padding__hover=\u00bb|||\u00bb][et_pb_text admin_label=\u00bbTitre Gr\u00e8ce\u00bb _builder_version=\u00bb4.3.4&#8243; text_font=\u00bb||||\u00bb text_text_color=\u00bb#1a1a1a\u00bb header_font=\u00bbOswald|on||on|\u00bb header_text_align=\u00bbleft\u00bb header_font_size=\u00bb44px\u00bb header_line_height=\u00bb1.3em\u00bb background_size=\u00bbinitial\u00bb background_position=\u00bbtop_left\u00bb background_repeat=\u00bbrepeat\u00bb max_width=\u00bb450px\u00bb custom_margin=\u00bb|||\u00bb custom_padding=\u00bb|||\u00bb animation_style=\u00bbslide\u00bb animation_direction=\u00bbtop\u00bb animation_intensity_slide=\u00bb10%\u00bb header_font_size_tablet=\u00bb39px\u00bb header_font_size_phone=\u00bb35px\u00bb header_font_size_last_edited=\u00bbon|phone\u00bb locked=\u00bboff\u00bb]<\/p>\n<h1>Grecia Arg\u00f3lica<\/h1>\n<p>[\/et_pb_text][et_pb_divider color=\u00bb#0c71c3&#8243; divider_position=\u00bbcenter\u00bb divider_weight=\u00bb3px\u00bb disabled_on=\u00bboff|off|off%22&#8243; admin_label=\u00bbS\u00e9parateur\u00bb _builder_version=\u00bb4.3.4&#8243; max_width=\u00bb150px\u00bb height=\u00bbfalse\u00bb custom_margin=\u00bb30px|||\u00bb animation_style=\u00bbslide\u00bb animation_direction=\u00bbtop\u00bb animation_delay=\u00bb100ms\u00bb animation_intensity_slide=\u00bb10%\u00bb locked=\u00bboff\u00bb][\/et_pb_divider][et_pb_text admin_label=\u00bbTexte Contact \u00bb _builder_version=\u00bb4.3.4&#8243; text_font=\u00bbRoboto|300|||||||\u00bb text_font_size=\u00bb16px\u00bb text_line_height=\u00bb1.9em\u00bb background_size=\u00bbinitial\u00bb background_position=\u00bbtop_left\u00bb background_repeat=\u00bbrepeat\u00bb max_width=\u00bb450px\u00bb custom_margin=\u00bb17px||2px|||\u00bb custom_padding=\u00bb||0px|||\u00bb animation_style=\u00bbslide\u00bb animation_direction=\u00bbtop\u00bb animation_delay=\u00bb400ms\u00bb animation_intensity_slide=\u00bb4%\u00bb locked=\u00bboff\u00bb]<\/p>\n<p><strong>Viento y nada<\/strong> (o poco) <strong>de ola<\/strong>, lindos <strong>puertecitos de pescadores<\/strong> y <strong>tremendos acantilados<\/strong> junto al mar,<strong> bah\u00edas salvajes<\/strong> y buenos restaurantes. \u00bfTodo esto lejos de las multitudes?<\/p>\n<p>\u00a1Bienvenidos al <strong>Golfo Arg\u00f3lico<\/strong>!<\/p>\n<p>El Peloponeso oriental parece seguir siendo a veces un lugar de anta\u00f1o, <strong>sonriente y acogedor<\/strong>, a tama\u00f1o humano.<\/p>\n<p>Un lugar tranquilo para disfrutar de la <strong>navegaci\u00f3n<\/strong>, el <strong>senderismo<\/strong>, la <strong>escalada<\/strong>, el <strong>buceo<\/strong> o la <strong>variada y sabrosa gastronom\u00eda <\/strong>del sur de Grecia.<\/p>\n<p>[\/et_pb_text][et_pb_text admin_label=\u00bbTexte Contact \u00bb _builder_version=\u00bb4.3.4&#8243; text_font=\u00bbRoboto|300|||||||\u00bb text_font_size=\u00bb16px\u00bb text_line_height=\u00bb1.9em\u00bb background_size=\u00bbinitial\u00bb background_position=\u00bbtop_left\u00bb background_repeat=\u00bbrepeat\u00bb max_width=\u00bb450px\u00bb custom_margin=\u00bb60||7px|||\u00bb custom_padding=\u00bb||0px|||\u00bb animation_style=\u00bbslide\u00bb animation_direction=\u00bbtop\u00bb animation_delay=\u00bb400ms\u00bb animation_intensity_slide=\u00bb4%\u00bb locked=\u00bboff\u00bb]<\/p>\n<h5>Nuestras estancias en Grecia:<\/h5>\n<p>[\/et_pb_text][et_pb_button button_url=\u00bbhttps:\/\/voile-escalade.com\/vertigoblue\/vela-escalada\/grecia-vela-y-escalada\/\u00bb url_new_window=\u00bbon\u00bb button_text=\u00bbnavegaci\u00f3n y escalada\u00bb admin_label=\u00bbBouton voile escalade Gr\u00e8ce\u00bb _builder_version=\u00bb4.3.4&#8243;][\/et_pb_button][et_pb_button button_url=\u00bbhttps:\/\/voile-escalade.com\/vertigoblue\/vela-escalada\/vela-deporte-naturaleza\/\u00bb url_new_window=\u00bbon\u00bb button_text=\u00bbnavegaci\u00f3n, deporte y naturaleza a medida\u00bb admin_label=\u00bbBouton voile sport nature\u00bb _builder_version=\u00bb4.3.4&#8243;][\/et_pb_button][et_pb_button button_url=\u00bbhttps:\/\/voile-escalade.com\/vertigoblue\/vela-escalada\/cursos-vela\/\u00bb url_new_window=\u00bbon\u00bb button_text=\u00bbCursos de navegaci\u00f3n\u00bb admin_label=\u00bbBouton stage de voile\u00bb _builder_version=\u00bb4.3.4&#8243;][\/et_pb_button][\/et_pb_column][et_pb_column type=\u00bb1_2&#8243; _builder_version=\u00bb4.3.4&#8243;][et_pb_image src=\u00bbhttps:\/\/voile-escalade.com\/vertigoblue\/wp-content\/uploads\/2022\/04\/Sailing-climbing-Greece.jpg\u00bb _builder_version=\u00bb4.3.4&#8243;][\/et_pb_image][\/et_pb_column][\/et_pb_row][et_pb_row _builder_version=\u00bb4.3.4&#8243;][et_pb_column type=\u00bb4_4&#8243; _builder_version=\u00bb4.3.4&#8243;][et_pb_divider _builder_version=\u00bb4.3.4&#8243;][\/et_pb_divider][\/et_pb_column][\/et_pb_row][et_pb_row column_structure=\u00bb1_2,1_2&#8243; admin_label=\u00bbSicile\u00bb module_id=\u00bbdestinationssicile\u00bb _builder_version=\u00bb4.3.4&#8243; background_size=\u00bbinitial\u00bb background_position=\u00bbtop_left\u00bb background_repeat=\u00bbrepeat\u00bb module_alignment=\u00bbcenter\u00bb][et_pb_column type=\u00bb1_2&#8243; _builder_version=\u00bb4.3.4&#8243; custom_padding=\u00bb|||\u00bb custom_padding__hover=\u00bb|||\u00bb][et_pb_text admin_label=\u00bbTitre Sicile\u00bb _builder_version=\u00bb4.3.4&#8243; text_font=\u00bb||||\u00bb text_text_color=\u00bb#1a1a1a\u00bb header_font=\u00bbOswald|on||on|\u00bb header_text_align=\u00bbleft\u00bb header_font_size=\u00bb44px\u00bb header_line_height=\u00bb1.3em\u00bb background_size=\u00bbinitial\u00bb background_position=\u00bbtop_left\u00bb background_repeat=\u00bbrepeat\u00bb max_width=\u00bb450px\u00bb custom_margin=\u00bb|||\u00bb custom_padding=\u00bb|||\u00bb animation_style=\u00bbslide\u00bb animation_direction=\u00bbtop\u00bb animation_intensity_slide=\u00bb10%\u00bb header_font_size_tablet=\u00bb39px\u00bb header_font_size_phone=\u00bb35px\u00bb header_font_size_last_edited=\u00bbon|phone\u00bb locked=\u00bboff\u00bb]<\/p>\n<h1>Sicilia<\/h1>\n<p>[\/et_pb_text][et_pb_divider color=\u00bb#0c71c3&#8243; divider_position=\u00bbcenter\u00bb divider_weight=\u00bb3px\u00bb disabled_on=\u00bboff|off|off%22&#8243; admin_label=\u00bbS\u00e9parateur\u00bb _builder_version=\u00bb4.3.4&#8243; max_width=\u00bb150px\u00bb height=\u00bbfalse\u00bb custom_margin=\u00bb30px|||\u00bb animation_style=\u00bbslide\u00bb animation_direction=\u00bbtop\u00bb animation_delay=\u00bb100ms\u00bb animation_intensity_slide=\u00bb10%\u00bb locked=\u00bboff\u00bb][\/et_pb_divider][et_pb_text admin_label=\u00bbTexte Contact \u00bb _builder_version=\u00bb4.3.4&#8243; text_font=\u00bbRoboto|300|||||||\u00bb text_font_size=\u00bb16px\u00bb text_line_height=\u00bb1.9em\u00bb background_size=\u00bbinitial\u00bb background_position=\u00bbtop_left\u00bb background_repeat=\u00bbrepeat\u00bb max_width=\u00bb450px\u00bb custom_margin=\u00bb17px||2px|||\u00bb custom_padding=\u00bb||0px|||\u00bb animation_style=\u00bbslide\u00bb animation_direction=\u00bbtop\u00bb animation_delay=\u00bb400ms\u00bb animation_intensity_slide=\u00bb4%\u00bb locked=\u00bboff\u00bb]<\/p>\n<p><strong>Sicilia<\/strong> es la mayor isla del Mediterr\u00e1neo y su territorio est\u00e1 salpicado de parques naturales.<br \/>En barco, el<strong> archipi\u00e9lago de las Egadas<\/strong>, en la costa oeste, o las<strong> islas Eolias<\/strong>, al norte, son nuestras zonas de navegaci\u00f3n favoritas.<\/p>\n<p>Los impresionantes kil\u00f3metros de acantilados bien equipados de<strong> San Vito Lo Capo<\/strong>, en el borde de la costa noroeste de la isla, lo convierten en un lugar de especial inter\u00e9s para la escalada.<\/p>\n<p><strong>La gastronom\u00eda siciliana es incomparable<\/strong>, con sus numerosos postres, productos a base de pistacho, pescado fresco, vino&#8230;<\/p>\n<p>[\/et_pb_text][et_pb_text admin_label=\u00bbTexte Contact \u00bb _builder_version=\u00bb4.3.4&#8243; text_font=\u00bbRoboto|300|||||||\u00bb text_font_size=\u00bb16px\u00bb text_line_height=\u00bb1.9em\u00bb background_size=\u00bbinitial\u00bb background_position=\u00bbtop_left\u00bb background_repeat=\u00bbrepeat\u00bb max_width=\u00bb450px\u00bb custom_margin=\u00bb60||7px|||\u00bb custom_padding=\u00bb||0px|||\u00bb animation_style=\u00bbslide\u00bb animation_direction=\u00bbtop\u00bb animation_delay=\u00bb400ms\u00bb animation_intensity_slide=\u00bb4%\u00bb locked=\u00bboff\u00bb]<\/p>\n<h5>Nuestras estancias en Sicilia:<\/h5>\n<p>[\/et_pb_text][et_pb_button button_url=\u00bbhttps:\/\/voile-escalade.com\/vertigoblue\/vela-escalada\/sicilia-vela-y-escalada\/\u00bb url_new_window=\u00bbon\u00bb button_text=\u00bbnavegaci\u00f3n y escalada\u00bb admin_label=\u00bbBouton voile escalade sicile\u00bb _builder_version=\u00bb4.3.4&#8243;][\/et_pb_button][et_pb_button button_url=\u00bbhttps:\/\/voile-escalade.com\/vertigoblue\/vela-escalada\/vela-deporte-naturaleza\/\u00bb url_new_window=\u00bbon\u00bb button_text=\u00bbnavegaci\u00f3n, deporte y naturaleza a medida\u00bb admin_label=\u00bbBouton voile sport nature\u00bb _builder_version=\u00bb4.3.4&#8243;][\/et_pb_button][et_pb_button button_url=\u00bbhttps:\/\/voile-escalade.com\/vertigoblue\/vela-escalada\/cursos-vela\/\u00bb url_new_window=\u00bbon\u00bb button_text=\u00bbCursos de navegaci\u00f3n\u00bb admin_label=\u00bbBouton stage de voile\u00bb _builder_version=\u00bb4.3.4&#8243;][\/et_pb_button][\/et_pb_column][et_pb_column type=\u00bb1_2&#8243; _builder_version=\u00bb4.3.4&#8243;][et_pb_image src=\u00bbhttps:\/\/voile-escalade.com\/vertigoblue\/vela-escalada\/wp-content\/uploads\/sites\/4\/2020\/05\/destination-sicile-san-vito-lo-capo-voile-escalade-vertigo-blue.jpg\u00bb _builder_version=\u00bb4.3.4&#8243;][\/et_pb_image][\/et_pb_column][\/et_pb_row][et_pb_row _builder_version=\u00bb4.3.4&#8243;][et_pb_column type=\u00bb4_4&#8243; _builder_version=\u00bb4.3.4&#8243;][et_pb_divider _builder_version=\u00bb4.3.4&#8243;][\/et_pb_divider][\/et_pb_column][\/et_pb_row][et_pb_row column_structure=\u00bb1_2,1_2&#8243; admin_label=\u00bbcorse\u00bb module_id=\u00bbdestinationscorse\u00bb _builder_version=\u00bb4.3.4&#8243; background_size=\u00bbinitial\u00bb background_position=\u00bbtop_left\u00bb background_repeat=\u00bbrepeat\u00bb module_alignment=\u00bbcenter\u00bb][et_pb_column type=\u00bb1_2&#8243; _builder_version=\u00bb4.3.4&#8243; custom_padding=\u00bb|||\u00bb custom_padding__hover=\u00bb|||\u00bb][et_pb_text admin_label=\u00bbTitre Corse\u00bb _builder_version=\u00bb4.3.4&#8243; text_font=\u00bb||||\u00bb text_text_color=\u00bb#1a1a1a\u00bb header_font=\u00bbOswald|on||on|\u00bb header_text_align=\u00bbleft\u00bb header_font_size=\u00bb44px\u00bb header_line_height=\u00bb1.3em\u00bb background_size=\u00bbinitial\u00bb background_position=\u00bbtop_left\u00bb background_repeat=\u00bbrepeat\u00bb max_width=\u00bb450px\u00bb custom_margin=\u00bb|||\u00bb custom_padding=\u00bb|||\u00bb animation_style=\u00bbslide\u00bb animation_direction=\u00bbtop\u00bb animation_intensity_slide=\u00bb10%\u00bb header_font_size_tablet=\u00bb39px\u00bb header_font_size_phone=\u00bb35px\u00bb header_font_size_last_edited=\u00bbon|phone\u00bb locked=\u00bboff\u00bb]<\/p>\n<h1>C\u00f3rcega<\/h1>\n<p>[\/et_pb_text][et_pb_divider color=\u00bb#0c71c3&#8243; divider_position=\u00bbcenter\u00bb divider_weight=\u00bb3px\u00bb disabled_on=\u00bboff|off|off%22&#8243; admin_label=\u00bbS\u00e9parateur\u00bb _builder_version=\u00bb4.3.4&#8243; max_width=\u00bb150px\u00bb height=\u00bbfalse\u00bb custom_margin=\u00bb30px|||\u00bb animation_style=\u00bbslide\u00bb animation_direction=\u00bbtop\u00bb animation_delay=\u00bb100ms\u00bb animation_intensity_slide=\u00bb10%\u00bb locked=\u00bboff\u00bb][\/et_pb_divider][et_pb_text admin_label=\u00bbTexte Contact \u00bb _builder_version=\u00bb4.3.4&#8243; text_font=\u00bbRoboto|300|||||||\u00bb text_font_size=\u00bb16px\u00bb text_line_height=\u00bb1.9em\u00bb background_size=\u00bbinitial\u00bb background_position=\u00bbtop_left\u00bb background_repeat=\u00bbrepeat\u00bb max_width=\u00bb450px\u00bb custom_margin=\u00bb60||7px|||\u00bb custom_padding=\u00bb||0px|||\u00bb animation_style=\u00bbslide\u00bb animation_direction=\u00bbtop\u00bb animation_delay=\u00bb400ms\u00bb animation_intensity_slide=\u00bb4%\u00bb locked=\u00bboff\u00bb]<\/p>\n<p><strong>C\u00f3rcega<\/strong> es una isla<strong> salvaje y montuosa,<\/strong> un lugar de ensue\u00f1o cuando se trata de viajes en barco.<\/p>\n<p>Su costa ofrece una gran diversidad de paisajes, a menudo de<strong> impresionante belleza.<\/strong><\/p>\n<p>Aunque es un destino muy popular, sus habitantes <strong>han conseguido preservar la \u00edndole salvaje de la isla<\/strong>. Evitar la temporada alta le permitir\u00e1 disfrutar m\u00e1s de algunos lugares que de otro modo estar\u00edan masificados, como las <strong>Islas Lavezzi<\/strong>.<\/p>\n<p>\u200b<\/p>\n<p>[\/et_pb_text][et_pb_text admin_label=\u00bbTexte Contact \u00bb _builder_version=\u00bb4.3.4&#8243; text_font=\u00bbRoboto|300|||||||\u00bb text_font_size=\u00bb16px\u00bb text_line_height=\u00bb1.9em\u00bb background_size=\u00bbinitial\u00bb background_position=\u00bbtop_left\u00bb background_repeat=\u00bbrepeat\u00bb max_width=\u00bb450px\u00bb custom_margin=\u00bb60||7px|||\u00bb custom_padding=\u00bb||0px|||\u00bb animation_style=\u00bbslide\u00bb animation_direction=\u00bbtop\u00bb animation_delay=\u00bb400ms\u00bb animation_intensity_slide=\u00bb4%\u00bb locked=\u00bboff\u00bb]<\/p>\n<h5>Nuestras estancias en C\u00f3rcega:<\/h5>\n<p>[\/et_pb_text][et_pb_button button_url=\u00bbhttps:\/\/voile-escalade.com\/vertigoblue\/vela-escalada\/vela-deporte-naturaleza\/\u00bb url_new_window=\u00bbon\u00bb button_text=\u00bbnavegaci\u00f3n, deporte y naturaleza a medida\u00bb admin_label=\u00bbBouton voile sport nature\u00bb _builder_version=\u00bb4.3.4&#8243;][\/et_pb_button][et_pb_button button_url=\u00bbhttps:\/\/voile-escalade.com\/vertigoblue\/vela-escalada\/cursos-vela\/\u00bb url_new_window=\u00bbon\u00bb button_text=\u00bbCursos de navegaci\u00f3n\u00bb admin_label=\u00bbBouton stage de voile\u00bb _builder_version=\u00bb4.3.4&#8243;][\/et_pb_button][\/et_pb_column][et_pb_column type=\u00bb1_2&#8243; _builder_version=\u00bb4.3.4&#8243;][et_pb_image src=\u00bbhttps:\/\/voile-escalade.com\/vertigoblue\/vela-escalada\/wp-content\/uploads\/sites\/4\/2020\/12\/Corse-Iles-Lavezzis.jpg\u00bb _builder_version=\u00bb4.3.4&#8243;][\/et_pb_image][\/et_pb_column][\/et_pb_row][et_pb_row _builder_version=\u00bb4.3.4&#8243;][et_pb_column type=\u00bb4_4&#8243; _builder_version=\u00bb4.3.4&#8243;][et_pb_divider _builder_version=\u00bb4.3.4&#8243;][\/et_pb_divider][\/et_pb_column][\/et_pb_row][et_pb_row column_structure=\u00bb1_2,1_2&#8243; disabled_on=\u00bboff|off|off\u00bb admin_label=\u00bbElbe\u00bb module_id=\u00bbdestinationselbe\u00bb _builder_version=\u00bb4.3.4&#8243; background_size=\u00bbinitial\u00bb background_position=\u00bbtop_left\u00bb background_repeat=\u00bbrepeat\u00bb module_alignment=\u00bbcenter\u00bb collapsed=\u00bboff\u00bb][et_pb_column type=\u00bb1_2&#8243; _builder_version=\u00bb4.3.4&#8243; custom_padding=\u00bb|||\u00bb custom_padding__hover=\u00bb|||\u00bb][et_pb_text admin_label=\u00bbtitre Elbe\u00bb _builder_version=\u00bb4.3.4&#8243; text_font=\u00bb||||\u00bb text_text_color=\u00bb#1a1a1a\u00bb header_font=\u00bbOswald|on||on|\u00bb header_text_align=\u00bbleft\u00bb header_font_size=\u00bb44px\u00bb header_line_height=\u00bb1.3em\u00bb background_size=\u00bbinitial\u00bb background_position=\u00bbtop_left\u00bb background_repeat=\u00bbrepeat\u00bb max_width=\u00bb450px\u00bb custom_margin=\u00bb|||\u00bb custom_padding=\u00bb|||\u00bb animation_style=\u00bbslide\u00bb animation_direction=\u00bbtop\u00bb animation_intensity_slide=\u00bb10%\u00bb header_font_size_tablet=\u00bb39px\u00bb header_font_size_phone=\u00bb35px\u00bb header_font_size_last_edited=\u00bbon|phone\u00bb locked=\u00bboff\u00bb]<\/p>\n<h1>Isla d&#8217;Elba<\/h1>\n<p>[\/et_pb_text][et_pb_divider color=\u00bb#0c71c3&#8243; divider_position=\u00bbcenter\u00bb divider_weight=\u00bb3px\u00bb disabled_on=\u00bboff|off|off%22&#8243; admin_label=\u00bbS\u00e9parateur\u00bb _builder_version=\u00bb4.3.4&#8243; max_width=\u00bb150px\u00bb height=\u00bbfalse\u00bb custom_margin=\u00bb30px|||\u00bb animation_style=\u00bbslide\u00bb animation_direction=\u00bbtop\u00bb animation_delay=\u00bb100ms\u00bb animation_intensity_slide=\u00bb10%\u00bb locked=\u00bboff\u00bb][\/et_pb_divider][et_pb_text admin_label=\u00bbTexte Contact \u00bb _builder_version=\u00bb4.3.4&#8243; text_font=\u00bbRoboto|300|||||||\u00bb text_font_size=\u00bb16px\u00bb text_line_height=\u00bb1.9em\u00bb background_size=\u00bbinitial\u00bb background_position=\u00bbtop_left\u00bb background_repeat=\u00bbrepeat\u00bb max_width=\u00bb450px\u00bb custom_margin=\u00bb60||7px|||\u00bb custom_padding=\u00bb||0px|||\u00bb animation_style=\u00bbslide\u00bb animation_direction=\u00bbtop\u00bb animation_delay=\u00bb400ms\u00bb animation_intensity_slide=\u00bb4%\u00bb locked=\u00bboff\u00bb]<\/p>\n<p>La <strong>Elba<\/strong> es una isla italiana situada entre C\u00f3rcega y Italia continental. Forma parte del Archipi\u00e9lago Toscano, y <strong>toda la isla es Parque Nacional.<\/strong><\/p>\n<p>Peque\u00f1a joya del Mediterr\u00e1neo, ofrece una<strong> incre\u00edble variedad de paisajes<\/strong> para un territorio tan peque\u00f1o que se puede <strong>circumnavegar f\u00e1cilmente en dos d\u00edas<\/strong>.<\/p>\n<p><strong>El terreno de juego perfecto para una semana de aventuras a vela<\/strong>: fondeaderos salvajes, peque\u00f1os pueblos t\u00edpicos, ba\u00f1os en aguas cristalinas, MTB o excursiones por las monta\u00f1as&#8230;<\/p>\n<p>[\/et_pb_text][et_pb_text admin_label=\u00bbTexte Contact \u00bb _builder_version=\u00bb4.3.4&#8243; text_font=\u00bbRoboto|300|||||||\u00bb text_font_size=\u00bb16px\u00bb text_line_height=\u00bb1.9em\u00bb background_size=\u00bbinitial\u00bb background_position=\u00bbtop_left\u00bb background_repeat=\u00bbrepeat\u00bb max_width=\u00bb450px\u00bb custom_margin=\u00bb60||7px|||\u00bb custom_padding=\u00bb||0px|||\u00bb animation_style=\u00bbslide\u00bb animation_direction=\u00bbtop\u00bb animation_delay=\u00bb400ms\u00bb animation_intensity_slide=\u00bb4%\u00bb locked=\u00bboff\u00bb]<\/p>\n<h5>Nuestras estancias en Elba:<\/h5>\n<p>[\/et_pb_text][et_pb_button button_url=\u00bbhttps:\/\/voile-escalade.com\/vertigoblue\/vela-escalada\/vela-deporte-naturaleza\/\u00bb url_new_window=\u00bbon\u00bb button_text=\u00bbnavegaci\u00f3n, deporte y naturaleza a medida\u00bb admin_label=\u00bbBouton voile sport nature\u00bb _builder_version=\u00bb4.3.4&#8243;][\/et_pb_button][et_pb_button button_url=\u00bbhttps:\/\/voile-escalade.com\/vertigoblue\/vela-escalada\/cursos-vela\/\u00bb url_new_window=\u00bbon\u00bb button_text=\u00bbCursos de navegaci\u00f3n\u00bb admin_label=\u00bbBouton stage de voile\u00bb _builder_version=\u00bb4.3.4&#8243;][\/et_pb_button][\/et_pb_column][et_pb_column type=\u00bb1_2&#8243; _builder_version=\u00bb4.3.4&#8243;][et_pb_image src=\u00bbhttps:\/\/voile-escalade.com\/vertigoblue\/vela-escalada\/wp-content\/uploads\/sites\/4\/2021\/12\/vertigo-blue-isola-elba.jpg\u00bb _builder_version=\u00bb4.3.4&#8243;][\/et_pb_image][\/et_pb_column][\/et_pb_row][et_pb_row _builder_version=\u00bb4.3.4&#8243;][et_pb_column type=\u00bb4_4&#8243; _builder_version=\u00bb4.3.4&#8243;][et_pb_divider _builder_version=\u00bb4.3.4&#8243;][\/et_pb_divider][\/et_pb_column][\/et_pb_row][et_pb_row column_structure=\u00bb1_2,1_2&#8243; admin_label=\u00bbCroatie\u00bb module_id=\u00bbdestinationscroatie\u00bb _builder_version=\u00bb4.3.4&#8243; background_size=\u00bbinitial\u00bb background_position=\u00bbtop_left\u00bb background_repeat=\u00bbrepeat\u00bb module_alignment=\u00bbcenter\u00bb locked=\u00bboff\u00bb][et_pb_column type=\u00bb1_2&#8243; _builder_version=\u00bb4.3.4&#8243; custom_padding=\u00bb|||\u00bb custom_padding__hover=\u00bb|||\u00bb][et_pb_text admin_label=\u00bbTitre Croatie\u00bb _builder_version=\u00bb4.3.4&#8243; text_font=\u00bb||||\u00bb text_text_color=\u00bb#1a1a1a\u00bb header_font=\u00bbOswald|on||on|\u00bb header_text_align=\u00bbleft\u00bb header_font_size=\u00bb44px\u00bb header_line_height=\u00bb1.3em\u00bb background_size=\u00bbinitial\u00bb background_position=\u00bbtop_left\u00bb background_repeat=\u00bbrepeat\u00bb max_width=\u00bb450px\u00bb custom_margin=\u00bb|||\u00bb custom_padding=\u00bb|||\u00bb animation_style=\u00bbslide\u00bb animation_direction=\u00bbtop\u00bb animation_intensity_slide=\u00bb10%\u00bb header_font_size_tablet=\u00bb39px\u00bb header_font_size_phone=\u00bb35px\u00bb header_font_size_last_edited=\u00bbon|phone\u00bb locked=\u00bboff\u00bb]<\/p>\n<h1>Croacia<\/h1>\n<p>[\/et_pb_text][et_pb_divider color=\u00bb#0c71c3&#8243; divider_position=\u00bbcenter\u00bb divider_weight=\u00bb3px\u00bb disabled_on=\u00bboff|off|off%22&#8243; admin_label=\u00bbS\u00e9parateur\u00bb _builder_version=\u00bb4.3.4&#8243; max_width=\u00bb150px\u00bb height=\u00bbfalse\u00bb custom_margin=\u00bb30px|||\u00bb animation_style=\u00bbslide\u00bb animation_direction=\u00bbtop\u00bb animation_delay=\u00bb100ms\u00bb animation_intensity_slide=\u00bb10%\u00bb locked=\u00bboff\u00bb][\/et_pb_divider][et_pb_text admin_label=\u00bbTexte Contact \u00bb _builder_version=\u00bb4.3.4&#8243; text_font=\u00bbRoboto|300|||||||\u00bb text_font_size=\u00bb16px\u00bb text_line_height=\u00bb1.9em\u00bb background_size=\u00bbinitial\u00bb background_position=\u00bbtop_left\u00bb background_repeat=\u00bbrepeat\u00bb max_width=\u00bb450px\u00bb custom_margin=\u00bb17px||2px|||\u00bb custom_padding=\u00bb||0px|||\u00bb animation_style=\u00bbslide\u00bb animation_direction=\u00bbtop\u00bb animation_delay=\u00bb400ms\u00bb animation_intensity_slide=\u00bb4%\u00bb locked=\u00bboff\u00bb]<\/p>\n<p>Con sus decenas de islas y a\u00fan m\u00e1s islotes, la <strong>Croacia<\/strong>, entre Zadar y Makarska, es un campo de juego de lujo para los navegantes.<br \/>Siempre hay abrigo del oleaje y un peque\u00f1o fondeo en <strong>un escenario natural id\u00edlico<\/strong>.<\/p>\n<p>La ciudad fortificada de <strong>Zadar, \u0160ibenik,<\/strong> su golfo y su r\u00edo navegable hasta las cascadas de Krka, la ciudad veneciana de <strong>Split, los acantilados de Omi\u00e7<\/strong>, Brela y Makarska. <strong>El archipi\u00e9lago de Kornat<\/strong> y las calas de Bra\u010d y Hvar esperan ser descubiertas haciendo senderismo.<\/p>\n<p>[\/et_pb_text][et_pb_text admin_label=\u00bbTexte Contact \u00bb _builder_version=\u00bb4.3.4&#8243; text_font=\u00bbRoboto|300|||||||\u00bb text_font_size=\u00bb16px\u00bb text_line_height=\u00bb1.9em\u00bb background_size=\u00bbinitial\u00bb background_position=\u00bbtop_left\u00bb background_repeat=\u00bbrepeat\u00bb max_width=\u00bb450px\u00bb custom_margin=\u00bb60||7px|||\u00bb custom_padding=\u00bb||0px|||\u00bb animation_style=\u00bbslide\u00bb animation_direction=\u00bbtop\u00bb animation_delay=\u00bb400ms\u00bb animation_intensity_slide=\u00bb4%\u00bb locked=\u00bboff\u00bb]<\/p>\n<h5>Nuestras estancias en Croacia:<\/h5>\n<h5><strong>\u00a0<\/strong><\/h5>\n<p>[\/et_pb_text][et_pb_button button_url=\u00bbhttps:\/\/voile-escalade.com\/vertigoblue\/vela-escalada\/vela-deporte-naturaleza\/\u00bb url_new_window=\u00bbon\u00bb button_text=\u00bbnavegaci\u00f3n, deporte y naturaleza a medida\u00bb admin_label=\u00bbBouton voile sport nature\u00bb _builder_version=\u00bb4.3.4&#8243;][\/et_pb_button][et_pb_button button_url=\u00bbhttps:\/\/voile-escalade.com\/vertigoblue\/vela-escalada\/cursos-vela\/\u00bb url_new_window=\u00bbon\u00bb button_text=\u00bbCursos de navegaci\u00f3n\u00bb admin_label=\u00bbBouton stage de voile\u00bb _builder_version=\u00bb4.3.4&#8243;][\/et_pb_button][\/et_pb_column][et_pb_column type=\u00bb1_2&#8243; _builder_version=\u00bb4.3.4&#8243;][et_pb_image src=\u00bbhttps:\/\/voile-escalade.com\/vertigoblue\/wp-content\/uploads\/2022\/04\/Sailing-climbing-Croatia.jpg\u00bb _builder_version=\u00bb4.3.4&#8243;][\/et_pb_image][\/et_pb_column][\/et_pb_row][et_pb_row _builder_version=\u00bb4.3.4&#8243;][et_pb_column type=\u00bb4_4&#8243; _builder_version=\u00bb4.3.4&#8243;][et_pb_divider _builder_version=\u00bb4.3.4&#8243;][\/et_pb_divider][\/et_pb_column][\/et_pb_row][et_pb_row column_structure=\u00bb1_2,1_2&#8243; admin_label=\u00bbautres destinations\u00bb module_id=\u00bbdestinationsautres\u00bb _builder_version=\u00bb4.3.4&#8243; background_size=\u00bbinitial\u00bb background_position=\u00bbtop_left\u00bb background_repeat=\u00bbrepeat\u00bb module_alignment=\u00bbcenter\u00bb][et_pb_column type=\u00bb1_2&#8243; _builder_version=\u00bb4.3.4&#8243; custom_padding=\u00bb|||\u00bb custom_padding__hover=\u00bb|||\u00bb][et_pb_text admin_label=\u00bbTitre autres destinations\u00bb _builder_version=\u00bb4.3.4&#8243; text_font=\u00bb||||\u00bb text_text_color=\u00bb#1a1a1a\u00bb header_font=\u00bbOswald|on||on|\u00bb header_text_align=\u00bbleft\u00bb header_font_size=\u00bb44px\u00bb header_line_height=\u00bb1.3em\u00bb background_size=\u00bbinitial\u00bb background_position=\u00bbtop_left\u00bb background_repeat=\u00bbrepeat\u00bb max_width=\u00bb450px\u00bb custom_margin=\u00bb|||\u00bb custom_padding=\u00bb|||\u00bb animation_style=\u00bbslide\u00bb animation_direction=\u00bbtop\u00bb animation_intensity_slide=\u00bb10%\u00bb header_font_size_tablet=\u00bb39px\u00bb header_font_size_phone=\u00bb35px\u00bb header_font_size_last_edited=\u00bbon|phone\u00bb locked=\u00bboff\u00bb]<\/p>\n<h1>Otros destinos<\/h1>\n<p>[\/et_pb_text][et_pb_divider color=\u00bb#0c71c3&#8243; divider_position=\u00bbcenter\u00bb divider_weight=\u00bb3px\u00bb disabled_on=\u00bboff|off|off%22&#8243; admin_label=\u00bbS\u00e9parateur\u00bb _builder_version=\u00bb4.3.4&#8243; max_width=\u00bb150px\u00bb height=\u00bbfalse\u00bb custom_margin=\u00bb30px|||\u00bb animation_style=\u00bbslide\u00bb animation_direction=\u00bbtop\u00bb animation_delay=\u00bb100ms\u00bb animation_intensity_slide=\u00bb10%\u00bb locked=\u00bboff\u00bb][\/et_pb_divider][et_pb_text admin_label=\u00bbTexte Contact \u00bb _builder_version=\u00bb4.3.4&#8243; text_font=\u00bbRoboto|300|||||||\u00bb text_font_size=\u00bb16px\u00bb text_line_height=\u00bb1.9em\u00bb background_size=\u00bbinitial\u00bb background_position=\u00bbtop_left\u00bb background_repeat=\u00bbrepeat\u00bb max_width=\u00bb450px\u00bb custom_margin=\u00bb60||7px|||\u00bb custom_padding=\u00bb||0px|||\u00bb animation_style=\u00bbslide\u00bb animation_direction=\u00bbtop\u00bb animation_delay=\u00bb400ms\u00bb animation_intensity_slide=\u00bb4%\u00bb locked=\u00bboff\u00bb]<\/p>\n<p>\u00bfQuiere descubrir otros horizontes? Estamos disponibles para ayudarle a llevar a cabo su proyecto de navegaci\u00f3n en el Mediterr\u00e1neo:<\/p>\n<p>Baleares, Calanques de Marsella&#8230;<\/p>\n<p>\u200b<\/p>\n<p>[\/et_pb_text][et_pb_text admin_label=\u00bbTexte Contact \u00bb _builder_version=\u00bb4.3.4&#8243; text_font=\u00bbRoboto|300|||||||\u00bb text_font_size=\u00bb16px\u00bb text_line_height=\u00bb1.9em\u00bb background_size=\u00bbinitial\u00bb background_position=\u00bbtop_left\u00bb background_repeat=\u00bbrepeat\u00bb max_width=\u00bb450px\u00bb custom_margin=\u00bb60||7px|||\u00bb custom_padding=\u00bb||0px|||\u00bb animation_style=\u00bbslide\u00bb animation_direction=\u00bbtop\u00bb animation_delay=\u00bb400ms\u00bb animation_intensity_slide=\u00bb4%\u00bb locked=\u00bboff\u00bb]<\/p>\n<h5>Estancias disponibles:<\/h5>\n<p>[\/et_pb_text][et_pb_button button_url=\u00bbhttps:\/\/voile-escalade.com\/vertigoblue\/vela-escalada\/vela-deporte-naturaleza\/\u00bb url_new_window=\u00bbon\u00bb button_text=\u00bbnavegaci\u00f3n, deporte y naturaleza a medida\u00bb admin_label=\u00bbBouton voile sport nature\u00bb _builder_version=\u00bb4.3.4&#8243;][\/et_pb_button][et_pb_button button_url=\u00bbhttps:\/\/voile-escalade.com\/vertigoblue\/vela-escalada\/cursos-vela\/\u00bb url_new_window=\u00bbon\u00bb button_text=\u00bbCursos de navegaci\u00f3n\u00bb admin_label=\u00bbBouton stage de voile\u00bb _builder_version=\u00bb4.3.4&#8243;][\/et_pb_button][\/et_pb_column][et_pb_column type=\u00bb1_2&#8243; _builder_version=\u00bb4.3.4&#8243;][et_pb_image src=\u00bbhttps:\/\/voile-escalade.com\/vertigoblue\/vela-escalada\/wp-content\/uploads\/sites\/4\/2020\/05\/vertigo-blue-privatized-cruises.jpg\u00bb _builder_version=\u00bb4.3.4&#8243;][\/et_pb_image][\/et_pb_column][\/et_pb_row][\/et_pb_section]<\/p>\n","protected":false},"excerpt":{"rendered":"<p>Nuestros recorridos tienen lugar en el Mediterr\u00e1neo, a bordo de barcos de vela habitables. Las estancias de navegaci\u00f3n y escalada se ofrecen en primavera y oto\u00f1o, con salida desde Olbia (Cerde\u00f1a) o Marsala (Sicilia). Se ofrecen cursos de vela y estancias \u00abnavegaci\u00f3n, deporte y naturaleza\u00bb a medida desde varios puertos del Mediterr\u00e1neo, bajo pedido. Somos [&hellip;]<\/p>\n","protected":false},"author":2,"featured_media":0,"parent":0,"menu_order":0,"comment_status":"closed","ping_status":"closed","template":"","meta":{"_et_pb_use_builder":"on","_et_pb_old_content":"","_et_gb_content_width":""},"yoast_head":"<!-- This site is optimized with the Yoast SEO plugin v20.2.1 - https:\/\/yoast.com\/wordpress\/plugins\/seo\/ -->\n<title>Destinos - Vela y escalada en Mediterraneo<\/title>\n<meta name=\"robots\" content=\"index, follow, max-snippet:-1, max-image-preview:large, max-video-preview:-1\" \/>\n<link rel=\"canonical\" href=\"https:\/\/voile-escalade.com\/vertigoblue\/vela-escalada\/destinaciones\/\" \/>\n<meta property=\"og:locale\" content=\"es_ES\" \/>\n<meta property=\"og:type\" content=\"article\" \/>\n<meta property=\"og:title\" content=\"Destinos - Vela y escalada en Mediterraneo\" \/>\n<meta property=\"og:description\" content=\"Nuestros recorridos tienen lugar en el Mediterr\u00e1neo, a bordo de barcos de vela habitables. Las estancias de navegaci\u00f3n y escalada se ofrecen en primavera y oto\u00f1o, con salida desde Olbia (Cerde\u00f1a) o Marsala (Sicilia). Se ofrecen cursos de vela y estancias &quot;navegaci\u00f3n, deporte y naturaleza&quot; a medida desde varios puertos del Mediterr\u00e1neo, bajo pedido. Somos [&hellip;]\" \/>\n<meta property=\"og:url\" content=\"https:\/\/voile-escalade.com\/vertigoblue\/vela-escalada\/destinaciones\/\" \/>\n<meta property=\"og:site_name\" content=\"Vela y escalada en Mediterraneo\" \/>\n<meta property=\"article:modified_time\" content=\"2022-12-30T11:46:26+00:00\" \/>\n<meta name=\"twitter:card\" content=\"summary_large_image\" \/>\n<meta name=\"twitter:label1\" content=\"Tiempo de lectura\" \/>\n\t<meta name=\"twitter:data1\" content=\"20 minutos\" \/>\n<script type=\"application\/ld+json\" class=\"yoast-schema-graph\">{\"@context\":\"https:\/\/schema.org\",\"@graph\":[{\"@type\":\"WebPage\",\"@id\":\"https:\/\/voile-escalade.com\/vertigoblue\/vela-escalada\/destinaciones\/\",\"url\":\"https:\/\/voile-escalade.com\/vertigoblue\/vela-escalada\/destinaciones\/\",\"name\":\"Destinos - Vela y escalada en Mediterraneo\",\"isPartOf\":{\"@id\":\"https:\/\/voile-escalade.com\/vertigoblue\/vela-escalada\/#website\"},\"datePublished\":\"2022-01-03T17:40:44+00:00\",\"dateModified\":\"2022-12-30T11:46:26+00:00\",\"breadcrumb\":{\"@id\":\"https:\/\/voile-escalade.com\/vertigoblue\/vela-escalada\/destinaciones\/#breadcrumb\"},\"inLanguage\":\"es\",\"potentialAction\":[{\"@type\":\"ReadAction\",\"target\":[\"https:\/\/voile-escalade.com\/vertigoblue\/vela-escalada\/destinaciones\/\"]}]},{\"@type\":\"BreadcrumbList\",\"@id\":\"https:\/\/voile-escalade.com\/vertigoblue\/vela-escalada\/destinaciones\/#breadcrumb\",\"itemListElement\":[{\"@type\":\"ListItem\",\"position\":1,\"name\":\"Accueil\",\"item\":\"https:\/\/voile-escalade.com\/vertigoblue\/vela-escalada\/\"},{\"@type\":\"ListItem\",\"position\":2,\"name\":\"Destinos\"}]},{\"@type\":\"WebSite\",\"@id\":\"https:\/\/voile-escalade.com\/vertigoblue\/vela-escalada\/#website\",\"url\":\"https:\/\/voile-escalade.com\/vertigoblue\/vela-escalada\/\",\"name\":\"Vela y escalada en Mediterraneo\",\"description\":\"Viajes deportivos vela y escalada\",\"potentialAction\":[{\"@type\":\"SearchAction\",\"target\":{\"@type\":\"EntryPoint\",\"urlTemplate\":\"https:\/\/voile-escalade.com\/vertigoblue\/vela-escalada\/?s={search_term_string}\"},\"query-input\":\"required name=search_term_string\"}],\"inLanguage\":\"es\"}]}<\/script>\n<!-- \/ Yoast SEO plugin. -->","yoast_head_json":{"title":"Destinos - Vela y escalada en Mediterraneo","robots":{"index":"index","follow":"follow","max-snippet":"max-snippet:-1","max-image-preview":"max-image-preview:large","max-video-preview":"max-video-preview:-1"},"canonical":"https:\/\/voile-escalade.com\/vertigoblue\/vela-escalada\/destinaciones\/","og_locale":"es_ES","og_type":"article","og_title":"Destinos - Vela y escalada en Mediterraneo","og_description":"Nuestros recorridos tienen lugar en el Mediterr\u00e1neo, a bordo de barcos de vela habitables. Las estancias de navegaci\u00f3n y escalada se ofrecen en primavera y oto\u00f1o, con salida desde Olbia (Cerde\u00f1a) o Marsala (Sicilia). Se ofrecen cursos de vela y estancias \"navegaci\u00f3n, deporte y naturaleza\" a medida desde varios puertos del Mediterr\u00e1neo, bajo pedido. Somos [&hellip;]","og_url":"https:\/\/voile-escalade.com\/vertigoblue\/vela-escalada\/destinaciones\/","og_site_name":"Vela y escalada en Mediterraneo","article_modified_time":"2022-12-30T11:46:26+00:00","twitter_card":"summary_large_image","twitter_misc":{"Tiempo de lectura":"20 minutos"},"schema":{"@context":"https:\/\/schema.org","@graph":[{"@type":"WebPage","@id":"https:\/\/voile-escalade.com\/vertigoblue\/vela-escalada\/destinaciones\/","url":"https:\/\/voile-escalade.com\/vertigoblue\/vela-escalada\/destinaciones\/","name":"Destinos - Vela y escalada en Mediterraneo","isPartOf":{"@id":"https:\/\/voile-escalade.com\/vertigoblue\/vela-escalada\/#website"},"datePublished":"2022-01-03T17:40:44+00:00","dateModified":"2022-12-30T11:46:26+00:00","breadcrumb":{"@id":"https:\/\/voile-escalade.com\/vertigoblue\/vela-escalada\/destinaciones\/#breadcrumb"},"inLanguage":"es","potentialAction":[{"@type":"ReadAction","target":["https:\/\/voile-escalade.com\/vertigoblue\/vela-escalada\/destinaciones\/"]}]},{"@type":"BreadcrumbList","@id":"https:\/\/voile-escalade.com\/vertigoblue\/vela-escalada\/destinaciones\/#breadcrumb","itemListElement":[{"@type":"ListItem","position":1,"name":"Accueil","item":"https:\/\/voile-escalade.com\/vertigoblue\/vela-escalada\/"},{"@type":"ListItem","position":2,"name":"Destinos"}]},{"@type":"WebSite","@id":"https:\/\/voile-escalade.com\/vertigoblue\/vela-escalada\/#website","url":"https:\/\/voile-escalade.com\/vertigoblue\/vela-escalada\/","name":"Vela y escalada en Mediterraneo","description":"Viajes deportivos vela y escalada","potentialAction":[{"@type":"SearchAction","target":{"@type":"EntryPoint","urlTemplate":"https:\/\/voile-escalade.com\/vertigoblue\/vela-escalada\/?s={search_term_string}"},"query-input":"required name=search_term_string"}],"inLanguage":"es"}]}},"_links":{"self":[{"href":"https:\/\/voile-escalade.com\/vertigoblue\/vela-escalada\/wp-json\/wp\/v2\/pages\/1137"}],"collection":[{"href":"https:\/\/voile-escalade.com\/vertigoblue\/vela-escalada\/wp-json\/wp\/v2\/pages"}],"about":[{"href":"https:\/\/voile-escalade.com\/vertigoblue\/vela-escalada\/wp-json\/wp\/v2\/types\/page"}],"author":[{"embeddable":true,"href":"https:\/\/voile-escalade.com\/vertigoblue\/vela-escalada\/wp-json\/wp\/v2\/users\/2"}],"replies":[{"embeddable":true,"href":"https:\/\/voile-escalade.com\/vertigoblue\/vela-escalada\/wp-json\/wp\/v2\/comments?post=1137"}],"version-history":[{"count":23,"href":"https:\/\/voile-escalade.com\/vertigoblue\/vela-escalada\/wp-json\/wp\/v2\/pages\/1137\/revisions"}],"predecessor-version":[{"id":1593,"href":"https:\/\/voile-escalade.com\/vertigoblue\/vela-escalada\/wp-json\/wp\/v2\/pages\/1137\/revisions\/1593"}],"wp:attachment":[{"href":"https:\/\/voile-escalade.com\/vertigoblue\/vela-escalada\/wp-json\/wp\/v2\/media?parent=1137"}],"curies":[{"name":"wp","href":"https:\/\/api.w.org\/{rel}","templated":true}]}}