{"id":1087,"date":"2021-11-14T12:42:48","date_gmt":"2021-11-14T11:42:48","guid":{"rendered":"https:\/\/voile-escalade.com\/vertigoblue\/vela-escalada\/?page_id=1087"},"modified":"2022-12-30T17:03:55","modified_gmt":"2022-12-30T16:03:55","slug":"quienes-somos","status":"publish","type":"page","link":"https:\/\/voile-escalade.com\/vertigoblue\/vela-escalada\/quienes-somos\/","title":{"rendered":"Quienes somos"},"content":{"rendered":"<p>[et_pb_section fb_built=\u00bb1&#8243; fullwidth=\u00bbon\u00bb _builder_version=\u00bb4.3.4&#8243;][et_pb_fullwidth_header title=\u00bb\u00bfQui\u00e9nes somos?\u00bb text_orientation=\u00bbcenter\u00bb button_one_text=\u00bbPartners locales\u00bb button_one_url=\u00bb#partenaireslocaux\u00bb button_two_text=\u00bbAgencias colaboradoras\u00bb button_two_url=\u00bb#agencespartenaires\u00bb _builder_version=\u00bb4.3.4&#8243; title_font=\u00bb|700|||||||\u00bb subhead_font_size=\u00bb22px\u00bb background_enable_color=\u00bboff\u00bb background_image=\u00bbhttps:\/\/voile-escalade.com\/vertigoblue\/vela-escalada\/wp-content\/uploads\/sites\/4\/2021\/11\/vertigo-blue-qui-sommes-nous.jpg\u00bb][\/et_pb_fullwidth_header][\/et_pb_section][et_pb_section fb_built=\u00bb1&#8243; custom_padding_last_edited=\u00bbon|tablet\u00bb admin_label=\u00bbTeam Vertigo Blue\u00bb _builder_version=\u00bb4.3.4&#8243; custom_padding=\u00bb59px||29px|||\u00bb custom_padding_tablet=\u00bb60px|||\u00bb custom_padding_phone=\u00bb\u00bb top_divider_height=\u00bb60px\u00bb][et_pb_row admin_label=\u00bbteam vertigo blue\u00bb _builder_version=\u00bb4.3.4&#8243;][et_pb_column type=\u00bb4_4&#8243; _builder_version=\u00bb4.3.4&#8243;][et_pb_text admin_label=\u00bbTitre vertigo blue\u00bb _builder_version=\u00bb4.3.4&#8243; text_font=\u00bb||||\u00bb text_text_color=\u00bb#1a1a1a\u00bb header_font=\u00bbOswald|on||on|\u00bb header_text_align=\u00bbleft\u00bb header_font_size=\u00bb44px\u00bb header_line_height=\u00bb1.3em\u00bb background_size=\u00bbinitial\u00bb background_position=\u00bbtop_left\u00bb background_repeat=\u00bbrepeat\u00bb max_width=\u00bb450px\u00bb custom_margin=\u00bb|||\u00bb custom_padding=\u00bb|||\u00bb animation_style=\u00bbslide\u00bb animation_direction=\u00bbtop\u00bb animation_intensity_slide=\u00bb10%\u00bb header_font_size_tablet=\u00bb39px\u00bb header_font_size_phone=\u00bb35px\u00bb header_font_size_last_edited=\u00bbon|phone\u00bb locked=\u00bboff\u00bb]<\/p>\n<h1>El equipo Vertigo Blue<\/h1>\n<p>[\/et_pb_text][et_pb_divider color=\u00bb#0c71c3&#8243; divider_position=\u00bbcenter\u00bb divider_weight=\u00bb3px\u00bb disabled_on=\u00bboff|off|off%22&#8243; admin_label=\u00bbS\u00e9parateur\u00bb _builder_version=\u00bb4.3.4&#8243; max_width=\u00bb150px\u00bb height=\u00bbfalse\u00bb custom_margin=\u00bb30px|||\u00bb animation_style=\u00bbslide\u00bb animation_direction=\u00bbtop\u00bb animation_delay=\u00bb100ms\u00bb animation_intensity_slide=\u00bb10%\u00bb locked=\u00bboff\u00bb][\/et_pb_divider][et_pb_blurb title=\u00bbAndrea &#8211; Instructor y entrenador de vela, iniciator escalada\u00bb image=\u00bbhttps:\/\/voile-escalade.com\/vertigoblue\/vela-escalada\/wp-content\/uploads\/sites\/4\/2020\/05\/andrea-vertigo-blue.jpg\u00bb alt=\u00bbAndrea, un sourire radieux, sous le soleil chaud de la tomb\u00e9e du soir en Sicile, \u00e0 San Vito Lo Capo. Photo: Vertigo Blue\u00bb image_max_width_tablet=\u00bb100%\u00bb image_max_width_phone=\u00bb\u00bb image_max_width_last_edited=\u00bbon|tablet\u00bb content_max_width_tablet=\u00bb604px\u00bb content_max_width_phone=\u00bb\u00bb content_max_width_last_edited=\u00bbon|tablet\u00bb admin_label=\u00bbAndrea img + txt\u00bb _builder_version=\u00bb4.3.4&#8243; header_font=\u00bbOswald|on||on|\u00bb header_font_size=\u00bb24px\u00bb body_font=\u00bbRoboto||||\u00bb body_text_align=\u00bbleft\u00bb body_text_color=\u00bbrgba(0,0,0,0.38)\u00bb body_font_size=\u00bb16px\u00bb text_orientation=\u00bbcenter\u00bb width_tablet=\u00bb\u00bb width_phone=\u00bb\u00bb width_last_edited=\u00bbon|tablet\u00bb max_width_tablet=\u00bb\u00bb max_width_phone=\u00bb\u00bb max_width_last_edited=\u00bbon|tablet\u00bb custom_margin=\u00bb|4px|||false|false\u00bb custom_margin_tablet=\u00bb|4px|||false|false\u00bb custom_margin_phone=\u00bb\u00bb custom_margin_last_edited=\u00bbon|tablet\u00bb custom_padding=\u00bb|1px|||false|false\u00bb animation_style=\u00bbzoom\u00bb animation_duration=\u00bb0ms\u00bb animation_intensity_zoom=\u00bb0%\u00bb animation_speed_curve=\u00bblinear\u00bb animation=\u00bboff\u00bb box_shadow_style=\u00bbpreset3&#8243; locked=\u00bboff\u00bb]<\/p>\n<p>Nacido en 1985 en la costa adri\u00e1tica italiana, se traslad\u00f3 a Alemania y luego a Barcelona por motivos de estudios. All\u00ed descubri\u00f3 la navegaci\u00f3n y la escalada al mismo tiempo. Desde los primeros cruceros por las Islas Baleares hasta sus primeros intentos de escalada en Montserrat, sus pasiones crecieron y le llevaron a viajar cada vez m\u00e1s lejos: a Marruecos, Sicilia y Turqu\u00eda para escalar, a Cerde\u00f1a y C\u00f3rcega para navegar. As\u00ed fue como dej\u00f3 la ciencia y Espa\u00f1a a finales de 2014 para instalarse en Bonifacio, en el extremo sur de C\u00f3rcega, donde llev\u00f2 m\u00e1s de 5 a\u00f1os aprendiendo y ense\u00f1ando a navegar. Hoy quiere ofrecer al p\u00fablico estancias que mezclen navegaci\u00f3n y viaje, descubrimiento y deporte en la naturaleza. Capitan de barco ante todo, se rodea de gu\u00edas de monta\u00f1a para llevarle a los sitios de escalada m\u00e1s bellos del Mediterr\u00e1neo<\/p>\n<p style=\"padding-left: 30px; text-align: left;\">[\/et_pb_blurb][et_pb_blurb title=\u00bbSarah &#8211; INSTRUCTOR DE VELA Y RESPONSABLE LOG\u00cdSTICA\u00bb image=\u00bbhttps:\/\/voile-escalade.com\/vertigoblue\/vela-escalada\/wp-content\/uploads\/sites\/4\/2020\/05\/sarah-vertigo-blue-1.jpg\u00bb alt=\u00bbSarah, sourit en tenant la barre \u00e0 roue d&#8217;un voilier dans un port, sous un ciel gris\u00e9. Photo: Vertigo Blue\u00bb image_max_width_tablet=\u00bb100%\u00bb image_max_width_phone=\u00bb\u00bb image_max_width_last_edited=\u00bbon|tablet\u00bb content_max_width_tablet=\u00bb604px\u00bb content_max_width_phone=\u00bb\u00bb content_max_width_last_edited=\u00bbon|tablet\u00bb admin_label=\u00bbSarah img +txt\u00bb _builder_version=\u00bb4.3.4&#8243; header_font=\u00bbOswald|on||on|\u00bb header_font_size=\u00bb24px\u00bb body_font=\u00bbRoboto||||\u00bb body_text_align=\u00bbleft\u00bb body_text_color=\u00bbrgba(0,0,0,0.38)\u00bb body_font_size=\u00bb16px\u00bb text_orientation=\u00bbcenter\u00bb width_tablet=\u00bb\u00bb width_phone=\u00bb\u00bb width_last_edited=\u00bbon|tablet\u00bb max_width_tablet=\u00bb\u00bb max_width_phone=\u00bb\u00bb max_width_last_edited=\u00bbon|tablet\u00bb custom_margin=\u00bb|4px|||false|false\u00bb custom_margin_tablet=\u00bb|4px|||false|false\u00bb custom_margin_phone=\u00bb\u00bb custom_margin_last_edited=\u00bbon|tablet\u00bb custom_padding=\u00bb|1px|||false|false\u00bb animation_style=\u00bbzoom\u00bb animation_duration=\u00bb0ms\u00bb animation_intensity_zoom=\u00bb0%\u00bb animation_speed_curve=\u00bblinear\u00bb animation=\u00bboff\u00bb box_shadow_style=\u00bbpreset3&#8243; locked=\u00bboff\u00bb]<\/p>\n<p>Nacida en 1990 en la regi\u00f3n de Par\u00eds, su pasi\u00f3n por el mar viene de su infancia. Como muchos, empez\u00f3 con cursos de formaci\u00f3n de Optimist en Breta\u00f1a&#8230; No fue hasta 2015 cuando empez\u00f3 a aprender de verdad, en una escuela de navegaci\u00f3n en C\u00f3rcega del Sur. Como aprendiz, luego como voluntaria, despu\u00e9s como empleada&#8230; tres a\u00f1os despu\u00e9s, a principios de 2020, decidi\u00f3 seguir a Andrea en su proyecto. \u00bfSus especialidades?La cartograf\u00eda, el aprendizaje de los fundamentos de la navegaci\u00f3n para principiantes&#8230; \u00a1y la planificaci\u00f3n de la vida a bordo!<\/p>\n<p style=\"padding-left: 30px; text-align: left;\">[\/et_pb_blurb][\/et_pb_column][\/et_pb_row][\/et_pb_section][et_pb_section fb_built=\u00bb1&#8243; custom_padding_last_edited=\u00bbon|tablet\u00bb admin_label=\u00bbles partenaires locaux\u00bb module_id=\u00bbpartenaireslocaux\u00bb _builder_version=\u00bb4.3.4&#8243; custom_padding=\u00bb59px||29px|||\u00bb custom_padding_tablet=\u00bb60px|||\u00bb custom_padding_phone=\u00bb\u00bb top_divider_height=\u00bb60px\u00bb][et_pb_row _builder_version=\u00bb4.3.4&#8243;][et_pb_column type=\u00bb4_4&#8243; _builder_version=\u00bb4.3.4&#8243;][et_pb_text admin_label=\u00bbTitre partenaires locaux\u00bb _builder_version=\u00bb4.3.4&#8243; text_font=\u00bb||||\u00bb text_text_color=\u00bb#1a1a1a\u00bb header_font=\u00bbOswald|on||on|\u00bb header_text_align=\u00bbleft\u00bb header_font_size=\u00bb44px\u00bb header_line_height=\u00bb1.3em\u00bb background_size=\u00bbinitial\u00bb background_position=\u00bbtop_left\u00bb background_repeat=\u00bbrepeat\u00bb max_width=\u00bb450px\u00bb custom_margin=\u00bb|||\u00bb custom_padding=\u00bb|||\u00bb animation_style=\u00bbslide\u00bb animation_direction=\u00bbtop\u00bb animation_intensity_slide=\u00bb10%\u00bb header_font_size_tablet=\u00bb39px\u00bb header_font_size_phone=\u00bb35px\u00bb header_font_size_last_edited=\u00bbon|phone\u00bb locked=\u00bboff\u00bb]<\/p>\n<h1>Partners locales<\/h1>\n<p>[\/et_pb_text][et_pb_divider color=\u00bb#0c71c3&#8243; divider_position=\u00bbcenter\u00bb divider_weight=\u00bb3px\u00bb disabled_on=\u00bboff|off|off%22&#8243; admin_label=\u00bbS\u00e9parateur\u00bb _builder_version=\u00bb4.3.4&#8243; max_width=\u00bb150px\u00bb height=\u00bbfalse\u00bb custom_margin=\u00bb30px|||\u00bb animation_style=\u00bbslide\u00bb animation_direction=\u00bbtop\u00bb animation_delay=\u00bb100ms\u00bb animation_intensity_slide=\u00bb10%\u00bb locked=\u00bboff\u00bb][\/et_pb_divider][et_pb_blurb title=\u00bbRoberto &#8211; Gu\u00eda de monta\u00f1a sarda\u00bb image=\u00bbhttps:\/\/voile-escalade.com\/vertigoblue\/vela-escalada\/wp-content\/uploads\/sites\/4\/2021\/11\/Roberto-Pau.jpg\u00bb alt=\u00bbAndrea, un sourire radieux, sous le soleil chaud de la tomb\u00e9e du soir en Sicile, \u00e0 San Vito Lo Capo. Photo: Vertigo Blue\u00bb image_max_width_tablet=\u00bb100%\u00bb image_max_width_phone=\u00bb\u00bb image_max_width_last_edited=\u00bbon|tablet\u00bb content_max_width_tablet=\u00bb604px\u00bb content_max_width_phone=\u00bb\u00bb content_max_width_last_edited=\u00bbon|tablet\u00bb admin_label=\u00bbRoberto img + txt\u00bb _builder_version=\u00bb4.3.4&#8243; header_font=\u00bbOswald|on||on|\u00bb header_font_size=\u00bb24px\u00bb body_font=\u00bbRoboto||||\u00bb body_text_align=\u00bbleft\u00bb body_text_color=\u00bbrgba(0,0,0,0.38)\u00bb body_font_size=\u00bb16px\u00bb text_orientation=\u00bbcenter\u00bb width_tablet=\u00bb\u00bb width_phone=\u00bb\u00bb width_last_edited=\u00bbon|tablet\u00bb max_width_tablet=\u00bb\u00bb max_width_phone=\u00bb\u00bb max_width_last_edited=\u00bbon|tablet\u00bb custom_margin=\u00bb|4px|||false|false\u00bb custom_margin_tablet=\u00bb|4px|||false|false\u00bb custom_margin_phone=\u00bb\u00bb custom_margin_last_edited=\u00bbon|tablet\u00bb custom_padding=\u00bb|1px|||false|false\u00bb animation_style=\u00bbzoom\u00bb animation_duration=\u00bb0ms\u00bb animation_intensity_zoom=\u00bb0%\u00bb animation_speed_curve=\u00bblinear\u00bb animation=\u00bboff\u00bb box_shadow_style=\u00bbpreset3&#8243; locked=\u00bboff\u00bb]<\/p>\n<p>Nacido en Cerde\u00f1a, donde vivi\u00f3 hasta los 27 a\u00f1os, se traslad\u00f3 despu\u00e9s a la vertiente italiana del Monte Rosa: \u00abFue all\u00ed donde desarroll\u00e9 mi pasi\u00f3n por los acantilados, en terrenos de monta\u00f1a mixta donde conoc\u00ed tambi\u00e9n el alpinismo y el esqu\u00ed.<br \/>Convertirse en gu\u00eda de monta\u00f1a era el paso l\u00f3gico\u00bb.<\/p>\n<p>En 2015 se traslad\u00f3 a Chamonix, a los pies del Mont Blanc, donde vive y ejerce su profesi\u00f3n: gu\u00eda de monta\u00f1a y escalada en verano, escalada en hielo y esqu\u00ed fuera de pista en invierno. Nunca olvida su isla natal: \u00abSuelo pasar el oto\u00f1o en Cerde\u00f1a, aprovechando para practicar la escalada y montar nuevas rutas\u00bb.<\/p>\n<p>[\/et_pb_blurb][et_pb_blurb title=\u00bbSimon &#8211; Instructor Escalada en Grecia\u00bb image=\u00bbhttps:\/\/voile-escalade.com\/vertigoblue\/wp-content\/uploads\/2022\/05\/Simon-Montmory-11.19.jpg\u00bb alt=\u00bbAndrea, un sourire radieux, sous le soleil chaud de la tomb\u00e9e du soir en Sicile, \u00e0 San Vito Lo Capo. Photo: Vertigo Blue\u00bb image_max_width_tablet=\u00bb100%\u00bb image_max_width_phone=\u00bb\u00bb image_max_width_last_edited=\u00bbon|tablet\u00bb content_max_width_tablet=\u00bb604px\u00bb content_max_width_phone=\u00bb\u00bb content_max_width_last_edited=\u00bbon|tablet\u00bb admin_label=\u00bbSimon img + txt\u00bb _builder_version=\u00bb4.3.4&#8243; header_font=\u00bbOswald|on||on|\u00bb header_font_size=\u00bb24px\u00bb body_font=\u00bbRoboto||||\u00bb body_text_align=\u00bbleft\u00bb body_text_color=\u00bbrgba(0,0,0,0.38)\u00bb body_font_size=\u00bb16px\u00bb text_orientation=\u00bbcenter\u00bb width_tablet=\u00bb\u00bb width_phone=\u00bb\u00bb width_last_edited=\u00bbon|tablet\u00bb max_width_tablet=\u00bb\u00bb max_width_phone=\u00bb\u00bb max_width_last_edited=\u00bbon|tablet\u00bb custom_margin=\u00bb|4px|||false|false\u00bb custom_margin_tablet=\u00bb|4px|||false|false\u00bb custom_margin_phone=\u00bb\u00bb custom_margin_last_edited=\u00bbon|tablet\u00bb custom_padding=\u00bb|1px|||false|false\u00bb animation_style=\u00bbzoom\u00bb animation_duration=\u00bb0ms\u00bb animation_intensity_zoom=\u00bb0%\u00bb animation_speed_curve=\u00bblinear\u00bb animation=\u00bboff\u00bb box_shadow_style=\u00bbpreset3&#8243; locked=\u00bboff\u00bb]<\/p>\n<p>Simon es instructor calificado por el Estado en Francia desde 2005. (Escalada de BEES-canyon) Tras a\u00f1os de alpinismo en Chamonix, Simon se dedic\u00f3 a la escalada deportiva y la convirti\u00f3 en su modo de vida. Su deseo de libertad y su constante b\u00fasqueda de las l\u00edneas m\u00e1s bellas para escalar le han llevado a China, Francia, Italia, Espa\u00f1a, Canad\u00e1 y Suiza.<br \/>Nada m\u00e1s llegar a Grecia, Simon supo que hab\u00eda encontrado el lugar perfecto para vivir su pasi\u00f3n como escalador y equipador.<br \/>Cada a\u00f1o comparte su pasi\u00f3n con escaladores de todo el mundo que vienen a beneficiarse de su experiencia. Simon les ayuda a progresar mientras se divierten en las rutas m\u00e1s bonitas.<\/p>\n<p>[\/et_pb_blurb][et_pb_blurb title=\u00bbDaniele &#8211; Instructor de escalada siciliano\u00bb image=\u00bbhttps:\/\/voile-escalade.com\/vertigoblue\/vela-escalada\/wp-content\/uploads\/sites\/4\/2021\/11\/Daniele-Arena-sicile.jpg\u00bb alt=\u00bbSarah, sourit en tenant la barre \u00e0 roue d&#8217;un voilier dans un port, sous un ciel gris\u00e9. Photo: Vertigo Blue\u00bb image_max_width_tablet=\u00bb100%\u00bb image_max_width_phone=\u00bb\u00bb image_max_width_last_edited=\u00bbon|tablet\u00bb content_max_width_tablet=\u00bb604px\u00bb content_max_width_phone=\u00bb\u00bb content_max_width_last_edited=\u00bbon|tablet\u00bb admin_label=\u00bbDaniele img +txt\u00bb _builder_version=\u00bb4.3.4&#8243; header_font=\u00bbOswald|on||on|\u00bb header_font_size=\u00bb24px\u00bb body_font=\u00bbRoboto||||\u00bb body_text_align=\u00bbleft\u00bb body_text_color=\u00bbrgba(0,0,0,0.38)\u00bb body_font_size=\u00bb16px\u00bb text_orientation=\u00bbcenter\u00bb width_tablet=\u00bb\u00bb width_phone=\u00bb\u00bb width_last_edited=\u00bbon|tablet\u00bb max_width_tablet=\u00bb\u00bb max_width_phone=\u00bb\u00bb max_width_last_edited=\u00bbon|tablet\u00bb custom_margin=\u00bb|4px|||false|false\u00bb custom_margin_tablet=\u00bb|4px|||false|false\u00bb custom_margin_phone=\u00bb\u00bb custom_margin_last_edited=\u00bbon|tablet\u00bb custom_padding=\u00bb|1px|||false|false\u00bb animation_style=\u00bbzoom\u00bb animation_duration=\u00bb0ms\u00bb animation_intensity_zoom=\u00bb0%\u00bb animation_speed_curve=\u00bblinear\u00bb animation=\u00bboff\u00bb box_shadow_style=\u00bbpreset3&#8243; locked=\u00bboff\u00bb]<\/p>\n<p style=\"padding-left: 30px; text-align: left;\">Daniele Arena, viajero y deportista experimentado, naci\u00f3 en Catania, Sicilia. Fue uno de los primeros escaladores en establecerse en San Vito Lo Capo, donde abri\u00f3 muchas v\u00edas de escalada. Hoy en d\u00eda dirige el Climbing House y tambi\u00e9n es instructor de mountain bike<\/p>\n<p style=\"padding-left: 30px; text-align: left;\">[\/et_pb_blurb][et_pb_blurb title=\u00bbCamping ecol\u00f3gico El Bahira **** &#8211; Sicilia\u00bb image=\u00bbhttps:\/\/voile-escalade.com\/vertigoblue\/wp-content\/uploads\/2022\/08\/el-bahira-campeggio.jpg\u00bb alt=\u00bbSarah, sourit en tenant la barre \u00e0 roue d&#8217;un voilier dans un port, sous un ciel gris\u00e9. Photo: Vertigo Blue\u00bb image_max_width_tablet=\u00bb100%\u00bb image_max_width_phone=\u00bb\u00bb image_max_width_last_edited=\u00bbon|tablet\u00bb content_max_width_tablet=\u00bb604px\u00bb content_max_width_phone=\u00bb\u00bb content_max_width_last_edited=\u00bbon|tablet\u00bb admin_label=\u00bbCamping El Bahira img +txt\u00bb _builder_version=\u00bb4.3.4&#8243; header_font=\u00bbOswald|on||on|\u00bb header_font_size=\u00bb24px\u00bb body_font=\u00bbRoboto||||\u00bb body_text_align=\u00bbleft\u00bb body_text_color=\u00bbrgba(0,0,0,0.38)\u00bb body_font_size=\u00bb16px\u00bb text_orientation=\u00bbcenter\u00bb width_tablet=\u00bb\u00bb width_phone=\u00bb\u00bb width_last_edited=\u00bbon|tablet\u00bb max_width_tablet=\u00bb\u00bb max_width_phone=\u00bb\u00bb max_width_last_edited=\u00bbon|tablet\u00bb custom_margin=\u00bb|4px|||false|false\u00bb custom_margin_tablet=\u00bb|4px|||false|false\u00bb custom_margin_phone=\u00bb\u00bb custom_margin_last_edited=\u00bbon|tablet\u00bb custom_padding=\u00bb|1px|||false|false\u00bb animation_style=\u00bbzoom\u00bb animation_duration=\u00bb0ms\u00bb animation_intensity_zoom=\u00bb0%\u00bb animation_speed_curve=\u00bblinear\u00bb animation=\u00bboff\u00bb box_shadow_style=\u00bbpreset3&#8243; locked=\u00bboff\u00bb]<\/p>\n<p style=\"padding-left: 30px; text-align: left;\">El camping El Bahira est\u00e1 situado en el coraz\u00f3n de la reserva natural del Zingaro, junto al pueblo de San Vito Lo Capo, en la costa noroeste de Sicilia. Es un camping ecol\u00f3gico **** abierto todo el a\u00f1o. Acoge a muchos escaladores que vienen a disfrutar de los incre\u00edbles acantilados de San Vito. Incluso hay una peque\u00f1a tienda de escalada y unas cuantas rutas en pleno centro del camping.<\/p>\n<p style=\"padding-left: 30px; text-align: left;\">[\/et_pb_blurb][et_pb_blurb title=\u00bbCala Mancina Climbing House &#8211; Sicile\u00bb image=\u00bbhttps:\/\/voile-escalade.com\/vertigoblue\/wp-content\/uploads\/2022\/08\/cala-mancina-climbing-house.jpg\u00bb alt=\u00bbSarah, sourit en tenant la barre \u00e0 roue d&#8217;un voilier dans un port, sous un ciel gris\u00e9. Photo: Vertigo Blue\u00bb image_max_width_tablet=\u00bb100%\u00bb image_max_width_phone=\u00bb\u00bb image_max_width_last_edited=\u00bbon|tablet\u00bb content_max_width_tablet=\u00bb604px\u00bb content_max_width_phone=\u00bb\u00bb content_max_width_last_edited=\u00bbon|tablet\u00bb admin_label=\u00bbCala mancina climbing house img +txt\u00bb _builder_version=\u00bb4.3.4&#8243; header_font=\u00bbOswald|on||on|\u00bb header_font_size=\u00bb24px\u00bb body_font=\u00bbRoboto||||\u00bb body_text_align=\u00bbleft\u00bb body_text_color=\u00bbrgba(0,0,0,0.38)\u00bb body_font_size=\u00bb16px\u00bb text_orientation=\u00bbcenter\u00bb width_tablet=\u00bb\u00bb width_phone=\u00bb\u00bb width_last_edited=\u00bbon|tablet\u00bb max_width_tablet=\u00bb\u00bb max_width_phone=\u00bb\u00bb max_width_last_edited=\u00bbon|tablet\u00bb custom_margin=\u00bb|4px|||false|false\u00bb custom_margin_tablet=\u00bb|4px|||false|false\u00bb custom_margin_phone=\u00bb\u00bb custom_margin_last_edited=\u00bbon|tablet\u00bb custom_padding=\u00bb|1px|||false|false\u00bb animation_style=\u00bbzoom\u00bb animation_duration=\u00bb0ms\u00bb animation_intensity_zoom=\u00bb0%\u00bb animation_speed_curve=\u00bblinear\u00bb animation=\u00bboff\u00bb box_shadow_style=\u00bbpreset3&#8243; locked=\u00bboff\u00bb]<\/p>\n<p style=\"padding-left: 30px; text-align: left;\">Arroccato sulle falesie di San Vito, in un contesto eccezionale a due passi dal paese ma in mezzo alla natura, con una vista mozzafiato. La Climbing house \u00e8 gestita dalla nostra guida partner locale, Daniele. Una sistemazione semplice con la giusta dose di comfort per gli amanti della natura.<\/p>\n<p style=\"padding-left: 30px; text-align: left;\">[\/et_pb_blurb][\/et_pb_column][\/et_pb_row][\/et_pb_section][et_pb_section fb_built=\u00bb1&#8243; custom_padding_last_edited=\u00bbon|tablet\u00bb admin_label=\u00bbLes agences partenaires\u00bb module_id=\u00bbagencespartenaires\u00bb _builder_version=\u00bb4.3.4&#8243; custom_padding=\u00bb59px||29px|||\u00bb custom_padding_tablet=\u00bb60px|||\u00bb custom_padding_phone=\u00bb\u00bb top_divider_height=\u00bb60px\u00bb][et_pb_row admin_label=\u00bbles agences partenaires\u00bb _builder_version=\u00bb4.3.4&#8243;][et_pb_column type=\u00bb4_4&#8243; _builder_version=\u00bb4.3.4&#8243;][et_pb_text admin_label=\u00bbTitre agences\u00bb _builder_version=\u00bb4.3.4&#8243; text_font=\u00bb||||\u00bb text_text_color=\u00bb#1a1a1a\u00bb header_font=\u00bbOswald|on||on|\u00bb header_text_align=\u00bbleft\u00bb header_font_size=\u00bb44px\u00bb header_line_height=\u00bb1.3em\u00bb background_size=\u00bbinitial\u00bb background_position=\u00bbtop_left\u00bb background_repeat=\u00bbrepeat\u00bb max_width=\u00bb450px\u00bb custom_margin=\u00bb|||\u00bb custom_padding=\u00bb|||\u00bb animation_style=\u00bbslide\u00bb animation_direction=\u00bbtop\u00bb animation_intensity_slide=\u00bb10%\u00bb header_font_size_tablet=\u00bb39px\u00bb header_font_size_phone=\u00bb35px\u00bb header_font_size_last_edited=\u00bbon|phone\u00bb locked=\u00bboff\u00bb]<\/p>\n<h1>Agencias colaboradoras<\/h1>\n<p>[\/et_pb_text][et_pb_divider color=\u00bb#0c71c3&#8243; divider_position=\u00bbcenter\u00bb divider_weight=\u00bb3px\u00bb disabled_on=\u00bboff|off|off%22&#8243; admin_label=\u00bbS\u00e9parateur\u00bb _builder_version=\u00bb4.3.4&#8243; max_width=\u00bb150px\u00bb height=\u00bbfalse\u00bb custom_margin=\u00bb30px|||\u00bb animation_style=\u00bbslide\u00bb animation_direction=\u00bbtop\u00bb animation_delay=\u00bb100ms\u00bb animation_intensity_slide=\u00bb10%\u00bb locked=\u00bboff\u00bb][\/et_pb_divider][et_pb_blurb title=\u00bbVialala &#8211; agencia para creadores de viajes\u00bb image=\u00bbhttps:\/\/voile-escalade.com\/vertigoblue\/vela-escalada\/wp-content\/uploads\/sites\/4\/2021\/11\/Logo-Vialala-FR-34px.png\u00bb alt=\u00bbSarah, sourit en tenant la barre \u00e0 roue d&#8217;un voilier dans un port, sous un ciel gris\u00e9. Photo: Vertigo Blue\u00bb image_max_width_tablet=\u00bb100%\u00bb image_max_width_phone=\u00bb\u00bb image_max_width_last_edited=\u00bbon|tablet\u00bb content_max_width_tablet=\u00bb604px\u00bb content_max_width_phone=\u00bb\u00bb content_max_width_last_edited=\u00bbon|tablet\u00bb admin_label=\u00bbVialala img +txt\u00bb _builder_version=\u00bb4.3.4&#8243; header_font=\u00bbOswald|on||on|\u00bb header_font_size=\u00bb24px\u00bb body_font=\u00bbRoboto||||\u00bb body_text_align=\u00bbleft\u00bb body_text_color=\u00bbrgba(0,0,0,0.38)\u00bb body_font_size=\u00bb16px\u00bb text_orientation=\u00bbcenter\u00bb width_tablet=\u00bb\u00bb width_phone=\u00bb\u00bb width_last_edited=\u00bbon|tablet\u00bb max_width_tablet=\u00bb\u00bb max_width_phone=\u00bb\u00bb max_width_last_edited=\u00bbon|tablet\u00bb custom_margin=\u00bb|4px|||false|false\u00bb custom_margin_tablet=\u00bb|4px|||false|false\u00bb custom_margin_phone=\u00bb\u00bb custom_margin_last_edited=\u00bbon|tablet\u00bb custom_padding=\u00bb|1px|||false|false\u00bb animation_style=\u00bbzoom\u00bb animation_duration=\u00bb0ms\u00bb animation_intensity_zoom=\u00bb0%\u00bb animation_speed_curve=\u00bblinear\u00bb animation=\u00bboff\u00bb box_shadow_style=\u00bbpreset3&#8243; locked=\u00bboff\u00bb]<\/p>\n<p>Vialala es una agencia para creadores de viajes aut\u00f3nomos. Nos permiten comercializar nuestros viajes y beneficiar de todas las garant\u00edas necesarias para la gesti\u00f3n de un viaje (inscripci\u00f3n en Atout France y garant\u00edas financieras)<\/p>\n<p><a href=\"https:\/\/www.vialala.fr\/travel-planner\/sarah-marquina\" target=\"_blank\" rel=\"noopener noreferrer\">M\u00e1s informaci\u00f3n<\/a><\/p>\n<p style=\"padding-left: 30px; text-align: left;\">[\/et_pb_blurb][et_pb_blurb title=\u00bbVertikal &#038; Quentin Hoarau\u00bb image=\u00bbhttps:\/\/voile-escalade.com\/vertigoblue\/wp-content\/uploads\/2021\/02\/quentin-hoarau.jpg\u00bb alt=\u00bbAndrea, un sourire radieux, sous le soleil chaud de la tomb\u00e9e du soir en Sicile, \u00e0 San Vito Lo Capo. Photo: Vertigo Blue\u00bb image_max_width_tablet=\u00bb100%\u00bb image_max_width_phone=\u00bb\u00bb image_max_width_last_edited=\u00bbon|tablet\u00bb content_max_width_tablet=\u00bb604px\u00bb content_max_width_phone=\u00bb\u00bb content_max_width_last_edited=\u00bbon|tablet\u00bb admin_label=\u00bbvertikal img + txt\u00bb _builder_version=\u00bb4.3.4&#8243; header_font=\u00bbOswald|on||on|\u00bb header_font_size=\u00bb24px\u00bb body_font=\u00bbRoboto||||\u00bb body_text_align=\u00bbleft\u00bb body_text_color=\u00bbrgba(0,0,0,0.38)\u00bb body_font_size=\u00bb16px\u00bb text_orientation=\u00bbcenter\u00bb width_tablet=\u00bb\u00bb width_phone=\u00bb\u00bb width_last_edited=\u00bbon|tablet\u00bb max_width_tablet=\u00bb\u00bb max_width_phone=\u00bb\u00bb max_width_last_edited=\u00bbon|tablet\u00bb custom_margin=\u00bb|4px|||false|false\u00bb custom_margin_tablet=\u00bb|4px|||false|false\u00bb custom_margin_phone=\u00bb\u00bb custom_margin_last_edited=\u00bbon|tablet\u00bb custom_padding=\u00bb|1px|||false|false\u00bb animation_style=\u00bbzoom\u00bb animation_duration=\u00bb0ms\u00bb animation_intensity_zoom=\u00bb0%\u00bb animation_speed_curve=\u00bblinear\u00bb animation=\u00bboff\u00bb box_shadow_style=\u00bbpreset3&#8243; locked=\u00bboff\u00bb]<\/p>\n<p>Vertikal Voyages es una peque\u00f1a agencia fundada por Quentin Hoarau, apasionado por el deporte y los viajes. Ofrece estancias en todo el mundo alrededor de 4 actividades: bicicleta de monta\u00f1a, esqu\u00ed, kayak&#8230; y escalada, por supuesto.<\/p>\n<p>Hemos co-creado con Vertikal el viaje de vela y escalada en Grecia.<\/p>\n<p>La agencia tambi\u00e9n colabora con nosotros en la comercializaci\u00f3n del viaje vela y escalada en Cerde\u00f1a.<\/p>\n<p><a href=\"https:\/\/vertikal-voyages.fr\/sejour\/voile-escalade-dans-le-peloponnese\/\" target=\"_blank\" rel=\"noopener noreferrer\">Saber m\u00e0s<\/a><\/p>\n<p style=\"padding-left: 30px; text-align: left;\">[\/et_pb_blurb][\/et_pb_column][\/et_pb_row][et_pb_row column_structure=\u00bb1_3,1_3,1_3&#8243; _builder_version=\u00bb4.3.4&#8243; locked=\u00bboff\u00bb][et_pb_column type=\u00bb1_3&#8243; _builder_version=\u00bb4.3.4&#8243;][et_pb_blurb title=\u00bbGlobe Sailor\u00bb image=\u00bbhttps:\/\/voile-escalade.com\/vertigoblue\/wp-content\/uploads\/2022\/08\/logo_globesailor.jpg\u00bb alt=\u00bbAndrea, un sourire radieux, sous le soleil chaud de la tomb\u00e9e du soir en Sicile, \u00e0 San Vito Lo Capo. Photo: Vertigo Blue\u00bb image_max_width_tablet=\u00bb100%\u00bb image_max_width_phone=\u00bb\u00bb image_max_width_last_edited=\u00bbon|tablet\u00bb content_max_width_tablet=\u00bb604px\u00bb content_max_width_phone=\u00bb\u00bb content_max_width_last_edited=\u00bbon|tablet\u00bb admin_label=\u00bbGlobe Sailor img + txt\u00bb _builder_version=\u00bb4.3.4&#8243; header_font=\u00bbOswald|on||on|\u00bb header_font_size=\u00bb24px\u00bb body_font=\u00bbRoboto||||\u00bb body_text_align=\u00bbleft\u00bb body_text_color=\u00bbrgba(0,0,0,0.38)\u00bb body_font_size=\u00bb16px\u00bb text_orientation=\u00bbcenter\u00bb width_tablet=\u00bb\u00bb width_phone=\u00bb\u00bb width_last_edited=\u00bbon|tablet\u00bb max_width_tablet=\u00bb\u00bb max_width_phone=\u00bb\u00bb max_width_last_edited=\u00bbon|tablet\u00bb custom_margin=\u00bb|4px|||false|false\u00bb custom_margin_tablet=\u00bb|4px|||false|false\u00bb custom_margin_phone=\u00bb\u00bb custom_margin_last_edited=\u00bbon|tablet\u00bb custom_padding=\u00bb|1px|||false|false\u00bb animation_style=\u00bbzoom\u00bb animation_duration=\u00bb0ms\u00bb animation_intensity_zoom=\u00bb0%\u00bb animation_speed_curve=\u00bblinear\u00bb animation=\u00bboff\u00bb box_shadow_style=\u00bbpreset3&#8243; locked=\u00bboff\u00bb]<\/p>\n<p>Globe Sailor es un importante operador de ch\u00e1rter de veleros, comercializa nuestras estancias en Cerde\u00f1a.<\/p>\n<p><a href=\"https:\/\/www.globesailor.fr\/\" target=\"_blank\" rel=\"noopener noreferrer\">Saber m\u00e0s<\/a><\/p>\n<p style=\"padding-left: 30px; text-align: left;\">[\/et_pb_blurb][\/et_pb_column][et_pb_column type=\u00bb1_3&#8243; _builder_version=\u00bb4.3.4&#8243;][et_pb_blurb title=\u00bbExp\u00e93&#8243; image=\u00bbhttps:\/\/voile-escalade.com\/vertigoblue\/wp-content\/uploads\/2022\/08\/logo-expe3.png\u00bb alt=\u00bbAndrea, un sourire radieux, sous le soleil chaud de la tomb\u00e9e du soir en Sicile, \u00e0 San Vito Lo Capo. Photo: Vertigo Blue\u00bb image_max_width_tablet=\u00bb100%\u00bb image_max_width_phone=\u00bb\u00bb image_max_width_last_edited=\u00bbon|tablet\u00bb content_max_width_tablet=\u00bb604px\u00bb content_max_width_phone=\u00bb\u00bb content_max_width_last_edited=\u00bbon|tablet\u00bb admin_label=\u00bbExpe3 img + txt\u00bb _builder_version=\u00bb4.3.4&#8243; header_font=\u00bbOswald|on||on|\u00bb header_font_size=\u00bb24px\u00bb body_font=\u00bbRoboto||||\u00bb body_text_align=\u00bbleft\u00bb body_text_color=\u00bbrgba(0,0,0,0.38)\u00bb body_font_size=\u00bb16px\u00bb text_orientation=\u00bbcenter\u00bb width_tablet=\u00bb\u00bb width_phone=\u00bb\u00bb width_last_edited=\u00bbon|tablet\u00bb max_width_tablet=\u00bb\u00bb max_width_phone=\u00bb\u00bb max_width_last_edited=\u00bbon|tablet\u00bb custom_margin=\u00bb|4px|||false|false\u00bb custom_margin_tablet=\u00bb|4px|||false|false\u00bb custom_margin_phone=\u00bb\u00bb custom_margin_last_edited=\u00bbon|tablet\u00bb custom_padding=\u00bb|1px|||false|false\u00bb animation_style=\u00bbzoom\u00bb animation_duration=\u00bb0ms\u00bb animation_intensity_zoom=\u00bb0%\u00bb animation_speed_curve=\u00bblinear\u00bb animation=\u00bboff\u00bb box_shadow_style=\u00bbpreset3&#8243; locked=\u00bboff\u00bb]<\/p>\n<p>Agencia especializada en viajes de aventura, Exp\u00e93 comercializa todos nuestros viajes desde 2022.<\/p>\n<p><a href=\"https:\/\/www.expe3.com\/fr\/product\/expe3-explorer-la-sicile-autrement-voile-escalade-1610.html\" target=\"_blank\" rel=\"noopener noreferrer\">Saber mas<\/a><\/p>\n<p style=\"padding-left: 30px; text-align: left;\">[\/et_pb_blurb][\/et_pb_column][et_pb_column type=\u00bb1_3&#8243; _builder_version=\u00bb4.3.4&#8243;][et_pb_blurb title=\u00bbExpeditions Connect\u00bb image=\u00bbhttps:\/\/voile-escalade.com\/vertigoblue\/wp-content\/uploads\/2022\/08\/logo-expeditions-connect.png\u00bb alt=\u00bbAndrea, un sourire radieux, sous le soleil chaud de la tomb\u00e9e du soir en Sicile, \u00e0 San Vito Lo Capo. Photo: Vertigo Blue\u00bb image_max_width_tablet=\u00bb100%\u00bb image_max_width_phone=\u00bb\u00bb image_max_width_last_edited=\u00bbon|tablet\u00bb content_max_width_tablet=\u00bb604px\u00bb content_max_width_phone=\u00bb\u00bb content_max_width_last_edited=\u00bbon|tablet\u00bb admin_label=\u00bbExpeditions Connect img + txt\u00bb _builder_version=\u00bb4.3.4&#8243; header_font=\u00bbOswald|on||on|\u00bb header_font_size=\u00bb24px\u00bb body_font=\u00bbRoboto||||\u00bb body_text_align=\u00bbleft\u00bb body_text_color=\u00bbrgba(0,0,0,0.38)\u00bb body_font_size=\u00bb16px\u00bb text_orientation=\u00bbcenter\u00bb width_tablet=\u00bb\u00bb width_phone=\u00bb\u00bb width_last_edited=\u00bbon|tablet\u00bb max_width_tablet=\u00bb\u00bb max_width_phone=\u00bb\u00bb max_width_last_edited=\u00bbon|tablet\u00bb custom_margin=\u00bb|4px|||false|false\u00bb custom_margin_tablet=\u00bb|4px|||false|false\u00bb custom_margin_phone=\u00bb\u00bb custom_margin_last_edited=\u00bbon|tablet\u00bb custom_padding=\u00bb|1px|||false|false\u00bb animation_style=\u00bbzoom\u00bb animation_duration=\u00bb0ms\u00bb animation_intensity_zoom=\u00bb0%\u00bb animation_speed_curve=\u00bblinear\u00bb animation=\u00bboff\u00bb hover_enabled=\u00bb0&#8243; box_shadow_style=\u00bbpreset3&#8243; locked=\u00bboff\u00bb]<\/p>\n<p>Expeditions Connect es una plataforma de viajes de aventura con base en Alemania. Llevan ofreciendo todos nuestros viajes desde 2022.<\/p>\n<p><a href=\"https:\/\/expeditionsconnect.com\/expert-profile\/6274f4e5e1a6345b0fbad093\" target=\"_blank\" rel=\"noopener noreferrer\">Saber mas<\/a><\/p>\n<p style=\"padding-left: 30px; text-align: left;\">\n[\/et_pb_blurb][\/et_pb_column][\/et_pb_row][\/et_pb_section]<\/p>\n","protected":false},"excerpt":{"rendered":"<p>El equipo Vertigo BlueNacido en 1985 en la costa adri\u00e1tica italiana, se traslad\u00f3 a Alemania y luego a Barcelona por motivos de estudios. All\u00ed descubri\u00f3 la navegaci\u00f3n y la escalada al mismo tiempo. Desde los primeros cruceros por las Islas Baleares hasta sus primeros intentos de escalada en Montserrat, sus pasiones crecieron y le llevaron [&hellip;]<\/p>\n","protected":false},"author":2,"featured_media":0,"parent":0,"menu_order":0,"comment_status":"closed","ping_status":"closed","template":"","meta":{"_et_pb_use_builder":"on","_et_pb_old_content":"","_et_gb_content_width":""},"yoast_head":"<!-- This site is optimized with the Yoast SEO plugin v20.2.1 - https:\/\/yoast.com\/wordpress\/plugins\/seo\/ -->\n<title>Quienes somos - Vela y escalada en Mediterraneo<\/title>\n<meta name=\"robots\" content=\"index, follow, max-snippet:-1, max-image-preview:large, max-video-preview:-1\" \/>\n<link rel=\"canonical\" href=\"https:\/\/voile-escalade.com\/vertigoblue\/vela-escalada\/quienes-somos\/\" \/>\n<meta property=\"og:locale\" content=\"es_ES\" \/>\n<meta property=\"og:type\" content=\"article\" \/>\n<meta property=\"og:title\" content=\"Quienes somos - Vela y escalada en Mediterraneo\" \/>\n<meta property=\"og:description\" content=\"El equipo Vertigo BlueNacido en 1985 en la costa adri\u00e1tica italiana, se traslad\u00f3 a Alemania y luego a Barcelona por motivos de estudios. All\u00ed descubri\u00f3 la navegaci\u00f3n y la escalada al mismo tiempo. Desde los primeros cruceros por las Islas Baleares hasta sus primeros intentos de escalada en Montserrat, sus pasiones crecieron y le llevaron [&hellip;]\" \/>\n<meta property=\"og:url\" content=\"https:\/\/voile-escalade.com\/vertigoblue\/vela-escalada\/quienes-somos\/\" \/>\n<meta property=\"og:site_name\" content=\"Vela y escalada en Mediterraneo\" \/>\n<meta property=\"article:modified_time\" content=\"2022-12-30T16:03:55+00:00\" \/>\n<meta name=\"twitter:card\" content=\"summary_large_image\" \/>\n<meta name=\"twitter:label1\" content=\"Tiempo de lectura\" \/>\n\t<meta name=\"twitter:data1\" content=\"18 minutos\" \/>\n<script type=\"application\/ld+json\" class=\"yoast-schema-graph\">{\"@context\":\"https:\/\/schema.org\",\"@graph\":[{\"@type\":\"WebPage\",\"@id\":\"https:\/\/voile-escalade.com\/vertigoblue\/vela-escalada\/quienes-somos\/\",\"url\":\"https:\/\/voile-escalade.com\/vertigoblue\/vela-escalada\/quienes-somos\/\",\"name\":\"Quienes somos - Vela y escalada en Mediterraneo\",\"isPartOf\":{\"@id\":\"https:\/\/voile-escalade.com\/vertigoblue\/vela-escalada\/#website\"},\"datePublished\":\"2021-11-14T11:42:48+00:00\",\"dateModified\":\"2022-12-30T16:03:55+00:00\",\"breadcrumb\":{\"@id\":\"https:\/\/voile-escalade.com\/vertigoblue\/vela-escalada\/quienes-somos\/#breadcrumb\"},\"inLanguage\":\"es\",\"potentialAction\":[{\"@type\":\"ReadAction\",\"target\":[\"https:\/\/voile-escalade.com\/vertigoblue\/vela-escalada\/quienes-somos\/\"]}]},{\"@type\":\"BreadcrumbList\",\"@id\":\"https:\/\/voile-escalade.com\/vertigoblue\/vela-escalada\/quienes-somos\/#breadcrumb\",\"itemListElement\":[{\"@type\":\"ListItem\",\"position\":1,\"name\":\"Accueil\",\"item\":\"https:\/\/voile-escalade.com\/vertigoblue\/vela-escalada\/\"},{\"@type\":\"ListItem\",\"position\":2,\"name\":\"Quienes somos\"}]},{\"@type\":\"WebSite\",\"@id\":\"https:\/\/voile-escalade.com\/vertigoblue\/vela-escalada\/#website\",\"url\":\"https:\/\/voile-escalade.com\/vertigoblue\/vela-escalada\/\",\"name\":\"Vela y escalada en Mediterraneo\",\"description\":\"Viajes deportivos vela y escalada\",\"potentialAction\":[{\"@type\":\"SearchAction\",\"target\":{\"@type\":\"EntryPoint\",\"urlTemplate\":\"https:\/\/voile-escalade.com\/vertigoblue\/vela-escalada\/?s={search_term_string}\"},\"query-input\":\"required name=search_term_string\"}],\"inLanguage\":\"es\"}]}<\/script>\n<!-- \/ Yoast SEO plugin. -->","yoast_head_json":{"title":"Quienes somos - Vela y escalada en Mediterraneo","robots":{"index":"index","follow":"follow","max-snippet":"max-snippet:-1","max-image-preview":"max-image-preview:large","max-video-preview":"max-video-preview:-1"},"canonical":"https:\/\/voile-escalade.com\/vertigoblue\/vela-escalada\/quienes-somos\/","og_locale":"es_ES","og_type":"article","og_title":"Quienes somos - Vela y escalada en Mediterraneo","og_description":"El equipo Vertigo BlueNacido en 1985 en la costa adri\u00e1tica italiana, se traslad\u00f3 a Alemania y luego a Barcelona por motivos de estudios. All\u00ed descubri\u00f3 la navegaci\u00f3n y la escalada al mismo tiempo. Desde los primeros cruceros por las Islas Baleares hasta sus primeros intentos de escalada en Montserrat, sus pasiones crecieron y le llevaron [&hellip;]","og_url":"https:\/\/voile-escalade.com\/vertigoblue\/vela-escalada\/quienes-somos\/","og_site_name":"Vela y escalada en Mediterraneo","article_modified_time":"2022-12-30T16:03:55+00:00","twitter_card":"summary_large_image","twitter_misc":{"Tiempo de lectura":"18 minutos"},"schema":{"@context":"https:\/\/schema.org","@graph":[{"@type":"WebPage","@id":"https:\/\/voile-escalade.com\/vertigoblue\/vela-escalada\/quienes-somos\/","url":"https:\/\/voile-escalade.com\/vertigoblue\/vela-escalada\/quienes-somos\/","name":"Quienes somos - Vela y escalada en Mediterraneo","isPartOf":{"@id":"https:\/\/voile-escalade.com\/vertigoblue\/vela-escalada\/#website"},"datePublished":"2021-11-14T11:42:48+00:00","dateModified":"2022-12-30T16:03:55+00:00","breadcrumb":{"@id":"https:\/\/voile-escalade.com\/vertigoblue\/vela-escalada\/quienes-somos\/#breadcrumb"},"inLanguage":"es","potentialAction":[{"@type":"ReadAction","target":["https:\/\/voile-escalade.com\/vertigoblue\/vela-escalada\/quienes-somos\/"]}]},{"@type":"BreadcrumbList","@id":"https:\/\/voile-escalade.com\/vertigoblue\/vela-escalada\/quienes-somos\/#breadcrumb","itemListElement":[{"@type":"ListItem","position":1,"name":"Accueil","item":"https:\/\/voile-escalade.com\/vertigoblue\/vela-escalada\/"},{"@type":"ListItem","position":2,"name":"Quienes somos"}]},{"@type":"WebSite","@id":"https:\/\/voile-escalade.com\/vertigoblue\/vela-escalada\/#website","url":"https:\/\/voile-escalade.com\/vertigoblue\/vela-escalada\/","name":"Vela y escalada en Mediterraneo","description":"Viajes deportivos vela y escalada","potentialAction":[{"@type":"SearchAction","target":{"@type":"EntryPoint","urlTemplate":"https:\/\/voile-escalade.com\/vertigoblue\/vela-escalada\/?s={search_term_string}"},"query-input":"required name=search_term_string"}],"inLanguage":"es"}]}},"_links":{"self":[{"href":"https:\/\/voile-escalade.com\/vertigoblue\/vela-escalada\/wp-json\/wp\/v2\/pages\/1087"}],"collection":[{"href":"https:\/\/voile-escalade.com\/vertigoblue\/vela-escalada\/wp-json\/wp\/v2\/pages"}],"about":[{"href":"https:\/\/voile-escalade.com\/vertigoblue\/vela-escalada\/wp-json\/wp\/v2\/types\/page"}],"author":[{"embeddable":true,"href":"https:\/\/voile-escalade.com\/vertigoblue\/vela-escalada\/wp-json\/wp\/v2\/users\/2"}],"replies":[{"embeddable":true,"href":"https:\/\/voile-escalade.com\/vertigoblue\/vela-escalada\/wp-json\/wp\/v2\/comments?post=1087"}],"version-history":[{"count":14,"href":"https:\/\/voile-escalade.com\/vertigoblue\/vela-escalada\/wp-json\/wp\/v2\/pages\/1087\/revisions"}],"predecessor-version":[{"id":1611,"href":"https:\/\/voile-escalade.com\/vertigoblue\/vela-escalada\/wp-json\/wp\/v2\/pages\/1087\/revisions\/1611"}],"wp:attachment":[{"href":"https:\/\/voile-escalade.com\/vertigoblue\/vela-escalada\/wp-json\/wp\/v2\/media?parent=1087"}],"curies":[{"name":"wp","href":"https:\/\/api.w.org\/{rel}","templated":true}]}}