{"id":998,"date":"2021-01-07T19:04:42","date_gmt":"2021-01-07T18:04:42","guid":{"rendered":"https:\/\/voile-escalade.com\/vertigoblue\/vela-arrampicata\/?page_id=998"},"modified":"2022-08-14T18:11:28","modified_gmt":"2022-08-14T16:11:28","slug":"sardegna-vela-e-arrampicata","status":"publish","type":"page","link":"https:\/\/voile-escalade.com\/vertigoblue\/vela-arrampicata\/sardegna-vela-e-arrampicata\/","title":{"rendered":"Sardegna &#8211; Vela e arrampicata"},"content":{"rendered":"<p>[et_pb_section fb_built=&#8221;1&#8243; fullwidth=&#8221;on&#8221; _builder_version=&#8221;4.3.4&#8243;][et_pb_fullwidth_header title=&#8221;Sardegna &#8211; vela &#038; arrampicata&#8221; subhead=&#8221;Ad aprile e ottobre&#8221; text_orientation=&#8221;center&#8221; button_one_url=&#8221;#destinations-corse&#8221; button_two_url=&#8221;#destinationseurope&#8221; _builder_version=&#8221;4.3.4&#8243; title_font=&#8221;|700|||||||&#8221; subhead_font_size=&#8221;22px&#8221; background_enable_color=&#8221;off&#8221; background_image=&#8221;https:\/\/voile-escalade.com\/vertigoblue\/vela-arrampicata\/wp-content\/uploads\/sites\/3\/2020\/04\/Sardaigne-Cala-Gonone-vertigo-blue-climbing-above-the-sea-andrea.jpg&#8221;][\/et_pb_fullwidth_header][\/et_pb_section][et_pb_section fb_built=&#8221;1&#8243; custom_padding_last_edited=&#8221;on|tablet&#8221; admin_label=&#8221;Image sejour sardaigne voile escalade&#8221; _builder_version=&#8221;4.3.4&#8243; custom_padding=&#8221;59px||29px|||&#8221; custom_padding_tablet=&#8221;60px|||&#8221; custom_padding_phone=&#8221;&#8221;][et_pb_row column_structure=&#8221;1_2,1_2&#8243; _builder_version=&#8221;4.3.4&#8243;][et_pb_column type=&#8221;1_2&#8243; _builder_version=&#8221;4.3.4&#8243;][et_pb_image src=&#8221;https:\/\/voile-escalade.com\/vertigoblue\/vela-arrampicata\/wp-content\/uploads\/sites\/3\/2021\/01\/Sardaigne-Ile-de-Tavolara-navigation-voilier-sous-spi.jpg&#8221; _builder_version=&#8221;4.3.4&#8243;][\/et_pb_image][\/et_pb_column][et_pb_column type=&#8221;1_2&#8243; _builder_version=&#8221;4.3.4&#8243;][et_pb_image src=&#8221;https:\/\/voile-escalade.com\/vertigoblue\/vela-arrampicata\/wp-content\/uploads\/sites\/3\/2021\/01\/vertigo-blue-sardaigne-escalade-siniscola.jpg&#8221; align=&#8221;right&#8221; _builder_version=&#8221;4.3.4&#8243;][\/et_pb_image][\/et_pb_column][\/et_pb_row][\/et_pb_section][et_pb_section fb_built=&#8221;1&#8243; custom_padding_last_edited=&#8221;on|tablet&#8221; admin_label=&#8221;sardaigne Voile Escalade d\u00e9tails &#8221; module_id=&#8221;destinationseurope&#8221; module_class=&#8221;dc_inverser_colonnes-section&#8221; _builder_version=&#8221;4.3.4&#8243; custom_padding=&#8221;59px||29px|||&#8221; custom_padding_tablet=&#8221;60px|||&#8221; custom_padding_phone=&#8221;&#8221;][et_pb_row column_structure=&#8221;1_2,1_2&#8243; admin_label=&#8221;programme&#8221; module_id=&#8221;destinationssardaigne&#8221; _builder_version=&#8221;4.3.4&#8243; background_size=&#8221;initial&#8221; background_position=&#8221;top_left&#8221; background_repeat=&#8221;repeat&#8221; module_alignment=&#8221;center&#8221;][et_pb_column type=&#8221;1_2&#8243; _builder_version=&#8221;4.3.4&#8243; custom_padding=&#8221;|||&#8221; custom_padding__hover=&#8221;|||&#8221;][et_pb_text admin_label=&#8221;Titre programme&#8221; _builder_version=&#8221;4.3.4&#8243; text_font=&#8221;||||&#8221; text_text_color=&#8221;#1a1a1a&#8221; header_font=&#8221;Oswald|on||on|&#8221; header_text_align=&#8221;left&#8221; header_font_size=&#8221;44px&#8221; header_line_height=&#8221;1.3em&#8221; background_size=&#8221;initial&#8221; background_position=&#8221;top_left&#8221; background_repeat=&#8221;repeat&#8221; max_width=&#8221;450px&#8221; custom_margin=&#8221;|||&#8221; custom_padding=&#8221;|||&#8221; animation_style=&#8221;slide&#8221; animation_direction=&#8221;top&#8221; animation_intensity_slide=&#8221;10%&#8221; header_font_size_tablet=&#8221;39px&#8221; header_font_size_phone=&#8221;35px&#8221; header_font_size_last_edited=&#8221;on|phone&#8221; locked=&#8221;off&#8221;]<\/p>\n<h1>Il programma<\/h1>\n<p>[\/et_pb_text][et_pb_divider color=&#8221;#0c71c3&#8243; divider_position=&#8221;center&#8221; divider_weight=&#8221;3px&#8221; disabled_on=&#8221;off|off|off%22&#8243; admin_label=&#8221;S\u00e9parateur&#8221; _builder_version=&#8221;4.3.4&#8243; max_width=&#8221;150px&#8221; height=&#8221;false&#8221; custom_margin=&#8221;30px|||&#8221; animation_style=&#8221;slide&#8221; animation_direction=&#8221;top&#8221; animation_delay=&#8221;100ms&#8221; animation_intensity_slide=&#8221;10%&#8221; locked=&#8221;off&#8221;][\/et_pb_divider][et_pb_text admin_label=&#8221;Texte programme &#8221; _builder_version=&#8221;4.3.4&#8243; text_font=&#8221;Roboto|300|||||||&#8221; text_font_size=&#8221;16px&#8221; text_line_height=&#8221;1.9em&#8221; background_size=&#8221;initial&#8221; background_position=&#8221;top_left&#8221; background_repeat=&#8221;repeat&#8221; max_width=&#8221;450px&#8221; custom_margin=&#8221;17px||2px|||&#8221; custom_padding=&#8221;||0px|||&#8221; animation_style=&#8221;slide&#8221; animation_direction=&#8221;top&#8221; animation_delay=&#8221;400ms&#8221; animation_intensity_slide=&#8221;4%&#8221; locked=&#8221;off&#8221;]<\/p>\n<p>\u200b<\/p>\n<p>Salite a bordo per una crociera lungo la costa orientale della Sardegna e scoprite l&#8217;isola in modo attivo:<br \/>&#8211; sul mare, imparando o perfezionando le vostre abilit\u00e0 veliche su un monoscafo tra i 10 e i 13 metri<br \/>&#8211; a terra, scoprendo le numerose falesie lungo la costa e imparando ad arrampicare su roccia<br \/>Un programma ideale per inoltrarsi nelle bellezze naturali dell&#8217;isola in modo dinamico, in piccoli gruppi e accompagnati da guide appassionate!<\/p>\n<p>Per tutta la durata del vostro soggiorno, vivrete a bordo della barca. Il programma alterna giornate di vela a sessioni di arrampicata.<\/p>\n<p>Aperto a tutti i livelli, adatto a un pubblico sportivo e dinamico che gi\u00e0 pratica la vela e\/o l&#8217;arrampicata o che semplicemente ha voglia di imparare!<\/p>\n<p>Tutte le attivit\u00e0 sono supervisionate da istruttori qualificati.<\/p>\n<p>Una buona condizione fisica \u00e8 necessaria per partecipare a questo corso.<\/p>\n<p>[\/et_pb_text][\/et_pb_column][et_pb_column type=&#8221;1_2&#8243; _builder_version=&#8221;4.3.4&#8243;][et_pb_text admin_label=&#8221;Texte infos cl\u00e9s&#8221; _builder_version=&#8221;4.3.4&#8243; background_color=&#8221;#6fc8ce&#8221; custom_padding=&#8221;||0px|21px||&#8221;]<\/p>\n<h4>\u00a0<\/h4>\n<h4 style=\"text-align: center;\"><span style=\"text-decoration: underline;\"><strong>Informazioni chiave<br \/><\/strong><\/span><\/h4>\n<p style=\"text-align: center;\"><strong>Ad aprile &amp; ottobre<\/strong><\/p>\n<ul>\n<li style=\"text-align: left;\">\n<h5>Soggiorno di 14 giorni<\/h5>\n<\/li>\n<li style=\"text-align: left;\">\n<h5>2350\u20ac\/pers inclusa cambusa\u00a0\u00a0 (pulizia barca, porti, carburante, gas, pasti a bordo)<\/h5>\n<\/li>\n<li style=\"text-align: left;\">\n<h5>livello Neofita o iniziato \/ ritmo moderato<\/h5>\n<\/li>\n<\/ul>\n<ul>\n<li style=\"text-align: left;\">\n<h5>Grouppo da 4 a 6 persone<\/h5>\n<\/li>\n<li style=\"text-align: left;\">\n<h5>Sistemazione a bordo in cabina condivisa<\/h5>\n<\/li>\n<li style=\"text-align: left;\">\n<h5>Pasti preparati a bordo<\/h5>\n<\/li>\n<\/ul>\n<p style=\"text-align: center;\">[\/et_pb_text][et_pb_text admin_label=&#8221;Texte terrain de jeu&#8221; _builder_version=&#8221;4.3.4&#8243; background_color=&#8221;#6fc8ce&#8221; custom_padding=&#8221;|19px|0px|21px||&#8221;]<\/p>\n<h4>\u00a0<\/h4>\n<h4 style=\"text-align: center;\"><span style=\"text-decoration: underline;\"><strong>Il Terreno di gioco<\/strong><\/span><\/h4>\n<p style=\"text-align: center;\"><strong>Da Olbia a Santa Maria Navarrese, la costa Est della Sardegna<\/strong><\/p>\n<ul>\n<li style=\"text-align: left;\">\n<h5>Porto d&#8217;imbarco: Olbia<\/h5>\n<\/li>\n<li style=\"text-align: left;\">\n<h5>La maestosa Isola di Tavolara<\/h5>\n<\/li>\n<li style=\"text-align: left;\">\n<h5>Siniscola e il porto de La Caletta<\/h5>\n<\/li>\n<\/ul>\n<ul>\n<li style=\"text-align: left;\">\n<h5>Il magnifico Golfo d&#8217;Orosei: Cala di Luna e Cala Goloritze, il piccolo porto di Cala Gonone<\/h5>\n<\/li>\n<\/ul>\n<p style=\"text-align: center;\">[\/et_pb_text][et_pb_button button_url=&#8221;https:\/\/voile-escalade.com\/vertigoblue\/vela-arrampicata\/contatti\/&#8221; url_new_window=&#8221;on&#8221; button_text=&#8221;Info &#038; prenotazioni&#8221; button_alignment=&#8221;center&#8221; admin_label=&#8221;Bouton reserver option&#8221; _builder_version=&#8221;4.3.4&#8243;][\/et_pb_button][\/et_pb_column][\/et_pb_row][et_pb_row _builder_version=&#8221;4.3.4&#8243;][et_pb_column type=&#8221;4_4&#8243; _builder_version=&#8221;4.3.4&#8243;][et_pb_image src=&#8221;https:\/\/voile-escalade.com\/vertigoblue\/vela-arrampicata\/wp-content\/uploads\/sites\/3\/2021\/01\/Sardaigne-Castelsardo-La-Caletta-isola-tavolara.jpg&#8221; _builder_version=&#8221;4.3.4&#8243;][\/et_pb_image][\/et_pb_column][\/et_pb_row][et_pb_row column_structure=&#8221;1_2,1_2&#8243; disabled_on=&#8221;off|off|off&#8221; admin_label=&#8221;Itineraire titre&#8221; module_id=&#8221;#destinations-sicile&#8221; module_class=&#8221;dc_inverser_colonnes-ligne&#8221; _builder_version=&#8221;4.3.4&#8243; background_size=&#8221;initial&#8221; background_position=&#8221;top_left&#8221; background_repeat=&#8221;repeat&#8221; module_alignment=&#8221;center&#8221;][et_pb_column type=&#8221;1_2&#8243; _builder_version=&#8221;4.3.4&#8243; custom_padding=&#8221;|||&#8221; custom_padding__hover=&#8221;|||&#8221;][et_pb_text admin_label=&#8221;titre itin\u00e9raire&#8221; _builder_version=&#8221;4.3.4&#8243; text_font=&#8221;||||&#8221; text_text_color=&#8221;#1a1a1a&#8221; header_font=&#8221;Oswald|on||on|&#8221; header_text_align=&#8221;left&#8221; header_font_size=&#8221;44px&#8221; header_line_height=&#8221;1.3em&#8221; background_size=&#8221;initial&#8221; background_position=&#8221;top_left&#8221; background_repeat=&#8221;repeat&#8221; max_width=&#8221;450px&#8221; custom_margin=&#8221;|||&#8221; custom_padding=&#8221;|||&#8221; animation_style=&#8221;slide&#8221; animation_direction=&#8221;top&#8221; animation_intensity_slide=&#8221;10%&#8221; header_font_size_tablet=&#8221;39px&#8221; header_font_size_phone=&#8221;35px&#8221; header_font_size_last_edited=&#8221;on|phone&#8221; locked=&#8221;off&#8221;]<\/p>\n<h1>L&#8217;Itinerario<\/h1>\n<p>[\/et_pb_text][et_pb_divider color=&#8221;#0c71c3&#8243; divider_position=&#8221;center&#8221; divider_weight=&#8221;3px&#8221; disabled_on=&#8221;off|off|off%22&#8243; admin_label=&#8221;S\u00e9parateur&#8221; _builder_version=&#8221;4.3.4&#8243; max_width=&#8221;150px&#8221; height=&#8221;false&#8221; custom_margin=&#8221;30px|||&#8221; animation_style=&#8221;slide&#8221; animation_direction=&#8221;top&#8221; animation_delay=&#8221;100ms&#8221; animation_intensity_slide=&#8221;10%&#8221; locked=&#8221;off&#8221;][\/et_pb_divider][\/et_pb_column][et_pb_column type=&#8221;1_2&#8243; _builder_version=&#8221;4.3.4&#8243;][\/et_pb_column][\/et_pb_row][et_pb_row _builder_version=&#8221;4.3.4&#8243; width=&#8221;100%&#8221;][et_pb_column type=&#8221;4_4&#8243; _builder_version=&#8221;4.3.4&#8243;][et_pb_text admin_label=&#8221;Texte itin\u00e9raire&#8221; _builder_version=&#8221;4.3.4&#8243; text_font=&#8221;Roboto|300|||||||&#8221; text_font_size=&#8221;16px&#8221;]<\/p>\n<p>Il perimetro dei soggiorni si estende sulla costa est sarda da Olbia a Arbatax. La maestosa isola di<br \/><strong>Tavolara<\/strong>, il villaggio medievale di <strong>Posada<\/strong>, le falesie del <strong>parco naturale del Montalbo<\/strong> e l\u2019imprescindibile<br \/><strong>Golfo d\u2019Orosei<\/strong> sono le principali tappe praticabili sull\u2019itinerario.<br \/>Seguendo il vento veleggieremo per raggiungere le pi\u00f9 belle falesie della zona.<br \/>Le giornate in navigazione saranno consacrate all\u2019apprendimento delle manovre e delle tecniche di<br \/>navigazione costiera. Durante gli scali,\u00a0la grande variet\u00e0, quantit\u00e0 e qualit\u00e0 delle falesie sarde aprono multiple prospettive di<br \/>pratica dell\u2019arrampicata a tutti i livelli.<\/p>\n<p>[\/et_pb_text][\/et_pb_column][\/et_pb_row][et_pb_row column_structure=&#8221;1_2,1_2&#8243; disabled_on=&#8221;off|off|off&#8221; admin_label=&#8221;Au jour le jour titre&#8221; module_id=&#8221;#destinations-sicile&#8221; module_class=&#8221;dc_inverser_colonnes-ligne&#8221; _builder_version=&#8221;4.3.4&#8243; background_size=&#8221;initial&#8221; background_position=&#8221;top_left&#8221; background_repeat=&#8221;repeat&#8221; module_alignment=&#8221;center&#8221;][et_pb_column type=&#8221;1_2&#8243; _builder_version=&#8221;4.3.4&#8243; custom_padding=&#8221;|||&#8221; custom_padding__hover=&#8221;|||&#8221;][et_pb_text admin_label=&#8221;titre au jour le jour&#8221; _builder_version=&#8221;4.3.4&#8243; text_font=&#8221;||||&#8221; text_text_color=&#8221;#1a1a1a&#8221; header_font=&#8221;Oswald|on||on|&#8221; header_text_align=&#8221;left&#8221; header_font_size=&#8221;44px&#8221; header_line_height=&#8221;1.3em&#8221; background_size=&#8221;initial&#8221; background_position=&#8221;top_left&#8221; background_repeat=&#8221;repeat&#8221; max_width=&#8221;450px&#8221; custom_margin=&#8221;|||&#8221; custom_padding=&#8221;|||&#8221; animation_style=&#8221;slide&#8221; animation_direction=&#8221;top&#8221; animation_intensity_slide=&#8221;10%&#8221; header_font_size_tablet=&#8221;39px&#8221; header_font_size_phone=&#8221;35px&#8221; header_font_size_last_edited=&#8221;on|phone&#8221; locked=&#8221;off&#8221;]<\/p>\n<h1>Giorno per Giorno<\/h1>\n<p>[\/et_pb_text][et_pb_divider color=&#8221;#0c71c3&#8243; divider_position=&#8221;center&#8221; divider_weight=&#8221;3px&#8221; disabled_on=&#8221;off|off|off%22&#8243; admin_label=&#8221;S\u00e9parateur&#8221; _builder_version=&#8221;4.3.4&#8243; max_width=&#8221;150px&#8221; height=&#8221;false&#8221; custom_margin=&#8221;30px|||&#8221; animation_style=&#8221;slide&#8221; animation_direction=&#8221;top&#8221; animation_delay=&#8221;100ms&#8221; animation_intensity_slide=&#8221;10%&#8221; locked=&#8221;off&#8221;][\/et_pb_divider][\/et_pb_column][et_pb_column type=&#8221;1_2&#8243; _builder_version=&#8221;4.3.4&#8243;][\/et_pb_column][\/et_pb_row][et_pb_row _builder_version=&#8221;4.3.4&#8243; width=&#8221;100%&#8221;][et_pb_column type=&#8221;4_4&#8243; _builder_version=&#8221;4.3.4&#8243;][et_pb_text admin_label=&#8221;Texte au jour le jour&#8221; _builder_version=&#8221;4.3.4&#8243; text_font=&#8221;Roboto|300|||||||&#8221; text_font_size=&#8221;16px&#8221;]<\/p>\n<p><strong>Le giornate iniziano intorno alle 9 di mattina e finiscono circa alle 18<\/strong>.<br \/>In navigazione come in falesia, il tempo sar\u00e0 consacrato, in primis, alla pratica sportiva senza per questo trascurare apporti teorici essenziali per una migliore progressione tecnica.<br \/><strong>Il programma pedagogico \u00e8 costruito da Andrea all\u2019inizio del soggiorno in funzione delle previsioni metereologiche nonch\u00e9 del livello e delle aspettative dell\u2019equipaggio<\/strong>.<br \/>I partecipanti verranno accolti a bordo <strong>la vigilia della partenza<\/strong> nel tardo pomeriggio, la prima serata dar\u00e0 l\u2019occasione di rompere il ghiaccio a organizzare i giorni a seguire e prendere conoscenza del materiale.<br \/><strong>I primi due giorni<\/strong> saranno consacrati alla scoperta o ripresa dell\u2019arrampicata o dedicati a familiarizzarsi con la barca e a valutare il livello e le aspettative di ciascuno dei partecipanti.<br \/><strong>Dal terzo giorno in poi<\/strong> si alterneranno sessioni di navigazione e di arrampicata.<br \/>Le navigazioni previste saranno perlopi\u00f9 alla giornata con l\u2019obbiettivo di dare ancora o rientrare in porto prima che faccia buio.<br \/>Per le giornate di arrampicata sar\u00e0 previsto un pic-nic sotto le vie. Per raggiungere le falesie saranno in generale necessari dai 30 minuti all\u2019ora di marcia.<br \/>L\u2019ultimo giorno sar\u00e0 dedicato al riordino della barca e alle partenze.<\/p>\n<p>&nbsp;<\/p>\n<p>[\/et_pb_text][\/et_pb_column][\/et_pb_row][et_pb_row column_structure=&#8221;1_2,1_2&#8243; admin_label=&#8221;titre equipe&#8221; module_id=&#8221;destinationssicile&#8221; module_class=&#8221;dc_inverser_colonnes-ligne&#8221; _builder_version=&#8221;4.3.4&#8243; background_size=&#8221;initial&#8221; background_position=&#8221;top_left&#8221; background_repeat=&#8221;repeat&#8221; module_alignment=&#8221;center&#8221;][et_pb_column type=&#8221;1_2&#8243; _builder_version=&#8221;4.3.4&#8243; custom_padding=&#8221;|||&#8221; custom_padding__hover=&#8221;|||&#8221;][et_pb_text admin_label=&#8221;Titre equipe&#8221; _builder_version=&#8221;4.3.4&#8243; text_font=&#8221;||||&#8221; text_text_color=&#8221;#1a1a1a&#8221; header_font=&#8221;Oswald|on||on|&#8221; header_text_align=&#8221;left&#8221; header_font_size=&#8221;44px&#8221; header_line_height=&#8221;1.3em&#8221; background_size=&#8221;initial&#8221; background_position=&#8221;top_left&#8221; background_repeat=&#8221;repeat&#8221; max_width=&#8221;450px&#8221; custom_margin=&#8221;|||&#8221; custom_padding=&#8221;|||&#8221; animation_style=&#8221;slide&#8221; animation_direction=&#8221;top&#8221; animation_intensity_slide=&#8221;10%&#8221; header_font_size_tablet=&#8221;39px&#8221; header_font_size_phone=&#8221;35px&#8221; header_font_size_last_edited=&#8221;on|phone&#8221; locked=&#8221;off&#8221;]<\/p>\n<h1>Il team di istruttori<\/h1>\n<p>[\/et_pb_text][et_pb_divider color=&#8221;#0c71c3&#8243; divider_position=&#8221;center&#8221; divider_weight=&#8221;3px&#8221; disabled_on=&#8221;off|off|off%22&#8243; admin_label=&#8221;S\u00e9parateur&#8221; _builder_version=&#8221;4.3.4&#8243; max_width=&#8221;150px&#8221; height=&#8221;false&#8221; custom_margin=&#8221;30px|||&#8221; animation_style=&#8221;slide&#8221; animation_direction=&#8221;top&#8221; animation_delay=&#8221;100ms&#8221; animation_intensity_slide=&#8221;10%&#8221; locked=&#8221;off&#8221;][\/et_pb_divider][\/et_pb_column][et_pb_column type=&#8221;1_2&#8243; _builder_version=&#8221;4.3.4&#8243;][\/et_pb_column][\/et_pb_row][et_pb_row column_structure=&#8221;1_2,1_2&#8243; admin_label=&#8221;equipe andrea et sarah&#8221; module_id=&#8221;destinationscorse&#8221; _builder_version=&#8221;4.3.4&#8243; background_size=&#8221;initial&#8221; background_position=&#8221;top_left&#8221; background_repeat=&#8221;repeat&#8221; module_alignment=&#8221;center&#8221;][et_pb_column type=&#8221;1_2&#8243; _builder_version=&#8221;4.3.4&#8243; custom_padding=&#8221;|||&#8221; custom_padding__hover=&#8221;|||&#8221;][et_pb_image src=&#8221;https:\/\/voile-escalade.com\/vertigoblue\/vela-arrampicata\/wp-content\/uploads\/sites\/3\/2021\/01\/grande-voie-calanques-de-marseille.jpg&#8221; _builder_version=&#8221;4.3.4&#8243;][\/et_pb_image][\/et_pb_column][et_pb_column type=&#8221;1_2&#8243; _builder_version=&#8221;4.3.4&#8243;][et_pb_text _builder_version=&#8221;4.3.4&#8243;]<\/p>\n<h2><strong>Andrea e Sarah<\/strong><\/h2>\n<h2><strong>Formatore e istruttrice di vela<\/strong><\/h2>\n<p>[\/et_pb_text][et_pb_text admin_label=&#8221;Texte equipe &#8221; _builder_version=&#8221;4.3.4&#8243; text_font=&#8221;Roboto|300|||||||&#8221; text_font_size=&#8221;16px&#8221; text_line_height=&#8221;1.9em&#8221; background_size=&#8221;initial&#8221; background_position=&#8221;top_left&#8221; background_repeat=&#8221;repeat&#8221; max_width=&#8221;450px&#8221; custom_margin=&#8221;17px||2px|||&#8221; custom_padding=&#8221;||0px|||&#8221; animation_style=&#8221;slide&#8221; animation_direction=&#8221;top&#8221; animation_delay=&#8221;400ms&#8221; animation_intensity_slide=&#8221;4%&#8221; locked=&#8221;off&#8221;]<\/p>\n<p>Originario di Ancona, Andrea si \u00e8 formato alla vela nel Mediterraneo, inizialmente sulle coste spagnole e poi principalente in Corsica e Sardegna. <strong>Dal 2014 ha tenuto pi\u00f9 di sessanta corsi di vela in crociera tra Francia, Italia e Croazia<\/strong>. Inoltre ha formato vari istruttori alla pratica e all&#8217;insegnamento della vela.<\/p>\n<p>Sarah \u00e8 <strong>Istruttrice di vela<\/strong> dal 2017.<br \/>Si \u00e8 formata e ha insegnato a Bonifacio, in Corsica, dove \u00e8 rimasta poi come assistente amministrativa presso la stessa scuola di vela per due anni.<\/p>\n<p>&nbsp;<\/p>\n<p>[\/et_pb_text][\/et_pb_column][\/et_pb_row][et_pb_row column_structure=&#8221;1_2,1_2&#8243; admin_label=&#8221;equipe roberto pau&#8221; module_id=&#8221;destinationscorse&#8221; module_class=&#8221;dc_inverser_colonnes-ligne&#8221; _builder_version=&#8221;4.3.4&#8243; background_size=&#8221;initial&#8221; background_position=&#8221;top_left&#8221; background_repeat=&#8221;repeat&#8221; module_alignment=&#8221;center&#8221;][et_pb_column type=&#8221;1_2&#8243; _builder_version=&#8221;4.3.4&#8243; custom_padding=&#8221;|||&#8221; custom_padding__hover=&#8221;|||&#8221;][et_pb_text _builder_version=&#8221;4.3.4&#8243;]<\/p>\n<h2><strong>Roberto<\/strong><\/h2>\n<h2><strong>Istruttore di arrampicata<\/strong><\/h2>\n<p>[\/et_pb_text][et_pb_text admin_label=&#8221;Texte equipe &#8221; _builder_version=&#8221;4.3.4&#8243; text_font=&#8221;Roboto|300|||||||&#8221; text_font_size=&#8221;16px&#8221; text_line_height=&#8221;1.9em&#8221; background_size=&#8221;initial&#8221; background_position=&#8221;top_left&#8221; background_repeat=&#8221;repeat&#8221; max_width=&#8221;450px&#8221; custom_margin=&#8221;17px||2px|||&#8221; custom_padding=&#8221;||0px|||&#8221; animation_style=&#8221;slide&#8221; animation_direction=&#8221;top&#8221; animation_delay=&#8221;400ms&#8221; animation_intensity_slide=&#8221;4%&#8221; locked=&#8221;off&#8221;]<\/p>\n<p>Nato in Sardegna dove ha vissuto fino all&#8217;et\u00e0 di 27 anni si \u00e8 poi trasferito sul versante italiano del Monte Rosa per diventare <strong>guida alpina<\/strong><\/p>\n<p>Nel 2015 si \u00e8 trasferito a Chamonix, ai piedi del Monte Bianco, dove vive e lavora come guida alpina d&#8217;estate e d&#8217;arrampicata su ghiaccio e sci fuori pista d&#8217;inverno.<\/p>\n<p>[\/et_pb_text][\/et_pb_column][et_pb_column type=&#8221;1_2&#8243; _builder_version=&#8221;4.3.4&#8243;][et_pb_image src=&#8221;https:\/\/voile-escalade.com\/vertigoblue\/vela-arrampicata\/wp-content\/uploads\/sites\/3\/2021\/01\/Roberto-Pau-guide-de-montagne-sarde.jpg&#8221; _builder_version=&#8221;4.3.4&#8243;][\/et_pb_image][\/et_pb_column][\/et_pb_row][et_pb_row column_structure=&#8221;1_2,1_2&#8243; _builder_version=&#8221;4.3.4&#8243; locked=&#8221;off&#8221;][et_pb_column type=&#8221;1_2&#8243; _builder_version=&#8221;4.3.4&#8243;][et_pb_button button_url=&#8221;https:\/\/voile-escalade.com\/vertigoblue\/vela-arrampicata\/contatti\/&#8221; url_new_window=&#8221;on&#8221; button_text=&#8221;Info &#038; prenotazioni&#8221; button_alignment=&#8221;center&#8221; admin_label=&#8221;Bouton reserver&#8221; _builder_version=&#8221;4.3.4&#8243;][\/et_pb_button][\/et_pb_column][et_pb_column type=&#8221;1_2&#8243; _builder_version=&#8221;4.3.4&#8243;][et_pb_button button_url=&#8221;https:\/\/voile-escalade.com\/vertigoblue\/vela-arrampicata\/prossime-partenze\/&#8221; url_new_window=&#8221;on&#8221; button_text=&#8221;Date &#038; Tariffe&#8221; button_alignment=&#8221;center&#8221; admin_label=&#8221;Bouton dates &#038; tariffes&#8221; _builder_version=&#8221;4.3.4&#8243;][\/et_pb_button][\/et_pb_column][\/et_pb_row][et_pb_row column_structure=&#8221;1_2,1_2&#8243; disabled_on=&#8221;on|on|on&#8221; admin_label=&#8221;Informations pratiques&#8221; module_id=&#8221;#destinations-sicile&#8221; module_class=&#8221;dc_inverser_colonnes-ligne&#8221; _builder_version=&#8221;4.3.4&#8243; background_size=&#8221;initial&#8221; background_position=&#8221;top_left&#8221; background_repeat=&#8221;repeat&#8221; module_alignment=&#8221;center&#8221; disabled=&#8221;on&#8221;][et_pb_column type=&#8221;1_2&#8243; _builder_version=&#8221;4.3.4&#8243; custom_padding=&#8221;|||&#8221; custom_padding__hover=&#8221;|||&#8221;][et_pb_text admin_label=&#8221;titre autres destinations&#8221; _builder_version=&#8221;4.3.4&#8243; text_font=&#8221;||||&#8221; text_text_color=&#8221;#1a1a1a&#8221; header_font=&#8221;Oswald|on||on|&#8221; header_text_align=&#8221;left&#8221; header_font_size=&#8221;44px&#8221; header_line_height=&#8221;1.3em&#8221; background_size=&#8221;initial&#8221; background_position=&#8221;top_left&#8221; background_repeat=&#8221;repeat&#8221; max_width=&#8221;450px&#8221; custom_margin=&#8221;|||&#8221; custom_padding=&#8221;|||&#8221; animation_style=&#8221;slide&#8221; animation_direction=&#8221;top&#8221; animation_intensity_slide=&#8221;10%&#8221; header_font_size_tablet=&#8221;39px&#8221; header_font_size_phone=&#8221;35px&#8221; header_font_size_last_edited=&#8221;on|phone&#8221; locked=&#8221;off&#8221;]<\/p>\n<h1>Informations pratiques<\/h1>\n<p>[\/et_pb_text][et_pb_divider color=&#8221;#0c71c3&#8243; divider_position=&#8221;center&#8221; divider_weight=&#8221;3px&#8221; disabled_on=&#8221;off|off|off%22&#8243; admin_label=&#8221;S\u00e9parateur&#8221; _builder_version=&#8221;4.3.4&#8243; max_width=&#8221;150px&#8221; height=&#8221;false&#8221; custom_margin=&#8221;30px|||&#8221; animation_style=&#8221;slide&#8221; animation_direction=&#8221;top&#8221; animation_delay=&#8221;100ms&#8221; animation_intensity_slide=&#8221;10%&#8221; locked=&#8221;off&#8221;][\/et_pb_divider][\/et_pb_column][et_pb_column type=&#8221;1_2&#8243; _builder_version=&#8221;4.3.4&#8243;][\/et_pb_column][\/et_pb_row][et_pb_row disabled_on=&#8221;on|on|on&#8221; _builder_version=&#8221;4.3.4&#8243; disabled=&#8221;on&#8221;][et_pb_column type=&#8221;4_4&#8243; _builder_version=&#8221;4.3.4&#8243;][et_pb_text _builder_version=&#8221;4.3.4&#8243;][\/et_pb_text][\/et_pb_column][\/et_pb_row][\/et_pb_section]<\/p>\n","protected":false},"excerpt":{"rendered":"<p>Il programma\u200b Salite a bordo per una crociera lungo la costa orientale della Sardegna e scoprite l&#8217;isola in modo attivo:- sul mare, imparando o perfezionando le vostre abilit\u00e0 veliche su un monoscafo tra i 10 e i 13 metri- a terra, scoprendo le numerose falesie lungo la costa e imparando ad arrampicare su rocciaUn programma [&hellip;]<\/p>\n","protected":false},"author":2,"featured_media":0,"parent":0,"menu_order":0,"comment_status":"closed","ping_status":"closed","template":"","meta":{"_et_pb_use_builder":"on","_et_pb_old_content":"","_et_gb_content_width":""},"yoast_head":"<!-- This site is optimized with the Yoast SEO plugin v20.2.1 - https:\/\/yoast.com\/wordpress\/plugins\/seo\/ -->\n<title>Sardegna - Vela e arrampicata - Vela e arrampicata in Mediterraneo<\/title>\n<meta name=\"robots\" content=\"index, follow, max-snippet:-1, max-image-preview:large, max-video-preview:-1\" \/>\n<link rel=\"canonical\" href=\"https:\/\/voile-escalade.com\/vertigoblue\/vela-arrampicata\/sardegna-vela-e-arrampicata\/\" \/>\n<meta property=\"og:locale\" content=\"it_IT\" \/>\n<meta property=\"og:type\" content=\"article\" \/>\n<meta property=\"og:title\" content=\"Sardegna - Vela e arrampicata - Vela e arrampicata in Mediterraneo\" \/>\n<meta property=\"og:description\" content=\"Il programma\u200b Salite a bordo per una crociera lungo la costa orientale della Sardegna e scoprite l&#039;isola in modo attivo:- sul mare, imparando o perfezionando le vostre abilit\u00e0 veliche su un monoscafo tra i 10 e i 13 metri- a terra, scoprendo le numerose falesie lungo la costa e imparando ad arrampicare su rocciaUn programma [&hellip;]\" \/>\n<meta property=\"og:url\" content=\"https:\/\/voile-escalade.com\/vertigoblue\/vela-arrampicata\/sardegna-vela-e-arrampicata\/\" \/>\n<meta property=\"og:site_name\" content=\"Vela e arrampicata in Mediterraneo\" \/>\n<meta property=\"article:modified_time\" content=\"2022-08-14T16:11:28+00:00\" \/>\n<meta name=\"twitter:card\" content=\"summary_large_image\" \/>\n<meta name=\"twitter:label1\" content=\"Tempo di lettura stimato\" \/>\n\t<meta name=\"twitter:data1\" content=\"12 minuti\" \/>\n<script type=\"application\/ld+json\" class=\"yoast-schema-graph\">{\"@context\":\"https:\/\/schema.org\",\"@graph\":[{\"@type\":\"WebPage\",\"@id\":\"https:\/\/voile-escalade.com\/vertigoblue\/vela-arrampicata\/sardegna-vela-e-arrampicata\/\",\"url\":\"https:\/\/voile-escalade.com\/vertigoblue\/vela-arrampicata\/sardegna-vela-e-arrampicata\/\",\"name\":\"Sardegna - Vela e arrampicata - Vela e arrampicata in Mediterraneo\",\"isPartOf\":{\"@id\":\"https:\/\/voile-escalade.com\/vertigoblue\/vela-arrampicata\/#website\"},\"datePublished\":\"2021-01-07T18:04:42+00:00\",\"dateModified\":\"2022-08-14T16:11:28+00:00\",\"breadcrumb\":{\"@id\":\"https:\/\/voile-escalade.com\/vertigoblue\/vela-arrampicata\/sardegna-vela-e-arrampicata\/#breadcrumb\"},\"inLanguage\":\"it-IT\",\"potentialAction\":[{\"@type\":\"ReadAction\",\"target\":[\"https:\/\/voile-escalade.com\/vertigoblue\/vela-arrampicata\/sardegna-vela-e-arrampicata\/\"]}]},{\"@type\":\"BreadcrumbList\",\"@id\":\"https:\/\/voile-escalade.com\/vertigoblue\/vela-arrampicata\/sardegna-vela-e-arrampicata\/#breadcrumb\",\"itemListElement\":[{\"@type\":\"ListItem\",\"position\":1,\"name\":\"Accueil\",\"item\":\"https:\/\/voile-escalade.com\/vertigoblue\/vela-arrampicata\/\"},{\"@type\":\"ListItem\",\"position\":2,\"name\":\"Sardegna &#8211; Vela e arrampicata\"}]},{\"@type\":\"WebSite\",\"@id\":\"https:\/\/voile-escalade.com\/vertigoblue\/vela-arrampicata\/#website\",\"url\":\"https:\/\/voile-escalade.com\/vertigoblue\/vela-arrampicata\/\",\"name\":\"Vela e arrampicata in Mediterraneo\",\"description\":\"Viaggi sportivi vela e arrampicata\",\"potentialAction\":[{\"@type\":\"SearchAction\",\"target\":{\"@type\":\"EntryPoint\",\"urlTemplate\":\"https:\/\/voile-escalade.com\/vertigoblue\/vela-arrampicata\/?s={search_term_string}\"},\"query-input\":\"required name=search_term_string\"}],\"inLanguage\":\"it-IT\"}]}<\/script>\n<!-- \/ Yoast SEO plugin. -->","yoast_head_json":{"title":"Sardegna - Vela e arrampicata - Vela e arrampicata in Mediterraneo","robots":{"index":"index","follow":"follow","max-snippet":"max-snippet:-1","max-image-preview":"max-image-preview:large","max-video-preview":"max-video-preview:-1"},"canonical":"https:\/\/voile-escalade.com\/vertigoblue\/vela-arrampicata\/sardegna-vela-e-arrampicata\/","og_locale":"it_IT","og_type":"article","og_title":"Sardegna - Vela e arrampicata - Vela e arrampicata in Mediterraneo","og_description":"Il programma\u200b Salite a bordo per una crociera lungo la costa orientale della Sardegna e scoprite l'isola in modo attivo:- sul mare, imparando o perfezionando le vostre abilit\u00e0 veliche su un monoscafo tra i 10 e i 13 metri- a terra, scoprendo le numerose falesie lungo la costa e imparando ad arrampicare su rocciaUn programma [&hellip;]","og_url":"https:\/\/voile-escalade.com\/vertigoblue\/vela-arrampicata\/sardegna-vela-e-arrampicata\/","og_site_name":"Vela e arrampicata in Mediterraneo","article_modified_time":"2022-08-14T16:11:28+00:00","twitter_card":"summary_large_image","twitter_misc":{"Tempo di lettura stimato":"12 minuti"},"schema":{"@context":"https:\/\/schema.org","@graph":[{"@type":"WebPage","@id":"https:\/\/voile-escalade.com\/vertigoblue\/vela-arrampicata\/sardegna-vela-e-arrampicata\/","url":"https:\/\/voile-escalade.com\/vertigoblue\/vela-arrampicata\/sardegna-vela-e-arrampicata\/","name":"Sardegna - Vela e arrampicata - Vela e arrampicata in Mediterraneo","isPartOf":{"@id":"https:\/\/voile-escalade.com\/vertigoblue\/vela-arrampicata\/#website"},"datePublished":"2021-01-07T18:04:42+00:00","dateModified":"2022-08-14T16:11:28+00:00","breadcrumb":{"@id":"https:\/\/voile-escalade.com\/vertigoblue\/vela-arrampicata\/sardegna-vela-e-arrampicata\/#breadcrumb"},"inLanguage":"it-IT","potentialAction":[{"@type":"ReadAction","target":["https:\/\/voile-escalade.com\/vertigoblue\/vela-arrampicata\/sardegna-vela-e-arrampicata\/"]}]},{"@type":"BreadcrumbList","@id":"https:\/\/voile-escalade.com\/vertigoblue\/vela-arrampicata\/sardegna-vela-e-arrampicata\/#breadcrumb","itemListElement":[{"@type":"ListItem","position":1,"name":"Accueil","item":"https:\/\/voile-escalade.com\/vertigoblue\/vela-arrampicata\/"},{"@type":"ListItem","position":2,"name":"Sardegna &#8211; Vela e arrampicata"}]},{"@type":"WebSite","@id":"https:\/\/voile-escalade.com\/vertigoblue\/vela-arrampicata\/#website","url":"https:\/\/voile-escalade.com\/vertigoblue\/vela-arrampicata\/","name":"Vela e arrampicata in Mediterraneo","description":"Viaggi sportivi vela e arrampicata","potentialAction":[{"@type":"SearchAction","target":{"@type":"EntryPoint","urlTemplate":"https:\/\/voile-escalade.com\/vertigoblue\/vela-arrampicata\/?s={search_term_string}"},"query-input":"required name=search_term_string"}],"inLanguage":"it-IT"}]}},"_links":{"self":[{"href":"https:\/\/voile-escalade.com\/vertigoblue\/vela-arrampicata\/wp-json\/wp\/v2\/pages\/998"}],"collection":[{"href":"https:\/\/voile-escalade.com\/vertigoblue\/vela-arrampicata\/wp-json\/wp\/v2\/pages"}],"about":[{"href":"https:\/\/voile-escalade.com\/vertigoblue\/vela-arrampicata\/wp-json\/wp\/v2\/types\/page"}],"author":[{"embeddable":true,"href":"https:\/\/voile-escalade.com\/vertigoblue\/vela-arrampicata\/wp-json\/wp\/v2\/users\/2"}],"replies":[{"embeddable":true,"href":"https:\/\/voile-escalade.com\/vertigoblue\/vela-arrampicata\/wp-json\/wp\/v2\/comments?post=998"}],"version-history":[{"count":19,"href":"https:\/\/voile-escalade.com\/vertigoblue\/vela-arrampicata\/wp-json\/wp\/v2\/pages\/998\/revisions"}],"predecessor-version":[{"id":1620,"href":"https:\/\/voile-escalade.com\/vertigoblue\/vela-arrampicata\/wp-json\/wp\/v2\/pages\/998\/revisions\/1620"}],"wp:attachment":[{"href":"https:\/\/voile-escalade.com\/vertigoblue\/vela-arrampicata\/wp-json\/wp\/v2\/media?parent=998"}],"curies":[{"name":"wp","href":"https:\/\/api.w.org\/{rel}","templated":true}]}}