{"id":367,"date":"2020-05-01T12:28:25","date_gmt":"2020-05-01T10:28:25","guid":{"rendered":"https:\/\/voile-escalade.com\/vertigoblue\/vela-arrampicata\/?page_id=367"},"modified":"2023-03-10T21:09:39","modified_gmt":"2023-03-10T20:09:39","slug":"homepage","status":"publish","type":"page","link":"https:\/\/voile-escalade.com\/vertigoblue\/vela-arrampicata\/","title":{"rendered":"homepage"},"content":{"rendered":"<p>[et_pb_section fb_built=&#8221;1&#8243; fullwidth=&#8221;on&#8221; admin_label=&#8221;Hero Section&#8221; _builder_version=&#8221;4.0.7&#8243; background_color=&#8221;#233b4e&#8221; parallax=&#8221;on&#8221; custom_padding=&#8221;0px|0px|0px|0px&#8221;][et_pb_fullwidth_header title=&#8221;Vertigo Blue&#8221; subhead=&#8221;Viaggi sportivi nel Mediterraneo&#8221; header_fullscreen=&#8221;on&#8221; header_scroll_down=&#8221;on&#8221; button_one_text=&#8221;Prossime Partenze&#8221; button_one_url=&#8221;https:\/\/voile-escalade.com\/vertigoblue\/vela-arrampicata\/prossime-partenze\/&#8221; button_two_text=&#8221;Lo spirito dei nostri viaggi&#8221; button_two_url=&#8221;https:\/\/voile-escalade.com\/vertigoblue\/vela-arrampicata\/lo-spirito-dei-nostri-viaggi\/&#8221; background_overlay_color=&#8221;rgba(29,38,51,0)&#8221; content_max_width=&#8221;700px&#8221; button_one_text_last_edited=&#8221;off|desktop&#8221; admin_label=&#8221;En t\u00eate page accueil&#8221; _builder_version=&#8221;4.3.4&#8243; title_font=&#8221;Oswald|on||on|&#8221; title_font_size=&#8221;80px&#8221; title_line_height=&#8221;1.3em&#8221; content_font=&#8221;Roboto||||&#8221; content_font_size=&#8221;20px&#8221; subhead_font=&#8221;|700|||||||&#8221; subhead_font_size=&#8221;22px&#8221; subhead_line_height=&#8221;1.1em&#8221; background_color=&#8221;rgba(255,255,255,0)&#8221; background_image=&#8221;https:\/\/voile-escalade.com\/vertigoblue\/vela-arrampicata\/wp-content\/uploads\/sites\/3\/2019\/12\/voilier-au-mouillage-corse-sardaigne-1.jpg&#8221; parallax=&#8221;on&#8221; parallax_method=&#8221;on&#8221; custom_button_one=&#8221;on&#8221; button_one_border_radius=&#8221;0px&#8221; button_one_letter_spacing=&#8221;4px&#8221; button_one_font=&#8221;Oswald|on||on|&#8221; button_one_icon=&#8221;%%3%%&#8221; button_one_icon_color=&#8221;#ffffff&#8221; custom_button_two=&#8221;on&#8221; animation_style=&#8221;zoom&#8221; animation_direction=&#8221;bottom&#8221; animation_intensity_zoom=&#8221;4%&#8221; link_option_url_new_window=&#8221;on&#8221; button_one_text_color_hover=&#8221;#ffffff&#8221; button_one_border_color_hover=&#8221;#ffffff&#8221; button_one_border_radius_hover=&#8221;0px&#8221; button_one_letter_spacing_hover=&#8221;4px&#8221; button_one_bg_color_hover=&#8221;rgba(0,0,0,0)&#8221; button_one_text_size__hover_enabled=&#8221;off&#8221; button_two_text_size__hover_enabled=&#8221;off&#8221; button_one_text_color__hover_enabled=&#8221;on&#8221; button_one_text_color__hover=&#8221;#ffffff&#8221; button_two_text_color__hover_enabled=&#8221;off&#8221; button_one_border_width__hover_enabled=&#8221;off&#8221; button_two_border_width__hover_enabled=&#8221;off&#8221; button_one_border_color__hover_enabled=&#8221;on&#8221; button_one_border_color__hover=&#8221;#ffffff&#8221; button_two_border_color__hover_enabled=&#8221;off&#8221; button_one_border_radius__hover_enabled=&#8221;on&#8221; button_one_border_radius__hover=&#8221;0px&#8221; button_two_border_radius__hover_enabled=&#8221;off&#8221; button_one_letter_spacing__hover_enabled=&#8221;on&#8221; button_one_letter_spacing__hover=&#8221;4px&#8221; button_two_letter_spacing__hover_enabled=&#8221;off&#8221; button_one_bg_color__hover_enabled=&#8221;on&#8221; button_one_bg_color__hover=&#8221;rgba(0,0,0,0)&#8221; button_two_bg_color__hover_enabled=&#8221;off&#8221;]<\/p>\n<p>&nbsp;<\/p>\n<p>Soggiorni itineranti in barca a vela<\/p>\n<p>Scuola di vela e arrampicata<\/p>\n<p>&nbsp;<\/p>\n<p>[\/et_pb_fullwidth_header][\/et_pb_section][et_pb_section fb_built=&#8221;1&#8243; custom_padding_last_edited=&#8221;on|tablet&#8221; admin_label=&#8221;Section Pr\u00e9sentation : meler voyage sport et nature&#8221; _builder_version=&#8221;4.3.4&#8243; custom_padding=&#8221;34px||34px||true|false&#8221; custom_padding_tablet=&#8221;&#8221; custom_padding_phone=&#8221;24px||24px||true|false&#8221; top_divider_color=&#8221;#0c71c3&#8243; bottom_divider_color=&#8221;#0c71c3&#8243; bottom_divider_height=&#8221;157px&#8221;][et_pb_row column_structure=&#8221;1_2,1_2&#8243; disabled_on=&#8221;off|off|off&#8221; admin_label=&#8221;Ligne Pr\u00e9sentation: meler voyage sport et nature&#8221; _builder_version=&#8221;4.3.4&#8243; custom_padding=&#8221;||0px|||&#8221;][et_pb_column type=&#8221;1_2&#8243; _builder_version=&#8221;4.3.4&#8243; custom_padding=&#8221;|||&#8221; custom_padding__hover=&#8221;|||&#8221;][et_pb_text disabled_on=&#8221;off|off|off&#8221; admin_label=&#8221;Titre :  Vertigo Blue&#8221; _builder_version=&#8221;4.3.4&#8243; text_font=&#8221;||||&#8221; text_text_color=&#8221;#1a1a1a&#8221; header_font=&#8221;Oswald|on||on|&#8221; header_text_align=&#8221;left&#8221; header_font_size=&#8221;53px&#8221; header_line_height=&#8221;1.3em&#8221; custom_margin=&#8221;-27px|||||&#8221; animation_style=&#8221;slide&#8221; animation_direction=&#8221;top&#8221; animation_intensity_slide=&#8221;10%&#8221; header_font_size_tablet=&#8221;45px&#8221; header_font_size_phone=&#8221;35px&#8221; header_font_size_last_edited=&#8221;on|phone&#8221;]<\/p>\n<h1>Vertigo Blue<\/h1>\n<p>[\/et_pb_text][et_pb_image src=&#8221;https:\/\/voile-escalade.com\/vertigoblue\/vela-arrampicata\/wp-content\/uploads\/sites\/3\/2022\/08\/Elbe-punta-bianca-portrait.jpg&#8221; alt=&#8221;Un arrampicatore sale da primo sulla cima di una falaseia soleggiata, in lontananza appare il mare. Foto: Vertigo Blu&#8221; title_text=&#8221;Arrampicata vista mare a Punta Calcina, Conca, Corsica del Sud&#8221; force_fullwidth=&#8221;on&#8221; align_tablet=&#8221;center&#8221; align_phone=&#8221;&#8221; align_last_edited=&#8221;on|desktop&#8221; disabled_on=&#8221;off|off|off&#8221; admin_label=&#8221;Photo grimpe&#8221; _builder_version=&#8221;4.3.4&#8243; custom_margin=&#8221;38px|||||&#8221; animation_style=&#8221;fold&#8221; animation_direction=&#8221;right&#8221; animation_intensity_fold=&#8221;20%&#8221; box_shadow_style=&#8221;preset3&#8243; box_shadow_horizontal=&#8221;-9px&#8221; box_shadow_vertical=&#8221;13px&#8221; box_shadow_spread=&#8221;1px&#8221; animation=&#8221;fade_in&#8221;][\/et_pb_image][\/et_pb_column][et_pb_column type=&#8221;1_2&#8243; _builder_version=&#8221;4.3.4&#8243; custom_padding=&#8221;|||&#8221; custom_padding__hover=&#8221;|||&#8221;][et_pb_text disabled_on=&#8221;off|off|off&#8221; admin_label=&#8221;m\u00ealer pra *tit&#8221; _builder_version=&#8221;4.3.4&#8243; text_font=&#8221;Roboto||||&#8221; text_text_color=&#8221;#1a1a1a&#8221; text_font_size=&#8221;24px&#8221; text_line_height=&#8221;1.4em&#8221; custom_margin=&#8221;14px||7px|||&#8221; animation_style=&#8221;slide&#8221; animation_direction=&#8221;top&#8221; animation_intensity_slide=&#8221;10%&#8221;]<\/p>\n<h2><strong>Viaggio, Natura e Sport<br \/><\/strong><\/h2>\n<p>[\/et_pb_text][et_pb_divider color=&#8221;#0c71c3&#8243; divider_position=&#8221;center&#8221; divider_weight=&#8221;3px&#8221; disabled_on=&#8221;off|off|off&#8221; _builder_version=&#8221;4.3.4&#8243; max_width=&#8221;150px&#8221; height=&#8221;false&#8221; custom_margin=&#8221;||-1px||false|false&#8221; animation_style=&#8221;slide&#8221; animation_direction=&#8221;top&#8221; animation_delay=&#8221;100ms&#8221; animation_intensity_slide=&#8221;10%&#8221;][\/et_pb_divider][et_pb_text disabled_on=&#8221;off|off|off&#8221; admin_label=&#8221;m\u00ealer pra *txt&#8221; _builder_version=&#8221;4.3.4&#8243; text_font=&#8221;Roboto||||||||&#8221; text_font_size=&#8221;17px&#8221; text_line_height=&#8221;1.9em&#8221; custom_padding=&#8221;30px|||&#8221; animation_style=&#8221;slide&#8221; animation_direction=&#8221;top&#8221; animation_delay=&#8221;200ms&#8221; animation_intensity_slide=&#8221;10%&#8221; text_font_size_tablet=&#8221;17px&#8221; text_font_size_phone=&#8221;&#8221; text_font_size_last_edited=&#8221;on|phone&#8221;]<\/p>\n<p><strong>Vertigo Blue<\/strong> propone dei soggiorni che uniscono la pratica sportiva al viaggio e alla scoperta di siti naturali d\u2019eccezione.<br \/>Organizziamo crociere in barca a vela nel mediterrano dedicate all\u2019insegnamento della vela e dell\u2019arrampicata in falesia.<\/p>\n<p>In piccoli gruppi di 4 a 5 partecipanti, partiremo alla scoperta delle piu belle coste del mediterraneo: un\u2019esperienza a misura d\u2019uomo con insegnati diplomati e appassionati.<\/p>\n<p>I nostri soggiorni sono aperti a tutti i livelli: Marinai d\u2019acqua dolce o aspiranti lupi di mare, arrampicatori alle prime armi o alpinisti incalliti, viaggiatori occasionali o giramondo di professione\u2026 motivazione e buon umore sono i soli requisiti per imbarcarsi con noi!<\/p>\n<p>[\/et_pb_text][et_pb_button button_url=&#8221;https:\/\/voile-escalade.com\/vertigoblue\/vela-arrampicata\/contatti\/&#8221; url_new_window=&#8221;on&#8221; button_text=&#8221;Info &#038; prenotazioni&#8221; admin_label=&#8221;Bouton reserver&#8221; _builder_version=&#8221;4.3.4&#8243;][\/et_pb_button][\/et_pb_column][\/et_pb_row][\/et_pb_section][et_pb_section fb_built=&#8221;1&#8243; custom_padding_last_edited=&#8221;on|phone&#8221; admin_label=&#8221;section Visuel voilier&#8221; _builder_version=&#8221;4.3.4&#8243; background_enable_image=&#8221;off&#8221; custom_margin=&#8221;-18px||||false|false&#8221; custom_padding=&#8221;20px||29px||false|false&#8221; custom_padding_tablet=&#8221;0px||25px||false|false&#8221; custom_padding_phone=&#8221;&#8221;][et_pb_row admin_label=&#8221;Ligne visuel voilier&#8221; _builder_version=&#8221;4.3.4&#8243; width=&#8221;100%&#8221; max_width=&#8221;1920px&#8221; custom_padding=&#8221;||6px|||&#8221;][et_pb_column type=&#8221;4_4&#8243; _builder_version=&#8221;4.3.4&#8243;][et_pb_image src=&#8221;https:\/\/voile-escalade.com\/vertigoblue\/vela-arrampicata\/wp-content\/uploads\/sites\/3\/2020\/05\/sardegna-barca-a-vela-coromandel-vertigoblue.jpg&#8221; alt=&#8221;Vista da una barca a vela che naviga lungo la costa, nella luce blu di un sole invernale. foto: Vertigo Blue&#8221; title_text=&#8221;Navigare sotto il sole invernale lungo la costa sarda&#8221; admin_label=&#8221;Image visuel voilier&#8221; _builder_version=&#8221;4.3.4&#8243;][\/et_pb_image][\/et_pb_column][\/et_pb_row][\/et_pb_section][et_pb_section fb_built=&#8221;1&#8243; admin_label=&#8221;Section unir la voile et l&#8217;escalade&#8221; _builder_version=&#8221;4.3.4&#8243; background_enable_color=&#8221;off&#8221; min_height_tablet=&#8221;&#8221; min_height_phone=&#8221;&#8221; min_height_last_edited=&#8221;on|phone&#8221; custom_margin=&#8221;0px||-17px||false|false&#8221; custom_margin_tablet=&#8221;&#8221; custom_margin_phone=&#8221;&#8221; custom_margin_last_edited=&#8221;on|phone&#8221; custom_padding=&#8221;14px||0px|||&#8221; top_divider_color=&#8221;#0c71c3&#8243; top_divider_height=&#8221;115px&#8221;][et_pb_row column_structure=&#8221;1_2,1_2&#8243; admin_label=&#8221;Ligne unir la voile et l&#8217;escalade&#8221; _builder_version=&#8221;3.25&#8243; custom_padding=&#8221;10px|||||&#8221;][et_pb_column type=&#8221;1_2&#8243; _builder_version=&#8221;3.25&#8243; custom_padding=&#8221;|||&#8221; custom_padding__hover=&#8221;|||&#8221;][et_pb_text admin_label=&#8221;unir voile *tit&#8221; _builder_version=&#8221;4.3.4&#8243; text_font=&#8221;Roboto||||&#8221; text_text_color=&#8221;#1a1a1a&#8221; text_font_size=&#8221;24px&#8221; text_line_height=&#8221;1.4em&#8221; custom_margin=&#8221;-19px||24px|||&#8221; custom_margin_tablet=&#8221;-27px||17px||false|false&#8221; custom_margin_phone=&#8221;-39px||||false|false&#8221; custom_margin_last_edited=&#8221;on|phone&#8221; custom_padding=&#8221;30px|||&#8221; animation_style=&#8221;slide&#8221; animation_direction=&#8221;top&#8221; animation_delay=&#8221;200ms&#8221; animation_intensity_slide=&#8221;10%&#8221; locked=&#8221;off&#8221;]<\/p>\n<h2><strong>Unire la vela e l\u2019arrampicata<\/strong><\/h2>\n<p>[\/et_pb_text][et_pb_divider color=&#8221;#0c71c3&#8243; divider_position=&#8221;center&#8221; divider_weight=&#8221;3px&#8221; disabled_on=&#8221;off|off|off&#8221; _builder_version=&#8221;4.0.7&#8243; max_width=&#8221;150px&#8221; height=&#8221;false&#8221; animation_style=&#8221;slide&#8221; animation_direction=&#8221;top&#8221; animation_delay=&#8221;100ms&#8221; animation_intensity_slide=&#8221;10%&#8221; locked=&#8221;off&#8221;][\/et_pb_divider][\/et_pb_column][et_pb_column type=&#8221;1_2&#8243; _builder_version=&#8221;3.25&#8243; custom_padding=&#8221;|||&#8221; custom_padding__hover=&#8221;|||&#8221;][et_pb_text admin_label=&#8221;unir voile *txt&#8221; _builder_version=&#8221;4.3.4&#8243; text_font=&#8221;Roboto||||&#8221; text_font_size=&#8221;17px&#8221; text_line_height=&#8221;1.9em&#8221; custom_padding=&#8221;||10px|||&#8221; animation_style=&#8221;slide&#8221; animation_direction=&#8221;top&#8221; animation_intensity_slide=&#8221;4%&#8221; text_font_size_tablet=&#8221;17px&#8221; text_font_size_phone=&#8221;&#8221; text_font_size_last_edited=&#8221;on|desktop&#8221; locked=&#8221;off&#8221;]<\/p>\n<p>Vela e arrampicata sono due attivit\u00e0 che si complementano perfettamente e che condividono gli stessi valori:<\/p>\n<p>collaborazione e sostegno reciproco, superamento del se fisico e mentale, pratica sportiva a stretto contatto con la natura.<\/p>\n<p>[\/et_pb_text][et_pb_button button_url=&#8221;https:\/\/voile-escalade.com\/vertigoblue\/vela-arrampicata\/vela-e-arrampicata\/&#8221; url_new_window=&#8221;on&#8221; button_text=&#8221;Soggiorni Vela &#038; Arrampicata&#8221; disabled_on=&#8221;off|off|off&#8221; admin_label=&#8221;Bouton voile escalade&#8221; _builder_version=&#8221;4.3.4&#8243; custom_margin=&#8221;-11px||13px|||&#8221;][\/et_pb_button][\/et_pb_column][\/et_pb_row][et_pb_row column_structure=&#8221;1_2,1_2&#8243; use_custom_gutter=&#8221;on&#8221; gutter_width=&#8221;1&#8243; make_equal=&#8221;on&#8221; admin_label=&#8221;Galerie visuel 2 photos voile et escalade&#8221; module_class=&#8221; et_pb_row_fullwidth&#8221; _builder_version=&#8221;4.3.4&#8243; width=&#8221;100%&#8221; width_tablet=&#8221;100%&#8221; width_phone=&#8221;&#8221; width_last_edited=&#8221;on|desktop&#8221; max_width=&#8221;100%&#8221; max_width_tablet=&#8221;100%&#8221; max_width_phone=&#8221;&#8221; max_width_last_edited=&#8221;on|desktop&#8221; custom_padding=&#8221;1px||10px|||&#8221; make_fullwidth=&#8221;on&#8221;][et_pb_column type=&#8221;1_2&#8243; _builder_version=&#8221;3.25&#8243; custom_padding=&#8221;|||&#8221; custom_padding__hover=&#8221;|||&#8221;][et_pb_image src=&#8221;https:\/\/voile-escalade.com\/vertigoblue\/vela-arrampicata\/wp-content\/uploads\/sites\/3\/2020\/04\/Vertigo-Blue-vela-al-tramonto-di-bolina-sardegna.jpg&#8221; alt=&#8221;Vista da una barca a vela che punta verso il sole, controvento in un mare agitato al tramonto. foto: Sofia Avila&#8221; title_text=&#8221;vela sportiva controvento, tramonto, Castelsardo, Sardegna, Mar Mediterraneo&#8221; show_in_lightbox=&#8221;on&#8221; force_fullwidth=&#8221;on&#8221; align_tablet=&#8221;center&#8221; align_phone=&#8221;&#8221; align_last_edited=&#8221;on|desktop&#8221; admin_label=&#8221;Image voilier dynamique&#8221; _builder_version=&#8221;4.3.4&#8243; custom_margin=&#8221;||2px|||&#8221; animation_style=&#8221;zoom&#8221; animation_delay=&#8221;200ms&#8221; animation_intensity_zoom=&#8221;10%&#8221; locked=&#8221;off&#8221;][\/et_pb_image][\/et_pb_column][et_pb_column type=&#8221;1_2&#8243; _builder_version=&#8221;3.25&#8243; custom_padding=&#8221;|||&#8221; custom_padding__hover=&#8221;|||&#8221;][et_pb_image src=&#8221;https:\/\/voile-escalade.com\/vertigoblue\/vela-arrampicata\/wp-content\/uploads\/sites\/3\/2020\/04\/Sardaigne-Cala-Gonone-vertigo-blue-climbing-above-the-sea-andrea.jpg&#8221; alt=&#8221;Un arrampicatore apre una via su di una falesia soleggiata. Sullo sfondo dominano il mare blu profondo e il sole. Foto: Vertigo Blue&#8221; title_text=&#8221;Arrampicata mediterranea: arrrampicata da primo sul mare a Margheddie, Golfo di Orosei, Sardegna&#8221; show_in_lightbox=&#8221;on&#8221; force_fullwidth=&#8221;on&#8221; align_tablet=&#8221;center&#8221; align_phone=&#8221;&#8221; align_last_edited=&#8221;on|desktop&#8221; admin_label=&#8221;Image escalade bord de mer&#8221; _builder_version=&#8221;4.3.4&#8243; animation_style=&#8221;zoom&#8221; animation_delay=&#8221;300ms&#8221; animation_intensity_zoom=&#8221;10%&#8221; locked=&#8221;off&#8221;][\/et_pb_image][\/et_pb_column][\/et_pb_row][\/et_pb_section][et_pb_section fb_built=&#8221;1&#8243; custom_padding_last_edited=&#8221;on|desktop&#8221; admin_label=&#8221;Section voyager differemment&#8221; _builder_version=&#8221;4.3.4&#8243; background_enable_color=&#8221;off&#8221; custom_margin=&#8221;0px||||false|false&#8221; custom_margin_tablet=&#8221;-20px||||false|false&#8221; custom_margin_phone=&#8221;-17px||0px||false|false&#8221; custom_margin_last_edited=&#8221;on|desktop&#8221; custom_padding=&#8221;10px||23px||false|false&#8221; custom_padding_tablet=&#8221;&#8221; custom_padding_phone=&#8221;&#8221; bottom_divider_color=&#8221;#0c71c3&#8243;][et_pb_row column_structure=&#8221;1_2,1_2&#8243; admin_label=&#8221;Ligne voyager differemment&#8221; _builder_version=&#8221;4.0.7&#8243; custom_margin=&#8221;||0px||false|false&#8221;][et_pb_column type=&#8221;1_2&#8243; _builder_version=&#8221;3.25&#8243; custom_padding=&#8221;|||&#8221; custom_padding__hover=&#8221;|||&#8221;][et_pb_text admin_label=&#8221;voyager  *tit&#8221; _builder_version=&#8221;4.3.4&#8243; text_font=&#8221;Roboto||||&#8221; text_text_color=&#8221;#1a1a1a&#8221; text_font_size=&#8221;24px&#8221; text_line_height=&#8221;1.4em&#8221; custom_padding=&#8221;13px|||||&#8221; animation_style=&#8221;slide&#8221; animation_direction=&#8221;top&#8221; animation_delay=&#8221;200ms&#8221; animation_intensity_slide=&#8221;10%&#8221; locked=&#8221;off&#8221;]<\/p>\n<h2><strong>Viaggiare diversamente<\/strong><\/h2>\n<p>[\/et_pb_text][et_pb_divider color=&#8221;#0c71c3&#8243; divider_position=&#8221;center&#8221; divider_weight=&#8221;3px&#8221; disabled_on=&#8221;off|off|off&#8221; _builder_version=&#8221;4.0.7&#8243; max_width=&#8221;150px&#8221; height=&#8221;false&#8221; animation_style=&#8221;slide&#8221; animation_direction=&#8221;top&#8221; animation_delay=&#8221;100ms&#8221; animation_intensity_slide=&#8221;10%&#8221; locked=&#8221;off&#8221;][\/et_pb_divider][\/et_pb_column][et_pb_column type=&#8221;1_2&#8243; _builder_version=&#8221;3.25&#8243; custom_padding=&#8221;|||&#8221; custom_padding__hover=&#8221;|||&#8221;][et_pb_text admin_label=&#8221; voyager *txt&#8221; _builder_version=&#8221;4.3.4&#8243; text_font=&#8221;Roboto||||&#8221; text_font_size=&#8221;17px&#8221; text_line_height=&#8221;1.9em&#8221; custom_padding=&#8221;||18px|||&#8221; custom_padding_tablet=&#8221;&#8221; custom_padding_phone=&#8221;&#8221; custom_padding_last_edited=&#8221;on|phone&#8221; animation_style=&#8221;slide&#8221; animation_direction=&#8221;top&#8221; animation_intensity_slide=&#8221;4%&#8221; text_font_size_tablet=&#8221;17px&#8221; text_font_size_phone=&#8221;&#8221; text_font_size_last_edited=&#8221;on|desktop&#8221; locked=&#8221;off&#8221;]<\/p>\n<p>Vivere a bordo di un veliero e viaggiare utilizzando il vento, partire in esplorazione per prendere contatto con se stessi salendo di cuota solo con le proprie capacit\u00e0.<\/p>\n<p>Prendere coscienza del ritmo e dei vincoli della natura per meglio comprenderla e poterci giocare.<\/p>\n<p>Assaporare l\u2019appagamento in un faccia a faccia con paesaggi selvaggi in terra come mare.<\/p>\n<p>La vela come l\u2019arrampicata possono nascondere in se la promessa di un viaggio differente.<\/p>\n<p>[\/et_pb_text][et_pb_button button_url=&#8221;https:\/\/voile-escalade.com\/vertigoblue\/vela-arrampicata\/lo-spirito-dei-nostri-viaggi\/&#8221; url_new_window=&#8221;on&#8221; button_text=&#8221;I valori dei nostri viaggi&#8221; disabled_on=&#8221;off|off|off&#8221; admin_label=&#8221;Bouton l&#8217;esprit de nos voyages&#8221; _builder_version=&#8221;4.3.4&#8243;][\/et_pb_button][\/et_pb_column][\/et_pb_row][\/et_pb_section][et_pb_section fb_built=&#8221;1&#8243; custom_padding_last_edited=&#8221;on|desktop&#8221; admin_label=&#8221;Section visuel Carte des spots&#8221; _builder_version=&#8221;4.3.4&#8243; background_enable_color=&#8221;off&#8221; background_image=&#8221;https:\/\/voile-escalade.com\/vertigoblue\/vela-arrampicata\/wp-content\/uploads\/sites\/3\/2019\/12\/vertigo-blue-carte-marine-mediterranee-occidentale-spots.jpg&#8221; width_tablet=&#8221;&#8221; width_phone=&#8221;100%&#8221; width_last_edited=&#8221;on|phone&#8221; max_width_tablet=&#8221;&#8221; max_width_phone=&#8221;100%&#8221; max_width_last_edited=&#8221;on|phone&#8221; min_height=&#8221;877px&#8221; min_height_tablet=&#8221;736px&#8221; min_height_phone=&#8221;562px&#8221; min_height_last_edited=&#8221;on|desktop&#8221; height_tablet=&#8221;&#8221; height_phone=&#8221;511px&#8221; height_last_edited=&#8221;on|tablet&#8221; max_height_tablet=&#8221;&#8221; max_height_phone=&#8221;1000px&#8221; max_height_last_edited=&#8221;on|desktop&#8221; custom_margin=&#8221;||-271px||false|false&#8221; custom_margin_tablet=&#8221;|||-3px|false|false&#8221; custom_margin_phone=&#8221;-22px||-195px||false|false&#8221; custom_margin_last_edited=&#8221;on|tablet&#8221; custom_padding=&#8221;||139px||false|false&#8221; custom_padding_tablet=&#8221;94px||173px|0px|false|false&#8221; custom_padding_phone=&#8221;226px||99px|652px|false|false&#8221; bottom_divider_color=&#8221;#0c71c3&#8243;][\/et_pb_section][et_pb_section fb_built=&#8221;1&#8243; admin_label=&#8221;Section Les Destinations&#8221; module_id=&#8221;destinationsaccueil&#8221; _builder_version=&#8221;4.3.4&#8243; background_enable_color=&#8221;off&#8221; custom_margin=&#8221;0px|||||&#8221; custom_padding=&#8221;3px||7px|||&#8221; bottom_divider_color=&#8221;#0c71c3&#8243;][et_pb_row column_structure=&#8221;1_2,1_2&#8243; admin_label=&#8221;Ligne Les destinations&#8221; _builder_version=&#8221;4.0.7&#8243; custom_margin=&#8221;||0px||false|false&#8221;][et_pb_column type=&#8221;1_2&#8243; _builder_version=&#8221;3.25&#8243; custom_padding=&#8221;|||&#8221; custom_padding__hover=&#8221;|||&#8221;][et_pb_text admin_label=&#8221;destinati *tit&#8221; _builder_version=&#8221;4.3.4&#8243; text_font=&#8221;||||&#8221; text_text_color=&#8221;#1a1a1a&#8221; header_font=&#8221;Oswald|on||on|&#8221; header_text_align=&#8221;left&#8221; header_font_size=&#8221;53px&#8221; header_line_height=&#8221;1.3em&#8221; custom_margin=&#8221;|||&#8221; custom_padding=&#8221;|||&#8221; animation_style=&#8221;slide&#8221; animation_direction=&#8221;top&#8221; animation_intensity_slide=&#8221;10%&#8221; header_font_size_tablet=&#8221;45px&#8221; header_font_size_phone=&#8221;35px&#8221; header_font_size_last_edited=&#8221;on|phone&#8221; locked=&#8221;off&#8221;]<\/p>\n<h1>Destinazioni<\/h1>\n<p>[\/et_pb_text][et_pb_divider color=&#8221;#0c71c3&#8243; divider_position=&#8221;center&#8221; divider_weight=&#8221;3px&#8221; disabled_on=&#8221;off|off|off&#8221; _builder_version=&#8221;4.0.7&#8243; max_width=&#8221;150px&#8221; height=&#8221;false&#8221; animation_style=&#8221;slide&#8221; animation_direction=&#8221;top&#8221; animation_delay=&#8221;100ms&#8221; animation_intensity_slide=&#8221;10%&#8221; locked=&#8221;off&#8221;][\/et_pb_divider][et_pb_button button_url=&#8221;https:\/\/voile-escalade.com\/vertigoblue\/vela-arrampicata\/destinazioni\/&#8221; url_new_window=&#8221;on&#8221; button_text=&#8221;Tutte le destinazioni&#8221; disabled_on=&#8221;off|off|off&#8221; admin_label=&#8221;Bouton toutes destinations&#8221; _builder_version=&#8221;4.3.4&#8243;][\/et_pb_button][\/et_pb_column][et_pb_column type=&#8221;1_2&#8243; _builder_version=&#8221;3.25&#8243; custom_padding=&#8221;|||&#8221; custom_padding__hover=&#8221;|||&#8221;][et_pb_text admin_label=&#8221;destinations *txt&#8221; _builder_version=&#8221;4.3.4&#8243; text_font=&#8221;Roboto||||&#8221; text_font_size=&#8221;17px&#8221; text_line_height=&#8221;1.9em&#8221; custom_padding=&#8221;||60px|&#8221; animation_style=&#8221;slide&#8221; animation_direction=&#8221;top&#8221; animation_intensity_slide=&#8221;4%&#8221; text_font_size_tablet=&#8221;17px&#8221; text_font_size_phone=&#8221;&#8221; text_font_size_last_edited=&#8221;on|desktop&#8221; locked=&#8221;off&#8221;]<\/p>\n<p>Imbarcate con noi in Sardegna, alla scoperta della costa est dell\u2019isola e del magnifico Golfo di Orosei, in Sicilia, direzione San Vito lo Capo e il suo patrimonio naturale d\u2019eccezione, in Corsica, per scoprire l&#8217;incredibile bellezza e diversit\u00e0 dell&#8217;isola o ancora all&#8217;isola d&#8217;Elba, un piccolo gioiello del Mediterraneo, un parco giochi perfetto per le attivit\u00e0 all&#8217;aperto.<\/p>\n<p>E se vuoi scoprire altre destinazioni nel Mediterraneo, contattaci: possiamo organizzare un viaggio personalizzato per la tua famiglia o per il tuo gruppo di amici!<\/p>\n<p>Marsiglia e i suoi calanchi, la Grecia, la Croazia, le Baleari&#8230; innumerevoli sono gli orizzonti da esplorare!<\/p>\n<p>[\/et_pb_text][\/et_pb_column][\/et_pb_row][et_pb_row column_structure=&#8221;1_3,1_3,1_3&#8243; admin_label=&#8221;Ligne liens vers destinations&#8221; _builder_version=&#8221;4.3.4&#8243;][et_pb_column type=&#8221;1_3&#8243; _builder_version=&#8221;4.3.4&#8243;][et_pb_image src=&#8221;https:\/\/voile-escalade.com\/vertigoblue\/vela-arrampicata\/wp-content\/uploads\/sites\/3\/2021\/12\/s\u00e9jours-voile-escalade-vertigo-blue.jpg&#8221; alt=&#8221;Vista da una barca a vela che scivola dolcemente sull&#8217;acqua, avvicinandosi a una costa montuosa nella luce blu di un sole invernale. Foto: Vertigo Blue&#8221; title_text=&#8221;Barca a vela che scivola sull&#8217;acqua, arrivo nel Golfo di Orosei, Sardegna&#8221; admin_label=&#8221;Image voile escalade&#8221; _builder_version=&#8221;4.3.4&#8243;][\/et_pb_image][et_pb_button button_url=&#8221;https:\/\/voile-escalade.com\/vertigoblue\/vela-arrampicata\/i-soggiorni\/#sejoursvoileescalade&#8221; url_new_window=&#8221;on&#8221; button_text=&#8221;Vela &#038; Arrampicata&#8221; disabled_on=&#8221;off|off|off&#8221; admin_label=&#8221;Bouton voile escalade&#8221; _builder_version=&#8221;4.3.4&#8243;][\/et_pb_button][\/et_pb_column][et_pb_column type=&#8221;1_3&#8243; _builder_version=&#8221;4.3.4&#8243;][et_pb_image src=&#8221;https:\/\/voile-escalade.com\/vertigoblue\/vela-arrampicata\/wp-content\/uploads\/sites\/3\/2021\/12\/stage-de-voile-habitable-m\u00e9diterran\u00e9e-vertigo-blue.jpg&#8221; alt=&#8221;Sotto un cielo azzurro e una luce calda, le falesie incorniciano un&#8217;apertura su una pianura che costeggia il mare. In lontananza si vede un capo sormontato da un piccolo picco. foto: Vertigo Blue&#8221; title_text=&#8221;Il Monte Cofano, visto da Cala Mancina e dalle falesie di San Vito Lo capo, Sicilia&#8221; admin_label=&#8221;Image stages de voile&#8221; _builder_version=&#8221;4.3.4&#8243;][\/et_pb_image][et_pb_button button_url=&#8221;https:\/\/voile-escalade.com\/vertigoblue\/vela-arrampicata\/corsi-vela\/&#8221; url_new_window=&#8221;on&#8221; button_text=&#8221;Corsi di Vela&#8221; disabled_on=&#8221;off|off|off&#8221; admin_label=&#8221;Bouton stage de voile&#8221; _builder_version=&#8221;4.3.4&#8243;][\/et_pb_button][\/et_pb_column][et_pb_column type=&#8221;1_3&#8243; _builder_version=&#8221;4.3.4&#8243;][et_pb_image src=&#8221;https:\/\/voile-escalade.com\/vertigoblue\/vela-arrampicata\/wp-content\/uploads\/sites\/3\/2021\/12\/s\u00e9jours-voile-sport-nature-multi-activit\u00e9s-vertigo-bue-m\u00e9diterran\u00e9e.jpg&#8221; alt=&#8221;Su un mare piatto e un cielo azzurro pallido, appare una piccola isola, come posata sull&#8217; orizzonte. Foto: Vertigo Blue&#8221; title_text=&#8221;L&#8217;isolotto di Molarotto, a sud-est dell&#8217;isola di Tavolara, sulla costa orientale della Sardegna.&#8221; admin_label=&#8221;Image sejour voile sport nature&#8221; _builder_version=&#8221;4.3.4&#8243;][\/et_pb_image][et_pb_button button_url=&#8221;https:\/\/voile-escalade.com\/vertigoblue\/vela-arrampicata\/vela-sport-e-natura\/&#8221; url_new_window=&#8221;on&#8221; button_text=&#8221;Privatizzazione: Vela e multi-attivit\u00e0&#8221; admin_label=&#8221;Bouton Privatizzazione: Vela e multi-attivit\u00e0&#8221; _builder_version=&#8221;4.3.4&#8243;][\/et_pb_button][\/et_pb_column][\/et_pb_row][\/et_pb_section][et_pb_section fb_built=&#8221;1&#8243; admin_label=&#8221;Section Qui sommes-nous ?&#8221; module_id=&#8221;quisommesnousaccueil&#8221; _builder_version=&#8221;4.3.4&#8243; custom_padding=&#8221;17px||110px|||&#8221; bottom_divider_style=&#8221;waves2&#8243; bottom_divider_color=&#8221;#0c71c3&#8243;][et_pb_row admin_label=&#8221;Ligne qui sommes-nous?&#8221; _builder_version=&#8221;3.25&#8243; custom_padding=&#8221;3px|||||&#8221;][et_pb_column type=&#8221;4_4&#8243; _builder_version=&#8221;3.25&#8243; custom_padding=&#8221;|||&#8221; custom_padding__hover=&#8221;|||&#8221;][et_pb_text admin_label=&#8221;Qui sommes-nous *tit&#8221; _builder_version=&#8221;4.3.4&#8243; text_font=&#8221;||||&#8221; text_text_color=&#8221;#1a1a1a&#8221; header_font=&#8221;Oswald|on||on|&#8221; header_text_align=&#8221;center&#8221; header_font_size=&#8221;53px&#8221; header_line_height=&#8221;1.3em&#8221; module_alignment=&#8221;center&#8221; custom_margin=&#8221;||5px|||&#8221; custom_padding=&#8221;|||&#8221; animation_style=&#8221;slide&#8221; animation_direction=&#8221;top&#8221; animation_intensity_slide=&#8221;10%&#8221; header_font_size_tablet=&#8221;45px&#8221; header_font_size_phone=&#8221;33px&#8221; header_font_size_last_edited=&#8221;on|phone&#8221; locked=&#8221;off&#8221;]<\/p>\n<h1>Chi Siamo ?<\/h1>\n<p>[\/et_pb_text][et_pb_divider color=&#8221;#0c71c3&#8243; divider_position=&#8221;center&#8221; divider_weight=&#8221;3px&#8221; disabled_on=&#8221;off|off|off&#8221; _builder_version=&#8221;4.0.7&#8243; max_width=&#8221;150px&#8221; module_alignment=&#8221;center&#8221; height=&#8221;false&#8221; custom_margin=&#8221;3px||3px|||&#8221; animation_style=&#8221;slide&#8221; animation_direction=&#8221;top&#8221; animation_delay=&#8221;100ms&#8221; animation_intensity_slide=&#8221;10%&#8221; locked=&#8221;off&#8221;][\/et_pb_divider][et_pb_text admin_label=&#8221;qui sommes-nous *sous-tit&#8221; _builder_version=&#8221;4.3.4&#8243; text_font=&#8221;Roboto||||&#8221; text_text_color=&#8221;#1a1a1a&#8221; text_font_size=&#8221;22px&#8221; text_line_height=&#8221;1.4em&#8221; text_orientation=&#8221;center&#8221; max_width=&#8221;800px&#8221; module_alignment=&#8221;center&#8221; custom_margin=&#8221;|||&#8221; custom_padding=&#8221;30px|||&#8221; animation_style=&#8221;slide&#8221; animation_direction=&#8221;top&#8221; animation_delay=&#8221;200ms&#8221; animation_intensity_slide=&#8221;10%&#8221; locked=&#8221;off&#8221;]Andrea Sarah, due appassionati di vela, arrampica, sport e natura[\/et_pb_text][\/et_pb_column][\/et_pb_row][et_pb_row column_structure=&#8221;1_2,1_2&#8243; admin_label=&#8221;Ligne Andrea &#038; Sarah&#8221; _builder_version=&#8221;3.25&#8243; custom_margin=&#8221;-15px|auto||auto||&#8221; custom_padding=&#8221;40px|0px|40px|0px&#8221;][et_pb_column type=&#8221;1_2&#8243; _builder_version=&#8221;3.25&#8243; custom_padding=&#8221;|||&#8221; custom_padding__hover=&#8221;|||&#8221;][et_pb_blurb title=&#8221;Andrea Zecca&#8221; image=&#8221;https:\/\/voile-escalade.com\/vertigoblue\/vela-arrampicata\/wp-content\/uploads\/sites\/3\/2020\/04\/andrea-vertigo-blue.jpg&#8221; alt=&#8221;Andrea, un sorriso radioso, sotto il caldo sole della sera in Sicilia, a San Vito Lo Capo. foto: Vertigo Blue&#8221; image_max_width_tablet=&#8221;100%&#8221; image_max_width_phone=&#8221;&#8221; image_max_width_last_edited=&#8221;on|tablet&#8221; content_max_width_tablet=&#8221;604px&#8221; content_max_width_phone=&#8221;&#8221; content_max_width_last_edited=&#8221;on|tablet&#8221; admin_label=&#8221;Andrea img + txt&#8221; _builder_version=&#8221;4.3.4&#8243; header_font=&#8221;Oswald|on||on|&#8221; header_font_size=&#8221;24px&#8221; body_font=&#8221;Roboto||||&#8221; body_text_align=&#8221;left&#8221; body_text_color=&#8221;rgba(0,0,0,0.38)&#8221; body_font_size=&#8221;16px&#8221; text_orientation=&#8221;center&#8221; width_tablet=&#8221;&#8221; width_phone=&#8221;&#8221; width_last_edited=&#8221;on|tablet&#8221; max_width_tablet=&#8221;&#8221; max_width_phone=&#8221;&#8221; max_width_last_edited=&#8221;on|tablet&#8221; custom_margin=&#8221;|4px|||false|false&#8221; custom_margin_tablet=&#8221;|4px|||false|false&#8221; custom_margin_phone=&#8221;&#8221; custom_margin_last_edited=&#8221;on|tablet&#8221; custom_padding=&#8221;|1px|||false|false&#8221; animation_style=&#8221;zoom&#8221; animation_duration=&#8221;0ms&#8221; animation_intensity_zoom=&#8221;0%&#8221; animation_speed_curve=&#8221;linear&#8221; animation=&#8221;off&#8221; box_shadow_style=&#8221;preset3&#8243; locked=&#8221;off&#8221;]<\/p>\n<p style=\"padding-left: 30px; text-align: left;\">Classe &#8217;85, italiano espatriato da tempo (Germania, Spagna, poi Francia).<br \/>Ho scoperto la vela e l&#8217;arrampicata pi\u00f9 di 10 anni fa, durante i miei anni di studio a Barcellona, fu allora che immaginai per la prima volta Vertigo Blue. Dopo aver ottenuto un dottorato ho deciso di lasciare la carriera scientifica per andare in Corsica a imparare a navigare. Da allora ho moltiplicato le formazioni (vela abitabile e d\u2019altura, vela leggera, kayak, arrampicata).<\/p>\n<p style=\"padding-left: 30px; text-align: left;\">[\/et_pb_blurb][\/et_pb_column][et_pb_column type=&#8221;1_2&#8243; _builder_version=&#8221;3.25&#8243; custom_padding=&#8221;|||&#8221; custom_padding__hover=&#8221;|||&#8221;][et_pb_blurb title=&#8221;Sarah Marquina&#8221; image=&#8221;https:\/\/voile-escalade.com\/vertigoblue\/vela-arrampicata\/wp-content\/uploads\/sites\/3\/2020\/04\/sarah-vertigo-blue-1.jpg&#8221; alt=&#8221;Sarah, sorride mentre tiene il timone di una barca a vela in un porto, sotto un cielo grigio. Foto: Vertigo Blu&#8221; image_max_width_tablet=&#8221;100%&#8221; image_max_width_phone=&#8221;&#8221; image_max_width_last_edited=&#8221;on|tablet&#8221; content_max_width_tablet=&#8221;604px&#8221; content_max_width_phone=&#8221;&#8221; content_max_width_last_edited=&#8221;on|tablet&#8221; admin_label=&#8221;Sarah img +txt&#8221; _builder_version=&#8221;4.3.4&#8243; header_font=&#8221;Oswald|on||on|&#8221; header_font_size=&#8221;24px&#8221; body_font=&#8221;Roboto||||&#8221; body_text_align=&#8221;left&#8221; body_text_color=&#8221;rgba(0,0,0,0.38)&#8221; body_font_size=&#8221;16px&#8221; text_orientation=&#8221;center&#8221; width_tablet=&#8221;&#8221; width_phone=&#8221;&#8221; width_last_edited=&#8221;on|tablet&#8221; max_width_tablet=&#8221;&#8221; max_width_phone=&#8221;&#8221; max_width_last_edited=&#8221;on|tablet&#8221; custom_margin=&#8221;|4px|||false|false&#8221; custom_margin_tablet=&#8221;|4px|||false|false&#8221; custom_margin_phone=&#8221;&#8221; custom_margin_last_edited=&#8221;on|tablet&#8221; custom_padding=&#8221;|1px|||false|false&#8221; animation_style=&#8221;zoom&#8221; animation_duration=&#8221;0ms&#8221; animation_intensity_zoom=&#8221;0%&#8221; animation_speed_curve=&#8221;linear&#8221; animation=&#8221;off&#8221; box_shadow_style=&#8221;preset3&#8243; locked=&#8221;off&#8221;]<\/p>\n<p style=\"padding-left: 30px; text-align: left;\">Classe &#8217;90, francese. Ho studiato cinema a Montpellier. Ho sognato di barche tutta la mia infanzia ma ho scoperto davvero la vela solo nel 2015, durante un corso di vela a Bonifacio. Un anno dopo, lasciavo il mio primo vero contratto per partire, anch&#8217;io, a formarmi come velista in Corsica.<br \/>Data la mia paura del vuoto non credevo fossi destinata ad entrare in un progetto di arrampicata, ma devo dire che \u00e8 una passione contagiosa!<\/p>\n<p style=\"padding-left: 30px; text-align: left;\">[\/et_pb_blurb][\/et_pb_column][\/et_pb_row][et_pb_row admin_label=&#8221;Ligne contact&#8221; _builder_version=&#8221;4.3.4&#8243;][et_pb_column type=&#8221;4_4&#8243; _builder_version=&#8221;4.3.4&#8243;][et_pb_button button_url=&#8221;https:\/\/voile-escalade.com\/vertigoblue\/vela-arrampicata\/contatti\/&#8221; url_new_window=&#8221;on&#8221; button_text=&#8221;Contattaci&#8221; button_alignment=&#8221;center&#8221; disabled_on=&#8221;off|off|off&#8221; admin_label=&#8221;Bouton contact&#8221; _builder_version=&#8221;4.3.4&#8243;][\/et_pb_button][\/et_pb_column][\/et_pb_row][\/et_pb_section][et_pb_section fb_built=&#8221;1&#8243; admin_label=&#8221;Section r\u00e9seaux sociaux&#8221; _builder_version=&#8221;4.3.4&#8243;][et_pb_row admin_label=&#8221;Ligne r\u00e9seaux sociaux&#8221; _builder_version=&#8221;4.3.4&#8243;][et_pb_column type=&#8221;4_4&#8243; _builder_version=&#8221;4.3.4&#8243;][et_pb_social_media_follow follow_button=&#8221;on&#8221; admin_label=&#8221;Suivez-nous sur les r\u00e9seaux sociaux&#8221; _builder_version=&#8221;4.3.4&#8243; text_orientation=&#8221;center&#8221;][et_pb_social_media_follow_network social_network=&#8221;facebook&#8221; url=&#8221;https:\/\/www.facebook.com\/vertigoblueproject\/&#8221; _builder_version=&#8221;4.3.4&#8243; background_color=&#8221;#3b5998&#8243; follow_button=&#8221;on&#8221; url_new_window=&#8221;on&#8221;]facebook[\/et_pb_social_media_follow_network][et_pb_social_media_follow_network social_network=&#8221;instagram&#8221; url=&#8221;https:\/\/www.instagram.com\/vertigoblue.project\/&#8221; _builder_version=&#8221;4.3.4&#8243; background_color=&#8221;#ea2c59&#8243; follow_button=&#8221;on&#8221; url_new_window=&#8221;on&#8221;]instagram[\/et_pb_social_media_follow_network][et_pb_social_media_follow_network social_network=&#8221;youtube&#8221; url=&#8221;https:\/\/www.youtube.com\/channel\/UCBBuSzbGhNtEDUGPFMJKEVQ\/&#8221; _builder_version=&#8221;4.3.4&#8243; background_color=&#8221;#a82400&#8243; follow_button=&#8221;on&#8221; url_new_window=&#8221;on&#8221;]youtube[\/et_pb_social_media_follow_network][\/et_pb_social_media_follow][et_pb_signup provider=&#8221;sendinblue&#8221; sendinblue_list=&#8221;Vertigo Blue|2&#8243; first_name_field=&#8221;off&#8221; last_name_field=&#8221;off&#8221; success_message=&#8221;E-mail enregistr\u00e9!&#8221; title=&#8221;Iscriviti alla nostra mailing list !&#8221; button_text=&#8221;Iscriviti&#8221; module_id=&#8221;accueilmailinglist&#8221; _builder_version=&#8221;4.3.4&#8243; header_text_color=&#8221;#000000&#8243; body_text_color=&#8221;#000000&#8243; result_message_text_color=&#8221;#000000&#8243; background_color=&#8221;rgba(0,0,0,0)&#8221; custom_button=&#8221;on&#8221; button_text_color=&#8221;#000000&#8243; background_layout=&#8221;light&#8221; module_alignment=&#8221;center&#8221; hover_enabled=&#8221;0&#8243; border_color_all=&#8221;#000000&#8243; border_width_all_fields=&#8221;1px&#8221; border_color_all_fields=&#8221;#000000&#8243; use_spam_service=&#8221;on&#8221; recaptcha_list=&#8221;Vertigoblue-0&#8243;][\/et_pb_signup][\/et_pb_column][\/et_pb_row][\/et_pb_section]<\/p>\n","protected":false},"excerpt":{"rendered":"<p>&nbsp; Soggiorni itineranti in barca a vela Scuola di vela e arrampicata &nbsp;Vertigo BlueViaggio, Natura e SportVertigo Blue propone dei soggiorni che uniscono la pratica sportiva al viaggio e alla scoperta di siti naturali d\u2019eccezione.Organizziamo crociere in barca a vela nel mediterrano dedicate all\u2019insegnamento della vela e dell\u2019arrampicata in falesia. In piccoli gruppi di 4 [&hellip;]<\/p>\n","protected":false},"author":2,"featured_media":0,"parent":0,"menu_order":0,"comment_status":"closed","ping_status":"closed","template":"","meta":{"_et_pb_use_builder":"on","_et_pb_old_content":"","_et_gb_content_width":""},"yoast_head":"<!-- This site is optimized with the Yoast SEO plugin v20.2.1 - https:\/\/yoast.com\/wordpress\/plugins\/seo\/ -->\n<title>Vertigo Blue, vela e arrampicata, viaggi sportivi, Crociere nel Mediterraneo<\/title>\n<meta name=\"description\" content=\"Vertigo Blue, vela e arrampicata, viaggi sportivi e natura. Crociere in barca a vela nel Mediterraneo. Sardegna, Sicilia, Corsica, Croatia, Grecia...\" \/>\n<meta name=\"robots\" content=\"index, follow, max-snippet:-1, max-image-preview:large, max-video-preview:-1\" \/>\n<link rel=\"canonical\" href=\"https:\/\/voile-escalade.com\/vertigoblue\/vela-arrampicata\/\" \/>\n<meta property=\"og:locale\" content=\"it_IT\" \/>\n<meta property=\"og:type\" content=\"article\" \/>\n<meta property=\"og:title\" content=\"Vertigo Blue, vela e arrampicata, viaggi sportivi, Crociere nel Mediterraneo\" \/>\n<meta property=\"og:description\" content=\"Vertigo Blue, vela e arrampicata, viaggi sportivi e natura. Crociere in barca a vela nel Mediterraneo. Sardegna, Sicilia, Corsica, Croatia, Grecia...\" \/>\n<meta property=\"og:url\" content=\"https:\/\/voile-escalade.com\/vertigoblue\/vela-arrampicata\/\" \/>\n<meta property=\"og:site_name\" content=\"Vela e arrampicata in Mediterraneo\" \/>\n<meta property=\"article:modified_time\" content=\"2023-03-10T20:09:39+00:00\" \/>\n<meta name=\"twitter:card\" content=\"summary_large_image\" \/>\n<meta name=\"twitter:label1\" content=\"Tempo di lettura stimato\" \/>\n\t<meta name=\"twitter:data1\" content=\"21 minuti\" \/>\n<script type=\"application\/ld+json\" class=\"yoast-schema-graph\">{\"@context\":\"https:\/\/schema.org\",\"@graph\":[{\"@type\":\"WebPage\",\"@id\":\"https:\/\/voile-escalade.com\/vertigoblue\/vela-arrampicata\/\",\"url\":\"https:\/\/voile-escalade.com\/vertigoblue\/vela-arrampicata\/\",\"name\":\"Vertigo Blue, vela e arrampicata, viaggi sportivi, Crociere nel Mediterraneo\",\"isPartOf\":{\"@id\":\"https:\/\/voile-escalade.com\/vertigoblue\/vela-arrampicata\/#website\"},\"datePublished\":\"2020-05-01T10:28:25+00:00\",\"dateModified\":\"2023-03-10T20:09:39+00:00\",\"description\":\"Vertigo Blue, vela e arrampicata, viaggi sportivi e natura. Crociere in barca a vela nel Mediterraneo. Sardegna, Sicilia, Corsica, Croatia, Grecia...\",\"breadcrumb\":{\"@id\":\"https:\/\/voile-escalade.com\/vertigoblue\/vela-arrampicata\/#breadcrumb\"},\"inLanguage\":\"it-IT\",\"potentialAction\":[{\"@type\":\"ReadAction\",\"target\":[\"https:\/\/voile-escalade.com\/vertigoblue\/vela-arrampicata\/\"]}]},{\"@type\":\"BreadcrumbList\",\"@id\":\"https:\/\/voile-escalade.com\/vertigoblue\/vela-arrampicata\/#breadcrumb\",\"itemListElement\":[{\"@type\":\"ListItem\",\"position\":1,\"name\":\"Accueil\",\"item\":\"https:\/\/voile-escalade.com\/vertigoblue\/vela-arrampicata\/\"},{\"@type\":\"ListItem\",\"position\":2,\"name\":\"homepage\"}]},{\"@type\":\"WebSite\",\"@id\":\"https:\/\/voile-escalade.com\/vertigoblue\/vela-arrampicata\/#website\",\"url\":\"https:\/\/voile-escalade.com\/vertigoblue\/vela-arrampicata\/\",\"name\":\"Vela e arrampicata in Mediterraneo\",\"description\":\"Viaggi sportivi vela e arrampicata\",\"potentialAction\":[{\"@type\":\"SearchAction\",\"target\":{\"@type\":\"EntryPoint\",\"urlTemplate\":\"https:\/\/voile-escalade.com\/vertigoblue\/vela-arrampicata\/?s={search_term_string}\"},\"query-input\":\"required name=search_term_string\"}],\"inLanguage\":\"it-IT\"}]}<\/script>\n<!-- \/ Yoast SEO plugin. -->","yoast_head_json":{"title":"Vertigo Blue, vela e arrampicata, viaggi sportivi, Crociere nel Mediterraneo","description":"Vertigo Blue, vela e arrampicata, viaggi sportivi e natura. Crociere in barca a vela nel Mediterraneo. Sardegna, Sicilia, Corsica, Croatia, Grecia...","robots":{"index":"index","follow":"follow","max-snippet":"max-snippet:-1","max-image-preview":"max-image-preview:large","max-video-preview":"max-video-preview:-1"},"canonical":"https:\/\/voile-escalade.com\/vertigoblue\/vela-arrampicata\/","og_locale":"it_IT","og_type":"article","og_title":"Vertigo Blue, vela e arrampicata, viaggi sportivi, Crociere nel Mediterraneo","og_description":"Vertigo Blue, vela e arrampicata, viaggi sportivi e natura. Crociere in barca a vela nel Mediterraneo. Sardegna, Sicilia, Corsica, Croatia, Grecia...","og_url":"https:\/\/voile-escalade.com\/vertigoblue\/vela-arrampicata\/","og_site_name":"Vela e arrampicata in Mediterraneo","article_modified_time":"2023-03-10T20:09:39+00:00","twitter_card":"summary_large_image","twitter_misc":{"Tempo di lettura stimato":"21 minuti"},"schema":{"@context":"https:\/\/schema.org","@graph":[{"@type":"WebPage","@id":"https:\/\/voile-escalade.com\/vertigoblue\/vela-arrampicata\/","url":"https:\/\/voile-escalade.com\/vertigoblue\/vela-arrampicata\/","name":"Vertigo Blue, vela e arrampicata, viaggi sportivi, Crociere nel Mediterraneo","isPartOf":{"@id":"https:\/\/voile-escalade.com\/vertigoblue\/vela-arrampicata\/#website"},"datePublished":"2020-05-01T10:28:25+00:00","dateModified":"2023-03-10T20:09:39+00:00","description":"Vertigo Blue, vela e arrampicata, viaggi sportivi e natura. Crociere in barca a vela nel Mediterraneo. Sardegna, Sicilia, Corsica, Croatia, Grecia...","breadcrumb":{"@id":"https:\/\/voile-escalade.com\/vertigoblue\/vela-arrampicata\/#breadcrumb"},"inLanguage":"it-IT","potentialAction":[{"@type":"ReadAction","target":["https:\/\/voile-escalade.com\/vertigoblue\/vela-arrampicata\/"]}]},{"@type":"BreadcrumbList","@id":"https:\/\/voile-escalade.com\/vertigoblue\/vela-arrampicata\/#breadcrumb","itemListElement":[{"@type":"ListItem","position":1,"name":"Accueil","item":"https:\/\/voile-escalade.com\/vertigoblue\/vela-arrampicata\/"},{"@type":"ListItem","position":2,"name":"homepage"}]},{"@type":"WebSite","@id":"https:\/\/voile-escalade.com\/vertigoblue\/vela-arrampicata\/#website","url":"https:\/\/voile-escalade.com\/vertigoblue\/vela-arrampicata\/","name":"Vela e arrampicata in Mediterraneo","description":"Viaggi sportivi vela e arrampicata","potentialAction":[{"@type":"SearchAction","target":{"@type":"EntryPoint","urlTemplate":"https:\/\/voile-escalade.com\/vertigoblue\/vela-arrampicata\/?s={search_term_string}"},"query-input":"required name=search_term_string"}],"inLanguage":"it-IT"}]}},"_links":{"self":[{"href":"https:\/\/voile-escalade.com\/vertigoblue\/vela-arrampicata\/wp-json\/wp\/v2\/pages\/367"}],"collection":[{"href":"https:\/\/voile-escalade.com\/vertigoblue\/vela-arrampicata\/wp-json\/wp\/v2\/pages"}],"about":[{"href":"https:\/\/voile-escalade.com\/vertigoblue\/vela-arrampicata\/wp-json\/wp\/v2\/types\/page"}],"author":[{"embeddable":true,"href":"https:\/\/voile-escalade.com\/vertigoblue\/vela-arrampicata\/wp-json\/wp\/v2\/users\/2"}],"replies":[{"embeddable":true,"href":"https:\/\/voile-escalade.com\/vertigoblue\/vela-arrampicata\/wp-json\/wp\/v2\/comments?post=367"}],"version-history":[{"count":44,"href":"https:\/\/voile-escalade.com\/vertigoblue\/vela-arrampicata\/wp-json\/wp\/v2\/pages\/367\/revisions"}],"predecessor-version":[{"id":1719,"href":"https:\/\/voile-escalade.com\/vertigoblue\/vela-arrampicata\/wp-json\/wp\/v2\/pages\/367\/revisions\/1719"}],"wp:attachment":[{"href":"https:\/\/voile-escalade.com\/vertigoblue\/vela-arrampicata\/wp-json\/wp\/v2\/media?parent=367"}],"curies":[{"name":"wp","href":"https:\/\/api.w.org\/{rel}","templated":true}]}}