{"id":3,"date":"2019-11-11T14:40:06","date_gmt":"2019-11-11T13:40:06","guid":{"rendered":"https:\/\/voile-escalade.com\/vertigoblue\/?page_id=3"},"modified":"2020-05-10T14:02:18","modified_gmt":"2020-05-10T12:02:18","slug":"privacy-policy","status":"publish","type":"page","link":"https:\/\/voile-escalade.com\/vertigoblue\/vela-arrampicata\/privacy-policy\/","title":{"rendered":"Privacy Policy"},"content":{"rendered":"<p>[et_pb_section fb_built=&#8221;1&#8243; fullwidth=&#8221;on&#8221; _builder_version=&#8221;4.3.4&#8243;][et_pb_fullwidth_header title=&#8221;PRIVACY POLICY&#8221; _builder_version=&#8221;4.3.4&#8243; background_enable_color=&#8221;off&#8221; background_image=&#8221;https:\/\/voile-escalade.com\/vertigoblue\/vela-arrampicata\/wp-content\/uploads\/sites\/3\/2020\/05\/mention-legales-vertigoblue.jpg&#8221; background_size=&#8221;initial&#8221; custom_padding=&#8221;127px||175px|||&#8221;][\/et_pb_fullwidth_header][\/et_pb_section][et_pb_section fb_built=&#8221;1&#8243; _builder_version=&#8221;4.3.4&#8243;][et_pb_row _builder_version=&#8221;4.3.4&#8243;][et_pb_column type=&#8221;4_4&#8243; _builder_version=&#8221;4.3.4&#8243;][et_pb_text _builder_version=&#8221;4.3.4&#8243; text_font=&#8221;Roboto|300|||||||&#8221; hover_enabled=&#8221;0&#8243;]<\/p>\n<p><strong>Condizioni generali di utilizzo (CGU)<\/strong><\/p>\n<p><strong>Informativa sulla privacy &#8211; RGPD \/ GDPR<\/strong><\/p>\n<p>Informazioni per gli utenti di vertigoblue.fr e voile-escalade.com sulle nostre condizioni d&#8217;uso e le disposizioni relative al regolamento RGPD.<\/p>\n<p><strong>Definizioni e terminologia<\/strong><\/p>\n<p><strong>Il sito<\/strong>: Il sito web vertigoblue.fr e voile-escalade.com accessibile all&#8217;URL https:\/\/vertigoblue.fr e voile-escalade.com citato in questo documento come &#8220;il sito&#8221; o &#8220;del sito&#8221; o &#8220;Il sito&#8221;.<\/p>\n<p><strong>Utente:<\/strong> qualsiasi persona fisica capace ai sensi degli articoli 1123 e seguenti del Codice Civile, o persona giuridica, che visita il sito oggetto dei presenti termini e condizioni.<\/p>\n<p><strong>Contenuti, benefici e servizi:<\/strong> il sito mette a disposizione dei visitatori e\/o clienti : Informazioni sulle attivit\u00e0 della societ\u00e0 Vertigo Blue.<\/p>\n<p><strong>Informazioni per i clienti: di<\/strong> seguito indicate come &#8220;Informazioni\/informazioni&#8221;, che corrispondono a tutti i dati personali che possono essere detenuti dal sito per la gestione dei rapporti con i visitatori e il buon funzionamento del sito.<\/p>\n<p><strong>Utente: utente di<\/strong> Internet che si connette, utilizzando il sito sopra citato.<\/p>\n<p><strong>Informazioni personali:<\/strong> &#8220;Informazioni che consentono, sotto qualsiasi forma, direttamente o indirettamente, l&#8217;identificazione delle persone fisiche a cui si applicano&#8221; (articolo 4 della legge n. 78-17 del 6 gennaio 1978).<br \/>I termini &#8220;dati personali&#8221;, &#8220;interessato&#8221;, &#8220;subappaltatore&#8221; e &#8220;dati sensibili&#8221; hanno il significato definito dal Regolamento generale sulla protezione dei dati (RGPD: n\u00b0 2016-679).<\/p>\n<p><strong>1. Presentazione del sito web.<\/strong><\/p>\n<p>Ai sensi dell&#8217;articolo 6 della legge n. 2004-575 del 21 giugno 2004 sulla fiducia nell&#8217;economia digitale, gli utenti del sito web sono informati dell&#8217;identit\u00e0 dei vari soggetti coinvolti nella sua creazione e nel suo monitoraggio:<\/p>\n<p><strong>Proprietario\/editore<\/strong>: Sarah Marquina e Andrea Zecca, R\u00e9sidence Le Muscat, Rue Michel Clerc, 34110 La Peyrade-Frontignan<\/p>\n<p><strong>Responsabile della pubblicazione: Sarah Marquina &#8211; contatto[arobas<\/strong>]vertigoblue.fr<br \/><strong>Progettista\/integratore<\/strong> :Mediapluriel\/Infoweb &#8211; contatto[arobas]mediapluriel.fr<br \/><strong>Host<\/strong>: Infoweb &#8211; contatto[arobas]mediapluriel.fr<br \/><strong>Responsabile della protezione dei dati<\/strong> (DPD\/DPO) : Sarah Marquina &#8211; contatto[arobas]vertigoblue.fr<\/p>\n<p><strong>2. Condizioni generali di utilizzo del sito e dei servizi offerti.<\/strong><\/p>\n<p>Il Sito \u00e8 un&#8217;opera intellettuale protetta dalle disposizioni del Codice della Propriet\u00e0 Intellettuale e dai Regolamenti Internazionali applicabili.<br \/>Il Cliente non pu\u00f2 in alcun modo riutilizzare, trasferire o sfruttare per proprio conto tutti o parte degli elementi o delle opere presenti sul sito.<\/p>\n<p>L&#8217;utilizzo del sito implica la piena e completa accettazione delle condizioni generali di utilizzo descritte di seguito. Le presenti condizioni d&#8217;uso possono essere modificate o integrate in qualsiasi momento. Gli utenti del sito sono pertanto invitati a consultarle regolarmente.<\/p>\n<p>Questo sito web \u00e8 accessibile agli utenti in qualsiasi momento. Tuttavia, potrebbe essere necessaria un&#8217;interruzione per la manutenzione tecnica.<\/p>\n<p><strong>3. Descrizione dei servizi forniti.<\/strong><\/p>\n<p>Lo scopo del sito web \u00e8 quello di fornire informazioni relative a tutte le attivit\u00e0 della societ\u00e0.<br \/>Ci sforziamo di fornire le informazioni pi\u00f9 accurate possibili sul sito. Tuttavia, non possiamo essere ritenuti responsabili per eventuali omissioni, inesattezze o imprecisioni nel contenuto, sia causate da noi che da partner terzi che forniscono o integrano queste informazioni.<\/p>\n<p>Tutte le informazioni presenti sul sito sono fornite a titolo indicativo e sono soggette a modifiche. Inoltre, le informazioni sul sito non sono esaustive. \u00c8 soggetto a modifiche che sono state apportate da quando \u00e8 stato messo online.<\/p>\n<p><strong>4. Limitazioni contrattuali sui dati tecnici.<\/strong><\/p>\n<p>Il sito utilizza la tecnologia JavaScript.<\/p>\n<p>Il sito web non pu\u00f2 essere ritenuto responsabile per eventuali danni materiali legati all&#8217;utilizzo del sito. Inoltre, l&#8217;utente del sito si impegna ad accedere al sito utilizzando apparecchiature recenti, prive di virus e con un browser aggiornato di ultima generazione. Il<br \/>sito \u00e8 ospitato sul territorio dell&#8217;Unione Europea (Francia) in conformit\u00e0 con le disposizioni del Regolamento generale sulla protezione dei dati (RGPD: n. 2016-679).<\/p>\n<p>L&#8217;obiettivo \u00e8 quello di fornire un servizio che garantisca il miglior tasso di accessibilit\u00e0. L&#8217;host assicura la continuit\u00e0 del suo servizio 24 ore su 24, tutti i giorni dell&#8217;anno. Tuttavia, si riserva il diritto di interrompere il servizio di hosting per il pi\u00f9 breve tempo possibile, in particolare per la manutenzione, il miglioramento delle sue infrastrutture, il guasto delle sue infrastrutture o se i Servizi e i Servizi generano traffico ritenuto anomalo.<\/p>\n<p>Mediapluriel\/Infoweb e l&#8217;host non possono essere ritenuti responsabili in caso di malfunzionamento della rete Internet, delle linee telefoniche o delle apparecchiature informatiche e telefoniche legate in particolare alla congestione della rete che impedisce l&#8217;accesso al server.<\/p>\n<p><strong>5. Propriet\u00e0 intellettuale e contraffazioni.<\/strong><\/p>\n<p>Il progettista del sito \u00e8 il titolare dei diritti di propriet\u00e0 intellettuale e detiene i diritti d&#8217;uso su tutti gli elementi accessibili sul sito, in particolare i testi, le immagini, la grafica, i loghi, i video, le icone e i suoni.<br \/>Qualsiasi riproduzione, rappresentazione, modifica, modifica, pubblicazione, adattamento di tutti o parte degli elementi del sito, qualunque sia il mezzo o il processo utilizzato, \u00e8 vietata, salvo previa autorizzazione scritta di : <strong>Vertigo Blue\/ Mediapluriel\/Infoweb<\/strong>.<\/p>\n<p>Qualsiasi uso non autorizzato del sito o di uno qualsiasi degli elementi in esso contenuti sar\u00e0 considerato una violazione e sar\u00e0 perseguito in conformit\u00e0 alle disposizioni degli articoli L.335-2 e seguenti del Codice della Propriet\u00e0 Intellettuale.<\/p>\n<p><strong>6. Limitazioni di responsabilit\u00e0.<\/strong><\/p>\n<p><strong>Il proprietario del sito <\/strong>in qualit\u00e0 di editore del sito \u00e8 responsabile della qualit\u00e0 e della veridicit\u00e0 dei contenuti pubblicati in buona fede.<\/p>\n<p><strong>Egli\/ella <\/strong>non pu\u00f2 essere ritenuto responsabile per danni diretti e indiretti causati alle apparecchiature dell&#8217;utente, quando accede al sito web, e derivanti sia dall&#8217;uso di apparecchiature non conformi alle specifiche abituali, sia dalla comparsa di un bug o di un&#8217;incompatibilit\u00e0.<\/p>\n<p>N\u00e9 il proprietario\/editore n\u00e9 l&#8217;host del sito possono essere ritenuti responsabili per danni indiretti derivanti dall&#8217;utilizzo del sito.<br \/>Un modulo di supporto o un indirizzo e-mail \u00e8 sempre disponibile per i visitatori. L&#8217;editore si riserva il diritto di cancellare, senza preavviso, qualsiasi contenuto depositato in questo spazio che contravvenga alla legislazione applicabile in Francia, in particolare alle disposizioni relative alla protezione dei dati. Se necessario, si riserva inoltre il diritto di contestare la responsabilit\u00e0 civile e\/o penale dell&#8217;utente, in particolare in caso di messaggi di carattere razzista, ingiurioso, diffamatorio o pedofilo, indipendentemente dal mezzo utilizzato (testo, fotografia, ecc.).<\/p>\n<p><strong>7. Gestione dei dati personali.<\/strong><\/p>\n<p>Il Cliente \u00e8 informato delle norme relative alla comunicazione di marketing, della legge del 21 giugno 2014 per la fiducia nell&#8217;economia digitale, della legge sulla protezione dei dati del 6 agosto 2004 e del Regolamento generale sulla protezione dei dati (RGPD: n. 2016-679).<\/p>\n<p><strong>7.1 Responsabili della raccolta dei dati personali<\/strong><\/p>\n<p>In caso di raccolta di dati personali, il responsabile del trattamento dei dati personali \u00e8 indicato in testa al presente documento in linea: <strong>Responsabile della protezione dei dati personali<\/strong><\/p>\n<p>In qualit\u00e0 di responsabile del trattamento dei dati raccolti, egli si impegna a rispettare l&#8217;ambito delle disposizioni di legge vigenti. In particolare, \u00e8 suo compito stabilire le finalit\u00e0 del trattamento dei suoi dati, fornire ai suoi clienti potenziali e potenziali clienti, sulla base della raccolta dei loro consensi, un&#8217;informazione completa sul trattamento dei loro dati personali e tenere un registro del trattamento in conformit\u00e0 alla realt\u00e0.<br \/>Ogni volta che il sito tratta i Dati Personali, l&#8217;RPD adotta tutte le misure ragionevoli per garantire l&#8217;accuratezza e la pertinenza dei Dati Personali in relazione agli scopi per i quali il sito li tratta.<\/p>\n<p><strong>7.2 Scopo dei dati raccolti<\/strong><\/p>\n<p>\u00c8 probabile che il sito elabori tutti o parte dei dati:<\/p>\n<ul>\n<li>per consentire la navigazione sul Sito e la gestione e la tracciabilit\u00e0 dei servizi ordinati dall&#8217;utente: dati di connessione e di utilizzo del Sito, fatturazione, storico degli ordini, ecc.<\/li>\n<li>per prevenire e combattere le frodi informatiche (spamming, hacking&#8230;): hardware del computer utilizzato per la navigazione, indirizzo IP, password (hash)<\/li>\n<li>per migliorare la navigazione sul Sito: dati di connessione e di utilizzo<\/li>\n<li>per realizzare campagne di comunicazione: numero di telefono, indirizzo e-mail<\/li>\n<\/ul>\n<p>Il sito non commercializza i vostri dati personali, che vengono quindi utilizzati solo per necessit\u00e0 o per scopi tecnici, statistici e analitici.<\/p>\n<p><strong>7.3 Diritto di accesso, rettifica e opposizione<\/strong><\/p>\n<p>In conformit\u00e0 alla normativa europea vigente, gli Utenti del suddetto sito hanno i seguenti diritti:<\/p>\n<ul>\n<li>diritto di accesso (art. 15 DPMR) e di rettifica (art. 16 DPMR), aggiornamento, completezza dei dati degli Utenti, diritto di bloccare o cancellare i dati personali degli Utenti (art. 17 DPMR), quando sono inesatti, incompleti, equivoci, non aggiornati o la cui raccolta, uso, comunicazione o conservazione \u00e8 vietatadiritto di revocare il consenso in qualsiasi momento (articolo 13-2c GDMP)<\/li>\n<\/ul>\n<ul>\n<li style=\"list-style-type: none;\">\u00a0<\/li>\n<\/ul>\n<ul>\n<li>diritto di limitare il trattamento dei dati degli utenti (art. 18 RPMR)<\/li>\n<\/ul>\n<ul>\n<li>diritto di opposizione al trattamento dei dati degli utenti (art. 21 RGPD)<\/li>\n<\/ul>\n<ul>\n<li style=\"list-style-type: none;\">\u00a0<\/li>\n<\/ul>\n<ul>\n<li>il diritto alla portabilit\u00e0 dei dati forniti dagli Utenti, quando tali dati sono oggetto di un trattamento automatizzato in base al loro consenso o a un contratto (art. 20 RDT)<\/li>\n<\/ul>\n<ul>\n<li style=\"list-style-type: none;\">\u00a0<\/li>\n<\/ul>\n<ul>\n<li>il diritto di determinare la sorte dei dati degli Utenti dopo la loro morte e di scegliere a chi i dati stessi debbano (o meno) essere comunicati a un terzo precedentemente nominato<\/li>\n<\/ul>\n<ul>\n<li style=\"list-style-type: none;\">\u00a0<\/li>\n<\/ul>\n<p>Non appena il sito viene a conoscenza della morte di un Utente e in assenza di istruzioni da parte sua, il sito si impegna a distruggere i suoi dati, a meno che non sia necessario conservarli a fini probatori o per adempiere ad un obbligo di legge.<\/p>\n<p>Se l&#8217;Utente desidera sapere come il sito utilizza i suoi Dati Personali, per chiedere correzioni o per opporsi al loro trattamento, l&#8217;Utente pu\u00f2 contattare il DPO\/DPD via e-mail al seguente indirizzo:<\/p>\n<ul>\n<li><strong>contatto[arobas]vertigoblue.fr<\/strong><\/li>\n<\/ul>\n<p>In questo caso, l&#8217;Utente deve indicare i dati personali che desidera vedere corretti, aggiornati o cancellati, l&#8217;URL dove sono presenti e identificarsi con precisione con una copia di un documento di identit\u00e0 (carta d&#8217;identit\u00e0 o passaporto in corso di validit\u00e0).<\/p>\n<p>Le richieste di cancellazione dei Dati Personali saranno soggette agli obblighi imposti dalla legge ai responsabili del sito, in particolare per quanto riguarda la conservazione o l&#8217;archiviazione dei documenti. Infine, gli utenti del sito possono presentare un reclamo alle autorit\u00e0 di controllo, in particolare alla CNIL (https:\/\/www.cnil.fr\/fr\/plaintes).<\/p>\n<p><strong>7.4 Non divulgazione dei dati personali<\/strong><\/p>\n<p>Al sito \u00e8 vietato elaborare, ospitare o trasferire le informazioni raccolte sui suoi utenti e\/o clienti in un paese al di fuori dell&#8217;Unione Europea o riconosciuto come &#8220;non idoneo&#8221; dalla Commissione Europea senza informarne preventivamente il cliente. Tuttavia, il sito rimane libero di scegliere i suoi subappaltatori tecnici e commerciali a condizione che presentino garanzie sufficienti per quanto riguarda i requisiti del Regolamento generale sulla protezione dei dati (RGPD: n\u00b0 2016-679).<\/p>\n<p>Il sito si impegna a prendere tutte le precauzioni necessarie per preservare la sicurezza delle Informazioni e in particolare a non comunicarle a persone non autorizzate. Tuttavia, qualora venga portato a conoscenza del sito un incidente che pregiudichi l&#8217;integrit\u00e0 o la riservatezza delle Informazioni del Cliente, il sito deve informare gli utenti nel pi\u00f9 breve tempo possibile se dispone dei loro dati di contatto e comunicare le misure correttive adottate.<\/p>\n<p>Nei limiti delle rispettive attribuzioni e per le finalit\u00e0 sopra indicate, i principali soggetti che possono avere accesso ai dati degli Utenti del sito sono principalmente i tecnici autorizzati che operano sul sito.<\/p>\n<p><strong>8. Notifica di un incidente<\/strong><\/p>\n<p>Nonostante la cura delle nostre politiche di sicurezza informatica, nessun metodo di trasmissione su Internet e nessun metodo di archiviazione elettronica \u00e8 completamente sicuro. Di conseguenza, non possiamo garantire la sicurezza assoluta.<br \/>Se veniamo a conoscenza di una violazione della sicurezza, informeremo gli utenti interessati in modo che possano prendere le misure appropriate. Le nostre procedure di segnalazione degli incidenti tengono conto dei nostri obblighi legali, sia a livello nazionale che europeo. Ci impegniamo a tenere i nostri clienti pienamente informati su tutte le questioni relative alla sicurezza dei loro conti e a fornire loro tutte le informazioni necessarie per aiutarli a rispettare i loro obblighi normativi di rendicontazione.<\/p>\n<p>Nessuna informazione personale dell&#8217;utente del sito viene pubblicata a sua insaputa, scambiata, trasferita, ceduta o venduta su qualsiasi supporto a terzi. Solo le persone autorizzate hanno accesso sicuro ai dati degli utenti.<\/p>\n<p><strong>Sicurezza<\/strong><\/p>\n<p>Per garantire la sicurezza e la riservatezza dei dati personali, il sito utilizza reti protette da dispositivi ad alte prestazioni come firewall, pseudonimizzazione, crittografia e password forti, oltre ad altre procedure non rivelabili.<\/p>\n<p>Quando si trattano dati personali, il sito adotta tutte le misure ragionevoli per proteggerli da perdita, uso improprio, accesso non autorizzato, divulgazione, alterazione o distruzione.<\/p>\n<p><strong>9. Link ipertestuali &#8220;cookies&#8221; e tags internet<\/strong><\/p>\n<p>Il sito contiene un certo numero di collegamenti ipertestuali ad altri siti, creati con la sua approvazione. Tuttavia, il sito non ha la possibilit\u00e0 di verificare il contenuto dei siti cos\u00ec visitati, e di conseguenza non si assume alcuna responsabilit\u00e0 per questo fatto.<\/p>\n<p>A meno che non decidiate di disabilitare i cookie, accettate che il sito possa utilizzarli. L&#8217;utente pu\u00f2 disattivare questi cookie in qualsiasi momento, gratuitamente, utilizzando le opzioni di disattivazione offerte e richiamate di seguito, tenendo presente che ci\u00f2 pu\u00f2 ridurre o impedire l&#8217;accesso a tutti o a parte dei Servizi offerti dai siti web in generale.<\/p>\n<p><strong>9.1. &#8220;COOKIES&#8221;.<\/strong><\/p>\n<p>Un &#8220;cookie&#8221; \u00e8 un piccolo file informativo inviato al browser dell&#8217;utente e memorizzato sul terminale dell&#8217;utente (ad es. computer, smartphone) (di seguito &#8220;cookie&#8221;). Questo file include informazioni quali il nome a dominio dell&#8217;utente, il provider di servizi Internet dell&#8217;utente, il sistema operativo dell&#8217;utente e la data e l&#8217;ora dell&#8217;accesso. I cookie non rischiano in alcun modo di danneggiare il terminale dell&#8217;Utente.<\/p>\n<p>Il Sito \u00e8 suscettibile di elaborare le informazioni dell&#8217;Utente relative alla sua visita al Sito, come le pagine consultate, le ricerche effettuate. Queste informazioni consentono ai siti di migliorare il contenuto del Sito e la navigazione dell&#8217;Utente.<\/p>\n<p>Poich\u00e9 i Cookies facilitano la navigazione e\/o la fornitura dei servizi offerti dal Sito, l&#8217;Utente pu\u00f2 configurare il proprio browser per decidere se accettarli o meno in modo che i Cookies siano memorizzati nel terminale o, al contrario, che siano rifiutati, sistematicamente o secondo il mittente. L&#8217;Utente pu\u00f2 anche configurare il suo software del browser in modo che gli venga offerta la possibilit\u00e0 di accettare o rifiutare i Cookies di tanto in tanto, prima che un Cookie possa essere memorizzato sul suo terminale. Il sito informa l&#8217;Utente che, in questo caso, \u00e8 possibile che non siano disponibili tutte le funzionalit\u00e0 del suo software di navigazione.<\/p>\n<p>Se l&#8217;Utente rifiuta di salvare i Cookies nel suo terminale o nel suo browser, o se l&#8217;Utente cancella quelli salvati, l&#8217;Utente viene informato che la sua navigazione e la sua esperienza sul Sito potrebbero essere limitate. Ci\u00f2 pu\u00f2 verificarsi anche quando il Sito o uno dei suoi fornitori di servizi non \u00e8 in grado di riconoscere, ai fini della compatibilit\u00e0 tecnica, il tipo di browser utilizzato dal terminale, la lingua e le impostazioni di visualizzazione o il paese dal quale il terminale sembra essere connesso a Internet.<\/p>\n<p>Ove applicabile, il sito declina ogni responsabilit\u00e0 per le conseguenze relative al funzionamento degradato del Sito e di eventuali servizi offerti dal sito derivanti dal rifiuto dei Cookies da parte dell&#8217;Utente a causa dell&#8217;impossibilit\u00e0 per il sito di registrare o consultare i Cookies necessari per il loro funzionamento a causa della scelta dell&#8217;Utente. La configurazione di ogni browser \u00e8 diversa per la gestione dei Cookies e per le scelte dell&#8217;Utente. \u00c8 descritto nel menu di aiuto del browser, che permette di scoprire come l&#8217;Utente pu\u00f2 modificare i propri desideri in merito ai Cookies.<\/p>\n<p>Infine, cliccando sulle icone dedicate ai social network Twitter, Facebook, Linkedin, Youtube e Google Plus che appaiono sul Sito o nella sua applicazione mobile e se l&#8217;Utente ha accettato il deposito di cookies continuando la sua navigazione sul Sito o sull&#8217;applicazione mobile collegata al Sito, Twitter, Facebook, Linkedin, Youtube e Google Plus possono depositare cookies anche sui terminali dell&#8217;Utente (computer, tablet, cellulare).<\/p>\n<p>Questi tipi di cookie vengono depositati sui vostri terminali solo se voi acconsentite ad essi continuando la vostra navigazione sul sito web o l&#8217;applicazione mobile del sito. In qualsiasi momento, l&#8217;Utente pu\u00f2 comunque revocare il suo consenso al deposito di questo tipo di cookies sul sito.<\/p>\n<p><u>Istruzioni per la gestione o la disabilitazione dei cookie sul vostro terminale: <\/u>https:\/\/www.cnil.fr\/fr\/cookies-les-outils-pour-les-maitriser<\/p>\n<p><strong>Articolo 9.2. TARGHETTI INTERNET<\/strong><\/p>\n<p>Il Sito pu\u00f2 occasionalmente utilizzare tag Internet (noti anche come &#8220;tag&#8221;, o action tag, GIF a singolo pixel, GIF trasparenti, GIF invisibili e GIF individuali) e distribuirli attraverso un partner di analisi web che pu\u00f2 essere localizzato (e quindi memorizzare le informazioni corrispondenti, compreso l&#8217;indirizzo IP dell&#8217;Utente) in un paese straniero.<\/p>\n<p>Questi tag vengono inseriti sia nelle pubblicit\u00e0 online che consentono agli utenti di Internet di accedere al Sito, sia nelle varie pagine del Sito.<br \/>Questa tecnologia consente ad alcuni siti di valutare le risposte dei visitatori del Sito e l&#8217;efficacia delle sue azioni (ad esempio, il numero di volte che una pagina viene aperta e le informazioni consultate), nonch\u00e9 l&#8217;utilizzo del Sito da parte dell&#8217;Utente.<\/p>\n<p>Il fornitore esterno di servizi pu\u00f2 raccogliere informazioni sui visitatori del Sito e di altri siti web che utilizzano questi tag, compilare rapporti sull&#8217;attivit\u00e0 del Sito per il Sito e fornire altri servizi relativi all&#8217;uso del Sito e di Internet.<\/p>\n<p><strong>10. Legge applicabile e giurisdizione.<\/strong><\/p>\n<p>Qualsiasi controversia relativa all&#8217;utilizzo del suddetto sito \u00e8 soggetta alla legge francese.<br \/>Salvo i casi in cui la legge non lo consente, la giurisdizione esclusiva \u00e8 data ai tribunali competenti di Montpellier (Francia).<\/p>\n<p>[\/et_pb_text][\/et_pb_column][\/et_pb_row][\/et_pb_section]<\/p>\n","protected":false},"excerpt":{"rendered":"<p>Condizioni generali di utilizzo (CGU) Informativa sulla privacy &#8211; RGPD \/ GDPR Informazioni per gli utenti di vertigoblue.fr e voile-escalade.com sulle nostre condizioni d&#8217;uso e le disposizioni relative al regolamento RGPD. Definizioni e terminologia Il sito: Il sito web vertigoblue.fr e voile-escalade.com accessibile all&#8217;URL https:\/\/vertigoblue.fr e voile-escalade.com citato in questo documento come &#8220;il sito&#8221; o [&hellip;]<\/p>\n","protected":false},"author":1,"featured_media":0,"parent":0,"menu_order":0,"comment_status":"closed","ping_status":"open","template":"","meta":{"_et_pb_use_builder":"on","_et_pb_old_content":"<!-- wp:heading -->\r\n<h2>Qui sommes-nous\u00a0?<\/h2>\r\n<!-- \/wp:heading --><!-- wp:paragraph -->\r\n<p>L\u2019adresse de notre site Web est\u00a0: https:\/\/voile-escalade.com\/vertigoblue.<\/p>\r\n<!-- \/wp:paragraph --><!-- wp:heading -->\r\n<h2>Utilisation des donn\u00e9es personnelles collect\u00e9es<\/h2>\r\n<!-- \/wp:heading --><!-- wp:heading {\"level\":3} -->\r\n<h3>Commentaires<\/h3>\r\n<!-- \/wp:heading --><!-- wp:paragraph -->\r\n<p>Quand vous laissez un commentaire sur notre site web, les donn\u00e9es inscrites dans le formulaire de commentaire, mais aussi votre adresse IP et l\u2019agent utilisateur de votre navigateur sont collect\u00e9s pour nous aider \u00e0 la d\u00e9tection des commentaires ind\u00e9sirables.<\/p>\r\n<!-- \/wp:paragraph --><!-- wp:paragraph -->\r\n<p>Une cha\u00eene anonymis\u00e9e cr\u00e9\u00e9e \u00e0 partir de votre adresse de messagerie (\u00e9galement appel\u00e9e hash) peut \u00eatre envoy\u00e9e au service Gravatar pour v\u00e9rifier si vous utilisez ce dernier. Les clauses de confidentialit\u00e9 du service Gravatar sont disponibles ici\u00a0: https:\/\/automattic.com\/privacy\/. Apr\u00e8s validation de votre commentaire, votre photo de profil sera visible publiquement \u00e0 cot\u00e9 de votre commentaire.<\/p>\r\n<!-- \/wp:paragraph --><!-- wp:heading {\"level\":3} -->\r\n<h3>M\u00e9dias<\/h3>\r\n<!-- \/wp:heading --><!-- wp:paragraph -->\r\n<p>Si vous \u00eates un utilisateur ou une utilisatrice enregistr\u00e9\u00b7e et que vous t\u00e9l\u00e9versez des images sur le site web, nous vous conseillons d\u2019\u00e9viter de t\u00e9l\u00e9verser des images contenant des donn\u00e9es EXIF de coordonn\u00e9es GPS. Les visiteurs de votre site web peuvent t\u00e9l\u00e9charger et extraire des donn\u00e9es de localisation depuis ces images.<\/p>\r\n<!-- \/wp:paragraph --><!-- wp:heading {\"level\":3} -->\r\n<h3>Formulaires de contact<\/h3>\r\n<!-- \/wp:heading --><!-- wp:heading {\"level\":3} -->\r\n<h3>Cookies<\/h3>\r\n<!-- \/wp:heading --><!-- wp:paragraph -->\r\n<p>Si vous d\u00e9posez un commentaire sur notre site, il vous sera propos\u00e9 d\u2019enregistrer votre nom, adresse de messagerie et site web dans des cookies. C\u2019est uniquement pour votre confort afin de ne pas avoir \u00e0 saisir ces informations si vous d\u00e9posez un autre commentaire plus tard. Ces cookies expirent au bout d\u2019un an.<\/p>\r\n<!-- \/wp:paragraph --><!-- wp:paragraph -->\r\n<p>Si vous vous rendez sur la page de connexion, un cookie temporaire sera cr\u00e9\u00e9 afin de d\u00e9terminer si votre navigateur accepte les cookies. Il ne contient pas de donn\u00e9es personnelles et sera supprim\u00e9 automatiquement \u00e0 la fermeture de votre navigateur.<\/p>\r\n<!-- \/wp:paragraph --><!-- wp:paragraph -->\r\n<p>Lorsque vous vous connecterez, nous mettrons en place un certain nombre de cookies pour enregistrer vos informations de connexion et vos pr\u00e9f\u00e9rences d\u2019\u00e9cran. La dur\u00e9e de vie d\u2019un cookie de connexion est de deux jours, celle d\u2019un cookie d\u2019option d\u2019\u00e9cran est d\u2019un an. Si vous cochez \u00ab\u00a0Se souvenir de moi\u00a0\u00bb, votre cookie de connexion sera conserv\u00e9 pendant deux semaines. Si vous vous d\u00e9connectez de votre compte, le cookie de connexion sera effac\u00e9.<\/p>\r\n<!-- \/wp:paragraph --><!-- wp:paragraph -->\r\n<p>En modifiant ou en publiant une publication, un cookie suppl\u00e9mentaire sera enregistr\u00e9 dans votre navigateur. Ce cookie ne comprend aucune donn\u00e9e personnelle. Il indique simplement l\u2019ID de la publication que vous venez de modifier. Il expire au bout d\u2019un jour.<\/p>\r\n<!-- \/wp:paragraph --><!-- wp:heading {\"level\":3} -->\r\n<h3>Contenu embarqu\u00e9 depuis d\u2019autres sites<\/h3>\r\n<!-- \/wp:heading --><!-- wp:paragraph -->\r\n<p>Les articles de ce site peuvent inclure des contenus int\u00e9gr\u00e9s (par exemple des vid\u00e9os, images, articles\u2026). Le contenu int\u00e9gr\u00e9 depuis d\u2019autres sites se comporte de la m\u00eame mani\u00e8re que si le visiteur se rendait sur cet autre site.<\/p>\r\n<!-- \/wp:paragraph --><!-- wp:paragraph -->\r\n<p>Ces sites web pourraient collecter des donn\u00e9es sur vous, utiliser des cookies, embarquer des outils de suivis tiers, suivre vos interactions avec ces contenus embarqu\u00e9s si vous disposez d\u2019un compte connect\u00e9 sur leur site web.<\/p>\r\n<!-- \/wp:paragraph --><!-- wp:heading {\"level\":3} -->\r\n<h3>Statistiques et mesures d\u2019audience<\/h3>\r\n<!-- \/wp:heading --><!-- wp:heading -->\r\n<h2>Utilisation et transmission de vos donn\u00e9es personnelles<\/h2>\r\n<!-- \/wp:heading --><!-- wp:heading -->\r\n<h2>Dur\u00e9es de stockage de vos donn\u00e9es<\/h2>\r\n<!-- \/wp:heading --><!-- wp:paragraph -->\r\n<p>Si vous laissez un commentaire, le commentaire et ses m\u00e9tadonn\u00e9es sont conserv\u00e9s ind\u00e9finiment. Cela permet de reconna\u00eetre et approuver automatiquement les commentaires suivants au lieu de les laisser dans la file de mod\u00e9ration.<\/p>\r\n<!-- \/wp:paragraph --><!-- wp:paragraph -->\r\n<p>Pour les utilisateurs et utilisatrices qui s\u2019enregistrent sur notre site (si cela est possible), nous stockons \u00e9galement les donn\u00e9es personnelles indiqu\u00e9es dans leur profil. Tous les utilisateurs et utilisatrices peuvent voir, modifier ou supprimer leurs informations personnelles \u00e0 tout moment (\u00e0 l\u2019exception de leur nom d\u2019utilisateur\u00b7ice). Les gestionnaires du site peuvent aussi voir et modifier ces informations.<\/p>\r\n<!-- \/wp:paragraph --><!-- wp:heading -->\r\n<h2>Les droits que vous avez sur vos donn\u00e9es<\/h2>\r\n<!-- \/wp:heading --><!-- wp:paragraph -->\r\n<p>Si vous avez un compte ou si vous avez laiss\u00e9 des commentaires sur le site, vous pouvez demander \u00e0 recevoir un fichier contenant toutes les donn\u00e9es personnelles que nous poss\u00e9dons \u00e0 votre sujet, incluant celles que vous nous avez fournies. Vous pouvez \u00e9galement demander la suppression des donn\u00e9es personnelles vous concernant. Cela ne prend pas en compte les donn\u00e9es stock\u00e9es \u00e0 des fins administratives, l\u00e9gales ou pour des raisons de s\u00e9curit\u00e9.<\/p>\r\n<!-- \/wp:paragraph --><!-- wp:heading -->\r\n<h2>Transmission de vos donn\u00e9es personnelles<\/h2>\r\n<!-- \/wp:heading --><!-- wp:paragraph -->\r\n<p>Les commentaires des visiteurs peuvent \u00eatre v\u00e9rifi\u00e9s \u00e0 l\u2019aide d\u2019un service automatis\u00e9 de d\u00e9tection des commentaires ind\u00e9sirables.<\/p>\r\n<!-- \/wp:paragraph --><!-- wp:heading -->\r\n<h2>Informations de contact<\/h2>\r\n<!-- \/wp:heading --><!-- wp:heading -->\r\n<h2>Informations suppl\u00e9mentaires<\/h2>\r\n<!-- \/wp:heading --><!-- wp:heading {\"level\":3} -->\r\n<h3>Comment nous prot\u00e9geons vos donn\u00e9es<\/h3>\r\n<!-- \/wp:heading --><!-- wp:heading {\"level\":3} -->\r\n<h3>Proc\u00e9dures mises en \u0153uvre en cas de fuite de donn\u00e9es<\/h3>\r\n<!-- \/wp:heading --><!-- wp:heading {\"level\":3} -->\r\n<h3>Les services tiers qui nous transmettent des donn\u00e9es<\/h3>\r\n<!-- \/wp:heading --><!-- wp:heading {\"level\":3} -->\r\n<h3>Op\u00e9rations de marketing automatis\u00e9 et\/ou de profilage r\u00e9alis\u00e9es \u00e0 l\u2019aide des donn\u00e9es personnelles<\/h3>\r\n<!-- \/wp:heading --><!-- wp:heading {\"level\":3} -->\r\n<h3>Affichage des informations li\u00e9es aux secteurs soumis \u00e0 des r\u00e9gulations sp\u00e9cifiques<\/h3>\r\n<!-- \/wp:heading -->","_et_gb_content_width":""},"yoast_head":"<!-- This site is optimized with the Yoast SEO plugin v20.2.1 - https:\/\/yoast.com\/wordpress\/plugins\/seo\/ -->\n<title>Privacy Policy - Vela e arrampicata in Mediterraneo<\/title>\n<meta name=\"robots\" content=\"index, follow, max-snippet:-1, max-image-preview:large, max-video-preview:-1\" \/>\n<link rel=\"canonical\" href=\"https:\/\/voile-escalade.com\/vertigoblue\/vela-arrampicata\/privacy-policy\/\" \/>\n<meta property=\"og:locale\" content=\"it_IT\" \/>\n<meta property=\"og:type\" content=\"article\" \/>\n<meta property=\"og:title\" content=\"Privacy Policy - Vela e arrampicata in Mediterraneo\" \/>\n<meta property=\"og:description\" content=\"Condizioni generali di utilizzo (CGU) Informativa sulla privacy - RGPD \/ GDPR Informazioni per gli utenti di vertigoblue.fr e voile-escalade.com sulle nostre condizioni d&#039;uso e le disposizioni relative al regolamento RGPD. Definizioni e terminologia Il sito: Il sito web vertigoblue.fr e voile-escalade.com accessibile all&#039;URL https:\/\/vertigoblue.fr e voile-escalade.com citato in questo documento come &quot;il sito&quot; o [&hellip;]\" \/>\n<meta property=\"og:url\" content=\"https:\/\/voile-escalade.com\/vertigoblue\/vela-arrampicata\/privacy-policy\/\" \/>\n<meta property=\"og:site_name\" content=\"Vela e arrampicata in Mediterraneo\" \/>\n<meta property=\"article:modified_time\" content=\"2020-05-10T12:02:18+00:00\" \/>\n<meta name=\"twitter:card\" content=\"summary_large_image\" \/>\n<meta name=\"twitter:label1\" content=\"Tempo di lettura stimato\" \/>\n\t<meta name=\"twitter:data1\" content=\"14 minuti\" \/>\n<script type=\"application\/ld+json\" class=\"yoast-schema-graph\">{\"@context\":\"https:\/\/schema.org\",\"@graph\":[{\"@type\":\"WebPage\",\"@id\":\"https:\/\/voile-escalade.com\/vertigoblue\/vela-arrampicata\/privacy-policy\/\",\"url\":\"https:\/\/voile-escalade.com\/vertigoblue\/vela-arrampicata\/privacy-policy\/\",\"name\":\"Privacy Policy - Vela e arrampicata in Mediterraneo\",\"isPartOf\":{\"@id\":\"https:\/\/voile-escalade.com\/vertigoblue\/vela-arrampicata\/#website\"},\"datePublished\":\"2019-11-11T13:40:06+00:00\",\"dateModified\":\"2020-05-10T12:02:18+00:00\",\"breadcrumb\":{\"@id\":\"https:\/\/voile-escalade.com\/vertigoblue\/vela-arrampicata\/privacy-policy\/#breadcrumb\"},\"inLanguage\":\"it-IT\",\"potentialAction\":[{\"@type\":\"ReadAction\",\"target\":[\"https:\/\/voile-escalade.com\/vertigoblue\/vela-arrampicata\/privacy-policy\/\"]}]},{\"@type\":\"BreadcrumbList\",\"@id\":\"https:\/\/voile-escalade.com\/vertigoblue\/vela-arrampicata\/privacy-policy\/#breadcrumb\",\"itemListElement\":[{\"@type\":\"ListItem\",\"position\":1,\"name\":\"Accueil\",\"item\":\"https:\/\/voile-escalade.com\/vertigoblue\/vela-arrampicata\/\"},{\"@type\":\"ListItem\",\"position\":2,\"name\":\"Privacy Policy\"}]},{\"@type\":\"WebSite\",\"@id\":\"https:\/\/voile-escalade.com\/vertigoblue\/vela-arrampicata\/#website\",\"url\":\"https:\/\/voile-escalade.com\/vertigoblue\/vela-arrampicata\/\",\"name\":\"Vela e arrampicata in Mediterraneo\",\"description\":\"Viaggi sportivi vela e arrampicata\",\"potentialAction\":[{\"@type\":\"SearchAction\",\"target\":{\"@type\":\"EntryPoint\",\"urlTemplate\":\"https:\/\/voile-escalade.com\/vertigoblue\/vela-arrampicata\/?s={search_term_string}\"},\"query-input\":\"required name=search_term_string\"}],\"inLanguage\":\"it-IT\"}]}<\/script>\n<!-- \/ Yoast SEO plugin. -->","yoast_head_json":{"title":"Privacy Policy - Vela e arrampicata in Mediterraneo","robots":{"index":"index","follow":"follow","max-snippet":"max-snippet:-1","max-image-preview":"max-image-preview:large","max-video-preview":"max-video-preview:-1"},"canonical":"https:\/\/voile-escalade.com\/vertigoblue\/vela-arrampicata\/privacy-policy\/","og_locale":"it_IT","og_type":"article","og_title":"Privacy Policy - Vela e arrampicata in Mediterraneo","og_description":"Condizioni generali di utilizzo (CGU) Informativa sulla privacy - RGPD \/ GDPR Informazioni per gli utenti di vertigoblue.fr e voile-escalade.com sulle nostre condizioni d'uso e le disposizioni relative al regolamento RGPD. Definizioni e terminologia Il sito: Il sito web vertigoblue.fr e voile-escalade.com accessibile all'URL https:\/\/vertigoblue.fr e voile-escalade.com citato in questo documento come \"il sito\" o [&hellip;]","og_url":"https:\/\/voile-escalade.com\/vertigoblue\/vela-arrampicata\/privacy-policy\/","og_site_name":"Vela e arrampicata in Mediterraneo","article_modified_time":"2020-05-10T12:02:18+00:00","twitter_card":"summary_large_image","twitter_misc":{"Tempo di lettura stimato":"14 minuti"},"schema":{"@context":"https:\/\/schema.org","@graph":[{"@type":"WebPage","@id":"https:\/\/voile-escalade.com\/vertigoblue\/vela-arrampicata\/privacy-policy\/","url":"https:\/\/voile-escalade.com\/vertigoblue\/vela-arrampicata\/privacy-policy\/","name":"Privacy Policy - Vela e arrampicata in Mediterraneo","isPartOf":{"@id":"https:\/\/voile-escalade.com\/vertigoblue\/vela-arrampicata\/#website"},"datePublished":"2019-11-11T13:40:06+00:00","dateModified":"2020-05-10T12:02:18+00:00","breadcrumb":{"@id":"https:\/\/voile-escalade.com\/vertigoblue\/vela-arrampicata\/privacy-policy\/#breadcrumb"},"inLanguage":"it-IT","potentialAction":[{"@type":"ReadAction","target":["https:\/\/voile-escalade.com\/vertigoblue\/vela-arrampicata\/privacy-policy\/"]}]},{"@type":"BreadcrumbList","@id":"https:\/\/voile-escalade.com\/vertigoblue\/vela-arrampicata\/privacy-policy\/#breadcrumb","itemListElement":[{"@type":"ListItem","position":1,"name":"Accueil","item":"https:\/\/voile-escalade.com\/vertigoblue\/vela-arrampicata\/"},{"@type":"ListItem","position":2,"name":"Privacy Policy"}]},{"@type":"WebSite","@id":"https:\/\/voile-escalade.com\/vertigoblue\/vela-arrampicata\/#website","url":"https:\/\/voile-escalade.com\/vertigoblue\/vela-arrampicata\/","name":"Vela e arrampicata in Mediterraneo","description":"Viaggi sportivi vela e arrampicata","potentialAction":[{"@type":"SearchAction","target":{"@type":"EntryPoint","urlTemplate":"https:\/\/voile-escalade.com\/vertigoblue\/vela-arrampicata\/?s={search_term_string}"},"query-input":"required name=search_term_string"}],"inLanguage":"it-IT"}]}},"_links":{"self":[{"href":"https:\/\/voile-escalade.com\/vertigoblue\/vela-arrampicata\/wp-json\/wp\/v2\/pages\/3"}],"collection":[{"href":"https:\/\/voile-escalade.com\/vertigoblue\/vela-arrampicata\/wp-json\/wp\/v2\/pages"}],"about":[{"href":"https:\/\/voile-escalade.com\/vertigoblue\/vela-arrampicata\/wp-json\/wp\/v2\/types\/page"}],"author":[{"embeddable":true,"href":"https:\/\/voile-escalade.com\/vertigoblue\/vela-arrampicata\/wp-json\/wp\/v2\/users\/1"}],"replies":[{"embeddable":true,"href":"https:\/\/voile-escalade.com\/vertigoblue\/vela-arrampicata\/wp-json\/wp\/v2\/comments?post=3"}],"version-history":[{"count":8,"href":"https:\/\/voile-escalade.com\/vertigoblue\/vela-arrampicata\/wp-json\/wp\/v2\/pages\/3\/revisions"}],"predecessor-version":[{"id":461,"href":"https:\/\/voile-escalade.com\/vertigoblue\/vela-arrampicata\/wp-json\/wp\/v2\/pages\/3\/revisions\/461"}],"wp:attachment":[{"href":"https:\/\/voile-escalade.com\/vertigoblue\/vela-arrampicata\/wp-json\/wp\/v2\/media?parent=3"}],"curies":[{"name":"wp","href":"https:\/\/api.w.org\/{rel}","templated":true}]}}