{"id":1478,"date":"2022-07-02T11:55:23","date_gmt":"2022-07-02T09:55:23","guid":{"rendered":"https:\/\/voile-escalade.com\/vertigoblue\/vela-arrampicata\/?page_id=1478"},"modified":"2022-12-30T16:46:18","modified_gmt":"2022-12-30T15:46:18","slug":"grecia-vela-e-arrampicata","status":"publish","type":"page","link":"https:\/\/voile-escalade.com\/vertigoblue\/vela-arrampicata\/grecia-vela-e-arrampicata\/","title":{"rendered":"Grecia Vela e Arrampicata"},"content":{"rendered":"<p>[et_pb_section fb_built=&#8221;1&#8243; fullwidth=&#8221;on&#8221; _builder_version=&#8221;4.3.4&#8243;][et_pb_fullwidth_header title=&#8221;Grecia &#8211; Vela &#038; Arrampicata&#8221; subhead=&#8221;Marzo\/Aprile e Ottobre\/Novembre&#8221; text_orientation=&#8221;center&#8221; button_one_url=&#8221;#destinations-corse&#8221; button_two_url=&#8221;#destinationseurope&#8221; _builder_version=&#8221;4.3.4&#8243; title_font=&#8221;|700|||||||&#8221; subhead_font_size=&#8221;22px&#8221; background_enable_color=&#8221;off&#8221; background_image=&#8221;https:\/\/voile-escalade.com\/vertigoblue\/vela-arrampicata\/wp-content\/uploads\/sites\/3\/2022\/05\/Leonidio-baie-2.jpg&#8221;][\/et_pb_fullwidth_header][\/et_pb_section][et_pb_section fb_built=&#8221;1&#8243; custom_padding_last_edited=&#8221;on|tablet&#8221; admin_label=&#8221;Image sejour gr\u00e9ce voile escalade&#8221; _builder_version=&#8221;4.3.4&#8243; custom_padding=&#8221;59px||29px|||&#8221; custom_padding_tablet=&#8221;60px|||&#8221; custom_padding_phone=&#8221;&#8221;][et_pb_row column_structure=&#8221;1_2,1_2&#8243; _builder_version=&#8221;4.3.4&#8243;][et_pb_column type=&#8221;1_2&#8243; _builder_version=&#8221;4.3.4&#8243;][et_pb_image src=&#8221;https:\/\/voile-escalade.com\/vertigoblue\/vela-arrampicata\/wp-content\/uploads\/sites\/3\/2022\/05\/ancelin-falaise.jpg&#8221; align=&#8221;right&#8221; _builder_version=&#8221;4.3.4&#8243;][\/et_pb_image][\/et_pb_column][et_pb_column type=&#8221;1_2&#8243; _builder_version=&#8221;4.3.4&#8243;][et_pb_image src=&#8221;https:\/\/voile-escalade.com\/vertigoblue\/vela-arrampicata\/wp-content\/uploads\/sites\/3\/2022\/05\/nav-grece.jpg&#8221; _builder_version=&#8221;4.3.4&#8243;][\/et_pb_image][\/et_pb_column][\/et_pb_row][\/et_pb_section][et_pb_section fb_built=&#8221;1&#8243; custom_padding_last_edited=&#8221;on|tablet&#8221; admin_label=&#8221;Gr\u00e9ce Voile Escalade d\u00e9tails &#8221; module_id=&#8221;destinationseurope&#8221; module_class=&#8221;dc_inverser_colonnes-section&#8221; _builder_version=&#8221;4.3.4&#8243; custom_padding=&#8221;59px||29px|||&#8221; custom_padding_tablet=&#8221;60px|||&#8221; custom_padding_phone=&#8221;&#8221;][et_pb_row column_structure=&#8221;1_2,1_2&#8243; admin_label=&#8221;programme&#8221; module_id=&#8221;destinationssardaigne&#8221; _builder_version=&#8221;4.3.4&#8243; background_size=&#8221;initial&#8221; background_position=&#8221;top_left&#8221; background_repeat=&#8221;repeat&#8221; module_alignment=&#8221;center&#8221;][et_pb_column type=&#8221;1_2&#8243; _builder_version=&#8221;4.3.4&#8243; custom_padding=&#8221;|||&#8221; custom_padding__hover=&#8221;|||&#8221;][et_pb_text admin_label=&#8221;Titre programme&#8221; _builder_version=&#8221;4.3.4&#8243; text_font=&#8221;||||&#8221; text_text_color=&#8221;#1a1a1a&#8221; header_font=&#8221;Oswald|on||on|&#8221; header_text_align=&#8221;left&#8221; header_font_size=&#8221;44px&#8221; header_line_height=&#8221;1.3em&#8221; background_size=&#8221;initial&#8221; background_position=&#8221;top_left&#8221; background_repeat=&#8221;repeat&#8221; max_width=&#8221;450px&#8221; custom_margin=&#8221;|||&#8221; custom_padding=&#8221;|||&#8221; animation_style=&#8221;slide&#8221; animation_direction=&#8221;top&#8221; animation_intensity_slide=&#8221;10%&#8221; header_font_size_tablet=&#8221;39px&#8221; header_font_size_phone=&#8221;35px&#8221; header_font_size_last_edited=&#8221;on|phone&#8221; locked=&#8221;off&#8221;]<\/p>\n<h1>Programma<\/h1>\n<p>[\/et_pb_text][et_pb_divider color=&#8221;#0c71c3&#8243; divider_position=&#8221;center&#8221; divider_weight=&#8221;3px&#8221; disabled_on=&#8221;off|off|off%22&#8243; admin_label=&#8221;S\u00e9parateur&#8221; _builder_version=&#8221;4.3.4&#8243; max_width=&#8221;150px&#8221; height=&#8221;false&#8221; custom_margin=&#8221;30px|||&#8221; animation_style=&#8221;slide&#8221; animation_direction=&#8221;top&#8221; animation_delay=&#8221;100ms&#8221; animation_intensity_slide=&#8221;10%&#8221; locked=&#8221;off&#8221;][\/et_pb_divider][et_pb_text admin_label=&#8221;Texte programme &#8221; _builder_version=&#8221;4.3.4&#8243; text_font=&#8221;Roboto|300|||||||&#8221; text_font_size=&#8221;16px&#8221; text_line_height=&#8221;1.9em&#8221; background_size=&#8221;initial&#8221; background_position=&#8221;top_left&#8221; background_repeat=&#8221;repeat&#8221; max_width=&#8221;450px&#8221; custom_margin=&#8221;17px||2px|||&#8221; custom_padding=&#8221;||0px|||&#8221; animation_style=&#8221;slide&#8221; animation_direction=&#8221;top&#8221; animation_delay=&#8221;400ms&#8221; animation_intensity_slide=&#8221;4%&#8221; locked=&#8221;off&#8221;]<\/p>\n<p><strong>Salpate con noi verso la costa orientale del Peloponneso<\/strong> e scoprite il <strong>Golfo Argolico<\/strong> in modo sportivo: sia dal mare, imparando a veleggiare o perfezionando le vostre abilit\u00e0 veliche su di un Oceanis 390, sia da terra, scoprendo le <strong>migliori falesie<\/strong> <strong>lungocosta<\/strong> e arrampicando in mezzo alla natura.<\/p>\n<p>In un piccoli gruppi, seguiti da guide appassionate, ci si imbarca verso le migliori falesie della zona a seconda del vento e del tempo.<\/p>\n<p>Per tutta la durata del soggiorno, si vive a bordo. Il programma alterna giornate di navigazione a sessioni di arrampicata.<\/p>\n<p>Aperto a tutti, questo soggiorno si rivolge a un pubblico sportivo e dinamico che gi\u00e0 pratica la vela e\/o l&#8217;arrampicata o a chi vuole solo imparare!<\/p>\n<p>Tutte le attivit\u00e0 sono seguite da istruttori qualificati.<\/p>\n<p>Per partecipare a questo corso \u00e8 necessaria una buona condizione fisica.<\/p>\n<p>&nbsp;<\/p>\n<p>[\/et_pb_text][\/et_pb_column][et_pb_column type=&#8221;1_2&#8243; _builder_version=&#8221;4.3.4&#8243;][et_pb_text admin_label=&#8221;Texte infos cl\u00e9s&#8221; _builder_version=&#8221;4.3.4&#8243; background_color=&#8221;#6fc8ce&#8221; custom_padding=&#8221;||0px|21px||&#8221;]<\/p>\n<h4>\u00a0<\/h4>\n<h4 style=\"text-align: center;\"><span style=\"text-decoration: underline;\"><strong>Informazioni importanti<br \/><\/strong><\/span><\/h4>\n<ul>\n<li style=\"text-align: left;\">\n<h5>Soggiorni di 7 giorni<\/h5>\n<\/li>\n<li style=\"text-align: left;\">\n<h5>1525\u20ac a persona (cibo incluso)<\/h5>\n<\/li>\n<li style=\"text-align: left;\">\n<h5>Livello di navigazione: da principiante ad avanzato \/ ritmo moderato<\/h5>\n<\/li>\n<li>\n<h5><strong>Livello di arrampicata preferibile:<\/strong><br \/><strong>essere in grado di aprire da primo e assicurare<\/strong><\/h5>\n<\/li>\n<li style=\"text-align: left;\">\n<h5>Gruppo da 4 a 6 persone max<\/h5>\n<\/li>\n<li style=\"text-align: left;\">\n<h5>Alloggio a bordo della barca a vela, in cabina condivisa<\/h5>\n<\/li>\n<li style=\"text-align: left;\">\n<h5>Pasti preparati a bordo<\/h5>\n<\/li>\n<\/ul>\n<p>[\/et_pb_text][et_pb_text admin_label=&#8221;Texte terrain de jeu&#8221; _builder_version=&#8221;4.3.4&#8243; background_color=&#8221;#6fc8ce&#8221; custom_padding=&#8221;|19px|0px|21px||&#8221;]<\/p>\n<h4>\u00a0<\/h4>\n<h4 style=\"text-align: center;\"><span style=\"text-decoration: underline;\"><strong>Il Terreno di gioco<br \/><\/strong><\/span><\/h4>\n<p style=\"text-align: center;\"><strong>Il Golfo Argolico<br \/><\/strong><\/p>\n<ul>\n<li style=\"text-align: left;\">\n<h5>Porto di partenza: Nafplio<\/h5>\n<\/li>\n<li style=\"text-align: left;\">\n<h5>Le immense falesie di Leonidio<\/h5>\n<\/li>\n<li style=\"text-align: left;\">\n<h5>Le baie di Karathona, Tolo e Kondili beach<\/h5>\n<\/li>\n<li style=\"text-align: left;\">\n<h5>Kiparissi<\/h5>\n<\/li>\n<\/ul>\n<p>[\/et_pb_text][et_pb_button button_url=&#8221;https:\/\/voile-escalade.com\/vertigoblue\/vela-arrampicata\/contatti\/&#8221; url_new_window=&#8221;on&#8221; button_text=&#8221;Info &#038; prenotazioni&#8221; button_alignment=&#8221;center&#8221; admin_label=&#8221;Bouton reserver option&#8221; _builder_version=&#8221;4.3.4&#8243;][\/et_pb_button][et_pb_button button_url=&#8221;https:\/\/voile-escalade.com\/vertigoblue\/vela-arrampicata\/prossime-partenze\/&#8221; url_new_window=&#8221;on&#8221; button_text=&#8221;Date &#038; Tariffe&#8221; button_alignment=&#8221;center&#8221; admin_label=&#8221;Bouton prochain depart&#8221; _builder_version=&#8221;4.3.4&#8243; locked=&#8221;off&#8221;][\/et_pb_button][\/et_pb_column][\/et_pb_row][et_pb_row _builder_version=&#8221;4.3.4&#8243;][et_pb_column type=&#8221;4_4&#8243; _builder_version=&#8221;4.3.4&#8243;][et_pb_image src=&#8221;https:\/\/voile-escalade.com\/vertigoblue\/vela-arrampicata\/wp-content\/uploads\/sites\/3\/2022\/05\/Ancelin-Douvari.jpg&#8221; _builder_version=&#8221;4.3.4&#8243;][\/et_pb_image][\/et_pb_column][\/et_pb_row][et_pb_row column_structure=&#8221;1_2,1_2&#8243; disabled_on=&#8221;off|off|off&#8221; admin_label=&#8221;Itineraire titre&#8221; module_id=&#8221;#destinations-sicile&#8221; module_class=&#8221;dc_inverser_colonnes-ligne&#8221; _builder_version=&#8221;4.3.4&#8243; background_size=&#8221;initial&#8221; background_position=&#8221;top_left&#8221; background_repeat=&#8221;repeat&#8221; module_alignment=&#8221;center&#8221;][et_pb_column type=&#8221;1_2&#8243; _builder_version=&#8221;4.3.4&#8243; custom_padding=&#8221;|||&#8221; custom_padding__hover=&#8221;|||&#8221;][et_pb_text admin_label=&#8221;titre itin\u00e9raire&#8221; _builder_version=&#8221;4.3.4&#8243; text_font=&#8221;||||&#8221; text_text_color=&#8221;#1a1a1a&#8221; header_font=&#8221;Oswald|on||on|&#8221; header_text_align=&#8221;left&#8221; header_font_size=&#8221;44px&#8221; header_line_height=&#8221;1.3em&#8221; background_size=&#8221;initial&#8221; background_position=&#8221;top_left&#8221; background_repeat=&#8221;repeat&#8221; max_width=&#8221;450px&#8221; custom_margin=&#8221;|||&#8221; custom_padding=&#8221;|||&#8221; animation_style=&#8221;slide&#8221; animation_direction=&#8221;top&#8221; animation_intensity_slide=&#8221;10%&#8221; header_font_size_tablet=&#8221;39px&#8221; header_font_size_phone=&#8221;35px&#8221; header_font_size_last_edited=&#8221;on|phone&#8221; locked=&#8221;off&#8221;]<\/p>\n<h1>L&#8217;itinerario<\/h1>\n<p>[\/et_pb_text][et_pb_divider color=&#8221;#0c71c3&#8243; divider_position=&#8221;center&#8221; divider_weight=&#8221;3px&#8221; disabled_on=&#8221;off|off|off%22&#8243; admin_label=&#8221;S\u00e9parateur&#8221; _builder_version=&#8221;4.3.4&#8243; max_width=&#8221;150px&#8221; height=&#8221;false&#8221; custom_margin=&#8221;30px|||&#8221; animation_style=&#8221;slide&#8221; animation_direction=&#8221;top&#8221; animation_delay=&#8221;100ms&#8221; animation_intensity_slide=&#8221;10%&#8221; locked=&#8221;off&#8221;][\/et_pb_divider][\/et_pb_column][et_pb_column type=&#8221;1_2&#8243; _builder_version=&#8221;4.3.4&#8243;][\/et_pb_column][\/et_pb_row][et_pb_row _builder_version=&#8221;4.3.4&#8243; width=&#8221;100%&#8221;][et_pb_column type=&#8221;4_4&#8243; _builder_version=&#8221;4.3.4&#8243;][et_pb_text admin_label=&#8221;Texte itin\u00e9raire&#8221; _builder_version=&#8221;4.3.4&#8243; text_font=&#8221;Roboto|300|||||||&#8221; text_font_size=&#8221;16px&#8221;]<\/p>\n<p>Il <strong>Golfo Argolic<\/strong>o \u00e8 un terreno di gioco particolarmente adatto per combinare la vela e l&#8217;arrampicata, con molte falesie disseminate lungo la costa orientale e occidentale. Quest&#8217;ultima offre uno dei maggiori spot di arrampicata della Grecia,<strong> Leonidio<\/strong>. Migliaia di vie ben attrezzate vi aspettano.<\/p>\n<p>La zona di navigazione da <strong>Nafplio<\/strong> porta alla bellissima baia di <strong>Karathona<\/strong> sul lato est, con varie falesie circostanti, e al tranquillo golfo di <strong>Vivari<\/strong>, con la piccola scogliera della <strong>spiaggia di Kondili<\/strong>, che si trova letteralmente sulla spiaggia.<br \/>A ovest, ci aspettano le innumerevoli falesie di <strong>Leonidio<\/strong> e <strong>Kiparissi<\/strong>, a breve distanza da piccoli porti di pescatori o ancoraggi con paesaggi straordinari.<\/p>\n<p>Le giornate a bordo della barca sono dedicate all&#8217;apprendimento delle <strong>manovre<\/strong> e della <strong>navigazione<\/strong>.<\/p>\n<p>Durante le soste, la diversit\u00e0 e la<strong> grande qualit\u00e0 delle falesie<\/strong> (spesso quasi troppo aderenti!) aprono molteplici prospettive di arrampicata, per tutti i livelli.<\/p>\n<p>[\/et_pb_text][\/et_pb_column][\/et_pb_row][et_pb_row column_structure=&#8221;1_2,1_2&#8243; disabled_on=&#8221;off|off|off&#8221; admin_label=&#8221;Au jour le jour titre&#8221; module_id=&#8221;#destinations-sicile&#8221; module_class=&#8221;dc_inverser_colonnes-ligne&#8221; _builder_version=&#8221;4.3.4&#8243; background_size=&#8221;initial&#8221; background_position=&#8221;top_left&#8221; background_repeat=&#8221;repeat&#8221; module_alignment=&#8221;center&#8221; locked=&#8221;off&#8221;][et_pb_column type=&#8221;1_2&#8243; _builder_version=&#8221;4.3.4&#8243; custom_padding=&#8221;|||&#8221; custom_padding__hover=&#8221;|||&#8221;][et_pb_text admin_label=&#8221;titre au jour le jour&#8221; _builder_version=&#8221;4.3.4&#8243; text_font=&#8221;||||&#8221; text_text_color=&#8221;#1a1a1a&#8221; header_font=&#8221;Oswald|on||on|&#8221; header_text_align=&#8221;left&#8221; header_font_size=&#8221;44px&#8221; header_line_height=&#8221;1.3em&#8221; background_size=&#8221;initial&#8221; background_position=&#8221;top_left&#8221; background_repeat=&#8221;repeat&#8221; max_width=&#8221;450px&#8221; custom_margin=&#8221;|||&#8221; custom_padding=&#8221;|||&#8221; animation_style=&#8221;slide&#8221; animation_direction=&#8221;top&#8221; animation_intensity_slide=&#8221;10%&#8221; header_font_size_tablet=&#8221;39px&#8221; header_font_size_phone=&#8221;35px&#8221; header_font_size_last_edited=&#8221;on|phone&#8221; locked=&#8221;off&#8221;]<\/p>\n<h1>Giorno per Giorno<\/h1>\n<p>[\/et_pb_text][et_pb_divider color=&#8221;#0c71c3&#8243; divider_position=&#8221;center&#8221; divider_weight=&#8221;3px&#8221; disabled_on=&#8221;off|off|off%22&#8243; admin_label=&#8221;S\u00e9parateur&#8221; _builder_version=&#8221;4.3.4&#8243; max_width=&#8221;150px&#8221; height=&#8221;false&#8221; custom_margin=&#8221;30px|||&#8221; animation_style=&#8221;slide&#8221; animation_direction=&#8221;top&#8221; animation_delay=&#8221;100ms&#8221; animation_intensity_slide=&#8221;10%&#8221; locked=&#8221;off&#8221;][\/et_pb_divider][\/et_pb_column][et_pb_column type=&#8221;1_2&#8243; _builder_version=&#8221;4.3.4&#8243;][\/et_pb_column][\/et_pb_row][et_pb_row _builder_version=&#8221;4.3.4&#8243; width=&#8221;100%&#8221;][et_pb_column type=&#8221;4_4&#8243; _builder_version=&#8221;4.3.4&#8243;][et_pb_text admin_label=&#8221;Texte au jour le jour&#8221; _builder_version=&#8221;4.3.4&#8243; text_font=&#8221;Roboto|300|||||||&#8221; text_font_size=&#8221;16px&#8221;]<\/p>\n<div class=\"et_pb_column et_pb_column_4_4 et_pb_column_10  et_pb_css_mix_blend_mode_passthrough et-last-child\">\n<div class=\"et_pb_module et_pb_text et_pb_text_7  et_pb_text_align_left et_pb_bg_layout_light\">\n<div class=\"et_pb_text_inner\">\n<p><strong>Le giornate iniziano intorno alle 9 di mattina e finiscono circa alle 18<\/strong>.<br \/>In navigazione come in falesia, il tempo sar\u00e0 consacrato, in primis, alla pratica sportiva senza per questo trascurare apporti teorici essenziali per una migliore progressione tecnica.<\/p>\n<p><strong>Il programma pedagogico \u00e8 costruito da Andrea all\u2019inizio del soggiorno in funzione delle previsioni metereologiche nonch\u00e9 del livello e delle aspettative dell\u2019equipaggio<\/strong>.<\/p>\n<p>I partecipanti verranno accolti a bordo <strong>la vigilia della partenza<\/strong> nel tardo pomeriggio, la prima serata dar\u00e0 l\u2019occasione di rompere il ghiaccio a organizzare i giorni a seguire e prendere conoscenza del materiale.<\/p>\n<p><strong>I primi due giorni<\/strong> saranno consacrati alla scoperta o ripresa dell\u2019arrampicata o dedicati a familiarizzarsi con la barca e a valutare il livello e le aspettative di ciascuno dei partecipanti.<\/p>\n<p><strong>Dal terzo giorno in poi<\/strong> si alterneranno sessioni di navigazione e di arrampicata.<\/p>\n<p>Le navigazioni previste saranno perlopi\u00f9 alla giornata con l\u2019obbiettivo di dare ancora o rientrare in porto prima che faccia buio.<\/p>\n<p>Per le giornate di arrampicata sar\u00e0 previsto un pic-nic sotto le vie. Per raggiungere le falesie saranno in generale necessari dai 30 minuti all\u2019ora di marcia.<\/p>\n<p>L\u2019ultimo giorno sar\u00e0 dedicato al riordino della barca e alle partenze.<\/p>\n<\/div>\n<\/div>\n<\/div>\n<p>[\/et_pb_text][\/et_pb_column][\/et_pb_row][et_pb_row column_structure=&#8221;1_2,1_2&#8243; admin_label=&#8221;titre equipe&#8221; module_id=&#8221;destinationssicile&#8221; module_class=&#8221;dc_inverser_colonnes-ligne&#8221; _builder_version=&#8221;4.3.4&#8243; background_size=&#8221;initial&#8221; background_position=&#8221;top_left&#8221; background_repeat=&#8221;repeat&#8221; module_alignment=&#8221;center&#8221;][et_pb_column type=&#8221;1_2&#8243; _builder_version=&#8221;4.3.4&#8243; custom_padding=&#8221;|||&#8221; custom_padding__hover=&#8221;|||&#8221;][et_pb_text admin_label=&#8221;Titre equipe&#8221; _builder_version=&#8221;4.3.4&#8243; text_font=&#8221;||||&#8221; text_text_color=&#8221;#1a1a1a&#8221; header_font=&#8221;Oswald|on||on|&#8221; header_text_align=&#8221;left&#8221; header_font_size=&#8221;44px&#8221; header_line_height=&#8221;1.3em&#8221; background_size=&#8221;initial&#8221; background_position=&#8221;top_left&#8221; background_repeat=&#8221;repeat&#8221; max_width=&#8221;450px&#8221; custom_margin=&#8221;|||&#8221; custom_padding=&#8221;|||&#8221; animation_style=&#8221;slide&#8221; animation_direction=&#8221;top&#8221; animation_intensity_slide=&#8221;10%&#8221; header_font_size_tablet=&#8221;39px&#8221; header_font_size_phone=&#8221;35px&#8221; header_font_size_last_edited=&#8221;on|phone&#8221; locked=&#8221;off&#8221;]<\/p>\n<h1>L&#8217;Equipe<\/h1>\n<p>[\/et_pb_text][et_pb_divider color=&#8221;#0c71c3&#8243; divider_position=&#8221;center&#8221; divider_weight=&#8221;3px&#8221; disabled_on=&#8221;off|off|off%22&#8243; admin_label=&#8221;S\u00e9parateur&#8221; _builder_version=&#8221;4.3.4&#8243; max_width=&#8221;150px&#8221; height=&#8221;false&#8221; custom_margin=&#8221;30px|||&#8221; animation_style=&#8221;slide&#8221; animation_direction=&#8221;top&#8221; animation_delay=&#8221;100ms&#8221; animation_intensity_slide=&#8221;10%&#8221; locked=&#8221;off&#8221;][\/et_pb_divider][\/et_pb_column][et_pb_column type=&#8221;1_2&#8243; _builder_version=&#8221;4.3.4&#8243;][\/et_pb_column][\/et_pb_row][et_pb_row column_structure=&#8221;1_2,1_2&#8243; admin_label=&#8221;equipe andrea et sarah&#8221; module_id=&#8221;destinationscorse&#8221; _builder_version=&#8221;4.3.4&#8243; background_size=&#8221;initial&#8221; background_position=&#8221;top_left&#8221; background_repeat=&#8221;repeat&#8221; module_alignment=&#8221;center&#8221;][et_pb_column type=&#8221;1_2&#8243; _builder_version=&#8221;4.3.4&#8243; custom_padding=&#8221;|||&#8221; custom_padding__hover=&#8221;|||&#8221;][et_pb_image src=&#8221;https:\/\/voile-escalade.com\/vertigoblue\/vela-arrampicata\/wp-content\/uploads\/sites\/3\/2021\/01\/grande-voie-calanques-de-marseille.jpg&#8221; _builder_version=&#8221;4.3.4&#8243;][\/et_pb_image][\/et_pb_column][et_pb_column type=&#8221;1_2&#8243; _builder_version=&#8221;4.3.4&#8243;][et_pb_text _builder_version=&#8221;4.3.4&#8243;]<\/p>\n<div class=\"et_pb_module et_pb_text et_pb_text_9  et_pb_text_align_left et_pb_bg_layout_light\">\n<div class=\"et_pb_text_inner\">\n<h2><strong>Andrea e Sarah<\/strong><\/h2>\n<h2><strong>Formatore e istruttrice di vela<\/strong><\/h2>\n<\/div>\n<\/div>\n<p>[\/et_pb_text][et_pb_text admin_label=&#8221;Texte equipe &#8221; _builder_version=&#8221;4.3.4&#8243; text_font=&#8221;Roboto|300|||||||&#8221; text_font_size=&#8221;16px&#8221; text_line_height=&#8221;1.9em&#8221; background_size=&#8221;initial&#8221; background_position=&#8221;top_left&#8221; background_repeat=&#8221;repeat&#8221; max_width=&#8221;450px&#8221; custom_margin=&#8221;17px||2px|||&#8221; custom_padding=&#8221;||0px|||&#8221; animation_style=&#8221;slide&#8221; animation_direction=&#8221;top&#8221; animation_delay=&#8221;400ms&#8221; animation_intensity_slide=&#8221;4%&#8221; locked=&#8221;off&#8221;]<\/p>\n<p>Originario di Ancona, Andrea si \u00e8 formato alla vela nel Mediterraneo, inizialmente sulle coste spagnole e poi principalente in Corsica e Sardegna. <strong>Dal 2014 ha tenuto pi\u00f9 di sessanta corsi di vela in crociera tra Francia, Italia e Croazia<\/strong>. Inoltre ha formato vari istruttori alla pratica e all\u2019insegnamento della vela.<\/p>\n<p>Sarah \u00e8 <strong>Istruttrice di vela<\/strong> dal 2017.<br \/>Si \u00e8 formata e ha insegnato a Bonifacio, in Corsica, dove \u00e8 rimasta poi come assistente amministrativa presso la stessa scuola di vela per due anni.<\/p>\n<p>&nbsp;<\/p>\n<p>&nbsp;<\/p>\n<p>[\/et_pb_text][\/et_pb_column][\/et_pb_row][et_pb_row column_structure=&#8221;1_2,1_2&#8243; admin_label=&#8221;equipe Simon Montmory&#8221; module_id=&#8221;destinationscorse&#8221; module_class=&#8221;dc_inverser_colonnes-ligne&#8221; _builder_version=&#8221;4.3.4&#8243; background_size=&#8221;initial&#8221; background_position=&#8221;top_left&#8221; background_repeat=&#8221;repeat&#8221; module_alignment=&#8221;center&#8221;][et_pb_column type=&#8221;1_2&#8243; _builder_version=&#8221;4.3.4&#8243; custom_padding=&#8221;|||&#8221; custom_padding__hover=&#8221;|||&#8221;][et_pb_text _builder_version=&#8221;4.3.4&#8243;]<\/p>\n<h2><strong>Simon<\/strong><\/h2>\n<h2><strong>Istruttore di arrampicata<br \/><\/strong><\/h2>\n<p>[\/et_pb_text][et_pb_text admin_label=&#8221;Texte equipe &#8221; _builder_version=&#8221;4.3.4&#8243; text_font=&#8221;Roboto|300|||||||&#8221; text_font_size=&#8221;16px&#8221; text_line_height=&#8221;1.9em&#8221; background_size=&#8221;initial&#8221; background_position=&#8221;top_left&#8221; background_repeat=&#8221;repeat&#8221; max_width=&#8221;450px&#8221; custom_margin=&#8221;17px||2px|||&#8221; custom_padding=&#8221;||0px|||&#8221; animation_style=&#8221;slide&#8221; animation_direction=&#8221;top&#8221; animation_delay=&#8221;400ms&#8221; animation_intensity_slide=&#8221;4%&#8221; locked=&#8221;off&#8221;]<\/p>\n<p>Simon \u00e8 istruttore qualificato in Francia dal 2005 (BEES climbing-canyoning). Dopo anni di alpinismo a Chamonix, Simon si \u00e8 dedicato all&#8217;arrampicata sportiva e ne ha fatto il suo stile di vita. Il suo desiderio di libert\u00e0 e la sua costante ricerca delle linee pi\u00f9 belle da scalare lo hanno portato in Cina, Francia, Italia, Spagna, Canada e Svizzera.<br \/>Appena arrivato in Grecia, Simon ha capito di aver trovato il posto perfetto per vivere la sua passione di arrampicatore.<br \/>Ogni anno condivide la sua passione con scalatori di tutto il mondo che vengono a beneficiare della sua esperienza. Simon li aiuta a progredire divertendosi sulle pi\u00f9 belle linee di arrampicata greche.<\/p>\n<p>[\/et_pb_text][\/et_pb_column][et_pb_column type=&#8221;1_2&#8243; _builder_version=&#8221;4.3.4&#8243;][et_pb_image src=&#8221;https:\/\/voile-escalade.com\/vertigoblue\/vela-arrampicata\/wp-content\/uploads\/sites\/3\/2022\/05\/Simon-Montmory-11.19.jpg&#8221; _builder_version=&#8221;4.3.4&#8243;][\/et_pb_image][\/et_pb_column][\/et_pb_row][et_pb_row column_structure=&#8221;1_2,1_2&#8243; _builder_version=&#8221;4.3.4&#8243; locked=&#8221;off&#8221;][et_pb_column type=&#8221;1_2&#8243; _builder_version=&#8221;4.3.4&#8243;][et_pb_button button_url=&#8221;https:\/\/voile-escalade.com\/vertigoblue\/vela-arrampicata\/contatti\/&#8221; url_new_window=&#8221;on&#8221; button_text=&#8221;Info &#038; prenotazioni&#8221; button_alignment=&#8221;center&#8221; admin_label=&#8221;Bouton reserver&#8221; _builder_version=&#8221;4.3.4&#8243;][\/et_pb_button][\/et_pb_column][et_pb_column type=&#8221;1_2&#8243; _builder_version=&#8221;4.3.4&#8243;][et_pb_button button_url=&#8221;https:\/\/voile-escalade.com\/vertigoblue\/vela-arrampicata\/prossime-partenze\/&#8221; url_new_window=&#8221;on&#8221; button_text=&#8221;Date &#038; Tariffe&#8221; button_alignment=&#8221;center&#8221; admin_label=&#8221;Bouton prochain depart&#8221; _builder_version=&#8221;4.3.4&#8243; hover_enabled=&#8221;0&#8243;][\/et_pb_button][\/et_pb_column][\/et_pb_row][et_pb_row column_structure=&#8221;1_2,1_2&#8243; disabled_on=&#8221;on|on|on&#8221; admin_label=&#8221;Informations pratiques&#8221; module_id=&#8221;#destinations-sicile&#8221; module_class=&#8221;dc_inverser_colonnes-ligne&#8221; _builder_version=&#8221;4.3.4&#8243; background_size=&#8221;initial&#8221; background_position=&#8221;top_left&#8221; background_repeat=&#8221;repeat&#8221; module_alignment=&#8221;center&#8221; disabled=&#8221;on&#8221;][et_pb_column type=&#8221;1_2&#8243; _builder_version=&#8221;4.3.4&#8243; custom_padding=&#8221;|||&#8221; custom_padding__hover=&#8221;|||&#8221;][et_pb_text admin_label=&#8221;titre autres destinations&#8221; _builder_version=&#8221;4.3.4&#8243; text_font=&#8221;||||&#8221; text_text_color=&#8221;#1a1a1a&#8221; header_font=&#8221;Oswald|on||on|&#8221; header_text_align=&#8221;left&#8221; header_font_size=&#8221;44px&#8221; header_line_height=&#8221;1.3em&#8221; background_size=&#8221;initial&#8221; background_position=&#8221;top_left&#8221; background_repeat=&#8221;repeat&#8221; max_width=&#8221;450px&#8221; custom_margin=&#8221;|||&#8221; custom_padding=&#8221;|||&#8221; animation_style=&#8221;slide&#8221; animation_direction=&#8221;top&#8221; animation_intensity_slide=&#8221;10%&#8221; header_font_size_tablet=&#8221;39px&#8221; header_font_size_phone=&#8221;35px&#8221; header_font_size_last_edited=&#8221;on|phone&#8221; locked=&#8221;off&#8221;]<\/p>\n<h1>Informations pratiques<\/h1>\n<p>[\/et_pb_text][et_pb_divider color=&#8221;#0c71c3&#8243; divider_position=&#8221;center&#8221; divider_weight=&#8221;3px&#8221; disabled_on=&#8221;off|off|off%22&#8243; admin_label=&#8221;S\u00e9parateur&#8221; _builder_version=&#8221;4.3.4&#8243; max_width=&#8221;150px&#8221; height=&#8221;false&#8221; custom_margin=&#8221;30px|||&#8221; animation_style=&#8221;slide&#8221; animation_direction=&#8221;top&#8221; animation_delay=&#8221;100ms&#8221; animation_intensity_slide=&#8221;10%&#8221; locked=&#8221;off&#8221;][\/et_pb_divider][\/et_pb_column][et_pb_column type=&#8221;1_2&#8243; _builder_version=&#8221;4.3.4&#8243;][\/et_pb_column][\/et_pb_row][et_pb_row disabled_on=&#8221;on|on|on&#8221; _builder_version=&#8221;4.3.4&#8243; disabled=&#8221;on&#8221;][et_pb_column type=&#8221;4_4&#8243; _builder_version=&#8221;4.3.4&#8243;][et_pb_text _builder_version=&#8221;4.3.4&#8243;][\/et_pb_text][\/et_pb_column][\/et_pb_row][\/et_pb_section]<\/p>\n","protected":false},"excerpt":{"rendered":"<p>ProgrammaSalpate con noi verso la costa orientale del Peloponneso e scoprite il Golfo Argolico in modo sportivo: sia dal mare, imparando a veleggiare o perfezionando le vostre abilit\u00e0 veliche su di un Oceanis 390, sia da terra, scoprendo le migliori falesie lungocosta e arrampicando in mezzo alla natura. In un piccoli gruppi, seguiti da guide [&hellip;]<\/p>\n","protected":false},"author":2,"featured_media":0,"parent":0,"menu_order":0,"comment_status":"closed","ping_status":"closed","template":"","meta":{"_et_pb_use_builder":"on","_et_pb_old_content":"","_et_gb_content_width":""},"yoast_head":"<!-- This site is optimized with the Yoast SEO plugin v20.2.1 - https:\/\/yoast.com\/wordpress\/plugins\/seo\/ -->\n<title>Grecia Vela e Arrampicata - Vela e arrampicata in Mediterraneo<\/title>\n<meta name=\"robots\" content=\"index, follow, max-snippet:-1, max-image-preview:large, max-video-preview:-1\" \/>\n<link rel=\"canonical\" href=\"https:\/\/voile-escalade.com\/vertigoblue\/vela-arrampicata\/grecia-vela-e-arrampicata\/\" \/>\n<meta property=\"og:locale\" content=\"it_IT\" \/>\n<meta property=\"og:type\" content=\"article\" \/>\n<meta property=\"og:title\" content=\"Grecia Vela e Arrampicata - Vela e arrampicata in Mediterraneo\" \/>\n<meta property=\"og:description\" content=\"ProgrammaSalpate con noi verso la costa orientale del Peloponneso e scoprite il Golfo Argolico in modo sportivo: sia dal mare, imparando a veleggiare o perfezionando le vostre abilit\u00e0 veliche su di un Oceanis 390, sia da terra, scoprendo le migliori falesie lungocosta e arrampicando in mezzo alla natura. In un piccoli gruppi, seguiti da guide [&hellip;]\" \/>\n<meta property=\"og:url\" content=\"https:\/\/voile-escalade.com\/vertigoblue\/vela-arrampicata\/grecia-vela-e-arrampicata\/\" \/>\n<meta property=\"og:site_name\" content=\"Vela e arrampicata in Mediterraneo\" \/>\n<meta property=\"article:modified_time\" content=\"2022-12-30T15:46:18+00:00\" \/>\n<meta name=\"twitter:card\" content=\"summary_large_image\" \/>\n<meta name=\"twitter:label1\" content=\"Tempo di lettura stimato\" \/>\n\t<meta name=\"twitter:data1\" content=\"13 minuti\" \/>\n<script type=\"application\/ld+json\" class=\"yoast-schema-graph\">{\"@context\":\"https:\/\/schema.org\",\"@graph\":[{\"@type\":\"WebPage\",\"@id\":\"https:\/\/voile-escalade.com\/vertigoblue\/vela-arrampicata\/grecia-vela-e-arrampicata\/\",\"url\":\"https:\/\/voile-escalade.com\/vertigoblue\/vela-arrampicata\/grecia-vela-e-arrampicata\/\",\"name\":\"Grecia Vela e Arrampicata - Vela e arrampicata in Mediterraneo\",\"isPartOf\":{\"@id\":\"https:\/\/voile-escalade.com\/vertigoblue\/vela-arrampicata\/#website\"},\"datePublished\":\"2022-07-02T09:55:23+00:00\",\"dateModified\":\"2022-12-30T15:46:18+00:00\",\"breadcrumb\":{\"@id\":\"https:\/\/voile-escalade.com\/vertigoblue\/vela-arrampicata\/grecia-vela-e-arrampicata\/#breadcrumb\"},\"inLanguage\":\"it-IT\",\"potentialAction\":[{\"@type\":\"ReadAction\",\"target\":[\"https:\/\/voile-escalade.com\/vertigoblue\/vela-arrampicata\/grecia-vela-e-arrampicata\/\"]}]},{\"@type\":\"BreadcrumbList\",\"@id\":\"https:\/\/voile-escalade.com\/vertigoblue\/vela-arrampicata\/grecia-vela-e-arrampicata\/#breadcrumb\",\"itemListElement\":[{\"@type\":\"ListItem\",\"position\":1,\"name\":\"Accueil\",\"item\":\"https:\/\/voile-escalade.com\/vertigoblue\/vela-arrampicata\/\"},{\"@type\":\"ListItem\",\"position\":2,\"name\":\"Grecia Vela e Arrampicata\"}]},{\"@type\":\"WebSite\",\"@id\":\"https:\/\/voile-escalade.com\/vertigoblue\/vela-arrampicata\/#website\",\"url\":\"https:\/\/voile-escalade.com\/vertigoblue\/vela-arrampicata\/\",\"name\":\"Vela e arrampicata in Mediterraneo\",\"description\":\"Viaggi sportivi vela e arrampicata\",\"potentialAction\":[{\"@type\":\"SearchAction\",\"target\":{\"@type\":\"EntryPoint\",\"urlTemplate\":\"https:\/\/voile-escalade.com\/vertigoblue\/vela-arrampicata\/?s={search_term_string}\"},\"query-input\":\"required name=search_term_string\"}],\"inLanguage\":\"it-IT\"}]}<\/script>\n<!-- \/ Yoast SEO plugin. -->","yoast_head_json":{"title":"Grecia Vela e Arrampicata - Vela e arrampicata in Mediterraneo","robots":{"index":"index","follow":"follow","max-snippet":"max-snippet:-1","max-image-preview":"max-image-preview:large","max-video-preview":"max-video-preview:-1"},"canonical":"https:\/\/voile-escalade.com\/vertigoblue\/vela-arrampicata\/grecia-vela-e-arrampicata\/","og_locale":"it_IT","og_type":"article","og_title":"Grecia Vela e Arrampicata - Vela e arrampicata in Mediterraneo","og_description":"ProgrammaSalpate con noi verso la costa orientale del Peloponneso e scoprite il Golfo Argolico in modo sportivo: sia dal mare, imparando a veleggiare o perfezionando le vostre abilit\u00e0 veliche su di un Oceanis 390, sia da terra, scoprendo le migliori falesie lungocosta e arrampicando in mezzo alla natura. In un piccoli gruppi, seguiti da guide [&hellip;]","og_url":"https:\/\/voile-escalade.com\/vertigoblue\/vela-arrampicata\/grecia-vela-e-arrampicata\/","og_site_name":"Vela e arrampicata in Mediterraneo","article_modified_time":"2022-12-30T15:46:18+00:00","twitter_card":"summary_large_image","twitter_misc":{"Tempo di lettura stimato":"13 minuti"},"schema":{"@context":"https:\/\/schema.org","@graph":[{"@type":"WebPage","@id":"https:\/\/voile-escalade.com\/vertigoblue\/vela-arrampicata\/grecia-vela-e-arrampicata\/","url":"https:\/\/voile-escalade.com\/vertigoblue\/vela-arrampicata\/grecia-vela-e-arrampicata\/","name":"Grecia Vela e Arrampicata - Vela e arrampicata in Mediterraneo","isPartOf":{"@id":"https:\/\/voile-escalade.com\/vertigoblue\/vela-arrampicata\/#website"},"datePublished":"2022-07-02T09:55:23+00:00","dateModified":"2022-12-30T15:46:18+00:00","breadcrumb":{"@id":"https:\/\/voile-escalade.com\/vertigoblue\/vela-arrampicata\/grecia-vela-e-arrampicata\/#breadcrumb"},"inLanguage":"it-IT","potentialAction":[{"@type":"ReadAction","target":["https:\/\/voile-escalade.com\/vertigoblue\/vela-arrampicata\/grecia-vela-e-arrampicata\/"]}]},{"@type":"BreadcrumbList","@id":"https:\/\/voile-escalade.com\/vertigoblue\/vela-arrampicata\/grecia-vela-e-arrampicata\/#breadcrumb","itemListElement":[{"@type":"ListItem","position":1,"name":"Accueil","item":"https:\/\/voile-escalade.com\/vertigoblue\/vela-arrampicata\/"},{"@type":"ListItem","position":2,"name":"Grecia Vela e Arrampicata"}]},{"@type":"WebSite","@id":"https:\/\/voile-escalade.com\/vertigoblue\/vela-arrampicata\/#website","url":"https:\/\/voile-escalade.com\/vertigoblue\/vela-arrampicata\/","name":"Vela e arrampicata in Mediterraneo","description":"Viaggi sportivi vela e arrampicata","potentialAction":[{"@type":"SearchAction","target":{"@type":"EntryPoint","urlTemplate":"https:\/\/voile-escalade.com\/vertigoblue\/vela-arrampicata\/?s={search_term_string}"},"query-input":"required name=search_term_string"}],"inLanguage":"it-IT"}]}},"_links":{"self":[{"href":"https:\/\/voile-escalade.com\/vertigoblue\/vela-arrampicata\/wp-json\/wp\/v2\/pages\/1478"}],"collection":[{"href":"https:\/\/voile-escalade.com\/vertigoblue\/vela-arrampicata\/wp-json\/wp\/v2\/pages"}],"about":[{"href":"https:\/\/voile-escalade.com\/vertigoblue\/vela-arrampicata\/wp-json\/wp\/v2\/types\/page"}],"author":[{"embeddable":true,"href":"https:\/\/voile-escalade.com\/vertigoblue\/vela-arrampicata\/wp-json\/wp\/v2\/users\/2"}],"replies":[{"embeddable":true,"href":"https:\/\/voile-escalade.com\/vertigoblue\/vela-arrampicata\/wp-json\/wp\/v2\/comments?post=1478"}],"version-history":[{"count":13,"href":"https:\/\/voile-escalade.com\/vertigoblue\/vela-arrampicata\/wp-json\/wp\/v2\/pages\/1478\/revisions"}],"predecessor-version":[{"id":1709,"href":"https:\/\/voile-escalade.com\/vertigoblue\/vela-arrampicata\/wp-json\/wp\/v2\/pages\/1478\/revisions\/1709"}],"wp:attachment":[{"href":"https:\/\/voile-escalade.com\/vertigoblue\/vela-arrampicata\/wp-json\/wp\/v2\/media?parent=1478"}],"curies":[{"name":"wp","href":"https:\/\/api.w.org\/{rel}","templated":true}]}}