{"id":1214,"date":"2022-01-03T18:06:17","date_gmt":"2022-01-03T17:06:17","guid":{"rendered":"https:\/\/voile-escalade.com\/vertigoblue\/vela-arrampicata\/?page_id=1214"},"modified":"2022-12-30T16:29:18","modified_gmt":"2022-12-30T15:29:18","slug":"vela-sport-e-natura","status":"publish","type":"page","link":"https:\/\/voile-escalade.com\/vertigoblue\/vela-arrampicata\/vela-sport-e-natura\/","title":{"rendered":"vela sport e natura"},"content":{"rendered":"<p>[et_pb_section fb_built=&#8221;1&#8243; fullwidth=&#8221;on&#8221; admin_label=&#8221;Section&#8221; _builder_version=&#8221;4.3.4&#8243;][et_pb_fullwidth_header title=&#8221;Vela, Sport &#038; Natura&#8221; subhead=&#8221;Un soggiorno in barca a vela 100% personalizzabile in base ai vostri piani di viaggio!&#8221; text_orientation=&#8221;center&#8221; button_one_url=&#8221;#destinations-corse&#8221; button_two_url=&#8221;#destinationseurope&#8221; admin_label=&#8221;En-t\u00eate plein \u00e9cran&#8221; _builder_version=&#8221;4.3.4&#8243; title_font=&#8221;|700|||||||&#8221; subhead_font_size=&#8221;22px&#8221; background_enable_color=&#8221;off&#8221; background_image=&#8221;https:\/\/voile-escalade.com\/vertigoblue\/vela-arrampicata\/wp-content\/uploads\/sites\/3\/2021\/01\/Rocca-Pina-Corsica-vela.jpg&#8221;][\/et_pb_fullwidth_header][\/et_pb_section][et_pb_section fb_built=&#8221;1&#8243; custom_padding_last_edited=&#8221;on|tablet&#8221; admin_label=&#8221;Image sejour sardaigne voile escalade&#8221; _builder_version=&#8221;4.3.4&#8243; custom_padding=&#8221;59px||29px|||&#8221; custom_padding_tablet=&#8221;60px|||&#8221; custom_padding_phone=&#8221;&#8221;][et_pb_row column_structure=&#8221;1_2,1_2&#8243; _builder_version=&#8221;4.3.4&#8243;][et_pb_column type=&#8221;1_2&#8243; _builder_version=&#8221;4.3.4&#8243;][et_pb_image src=&#8221;https:\/\/voile-escalade.com\/vertigoblue\/vela-arrampicata\/wp-content\/uploads\/sites\/3\/2021\/01\/Corse-en-voilier.jpg&#8221; _builder_version=&#8221;4.3.4&#8243;][\/et_pb_image][\/et_pb_column][et_pb_column type=&#8221;1_2&#8243; _builder_version=&#8221;4.3.4&#8243;][et_pb_image src=&#8221;https:\/\/voile-escalade.com\/vertigoblue\/vela-arrampicata\/wp-content\/uploads\/sites\/3\/2021\/01\/corse-crique-sauvage-eau-turquoise-vertigo-blue.jpg&#8221; align=&#8221;right&#8221; _builder_version=&#8221;4.3.4&#8243;][\/et_pb_image][\/et_pb_column][\/et_pb_row][\/et_pb_section][et_pb_section fb_built=&#8221;1&#8243; custom_padding_last_edited=&#8221;on|tablet&#8221; admin_label=&#8221;sardaigne Voile Escalade d\u00e9tails &#8221; module_id=&#8221;destinationseurope&#8221; module_class=&#8221;dc_inverser_colonnes-section&#8221; _builder_version=&#8221;4.3.4&#8243; custom_padding=&#8221;59px||29px|||&#8221; custom_padding_tablet=&#8221;60px|||&#8221; custom_padding_phone=&#8221;&#8221;][et_pb_row column_structure=&#8221;1_2,1_2&#8243; admin_label=&#8221;programme&#8221; module_id=&#8221;destinationssardaigne&#8221; _builder_version=&#8221;4.3.4&#8243; background_size=&#8221;initial&#8221; background_position=&#8221;top_left&#8221; background_repeat=&#8221;repeat&#8221; module_alignment=&#8221;center&#8221;][et_pb_column type=&#8221;1_2&#8243; _builder_version=&#8221;4.3.4&#8243; custom_padding=&#8221;|||&#8221; custom_padding__hover=&#8221;|||&#8221;][et_pb_text admin_label=&#8221;Titre programme&#8221; _builder_version=&#8221;4.3.4&#8243; text_font=&#8221;||||&#8221; text_text_color=&#8221;#1a1a1a&#8221; header_font=&#8221;Oswald|on||on|&#8221; header_text_align=&#8221;left&#8221; header_font_size=&#8221;44px&#8221; header_line_height=&#8221;1.3em&#8221; background_size=&#8221;initial&#8221; background_position=&#8221;top_left&#8221; background_repeat=&#8221;repeat&#8221; max_width=&#8221;450px&#8221; custom_margin=&#8221;|||&#8221; custom_padding=&#8221;|||&#8221; animation_style=&#8221;slide&#8221; animation_direction=&#8221;top&#8221; animation_intensity_slide=&#8221;10%&#8221; header_font_size_tablet=&#8221;39px&#8221; header_font_size_phone=&#8221;35px&#8221; header_font_size_last_edited=&#8221;on|phone&#8221; locked=&#8221;off&#8221;]<\/p>\n<h1>Il Programma<\/h1>\n<p>[\/et_pb_text][et_pb_divider color=&#8221;#0c71c3&#8243; divider_position=&#8221;center&#8221; divider_weight=&#8221;3px&#8221; disabled_on=&#8221;off|off|off%22&#8243; admin_label=&#8221;S\u00e9parateur&#8221; _builder_version=&#8221;4.3.4&#8243; max_width=&#8221;150px&#8221; height=&#8221;false&#8221; custom_margin=&#8221;30px|||&#8221; animation_style=&#8221;slide&#8221; animation_direction=&#8221;top&#8221; animation_delay=&#8221;100ms&#8221; animation_intensity_slide=&#8221;10%&#8221; locked=&#8221;off&#8221;][\/et_pb_divider][et_pb_text admin_label=&#8221;Texte programme &#8221; _builder_version=&#8221;4.3.4&#8243; text_font=&#8221;Roboto|300|||||||&#8221; text_font_size=&#8221;16px&#8221; text_line_height=&#8221;1.9em&#8221; background_size=&#8221;initial&#8221; background_position=&#8221;top_left&#8221; background_repeat=&#8221;repeat&#8221; max_width=&#8221;450px&#8221; custom_margin=&#8221;17px||2px|||&#8221; custom_padding=&#8221;||0px|||&#8221; animation_style=&#8221;slide&#8221; animation_direction=&#8221;top&#8221; animation_delay=&#8221;400ms&#8221; animation_intensity_slide=&#8221;4%&#8221; hover_enabled=&#8221;0&#8243; locked=&#8221;off&#8221;]<\/p>\n<p><strong>Scoprite il Mediterraneo in barca a vela durante una settimana di esplorazione, sport e natura!<\/strong><\/p>\n<p>Ci adattiamo alle vostre aspettative e al vostro livello, costruendo insieme l&#8217;itinerario e il programma del vostro soggiorno.<\/p>\n<p>Scegliamo con voi una destinazione adatta alle vostre aspettative, al periodo della vostra partenza e alle attivit\u00e0 che desiderate praticare durante gli scali a terra: escursioni a piedi, in bicicletta, nuoto, immersioni, arrampicata, canyoning, windsurf, kayak, relax&#8230;<\/p>\n<p><strong>Questo viaggio vi invita a scoprire o riscoprire il Mediterraneo, attivamente in mare come in terra.<\/strong><\/p>\n<p>[\/et_pb_text][\/et_pb_column][et_pb_column type=&#8221;1_2&#8243; _builder_version=&#8221;4.3.4&#8243;][et_pb_text admin_label=&#8221;Texte infos cl\u00e9s&#8221; _builder_version=&#8221;4.3.4&#8243; background_color=&#8221;#6fc8ce&#8221; custom_padding=&#8221;||0px|21px||&#8221;]<\/p>\n<h4>\u00a0<\/h4>\n<h4 style=\"text-align: center;\"><span style=\"text-decoration: underline;\"><strong>Informazioni chiave<br \/><\/strong><\/span><\/h4>\n<p style=\"text-align: center;\">Partenze su richiesta<\/p>\n<ul>\n<li style=\"text-align: left;\">\n<h5>Soggiorni di 7 o 14 giorni<\/h5>\n<\/li>\n<li style=\"text-align: left;\">\n<h5>A partire da 3400\u20ac \/ settimana<\/h5>\n<\/li>\n<li style=\"text-align: left;\">\n<h5>Multi-attivit\u00e0<\/h5>\n<\/li>\n<\/ul>\n<ul>\n<li style=\"text-align: left;\">\n<h5>Fino a 6 persone<\/h5>\n<\/li>\n<li style=\"text-align: left;\">\n<h5>Alloggio a bordo dell&#8217;imbarcazione, in cabina condivisa<\/h5>\n<\/li>\n<li style=\"text-align: left;\">\n<h5>Pasti preparati a bordo<\/h5>\n<\/li>\n<\/ul>\n<p style=\"text-align: center;\">[\/et_pb_text][et_pb_text admin_label=&#8221;Texte terrain de jeu&#8221; _builder_version=&#8221;4.3.4&#8243; background_color=&#8221;#6fc8ce&#8221; custom_padding=&#8221;|19px|0px|21px||&#8221;]<\/p>\n<h4>\u00a0<\/h4>\n<h4 style=\"text-align: center;\"><span style=\"text-decoration: underline;\"><strong>Il campo da gioco<\/strong><\/span><\/h4>\n<p style=\"text-align: center;\">Sono disponibili diverse aree di navigazione:<\/p>\n<ul>\n<li style=\"text-align: left;\">\n<h5>Corsica<\/h5>\n<\/li>\n<li style=\"text-align: left;\">\n<h5>Sardegna<\/h5>\n<\/li>\n<\/ul>\n<ul>\n<li style=\"text-align: left;\">\n<h5>Isola d&#8217;Elba<\/h5>\n<\/li>\n<li>\n<h5>Sicilia<\/h5>\n<\/li>\n<li>\n<h5>qualsiasi altra destinazione nel Mediterraneo, da discutere insieme secondo la stagione, il vostro progetto, il vostro budget&#8230;<\/h5>\n<\/li>\n<\/ul>\n<p style=\"text-align: center;\">[\/et_pb_text][et_pb_button button_url=&#8221;https:\/\/voile-escalade.com\/vertigoblue\/vela-arrampicata\/contatti\/&#8221; url_new_window=&#8221;on&#8221; button_text=&#8221;Crea il tuo soggiorno&#8221; button_alignment=&#8221;center&#8221; admin_label=&#8221;Bouton reserver option&#8221; _builder_version=&#8221;4.3.4&#8243;][\/et_pb_button][et_pb_button button_url=&#8221;https:\/\/voile-escalade.com\/vertigoblue\/vela-arrampicata\/prossime-partenze\/&#8221; url_new_window=&#8221;on&#8221; button_text=&#8221;Date &#038; Disponibilit\u00e0&#8221; button_alignment=&#8221;center&#8221; admin_label=&#8221;Bouton dates &#038; tariffes&#8221; _builder_version=&#8221;4.3.4&#8243; locked=&#8221;off&#8221;][\/et_pb_button][\/et_pb_column][\/et_pb_row][et_pb_row _builder_version=&#8221;4.3.4&#8243;][et_pb_column type=&#8221;4_4&#8243; _builder_version=&#8221;4.3.4&#8243;][et_pb_image src=&#8221;https:\/\/voile-escalade.com\/vertigoblue\/vela-arrampicata\/wp-content\/uploads\/sites\/3\/2021\/01\/Bonifacio-voilier-coucher-de-soleil.jpg&#8221; _builder_version=&#8221;4.3.4&#8243;][\/et_pb_image][\/et_pb_column][\/et_pb_row][et_pb_row column_structure=&#8221;1_2,1_2&#8243; disabled_on=&#8221;off|off|off&#8221; admin_label=&#8221;Au jour le jour titre&#8221; module_id=&#8221;#destinations-sicile&#8221; module_class=&#8221;dc_inverser_colonnes-ligne&#8221; _builder_version=&#8221;4.3.4&#8243; background_size=&#8221;initial&#8221; background_position=&#8221;top_left&#8221; background_repeat=&#8221;repeat&#8221; module_alignment=&#8221;center&#8221;][et_pb_column type=&#8221;1_2&#8243; _builder_version=&#8221;4.3.4&#8243; custom_padding=&#8221;|||&#8221; custom_padding__hover=&#8221;|||&#8221;][et_pb_text admin_label=&#8221;titre au jour le jour&#8221; _builder_version=&#8221;4.3.4&#8243; text_font=&#8221;||||&#8221; text_text_color=&#8221;#1a1a1a&#8221; header_font=&#8221;Oswald|on||on|&#8221; header_text_align=&#8221;left&#8221; header_font_size=&#8221;44px&#8221; header_line_height=&#8221;1.3em&#8221; background_size=&#8221;initial&#8221; background_position=&#8221;top_left&#8221; background_repeat=&#8221;repeat&#8221; max_width=&#8221;450px&#8221; custom_margin=&#8221;|||&#8221; custom_padding=&#8221;|||&#8221; animation_style=&#8221;slide&#8221; animation_direction=&#8221;top&#8221; animation_intensity_slide=&#8221;10%&#8221; header_font_size_tablet=&#8221;39px&#8221; header_font_size_phone=&#8221;35px&#8221; header_font_size_last_edited=&#8221;on|phone&#8221; locked=&#8221;off&#8221;]<\/p>\n<h1>Giorno per Giorno<\/h1>\n<p>[\/et_pb_text][et_pb_divider color=&#8221;#0c71c3&#8243; divider_position=&#8221;center&#8221; divider_weight=&#8221;3px&#8221; disabled_on=&#8221;off|off|off%22&#8243; admin_label=&#8221;S\u00e9parateur&#8221; _builder_version=&#8221;4.3.4&#8243; max_width=&#8221;150px&#8221; height=&#8221;false&#8221; custom_margin=&#8221;30px|||&#8221; animation_style=&#8221;slide&#8221; animation_direction=&#8221;top&#8221; animation_delay=&#8221;100ms&#8221; animation_intensity_slide=&#8221;10%&#8221; locked=&#8221;off&#8221;][\/et_pb_divider][\/et_pb_column][et_pb_column type=&#8221;1_2&#8243; _builder_version=&#8221;4.3.4&#8243;][\/et_pb_column][\/et_pb_row][et_pb_row _builder_version=&#8221;4.3.4&#8243; width=&#8221;100%&#8221;][et_pb_column type=&#8221;4_4&#8243; _builder_version=&#8221;4.3.4&#8243;][et_pb_text admin_label=&#8221;Texte au jour le jour&#8221; _builder_version=&#8221;4.3.4&#8243; text_font=&#8221;Roboto|300|||||||&#8221; text_font_size=&#8221;16px&#8221;]<\/p>\n<p><strong>Il programma \u00e8 definito in base ai vostri piani di viaggio<\/strong>, che costruiamo insieme dal nostro primo contatto e che perfezioniamo fino al giorno della partenza.<\/p>\n<p><strong>Vi proponiamo di alternare i tempi di navigazione con scali a terra<\/strong> per permettervi di scoprire la zona a vostro ritmo e secondo i vostri desideri.<\/p>\n<p><strong>A bordo della barca, l&#8217;obiettivo \u00e8 quello di farvi partecipare secondo il vostro livello e la vostra motivazione<\/strong>. In ogni caso, non vi lasceremo andare via senza avervi insegnato nuove cose!<\/p>\n<p><strong>A terra, sarete da soli ma vi consiglieremo su tutte le attivit\u00e0<\/strong> prima e durante il vostro soggiorno, a seconda delle condizioni meteorologiche.<\/p>\n<p>Sia in porto che in mare, <strong>ci occupiamo dell&#8217;organizzazione della vita quotidiana, dell&#8217;approvvigionamento alimentare, ecc.<\/strong><\/p>\n<p><strong>Ecco un esempio di programma e itinerario per un soggiorno di 7 giorni da Olbia, in Sardegna:<\/strong><\/p>\n<p><strong>Giorno 1<\/strong>: Accoglienza a bordo della barca a partire dalle ore 19:00, presso il porto di partenza. Aperitivo di benvenuto, installazione a bordo e panoramica sul programma della settimana.<\/p>\n<p><strong>Giorno 2<\/strong>: Partenza dal porto al mattino dopo un breve briefing di sicurezza. Primo giorno di navigazione, occasione per tutti di familiarizzare con la barca, partecipare alle manovre, cimentarsi al timone e scoprire i diversi strumenti di navigazione (mappa, bussola, GPS, ecc.).<br \/>Pranzo in navigazione, arrivo al porto della Caletta a fine giornata. Un piccolo aperitivo a terra per chi lo desidera e un bilancio di questa prima giornata, per delineare le aspettative di ognuno per il resto della settimana. (30 NM)<\/p>\n<p><strong>Giorno 3<\/strong>: in mattinata, passeggiata al villaggio medievale di Posada, a pochi chilometri dal porto. Rientro verso mezzogiorno in riva al mare per un picnic sulla spiaggia. Nel pomeriggio, sport nautici a scelta, a seconda delle condizioni meteorologiche: Windsurf, Kite, Stand up paddle o kayak. Notte in porto.<\/p>\n<p><strong>Giorno 4<\/strong>: Giornata di navigazione verso l&#8217;isola di Tavolara. Esercizi di pilotaggio, regolazione delle vele, carteggio e posizionamento: ognuno potr\u00e0 esercitarsi nelle postazioni desiderate durante la navigazione.<\/p>\n<p><strong>Giorno 5<\/strong>: Escursione a Tavolara, con la supervisione di una guida locale. In programma, trekking e via ferrata sulle alture dell&#8217;isola! Pranzo al sacco e rientro in barca a fine giornata. Notte all&#8217;ancora<\/p>\n<p><strong>Giorno 6<\/strong>: Giornata di navigazione per riavvicinarsi al porto di partenza. Affineremo ci\u00f2 che abbiamo imparato con l&#8217;obiettivo di svolgere alcuni ruoli in autonomia: issare le vele, manovrare con l&#8217;equipaggio, regolare le vele o seguire la rotta e il diario di bordo&#8230; La sera, notte in un ancoraggio vicino al porto, scelto in base alle previsioni meteo (20 NM).<\/p>\n<p><strong>Giorno 7<\/strong>: partenza di buon&#8217;ora per arrivare al porto prima di mezzogiorno. Pranzo a bordo e bilancio della settimana. Sbarco tra le 14.00 e le 15.00. (5NM)<\/p>\n<p>[\/et_pb_text][\/et_pb_column][\/et_pb_row][et_pb_row column_structure=&#8221;1_2,1_2&#8243; admin_label=&#8221;titre equipe&#8221; module_id=&#8221;destinationssicile&#8221; module_class=&#8221;dc_inverser_colonnes-ligne&#8221; _builder_version=&#8221;4.3.4&#8243; background_size=&#8221;initial&#8221; background_position=&#8221;top_left&#8221; background_repeat=&#8221;repeat&#8221; module_alignment=&#8221;center&#8221;][et_pb_column type=&#8221;1_2&#8243; _builder_version=&#8221;4.3.4&#8243; custom_padding=&#8221;|||&#8221; custom_padding__hover=&#8221;|||&#8221;][et_pb_text admin_label=&#8221;Titre equipe&#8221; _builder_version=&#8221;4.3.4&#8243; text_font=&#8221;||||&#8221; text_text_color=&#8221;#1a1a1a&#8221; header_font=&#8221;Oswald|on||on|&#8221; header_text_align=&#8221;left&#8221; header_font_size=&#8221;44px&#8221; header_line_height=&#8221;1.3em&#8221; background_size=&#8221;initial&#8221; background_position=&#8221;top_left&#8221; background_repeat=&#8221;repeat&#8221; max_width=&#8221;450px&#8221; custom_margin=&#8221;|||&#8221; custom_padding=&#8221;|||&#8221; animation_style=&#8221;slide&#8221; animation_direction=&#8221;top&#8221; animation_intensity_slide=&#8221;10%&#8221; header_font_size_tablet=&#8221;39px&#8221; header_font_size_phone=&#8221;35px&#8221; header_font_size_last_edited=&#8221;on|phone&#8221; locked=&#8221;off&#8221;]<\/p>\n<h1>Il Team<\/h1>\n<p>[\/et_pb_text][et_pb_divider color=&#8221;#0c71c3&#8243; divider_position=&#8221;center&#8221; divider_weight=&#8221;3px&#8221; disabled_on=&#8221;off|off|off%22&#8243; admin_label=&#8221;S\u00e9parateur&#8221; _builder_version=&#8221;4.3.4&#8243; max_width=&#8221;150px&#8221; height=&#8221;false&#8221; custom_margin=&#8221;30px|||&#8221; animation_style=&#8221;slide&#8221; animation_direction=&#8221;top&#8221; animation_delay=&#8221;100ms&#8221; animation_intensity_slide=&#8221;10%&#8221; locked=&#8221;off&#8221;][\/et_pb_divider][\/et_pb_column][et_pb_column type=&#8221;1_2&#8243; _builder_version=&#8221;4.3.4&#8243;][\/et_pb_column][\/et_pb_row][et_pb_row column_structure=&#8221;1_2,1_2&#8243; admin_label=&#8221;equipe andrea et sarah&#8221; module_id=&#8221;destinationscorse&#8221; _builder_version=&#8221;4.3.4&#8243; background_size=&#8221;initial&#8221; background_position=&#8221;top_left&#8221; background_repeat=&#8221;repeat&#8221; module_alignment=&#8221;center&#8221;][et_pb_column type=&#8221;1_2&#8243; _builder_version=&#8221;4.3.4&#8243; custom_padding=&#8221;|||&#8221; custom_padding__hover=&#8221;|||&#8221;][et_pb_image src=&#8221;https:\/\/voile-escalade.com\/vertigoblue\/vela-arrampicata\/wp-content\/uploads\/sites\/3\/2021\/01\/grande-voie-calanques-de-marseille.jpg&#8221; _builder_version=&#8221;4.3.4&#8243;][\/et_pb_image][\/et_pb_column][et_pb_column type=&#8221;1_2&#8243; _builder_version=&#8221;4.3.4&#8243;][et_pb_text _builder_version=&#8221;4.3.4&#8243;]<\/p>\n<h2><strong>Andrea e Sarah<\/strong><\/h2>\n<h2><strong>Formatore e istruttrice di vela<\/strong><\/h2>\n<p>[\/et_pb_text][et_pb_text admin_label=&#8221;Texte equipe &#8221; _builder_version=&#8221;4.3.4&#8243; text_font=&#8221;Roboto|300|||||||&#8221; text_font_size=&#8221;16px&#8221; text_line_height=&#8221;1.9em&#8221; background_size=&#8221;initial&#8221; background_position=&#8221;top_left&#8221; background_repeat=&#8221;repeat&#8221; max_width=&#8221;450px&#8221; custom_margin=&#8221;17px||2px|||&#8221; custom_padding=&#8221;||0px|||&#8221; animation_style=&#8221;slide&#8221; animation_direction=&#8221;top&#8221; animation_delay=&#8221;400ms&#8221; animation_intensity_slide=&#8221;4%&#8221; locked=&#8221;off&#8221;]<\/p>\n<p>Originario di Ancona, sul mare Adriatico, <strong>Andrea<\/strong> si \u00e8 formato alla vela nel Mediterraneo, principalmente nella Corsica del Sud. Dal 2014 ha supervisionato pi\u00f9 di sessanta corsi di crociera in Francia, Italia e Croazia, e ha formato futuri istruttori alla pratica e all&#8217;insegnamento della vela.<\/p>\n<p><strong>Sarah<\/strong> \u00e8 istruttrice di vela dal 2017. Si \u00e8 formata e ha insegnato a Bonifacio, in Corsica del Sud, dove \u00e8 stata poi assistente amministrativa della sua scuola di vela per due anni.<\/p>\n<p>\u200b<\/p>\n<p>[\/et_pb_text][\/et_pb_column][\/et_pb_row][et_pb_row _builder_version=&#8221;4.3.4&#8243; locked=&#8221;off&#8221;][et_pb_column type=&#8221;4_4&#8243; _builder_version=&#8221;4.3.4&#8243;][et_pb_button button_url=&#8221;https:\/\/voile-escalade.com\/vertigoblue\/vela-arrampicata\/contatti\/&#8221; url_new_window=&#8221;on&#8221; button_text=&#8221;Crea il tuo soggiorno&#8221; button_alignment=&#8221;center&#8221; admin_label=&#8221;Bouton dates &#038; tariffes&#8221; _builder_version=&#8221;4.3.4&#8243;][\/et_pb_button][\/et_pb_column][\/et_pb_row][\/et_pb_section]<\/p>\n","protected":false},"excerpt":{"rendered":"<p>Il ProgrammaScoprite il Mediterraneo in barca a vela durante una settimana di esplorazione, sport e natura! Ci adattiamo alle vostre aspettative e al vostro livello, costruendo insieme l&#8217;itinerario e il programma del vostro soggiorno. Scegliamo con voi una destinazione adatta alle vostre aspettative, al periodo della vostra partenza e alle attivit\u00e0 che desiderate praticare durante [&hellip;]<\/p>\n","protected":false},"author":2,"featured_media":0,"parent":0,"menu_order":0,"comment_status":"closed","ping_status":"closed","template":"","meta":{"_et_pb_use_builder":"on","_et_pb_old_content":"","_et_gb_content_width":""},"yoast_head":"<!-- This site is optimized with the Yoast SEO plugin v20.2.1 - https:\/\/yoast.com\/wordpress\/plugins\/seo\/ -->\n<title>vela sport e natura - Vela e arrampicata in Mediterraneo<\/title>\n<meta name=\"robots\" content=\"index, follow, max-snippet:-1, max-image-preview:large, max-video-preview:-1\" \/>\n<link rel=\"canonical\" href=\"https:\/\/voile-escalade.com\/vertigoblue\/vela-arrampicata\/vela-sport-e-natura\/\" \/>\n<meta property=\"og:locale\" content=\"it_IT\" \/>\n<meta property=\"og:type\" content=\"article\" \/>\n<meta property=\"og:title\" content=\"vela sport e natura - Vela e arrampicata in Mediterraneo\" \/>\n<meta property=\"og:description\" content=\"Il ProgrammaScoprite il Mediterraneo in barca a vela durante una settimana di esplorazione, sport e natura! Ci adattiamo alle vostre aspettative e al vostro livello, costruendo insieme l&#039;itinerario e il programma del vostro soggiorno. Scegliamo con voi una destinazione adatta alle vostre aspettative, al periodo della vostra partenza e alle attivit\u00e0 che desiderate praticare durante [&hellip;]\" \/>\n<meta property=\"og:url\" content=\"https:\/\/voile-escalade.com\/vertigoblue\/vela-arrampicata\/vela-sport-e-natura\/\" \/>\n<meta property=\"og:site_name\" content=\"Vela e arrampicata in Mediterraneo\" \/>\n<meta property=\"article:modified_time\" content=\"2022-12-30T15:29:18+00:00\" \/>\n<meta name=\"twitter:card\" content=\"summary_large_image\" \/>\n<meta name=\"twitter:label1\" content=\"Tempo di lettura stimato\" \/>\n\t<meta name=\"twitter:data1\" content=\"9 minuti\" \/>\n<script type=\"application\/ld+json\" class=\"yoast-schema-graph\">{\"@context\":\"https:\/\/schema.org\",\"@graph\":[{\"@type\":\"WebPage\",\"@id\":\"https:\/\/voile-escalade.com\/vertigoblue\/vela-arrampicata\/vela-sport-e-natura\/\",\"url\":\"https:\/\/voile-escalade.com\/vertigoblue\/vela-arrampicata\/vela-sport-e-natura\/\",\"name\":\"vela sport e natura - Vela e arrampicata in Mediterraneo\",\"isPartOf\":{\"@id\":\"https:\/\/voile-escalade.com\/vertigoblue\/vela-arrampicata\/#website\"},\"datePublished\":\"2022-01-03T17:06:17+00:00\",\"dateModified\":\"2022-12-30T15:29:18+00:00\",\"breadcrumb\":{\"@id\":\"https:\/\/voile-escalade.com\/vertigoblue\/vela-arrampicata\/vela-sport-e-natura\/#breadcrumb\"},\"inLanguage\":\"it-IT\",\"potentialAction\":[{\"@type\":\"ReadAction\",\"target\":[\"https:\/\/voile-escalade.com\/vertigoblue\/vela-arrampicata\/vela-sport-e-natura\/\"]}]},{\"@type\":\"BreadcrumbList\",\"@id\":\"https:\/\/voile-escalade.com\/vertigoblue\/vela-arrampicata\/vela-sport-e-natura\/#breadcrumb\",\"itemListElement\":[{\"@type\":\"ListItem\",\"position\":1,\"name\":\"Accueil\",\"item\":\"https:\/\/voile-escalade.com\/vertigoblue\/vela-arrampicata\/\"},{\"@type\":\"ListItem\",\"position\":2,\"name\":\"vela sport e natura\"}]},{\"@type\":\"WebSite\",\"@id\":\"https:\/\/voile-escalade.com\/vertigoblue\/vela-arrampicata\/#website\",\"url\":\"https:\/\/voile-escalade.com\/vertigoblue\/vela-arrampicata\/\",\"name\":\"Vela e arrampicata in Mediterraneo\",\"description\":\"Viaggi sportivi vela e arrampicata\",\"potentialAction\":[{\"@type\":\"SearchAction\",\"target\":{\"@type\":\"EntryPoint\",\"urlTemplate\":\"https:\/\/voile-escalade.com\/vertigoblue\/vela-arrampicata\/?s={search_term_string}\"},\"query-input\":\"required name=search_term_string\"}],\"inLanguage\":\"it-IT\"}]}<\/script>\n<!-- \/ Yoast SEO plugin. -->","yoast_head_json":{"title":"vela sport e natura - Vela e arrampicata in Mediterraneo","robots":{"index":"index","follow":"follow","max-snippet":"max-snippet:-1","max-image-preview":"max-image-preview:large","max-video-preview":"max-video-preview:-1"},"canonical":"https:\/\/voile-escalade.com\/vertigoblue\/vela-arrampicata\/vela-sport-e-natura\/","og_locale":"it_IT","og_type":"article","og_title":"vela sport e natura - Vela e arrampicata in Mediterraneo","og_description":"Il ProgrammaScoprite il Mediterraneo in barca a vela durante una settimana di esplorazione, sport e natura! Ci adattiamo alle vostre aspettative e al vostro livello, costruendo insieme l'itinerario e il programma del vostro soggiorno. Scegliamo con voi una destinazione adatta alle vostre aspettative, al periodo della vostra partenza e alle attivit\u00e0 che desiderate praticare durante [&hellip;]","og_url":"https:\/\/voile-escalade.com\/vertigoblue\/vela-arrampicata\/vela-sport-e-natura\/","og_site_name":"Vela e arrampicata in Mediterraneo","article_modified_time":"2022-12-30T15:29:18+00:00","twitter_card":"summary_large_image","twitter_misc":{"Tempo di lettura stimato":"9 minuti"},"schema":{"@context":"https:\/\/schema.org","@graph":[{"@type":"WebPage","@id":"https:\/\/voile-escalade.com\/vertigoblue\/vela-arrampicata\/vela-sport-e-natura\/","url":"https:\/\/voile-escalade.com\/vertigoblue\/vela-arrampicata\/vela-sport-e-natura\/","name":"vela sport e natura - Vela e arrampicata in Mediterraneo","isPartOf":{"@id":"https:\/\/voile-escalade.com\/vertigoblue\/vela-arrampicata\/#website"},"datePublished":"2022-01-03T17:06:17+00:00","dateModified":"2022-12-30T15:29:18+00:00","breadcrumb":{"@id":"https:\/\/voile-escalade.com\/vertigoblue\/vela-arrampicata\/vela-sport-e-natura\/#breadcrumb"},"inLanguage":"it-IT","potentialAction":[{"@type":"ReadAction","target":["https:\/\/voile-escalade.com\/vertigoblue\/vela-arrampicata\/vela-sport-e-natura\/"]}]},{"@type":"BreadcrumbList","@id":"https:\/\/voile-escalade.com\/vertigoblue\/vela-arrampicata\/vela-sport-e-natura\/#breadcrumb","itemListElement":[{"@type":"ListItem","position":1,"name":"Accueil","item":"https:\/\/voile-escalade.com\/vertigoblue\/vela-arrampicata\/"},{"@type":"ListItem","position":2,"name":"vela sport e natura"}]},{"@type":"WebSite","@id":"https:\/\/voile-escalade.com\/vertigoblue\/vela-arrampicata\/#website","url":"https:\/\/voile-escalade.com\/vertigoblue\/vela-arrampicata\/","name":"Vela e arrampicata in Mediterraneo","description":"Viaggi sportivi vela e arrampicata","potentialAction":[{"@type":"SearchAction","target":{"@type":"EntryPoint","urlTemplate":"https:\/\/voile-escalade.com\/vertigoblue\/vela-arrampicata\/?s={search_term_string}"},"query-input":"required name=search_term_string"}],"inLanguage":"it-IT"}]}},"_links":{"self":[{"href":"https:\/\/voile-escalade.com\/vertigoblue\/vela-arrampicata\/wp-json\/wp\/v2\/pages\/1214"}],"collection":[{"href":"https:\/\/voile-escalade.com\/vertigoblue\/vela-arrampicata\/wp-json\/wp\/v2\/pages"}],"about":[{"href":"https:\/\/voile-escalade.com\/vertigoblue\/vela-arrampicata\/wp-json\/wp\/v2\/types\/page"}],"author":[{"embeddable":true,"href":"https:\/\/voile-escalade.com\/vertigoblue\/vela-arrampicata\/wp-json\/wp\/v2\/users\/2"}],"replies":[{"embeddable":true,"href":"https:\/\/voile-escalade.com\/vertigoblue\/vela-arrampicata\/wp-json\/wp\/v2\/comments?post=1214"}],"version-history":[{"count":20,"href":"https:\/\/voile-escalade.com\/vertigoblue\/vela-arrampicata\/wp-json\/wp\/v2\/pages\/1214\/revisions"}],"predecessor-version":[{"id":1702,"href":"https:\/\/voile-escalade.com\/vertigoblue\/vela-arrampicata\/wp-json\/wp\/v2\/pages\/1214\/revisions\/1702"}],"wp:attachment":[{"href":"https:\/\/voile-escalade.com\/vertigoblue\/vela-arrampicata\/wp-json\/wp\/v2\/media?parent=1214"}],"curies":[{"name":"wp","href":"https:\/\/api.w.org\/{rel}","templated":true}]}}