{"id":1109,"date":"2021-11-12T18:05:35","date_gmt":"2021-11-12T17:05:35","guid":{"rendered":"https:\/\/voile-escalade.com\/vertigoblue\/vela-arrampicata\/?page_id=1109"},"modified":"2022-12-30T17:05:00","modified_gmt":"2022-12-30T16:05:00","slug":"chi-siamo","status":"publish","type":"page","link":"https:\/\/voile-escalade.com\/vertigoblue\/vela-arrampicata\/chi-siamo\/","title":{"rendered":"Chi siamo"},"content":{"rendered":"<p>[et_pb_section fb_built=&#8221;1&#8243; fullwidth=&#8221;on&#8221; _builder_version=&#8221;4.3.4&#8243;][et_pb_fullwidth_header title=&#8221;Chi siamo&#8221; text_orientation=&#8221;center&#8221; button_one_text=&#8221;I Partner locali&#8221; button_one_url=&#8221;#partenaireslocaux&#8221; button_two_text=&#8221;Le agenzie partner&#8221; button_two_url=&#8221;#agencespartenaires&#8221; _builder_version=&#8221;4.3.4&#8243; title_font=&#8221;|700|||||||&#8221; subhead_font_size=&#8221;22px&#8221; background_enable_color=&#8221;off&#8221; background_image=&#8221;https:\/\/voile-escalade.com\/vertigoblue\/vela-arrampicata\/wp-content\/uploads\/sites\/3\/2021\/11\/vertigo-blue-qui-sommes-nous.jpg&#8221;][\/et_pb_fullwidth_header][\/et_pb_section][et_pb_section fb_built=&#8221;1&#8243; custom_padding_last_edited=&#8221;on|tablet&#8221; admin_label=&#8221;Team Vertigo Blue&#8221; _builder_version=&#8221;4.3.4&#8243; custom_padding=&#8221;59px||29px|||&#8221; custom_padding_tablet=&#8221;60px|||&#8221; custom_padding_phone=&#8221;&#8221;][et_pb_row admin_label=&#8221;team vertigo blue&#8221; _builder_version=&#8221;4.3.4&#8243;][et_pb_column type=&#8221;4_4&#8243; _builder_version=&#8221;4.3.4&#8243;][et_pb_text admin_label=&#8221;Titre vertigo blue&#8221; _builder_version=&#8221;4.3.4&#8243; text_font=&#8221;||||&#8221; text_text_color=&#8221;#1a1a1a&#8221; header_font=&#8221;Oswald|on||on|&#8221; header_text_align=&#8221;left&#8221; header_font_size=&#8221;44px&#8221; header_line_height=&#8221;1.3em&#8221; background_size=&#8221;initial&#8221; background_position=&#8221;top_left&#8221; background_repeat=&#8221;repeat&#8221; max_width=&#8221;450px&#8221; custom_margin=&#8221;|||&#8221; custom_padding=&#8221;|||&#8221; animation_style=&#8221;slide&#8221; animation_direction=&#8221;top&#8221; animation_intensity_slide=&#8221;10%&#8221; header_font_size_tablet=&#8221;39px&#8221; header_font_size_phone=&#8221;35px&#8221; header_font_size_last_edited=&#8221;on|phone&#8221; locked=&#8221;off&#8221;]<\/p>\n<h1>La team Vertigo Blue<\/h1>\n<p>[\/et_pb_text][et_pb_divider color=&#8221;#0c71c3&#8243; divider_position=&#8221;center&#8221; divider_weight=&#8221;3px&#8221; disabled_on=&#8221;off|off|off%22&#8243; admin_label=&#8221;S\u00e9parateur&#8221; _builder_version=&#8221;4.3.4&#8243; max_width=&#8221;150px&#8221; height=&#8221;false&#8221; custom_margin=&#8221;30px|||&#8221; animation_style=&#8221;slide&#8221; animation_direction=&#8221;top&#8221; animation_delay=&#8221;100ms&#8221; animation_intensity_slide=&#8221;10%&#8221; locked=&#8221;off&#8221;][\/et_pb_divider][et_pb_blurb title=&#8221;Andrea &#8211; Istruttore e formatore di vela &#8211; iniziatore arrampicata&#8221; image=&#8221;https:\/\/voile-escalade.com\/vertigoblue\/vela-arrampicata\/wp-content\/uploads\/sites\/3\/2020\/04\/andrea-vertigo-blue.jpg&#8221; alt=&#8221;Andrea, un sourire radieux, sous le soleil chaud de la tomb\u00e9e du soir en Sicile, \u00e0 San Vito Lo Capo. Photo: Vertigo Blue&#8221; image_max_width_tablet=&#8221;100%&#8221; image_max_width_phone=&#8221;&#8221; image_max_width_last_edited=&#8221;on|tablet&#8221; content_max_width_tablet=&#8221;604px&#8221; content_max_width_phone=&#8221;&#8221; content_max_width_last_edited=&#8221;on|tablet&#8221; admin_label=&#8221;Andrea img + txt&#8221; _builder_version=&#8221;4.3.4&#8243; header_font=&#8221;Oswald|on||on|&#8221; header_font_size=&#8221;24px&#8221; body_font=&#8221;Roboto||||&#8221; body_text_align=&#8221;left&#8221; body_text_color=&#8221;rgba(0,0,0,0.38)&#8221; body_font_size=&#8221;16px&#8221; text_orientation=&#8221;center&#8221; width_tablet=&#8221;&#8221; width_phone=&#8221;&#8221; width_last_edited=&#8221;on|tablet&#8221; max_width_tablet=&#8221;&#8221; max_width_phone=&#8221;&#8221; max_width_last_edited=&#8221;on|tablet&#8221; custom_margin=&#8221;|4px|||false|false&#8221; custom_margin_tablet=&#8221;|4px|||false|false&#8221; custom_margin_phone=&#8221;&#8221; custom_margin_last_edited=&#8221;on|tablet&#8221; custom_padding=&#8221;|1px|||false|false&#8221; animation_style=&#8221;zoom&#8221; animation_duration=&#8221;0ms&#8221; animation_intensity_zoom=&#8221;0%&#8221; animation_speed_curve=&#8221;linear&#8221; animation=&#8221;off&#8221; box_shadow_style=&#8221;preset3&#8243; locked=&#8221;off&#8221;]<\/p>\n<p>Nato nel 1985 sulla costa adriatica, si \u00e8 trasferito in Germania e poi a Barcellona per studio. L\u00ec, ha scoperto la vela e l&#8217;arrampicata allo stesso tempo. Dalle sue prime brevi crociere alle Baleari ai primi tentativi di arrampicata sul Montserrat, le sue passioni sono cresciute e lo hanno portato a viaggiare sempre pi\u00f9 lontano: in Marocco, Sicilia e Turchia per l&#8217;arrampicata, in Sardegna e Corsica per la vela. \u00c8 cos\u00ec che ha lasciato la scienza e la Spagna alla fine del 2014 per stabilirsi a Bonifacio, all&#8217;estremo sud della Corsica dove ha appreso e insegnato vela per pi\u00f9 di 5 anni. Oggi, desidera offrire al pubblico dei soggiorni che mescolano navigazione e viaggio, scoperta e sport nella natura. Capitano prima di tutto, si circonda di guide alpine per portarvi nei pi\u00f9 bei posti di arrampicata del Mediterraneo.<\/p>\n<p style=\"padding-left: 30px; text-align: left;\">[\/et_pb_blurb][et_pb_blurb title=&#8221;Sarah &#8211; Istruttrice di vela e capo logistica&#8221; image=&#8221;https:\/\/voile-escalade.com\/vertigoblue\/vela-arrampicata\/wp-content\/uploads\/sites\/3\/2020\/04\/sarah-vertigo-blue-1.jpg&#8221; alt=&#8221;Sarah, sourit en tenant la barre \u00e0 roue d&#8217;un voilier dans un port, sous un ciel gris\u00e9. Photo: Vertigo Blue&#8221; image_max_width_tablet=&#8221;100%&#8221; image_max_width_phone=&#8221;&#8221; image_max_width_last_edited=&#8221;on|tablet&#8221; content_max_width_tablet=&#8221;604px&#8221; content_max_width_phone=&#8221;&#8221; content_max_width_last_edited=&#8221;on|tablet&#8221; admin_label=&#8221;Sarah img +txt&#8221; _builder_version=&#8221;4.3.4&#8243; header_font=&#8221;Oswald|on||on|&#8221; header_font_size=&#8221;24px&#8221; body_font=&#8221;Roboto||||&#8221; body_text_align=&#8221;left&#8221; body_text_color=&#8221;rgba(0,0,0,0.38)&#8221; body_font_size=&#8221;16px&#8221; text_orientation=&#8221;center&#8221; width_tablet=&#8221;&#8221; width_phone=&#8221;&#8221; width_last_edited=&#8221;on|tablet&#8221; max_width_tablet=&#8221;&#8221; max_width_phone=&#8221;&#8221; max_width_last_edited=&#8221;on|tablet&#8221; custom_margin=&#8221;|4px|||false|false&#8221; custom_margin_tablet=&#8221;|4px|||false|false&#8221; custom_margin_phone=&#8221;&#8221; custom_margin_last_edited=&#8221;on|tablet&#8221; custom_padding=&#8221;|1px|||false|false&#8221; animation_style=&#8221;zoom&#8221; animation_duration=&#8221;0ms&#8221; animation_intensity_zoom=&#8221;0%&#8221; animation_speed_curve=&#8221;linear&#8221; animation=&#8221;off&#8221; box_shadow_style=&#8221;preset3&#8243; locked=&#8221;off&#8221;]<\/p>\n<p>Nata nel 1990 vicino Parigi, la sua passione per il mare viene dalla sua infanzia. Come molti, ha iniziato con i corsi su &#8220;optimist&#8221; in Bretagna&#8230; \u00c8 solo nel 2015 che ha iniziato a imparare veramente, presso una scuola di crociera in Corsica. Come allieva, poi come volontaria, poi come dipendente&#8230;all&#8217;inizio del 2020, decide di seguire Andrea nel suo progetto. Le sue specialit\u00e0? La cartografia, la logistica, le basi della vela per i principianti&#8230; e la previsione dei menu a bordo!<\/p>\n<p style=\"padding-left: 30px; text-align: left;\">[\/et_pb_blurb][\/et_pb_column][\/et_pb_row][\/et_pb_section][et_pb_section fb_built=&#8221;1&#8243; custom_padding_last_edited=&#8221;on|tablet&#8221; admin_label=&#8221;les partenaires locaux&#8221; module_id=&#8221;partenaireslocaux&#8221; _builder_version=&#8221;4.3.4&#8243; custom_padding=&#8221;59px||29px|||&#8221; custom_padding_tablet=&#8221;60px|||&#8221; custom_padding_phone=&#8221;&#8221;][et_pb_row _builder_version=&#8221;4.3.4&#8243;][et_pb_column type=&#8221;4_4&#8243; _builder_version=&#8221;4.3.4&#8243;][et_pb_text admin_label=&#8221;Titre partenaires locaux&#8221; _builder_version=&#8221;4.3.4&#8243; text_font=&#8221;||||&#8221; text_text_color=&#8221;#1a1a1a&#8221; header_font=&#8221;Oswald|on||on|&#8221; header_text_align=&#8221;left&#8221; header_font_size=&#8221;44px&#8221; header_line_height=&#8221;1.3em&#8221; background_size=&#8221;initial&#8221; background_position=&#8221;top_left&#8221; background_repeat=&#8221;repeat&#8221; max_width=&#8221;450px&#8221; custom_margin=&#8221;|||&#8221; custom_padding=&#8221;|||&#8221; animation_style=&#8221;slide&#8221; animation_direction=&#8221;top&#8221; animation_intensity_slide=&#8221;10%&#8221; header_font_size_tablet=&#8221;39px&#8221; header_font_size_phone=&#8221;35px&#8221; header_font_size_last_edited=&#8221;on|phone&#8221; locked=&#8221;off&#8221;]<\/p>\n<h1>I Partner locali<\/h1>\n<p>[\/et_pb_text][et_pb_divider color=&#8221;#0c71c3&#8243; divider_position=&#8221;center&#8221; divider_weight=&#8221;3px&#8221; disabled_on=&#8221;off|off|off%22&#8243; admin_label=&#8221;S\u00e9parateur&#8221; _builder_version=&#8221;4.3.4&#8243; max_width=&#8221;150px&#8221; height=&#8221;false&#8221; custom_margin=&#8221;30px|||&#8221; animation_style=&#8221;slide&#8221; animation_direction=&#8221;top&#8221; animation_delay=&#8221;100ms&#8221; animation_intensity_slide=&#8221;10%&#8221; locked=&#8221;off&#8221;][\/et_pb_divider][et_pb_blurb title=&#8221;Roberto &#8211; Guida alpina sarda&#8221; image=&#8221;https:\/\/voile-escalade.com\/vertigoblue\/vela-arrampicata\/wp-content\/uploads\/sites\/3\/2021\/11\/Roberto-Pau.jpg&#8221; alt=&#8221;Andrea, un sourire radieux, sous le soleil chaud de la tomb\u00e9e du soir en Sicile, \u00e0 San Vito Lo Capo. Photo: Vertigo Blue&#8221; image_max_width_tablet=&#8221;100%&#8221; image_max_width_phone=&#8221;&#8221; image_max_width_last_edited=&#8221;on|tablet&#8221; content_max_width_tablet=&#8221;604px&#8221; content_max_width_phone=&#8221;&#8221; content_max_width_last_edited=&#8221;on|tablet&#8221; admin_label=&#8221;Roberto img + txt&#8221; _builder_version=&#8221;4.3.4&#8243; header_font=&#8221;Oswald|on||on|&#8221; header_font_size=&#8221;24px&#8221; body_font=&#8221;Roboto||||&#8221; body_text_align=&#8221;left&#8221; body_text_color=&#8221;rgba(0,0,0,0.38)&#8221; body_font_size=&#8221;16px&#8221; text_orientation=&#8221;center&#8221; width_tablet=&#8221;&#8221; width_phone=&#8221;&#8221; width_last_edited=&#8221;on|tablet&#8221; max_width_tablet=&#8221;&#8221; max_width_phone=&#8221;&#8221; max_width_last_edited=&#8221;on|tablet&#8221; custom_margin=&#8221;|4px|||false|false&#8221; custom_margin_tablet=&#8221;|4px|||false|false&#8221; custom_margin_phone=&#8221;&#8221; custom_margin_last_edited=&#8221;on|tablet&#8221; custom_padding=&#8221;|1px|||false|false&#8221; animation_style=&#8221;zoom&#8221; animation_duration=&#8221;0ms&#8221; animation_intensity_zoom=&#8221;0%&#8221; animation_speed_curve=&#8221;linear&#8221; animation=&#8221;off&#8221; box_shadow_style=&#8221;preset3&#8243; locked=&#8221;off&#8221;]<\/p>\n<p>Nato in Sardegna, dove ha vissuto fino all&#8217;et\u00e0 di 27 anni, si \u00e8 poi trasferito sul versante italiano del Monte Rosa: &#8220;\u00c8 lass\u00f9 che ho maturato la mia passione per le falesie, in un terreno di montagna mista dove mi sono avvicinato all&#8217;alpinismo e allo sci.<br \/>Diventare guida alpina \u00e8 stato il naturale passaggio successivo&#8221;.<\/p>\n<p>Nel 2015, si \u00e8 trasferito a Chamonix, ai piedi del Monte Bianco, dove vive e pratica la sua professione: guida alpina e arrampicata su roccia in estate, arrampicata su ghiaccio e sci fuori pista in inverno. Senza mai dimenticare la sua isola natale: &#8220;Normalmente, passo l&#8217;autunno in Sardegna, approfittandone per praticare l&#8217;arrampicata e allestire nuove vie&#8221;.<\/p>\n<p>[\/et_pb_blurb][et_pb_blurb title=&#8221;Simon &#8211; Istruttore arrampicata in Grecia&#8221; image=&#8221;https:\/\/voile-escalade.com\/vertigoblue\/wp-content\/uploads\/2022\/05\/Simon-Montmory-11.19.jpg&#8221; alt=&#8221;Andrea, un sourire radieux, sous le soleil chaud de la tomb\u00e9e du soir en Sicile, \u00e0 San Vito Lo Capo. Photo: Vertigo Blue&#8221; image_max_width_tablet=&#8221;100%&#8221; image_max_width_phone=&#8221;&#8221; image_max_width_last_edited=&#8221;on|tablet&#8221; content_max_width_tablet=&#8221;604px&#8221; content_max_width_phone=&#8221;&#8221; content_max_width_last_edited=&#8221;on|tablet&#8221; admin_label=&#8221;Simon img + txt&#8221; _builder_version=&#8221;4.3.4&#8243; header_font=&#8221;Oswald|on||on|&#8221; header_font_size=&#8221;24px&#8221; body_font=&#8221;Roboto||||&#8221; body_text_align=&#8221;left&#8221; body_text_color=&#8221;rgba(0,0,0,0.38)&#8221; body_font_size=&#8221;16px&#8221; text_orientation=&#8221;center&#8221; width_tablet=&#8221;&#8221; width_phone=&#8221;&#8221; width_last_edited=&#8221;on|tablet&#8221; max_width_tablet=&#8221;&#8221; max_width_phone=&#8221;&#8221; max_width_last_edited=&#8221;on|tablet&#8221; custom_margin=&#8221;|4px|||false|false&#8221; custom_margin_tablet=&#8221;|4px|||false|false&#8221; custom_margin_phone=&#8221;&#8221; custom_margin_last_edited=&#8221;on|tablet&#8221; custom_padding=&#8221;|1px|||false|false&#8221; animation_style=&#8221;zoom&#8221; animation_duration=&#8221;0ms&#8221; animation_intensity_zoom=&#8221;0%&#8221; animation_speed_curve=&#8221;linear&#8221; animation=&#8221;off&#8221; box_shadow_style=&#8221;preset3&#8243; locked=&#8221;off&#8221;]<\/p>\n<p>Simon \u00e8 istruttore qualificato in Francia dal 2005 (BEES climbing-canyoning). Dopo anni di alpinismo a Chamonix, Simon si \u00e8 dedicato all\u2019arrampicata sportiva e ne ha fatto il suo stile di vita. Il suo desiderio di libert\u00e0 e la sua costante ricerca delle linee pi\u00f9 belle da scalare lo hanno portato in Cina, Francia, Italia, Spagna, Canada e Svizzera.<br \/>Appena arrivato in Grecia, Simon ha capito di aver trovato il posto perfetto per vivere la sua passione di arrampicatore.<br \/>Ogni anno condivide la sua passione con scalatori di tutto il mondo che vengono a beneficiare della sua esperienza. Simon li aiuta a progredire mentre si divertono sulle pi\u00f9 belle linee di arrampicata greche.<\/p>\n<p>[\/et_pb_blurb][et_pb_blurb title=&#8221;Daniele &#8211; Istruttore d&#8217;arrampicata Siciliano&#8221; image=&#8221;https:\/\/voile-escalade.com\/vertigoblue\/vela-arrampicata\/wp-content\/uploads\/sites\/3\/2021\/11\/Daniele-Arena-sicile.jpg&#8221; alt=&#8221;Sarah, sourit en tenant la barre \u00e0 roue d&#8217;un voilier dans un port, sous un ciel gris\u00e9. Photo: Vertigo Blue&#8221; image_max_width_tablet=&#8221;100%&#8221; image_max_width_phone=&#8221;&#8221; image_max_width_last_edited=&#8221;on|tablet&#8221; content_max_width_tablet=&#8221;604px&#8221; content_max_width_phone=&#8221;&#8221; content_max_width_last_edited=&#8221;on|tablet&#8221; admin_label=&#8221;Daniele img +txt&#8221; _builder_version=&#8221;4.3.4&#8243; header_font=&#8221;Oswald|on||on|&#8221; header_font_size=&#8221;24px&#8221; body_font=&#8221;Roboto||||&#8221; body_text_align=&#8221;left&#8221; body_text_color=&#8221;rgba(0,0,0,0.38)&#8221; body_font_size=&#8221;16px&#8221; text_orientation=&#8221;center&#8221; width_tablet=&#8221;&#8221; width_phone=&#8221;&#8221; width_last_edited=&#8221;on|tablet&#8221; max_width_tablet=&#8221;&#8221; max_width_phone=&#8221;&#8221; max_width_last_edited=&#8221;on|tablet&#8221; custom_margin=&#8221;|4px|||false|false&#8221; custom_margin_tablet=&#8221;|4px|||false|false&#8221; custom_margin_phone=&#8221;&#8221; custom_margin_last_edited=&#8221;on|tablet&#8221; custom_padding=&#8221;|1px|||false|false&#8221; animation_style=&#8221;zoom&#8221; animation_duration=&#8221;0ms&#8221; animation_intensity_zoom=&#8221;0%&#8221; animation_speed_curve=&#8221;linear&#8221; animation=&#8221;off&#8221; box_shadow_style=&#8221;preset3&#8243; locked=&#8221;off&#8221;]<\/p>\n<p style=\"padding-left: 30px; text-align: left;\">Daniele Arena, viaggiatore e sportivo agguerrito, \u00e8 nato a Catania, in Sicilia. Fu uno dei primi scalatori a stabilirsi a San Vito Lo Capo, dove ha aperto numerose vie di arrampicata. Oggi gestisce la Climbing House ed \u00e8 anche istruttore di mountain bike.<\/p>\n<p style=\"padding-left: 30px; text-align: left;\">[\/et_pb_blurb][et_pb_blurb title=&#8221;Cala Mancina Climbing House &#8211; Sicile&#8221; image=&#8221;https:\/\/voile-escalade.com\/vertigoblue\/wp-content\/uploads\/2022\/08\/cala-mancina-climbing-house.jpg&#8221; alt=&#8221;Sarah, sourit en tenant la barre \u00e0 roue d&#8217;un voilier dans un port, sous un ciel gris\u00e9. Photo: Vertigo Blue&#8221; image_max_width_tablet=&#8221;100%&#8221; image_max_width_phone=&#8221;&#8221; image_max_width_last_edited=&#8221;on|tablet&#8221; content_max_width_tablet=&#8221;604px&#8221; content_max_width_phone=&#8221;&#8221; content_max_width_last_edited=&#8221;on|tablet&#8221; admin_label=&#8221;Cala mancina climbing house img +txt&#8221; _builder_version=&#8221;4.3.4&#8243; header_font=&#8221;Oswald|on||on|&#8221; header_font_size=&#8221;24px&#8221; body_font=&#8221;Roboto||||&#8221; body_text_align=&#8221;left&#8221; body_text_color=&#8221;rgba(0,0,0,0.38)&#8221; body_font_size=&#8221;16px&#8221; text_orientation=&#8221;center&#8221; width_tablet=&#8221;&#8221; width_phone=&#8221;&#8221; width_last_edited=&#8221;on|tablet&#8221; max_width_tablet=&#8221;&#8221; max_width_phone=&#8221;&#8221; max_width_last_edited=&#8221;on|tablet&#8221; custom_margin=&#8221;|4px|||false|false&#8221; custom_margin_tablet=&#8221;|4px|||false|false&#8221; custom_margin_phone=&#8221;&#8221; custom_margin_last_edited=&#8221;on|tablet&#8221; custom_padding=&#8221;|1px|||false|false&#8221; animation_style=&#8221;zoom&#8221; animation_duration=&#8221;0ms&#8221; animation_intensity_zoom=&#8221;0%&#8221; animation_speed_curve=&#8221;linear&#8221; animation=&#8221;off&#8221; box_shadow_style=&#8221;preset3&#8243; locked=&#8221;off&#8221;]<\/p>\n<p style=\"padding-left: 30px; text-align: left;\">Enclavado en los acantilados de San Vito, en un entorno excepcional a un paso del pueblo pero en plena naturaleza, con unas vistas impresionantes. La Climbing House est\u00e1 dirigida por nuestro gu\u00eda local asociado, Daniele. Un alojamiento sencillo con el confort justo para los amantes de la naturaleza.<\/p>\n<p style=\"padding-left: 30px; text-align: left;\">[\/et_pb_blurb][et_pb_blurb title=&#8221;Campeggio Ecologico El Bahira **** &#8211; Sicilia&#8221; image=&#8221;https:\/\/voile-escalade.com\/vertigoblue\/wp-content\/uploads\/2022\/08\/el-bahira-campeggio.jpg&#8221; alt=&#8221;Sarah, sourit en tenant la barre \u00e0 roue d&#8217;un voilier dans un port, sous un ciel gris\u00e9. Photo: Vertigo Blue&#8221; image_max_width_tablet=&#8221;100%&#8221; image_max_width_phone=&#8221;&#8221; image_max_width_last_edited=&#8221;on|tablet&#8221; content_max_width_tablet=&#8221;604px&#8221; content_max_width_phone=&#8221;&#8221; content_max_width_last_edited=&#8221;on|tablet&#8221; admin_label=&#8221;Camping El Bahira img +txt&#8221; _builder_version=&#8221;4.3.4&#8243; header_font=&#8221;Oswald|on||on|&#8221; header_font_size=&#8221;24px&#8221; body_font=&#8221;Roboto||||&#8221; body_text_align=&#8221;left&#8221; body_text_color=&#8221;rgba(0,0,0,0.38)&#8221; body_font_size=&#8221;16px&#8221; text_orientation=&#8221;center&#8221; width_tablet=&#8221;&#8221; width_phone=&#8221;&#8221; width_last_edited=&#8221;on|tablet&#8221; max_width_tablet=&#8221;&#8221; max_width_phone=&#8221;&#8221; max_width_last_edited=&#8221;on|tablet&#8221; custom_margin=&#8221;|4px|||false|false&#8221; custom_margin_tablet=&#8221;|4px|||false|false&#8221; custom_margin_phone=&#8221;&#8221; custom_margin_last_edited=&#8221;on|tablet&#8221; custom_padding=&#8221;|1px|||false|false&#8221; animation_style=&#8221;zoom&#8221; animation_duration=&#8221;0ms&#8221; animation_intensity_zoom=&#8221;0%&#8221; animation_speed_curve=&#8221;linear&#8221; animation=&#8221;off&#8221; box_shadow_style=&#8221;preset3&#8243; locked=&#8221;off&#8221;]<\/p>\n<p style=\"padding-left: 30px; text-align: left;\">Il campeggio El Bahira si trova nel cuore della riserva naturale dello Zingaro, vicino al villaggio di San Vito Lo Capo sulla costa nord-occidentale della Sicilia. \u00c8 un campeggio ecologico 4 stelle aperto tutto l&#8217;anno. Accoglie molti scalatori che vengono a godersi le incredibili scogliere di San Vito. C&#8217;\u00e8 anche un piccolo negozio di arrampicata e alcune vie direttamente nel cuore del campeggio.<\/p>\n<p style=\"padding-left: 30px; text-align: left;\">[\/et_pb_blurb][\/et_pb_column][\/et_pb_row][\/et_pb_section][et_pb_section fb_built=&#8221;1&#8243; custom_padding_last_edited=&#8221;on|tablet&#8221; admin_label=&#8221;Les agences partenaires&#8221; module_id=&#8221;agencespartenaires&#8221; _builder_version=&#8221;4.3.4&#8243; custom_padding=&#8221;59px||29px|||&#8221; custom_padding_tablet=&#8221;60px|||&#8221; custom_padding_phone=&#8221;&#8221;][et_pb_row admin_label=&#8221;les agences partenaires&#8221; _builder_version=&#8221;4.3.4&#8243;][et_pb_column type=&#8221;4_4&#8243; _builder_version=&#8221;4.3.4&#8243;][et_pb_text admin_label=&#8221;Titre agences&#8221; _builder_version=&#8221;4.3.4&#8243; text_font=&#8221;||||&#8221; text_text_color=&#8221;#1a1a1a&#8221; header_font=&#8221;Oswald|on||on|&#8221; header_text_align=&#8221;left&#8221; header_font_size=&#8221;44px&#8221; header_line_height=&#8221;1.3em&#8221; background_size=&#8221;initial&#8221; background_position=&#8221;top_left&#8221; background_repeat=&#8221;repeat&#8221; max_width=&#8221;450px&#8221; custom_margin=&#8221;|||&#8221; custom_padding=&#8221;|||&#8221; animation_style=&#8221;slide&#8221; animation_direction=&#8221;top&#8221; animation_intensity_slide=&#8221;10%&#8221; header_font_size_tablet=&#8221;39px&#8221; header_font_size_phone=&#8221;35px&#8221; header_font_size_last_edited=&#8221;on|phone&#8221; locked=&#8221;off&#8221;]<\/p>\n<h1>Le agenzie partner<\/h1>\n<p>[\/et_pb_text][et_pb_divider color=&#8221;#0c71c3&#8243; divider_position=&#8221;center&#8221; divider_weight=&#8221;3px&#8221; disabled_on=&#8221;off|off|off%22&#8243; admin_label=&#8221;S\u00e9parateur&#8221; _builder_version=&#8221;4.3.4&#8243; max_width=&#8221;150px&#8221; height=&#8221;false&#8221; custom_margin=&#8221;30px|||&#8221; animation_style=&#8221;slide&#8221; animation_direction=&#8221;top&#8221; animation_delay=&#8221;100ms&#8221; animation_intensity_slide=&#8221;10%&#8221; locked=&#8221;off&#8221;][\/et_pb_divider][et_pb_blurb title=&#8221;Vialala &#8211; agenzia per creatori di viaggi indipendenti&#8221; image=&#8221;https:\/\/voile-escalade.com\/vertigoblue\/vela-arrampicata\/wp-content\/uploads\/sites\/3\/2021\/11\/Logo-Vialala-FR-34px.png&#8221; alt=&#8221;Sarah, sourit en tenant la barre \u00e0 roue d&#8217;un voilier dans un port, sous un ciel gris\u00e9. Photo: Vertigo Blue&#8221; image_max_width_tablet=&#8221;100%&#8221; image_max_width_phone=&#8221;&#8221; image_max_width_last_edited=&#8221;on|tablet&#8221; content_max_width_tablet=&#8221;604px&#8221; content_max_width_phone=&#8221;&#8221; content_max_width_last_edited=&#8221;on|tablet&#8221; admin_label=&#8221;Vialala img +txt&#8221; _builder_version=&#8221;4.3.4&#8243; header_font=&#8221;Oswald|on||on|&#8221; header_font_size=&#8221;24px&#8221; body_font=&#8221;Roboto||||&#8221; body_text_align=&#8221;left&#8221; body_text_color=&#8221;rgba(0,0,0,0.38)&#8221; body_font_size=&#8221;16px&#8221; text_orientation=&#8221;center&#8221; width_tablet=&#8221;&#8221; width_phone=&#8221;&#8221; width_last_edited=&#8221;on|tablet&#8221; max_width_tablet=&#8221;&#8221; max_width_phone=&#8221;&#8221; max_width_last_edited=&#8221;on|tablet&#8221; custom_margin=&#8221;|4px|||false|false&#8221; custom_margin_tablet=&#8221;|4px|||false|false&#8221; custom_margin_phone=&#8221;&#8221; custom_margin_last_edited=&#8221;on|tablet&#8221; custom_padding=&#8221;|1px|||false|false&#8221; animation_style=&#8221;zoom&#8221; animation_duration=&#8221;0ms&#8221; animation_intensity_zoom=&#8221;0%&#8221; animation_speed_curve=&#8221;linear&#8221; animation=&#8221;off&#8221; box_shadow_style=&#8221;preset3&#8243; locked=&#8221;off&#8221;]<\/p>\n<p>Vialala \u00e8 un&#8217;agenzia per creatori di viaggi indipendenti. Ci permette di commercializzare i nostri soggiorni beneficiando di tutte le garanzie necessarie per l&#8217;organizzazione di un viaggio (iscrizione Atout France e garanzie finaziarie)<\/p>\n<p><a href=\"https:\/\/www.vialala.fr\/travel-planner\/sarah-marquina\" target=\"_blank\" rel=\"noopener noreferrer\">Per pi\u00f9 d&#8217;informazioni<\/a><\/p>\n<p style=\"padding-left: 30px; text-align: left;\">[\/et_pb_blurb][et_pb_blurb title=&#8221;Vertikal &#038; Quentin Hoarau&#8221; image=&#8221;https:\/\/voile-escalade.com\/vertigoblue\/wp-content\/uploads\/2021\/02\/quentin-hoarau.jpg&#8221; alt=&#8221;Andrea, un sourire radieux, sous le soleil chaud de la tomb\u00e9e du soir en Sicile, \u00e0 San Vito Lo Capo. Photo: Vertigo Blue&#8221; image_max_width_tablet=&#8221;100%&#8221; image_max_width_phone=&#8221;&#8221; image_max_width_last_edited=&#8221;on|tablet&#8221; content_max_width_tablet=&#8221;604px&#8221; content_max_width_phone=&#8221;&#8221; content_max_width_last_edited=&#8221;on|tablet&#8221; admin_label=&#8221;vertikal img + txt&#8221; _builder_version=&#8221;4.3.4&#8243; header_font=&#8221;Oswald|on||on|&#8221; header_font_size=&#8221;24px&#8221; body_font=&#8221;Roboto||||&#8221; body_text_align=&#8221;left&#8221; body_text_color=&#8221;rgba(0,0,0,0.38)&#8221; body_font_size=&#8221;16px&#8221; text_orientation=&#8221;center&#8221; width_tablet=&#8221;&#8221; width_phone=&#8221;&#8221; width_last_edited=&#8221;on|tablet&#8221; max_width_tablet=&#8221;&#8221; max_width_phone=&#8221;&#8221; max_width_last_edited=&#8221;on|tablet&#8221; custom_margin=&#8221;|4px|||false|false&#8221; custom_margin_tablet=&#8221;|4px|||false|false&#8221; custom_margin_phone=&#8221;&#8221; custom_margin_last_edited=&#8221;on|tablet&#8221; custom_padding=&#8221;|1px|||false|false&#8221; animation_style=&#8221;zoom&#8221; animation_duration=&#8221;0ms&#8221; animation_intensity_zoom=&#8221;0%&#8221; animation_speed_curve=&#8221;linear&#8221; animation=&#8221;off&#8221; box_shadow_style=&#8221;preset3&#8243; locked=&#8221;off&#8221;]<\/p>\n<p>Vertikal Voyages \u00e8 una piccola agenzia fondata da Quentin Hoarau, appassionato di sport e viaggi. Offre soggiorni in tutto il mondo intorno a 4 attivit\u00e0: mountain bike, sci, kayak&#8230; e naturalmente arrampicata.<\/p>\n<p>Abbiamo co-creato con Vertikal il viaggio vela e arrampicata in Grecia.<\/p>\n<p>L&#8217;agenzia collabora con noi anche per la commercializzazione del viaggio vela e arrampicata in Sardegna.<\/p>\n<p>&nbsp;<\/p>\n<p><a href=\"https:\/\/vertikal-voyages.fr\/sejour\/voile-escalade-dans-le-peloponnese\/\" target=\"_blank\" rel=\"noopener noreferrer\">Per saperne di pi\u00f9<\/a><\/p>\n<p style=\"padding-left: 30px; text-align: left;\">[\/et_pb_blurb][\/et_pb_column][\/et_pb_row][et_pb_row column_structure=&#8221;1_3,1_3,1_3&#8243; _builder_version=&#8221;4.3.4&#8243; locked=&#8221;off&#8221;][et_pb_column type=&#8221;1_3&#8243; _builder_version=&#8221;4.3.4&#8243;][et_pb_blurb title=&#8221;Globe Sailor&#8221; image=&#8221;https:\/\/voile-escalade.com\/vertigoblue\/wp-content\/uploads\/2022\/08\/logo_globesailor.jpg&#8221; alt=&#8221;Andrea, un sourire radieux, sous le soleil chaud de la tomb\u00e9e du soir en Sicile, \u00e0 San Vito Lo Capo. Photo: Vertigo Blue&#8221; image_max_width_tablet=&#8221;100%&#8221; image_max_width_phone=&#8221;&#8221; image_max_width_last_edited=&#8221;on|tablet&#8221; content_max_width_tablet=&#8221;604px&#8221; content_max_width_phone=&#8221;&#8221; content_max_width_last_edited=&#8221;on|tablet&#8221; admin_label=&#8221;Globe Sailor img + txt&#8221; _builder_version=&#8221;4.3.4&#8243; header_font=&#8221;Oswald|on||on|&#8221; header_font_size=&#8221;24px&#8221; body_font=&#8221;Roboto||||&#8221; body_text_align=&#8221;left&#8221; body_text_color=&#8221;rgba(0,0,0,0.38)&#8221; body_font_size=&#8221;16px&#8221; text_orientation=&#8221;center&#8221; width_tablet=&#8221;&#8221; width_phone=&#8221;&#8221; width_last_edited=&#8221;on|tablet&#8221; max_width_tablet=&#8221;&#8221; max_width_phone=&#8221;&#8221; max_width_last_edited=&#8221;on|tablet&#8221; custom_margin=&#8221;|4px|||false|false&#8221; custom_margin_tablet=&#8221;|4px|||false|false&#8221; custom_margin_phone=&#8221;&#8221; custom_margin_last_edited=&#8221;on|tablet&#8221; custom_padding=&#8221;|1px|||false|false&#8221; animation_style=&#8221;zoom&#8221; animation_duration=&#8221;0ms&#8221; animation_intensity_zoom=&#8221;0%&#8221; animation_speed_curve=&#8221;linear&#8221; animation=&#8221;off&#8221; box_shadow_style=&#8221;preset3&#8243; locked=&#8221;off&#8221;]<\/p>\n<p>Globe Sailor, importante operatore di locazione barche a vela, commercializza i nostri soggiorni in Sardegna.<\/p>\n<p><a href=\"https:\/\/www.globesailor.fr\/croisiere-rando-sardaigne-cp259.html?p=683\" target=\"_blank\" rel=\"noopener noreferrer\">Per saperne di pi\u00f9<\/a><\/p>\n<p style=\"padding-left: 30px; text-align: left;\">[\/et_pb_blurb][\/et_pb_column][et_pb_column type=&#8221;1_3&#8243; _builder_version=&#8221;4.3.4&#8243;][et_pb_blurb title=&#8221;Exp\u00e93&#8243; image=&#8221;https:\/\/voile-escalade.com\/vertigoblue\/wp-content\/uploads\/2022\/08\/logo-expe3.png&#8221; alt=&#8221;Andrea, un sourire radieux, sous le soleil chaud de la tomb\u00e9e du soir en Sicile, \u00e0 San Vito Lo Capo. Photo: Vertigo Blue&#8221; image_max_width_tablet=&#8221;100%&#8221; image_max_width_phone=&#8221;&#8221; image_max_width_last_edited=&#8221;on|tablet&#8221; content_max_width_tablet=&#8221;604px&#8221; content_max_width_phone=&#8221;&#8221; content_max_width_last_edited=&#8221;on|tablet&#8221; admin_label=&#8221;Expe3 img + txt&#8221; _builder_version=&#8221;4.3.4&#8243; header_font=&#8221;Oswald|on||on|&#8221; header_font_size=&#8221;24px&#8221; body_font=&#8221;Roboto||||&#8221; body_text_align=&#8221;left&#8221; body_text_color=&#8221;rgba(0,0,0,0.38)&#8221; body_font_size=&#8221;16px&#8221; text_orientation=&#8221;center&#8221; width_tablet=&#8221;&#8221; width_phone=&#8221;&#8221; width_last_edited=&#8221;on|tablet&#8221; max_width_tablet=&#8221;&#8221; max_width_phone=&#8221;&#8221; max_width_last_edited=&#8221;on|tablet&#8221; custom_margin=&#8221;|4px|||false|false&#8221; custom_margin_tablet=&#8221;|4px|||false|false&#8221; custom_margin_phone=&#8221;&#8221; custom_margin_last_edited=&#8221;on|tablet&#8221; custom_padding=&#8221;|1px|||false|false&#8221; animation_style=&#8221;zoom&#8221; animation_duration=&#8221;0ms&#8221; animation_intensity_zoom=&#8221;0%&#8221; animation_speed_curve=&#8221;linear&#8221; animation=&#8221;off&#8221; box_shadow_style=&#8221;preset3&#8243; locked=&#8221;off&#8221;]<\/p>\n<p>Agenzia specializzata in viaggi d&#8217;avventura, Exp\u00e93 commercializza tutti i nostri viaggi dal 2022.<\/p>\n<p><a href=\"https:\/\/www.expe3.com\/\" target=\"_blank\" rel=\"noopener noreferrer\">Per saperne di pi\u00f9<\/a><\/p>\n<p style=\"padding-left: 30px; text-align: left;\">[\/et_pb_blurb][\/et_pb_column][et_pb_column type=&#8221;1_3&#8243; _builder_version=&#8221;4.3.4&#8243;][et_pb_blurb title=&#8221;Expeditions Connect&#8221; image=&#8221;https:\/\/voile-escalade.com\/vertigoblue\/wp-content\/uploads\/2022\/08\/logo-expeditions-connect.png&#8221; alt=&#8221;Andrea, un sourire radieux, sous le soleil chaud de la tomb\u00e9e du soir en Sicile, \u00e0 San Vito Lo Capo. Photo: Vertigo Blue&#8221; image_max_width_tablet=&#8221;100%&#8221; image_max_width_phone=&#8221;&#8221; image_max_width_last_edited=&#8221;on|tablet&#8221; content_max_width_tablet=&#8221;604px&#8221; content_max_width_phone=&#8221;&#8221; content_max_width_last_edited=&#8221;on|tablet&#8221; admin_label=&#8221;Expeditions Connect img + txt&#8221; _builder_version=&#8221;4.3.4&#8243; header_font=&#8221;Oswald|on||on|&#8221; header_font_size=&#8221;24px&#8221; body_font=&#8221;Roboto||||&#8221; body_text_align=&#8221;left&#8221; body_text_color=&#8221;rgba(0,0,0,0.38)&#8221; body_font_size=&#8221;16px&#8221; text_orientation=&#8221;center&#8221; width_tablet=&#8221;&#8221; width_phone=&#8221;&#8221; width_last_edited=&#8221;on|tablet&#8221; max_width_tablet=&#8221;&#8221; max_width_phone=&#8221;&#8221; max_width_last_edited=&#8221;on|tablet&#8221; custom_margin=&#8221;|4px|||false|false&#8221; custom_margin_tablet=&#8221;|4px|||false|false&#8221; custom_margin_phone=&#8221;&#8221; custom_margin_last_edited=&#8221;on|tablet&#8221; custom_padding=&#8221;|1px|||false|false&#8221; animation_style=&#8221;zoom&#8221; animation_duration=&#8221;0ms&#8221; animation_intensity_zoom=&#8221;0%&#8221; animation_speed_curve=&#8221;linear&#8221; animation=&#8221;off&#8221; hover_enabled=&#8221;0&#8243; box_shadow_style=&#8221;preset3&#8243; locked=&#8221;off&#8221;]<\/p>\n<p>Expeditions Connect \u00e8 una piattaforma di viaggi d&#8217;avventura con sede in Germania. Offre tutti i nostri viaggi dal 2022.<\/p>\n<p><a href=\"https:\/\/expeditionsconnect.com\/expert-profile\/6274f4e5e1a6345b0fbad093\" target=\"_blank\" rel=\"noopener noreferrer\">per saperne di pi\u00f9<\/a><\/p>\n<p style=\"padding-left: 30px; text-align: left;\">\n[\/et_pb_blurb][\/et_pb_column][\/et_pb_row][\/et_pb_section]<\/p>\n","protected":false},"excerpt":{"rendered":"<p>La team Vertigo BlueNato nel 1985 sulla costa adriatica, si \u00e8 trasferito in Germania e poi a Barcellona per studio. L\u00ec, ha scoperto la vela e l&#8217;arrampicata allo stesso tempo. Dalle sue prime brevi crociere alle Baleari ai primi tentativi di arrampicata sul Montserrat, le sue passioni sono cresciute e lo hanno portato a viaggiare [&hellip;]<\/p>\n","protected":false},"author":2,"featured_media":0,"parent":0,"menu_order":0,"comment_status":"closed","ping_status":"closed","template":"","meta":{"_et_pb_use_builder":"on","_et_pb_old_content":"","_et_gb_content_width":""},"yoast_head":"<!-- This site is optimized with the Yoast SEO plugin v20.2.1 - https:\/\/yoast.com\/wordpress\/plugins\/seo\/ -->\n<title>Chi siamo - Vela e arrampicata in Mediterraneo<\/title>\n<meta name=\"robots\" content=\"index, follow, max-snippet:-1, max-image-preview:large, max-video-preview:-1\" \/>\n<link rel=\"canonical\" href=\"https:\/\/voile-escalade.com\/vertigoblue\/vela-arrampicata\/chi-siamo\/\" \/>\n<meta property=\"og:locale\" content=\"it_IT\" \/>\n<meta property=\"og:type\" content=\"article\" \/>\n<meta property=\"og:title\" content=\"Chi siamo - Vela e arrampicata in Mediterraneo\" \/>\n<meta property=\"og:description\" content=\"La team Vertigo BlueNato nel 1985 sulla costa adriatica, si \u00e8 trasferito in Germania e poi a Barcellona per studio. L\u00ec, ha scoperto la vela e l&#039;arrampicata allo stesso tempo. Dalle sue prime brevi crociere alle Baleari ai primi tentativi di arrampicata sul Montserrat, le sue passioni sono cresciute e lo hanno portato a viaggiare [&hellip;]\" \/>\n<meta property=\"og:url\" content=\"https:\/\/voile-escalade.com\/vertigoblue\/vela-arrampicata\/chi-siamo\/\" \/>\n<meta property=\"og:site_name\" content=\"Vela e arrampicata in Mediterraneo\" \/>\n<meta property=\"article:modified_time\" content=\"2022-12-30T16:05:00+00:00\" \/>\n<meta name=\"twitter:card\" content=\"summary_large_image\" \/>\n<meta name=\"twitter:label1\" content=\"Tempo di lettura stimato\" \/>\n\t<meta name=\"twitter:data1\" content=\"18 minuti\" \/>\n<script type=\"application\/ld+json\" class=\"yoast-schema-graph\">{\"@context\":\"https:\/\/schema.org\",\"@graph\":[{\"@type\":\"WebPage\",\"@id\":\"https:\/\/voile-escalade.com\/vertigoblue\/vela-arrampicata\/chi-siamo\/\",\"url\":\"https:\/\/voile-escalade.com\/vertigoblue\/vela-arrampicata\/chi-siamo\/\",\"name\":\"Chi siamo - Vela e arrampicata in Mediterraneo\",\"isPartOf\":{\"@id\":\"https:\/\/voile-escalade.com\/vertigoblue\/vela-arrampicata\/#website\"},\"datePublished\":\"2021-11-12T17:05:35+00:00\",\"dateModified\":\"2022-12-30T16:05:00+00:00\",\"breadcrumb\":{\"@id\":\"https:\/\/voile-escalade.com\/vertigoblue\/vela-arrampicata\/chi-siamo\/#breadcrumb\"},\"inLanguage\":\"it-IT\",\"potentialAction\":[{\"@type\":\"ReadAction\",\"target\":[\"https:\/\/voile-escalade.com\/vertigoblue\/vela-arrampicata\/chi-siamo\/\"]}]},{\"@type\":\"BreadcrumbList\",\"@id\":\"https:\/\/voile-escalade.com\/vertigoblue\/vela-arrampicata\/chi-siamo\/#breadcrumb\",\"itemListElement\":[{\"@type\":\"ListItem\",\"position\":1,\"name\":\"Accueil\",\"item\":\"https:\/\/voile-escalade.com\/vertigoblue\/vela-arrampicata\/\"},{\"@type\":\"ListItem\",\"position\":2,\"name\":\"Chi siamo\"}]},{\"@type\":\"WebSite\",\"@id\":\"https:\/\/voile-escalade.com\/vertigoblue\/vela-arrampicata\/#website\",\"url\":\"https:\/\/voile-escalade.com\/vertigoblue\/vela-arrampicata\/\",\"name\":\"Vela e arrampicata in Mediterraneo\",\"description\":\"Viaggi sportivi vela e arrampicata\",\"potentialAction\":[{\"@type\":\"SearchAction\",\"target\":{\"@type\":\"EntryPoint\",\"urlTemplate\":\"https:\/\/voile-escalade.com\/vertigoblue\/vela-arrampicata\/?s={search_term_string}\"},\"query-input\":\"required name=search_term_string\"}],\"inLanguage\":\"it-IT\"}]}<\/script>\n<!-- \/ Yoast SEO plugin. -->","yoast_head_json":{"title":"Chi siamo - Vela e arrampicata in Mediterraneo","robots":{"index":"index","follow":"follow","max-snippet":"max-snippet:-1","max-image-preview":"max-image-preview:large","max-video-preview":"max-video-preview:-1"},"canonical":"https:\/\/voile-escalade.com\/vertigoblue\/vela-arrampicata\/chi-siamo\/","og_locale":"it_IT","og_type":"article","og_title":"Chi siamo - Vela e arrampicata in Mediterraneo","og_description":"La team Vertigo BlueNato nel 1985 sulla costa adriatica, si \u00e8 trasferito in Germania e poi a Barcellona per studio. L\u00ec, ha scoperto la vela e l'arrampicata allo stesso tempo. Dalle sue prime brevi crociere alle Baleari ai primi tentativi di arrampicata sul Montserrat, le sue passioni sono cresciute e lo hanno portato a viaggiare [&hellip;]","og_url":"https:\/\/voile-escalade.com\/vertigoblue\/vela-arrampicata\/chi-siamo\/","og_site_name":"Vela e arrampicata in Mediterraneo","article_modified_time":"2022-12-30T16:05:00+00:00","twitter_card":"summary_large_image","twitter_misc":{"Tempo di lettura stimato":"18 minuti"},"schema":{"@context":"https:\/\/schema.org","@graph":[{"@type":"WebPage","@id":"https:\/\/voile-escalade.com\/vertigoblue\/vela-arrampicata\/chi-siamo\/","url":"https:\/\/voile-escalade.com\/vertigoblue\/vela-arrampicata\/chi-siamo\/","name":"Chi siamo - Vela e arrampicata in Mediterraneo","isPartOf":{"@id":"https:\/\/voile-escalade.com\/vertigoblue\/vela-arrampicata\/#website"},"datePublished":"2021-11-12T17:05:35+00:00","dateModified":"2022-12-30T16:05:00+00:00","breadcrumb":{"@id":"https:\/\/voile-escalade.com\/vertigoblue\/vela-arrampicata\/chi-siamo\/#breadcrumb"},"inLanguage":"it-IT","potentialAction":[{"@type":"ReadAction","target":["https:\/\/voile-escalade.com\/vertigoblue\/vela-arrampicata\/chi-siamo\/"]}]},{"@type":"BreadcrumbList","@id":"https:\/\/voile-escalade.com\/vertigoblue\/vela-arrampicata\/chi-siamo\/#breadcrumb","itemListElement":[{"@type":"ListItem","position":1,"name":"Accueil","item":"https:\/\/voile-escalade.com\/vertigoblue\/vela-arrampicata\/"},{"@type":"ListItem","position":2,"name":"Chi siamo"}]},{"@type":"WebSite","@id":"https:\/\/voile-escalade.com\/vertigoblue\/vela-arrampicata\/#website","url":"https:\/\/voile-escalade.com\/vertigoblue\/vela-arrampicata\/","name":"Vela e arrampicata in Mediterraneo","description":"Viaggi sportivi vela e arrampicata","potentialAction":[{"@type":"SearchAction","target":{"@type":"EntryPoint","urlTemplate":"https:\/\/voile-escalade.com\/vertigoblue\/vela-arrampicata\/?s={search_term_string}"},"query-input":"required name=search_term_string"}],"inLanguage":"it-IT"}]}},"_links":{"self":[{"href":"https:\/\/voile-escalade.com\/vertigoblue\/vela-arrampicata\/wp-json\/wp\/v2\/pages\/1109"}],"collection":[{"href":"https:\/\/voile-escalade.com\/vertigoblue\/vela-arrampicata\/wp-json\/wp\/v2\/pages"}],"about":[{"href":"https:\/\/voile-escalade.com\/vertigoblue\/vela-arrampicata\/wp-json\/wp\/v2\/types\/page"}],"author":[{"embeddable":true,"href":"https:\/\/voile-escalade.com\/vertigoblue\/vela-arrampicata\/wp-json\/wp\/v2\/users\/2"}],"replies":[{"embeddable":true,"href":"https:\/\/voile-escalade.com\/vertigoblue\/vela-arrampicata\/wp-json\/wp\/v2\/comments?post=1109"}],"version-history":[{"count":22,"href":"https:\/\/voile-escalade.com\/vertigoblue\/vela-arrampicata\/wp-json\/wp\/v2\/pages\/1109\/revisions"}],"predecessor-version":[{"id":1717,"href":"https:\/\/voile-escalade.com\/vertigoblue\/vela-arrampicata\/wp-json\/wp\/v2\/pages\/1109\/revisions\/1717"}],"wp:attachment":[{"href":"https:\/\/voile-escalade.com\/vertigoblue\/vela-arrampicata\/wp-json\/wp\/v2\/media?parent=1109"}],"curies":[{"name":"wp","href":"https:\/\/api.w.org\/{rel}","templated":true}]}}