{"id":1095,"date":"2021-11-12T19:49:56","date_gmt":"2021-11-12T18:49:56","guid":{"rendered":"https:\/\/voile-escalade.com\/vertigoblue\/vela-arrampicata\/?page_id=1095"},"modified":"2022-08-14T17:31:11","modified_gmt":"2022-08-14T15:31:11","slug":"lo-spirito-dei-nostri-viaggi","status":"publish","type":"page","link":"https:\/\/voile-escalade.com\/vertigoblue\/vela-arrampicata\/lo-spirito-dei-nostri-viaggi\/","title":{"rendered":"Lo spirito dei nostri viaggi"},"content":{"rendered":"<p>[et_pb_section fb_built=&#8221;1&#8243; fullwidth=&#8221;on&#8221; _builder_version=&#8221;4.3.4&#8243;][et_pb_fullwidth_header title=&#8221;Sali a bordo con noi!&#8221; subhead=&#8221;Lo spirito dei nostri viaggi&#8221; text_orientation=&#8221;center&#8221; button_one_url=&#8221;#destinations-corse&#8221; button_two_url=&#8221;#destinationseurope&#8221; _builder_version=&#8221;4.3.4&#8243; title_font=&#8221;|700|||||||&#8221; subhead_font_size=&#8221;22px&#8221; background_enable_color=&#8221;off&#8221; background_image=&#8221;https:\/\/voile-escalade.com\/vertigoblue\/vela-arrampicata\/wp-content\/uploads\/sites\/3\/2021\/11\/esprit-vertigo-blue-voile-escalade-mediterrannee.jpg&#8221;][\/et_pb_fullwidth_header][\/et_pb_section][et_pb_section fb_built=&#8221;1&#8243; custom_padding_last_edited=&#8221;on|tablet&#8221; admin_label=&#8221;esprit de nos s\u00e9jours&#8221; _builder_version=&#8221;4.3.4&#8243; custom_padding=&#8221;59px||29px|||&#8221; custom_padding_tablet=&#8221;60px|||&#8221; custom_padding_phone=&#8221;&#8221;][et_pb_row _builder_version=&#8221;4.3.4&#8243; background_size=&#8221;initial&#8221; background_position=&#8221;top_left&#8221; background_repeat=&#8221;repeat&#8221; module_alignment=&#8221;center&#8221;][et_pb_column type=&#8221;4_4&#8243; _builder_version=&#8221;4.3.4&#8243;][et_pb_text admin_label=&#8221;esprit de nos sejours&#8221; _builder_version=&#8221;4.3.4&#8243; text_font=&#8221;Roboto||||&#8221; text_text_color=&#8221;#1a1a1a&#8221; text_font_size=&#8221;24px&#8221; text_line_height=&#8221;1.4em&#8221; background_size=&#8221;initial&#8221; background_position=&#8221;top_left&#8221; background_repeat=&#8221;repeat&#8221; max_width_tablet=&#8221;&#8221; max_width_phone=&#8221;&#8221; max_width_last_edited=&#8221;on|desktop&#8221; custom_padding=&#8221;0px|||||&#8221; animation_style=&#8221;slide&#8221; animation_direction=&#8221;top&#8221; animation_delay=&#8221;200ms&#8221; animation_intensity_slide=&#8221;10%&#8221; locked=&#8221;off&#8221;]<\/p>\n<p>Prima di imbarcarti davvero con noi, ti raccontiamo un po&#8217; di pi\u00f9 cosa ti aspetta!<\/p>\n<p>[\/et_pb_text][et_pb_text admin_label=&#8221;Texte esprit &#8221; _builder_version=&#8221;4.3.4&#8243; text_font=&#8221;Roboto|300|||||||&#8221; text_font_size=&#8221;16px&#8221; text_line_height=&#8221;1.9em&#8221; background_size=&#8221;initial&#8221; background_position=&#8221;top_left&#8221; background_repeat=&#8221;repeat&#8221; max_width_tablet=&#8221;&#8221; max_width_phone=&#8221;&#8221; max_width_last_edited=&#8221;on|desktop&#8221; custom_margin=&#8221;17px||2px|||&#8221; custom_padding=&#8221;||0px|||&#8221; animation_style=&#8221;slide&#8221; animation_direction=&#8221;top&#8221; animation_delay=&#8221;400ms&#8221; animation_intensity_slide=&#8221;4%&#8221; locked=&#8221;off&#8221;]<\/p>\n<p>Ci siamo gi\u00e0 presentati <a href=\"https:\/\/voile-escalade.com\/vertigoblue\/qui-sommes-nous\/\">Qui<\/a>, e la storia delle origini di Vertigo Blue <a href=\"https:\/\/voile-escalade.com\/vertigoblue\/histoire-de-vertigo-blue\/\">\u00e8 qui<\/a>. A seguire\u00a0vi raccontiamo in dettaglio lo spirito con cui si svolgono i nostri viaggi<\/p>\n<p>[\/et_pb_text][\/et_pb_column][\/et_pb_row][\/et_pb_section][et_pb_section fb_built=&#8221;1&#8243; custom_padding_last_edited=&#8221;on|tablet&#8221; admin_label=&#8221;esprit voyage details&#8221; module_id=&#8221;destinationseurope&#8221; module_class=&#8221;dc_inverser_colonnes-section&#8221; _builder_version=&#8221;4.3.4&#8243; custom_padding=&#8221;59px||29px|||&#8221; custom_padding_tablet=&#8221;60px|||&#8221; custom_padding_phone=&#8221;&#8221;][et_pb_row column_structure=&#8221;1_2,1_2&#8243; admin_label=&#8221;ambiance&#8221; module_id=&#8221;destinationssardaigne&#8221; _builder_version=&#8221;4.3.4&#8243; background_size=&#8221;initial&#8221; background_position=&#8221;top_left&#8221; background_repeat=&#8221;repeat&#8221; module_alignment=&#8221;center&#8221;][et_pb_column type=&#8221;1_2&#8243; _builder_version=&#8221;4.3.4&#8243; custom_padding=&#8221;|||&#8221; custom_padding__hover=&#8221;|||&#8221;][et_pb_text admin_label=&#8221;Titre atmosfera&#8221; _builder_version=&#8221;4.3.4&#8243; text_font=&#8221;||||&#8221; text_text_color=&#8221;#1a1a1a&#8221; header_font=&#8221;Oswald|on||on|&#8221; header_text_align=&#8221;left&#8221; header_font_size=&#8221;44px&#8221; header_line_height=&#8221;1.3em&#8221; background_size=&#8221;initial&#8221; background_position=&#8221;top_left&#8221; background_repeat=&#8221;repeat&#8221; custom_margin=&#8221;|||&#8221; custom_padding=&#8221;|||&#8221; animation_style=&#8221;slide&#8221; animation_direction=&#8221;top&#8221; animation_intensity_slide=&#8221;10%&#8221; header_font_size_tablet=&#8221;39px&#8221; header_font_size_phone=&#8221;35px&#8221; header_font_size_last_edited=&#8221;on|phone&#8221; locked=&#8221;off&#8221;]<\/p>\n<h2>L&#8217;atmosfera generale<\/h2>\n<p>[\/et_pb_text][et_pb_divider color=&#8221;#0c71c3&#8243; divider_position=&#8221;center&#8221; divider_weight=&#8221;3px&#8221; disabled_on=&#8221;off|off|off%22&#8243; admin_label=&#8221;S\u00e9parateur&#8221; _builder_version=&#8221;4.3.4&#8243; max_width=&#8221;150px&#8221; height=&#8221;false&#8221; custom_margin=&#8221;15px||||false|false&#8221; animation_style=&#8221;slide&#8221; animation_direction=&#8221;top&#8221; animation_delay=&#8221;100ms&#8221; animation_intensity_slide=&#8221;10%&#8221; locked=&#8221;off&#8221;][\/et_pb_divider][et_pb_text admin_label=&#8221;Texte atmosfera&#8221; _builder_version=&#8221;4.3.4&#8243; text_font=&#8221;Roboto|300|||||||&#8221; text_font_size=&#8221;16px&#8221; text_line_height=&#8221;1.9em&#8221; background_size=&#8221;initial&#8221; background_position=&#8221;top_left&#8221; background_repeat=&#8221;repeat&#8221; custom_margin=&#8221;17px||2px|||&#8221; custom_padding=&#8221;||0px|||&#8221; animation_style=&#8221;slide&#8221; animation_direction=&#8221;top&#8221; animation_delay=&#8221;400ms&#8221; animation_intensity_slide=&#8221;4%&#8221; locked=&#8221;off&#8221;]<\/p>\n<p>Sia a bordo che a terra, i nostri corsi si svolgono in un&#8217;atmosfera amichevole e rilassata. Usciamo solo in gruppi ridotti (da 4 a 6 persone), il che ci permette di adattarci veramente ad ogni persona e di conoscerci meglio. Ci\u00f2 significa anche che, per salire a bordo, \u00e8 necessario aver voglia di partecipare a un&#8217;esperienza collettiva!<\/p>\n<p>[\/et_pb_text][\/et_pb_column][et_pb_column type=&#8221;1_2&#8243; _builder_version=&#8221;4.3.4&#8243;][et_pb_image src=&#8221;https:\/\/voile-escalade.com\/vertigoblue\/vela-arrampicata\/wp-content\/uploads\/sites\/3\/2021\/11\/stage-voile-habitable-vertigo-blue-apprentissage-detente-vacances.jpg&#8221; align=&#8221;center&#8221; align_tablet=&#8221;&#8221; align_phone=&#8221;&#8221; align_last_edited=&#8221;on|desktop&#8221; _builder_version=&#8221;4.3.4&#8243;][\/et_pb_image][\/et_pb_column][\/et_pb_row][et_pb_row admin_label=&#8221;confort&#8221; module_id=&#8221;destinationssardaigne&#8221; _builder_version=&#8221;4.3.4&#8243; background_size=&#8221;initial&#8221; background_position=&#8221;top_left&#8221; background_repeat=&#8221;repeat&#8221; module_alignment=&#8221;center&#8221;][et_pb_column type=&#8221;4_4&#8243; _builder_version=&#8221;4.3.4&#8243; custom_padding=&#8221;|||&#8221; custom_padding__hover=&#8221;|||&#8221;][et_pb_text admin_label=&#8221;Titre confort&#8221; _builder_version=&#8221;4.3.4&#8243; text_font=&#8221;||||&#8221; text_text_color=&#8221;#1a1a1a&#8221; header_font=&#8221;Oswald|on||on|&#8221; header_text_align=&#8221;left&#8221; header_font_size=&#8221;44px&#8221; header_line_height=&#8221;1.3em&#8221; background_size=&#8221;initial&#8221; background_position=&#8221;top_left&#8221; background_repeat=&#8221;repeat&#8221; max_width_tablet=&#8221;&#8221; max_width_phone=&#8221;&#8221; max_width_last_edited=&#8221;on|desktop&#8221; custom_margin=&#8221;|||&#8221; custom_padding=&#8221;|||&#8221; animation_style=&#8221;slide&#8221; animation_direction=&#8221;top&#8221; animation_intensity_slide=&#8221;10%&#8221; header_font_size_tablet=&#8221;39px&#8221; header_font_size_phone=&#8221;35px&#8221; header_font_size_last_edited=&#8221;on|phone&#8221; locked=&#8221;off&#8221;]<\/p>\n<h2>Il comfort<\/h2>\n<p>[\/et_pb_text][et_pb_divider color=&#8221;#0c71c3&#8243; divider_position=&#8221;center&#8221; divider_weight=&#8221;3px&#8221; disabled_on=&#8221;off|off|off%22&#8243; admin_label=&#8221;S\u00e9parateur&#8221; _builder_version=&#8221;4.3.4&#8243; max_width=&#8221;150px&#8221; height=&#8221;false&#8221; custom_margin=&#8221;15px||||false|false&#8221; animation_style=&#8221;slide&#8221; animation_direction=&#8221;top&#8221; animation_delay=&#8221;100ms&#8221; animation_intensity_slide=&#8221;10%&#8221; locked=&#8221;off&#8221;][\/et_pb_divider][et_pb_text admin_label=&#8221;Texte Confort &#8221; _builder_version=&#8221;4.3.4&#8243; text_font=&#8221;Roboto|300|||||||&#8221; text_font_size=&#8221;16px&#8221; text_line_height=&#8221;1.9em&#8221; background_size=&#8221;initial&#8221; background_position=&#8221;top_left&#8221; background_repeat=&#8221;repeat&#8221; custom_margin=&#8221;17px||2px|||&#8221; custom_padding=&#8221;||0px|||&#8221; animation_style=&#8221;slide&#8221; animation_direction=&#8221;top&#8221; animation_delay=&#8221;400ms&#8221; animation_intensity_slide=&#8221;4%&#8221; locked=&#8221;off&#8221;]<\/p>\n<p>Le barche su cui navighiamo sono unit\u00e0 selezionate da compagnie di charter specializzate. Recenti, ben tenute e generalmente molto ben attrezzate in termini di comfort (servizi igienici con acqua calda, cucina moderna, attrezzature elettriche ed elettroniche recenti, cuccette comode&#8230;). Tuttavia, \u00e8 importante essere consapevoli che su di una barca a vela lo spazio vitale \u00e8 ridotto, a bordo bisogna sapere come condividere lo spazio con gli altri, riporre le proprie cose, limitare il consumo di acqua ed energia.<\/p>\n<p>[\/et_pb_text][\/et_pb_column][\/et_pb_row][et_pb_row admin_label=&#8221;rythme&#8221; module_id=&#8221;destinationssicile&#8221; module_class=&#8221;dc_inverser_colonnes-ligne&#8221; _builder_version=&#8221;4.3.4&#8243; background_size=&#8221;initial&#8221; background_position=&#8221;top_left&#8221; background_repeat=&#8221;repeat&#8221; module_alignment=&#8221;center&#8221;][et_pb_column type=&#8221;4_4&#8243; _builder_version=&#8221;4.3.4&#8243;][et_pb_text admin_label=&#8221;Titre rythme&#8221; _builder_version=&#8221;4.3.4&#8243; text_font=&#8221;||||&#8221; text_text_color=&#8221;#1a1a1a&#8221; header_font=&#8221;Oswald|on||on|&#8221; header_text_align=&#8221;left&#8221; header_font_size=&#8221;44px&#8221; header_line_height=&#8221;1.3em&#8221; background_size=&#8221;initial&#8221; background_position=&#8221;top_left&#8221; background_repeat=&#8221;repeat&#8221; custom_margin=&#8221;|||&#8221; custom_padding=&#8221;|||&#8221; animation_style=&#8221;slide&#8221; animation_direction=&#8221;top&#8221; animation_intensity_slide=&#8221;10%&#8221; header_font_size_tablet=&#8221;39px&#8221; header_font_size_phone=&#8221;35px&#8221; header_font_size_last_edited=&#8221;on|phone&#8221; locked=&#8221;off&#8221;]<\/p>\n<h2>Il ritmo<\/h2>\n<p>[\/et_pb_text][et_pb_divider color=&#8221;#0c71c3&#8243; divider_position=&#8221;center&#8221; divider_weight=&#8221;3px&#8221; disabled_on=&#8221;off|off|off%22&#8243; admin_label=&#8221;S\u00e9parateur&#8221; _builder_version=&#8221;4.3.4&#8243; max_width=&#8221;150px&#8221; height=&#8221;false&#8221; custom_margin=&#8221;15px||||false|false&#8221; animation_style=&#8221;slide&#8221; animation_direction=&#8221;top&#8221; animation_delay=&#8221;100ms&#8221; animation_intensity_slide=&#8221;10%&#8221; locked=&#8221;off&#8221;][\/et_pb_divider][et_pb_text admin_label=&#8221;Texte rythme &#8221; _builder_version=&#8221;4.3.4&#8243; text_font=&#8221;Roboto|300|||||||&#8221; text_font_size=&#8221;16px&#8221; text_line_height=&#8221;1.9em&#8221; background_size=&#8221;initial&#8221; background_position=&#8221;top_left&#8221; background_repeat=&#8221;repeat&#8221; custom_margin=&#8221;17px||2px|||&#8221; custom_padding=&#8221;||0px|||&#8221; animation_style=&#8221;slide&#8221; animation_direction=&#8221;top&#8221; animation_delay=&#8221;400ms&#8221; animation_intensity_slide=&#8221;4%&#8221; locked=&#8221;off&#8221;]<\/p>\n<p>I nostri soggiorni sono vacanze sportive. Il ritmo quotidiano \u00e8 dinamico, ma senza strafare: riteniamo ancora che siete in vacanza, che siate l\u00ec per superarvi ma anche per divertirvi! Una giornata tipica potrebbe svolgersi in questo modo: Colazione alle 8, preparazione dell&#8217;attrezzatura alle 9.30, partenza per le attivit\u00e0 del giorno alle 10. Pausa pranzo dalle 13 alle 14, fine delle attivit\u00e0 verso le 17:30, aperitivo alle 19, cena verso le 20:30. Prevediamo anche alcuni momenti di riposo nel corso di ogni settimana (l&#8217;equivalente di una o due mezze giornate).<\/p>\n<p>&nbsp;<\/p>\n<p>[\/et_pb_text][et_pb_image src=&#8221;https:\/\/voile-escalade.com\/vertigoblue\/vela-arrampicata\/wp-content\/uploads\/sites\/3\/2021\/11\/Sardaigne-Cala-Gonone-Siniscola-pique-nique.jpg&#8221; align=&#8221;center&#8221; _builder_version=&#8221;4.3.4&#8243;][\/et_pb_image][\/et_pb_column][\/et_pb_row][et_pb_row admin_label=&#8221;organisation&#8221; module_id=&#8221;destinationssardaigne&#8221; _builder_version=&#8221;4.3.4&#8243; background_size=&#8221;initial&#8221; background_position=&#8221;top_left&#8221; background_repeat=&#8221;repeat&#8221; module_alignment=&#8221;center&#8221;][et_pb_column type=&#8221;4_4&#8243; _builder_version=&#8221;4.3.4&#8243; custom_padding=&#8221;|||&#8221; custom_padding__hover=&#8221;|||&#8221;][et_pb_text admin_label=&#8221;Titre orga&#8221; _builder_version=&#8221;4.3.4&#8243; text_font=&#8221;||||&#8221; text_text_color=&#8221;#1a1a1a&#8221; header_font=&#8221;Oswald|on||on|&#8221; header_text_align=&#8221;left&#8221; header_font_size=&#8221;44px&#8221; header_line_height=&#8221;1.3em&#8221; background_size=&#8221;initial&#8221; background_position=&#8221;top_left&#8221; background_repeat=&#8221;repeat&#8221; max_width_tablet=&#8221;&#8221; max_width_phone=&#8221;&#8221; max_width_last_edited=&#8221;on|desktop&#8221; custom_margin=&#8221;|||&#8221; custom_padding=&#8221;|||&#8221; animation_style=&#8221;slide&#8221; animation_direction=&#8221;top&#8221; animation_intensity_slide=&#8221;10%&#8221; header_font_size_tablet=&#8221;39px&#8221; header_font_size_phone=&#8221;35px&#8221; header_font_size_last_edited=&#8221;on|phone&#8221; locked=&#8221;off&#8221;]<\/p>\n<h2>La logistica a bordo<\/h2>\n<p>[\/et_pb_text][et_pb_divider color=&#8221;#0c71c3&#8243; divider_position=&#8221;center&#8221; divider_weight=&#8221;3px&#8221; disabled_on=&#8221;off|off|off%22&#8243; admin_label=&#8221;S\u00e9parateur&#8221; _builder_version=&#8221;4.3.4&#8243; max_width=&#8221;150px&#8221; height=&#8221;false&#8221; custom_margin=&#8221;15px||||false|false&#8221; animation_style=&#8221;slide&#8221; animation_direction=&#8221;top&#8221; animation_delay=&#8221;100ms&#8221; animation_intensity_slide=&#8221;10%&#8221; locked=&#8221;off&#8221;][\/et_pb_divider][et_pb_text admin_label=&#8221;Texte orga &#8221; _builder_version=&#8221;4.3.4&#8243; text_font=&#8221;Roboto|300|||||||&#8221; text_font_size=&#8221;16px&#8221; text_line_height=&#8221;1.9em&#8221; background_size=&#8221;initial&#8221; background_position=&#8221;top_left&#8221; background_repeat=&#8221;repeat&#8221; custom_margin=&#8221;17px||2px|||&#8221; custom_padding=&#8221;||0px|||&#8221; animation_style=&#8221;slide&#8221; animation_direction=&#8221;top&#8221; animation_delay=&#8221;400ms&#8221; animation_intensity_slide=&#8221;4%&#8221; locked=&#8221;off&#8221;]<\/p>\n<p>Pianifichiamo tutto affinch\u00e9 non dobbiate pensare a nulla durante il vostro soggiorno: il cibo e i men\u00f9, il programma e gli spostamenti, il materiale da fornire&#8230; Cerchiamo di rendere le cose il pi\u00f9 semplice possibile, tenendo conto dei bisogni individuali di ogni persona. Tuttavia, vi chiediamo di partecipare ai vari impegni quotidiani, a turno: preparazione dei pasti, pulizia, riordino delle attrezzature, manutenzione ordinaria della barca. La pulizia della barca alla fine del vostro soggiorno \u00e8 inclusa nel costo del vostro soggiorno ed \u00e8 fornita dalle societ\u00e0 di noleggio.<\/p>\n<p>[\/et_pb_text][\/et_pb_column][\/et_pb_row][et_pb_row admin_label=&#8221;activites&#8221; module_id=&#8221;destinationssardaigne&#8221; _builder_version=&#8221;4.3.4&#8243; background_size=&#8221;initial&#8221; background_position=&#8221;top_left&#8221; background_repeat=&#8221;repeat&#8221; module_alignment=&#8221;center&#8221;][et_pb_column type=&#8221;4_4&#8243; _builder_version=&#8221;4.3.4&#8243; custom_padding=&#8221;|||&#8221; custom_padding__hover=&#8221;|||&#8221;][et_pb_text admin_label=&#8221;Titre activites&#8221; _builder_version=&#8221;4.3.4&#8243; text_font=&#8221;||||&#8221; text_text_color=&#8221;#1a1a1a&#8221; header_font=&#8221;Oswald|on||on|&#8221; header_text_align=&#8221;left&#8221; header_font_size=&#8221;44px&#8221; header_line_height=&#8221;1.3em&#8221; background_size=&#8221;initial&#8221; background_position=&#8221;top_left&#8221; background_repeat=&#8221;repeat&#8221; max_width_tablet=&#8221;&#8221; max_width_phone=&#8221;&#8221; max_width_last_edited=&#8221;on|desktop&#8221; custom_margin=&#8221;|||&#8221; custom_padding=&#8221;|||&#8221; animation_style=&#8221;slide&#8221; animation_direction=&#8221;top&#8221; animation_intensity_slide=&#8221;10%&#8221; header_font_size_tablet=&#8221;39px&#8221; header_font_size_phone=&#8221;35px&#8221; header_font_size_last_edited=&#8221;on|phone&#8221; locked=&#8221;off&#8221;]<\/p>\n<h2>Le attivit\u00e0<\/h2>\n<p>[\/et_pb_text][et_pb_divider color=&#8221;#0c71c3&#8243; divider_position=&#8221;center&#8221; divider_weight=&#8221;3px&#8221; disabled_on=&#8221;off|off|off%22&#8243; admin_label=&#8221;S\u00e9parateur&#8221; _builder_version=&#8221;4.3.4&#8243; max_width=&#8221;150px&#8221; height=&#8221;false&#8221; custom_margin=&#8221;15px||||false|false&#8221; animation_style=&#8221;slide&#8221; animation_direction=&#8221;top&#8221; animation_delay=&#8221;100ms&#8221; animation_intensity_slide=&#8221;10%&#8221; locked=&#8221;off&#8221;][\/et_pb_divider][et_pb_text admin_label=&#8221;Texte activites &#8221; _builder_version=&#8221;4.3.4&#8243; text_font=&#8221;Roboto|300|||||||&#8221; text_font_size=&#8221;16px&#8221; text_line_height=&#8221;1.9em&#8221; background_size=&#8221;initial&#8221; background_position=&#8221;top_left&#8221; background_repeat=&#8221;repeat&#8221; custom_margin=&#8221;17px||2px|||&#8221; custom_padding=&#8221;||0px|||&#8221; animation_style=&#8221;slide&#8221; animation_direction=&#8221;top&#8221; animation_delay=&#8221;400ms&#8221; animation_intensity_slide=&#8221;4%&#8221; locked=&#8221;off&#8221;]<\/p>\n<p>Siamo istruttori qualificati, appassionati ed pedagoghi: siamo qui per insegnarti il pi\u00f9 possibile, per aiutarti a progredire nella pratica di ogni attivit\u00e0 e per condurti verso l&#8217;indipendenza. Detto questo, i nostri viaggi sono adattati ai principianti, e tutto ci\u00f2 \u00e8 organizzato senza pressioni&#8230; l&#8217;obiettivo \u00e8 soprattutto quello di divertirsi! Con la giusta dose di sforzo e adrenalina per godersi l&#8217;aperitivo a fine giornata!<\/p>\n<p>[\/et_pb_text][\/et_pb_column][\/et_pb_row][et_pb_row column_structure=&#8221;1_2,1_2&#8243; admin_label=&#8221;image activit\u00e9s&#8221; _builder_version=&#8221;4.3.4&#8243;][et_pb_column type=&#8221;1_2&#8243; _builder_version=&#8221;4.3.4&#8243;][et_pb_image src=&#8221;https:\/\/voile-escalade.com\/vertigoblue\/vela-arrampicata\/wp-content\/uploads\/sites\/3\/2021\/11\/Sardaigne-Cala-Gonone-Margheddie-grimpe-en-tete.jpg&#8221; _builder_version=&#8221;4.3.4&#8243;][\/et_pb_image][\/et_pb_column][et_pb_column type=&#8221;1_2&#8243; _builder_version=&#8221;4.3.4&#8243;][et_pb_image src=&#8221;https:\/\/voile-escalade.com\/vertigoblue\/vela-arrampicata\/wp-content\/uploads\/sites\/3\/2021\/11\/grimpe-joyeuse-au-soleil-de-sardaigne-vertigo-blue.jpg&#8221; _builder_version=&#8221;4.3.4&#8243;][\/et_pb_image][\/et_pb_column][\/et_pb_row][et_pb_row admin_label=&#8221;image activit\u00e9s 2&#8243; _builder_version=&#8221;4.3.4&#8243;][et_pb_column type=&#8221;4_4&#8243; _builder_version=&#8221;4.3.4&#8243;][et_pb_image src=&#8221;https:\/\/voile-escalade.com\/vertigoblue\/vela-arrampicata\/wp-content\/uploads\/sites\/3\/2021\/11\/seance-pedagogique-conduite-voilier-sardaigne-vertigo-blue.jpg&#8221; align=&#8221;center&#8221; align_tablet=&#8221;&#8221; align_phone=&#8221;&#8221; align_last_edited=&#8221;on|phone&#8221; _builder_version=&#8221;4.3.4&#8243;][\/et_pb_image][\/et_pb_column][\/et_pb_row][et_pb_row admin_label=&#8221;matos et secu&#8221; module_id=&#8221;destinationssardaigne&#8221; _builder_version=&#8221;4.3.4&#8243; background_size=&#8221;initial&#8221; background_position=&#8221;top_left&#8221; background_repeat=&#8221;repeat&#8221; module_alignment=&#8221;center&#8221;][et_pb_column type=&#8221;4_4&#8243; _builder_version=&#8221;4.3.4&#8243; custom_padding=&#8221;|||&#8221; custom_padding__hover=&#8221;|||&#8221;][et_pb_text admin_label=&#8221;Titre matos secu&#8221; _builder_version=&#8221;4.3.4&#8243; text_font=&#8221;||||&#8221; text_text_color=&#8221;#1a1a1a&#8221; header_font=&#8221;Oswald|on||on|&#8221; header_text_align=&#8221;left&#8221; header_font_size=&#8221;44px&#8221; header_line_height=&#8221;1.3em&#8221; background_size=&#8221;initial&#8221; background_position=&#8221;top_left&#8221; background_repeat=&#8221;repeat&#8221; max_width_tablet=&#8221;&#8221; max_width_phone=&#8221;&#8221; max_width_last_edited=&#8221;on|desktop&#8221; custom_margin=&#8221;|||&#8221; custom_padding=&#8221;|||&#8221; animation_style=&#8221;slide&#8221; animation_direction=&#8221;top&#8221; animation_intensity_slide=&#8221;10%&#8221; header_font_size_tablet=&#8221;39px&#8221; header_font_size_phone=&#8221;35px&#8221; header_font_size_last_edited=&#8221;on|phone&#8221; locked=&#8221;off&#8221;]<\/p>\n<h2>Equipaggiamento e sicurezza<\/h2>\n<p>[\/et_pb_text][et_pb_divider color=&#8221;#0c71c3&#8243; divider_position=&#8221;center&#8221; divider_weight=&#8221;3px&#8221; disabled_on=&#8221;off|off|off%22&#8243; admin_label=&#8221;S\u00e9parateur&#8221; _builder_version=&#8221;4.3.4&#8243; max_width=&#8221;150px&#8221; height=&#8221;false&#8221; custom_margin=&#8221;15px||||false|false&#8221; animation_style=&#8221;slide&#8221; animation_direction=&#8221;top&#8221; animation_delay=&#8221;100ms&#8221; animation_intensity_slide=&#8221;10%&#8221; locked=&#8221;off&#8221;][\/et_pb_divider][et_pb_text admin_label=&#8221;Texte matos secu &#8221; _builder_version=&#8221;4.3.4&#8243; text_font=&#8221;Roboto|300|||||||&#8221; text_font_size=&#8221;16px&#8221; text_line_height=&#8221;1.9em&#8221; background_size=&#8221;initial&#8221; background_position=&#8221;top_left&#8221; background_repeat=&#8221;repeat&#8221; custom_margin=&#8221;17px||2px|||&#8221; custom_padding=&#8221;||0px|||&#8221; animation_style=&#8221;slide&#8221; animation_direction=&#8221;top&#8221; animation_delay=&#8221;400ms&#8221; animation_intensity_slide=&#8221;4%&#8221; locked=&#8221;off&#8221;]<\/p>\n<p>Forniamo attrezzature collettive e di sicurezza per tutte le attivit\u00e0. Vi chiediamo di portare la vostra attrezzatura personale, possiamo eventualmente fornirvene alcune, e siamo sempre disponibili ad aiutarvi a preparare le valigie prima del vostro arrivo.<\/p>\n<p>Ci adoperiamo affinch\u00e9 vi troviate sempre nelle migliori condizioni di sicurezza: scelta dei luoghi e dei percorsi, adattamento del programma in funzione delle condizioni meteorologiche e dello stato di stanchezza del gruppo, attenzione particolare alla qualit\u00e0 e al buono stato del materiale di sicurezza.<\/p>\n<p>[\/et_pb_text][\/et_pb_column][\/et_pb_row][et_pb_row admin_label=&#8221;environnement&#8221; module_id=&#8221;destinationssicile&#8221; module_class=&#8221;dc_inverser_colonnes-ligne&#8221; _builder_version=&#8221;4.3.4&#8243; background_size=&#8221;initial&#8221; background_position=&#8221;top_left&#8221; background_repeat=&#8221;repeat&#8221; module_alignment=&#8221;center&#8221;][et_pb_column type=&#8221;4_4&#8243; _builder_version=&#8221;4.3.4&#8243;][et_pb_text admin_label=&#8221;Titre environnement&#8221; _builder_version=&#8221;4.3.4&#8243; text_font=&#8221;||||&#8221; text_text_color=&#8221;#1a1a1a&#8221; header_font=&#8221;Oswald|on||on|&#8221; header_text_align=&#8221;left&#8221; header_font_size=&#8221;44px&#8221; header_line_height=&#8221;1.3em&#8221; background_size=&#8221;initial&#8221; background_position=&#8221;top_left&#8221; background_repeat=&#8221;repeat&#8221; custom_margin=&#8221;|||&#8221; custom_padding=&#8221;|||&#8221; animation_style=&#8221;slide&#8221; animation_direction=&#8221;top&#8221; animation_intensity_slide=&#8221;10%&#8221; header_font_size_tablet=&#8221;39px&#8221; header_font_size_phone=&#8221;35px&#8221; header_font_size_last_edited=&#8221;on|phone&#8221; locked=&#8221;off&#8221;]<\/p>\n<h2>Il rapporto all&#8217;ambiente<\/h2>\n<p>[\/et_pb_text][et_pb_divider color=&#8221;#0c71c3&#8243; divider_position=&#8221;center&#8221; divider_weight=&#8221;3px&#8221; disabled_on=&#8221;off|off|off%22&#8243; admin_label=&#8221;S\u00e9parateur&#8221; _builder_version=&#8221;4.3.4&#8243; max_width=&#8221;150px&#8221; height=&#8221;false&#8221; custom_margin=&#8221;15px||||false|false&#8221; animation_style=&#8221;slide&#8221; animation_direction=&#8221;top&#8221; animation_delay=&#8221;100ms&#8221; animation_intensity_slide=&#8221;10%&#8221; locked=&#8221;off&#8221;][\/et_pb_divider][et_pb_text admin_label=&#8221;Texte environnement &#8221; _builder_version=&#8221;4.3.4&#8243; text_font=&#8221;Roboto|300|||||||&#8221; text_font_size=&#8221;16px&#8221; text_line_height=&#8221;1.9em&#8221; background_size=&#8221;initial&#8221; background_position=&#8221;top_left&#8221; background_repeat=&#8221;repeat&#8221; custom_margin=&#8221;17px||2px|||&#8221; custom_padding=&#8221;||0px|||&#8221; animation_style=&#8221;slide&#8221; animation_direction=&#8221;top&#8221; animation_delay=&#8221;400ms&#8221; animation_intensity_slide=&#8221;4%&#8221; locked=&#8221;off&#8221;]<\/p>\n<p>Non vogliamo fingere che i nostri viaggi non abbiano un impronta significativa sull&#8217;ambiente. Tuttavia, cerchiamo di essere il pi\u00f9 rispettosi possibile, di limitare il pi\u00f9 possibile il nostro impatto e di tenere in considerazione la fragilit\u00e0 dei siti che visitiamo. Questo inizia con la scelta degli itinerari, il fatto che viaggiamo in piccoli gruppi, e il fatto che preferiamo partire fuori dall&#8217;alta stagione turistica.<\/p>\n<p>Quotidianamente, facciamo lo sforzo di disturbare il meno possibile l&#8217;equilibrio dei luoghi che visitiamo, limitare, raccogliere e differenziare i nostri rifiuti e, naturalmente, di razionalizzare il nostro consumo energetico.<\/p>\n<p>&nbsp;<\/p>\n<p>[\/et_pb_text][et_pb_image src=&#8221;https:\/\/voile-escalade.com\/vertigoblue\/vela-arrampicata\/wp-content\/uploads\/sites\/3\/2021\/11\/stage-voile-habitable-large-tavolara-vertigo-blue.jpg&#8221; align=&#8221;center&#8221; _builder_version=&#8221;4.3.4&#8243;][\/et_pb_image][\/et_pb_column][\/et_pb_row][et_pb_row column_structure=&#8221;1_2,1_2&#8243; admin_label=&#8221;decouverte&#8221; module_id=&#8221;destinationssicile&#8221; module_class=&#8221;dc_inverser_colonnes-ligne&#8221; _builder_version=&#8221;4.3.4&#8243; background_size=&#8221;initial&#8221; background_position=&#8221;top_left&#8221; background_repeat=&#8221;repeat&#8221; module_alignment=&#8221;center&#8221;][et_pb_column type=&#8221;1_2&#8243; _builder_version=&#8221;4.3.4&#8243; custom_padding=&#8221;|||&#8221; custom_padding__hover=&#8221;|||&#8221;][et_pb_text admin_label=&#8221;Titre d\u00e9couverte&#8221; _builder_version=&#8221;4.3.4&#8243; text_font=&#8221;||||&#8221; text_text_color=&#8221;#1a1a1a&#8221; header_font=&#8221;Oswald|on||on|&#8221; header_text_align=&#8221;left&#8221; header_font_size=&#8221;44px&#8221; header_line_height=&#8221;1.3em&#8221; background_size=&#8221;initial&#8221; background_position=&#8221;top_left&#8221; background_repeat=&#8221;repeat&#8221; max_width=&#8221;450px&#8221; custom_margin=&#8221;|||&#8221; custom_padding=&#8221;|||&#8221; animation_style=&#8221;slide&#8221; animation_direction=&#8221;top&#8221; animation_intensity_slide=&#8221;10%&#8221; header_font_size_tablet=&#8221;39px&#8221; header_font_size_phone=&#8221;35px&#8221; header_font_size_last_edited=&#8221;on|phone&#8221; locked=&#8221;off&#8221;]<\/p>\n<h2>Il piacere della scoperta<\/h2>\n<p>[\/et_pb_text][et_pb_divider color=&#8221;#0c71c3&#8243; divider_position=&#8221;center&#8221; divider_weight=&#8221;3px&#8221; disabled_on=&#8221;off|off|off%22&#8243; admin_label=&#8221;S\u00e9parateur&#8221; _builder_version=&#8221;4.3.4&#8243; max_width=&#8221;150px&#8221; height=&#8221;false&#8221; custom_margin=&#8221;15px||||false|false&#8221; animation_style=&#8221;slide&#8221; animation_direction=&#8221;top&#8221; animation_delay=&#8221;100ms&#8221; animation_intensity_slide=&#8221;10%&#8221; locked=&#8221;off&#8221;][\/et_pb_divider][et_pb_text admin_label=&#8221;Texte decouverte &#8221; _builder_version=&#8221;4.3.4&#8243; text_font=&#8221;Roboto|300|||||||&#8221; text_font_size=&#8221;16px&#8221; text_line_height=&#8221;1.9em&#8221; background_size=&#8221;initial&#8221; background_position=&#8221;top_left&#8221; background_repeat=&#8221;repeat&#8221; max_width=&#8221;450px&#8221; custom_margin=&#8221;17px||2px|||&#8221; custom_padding=&#8221;||0px|||&#8221; animation_style=&#8221;slide&#8221; animation_direction=&#8221;top&#8221; animation_delay=&#8221;400ms&#8221; animation_intensity_slide=&#8221;4%&#8221; locked=&#8221;off&#8221;]<\/p>\n<p>Scegliamo i nostri itinerari in luoghi che consideriamo eccezionali e che ci piacciono particolarmente. Durante i nostri viaggi, prevediamo il tempo necessario per scoprire questi luoghi in profondit\u00e0, attraverso lo sport naturalmente, ma non solo. Esplorare piccoli borghi, passeggiare sui sentieri&#8230; senza dimenticare la gastronomia locale!<\/p>\n<p>[\/et_pb_text][\/et_pb_column][et_pb_column type=&#8221;1_2&#8243; _builder_version=&#8221;4.3.4&#8243;][et_pb_image src=&#8221;https:\/\/voile-escalade.com\/vertigoblue\/vela-arrampicata\/wp-content\/uploads\/sites\/3\/2021\/11\/Corse-Uoma-di-Cagna-randonnee-decouverte-nature.jpg&#8221; _builder_version=&#8221;4.3.4&#8243;][\/et_pb_image][\/et_pb_column][\/et_pb_row][et_pb_row admin_label=&#8221;nourriture&#8221; module_id=&#8221;destinationssicile&#8221; module_class=&#8221;dc_inverser_colonnes-ligne&#8221; _builder_version=&#8221;4.3.4&#8243; background_size=&#8221;initial&#8221; background_position=&#8221;top_left&#8221; background_repeat=&#8221;repeat&#8221; module_alignment=&#8221;center&#8221;][et_pb_column type=&#8221;4_4&#8243; _builder_version=&#8221;4.3.4&#8243;][et_pb_text admin_label=&#8221;Titre nourriture&#8221; _builder_version=&#8221;4.3.4&#8243; text_font=&#8221;||||&#8221; text_text_color=&#8221;#1a1a1a&#8221; header_font=&#8221;Oswald|on||on|&#8221; header_text_align=&#8221;left&#8221; header_font_size=&#8221;44px&#8221; header_line_height=&#8221;1.3em&#8221; background_size=&#8221;initial&#8221; background_position=&#8221;top_left&#8221; background_repeat=&#8221;repeat&#8221; custom_margin=&#8221;|||&#8221; custom_padding=&#8221;|||&#8221; animation_style=&#8221;slide&#8221; animation_direction=&#8221;top&#8221; animation_intensity_slide=&#8221;10%&#8221; header_font_size_tablet=&#8221;39px&#8221; header_font_size_phone=&#8221;35px&#8221; header_font_size_last_edited=&#8221;on|phone&#8221; locked=&#8221;off&#8221;]<\/p>\n<h2>Il vettovagliamento<\/h2>\n<p>[\/et_pb_text][et_pb_divider color=&#8221;#0c71c3&#8243; divider_position=&#8221;center&#8221; divider_weight=&#8221;3px&#8221; disabled_on=&#8221;off|off|off%22&#8243; admin_label=&#8221;S\u00e9parateur&#8221; _builder_version=&#8221;4.3.4&#8243; max_width=&#8221;150px&#8221; height=&#8221;false&#8221; custom_margin=&#8221;15px||||false|false&#8221; animation_style=&#8221;slide&#8221; animation_direction=&#8221;top&#8221; animation_delay=&#8221;100ms&#8221; animation_intensity_slide=&#8221;10%&#8221; locked=&#8221;off&#8221;][\/et_pb_divider][et_pb_text admin_label=&#8221;Texte nourriture &#8221; _builder_version=&#8221;4.3.4&#8243; text_font=&#8221;Roboto|300|||||||&#8221; text_font_size=&#8221;16px&#8221; text_line_height=&#8221;1.9em&#8221; background_size=&#8221;initial&#8221; background_position=&#8221;top_left&#8221; background_repeat=&#8221;repeat&#8221; custom_margin=&#8221;17px||2px|||&#8221; custom_padding=&#8221;||0px|||&#8221; animation_style=&#8221;slide&#8221; animation_direction=&#8221;top&#8221; animation_delay=&#8221;400ms&#8221; animation_intensity_slide=&#8221;4%&#8221; locked=&#8221;off&#8221;]<\/p>\n<p>Beh&#8230;\u00e8 piuttosto semplice, amiamo mangiare. In effetti, le nostre destinazioni sono piuttosto ricche in termini di gastronomia. Ci teniamo particolarmente a proporvi un&#8217;alimentazione sana, semplice e il pi\u00f9 possibile locale, in modo che possiate divertirvi e restare in forma mentre scoprite le specialit\u00e0 locali. Compriamo il pi\u00f9 possibile da piccoli esercizi commerciali, e cerchiamo sempre il ristorantino non troppo caro ma davvero buono.<\/p>\n<p>&nbsp;<\/p>\n<p>&nbsp;<\/p>\n<p>[\/et_pb_text][et_pb_image src=&#8221;https:\/\/voile-escalade.com\/vertigoblue\/vela-arrampicata\/wp-content\/uploads\/sites\/3\/2021\/11\/repas-convivial-vertigo-blue-voilier-soleil.jpg&#8221; align=&#8221;center&#8221; _builder_version=&#8221;4.3.4&#8243;][\/et_pb_image][\/et_pb_column][\/et_pb_row][et_pb_row admin_label=&#8221;garantie&#8221; module_id=&#8221;destinationssicile&#8221; module_class=&#8221;dc_inverser_colonnes-ligne&#8221; _builder_version=&#8221;4.3.4&#8243; background_size=&#8221;initial&#8221; background_position=&#8221;top_left&#8221; background_repeat=&#8221;repeat&#8221; module_alignment=&#8221;center&#8221;][et_pb_column type=&#8221;4_4&#8243; _builder_version=&#8221;4.3.4&#8243;][et_pb_text admin_label=&#8221;Titre garantie&#8221; _builder_version=&#8221;4.3.4&#8243; text_font=&#8221;||||&#8221; text_text_color=&#8221;#1a1a1a&#8221; header_font=&#8221;Oswald|on||on|&#8221; header_text_align=&#8221;left&#8221; header_font_size=&#8221;44px&#8221; header_line_height=&#8221;1.3em&#8221; background_size=&#8221;initial&#8221; background_position=&#8221;top_left&#8221; background_repeat=&#8221;repeat&#8221; custom_margin=&#8221;|||&#8221; custom_padding=&#8221;|||&#8221; animation_style=&#8221;slide&#8221; animation_direction=&#8221;top&#8221; animation_intensity_slide=&#8221;10%&#8221; header_font_size_tablet=&#8221;39px&#8221; header_font_size_phone=&#8221;35px&#8221; header_font_size_last_edited=&#8221;on|phone&#8221; locked=&#8221;off&#8221;]<\/p>\n<h2>Le garanzie<\/h2>\n<p>[\/et_pb_text][et_pb_divider color=&#8221;#0c71c3&#8243; divider_position=&#8221;center&#8221; divider_weight=&#8221;3px&#8221; disabled_on=&#8221;off|off|off%22&#8243; admin_label=&#8221;S\u00e9parateur&#8221; _builder_version=&#8221;4.3.4&#8243; max_width=&#8221;150px&#8221; height=&#8221;false&#8221; custom_margin=&#8221;15px||||false|false&#8221; animation_style=&#8221;slide&#8221; animation_direction=&#8221;top&#8221; animation_delay=&#8221;100ms&#8221; animation_intensity_slide=&#8221;10%&#8221; locked=&#8221;off&#8221;][\/et_pb_divider][et_pb_text admin_label=&#8221;Texte garantie &#8221; _builder_version=&#8221;4.3.4&#8243; text_font=&#8221;Roboto|300|||||||&#8221; text_font_size=&#8221;16px&#8221; text_line_height=&#8221;1.9em&#8221; background_size=&#8221;initial&#8221; background_position=&#8221;top_left&#8221; background_repeat=&#8221;repeat&#8221; custom_margin=&#8221;17px||2px|||&#8221; custom_padding=&#8221;||0px|||&#8221; animation_style=&#8221;slide&#8221; animation_direction=&#8221;top&#8221; animation_delay=&#8221;400ms&#8221; animation_intensity_slide=&#8221;4%&#8221; hover_enabled=&#8221;0&#8243; locked=&#8221;off&#8221;]<\/p>\n<p><strong>Tutti i nostri viaggi sono organizzati in collaborazione con agenzie di viaggio<\/strong>, che abbiamo gi\u00e0 presentato <a href=\"https:\/\/voile-escalade.com\/vertigoblue\/qui-sommes-nous\/\">qui<\/a>al fine di fornire tutte le assicurazioni necessarie per partire serenamente.<\/p>\n<p>Siamo anche membri di\u00a0<a href=\"https:\/\/syndicatprofessionneleducateursnautisme.assoconnect.com\/page\/740349-presentation\">SPEN<\/a> ( Syndicat Professionnel des Educateurs du Nautisme) e\u00a0<a href=\"https:\/\/www.unsa3s.org\/\">AN3S<\/a> (Association Nationale Sport, Sant\u00e9, Social). A questo titolo,<strong> le nostre attivit\u00e0 sono coperte dal contratto di assicurazione di responsabilit\u00e0 professionale di gruppo<\/strong> n\u00b0 675047304 sottoscritto da AN3S con AXA France IARD, per l&#8217;anno 2022, e dal\u00a0e dal contratto di <strong>assicurazione personale<\/strong> ACS+ n\u00b0IA2200075<\/p>\n<p>&nbsp;<\/p>\n<p>&nbsp;<\/p>\n<p>[\/et_pb_text][\/et_pb_column][\/et_pb_row][et_pb_row column_structure=&#8221;1_2,1_2&#8243; _builder_version=&#8221;4.3.4&#8243; locked=&#8221;off&#8221;][et_pb_column type=&#8221;1_2&#8243; _builder_version=&#8221;4.3.4&#8243;][et_pb_button button_url=&#8221;https:\/\/voile-escalade.com\/vertigoblue\/vela-arrampicata\/contatti\/&#8221; url_new_window=&#8221;on&#8221; button_text=&#8221;Info &#038; prenotazioni&#8221; button_alignment=&#8221;center&#8221; admin_label=&#8221;Bouton dates &#038; tariffes&#8221; _builder_version=&#8221;4.3.4&#8243;][\/et_pb_button][\/et_pb_column][et_pb_column type=&#8221;1_2&#8243; _builder_version=&#8221;4.3.4&#8243;][et_pb_button button_url=&#8221;https:\/\/voile-escalade.com\/vertigoblue\/vela-arrampicata\/prossime-partenze\/&#8221; url_new_window=&#8221;on&#8221; button_text=&#8221;Date &#038; Tariffe&#8221; button_alignment=&#8221;center&#8221; admin_label=&#8221;Bouton r\u00e9server&#8221; _builder_version=&#8221;4.3.4&#8243;][\/et_pb_button][\/et_pb_column][\/et_pb_row][\/et_pb_section]<\/p>\n","protected":false},"excerpt":{"rendered":"<p>Prima di imbarcarti davvero con noi, ti raccontiamo un po&#8217; di pi\u00f9 cosa ti aspetta!Ci siamo gi\u00e0 presentati Qui, e la storia delle origini di Vertigo Blue \u00e8 qui. A seguire\u00a0vi raccontiamo in dettaglio lo spirito con cui si svolgono i nostri viaggiL&#8217;atmosfera generaleSia a bordo che a terra, i nostri corsi si svolgono in [&hellip;]<\/p>\n","protected":false},"author":2,"featured_media":0,"parent":0,"menu_order":0,"comment_status":"closed","ping_status":"closed","template":"","meta":{"_et_pb_use_builder":"on","_et_pb_old_content":"","_et_gb_content_width":""},"yoast_head":"<!-- This site is optimized with the Yoast SEO plugin v20.2.1 - https:\/\/yoast.com\/wordpress\/plugins\/seo\/ -->\n<title>Lo spirito dei nostri viaggi - Vela e arrampicata in Mediterraneo<\/title>\n<meta name=\"robots\" content=\"index, follow, max-snippet:-1, max-image-preview:large, max-video-preview:-1\" \/>\n<link rel=\"canonical\" href=\"https:\/\/voile-escalade.com\/vertigoblue\/vela-arrampicata\/lo-spirito-dei-nostri-viaggi\/\" \/>\n<meta property=\"og:locale\" content=\"it_IT\" \/>\n<meta property=\"og:type\" content=\"article\" \/>\n<meta property=\"og:title\" content=\"Lo spirito dei nostri viaggi - Vela e arrampicata in Mediterraneo\" \/>\n<meta property=\"og:description\" content=\"Prima di imbarcarti davvero con noi, ti raccontiamo un po&#039; di pi\u00f9 cosa ti aspetta!Ci siamo gi\u00e0 presentati Qui, e la storia delle origini di Vertigo Blue \u00e8 qui. A seguire\u00a0vi raccontiamo in dettaglio lo spirito con cui si svolgono i nostri viaggiL&#039;atmosfera generaleSia a bordo che a terra, i nostri corsi si svolgono in [&hellip;]\" \/>\n<meta property=\"og:url\" content=\"https:\/\/voile-escalade.com\/vertigoblue\/vela-arrampicata\/lo-spirito-dei-nostri-viaggi\/\" \/>\n<meta property=\"og:site_name\" content=\"Vela e arrampicata in Mediterraneo\" \/>\n<meta property=\"article:modified_time\" content=\"2022-08-14T15:31:11+00:00\" \/>\n<meta name=\"twitter:card\" content=\"summary_large_image\" \/>\n<meta name=\"twitter:label1\" content=\"Tempo di lettura stimato\" \/>\n\t<meta name=\"twitter:data1\" content=\"19 minuti\" \/>\n<script type=\"application\/ld+json\" class=\"yoast-schema-graph\">{\"@context\":\"https:\/\/schema.org\",\"@graph\":[{\"@type\":\"WebPage\",\"@id\":\"https:\/\/voile-escalade.com\/vertigoblue\/vela-arrampicata\/lo-spirito-dei-nostri-viaggi\/\",\"url\":\"https:\/\/voile-escalade.com\/vertigoblue\/vela-arrampicata\/lo-spirito-dei-nostri-viaggi\/\",\"name\":\"Lo spirito dei nostri viaggi - Vela e arrampicata in Mediterraneo\",\"isPartOf\":{\"@id\":\"https:\/\/voile-escalade.com\/vertigoblue\/vela-arrampicata\/#website\"},\"datePublished\":\"2021-11-12T18:49:56+00:00\",\"dateModified\":\"2022-08-14T15:31:11+00:00\",\"breadcrumb\":{\"@id\":\"https:\/\/voile-escalade.com\/vertigoblue\/vela-arrampicata\/lo-spirito-dei-nostri-viaggi\/#breadcrumb\"},\"inLanguage\":\"it-IT\",\"potentialAction\":[{\"@type\":\"ReadAction\",\"target\":[\"https:\/\/voile-escalade.com\/vertigoblue\/vela-arrampicata\/lo-spirito-dei-nostri-viaggi\/\"]}]},{\"@type\":\"BreadcrumbList\",\"@id\":\"https:\/\/voile-escalade.com\/vertigoblue\/vela-arrampicata\/lo-spirito-dei-nostri-viaggi\/#breadcrumb\",\"itemListElement\":[{\"@type\":\"ListItem\",\"position\":1,\"name\":\"Accueil\",\"item\":\"https:\/\/voile-escalade.com\/vertigoblue\/vela-arrampicata\/\"},{\"@type\":\"ListItem\",\"position\":2,\"name\":\"Lo spirito dei nostri viaggi\"}]},{\"@type\":\"WebSite\",\"@id\":\"https:\/\/voile-escalade.com\/vertigoblue\/vela-arrampicata\/#website\",\"url\":\"https:\/\/voile-escalade.com\/vertigoblue\/vela-arrampicata\/\",\"name\":\"Vela e arrampicata in Mediterraneo\",\"description\":\"Viaggi sportivi vela e arrampicata\",\"potentialAction\":[{\"@type\":\"SearchAction\",\"target\":{\"@type\":\"EntryPoint\",\"urlTemplate\":\"https:\/\/voile-escalade.com\/vertigoblue\/vela-arrampicata\/?s={search_term_string}\"},\"query-input\":\"required name=search_term_string\"}],\"inLanguage\":\"it-IT\"}]}<\/script>\n<!-- \/ Yoast SEO plugin. -->","yoast_head_json":{"title":"Lo spirito dei nostri viaggi - Vela e arrampicata in Mediterraneo","robots":{"index":"index","follow":"follow","max-snippet":"max-snippet:-1","max-image-preview":"max-image-preview:large","max-video-preview":"max-video-preview:-1"},"canonical":"https:\/\/voile-escalade.com\/vertigoblue\/vela-arrampicata\/lo-spirito-dei-nostri-viaggi\/","og_locale":"it_IT","og_type":"article","og_title":"Lo spirito dei nostri viaggi - Vela e arrampicata in Mediterraneo","og_description":"Prima di imbarcarti davvero con noi, ti raccontiamo un po' di pi\u00f9 cosa ti aspetta!Ci siamo gi\u00e0 presentati Qui, e la storia delle origini di Vertigo Blue \u00e8 qui. A seguire\u00a0vi raccontiamo in dettaglio lo spirito con cui si svolgono i nostri viaggiL'atmosfera generaleSia a bordo che a terra, i nostri corsi si svolgono in [&hellip;]","og_url":"https:\/\/voile-escalade.com\/vertigoblue\/vela-arrampicata\/lo-spirito-dei-nostri-viaggi\/","og_site_name":"Vela e arrampicata in Mediterraneo","article_modified_time":"2022-08-14T15:31:11+00:00","twitter_card":"summary_large_image","twitter_misc":{"Tempo di lettura stimato":"19 minuti"},"schema":{"@context":"https:\/\/schema.org","@graph":[{"@type":"WebPage","@id":"https:\/\/voile-escalade.com\/vertigoblue\/vela-arrampicata\/lo-spirito-dei-nostri-viaggi\/","url":"https:\/\/voile-escalade.com\/vertigoblue\/vela-arrampicata\/lo-spirito-dei-nostri-viaggi\/","name":"Lo spirito dei nostri viaggi - Vela e arrampicata in Mediterraneo","isPartOf":{"@id":"https:\/\/voile-escalade.com\/vertigoblue\/vela-arrampicata\/#website"},"datePublished":"2021-11-12T18:49:56+00:00","dateModified":"2022-08-14T15:31:11+00:00","breadcrumb":{"@id":"https:\/\/voile-escalade.com\/vertigoblue\/vela-arrampicata\/lo-spirito-dei-nostri-viaggi\/#breadcrumb"},"inLanguage":"it-IT","potentialAction":[{"@type":"ReadAction","target":["https:\/\/voile-escalade.com\/vertigoblue\/vela-arrampicata\/lo-spirito-dei-nostri-viaggi\/"]}]},{"@type":"BreadcrumbList","@id":"https:\/\/voile-escalade.com\/vertigoblue\/vela-arrampicata\/lo-spirito-dei-nostri-viaggi\/#breadcrumb","itemListElement":[{"@type":"ListItem","position":1,"name":"Accueil","item":"https:\/\/voile-escalade.com\/vertigoblue\/vela-arrampicata\/"},{"@type":"ListItem","position":2,"name":"Lo spirito dei nostri viaggi"}]},{"@type":"WebSite","@id":"https:\/\/voile-escalade.com\/vertigoblue\/vela-arrampicata\/#website","url":"https:\/\/voile-escalade.com\/vertigoblue\/vela-arrampicata\/","name":"Vela e arrampicata in Mediterraneo","description":"Viaggi sportivi vela e arrampicata","potentialAction":[{"@type":"SearchAction","target":{"@type":"EntryPoint","urlTemplate":"https:\/\/voile-escalade.com\/vertigoblue\/vela-arrampicata\/?s={search_term_string}"},"query-input":"required name=search_term_string"}],"inLanguage":"it-IT"}]}},"_links":{"self":[{"href":"https:\/\/voile-escalade.com\/vertigoblue\/vela-arrampicata\/wp-json\/wp\/v2\/pages\/1095"}],"collection":[{"href":"https:\/\/voile-escalade.com\/vertigoblue\/vela-arrampicata\/wp-json\/wp\/v2\/pages"}],"about":[{"href":"https:\/\/voile-escalade.com\/vertigoblue\/vela-arrampicata\/wp-json\/wp\/v2\/types\/page"}],"author":[{"embeddable":true,"href":"https:\/\/voile-escalade.com\/vertigoblue\/vela-arrampicata\/wp-json\/wp\/v2\/users\/2"}],"replies":[{"embeddable":true,"href":"https:\/\/voile-escalade.com\/vertigoblue\/vela-arrampicata\/wp-json\/wp\/v2\/comments?post=1095"}],"version-history":[{"count":17,"href":"https:\/\/voile-escalade.com\/vertigoblue\/vela-arrampicata\/wp-json\/wp\/v2\/pages\/1095\/revisions"}],"predecessor-version":[{"id":1609,"href":"https:\/\/voile-escalade.com\/vertigoblue\/vela-arrampicata\/wp-json\/wp\/v2\/pages\/1095\/revisions\/1609"}],"wp:attachment":[{"href":"https:\/\/voile-escalade.com\/vertigoblue\/vela-arrampicata\/wp-json\/wp\/v2\/media?parent=1095"}],"curies":[{"name":"wp","href":"https:\/\/api.w.org\/{rel}","templated":true}]}}